{"id":11740,"date":"2025-01-07T18:41:38","date_gmt":"2025-01-07T18:41:38","guid":{"rendered":"https:\/\/www.pratinha.mg.gov.br\/portal\/?page_id=11740"},"modified":"2025-01-07T18:44:00","modified_gmt":"2025-01-07T18:44:00","slug":"editais-de-concorrencia-eletronica-2025","status":"publish","type":"page","link":"https:\/\/www.pratinha.mg.gov.br\/portal\/editais-de-concorrencia-eletronica-2025\/","title":{"rendered":"EDITAIS DE CONCORRENCIA ELETRONICA  2025"},"content":{"rendered":"\n<table id=\"tablepress-31\" class=\"tablepress tablepress-id-31\">\n<thead>\n<tr class=\"row-1\">\n\t<th class=\"column-1\">PROCESSO<\/th><th class=\"column-2\">ARQUIVO<\/th><th class=\"column-3\">OBJETO<\/th><th class=\"column-4\">DATA<\/th><th class=\"column-5\">RESULTADO<\/th>\n<\/tr>\n<\/thead>\n<tbody class=\"row-striping row-hover\">\n<tr class=\"row-2\">\n\t<td class=\"column-1\">PROCESSO LICITAT\u00d3RIO N\u00ba 120\/2025<br \/>\nMODALIDADE CONCORR\u00caNCIA ELETR\u00d4NICA N\u00ba 009\/2025<\/td><td class=\"column-2\"><a href=\"http:\/\/www.pratinha.mg.gov.br\/portal\/wp-content\/uploads\/2025\/09\/BDI.pdf\">BDI<\/a><br \/>\n<br \/>\n<a href=\"http:\/\/www.pratinha.mg.gov.br\/portal\/wp-content\/uploads\/2025\/09\/EDITAL-.pdf\">EDITAL<\/a><br \/>\n<br \/>\n<a href=\"http:\/\/www.pratinha.mg.gov.br\/portal\/wp-content\/uploads\/2025\/09\/ETP.pdf\">ETP<\/a><br \/>\n<br \/>\n<a href=\"http:\/\/www.pratinha.mg.gov.br\/portal\/wp-content\/uploads\/2025\/09\/MEMORIAL-DESCRITIVO.pdf\">MEMORIAL DESCRITIVO<\/a><br \/>\n<br \/>\n<a href=\"http:\/\/www.pratinha.mg.gov.br\/portal\/wp-content\/uploads\/2025\/09\/Projeto-Alambrado.pdf\">Projeto Alambrado<\/a><br \/>\n<br \/>\n<a href=\"http:\/\/www.pratinha.mg.gov.br\/portal\/wp-content\/uploads\/2025\/09\/Projeto-Iluminacao.pdf\">Projeto Ilumina\u00e7\u00e3o<\/a><br \/>\n<a href=\"http:\/\/www.pratinha.mg.gov.br\/portal\/wp-content\/uploads\/2025\/09\/MENORIAL-DE-CALCULO.pdf\">MENORIAL DE CALCULO<\/a><br \/>\n<br \/>\n<a href=\"http:\/\/www.pratinha.mg.gov.br\/portal\/wp-content\/uploads\/2025\/09\/Planilha-Orcamentaria.pdf\">Planilha Or\u00e7amentaria<\/a><br \/>\n<br \/>\n<a href=\"http:\/\/www.pratinha.mg.gov.br\/portal\/wp-content\/uploads\/2025\/09\/CRONOGRAMA.pdf\">CRONOGRAMA<\/a><br \/>\n<a href=\"http:\/\/www.pratinha.mg.gov.br\/portal\/wp-content\/uploads\/2025\/09\/LICITANET-ATA-DE-REALIZACAO-DA-CONCORRENCIA-ELETRONICA-1.pdf\">LICITANET - ATA DE REALIZA\u00c7\u00c3O DA CONCORR\u00caNCIA ELETR\u00d4NICA<\/a><br \/>\n<a href=\"http:\/\/www.pratinha.mg.gov.br\/portal\/wp-content\/uploads\/2025\/10\/TERMO-DE-ADJUDICACAO-HOMOLOGACAO_Assinado.pdf\">TERMO DE ADJUDICA\u00c7\u00c3O - HOMOLOGA\u00c7\u00c3O_Assinado<\/a><br \/>\n<a href=\"http:\/\/www.pratinha.mg.gov.br\/portal\/wp-content\/uploads\/2025\/10\/EXTRATO-DE-CONTRATO_Assinado.pdf\">EXTRATO DE CONTRATO_Assinado<\/a><\/td><td class=\"column-3\">CONTRATA\u00c7\u00c3O DE EMPRESA ESPECIALIZADA EM ENGENHARIA CIVIL, COM ACERVO T\u00c9CNICO EM CONSTRU\u00c7\u00c3O DE ALAMBRADO PARA CAMPO DE FUTEBOL. <br \/>\nATA DA SESS\u00c3O <br \/>\nTERMO DE HOMOLOGA\u00c7\u00c3O\/ADJUDICA\u00c7\u00c3O <br \/>\nEXTRATO DE CONTRATO <\/td><td class=\"column-4\">PUBLICADO: 12\/09\/2025<br \/>\nIN\u00cdCIO ACOLHIMENTO DAS PROPOSTAS COMERCIAIS: <br \/>\nDia: 12\/09\/2025 a partir das 17h00min (dezessete horas).<br \/>\nLIMITE ACOLHIMENTO DAS PROPOSTAS COMERCIAIS:<br \/>\nDia: 29\/09\/2025 \u00e0s 09:00h (nove horas).<br \/>\nABERTURA DAS PROPOSTAS COMERCIAIS E SESS\u00c3O DA CONCORR\u00caNCIA ELETR\u00d4NICA:<br \/>\nDia: 29\/09\/2025 \u00e0s 09:00h (nove horas).<br \/>\nPUBLICADO: 29\/09\/2025<br \/>\nPUBLICADO: 08\/10\/2025<br \/>\nPUBLICADO: 08\/10\/2025<\/td><td class=\"column-5\"><\/td>\n<\/tr>\n<tr class=\"row-3\">\n\t<td class=\"column-1\">PROCESSO LICITAT\u00d3RIO N\u00ba 109\/2025<br \/>\nMODALIDADE CONCORR\u00caNCIA ELETR\u00d4NICA N\u00ba 008\/2025<\/td><td class=\"column-2\"><a href=\"http:\/\/www.pratinha.mg.gov.br\/portal\/wp-content\/uploads\/2025\/08\/BDI-1.pdf\">BDI<\/a><br \/>\n<br \/>\n<a href=\"http:\/\/www.pratinha.mg.gov.br\/portal\/wp-content\/uploads\/2025\/08\/Campo-Model.pdf-01.pdf\">Campo-Model.pdf 01<\/a><br \/>\n<br \/>\n<a href=\"http:\/\/www.pratinha.mg.gov.br\/portal\/wp-content\/uploads\/2025\/08\/Campo-Model.pdf-02.pdf\">Campo-Model.pdf 02<\/a><br \/>\n<br \/>\n<a href=\"http:\/\/www.pratinha.mg.gov.br\/portal\/wp-content\/uploads\/2025\/08\/Campo-Model.pdf-03.pdf\">Campo-Model.pdf 03<\/a><br \/>\n<br \/>\n<a href=\"http:\/\/www.pratinha.mg.gov.br\/portal\/wp-content\/uploads\/2025\/08\/Campo-Model.pdf-04.pdf\">Campo-Model.pdf 04<\/a><br \/>\n<br \/>\n<a href=\"http:\/\/www.pratinha.mg.gov.br\/portal\/wp-content\/uploads\/2025\/08\/Campo-Model.pdf-05.pdf\">Campo-Model.pdf 05<\/a><br \/>\n<br \/>\n<a href=\"http:\/\/www.pratinha.mg.gov.br\/portal\/wp-content\/uploads\/2025\/08\/EDITAL-3.pdf\">EDITAL<\/a><br \/>\n<br \/>\n<a href=\"http:\/\/www.pratinha.mg.gov.br\/portal\/wp-content\/uploads\/2025\/08\/ETP-1.pdf\">ETP<\/a><br \/>\n<br \/>\n<a href=\"http:\/\/www.pratinha.mg.gov.br\/portal\/wp-content\/uploads\/2025\/08\/MEMORIAL-DESCRITIVO.pdf\">MEMORIAL DESCRITIVO<\/a><br \/>\n<a href=\"http:\/\/www.pratinha.mg.gov.br\/portal\/wp-content\/uploads\/2025\/08\/LICITANET-ATA-DE-REALIZACAO-DA-CONCORRENCIA-ELETRONICA-1.pdf\">LICITANET - ATA DE REALIZA\u00c7\u00c3O DA CONCORR\u00caNCIA ELETR\u00d4NICA<\/a><br \/>\n<a href=\"http:\/\/www.pratinha.mg.gov.br\/portal\/wp-content\/uploads\/2025\/09\/LICITANET-ATA-DE-REALIZACAO-DA-CONCORRENCIA-ELETRONICA-Complementar-no-1.pdf\">LICITANET - ATA DE REALIZA\u00c7\u00c3O DA CONCORR\u00caNCIA ELETR\u00d4NICA Complementar n\u00ba 1<\/a><br \/>\n<br \/>\n<a href=\"http:\/\/www.pratinha.mg.gov.br\/portal\/wp-content\/uploads\/2025\/09\/TERMO-DE-HOMOLOGACAO-E-ADJUDICACAO.pdf\">TERMO DE HOMOLOGA\u00c7\u00c3O E ADJUDICA\u00c7\u00c3O<\/a><br \/>\n<a href=\"http:\/\/www.pratinha.mg.gov.br\/portal\/wp-content\/uploads\/2025\/09\/EXTRATO-DE-CONTRATO-1.pdf\">EXTRATO DE CONTRATO<\/a><br \/>\n<br \/>\n<a href=\"http:\/\/www.pratinha.mg.gov.br\/portal\/wp-content\/uploads\/2026\/03\/EXTRATO-DE-ADITIVO-DE-CONTRATO-1.pdf\">EXTRATO DE ADITIVO DE CONTRATO<\/a><\/td><td class=\"column-3\">CONTRATA\u00c7\u00c3O DE EMPRESA ENGENHARIA CIVIL (CONSTRUTORA), PARA CONSTRU\u00c7\u00c3O ARQUIBANCADAS EM CONCRETO ARMADO PARA CAMPO DE FUTEBOL NO \u201cEST\u00c1DIO MUNICIPAL PEDRO BORGES LAERCIO\u201d. <br \/>\nATA DA SESS\u00c3O<br \/>\nATA COMPLEMENTAR <br \/>\nTERMO DE HOMOLOGA\u00c7\u00c3O <br \/>\n<br \/>\nEXTRATO DE CONTRATO N\u00b0097\/2025<br \/>\n<br \/>\nEXTRATO DE ADITIVO<\/td><td class=\"column-4\">PUBLICADO: 12\/08\/2025<br \/>\nCERTAME: 29\/08\/2025 \u00c1S 09:00 (NOVE)<br \/>\nPUBLICADO: 29\/08\/2025<br \/>\nPUBLICADO: 03\/09\/2025<br \/>\nPUBLICADO: 05\/09\/2025<br \/>\n<br \/>\nPUBLICADO:18\/03\/2026<\/td><td class=\"column-5\"><\/td>\n<\/tr>\n<tr class=\"row-4\">\n\t<td class=\"column-1\">PROCESSO LICITAT\u00d3RIO N\u00ba 108\/2025<br \/>\nMODALIDADE CONCORR\u00caNCIA ELETR\u00d4NICA N\u00ba 007\/2025<\/td><td class=\"column-2\"><a href=\"http:\/\/www.pratinha.mg.gov.br\/portal\/wp-content\/uploads\/2025\/08\/BDI.pdf\">BDI<\/a><br \/>\n<br \/>\n<a href=\"http:\/\/www.pratinha.mg.gov.br\/portal\/wp-content\/uploads\/2025\/08\/EDITAL-2.pdf\">EDITAL<\/a><br \/>\n<br \/>\n<a href=\"http:\/\/www.pratinha.mg.gov.br\/portal\/wp-content\/uploads\/2025\/08\/ETP.pdf\">ETP<\/a><br \/>\n<br \/>\n<a href=\"http:\/\/www.pratinha.mg.gov.br\/portal\/wp-content\/uploads\/2025\/08\/MEMORIAL-DESCRITO.pdf\">MEMORIAL DESCRITO<\/a><br \/>\n<br \/>\n<a href=\"http:\/\/www.pratinha.mg.gov.br\/portal\/wp-content\/uploads\/2025\/08\/PRACA-MATRIZ-Model.pdf-01.pdf\">PRA\u00c7A MATRIZ-Model.pdf 01<\/a><br \/>\n<br \/>\n<a href=\"http:\/\/www.pratinha.mg.gov.br\/portal\/wp-content\/uploads\/2025\/08\/PRACA-MATRIZ-Model.pdf-02.pdf\">PRA\u00c7A MATRIZ-Model.pdf 02<\/a><br \/>\n<br \/>\n<a href=\"http:\/\/www.pratinha.mg.gov.br\/portal\/wp-content\/uploads\/2025\/08\/PRACA-MATRIZ-Model.pdf-03.pdf\">PRA\u00c7A MATRIZ-Model.pdf 03<\/a><br \/>\n<a href=\"http:\/\/www.pratinha.mg.gov.br\/portal\/wp-content\/uploads\/2025\/08\/LICITANET-ATA-DE-REALIZACAO-DA-CONCORRENCIA-ELETRONICA.pdf\">LICITANET - ATA DE REALIZA\u00c7\u00c3O DA CONCORR\u00caNCIA ELETR\u00d4NICA<\/a><br \/>\n<a href=\"http:\/\/www.pratinha.mg.gov.br\/portal\/wp-content\/uploads\/2025\/08\/OFICIO-GARANTIA-CONCORRENCIA-007-2025.pdf\">OFICIO GARANTIA CONCORR\u00caNCIA 007-2025<\/a><br \/>\n<a href=\"http:\/\/www.pratinha.mg.gov.br\/portal\/wp-content\/uploads\/2025\/09\/EXTRATO-DE-CONTRATO.pdf\">EXTRATO DE CONTRATO<\/a><br \/>\n<br \/>\n<a href=\"http:\/\/www.pratinha.mg.gov.br\/portal\/wp-content\/uploads\/2026\/03\/EXTRATO-DE-ADITIVO-CONTRATO-1.pdf\">EXTRATO DE ADITIVO CONTRATO<\/a><\/td><td class=\"column-3\">CONTRATA\u00c7\u00c3O DE EMPRESA ESPECIALIZADA EM ENGENHARIA CIVIL, PARA EXECU\u00c7\u00c3O DE REFORMA E MELHORIAS NA PRA\u00c7A DA MATRIZ, LOCALIZADA NO CENTRO DO MUNIC\u00cdPIO DE PRATINHA\/MG. <br \/>\nATA DE REALIZA\u00c7\u00c3O DO CERTAME.<br \/>\n<br \/>\nTERMO DE HOMOLOGA\u00c7\u00c3O E ADJUDICA\u00c7\u00c3O<br \/>\nEXTRATO DE CONTRATO N\u00b0096\/2025<br \/>\n<br \/>\nEXTRATO DE ADITIVO<\/td><td class=\"column-4\">PUBLICADO: 12\/08\/2025<br \/>\nCERTAME: 28\/08\/2025 \u00c1S 09:00 (NOVE)<br \/>\nPUBLICADO:28\/08\/2025<br \/>\nPUBLICADO: 29\/08\/2025<br \/>\nPUBLICADO: 05\/09\/2025<br \/>\n<br \/>\nPUBLICADO:18\/03\/2026<\/td><td class=\"column-5\"><\/td>\n<\/tr>\n<tr class=\"row-5\">\n\t<td class=\"column-1\">PROCESSO LICITAT\u00d3RIO N\u00ba 107\/2025<br \/>\nMODALIDADE CONCORR\u00caNCIA ELETR\u00d4NICA N\u00ba 006\/2025<br \/>\n<\/td><td class=\"column-2\"><a href=\"http:\/\/www.pratinha.mg.gov.br\/portal\/wp-content\/uploads\/2025\/07\/01-03.pdf\">01-03<\/a><br \/>\n<br \/>\n<a href=\"http:\/\/www.pratinha.mg.gov.br\/portal\/wp-content\/uploads\/2025\/07\/02-03.pdf\">02-03<\/a><br \/>\n<br \/>\n<a href=\"http:\/\/www.pratinha.mg.gov.br\/portal\/wp-content\/uploads\/2025\/07\/03-03.pdf\">03-03<\/a><br \/>\n<br \/>\n<a href=\"http:\/\/www.pratinha.mg.gov.br\/portal\/wp-content\/uploads\/2025\/07\/BDI.pdf\">BDI<\/a><br \/>\n<br \/>\n<a href=\"http:\/\/www.pratinha.mg.gov.br\/portal\/wp-content\/uploads\/2025\/07\/EDITAL-1.pdf\">EDITAL<\/a><br \/>\n<br \/>\n<a href=\"http:\/\/www.pratinha.mg.gov.br\/portal\/wp-content\/uploads\/2025\/07\/ETP.xps\">ETP<\/a><br \/>\n<br \/>\n<a href=\"http:\/\/www.pratinha.mg.gov.br\/portal\/wp-content\/uploads\/2025\/07\/Memorial-descritivo.pdf\">Memorial descritivo<\/a><br \/>\n<br \/>\n<a href=\"http:\/\/www.pratinha.mg.gov.br\/portal\/wp-content\/uploads\/2025\/07\/PSCIP_CEMEI_PRATINHA_FL01-2.pdf\">PSCIP_CEMEI_PRATINHA_FL01 (2)<\/a><br \/>\n<br \/>\n<a href=\"http:\/\/www.pratinha.mg.gov.br\/portal\/wp-content\/uploads\/2025\/07\/PSCIP_CEMEI_PRATINHA_FL02.pdf\">PSCIP_CEMEI_PRATINHA_FL02<\/a><br \/>\n<br \/>\n<a href=\"http:\/\/www.pratinha.mg.gov.br\/portal\/wp-content\/uploads\/2025\/07\/PSCIP_CEMEI_PRATINHA_FL03.pdf\">PSCIP_CEMEI_PRATINHA_FL03<\/a><br \/>\n<br \/>\n<a href=\"http:\/\/www.pratinha.mg.gov.br\/portal\/wp-content\/uploads\/2025\/09\/RECURSO.pdf\">RECURSO<\/a><br \/>\n<a href=\"http:\/\/www.pratinha.mg.gov.br\/portal\/wp-content\/uploads\/2025\/09\/CONTRA-RAZOES-1.pdf\">CONTRA RAZ\u00d5ES<\/a><br \/>\n<a href=\"http:\/\/www.pratinha.mg.gov.br\/portal\/wp-content\/uploads\/2025\/09\/JULGAMENTO-DO-RECURSO-E-CONTRARRAZOES_Assinado.pdf\">JULGAMENTO DO RECURSO E CONTRARRAZ\u00d5ES_Assinado<\/a><br \/>\n<a href=\"http:\/\/www.pratinha.mg.gov.br\/portal\/wp-content\/uploads\/2025\/09\/LICITANET-ATA-DE-REALIZACAO-DA-CONCORRENCIA-ELETRONICA.pdf\">LICITANET - ATA DE REALIZA\u00c7\u00c3O DA CONCORR\u00caNCIA ELETR\u00d4NICA<\/a><br \/>\n<a href=\"http:\/\/www.pratinha.mg.gov.br\/portal\/wp-content\/uploads\/2025\/09\/TERMO-DE-HOMOLOGACAO-E-ADJUDICACAO_Assinado.pdf\">TERMO DE HOMOLOGA\u00c7\u00c3O E ADJUDICA\u00c7\u00c3O_Assinado<\/a><br \/>\n<a href=\"http:\/\/www.pratinha.mg.gov.br\/portal\/wp-content\/uploads\/2025\/09\/EXTRATO-DE-CONTRATO-3.pdf\">EXTRATO DE CONTRATO<\/a><\/td><td class=\"column-3\">CONTRATA\u00c7\u00c3O DE EMPRESA ESPECIALIZADA EM ENGENHARIA CIVIL, COM CAPACIDADE T\u00c9CNICA EM IMPLANTA\u00c7\u00c3O DE PROJETOS DE PREVEN\u00c7\u00c3O CONTRA INC\u00caNDIOS, COM FORNECIMENTO DE M\u00c3O DE OBRA E INSUMOS, NA ESCOLA MUNICIPAL CORONEL NECA DE PAULA E NO CEMEI NEUSA OL\u00cdMPIA DOS REIS.<br \/>\n<br \/>\nRECURSO<br \/>\nRAZ\u00c3O<br \/>\nCONTRA RAZ\u00d5ES<br \/>\nJULGAMENTO DO RECURSO <br \/>\nTERMO DE HOMOLOGA\u00c7\u00c3O\/ <br \/>\nAJUDICA\u00c7\u00c3O<br \/>\nEXTRATO DE CONTRATO <\/td><td class=\"column-4\">PUBLICADO: 31\/07\/2025IN\u00cdCIO ACOLHIMENTO DAS PROPOSTAS COMERCIAIS: <br \/>\nDia: 31\/07\/2025 a partir das 17h00min (dezessete horas).<br \/>\nABERTURA DAS PROPOSTAS COMERCIAIS E SESS\u00c3O DA CONCORR\u00caNCIA ELETR\u00d4NICA:<br \/>\nDia: 20\/08\/2025 \u00e0s 09:00h (nove horas).<br \/>\nPUBLICADO:08\/09\/2025<br \/>\nPUBLICADO:11\/09\/2025<br \/>\nPUBLICADO: 16\/09\/2025<\/td><td class=\"column-5\"><\/td>\n<\/tr>\n<tr class=\"row-6\">\n\t<td class=\"column-1\">PROCESSO LICITAT\u00d3RIO N\u00ba 090\/2025<br \/>\nMODALIDADE CONCORR\u00caNCIA ELETR\u00d4NICA N\u00ba 005\/2025<br \/>\n<\/td><td class=\"column-2\"><a href=\"http:\/\/www.pratinha.mg.gov.br\/portal\/wp-content\/uploads\/2025\/06\/BDI-4_250414_172745-1.pdf\">BDI-4_250414_172745<\/a><br \/>\n<br \/>\n<a href=\"http:\/\/www.pratinha.mg.gov.br\/portal\/wp-content\/uploads\/2025\/06\/CRONOGRAMA.xlsx\">CRONOGRAMA<\/a><br \/>\n<br \/>\n<a href=\"http:\/\/www.pratinha.mg.gov.br\/portal\/wp-content\/uploads\/2025\/06\/EDITAL-4.pdf\">EDITAL<\/a><br \/>\n<br \/>\n<a href=\"http:\/\/www.pratinha.mg.gov.br\/portal\/wp-content\/uploads\/2025\/06\/ETP.pdf\">ETP<\/a><br \/>\n<br \/>\n<a href=\"http:\/\/www.pratinha.mg.gov.br\/portal\/wp-content\/uploads\/2025\/06\/MEMORIAL-DESCRITIVO-1.pdf\">MEMORIAL DESCRITIVO<\/a><br \/>\n<br \/>\n<a href=\"http:\/\/www.pratinha.mg.gov.br\/portal\/wp-content\/uploads\/2025\/06\/REDUTOR-VELOCIDADE-Model.pdf-01.pdf\">REDUTOR VELOCIDADE-Model.pdf 01<\/a><br \/>\n<br \/>\n<a href=\"http:\/\/www.pratinha.mg.gov.br\/portal\/wp-content\/uploads\/2025\/06\/REDUTOR-VELOCIDADE-Model.pdf-02.pdf\">REDUTOR VELOCIDADE-Model.pdf 02<\/a><br \/>\n<br \/>\n<a href=\"http:\/\/www.pratinha.mg.gov.br\/portal\/wp-content\/uploads\/2025\/06\/REDUTOR-VELOCIDADE-Model.pdf-mapa.pdf\">REDUTOR VELOCIDADE-Model.pdf mapa<\/a><br \/>\n<a href=\"http:\/\/www.pratinha.mg.gov.br\/portal\/wp-content\/uploads\/2025\/07\/LICITANET-ATA-DE-REALIZACAO-DA-CONCORRENCIA-ELETRONICA.pdf\">LICITANET - ATA DE REALIZA\u00c7\u00c3O DA CONCORR\u00caNCIA ELETR\u00d4NICA<\/a><br \/>\n<a href=\"http:\/\/www.pratinha.mg.gov.br\/portal\/wp-content\/uploads\/2025\/07\/TERMO-DE-HOMOLOGACAO-E-ADJUDICACAO.pdf\">TERMO DE HOMOLOGA\u00c7\u00c3O E ADJUDICA\u00c7\u00c3O<\/a><br \/>\n<a href=\"http:\/\/www.pratinha.mg.gov.br\/portal\/wp-content\/uploads\/2025\/07\/EXTRATO-DE-CONTRATO-8.pdf\">EXTRATO DE CONTRATO<\/a><br \/>\n<\/td><td class=\"column-3\">CONTRATA\u00c7\u00c3O DE EMPRESA ESPECIALIZADA EM ENGENHARIA CIVIL (CONSTRUTORA), PARA CONSTRU\u00c7\u00c3O DE REDUTORES DE VELOCIDADE (LOMBADA) EM DIVERSAS RUAS CONFORME PROJETO.<br \/>\n<br \/>\nATA DA SESS\u00c3O<br \/>\nTERMO DE HOMOLOGA\u00c7\u00c3O E ADJUDICA\u00c7\u00c3O<br \/>\nEXTRATO DE CONTRATO N\u00b0 077\/2025<\/td><td class=\"column-4\">PUBLICADO: 27\/06\/2025<br \/>\nIN\u00cdCIO ACOLHIMENTO DAS PROPOSTAS COMERCIAIS: <br \/>\nDia: 27\/06\/2025 a partir das 17h00min (dezessete horas).<br \/>\nLIMITE ACOLHIMENTO DAS PROPOSTAS COMERCIAIS:<br \/>\nDia: 14\/07\/2025 \u00e0s 09:00h (nove horas).<br \/>\nPUBLICADO: 15\/07\/2025<br \/>\nPUBLICADO: 23\/07\/2025<br \/>\nPUBLICADO: 25\/07\/2025<\/td><td class=\"column-5\"><\/td>\n<\/tr>\n<tr class=\"row-7\">\n\t<td class=\"column-1\">CONCORR\u00caNCIA ELETR\u00d4NICA N\u00ba 004\/2025<br \/>\nPROCESSO LICITAT\u00d3RIO N\u00ba 077\/2025<br \/>\n<\/td><td class=\"column-2\"><a href=\"http:\/\/www.pratinha.mg.gov.br\/portal\/wp-content\/uploads\/2025\/06\/EDITAL-3.pdf\">EDITAL<\/a><br \/>\n<br \/>\n<a href=\"http:\/\/www.pratinha.mg.gov.br\/portal\/wp-content\/uploads\/2025\/06\/BDI-4_250414_172745.pdf\">BDI-4_250414_172745<\/a><br \/>\n<br \/>\n<a href=\"http:\/\/www.pratinha.mg.gov.br\/portal\/wp-content\/uploads\/2025\/06\/ETP-Atualizado.pdf\">ETP Atualizado<\/a><br \/>\n<br \/>\n<a href=\"http:\/\/www.pratinha.mg.gov.br\/portal\/wp-content\/uploads\/2025\/06\/MEMORIAL-DESCRITIVO.pdf\">MEMORIAL-DESCRITIVO<\/a><br \/>\n<br \/>\n<a href=\"http:\/\/www.pratinha.mg.gov.br\/portal\/wp-content\/uploads\/2025\/06\/Modelo-Matriz-de-Riscos-de-Contratacao.pdf\">Modelo-Matriz-de-Riscos-de-Contrata\u00e7\u00e3o<\/a><br \/>\n<br \/>\n<a href=\"http:\/\/www.pratinha.mg.gov.br\/portal\/wp-content\/uploads\/2025\/06\/MINUTA-DE-CONTRATO.pdf\">MINUTA DE CONTRATO<\/a><br \/>\n<br \/>\n<a href=\"http:\/\/www.pratinha.mg.gov.br\/portal\/wp-content\/uploads\/2025\/06\/Quadra-Model.pdf\">Quadra-Model<\/a><br \/>\n<a href=\"http:\/\/www.pratinha.mg.gov.br\/portal\/wp-content\/uploads\/2025\/06\/LICITANET-ATA-DE-REALIZACAO-DA-CONCORRENCIA-ELETRONICA-1.pdf\">LICITANET - ATA DE REALIZA\u00c7\u00c3O DA CONCORR\u00caNCIA ELETR\u00d4NICA<\/a><br \/>\n<br \/>\n<br \/>\n<a href=\"http:\/\/www.pratinha.mg.gov.br\/portal\/wp-content\/uploads\/2025\/07\/EXTRATO-DE-CONTRATO-3.pdf\">EXTRATO DE CONTRATO<\/a><a href=\"http:\/\/www.pratinha.mg.gov.br\/portal\/wp-content\/uploads\/2025\/08\/TERMO-DE-HOMOLOGACAO-1.pdf\">TERMO DE HOMOLOGA\u00c7\u00c3O<\/a><br \/>\n<br \/>\n<br \/>\n<a href=\"http:\/\/www.pratinha.mg.gov.br\/portal\/wp-content\/uploads\/2026\/01\/EXTRATO-DE-ADITIVO-CONTRATO.pdf\">EXTRATO DE ADITIVO CONTRATO<\/a><\/td><td class=\"column-3\">CONTRATA\u00c7\u00c3O DE EMPRESA ESPECIALIZADA EM ENGENHARIA CIVIL, COM ACERVO T\u00c9CNICO EM CONSTRU\u00c7\u00c3O DE QUADRA DE AREIA, PARA CONSTRU\u00c7\u00c3O DE UMA QUADRA LOCALIZADA \u00c0 RUA ANT\u00d4NIO DE ANGELIS, AO LADO DO POLIESPORTIVO MUNICIPAL.<br \/>\nATA DA SESS\u00c3O<br \/>\nTERMO DE HOMOLOGA\u00c7\u00c3O E ADJUDICA\u00c7\u00c3O<br \/>\nEXTRATO DE CONTRATO N\u00b0 071<br \/>\nEXTRATO DE ADITIVO<\/td><td class=\"column-4\">PUBLICADO: 05\/06\/2025<br \/>\nCERTAME: 25\/06\/2025 \u00c1S 09H00 (NOVE HORAS)<br \/>\nPUBLICADO: 26\/06\/2025<br \/>\nPUBLICADO: 02\/07\/2025<br \/>\nPUBLICADO: 09\/07\/2025<br \/>\n<br \/>\nPUBLICADO:12\/01\/2026<\/td><td class=\"column-5\"><\/td>\n<\/tr>\n<tr class=\"row-8\">\n\t<td class=\"column-1\">PROCESSO LICITAT\u00d3RIO N\u00ba 060\/2025<br \/>\nMODALIDADE CONCORR\u00caNCIA ELETR\u00d4NICA N\u00ba 003\/2025<br \/>\n<\/td><td class=\"column-2\"><a href=\"http:\/\/www.pratinha.mg.gov.br\/portal\/wp-content\/uploads\/2025\/05\/EDITAL.pdf\">EDITAL<\/a><br \/>\n<br \/>\n<a href=\"http:\/\/www.pratinha.mg.gov.br\/portal\/wp-content\/uploads\/2025\/05\/BDI.pdf\">BDI<\/a><br \/>\n<br \/>\n<a href=\"http:\/\/www.pratinha.mg.gov.br\/portal\/wp-content\/uploads\/2025\/05\/CFF.pdf\">CFF<\/a><br \/>\n<br \/>\n<a href=\"http:\/\/www.pratinha.mg.gov.br\/portal\/wp-content\/uploads\/2025\/05\/ETP.pdf\">ETP<\/a><br \/>\n<br \/>\n<a href=\"http:\/\/www.pratinha.mg.gov.br\/portal\/wp-content\/uploads\/2025\/05\/Memorial-descritivo-assinado.pdf\">Memorial descritivo assinado<\/a><br \/>\n<br \/>\n<a href=\"http:\/\/www.pratinha.mg.gov.br\/portal\/wp-content\/uploads\/2025\/05\/planilha.pdf\">planilha<\/a><br \/>\n<br \/>\n<a href=\"http:\/\/www.pratinha.mg.gov.br\/portal\/wp-content\/uploads\/2025\/05\/PLQ.pdf\">PLQ<\/a><br \/>\n<br \/>\n<a href=\"http:\/\/www.pratinha.mg.gov.br\/portal\/wp-content\/uploads\/2025\/05\/Rua_Origenis_Martins_e_Rua_Q_RECAPEAMENTO-Model_assinado.pdf\">Rua_Origenis_Martins_e_Rua_Q_RECAPEAMENTO-Model_assinado<\/a><br \/>\n<br \/>\n<a href=\"http:\/\/www.pratinha.mg.gov.br\/portal\/wp-content\/uploads\/2025\/05\/Rua_Origenis_Martins_e_Rua_Q_SINALIZACAO_-Model_assinado.pdf\">Rua_Origenis_Martins_e_Rua_Q_SINALIZACAO_-Model_assinado<\/a><br \/>\n<br \/>\n<br \/>\n<a href=\"http:\/\/www.pratinha.mg.gov.br\/portal\/wp-content\/uploads\/2025\/05\/Pedido-e-termo-de-suspensao.pdf\">Pedido e termo de suspens\u00e3o<\/a><br \/>\n<a href=\"http:\/\/www.pratinha.mg.gov.br\/portal\/wp-content\/uploads\/2025\/05\/CFF-Atualizada.pdf\">CFF Atualizada<\/a><br \/>\n<br \/>\n<a href=\"http:\/\/www.pratinha.mg.gov.br\/portal\/wp-content\/uploads\/2025\/05\/MEMORIAL_DE_CALCULO-Atualizada.pdf\">MEM\u00d3RIAL_DE_C\u00c1LCULO Atualizada<\/a><br \/>\n<br \/>\n<a href=\"http:\/\/www.pratinha.mg.gov.br\/portal\/wp-content\/uploads\/2025\/05\/PLQ-Atualizada.pdf\">PLQ Atualizada<\/a><br \/>\n<br \/>\n<a href=\"http:\/\/www.pratinha.mg.gov.br\/portal\/wp-content\/uploads\/2025\/05\/PO-Atualizada.pdf\">PO Atualizada<\/a><br \/>\n<br \/>\n<a href=\"http:\/\/www.pratinha.mg.gov.br\/portal\/wp-content\/uploads\/2025\/05\/RETIFICACAO-DE-EDITAL.doc.pdf\">RETIFICA\u00c7\u00c3O DE EDITAL.doc<\/a><br \/>\n<br \/>\n<a href=\"http:\/\/www.pratinha.mg.gov.br\/portal\/wp-content\/uploads\/2025\/06\/LICITANET-ATA-DE-REALIZACAO-DA-CONCORRENCIA-ELETRONICA.pdf\">LICITANET - ATA DE REALIZA\u00c7\u00c3O DA CONCORR\u00caNCIA ELETR\u00d4NICA<\/a><br \/>\n<a href=\"http:\/\/www.pratinha.mg.gov.br\/portal\/wp-content\/uploads\/2025\/07\/TERMO-DE-ADJUDICACAO.pdf\">TERMO DE ADJUDICA\u00c7\u00c3O<\/a><br \/>\n<a href=\"http:\/\/www.pratinha.mg.gov.br\/portal\/wp-content\/uploads\/2025\/06\/TERMO-DE-HOMOLOGACAO-1.pdf\">TERMO DE HOMOLOGA\u00c7\u00c3O<\/a><br \/>\n<a href=\"http:\/\/www.pratinha.mg.gov.br\/portal\/wp-content\/uploads\/2025\/06\/EXTRATO-DE-CONTRATO-4.pdf\">EXTRATO DE CONTRATO<\/a><\/td><td class=\"column-3\">CONTRATA\u00c7\u00c3O DE EMPRESA ESPECIALIZADA EM ENGENHARIA CIVIL, COM ESPECIALIZA\u00c7\u00c3O EM PAVIMENTA\u00c7\u00c3O ASF\u00c1LTICA, INCLUINDO O FORNECIMENTO DE MATERIAL E M\u00c3O DE OBRA PARA OBRA DE RECAPEAMENTO ASFALTICO EM CBUQ E SERVI\u00c7OS COMPLEMENTARES DE VIAS PRATINHA\/MG.<br \/>\n<br \/>\nPEDIDO E TERMO DE SUSPENS\u00c3O<br \/>\n<br \/>\nAVISO DE RETIFICA\u00c7\u00c3O NO EDITAL<br \/>\n<br \/>\nATA DA SESS\u00c3O<br \/>\n<br \/>\nTERMO DE ADJUDICA\u00c7\u00c3O<br \/>\nTERMO DE HOMOLOGA\u00c7\u00c3O <br \/>\nEXTRATO DE CONTRATO<\/td><td class=\"column-4\">PUBLICADO: 06\/05\/2025 CERTAME: 21\/05\/2025 \u00c1S 09H00 (NOVE)<br \/>\nPUBLICADO?16\/05\/2025<br \/>\n<br \/>\nPUBLICADO:28\/05\/2025<br \/>\n<br \/>\nPUBLICADO:12\/06\/2025<br \/>\nPUBLICADO: 17\/06\/2025<\/td><td class=\"column-5\">CORRIGIDA E ATUALIZDA AS PLANILHAS E MEMORIAL DESCRITIVO<\/td>\n<\/tr>\n<tr class=\"row-9\">\n\t<td class=\"column-1\">PROCESSO LICITAT\u00d3RIO N\u00ba 053\/2025<br \/>\nMODALIDADE CONCORR\u00caNCIA ELETR\u00d4NICA N\u00ba 002\/2025<br \/>\n<\/td><td class=\"column-2\"><a href=\"http:\/\/www.pratinha.mg.gov.br\/portal\/wp-content\/uploads\/2025\/04\/EDITAL-6.pdf\">EDITAL<\/a><br \/>\n<br \/>\n<a href=\"http:\/\/www.pratinha.mg.gov.br\/portal\/wp-content\/uploads\/2025\/04\/ETP-GARAGEM-METALICA.pdf\">ETP GARAGEM METALICA<\/a><br \/>\n<br \/>\n<a href=\"http:\/\/www.pratinha.mg.gov.br\/portal\/wp-content\/uploads\/2025\/04\/GARAGEM-Model.pdf-01.pdf\">GARAGEM-Model.pdf 01<\/a><br \/>\n<br \/>\n<a href=\"http:\/\/www.pratinha.mg.gov.br\/portal\/wp-content\/uploads\/2025\/04\/GARAGEM-Model.pdf2_.pdf\">GARAGEM-Model.pdf2<\/a><br \/>\n<br \/>\n<a href=\"http:\/\/www.pratinha.mg.gov.br\/portal\/wp-content\/uploads\/2025\/04\/Memorial-Descritivo.pdf\">Memorial Descritivo<\/a><br \/>\n<a href=\"http:\/\/www.pratinha.mg.gov.br\/portal\/wp-content\/uploads\/2025\/04\/BDI-4_250414_172745.pdf\">BDI-4_250414_172745<\/a><br \/>\n<br \/>\n<a href=\"http:\/\/www.pratinha.mg.gov.br\/portal\/wp-content\/uploads\/2025\/05\/LICITANET-ATA-DE-REALIZACAO-DA-CONCORRENCIA-ELETRONICA.pdf\">LICITANET - ATA DE REALIZA\u00c7\u00c3O DA CONCORR\u00caNCIA ELETR\u00d4NICA<\/a><br \/>\n<a href=\"http:\/\/www.pratinha.mg.gov.br\/portal\/wp-content\/uploads\/2025\/05\/TERMO-DE-HOMOLOGACAO-E-ADJUDICACAO-1.pdf\">TERMO DE HOMOLOGA\u00c7\u00c3O E ADJUDICA\u00c7\u00c3O<\/a><br \/>\n<a href=\"http:\/\/www.pratinha.mg.gov.br\/portal\/wp-content\/uploads\/2025\/05\/EXTRATO-DE-CONTRATO-6.pdf\">EXTRATO DE CONTRATO<\/a><\/td><td class=\"column-3\">CONTRATA\u00c7\u00c3O DE EMPRESA ENGENHARIA CIVIL (CONSTRUTORA), PARA CONSTRU\u00c7\u00c3O DE GARAGEM EM ESTRUTURA MET\u00c1LICA E ADEQUA\u00c7\u00d5ES PISOS DA MESMA, ESTA GARAGEM IR\u00c1 ABRIGAR UMA AMBUL\u00c2NCIA DA BASE DECENTRALIZADA DO SAMU, (SAMU REGIONAL) QUE NO QUAL IRA SER INSTALADA DO PR\u00c9DIO DA ENT\u00c3O SECRETARIA SA\u00daDE, FRENTE PARA RUA PEDRO PAULO DOS SANTOS.<br \/>\n<br \/>\nATA DA SESS\u00c3O<br \/>\nTERMO DE HOMOLOGA\u00c7\u00c3O E ADJUDICA\u00c7\u00c3O <br \/>\nEXTRATO DE CONTRATO N\u00b0 052<\/td><td class=\"column-4\">PUBLICADO: 14\/04\/2025 CERTAME: 06\/05\/2025 \u00c1S 09:00 (nove) horas<br \/>\n<br \/>\nPUBLICADO:07\/05\/2025<br \/>\nPUBLICADO: 16\/05\/2025<br \/>\nPUBLICADO: 20\/05\/2025<\/td><td class=\"column-5\"><\/td>\n<\/tr>\n<tr class=\"row-10\">\n\t<td class=\"column-1\">PROCESSO LICITAT\u00d3RIO N\u00ba 005\/2025<br \/>\nMODALIDADE CONCORR\u00caNCIA ELETR\u00d4NICA N\u00ba 001\/2025<br \/>\n<\/td><td class=\"column-2\"><a href=\"http:\/\/www.pratinha.mg.gov.br\/portal\/wp-content\/uploads\/2025\/01\/EDITAL.pdf\">EDITAL<\/a><br \/>\n<br \/>\n<a href=\"http:\/\/www.pratinha.mg.gov.br\/portal\/wp-content\/uploads\/2025\/01\/ETP-Extensao-de-rede.pdf\">ETP Extens\u00e3o de rede<\/a><br \/>\n<br \/>\n<a href=\"http:\/\/www.pratinha.mg.gov.br\/portal\/wp-content\/uploads\/2025\/01\/MEMORIAL-DESCRITIVO-PROJETO-1.pdf\">MEMORIAL DESCRITIVO - PROJETO 1<\/a><br \/>\n<br \/>\n<a href=\"http:\/\/www.pratinha.mg.gov.br\/portal\/wp-content\/uploads\/2025\/01\/MEMORIAL-DESCRITIVO-PROJETO-2-1.pdf\">MEMORIAL DESCRITIVO - PROJETO 2 (1)<\/a><br \/>\n<br \/>\n<a href=\"http:\/\/www.pratinha.mg.gov.br\/portal\/wp-content\/uploads\/2025\/01\/PROJETO-1-AV.-FRANCISCO-MACHADO-BORGES.pdf\">PROJETO 1 AV. FRANCISCO MACHADO BORGES<\/a><br \/>\n<br \/>\n<a href=\"http:\/\/www.pratinha.mg.gov.br\/portal\/wp-content\/uploads\/2025\/01\/PROJETO-2-RUA-NEILY-MARES-RODRIGUES.pdf\">PROJETO 2 RUA NEILY MARES RODRIGUES<\/a><br \/>\n<br \/>\n<a href=\"http:\/\/www.pratinha.mg.gov.br\/portal\/wp-content\/uploads\/2025\/01\/BDI.pdf\">BDI<\/a><br \/>\n<br \/>\n<a href=\"http:\/\/www.pratinha.mg.gov.br\/portal\/wp-content\/uploads\/2025\/01\/CRONOGRAMA.pdf\">CRONOGRAMA<\/a><br \/>\n<br \/>\n<a href=\"http:\/\/www.pratinha.mg.gov.br\/portal\/wp-content\/uploads\/2025\/01\/LISTA-DE-MATERIAL-PROJETO-1.pdf\">LISTA DE MATERIAL - PROJETO 1<\/a><br \/>\n<br \/>\n<a href=\"http:\/\/www.pratinha.mg.gov.br\/portal\/wp-content\/uploads\/2025\/01\/LISTA_DE_MATERIAL_-_PROJETO_2_.pdf\">LISTA_DE_MATERIAL_-_PROJETO_2_<\/a><br \/>\n<a href=\"http:\/\/www.pratinha.mg.gov.br\/portal\/wp-content\/uploads\/2025\/01\/retificacao-do-edital.pdf\">retifica\u00e7\u00e3o do edital<\/a><br \/>\n<a href=\"http:\/\/www.pratinha.mg.gov.br\/portal\/wp-content\/uploads\/2025\/01\/Termo-de-suspensao.pdf\">Termo de suspens\u00e3o<\/a><br \/>\n<br \/>\n<a href=\"http:\/\/www.pratinha.mg.gov.br\/portal\/wp-content\/uploads\/2025\/02\/2o-EDITAL.pdf\">2\u00ba EDITAL<\/a><br \/>\n<br \/>\n<a href=\"http:\/\/www.pratinha.mg.gov.br\/portal\/wp-content\/uploads\/2025\/02\/LICITANET-ATA-DE-REALIZACAO-DA-CONCORRENCIA-ELETRONICA.pdf\">LICITANET - ATA DE REALIZA\u00c7\u00c3O DA CONCORR\u00caNCIA ELETR\u00d4NICA<\/a><br \/>\n<br \/>\n<a href=\"http:\/\/www.pratinha.mg.gov.br\/portal\/wp-content\/uploads\/2025\/03\/TERMO-DE-HOMOLOGACAO.pdf\">TERMO DE HOMOLOGA\u00c7\u00c3O<\/a><br \/>\n<a href=\"http:\/\/www.pratinha.mg.gov.br\/portal\/wp-content\/uploads\/2025\/03\/EXTRATO-DE-CONTRATO.pdf\">EXTRATO DE CONTRATO<\/a><\/td><td class=\"column-3\">CONTRATA\u00c7\u00c3O DE EMPRESA ESPECIALIZADA EM ENGENHARIA CIVIL, INCLUINDO O FORNECIMENTO DE MATERIAL E M\u00c3O DE OBRA, EXTENS\u00c3O REDE ILUMINA\u00c7\u00c3O PUBLICA NOS SEGUINTES LOCAIS: PARTE AVENIDA SEBASTI\u00c3O RIBEIRO DOS REIS E A TOTALIDADE DA RUA CLEUDIS JOSE BORGES E PARTE DA AVENIDA FRANCISCO MACHADO BORGES<br \/>\n<br \/>\nRETIFICA\u00c7\u00c3O DE EDITAL<br \/>\n<br \/>\nTERMO DE SUSPENS\u00c3O<br \/>\n<br \/>\nSEGUNDO EDITAL DE ABERTURA DE LICITA\u00c7\u00c3O<br \/>\n<br \/>\nATA<br \/>\n<br \/>\nTERMO DE HOMOLOGA\u00c7\u00c3O E ADJUDICA\u00c7\u00c3O <br \/>\n<br \/>\nEXTRATO DE CONTRATO<\/td><td class=\"column-4\">PUBLICADO: 10\/01\/2025 CERTAME:28\/01\/2025 \u00c1S 09:00 (NOVE HORAS)<br \/>\n<br \/>\nPUBLICADO:17\/01\/2025<br \/>\nPUBLICADO:28\/02\/2025<br \/>\nPUBLICADO: 23\/01\/2025<br \/>\n<br \/>\nPUBLICADO:12\/02\/2025<br \/>\n<br \/>\nPUBLICADO: 07\/03\/2025<br \/>\nPUBLICADO: 10\/03\/2025<\/td><td class=\"column-5\">RETIFICADO O NUMERO DE TELEFONE DISPONIBILIZADO.<\/td>\n<\/tr>\n<\/tbody>\n<\/table>\n<!-- #tablepress-31 from cache -->\n","protected":false},"excerpt":{"rendered":"<p><\/p>","protected":false},"author":1,"featured_media":0,"parent":0,"menu_order":0,"comment_status":"closed","ping_status":"closed","template":"","meta":{"footnotes":""},"class_list":["post-11740","page","type-page","status-publish"],"_links":{"self":[{"href":"https:\/\/www.pratinha.mg.gov.br\/portal\/wp-json\/wp\/v2\/pages\/11740","targetHints":{"allow":["GET"]}}],"collection":[{"href":"https:\/\/www.pratinha.mg.gov.br\/portal\/wp-json\/wp\/v2\/pages"}],"about":[{"href":"https:\/\/www.pratinha.mg.gov.br\/portal\/wp-json\/wp\/v2\/types\/page"}],"author":[{"embeddable":true,"href":"https:\/\/www.pratinha.mg.gov.br\/portal\/wp-json\/wp\/v2\/users\/1"}],"replies":[{"embeddable":true,"href":"https:\/\/www.pratinha.mg.gov.br\/portal\/wp-json\/wp\/v2\/comments?post=11740"}],"version-history":[{"count":1,"href":"https:\/\/www.pratinha.mg.gov.br\/portal\/wp-json\/wp\/v2\/pages\/11740\/revisions"}],"predecessor-version":[{"id":11744,"href":"https:\/\/www.pratinha.mg.gov.br\/portal\/wp-json\/wp\/v2\/pages\/11740\/revisions\/11744"}],"wp:attachment":[{"href":"https:\/\/www.pratinha.mg.gov.br\/portal\/wp-json\/wp\/v2\/media?parent=11740"}],"curies":[{"name":"wp","href":"https:\/\/api.w.org\/{rel}","templated":true}]}}