{"id":11704,"date":"2025-01-06T09:52:09","date_gmt":"2025-01-06T09:52:09","guid":{"rendered":"https:\/\/www.pratinha.mg.gov.br\/portal\/?page_id=11704"},"modified":"2025-01-06T09:59:43","modified_gmt":"2025-01-06T09:59:43","slug":"dispensas-2025","status":"publish","type":"page","link":"https:\/\/www.pratinha.mg.gov.br\/portal\/dispensas-2025\/","title":{"rendered":"Dispensas 2025"},"content":{"rendered":"\n<table id=\"tablepress-26\" class=\"tablepress tablepress-id-26\">\n<thead>\n<tr class=\"row-1\">\n\t<th class=\"column-1\">N\u00ba DO PROCESSO<br \/>\n<br \/>\n<br \/>\n<br \/>\n<\/th><th class=\"column-2\">ARQUIVO<\/th><th class=\"column-3\">OBJETO<\/th><th class=\"column-4\">DATA DA PUBLICA\u00c7\u00c3O<\/th><th class=\"column-5\">CONTRATO N\u00ba\/ EMPENHO<\/th>\n<\/tr>\n<\/thead>\n<tbody class=\"row-striping row-hover\">\n<tr class=\"row-2\">\n\t<td class=\"column-1\">DISPENSA DE LICITA\u00c7\u00c3O<\/td><td class=\"column-2\"><a href=\"http:\/\/www.pratinha.mg.gov.br\/portal\/wp-content\/uploads\/2025\/12\/TERMO-DE-RATIFICACAO_Assinado.pdf\">TERMO DE RATIFICA\u00c7\u00c3O_Assinado<\/a><\/td><td class=\"column-3\">CONTRATA\u00c7\u00c3O DE M\u00c3P DE OBRA <br \/>\nMEC\u00c2NICA, NA CONCESSIONARIA AUTORIZADA, PARA <br \/>\nDECIMA REVIS\u00c3O DE GARANTIA DO VE\u00cdCULO CHEVROLET <br \/>\nSPIN 1.8L AT LT7; MODELO 2023\/2024; CHASSI <br \/>\n9BGJJ7520RB186694; PLACA: SJH-8F01 DO GABINETE DO <br \/>\nPREFEITO <br \/>\n<\/td><td class=\"column-4\">PUBLICADO: 18\/12\/2025<\/td><td class=\"column-5\"><\/td>\n<\/tr>\n<tr class=\"row-3\">\n\t<td class=\"column-1\">PROCESSO: 012\/2025<br \/>\nDISPENSA N\u00ba 007\/2025<br \/>\n<\/td><td class=\"column-2\"><a href=\"http:\/\/www.pratinha.mg.gov.br\/portal\/wp-content\/uploads\/2025\/12\/EXTRATO-DE-ADITIVO-DE-CONTRATO-2.pdf\">EXTRATO DE ADITIVO DE CONTRATO<\/a><\/td><td class=\"column-3\">CONTRATA\u00c7\u00c3O DE SERVI\u00c7OS DE MANUTEN\u00c7\u00c3O CORRETIVA E PREVENTIVA DO SISTEMA DE ILUMINA\u00c7\u00c3O P\u00daBLICA DO MUNIC\u00cdPIO DE PRATINHA-MG, POR MEIO DE CONTRATO DE PROGRAMA COM O CONS\u00d3RCIO INTERFEDERATIVO MULFINALIT\u00c1RIO DO PLANALTO DE ARAX\u00c1 \u2013 CIMINAS, DO QUAL ESTE MUNIC\u00cdP\u00cdO \u00c9 SIGNAT\u00c1RIO. CONSIDERANDO A OBRIGA\u00c7\u00c3O DO MUNIC\u00cdPIO DE PRATINHA NA MANUTEN\u00c7\u00c3O DA ILUMINA\u00c7\u00c3O P\u00daBLICA, BEM COMO HAJA VISTA A ECONOMICIDADE DA PRESTA\u00c7\u00c3O DO SERVI\u00c7O POR INTERM\u00c9DIO DO CONS\u00d3RCIO ACIMA MENCIONADO, JUSTIFICA-SE A PRESENTE CONTRATA\u00c7\u00c3O POR DISPENSA DE LICITA\u00c7\u00c3O. EXTRATO DE ADITIVO DE CONTRATO<\/td><td class=\"column-4\">PUBLICADO:18\/12\/2025<\/td><td class=\"column-5\">CONTRATO N\u00ba05 ADITIVO N\u00ba01<\/td>\n<\/tr>\n<tr class=\"row-4\">\n\t<td class=\"column-1\">PROCESSO N\u00ba064\/2025<br \/>\nDISPENSA N\u00ba010\/2023<\/td><td class=\"column-2\"><a href=\"http:\/\/www.pratinha.mg.gov.br\/portal\/wp-content\/uploads\/2025\/12\/EXTRATO-DE-ADITIVO-DE-CONTRATO-1.pdf\">EXTRATO DE ADITIVO DE CONTRATO<\/a><\/td><td class=\"column-3\">LOCA\u00c7\u00c3O DE IMOVEL PARA O CONSELHO TUTELAR<br \/>\nEXTRATO DE ADITIVO DE CONTRATO<\/td><td class=\"column-4\">PUBLICADO :16\/12\/2025<\/td><td class=\"column-5\">CONTRATO 089\/2023 ADITIVO N\u00ba2<\/td>\n<\/tr>\n<tr class=\"row-5\">\n\t<td class=\"column-1\">DISPENSA DE LICITA\u00c7\u00c3O POR VALOR <\/td><td class=\"column-2\"><a href=\"http:\/\/www.pratinha.mg.gov.br\/portal\/wp-content\/uploads\/2025\/12\/EXTRATO-DE-TERMO-ADITIVO-.pdf\">EXTRATO DE TERMO ADITIVO-<\/a><\/td><td class=\"column-3\">CONTRATA\u00c7\u00c3O DE LOCA\u00c7\u00c3O DE CAMERAS DE SEGURAN\u00c7A DA CASA DE UBERABA<\/td><td class=\"column-4\">PUBLICADO:16\/12\/2025<\/td><td class=\"column-5\">4\u00ba TERMO DE ADITIVO<\/td>\n<\/tr>\n<tr class=\"row-6\">\n\t<td class=\"column-1\">DISPENSA DE LICITA\u00c7\u00c3O POR VALOR CONFORME ART.24 - II DA LEI 8666\/93<\/td><td class=\"column-2\"><a href=\"http:\/\/www.pratinha.mg.gov.br\/portal\/wp-content\/uploads\/2025\/12\/EXTRATO-DE-ADITIVO-2025-1.pdf\">EXTRATO DE ADITIVO 2025<\/a><\/td><td class=\"column-3\">CONTRATA\u00c7\u00c3O DE EMPRESA PARA ORGANIZA\u00c7\u00c3O, ESTRUTURA\u00c7\u00c3O ACOMPANHAMENTO DAS ROTINAS FUNCIONAMENTO DO DEPARTAMENTO DE MUNICIPAL DE SA\u00daDE. COM OBJETIVO DE OFERTAR APLICATIVO WEB QUE FA\u00c7A MONITORAMENTO DOS INDICADORES DO PROGRAMA PREVINE BRASIL DO MINIST\u00c9RIO DA SA\u00daDE.<\/td><td class=\"column-4\">PUBLICADO:15\/12\/2025<\/td><td class=\"column-5\">CONTRATO N\u00ba062\/2023 3\u00ba ADITAMENTO<\/td>\n<\/tr>\n<tr class=\"row-7\">\n\t<td class=\"column-1\">DISPENSA DE LICITA\u00c7\u00c3O <\/td><td class=\"column-2\"><a href=\"http:\/\/www.pratinha.mg.gov.br\/portal\/wp-content\/uploads\/2025\/12\/TERMO-DE-RATIFICACAO.pdf\">TERMO DE RATIFICA\u00c7\u00c3O<\/a><\/td><td class=\"column-3\">CONTRATA\u00c7\u00c3O DE SERVI\u00c7O DE ADMINISTRA\u00c7\u00c3O DE VALE ALIMENTA\u00c7\u00c3O, A SER CONFERIDO AOS SERVIDORES DA ADMINISTRA\u00c7\u00c3O P\u00daBLICA MUNICIPAL, NOS MESES DE MAIO E DEZEMBRO, MEDIANTE FORNECIMENTO DE CART\u00c3O MAGNETICO INDIVIDUAL. <\/td><td class=\"column-4\">PUBLICADO: 12\/12\/2025<\/td><td class=\"column-5\"><\/td>\n<\/tr>\n<tr class=\"row-8\">\n\t<td class=\"column-1\">PROCESSO N\u00b0 143\/2025<br \/>\n DISPENSA DE LICITA\u00c7\u00c3O N\u00b0 071\/2025<br \/>\n<br \/>\n<\/td><td class=\"column-2\"><a href=\"http:\/\/www.pratinha.mg.gov.br\/portal\/wp-content\/uploads\/2025\/12\/AVISO-DE-CONTRATACAO-DIRETA-2.pdf\">AVISO DE CONTRATA\u00c7\u00c3O DIRETA<\/a><br \/>\n<a href=\"http:\/\/www.pratinha.mg.gov.br\/portal\/wp-content\/uploads\/2025\/12\/ATA-DA-SESSAO.pdf\">ATA DA SESS\u00c3O<\/a><br \/>\n<a href=\"http:\/\/www.pratinha.mg.gov.br\/portal\/wp-content\/uploads\/2025\/12\/Ratificacao-do-processo_Assinado.pdf\">Ratifica\u00e7\u00e3o do processo_Assinado<\/a><\/td><td class=\"column-3\">CONTRATA\u00c7\u00c3O DE APRESENTA\u00c7\u00c3O ART\u00cdSTICA DE TEATRO E MUSICAL NATALINO, BEM COMO DE SERVI\u00c7OS DE ORNAMENTA\u00c7\u00c3O E DECORA\u00c7\u00c3O NATALINA, INCLUINDO MONTAGEM E DESMONTAGEM, PARA EXECU\u00c7\u00c3O DO PROJETO \u201cNATAL ENCANTADO\u201d NO DIA 23 DE DEZEMBRO DE 2025, INTEGRANDO A PROGRAMA\u00c7\u00c3O CULTURAL OFICIAL DO MUNIC\u00cdPIO.<br \/>\n ATA DA SESS\u00c3O <br \/>\n<br \/>\nTERMO DE RATIFICA\u00c7\u00c3O<\/td><td class=\"column-4\">PUBLICADO: 11\/12\/2025<br \/>\nDATA DO RECEBIMENTO DA (S) PROPOSTA (S): 11\/12\/2025 a partir das 17:00h. <br \/>\nLOCAL DO RECEBIMENTO DA (S) PROPOSTA (S): pratinhalicitacao@terra.com.br<br \/>\nDATA DA ANALISE DA (S) PROPOSTA (S): 17\/12\/2025 \u00e0s 09h00<br \/>\nPUBLICADO: 17\/12\/2025<br \/>\nPUBLICADO: 18\/12\/2025<\/td><td class=\"column-5\"><\/td>\n<\/tr>\n<tr class=\"row-9\">\n\t<td class=\"column-1\">PROCESSO N\u00ba065\/2022<br \/>\nDISPENSA N\u00ba001\/2022<br \/>\n<\/td><td class=\"column-2\"><a href=\"http:\/\/www.pratinha.mg.gov.br\/portal\/wp-content\/uploads\/2025\/12\/EXTRATO-DE-CONTRATO.pdf\">EXTRATO DE CONTRATO<\/a><\/td><td class=\"column-3\">CONTRATA\u00c7\u00c3O DE EMPRESA DA COMPANIA ENERGETICA DE MINAS GERAIS S.A (CEMIG), PARA FORNECIMENTO DE ENERGIA EM LOGRADOUROS PUBLICOS DO MUNICIPIO DE PRATINHA\/MG.<\/td><td class=\"column-4\">PUBLICADO:11\/12\/2025<\/td><td class=\"column-5\">CONTRATO N\u00ba132\/2022<\/td>\n<\/tr>\n<tr class=\"row-10\">\n\t<td class=\"column-1\">PROCESSO N\u00b0 142\/2025<br \/>\n DISPENSA DE LICITA\u00c7\u00c3O N\u00b0 070\/2025<br \/>\n<br \/>\n<\/td><td class=\"column-2\"><a href=\"http:\/\/www.pratinha.mg.gov.br\/portal\/wp-content\/uploads\/2025\/12\/AVISO-DE-CONTRATACAO-DIRETA.pdf\">AVISO DE CONTRATA\u00c7\u00c3O DIRETA<\/a><br \/>\n<a href=\"http:\/\/www.pratinha.mg.gov.br\/portal\/wp-content\/uploads\/2025\/12\/Ata-Sessao-Publica-Abertura-Julgamento-3.pdf\">Ata Sess\u00e3o P\u00fablica Abertura Julgamento<\/a><br \/>\n<a href=\"http:\/\/www.pratinha.mg.gov.br\/portal\/wp-content\/uploads\/2025\/12\/Ratificacao-do-processo-3.pdf\">Ratifica\u00e7\u00e3o do processo<\/a><\/td><td class=\"column-3\">CONTRATA\u00c7\u00c3O DE SERVI\u00c7OS PARA REALIZA\u00c7\u00c3O DE SHOW PIROT\u00c9CNICO DURANTE O <br \/>\nEVENTO DE COMEMORA\u00c7\u00c3O REVEILLON 2026.<br \/>\n<br \/>\nATA DA SESS\u00c3O <br \/>\nTERMO DE RATIFICA\u00c7\u00c3O<\/td><td class=\"column-4\">PUBLICADO: 09\/12\/2025 <br \/>\nALOR ESTIMADO DA CONTRATA\u00c7\u00c3O: R$ 12.000,00 (doze mil reais)<br \/>\nDATA DO RECEBIMENTO DA (S) PROPOSTA (S): 09\/12\/2025 a partir das 17:00h. <br \/>\nLOCAL DO RECEBIMENTO DA (S) PROPOSTA (S): pratinhalicitacao@terra.com.br<br \/>\nDATA DA ANALISE DA (S) PROPOSTA (S): 15\/12\/2025 \u00e0s 14h00<br \/>\nPUBLICADO: 17\/12\/2025<br \/>\nPUBLICADO: 19\/12\/2025<\/td><td class=\"column-5\"><\/td>\n<\/tr>\n<tr class=\"row-11\">\n\t<td class=\"column-1\">PROCESSO N\u00b0140\/2025<br \/>\n DISPENSA DE LICITA\u00c7\u00c3O N\u00b0 068\/2025<br \/>\n<\/td><td class=\"column-2\"><a href=\"http:\/\/www.pratinha.mg.gov.br\/portal\/wp-content\/uploads\/2025\/12\/EDITAL-1.pdf\">EDITAL<\/a><br \/>\n<br \/>\n<a href=\"http:\/\/www.pratinha.mg.gov.br\/portal\/wp-content\/uploads\/2025\/12\/Ata-Sessao-Publica-Abertura-Julgamento-2.pdf\">Ata Sess\u00e3o P\u00fablica Abertura Julgamento<\/a><br \/>\n<a href=\"http:\/\/www.pratinha.mg.gov.br\/portal\/wp-content\/uploads\/2025\/12\/Ratificacao-do-processo-2.pdf\">Ratifica\u00e7\u00e3o do processo<\/a><br \/>\n<a href=\"http:\/\/www.pratinha.mg.gov.br\/portal\/wp-content\/uploads\/2025\/12\/EXTRATO-DE-CONTRATO-1.pdf\">EXTRATO DE CONTRATO<\/a><\/td><td class=\"column-3\">CONTRATA\u00c7\u00c3O DE SERVI\u00c7OS ESPECIALIZADOS PARA CONTRATA\u00c7\u00c3O DE EMPRESA ESPECIALIZADA PARA A PRESTA\u00c7\u00c3O DE SERVI\u00c7OS DE FORMA\u00c7\u00c3O E APERFEI\u00c7OAMENTO DE CONDUTORES VINCULADOS AO DEPARTAMENTO DE SA\u00daDE <br \/>\nATA DA SESS\u00c3O <br \/>\nTERMO DE RATIFICA\u00c7\u00c3O <br \/>\nEXTRATO DE CONTRATO N\u00b0 112\/2025<\/td><td class=\"column-4\">PUBLICADO: 09\/12\/2025<br \/>\nDATA DO RECEBIMENTO DA (S) PROPOSTA (S): 08\/12\/2025 a partir das 17:00h. <br \/>\nLIMITE DE ACOLHIMENTO DA PROPOSTA COMERCIAIS:<br \/>\nDia 11\/12\/25 \u00e0s 17h00min (dezessete horas)<br \/>\nLOCAL DO RECEBIMENTO DA (S) PROPOSTA (S): pratinhalicitacao@terra.com.br<br \/>\nDATA DA ANALISE DA (S) PROPOSTA (S):12\/12\/2025 \u00e0s 09h00<br \/>\nPUBLICADO: 15\/12\/2025<br \/>\nPUBLICADO; 19\/12\/2025<\/td><td class=\"column-5\"><\/td>\n<\/tr>\n<tr class=\"row-12\">\n\t<td class=\"column-1\">DISPENSA ELETRONICA N\u00ba 069\/2025<br \/>\nPROCESSO N\u00ba 141\/2025<br \/>\n<br \/>\n<\/td><td class=\"column-2\"><a href=\"http:\/\/www.pratinha.mg.gov.br\/portal\/wp-content\/uploads\/2025\/12\/AVISO-DE-DISPENSA-DE-LICITACAO.pdf\">AVISO DE DISPENSA DE LICITA\u00c7\u00c3O<\/a><br \/>\n<a href=\"http:\/\/www.pratinha.mg.gov.br\/portal\/wp-content\/uploads\/2025\/12\/LICITANET-ATA-DE-REALIZACAO-DA-DISPENSA-ELETRONICA-1.pdf\">LICITANET - ATA DE REALIZA\u00c7\u00c3O DA DISPENSA ELETR\u00d4NICA<\/a><br \/>\n<a href=\"http:\/\/www.pratinha.mg.gov.br\/portal\/wp-content\/uploads\/2025\/12\/Ratificacao-do-processo-1.pdf\">Ratifica\u00e7\u00e3o do processo<\/a><\/td><td class=\"column-3\">AQUISI\u00c7\u00c3O DE BRINQUEDOS DIVERSOS, PARA DISTRIBUI\u00c7\u00c3O PARA CRIAN\u00c7AS E ADOLESCENTES, DURANTE O EVENTO \u201cNATAL ENCANTADO\u201d QUE SER\u00c1 REALIZADO DIA 23\/12\/2025, NO POLIESPORTIVO MUNICIPAL.<br \/>\n<br \/>\nATA DA SESS\u00c3O <br \/>\nTERMO DE RATIFICA\u00c7\u00c3O<\/td><td class=\"column-4\">PUBLICADO: 08\/12\/2025<br \/>\nIn\u00edcio da sess\u00e3o de disputa de pre\u00e7os: 12\/12\/2025 \u00e0s 09:00 horas (Hor\u00e1rio de Bras\u00edlia - DF).<br \/>\n<br \/>\nFim da sess\u00e3o de disputa de pre\u00e7os: 12\/12\/2025 \u00e0s 15:00 horas (Hor\u00e1rio de Bras\u00edlia - DF).<br \/>\nPUBLICADO: 15\/12\/2025<\/td><td class=\"column-5\"><\/td>\n<\/tr>\n<tr class=\"row-13\">\n\t<td class=\"column-1\">DISPENSA DE LICITA\u00c7\u00c3O<\/td><td class=\"column-2\"><a href=\"http:\/\/www.pratinha.mg.gov.br\/portal\/wp-content\/uploads\/2025\/12\/TERMO-DE-RATIFICACAO_Assinado-.pdf\">TERMO DE RATIFICA\u00c7\u00c3O_Assinado -<\/a><\/td><td class=\"column-3\">AQUISI\u00c7\u00c3O DE PE\u00c7AS, NA <br \/>\nCONCESSIONARIA AUTORIZADA, PARA A SEXTA REVIS\u00c3O DE <br \/>\nGARANTIA DO VEICULO CHEVROLET SPIN 1.8 L ATLT7 COM A <br \/>\nPLACA TCL-6 DO DEPARTAMENTO DO PREFEITO <br \/>\n<\/td><td class=\"column-4\">PUBLICADO: 05\/12\/2025<\/td><td class=\"column-5\"><\/td>\n<\/tr>\n<tr class=\"row-14\">\n\t<td class=\"column-1\">PROCESSO138\/2025\u2013 DISPENSA DE LICITA\u00c7\u00c3O 067\/2025<\/td><td class=\"column-2\"><a href=\"http:\/\/www.pratinha.mg.gov.br\/portal\/wp-content\/uploads\/2025\/11\/AVISO-DE-CONTRATACAO-DIRETA-pdf-2.pdf\">AVISO DE CONTRATA\u00c7\u00c3O DIRETA-pdf 2<\/a><br \/>\n<a href=\"http:\/\/www.pratinha.mg.gov.br\/portal\/wp-content\/uploads\/2025\/12\/Ata-Sessao-Publica-Abertura-Julgamento.pdf\">Ata Sess\u00e3o P\u00fablica Abertura Julgamento<\/a><br \/>\n<a href=\"http:\/\/www.pratinha.mg.gov.br\/portal\/wp-content\/uploads\/2025\/12\/Ratificacao-do-processo.pdf\">Ratifica\u00e7\u00e3o do processo<\/a><\/td><td class=\"column-3\">LOCA\u00c7\u00c3O DE VE\u00cdCULO MOTORIZADO RECREATIVO (TIPO CARRETA FURAC\u00c3O\/CARRETA <br \/>\nDA ALEGRIA) COM ILUMINA\u00c7\u00c3O E SOM, ITENS DE SEGURAN\u00c7A, COM CAPACIDADE DE AT\u00c9 80 <br \/>\nPASSAGEIROS, DOTADA DE 02 ANDARES. A LOCA\u00c7\u00c3O INCLUI MOTORISTA DEVIDAMENTE <br \/>\nHABILITADO, 03 PERSONAGENS INFANTIS, 01 SEGURAN\u00c7A E M\u00daSICAS DIVERSAS, INCLUINDO <br \/>\nDESPESAS COM A EQUIPE E COM O DESLOCAMENTO. OS PASSEIOS SEGUIR\u00c3O O PERCURSO <br \/>\nDISPONIBILIZADO PELO MUNIC\u00cdPIO, FICANDO DISPON\u00cdVEL PARA A PRESTA\u00c7\u00c3O DE 03 HORAS DE <br \/>\nSERVI\u00c7OS<br \/>\n<br \/>\nATA DA SESS\u00c3O <br \/>\nTERMO DE RATIFICA\u00c7\u00c3O<\/td><td class=\"column-4\">PUBLICADO:28\/11\/2025<br \/>\nJULGAMENTO:04\/12\/2025 AS 09:00 DA MANHA<br \/>\nPUBLICADO: 04\/12\/2025<br \/>\nPUBLICADO:04\/12\/2025<\/td><td class=\"column-5\"><\/td>\n<\/tr>\n<tr class=\"row-15\">\n\t<td class=\"column-1\">DISPENSA DE LICITA\u00c7\u00c3O 066\/2025<br \/>\nROCESSO 136\/2025<\/td><td class=\"column-2\"><a href=\"http:\/\/www.pratinha.mg.gov.br\/portal\/wp-content\/uploads\/2025\/11\/AVISO-DE-CONTRATACAO-DIRETA-2.pdf\">AVISO DE CONTRATA\u00c7\u00c3O DIRETA<\/a><br \/>\n<a href=\"http:\/\/www.pratinha.mg.gov.br\/portal\/wp-content\/uploads\/2025\/12\/Ata-Sessao-Publica-Abertura-Julgamento-1.pdf\">Ata Sess\u00e3o P\u00fablica Abertura Julgamento<\/a><br \/>\n<a href=\"http:\/\/www.pratinha.mg.gov.br\/portal\/wp-content\/uploads\/2025\/12\/2\u00b0-edital.pdf\">2\u00b0 edital<\/a><br \/>\n<a href=\"http:\/\/www.pratinha.mg.gov.br\/portal\/wp-content\/uploads\/2025\/12\/ATA-E-PROPOSTAS.pdf\">ATA E PROPOSTAS<\/a><br \/>\n<br \/>\n<a href=\"http:\/\/www.pratinha.mg.gov.br\/portal\/wp-content\/uploads\/2025\/12\/Ratificacao-do-processo_Assinado-2.pdf\">Ratifica\u00e7\u00e3o do processo_Assinado<\/a><\/td><td class=\"column-3\">CONTRATA\u00c7\u00c3O DE SERVI\u00c7O DE PESQUISA DE OPINI\u00c3O P\u00daBLICA A SER REALIZADA NO MUNIC\u00cdPIO DE PRATINHA-MG PARA LEVANTAMENTO DAS PRINCIPAIS DEMANDAS DA POPULA\u00c7\u00c3O, BEM COMO PARA AVALIA\u00c7\u00c3O DOS SERVI\u00c7OS P\u00daBLICOS QUE VEM SENDO PRESTADOS.<br \/>\n<br \/>\nATA DA SESS\u00c3O <br \/>\n2\u00b0 EDITAL <br \/>\n<br \/>\nATA DA SESS\u00c3O <br \/>\n<br \/>\nTERMO DE RATIFICA\u00c7\u00c3O<\/td><td class=\"column-4\">PUBLICADO: 27\/11\/2025<br \/>\nDATA DO RECEBIMENTO DA (S) PROPOSTA (S): 27\/11\/2025 a partir das 17:00h. <br \/>\nLOCAL DO RECEBIMENTO DA (S) PROPOSTA (S): pratinhalicitacao@terra.com.br<br \/>\nDATA DA ANALISE DA (S) PROPOSTA (S): 03\/12\/2025 \u00e0s 09h00<br \/>\nPUBLICADO: 04\/12\/2025<br \/>\nPUBLICADO: 17\/12\/2025<br \/>\nPUBLICADO: 23\/12\/2025<\/td><td class=\"column-5\"><\/td>\n<\/tr>\n<tr class=\"row-16\">\n\t<td class=\"column-1\">DISPENSA DE LICITA\u00c7\u00c3O<\/td><td class=\"column-2\"><a href=\"http:\/\/www.pratinha.mg.gov.br\/portal\/wp-content\/uploads\/2025\/11\/RATIFICACAO.pdf\">RATIFICA\u00c7\u00c3O<\/a><\/td><td class=\"column-3\">TERMO DE RATIFICA\u00c7\u00c3O - <br \/>\nREVIS\u00c3O DE GARANTIA DO VEICULO POLO TRACK MA, ANO\/MODELO: 2025\/2026 CHASSI: 9BWAG5R12TT018204, PLACA TXC2F38 DO DEPARTAMENTO DE SAUDE<\/td><td class=\"column-4\">PUBLICADO: 24\/11\/2025<\/td><td class=\"column-5\"><\/td>\n<\/tr>\n<tr class=\"row-17\">\n\t<td class=\"column-1\">PROCESSO N\u00ba 135\/2025<br \/>\nDISPENSA ELETRONICA N\u00ba 065\/2025<br \/>\n<\/td><td class=\"column-2\"><a href=\"http:\/\/www.pratinha.mg.gov.br\/portal\/wp-content\/uploads\/2025\/11\/AVISO-DE-DISPENSA-DE-LICITACAO.pdf\">AVISO DE DISPENSA DE LICITA\u00c7\u00c3O<\/a><br \/>\n<a href=\"http:\/\/www.pratinha.mg.gov.br\/portal\/wp-content\/uploads\/2025\/12\/RECURSO-E-JULGAMENTO.pdf\">RECURSO E JULGAMENTO<\/a><br \/>\n<a href=\"http:\/\/www.pratinha.mg.gov.br\/portal\/wp-content\/uploads\/2025\/12\/LICITANET-ATA-DE-REALIZACAO-DA-DISPENSA-ELETRONICA.pdf\">LICITANET - ATA DE REALIZA\u00c7\u00c3O DA DISPENSA ELETR\u00d4NICA<\/a><br \/>\n<a href=\"http:\/\/www.pratinha.mg.gov.br\/portal\/wp-content\/uploads\/2025\/12\/LICITACAO-FRACASSADA_Assinado.pdf\">LICITA\u00c7\u00c3O FRACASSADA_Assinado<\/a><\/td><td class=\"column-3\">CONTRATA\u00c7\u00c3O DE SERVI\u00c7O DE EDUCADOR F\u00cdSICO PARA MINISTRAR AULAS DE DAN\u00c7A VISANDO ATENDER \u00c0S DEMANDAS DO DEPARTAMENTO DE SA\u00daDE DE PRATINHA.<br \/>\n<br \/>\nRECURSO E JULGAMENTO <br \/>\nATA DA SESS\u00c3O <br \/>\nTERMO DE FRACASSO <\/td><td class=\"column-4\">PUBLICADO: 12\/11\/2025<br \/>\n\u2022 IN\u00cdCIO ACOLHIMENTO DAS PROPOSTAS COMERCIAIS:<br \/>\nDia 12\/11\/2025 a partir das 17h00min (dezessete horas).<br \/>\n\u2022 LIMITE ACOLHIMENTO DAS PROPOSTAS COMERCIAIS:<br \/>\nDia 18\/11\/2025 \u00e0s 09H00min (nove horas).<br \/>\n\u2022 ABERTURA DAS PROPOSTAS COMERCIAIS:<br \/>\nDia 18\/11\/2025 \u00e0s 09H00min (nove horas).<br \/>\nSITE PARA REALIZA\u00c7\u00c3O DO CERTAME: www.licitanet.com.br<br \/>\nPUBLICADO: 02\/12\/2025<br \/>\nPUBLICADO: 02\/12\/2025<br \/>\nPUBLICADO: 03\/12\/2025<\/td><td class=\"column-5\"><\/td>\n<\/tr>\n<tr class=\"row-18\">\n\t<td class=\"column-1\">DISPENSA DE LICITA\u00c7\u00c3O<\/td><td class=\"column-2\"><a href=\"http:\/\/www.pratinha.mg.gov.br\/portal\/wp-content\/uploads\/2025\/11\/RATIFICACAO_Assinado.pdf\">RATIFICA\u00c7\u00c3O_Assinado<\/a><\/td><td class=\"column-3\">AQUISI\u00c7\u00c3O DE PE\u00c7AS, NA CONCESSIONARIA AUTORIZADA, PARA PRIMEIRA REVIS\u00c3O EM GARANTIA DO VE\u00cdCULO POLO TRACK COM A PLACA TXB-0D24, PERTENCENTE AO DEPARTAMENTO DE ASSIST\u00caNCIA SOCIAL.<\/td><td class=\"column-4\">PUBLICADO: 06\/11\/2025<\/td><td class=\"column-5\"><\/td>\n<\/tr>\n<tr class=\"row-19\">\n\t<td class=\"column-1\">PROCESSO N\u00ba 133\/2025<br \/>\nDISPENSA DE LICITA\u00c7\u00c3O N\u00ba 064\/2025<\/td><td class=\"column-2\"><a href=\"http:\/\/www.pratinha.mg.gov.br\/portal\/wp-content\/uploads\/2025\/11\/AVISO-DE-CONTRATACAO-DIRETA.pdf\">AVISO DE CONTRATA\u00c7\u00c3O DIRETA<\/a><br \/>\n<a href=\"http:\/\/www.pratinha.mg.gov.br\/portal\/wp-content\/uploads\/2025\/11\/Ata-Sessao-Publica-Abertura-Julgamento-1.pdf\">Ata Sess\u00e3o P\u00fablica Abertura Julgamento<\/a><br \/>\n<a href=\"http:\/\/www.pratinha.mg.gov.br\/portal\/wp-content\/uploads\/2025\/11\/Ratificacao-do-processo-1.pdf\">Ratifica\u00e7\u00e3o do processo<\/a><\/td><td class=\"column-3\">CONTRATA\u00c7\u00c3O DE EMPRESA ESPECIALIZADA PARA A PRESTA\u00c7\u00c3O DE SERVI\u00c7OS DE ORNAMENTA\u00c7\u00c3O E DECORA\u00c7\u00c3O DO EVENTO DE FORMATURA DA PR\u00c9-ESCOLA II E ENSINO FUNDAMENTAL I DA REDE MUNICIPAL DE ENSINO.<br \/>\nATA DA SESS\u00c3O <br \/>\nTERMO DE RATIFICA\u00c7\u00c3O <\/td><td class=\"column-4\">PUBLICADO: 05\/11\/2025<br \/>\n\u2022 LIMITE ACOLHIMENTO DAS PROPOSTAS COMERCIAIS:<br \/>\nDia 10\/11\/2025 \u00e0s 17h00min (dezessete horas).<br \/>\n\u2022 ABERTURA DAS PROPOSTAS COMERCIAIS:<br \/>\nDia 11\/11\/2025 \u00e0s 09h00min (nove horas).<br \/>\nE-MAIL PARA ENVIO DE PROPOSTAS: pratinhalicitacao@terra.com.br<br \/>\nPUBLICADO: 15\/11\/2025<br \/>\nPUBLICADO: 24\/11\/2025<\/td><td class=\"column-5\"><\/td>\n<\/tr>\n<tr class=\"row-20\">\n\t<td class=\"column-1\">PROCESSO N\u00ba 132\/2025<br \/>\nDISPENSA DE LICITA\u00c7\u00c3O N\u00ba 063\/2025<\/td><td class=\"column-2\"><a href=\"http:\/\/www.pratinha.mg.gov.br\/portal\/wp-content\/uploads\/2025\/10\/AVISO-DE-CONTRATACAO-DIRETA.pdf\">AVISO DE CONTRATA\u00c7\u00c3O DIRETA<\/a><br \/>\n<a href=\"http:\/\/www.pratinha.mg.gov.br\/portal\/wp-content\/uploads\/2025\/11\/Ata-Sessao-Publica-Abertura-Julgamento.pdf\">Ata Sess\u00e3o P\u00fablica Abertura Julgamento<\/a><br \/>\n<a href=\"http:\/\/www.pratinha.mg.gov.br\/portal\/wp-content\/uploads\/2025\/11\/Ratificacao-do-processo.pdf\">Ratifica\u00e7\u00e3o do processo<\/a><\/td><td class=\"column-3\">AQUISI\u00c7\u00c3O DE FILMES SD PROJETADOS PARA IMPRESSORA A LASER DRYPRO SIGMA, UTILIZADOS PARA IMPRESS\u00c3O DE RADIOGRAFIAS ELETIVAS E DE URG\u00caNCIA, VISANDO ATENDER \u00c0S NECESSIDADES DOS PACIENTES USU\u00c1RIOS DOS SERVI\u00c7OS DE SA\u00daDE.<br \/>\nATA DA SESS\u00c3O <br \/>\nTERMO DE RATIFICA\u00c7\u00c3O<\/td><td class=\"column-4\">PUBLICADO: 30\/10\/2025<br \/>\nRecebimento das propostas: 30\/10\/2025 a partir das 17:00h.<br \/>\nDo encerramento do recebimento das propostas: 05\/11\/2025 \u00e0s 17:00h.<br \/>\nDo julgamento das propostas e habilita\u00e7\u00e3o do fornecedor vencedor: 06\/11\/2025 \u00e0s 09:00.<br \/>\nPUBLICADO: 06\/11\/2025<br \/>\nPUBLICADO: 10\/11\/2025<\/td><td class=\"column-5\"><\/td>\n<\/tr>\n<tr class=\"row-21\">\n\t<td class=\"column-1\">DISPENSA DE LICITA\u00c7\u00c3O <\/td><td class=\"column-2\"><a href=\"http:\/\/www.pratinha.mg.gov.br\/portal\/wp-content\/uploads\/2025\/10\/TERMO-DE-RATIFICACAO_Assinado-1.pdf\">TERMO DE RATIFICA\u00c7\u00c3O_Assinado<\/a><\/td><td class=\"column-3\">REVIS\u00c3O DE GARANTIA O VE\u00cdCULO VW \u2013 POLO TRACK MA, AMO MODELO: 2025\/2026, CHASSI: 9BWAG5R13TT018204, PLACA: TXC2F38, DO DEPARTAMENTO DE SA\u00daDE <br \/>\n<br \/>\n<\/td><td class=\"column-4\">PUBLICADO: 22\/10\/2025<\/td><td class=\"column-5\"><\/td>\n<\/tr>\n<tr class=\"row-22\">\n\t<td class=\"column-1\">DISPENSA DE LICITA\u00c7\u00c3O<\/td><td class=\"column-2\"><a href=\"http:\/\/www.pratinha.mg.gov.br\/portal\/wp-content\/uploads\/2025\/10\/TERMO-DE-RATIFICACAO-2.pdf\">TERMO DE RATIFICA\u00c7\u00c3O<\/a><\/td><td class=\"column-3\">AQUISI\u00c7\u00c3O DE PE\u00c7AS, EM CONCESSIONARIA AUTORIZADA, PARA REVIS\u00c3O EM GARANTIA DE 90.000KM DO VE\u00cdCULO COM A PLACA SJH8F01 PERTENCENTE AO GABINETE DO PREFEITO <\/td><td class=\"column-4\">PUBLICADO: 22\/10\/2025<\/td><td class=\"column-5\"><\/td>\n<\/tr>\n<tr class=\"row-23\">\n\t<td class=\"column-1\">PROCESSO N\u00ba 128\/2025<br \/>\nDISPENSA DE LICITA\u00c7\u00c3O N\u00ba 062\/2025<br \/>\n<\/td><td class=\"column-2\"><a href=\"http:\/\/www.pratinha.mg.gov.br\/portal\/wp-content\/uploads\/2025\/10\/AVISO-DE-DISPENSA-DE-LICITACAO.pdf\">AVISO DE DISPENSA DE LICITA\u00c7\u00c3O<\/a><br \/>\n<a href=\"http:\/\/www.pratinha.mg.gov.br\/portal\/wp-content\/uploads\/2025\/10\/LICITANET-ATA-DE-REALIZACAO-DA-DISPENSA-ELETRONICA-2.pdf\">LICITANET - ATA DE REALIZA\u00c7\u00c3O DA DISPENSA ELETR\u00d4NICA<\/a><br \/>\n<a href=\"http:\/\/www.pratinha.mg.gov.br\/portal\/wp-content\/uploads\/2025\/10\/Ratificacao-do-processo-1.pdf\">Ratifica\u00e7\u00e3o do processo<\/a><br \/>\n<a href=\"http:\/\/www.pratinha.mg.gov.br\/portal\/wp-content\/uploads\/2025\/10\/EXTRATO-DE-CONTRATO-n\u00b0-104.pdf\">EXTRATO DE CONTRATO n\u00b0 104<\/a><\/td><td class=\"column-3\">CONTRATA\u00c7\u00c3O DE SERVI\u00c7OS ESPECIALIZADOS NA GRAVA\u00c7\u00c3O DE SPOT PUBLICIT\u00c1RIO E DIVULGA\u00c7\u00c3O E PROPAGANDA VOLANTE (CARRO E MOTO DE SOM), PARA ATENDIMENTO \u00c0S DEMANDAS DO DEPARTAMENTO DE SA\u00daDE, EM CAMPANHAS INFORMATIVAS E EDUCATIVAS DE INTERESSE P\u00daBLICO, COMO VACINA\u00c7\u00c3O, COMBATE A ENDEMIAS, CAMPANHAS DE PREVEN\u00c7\u00c3O E OUTRAS A\u00c7\u00d5ES DE SA\u00daDE.<br \/>\n<br \/>\nATA DA SESS\u00c3O <br \/>\nTERMO DE RATIFICA\u00c7\u00c3O<br \/>\nEXTRATO DE CONTRATO N\u00b0 104\/2025<\/td><td class=\"column-4\">PUBLICADO: 15\/10\/2025<br \/>\n\u2022 ABERTURA DAS PROPOSTAS COMERCIAIS:<br \/>\nDia 22\/10\/2025 \u00e0s 09H00min (nove horas).<br \/>\nSITE PARA REALIZA\u00c7\u00c3O DO CERTAME: www.licitanet.com.br<br \/>\nPUBLICADO: 23\/10\/2025<br \/>\nPUBLICADO: 28\/10\/2025<br \/>\nPUBLICADO: 29\/10\/2025<\/td><td class=\"column-5\"><\/td>\n<\/tr>\n<tr class=\"row-24\">\n\t<td class=\"column-1\">PROCESSO N\u00ba 127\/2025<br \/>\nDISPENSA DE LICITA\u00c7\u00c3O N\u00ba 061\/2025<br \/>\n<br \/>\n<\/td><td class=\"column-2\"><a href=\"http:\/\/www.pratinha.mg.gov.br\/portal\/wp-content\/uploads\/2025\/10\/AVISO-DE-DISPENSA-DE-LICITACAO-1.pdf\">AVISO DE DISPENSA DE LICITA\u00c7\u00c3O<\/a><br \/>\n<a href=\"http:\/\/www.pratinha.mg.gov.br\/portal\/wp-content\/uploads\/2025\/10\/LICITANET-ATA-DE-REALIZACAO-DA-DISPENSA-ELETRONICA-1.pdf\">LICITANET - ATA DE REALIZA\u00c7\u00c3O DA DISPENSA ELETR\u00d4NICA<\/a><br \/>\n<a href=\"http:\/\/www.pratinha.mg.gov.br\/portal\/wp-content\/uploads\/2025\/10\/TERMO-DE-LICITACAO-FRACASSADA-1.pdf\">TERMO DE LICITA\u00c7\u00c3O FRACASSADA<\/a><\/td><td class=\"column-3\">CONTRATA\u00c7\u00c3O DE SERVI\u00c7O DE EDUCADOR F\u00cdSICO PARA MINISTRAR AULAS DE DAN\u00c7A VISANDO ATENDER \u00c0S DEMANDAS DO DEPARTAMENTO DE SA\u00daDE DE PRATINHA.<br \/>\n<br \/>\nATA DA SESS\u00c3O<br \/>\nTERMO DE LICITA\u00c7\u00c3O FRACASSADA<\/td><td class=\"column-4\">PUBLICADO: 15\/10\/2025<br \/>\n\u2022 ABERTURA DAS PROPOSTAS COMERCIAIS:<br \/>\nDia 21\/10\/2025 \u00e0s 09H00min (nove horas).<br \/>\nSITE PARA REALIZA\u00c7\u00c3O DO CERTAME: www.licitanet.com.br<br \/>\nPUBLICADO: 22\/10\/2025<\/td><td class=\"column-5\"><\/td>\n<\/tr>\n<tr class=\"row-25\">\n\t<td class=\"column-1\">PROCESSO ADMINISTRATIVO N\u00ba 126\/2025<br \/>\nDISPENSA DE LICITA\u00c7\u00c3O N\u00ba 060\/2025<br \/>\n<\/td><td class=\"column-2\"><a href=\"http:\/\/www.pratinha.mg.gov.br\/portal\/wp-content\/uploads\/2025\/10\/Termo-de-Ratificacao.pdf\">Termo de Ratifica\u00e7\u00e3o<\/a><br \/>\n<a href=\"http:\/\/www.pratinha.mg.gov.br\/portal\/wp-content\/uploads\/2025\/10\/EXTRATO-DE-CONTRATO-2.pdf\">EXTRATO DE CONTRATO<\/a><\/td><td class=\"column-3\">CONTRATA\u00c7\u00c3O DO CIMINAS, ATRAV\u00c9S DO PROCESSO N\u00ba 012\/2025, CREDENCIAMENTO N\u00ba 005\/2025. CREDENCIAMENTO DE EMPRESAS ESPECIALIZADAS PARA PRESTA\u00c7\u00c3O DE SERVI\u00c7OS DE SAUDE, ESPECIALMENTE EM EXAMES CLINICOS, CONSULTAS M\u00c9DICAS E PROCEDIMENTOS CIRURGICOS DESTINADOS A ATENDER OS ENTES CONSORCIADOS AO CIMINAS - CONSORCIO INTERFEDERATIVO DE MINAS GERAIS. <br \/>\n<br \/>\nEXTRATO DE CONTRATO<\/td><td class=\"column-4\">PUBLICADO: 13\/10\/2025<br \/>\nPUBLICADO: 22\/10\/2025<\/td><td class=\"column-5\"><\/td>\n<\/tr>\n<tr class=\"row-26\">\n\t<td class=\"column-1\"><br \/>\nPROCESSO:125\/2025<br \/>\nDISPENSA:059\/2025<br \/>\n<br \/>\n<\/td><td class=\"column-2\"><a href=\"http:\/\/www.pratinha.mg.gov.br\/portal\/wp-content\/uploads\/2025\/10\/TERMO-DE-RATIFICACAO.pdf\">TERMO DE RATIFICA\u00c7\u00c3O<\/a><br \/>\n<br \/>\n<a href=\"http:\/\/www.pratinha.mg.gov.br\/portal\/wp-content\/uploads\/2025\/10\/EXTRATO-DE-CONTRATO-1.pdf\">EXTRATO DE CONTRATO<\/a><br \/>\n<a href=\"http:\/\/www.pratinha.mg.gov.br\/portal\/wp-content\/uploads\/2025\/11\/SUSPENSAO-REURB.pdf\">SUSPENS\u00c3O REURB<\/a><\/td><td class=\"column-3\">TERMO DE RATIFICA\u00c7\u00c3O: OBJETO: CONTRATA\u00c7\u00c3O POR MEIO DO CIMINAS - CONSORCIO INTERFEDERATIVO DE MINAS GERAIS, ATRAV\u00c9S DO PROCESSO N\u00ba 049\/2025, CREDENCIAMENTO N\u00ba 023\/2025, DE EMPRESA ESPECIALIZADA EM PROJETO DE REORDENAMENTO SOCIAL URBANO.<br \/>\n<br \/>\nEXTRATO DE CONTRATO <br \/>\n<br \/>\nTERMO DE SUSPENS\u00c3O<\/td><td class=\"column-4\">PUBLICADO: 08\/10\/2025<br \/>\nPUBLICADO: 10\/10\/2025<br \/>\nPUBLICADO: 10\/11\/2025<\/td><td class=\"column-5\"><\/td>\n<\/tr>\n<tr class=\"row-27\">\n\t<td class=\"column-1\">PROCESSO N\u00ba 124\/2025<br \/>\nDISPENSA DE LICITA\u00c7\u00c3O N\u00ba 058\/2025<br \/>\n<\/td><td class=\"column-2\"><a href=\"http:\/\/www.pratinha.mg.gov.br\/portal\/wp-content\/uploads\/2025\/09\/DISPENSA-DE-LICITACAO-2.pdf\">DISPENSA DE LICITA\u00c7\u00c3O<\/a><br \/>\n<a href=\"http:\/\/www.pratinha.mg.gov.br\/portal\/wp-content\/uploads\/2025\/10\/LICITANET-ATA-DE-REALIZACAO-DA-DISPENSA-ELETRONICA.pdf\">LICITANET - ATA DE REALIZA\u00c7\u00c3O DA DISPENSA ELETR\u00d4NICA<\/a><br \/>\n<a href=\"http:\/\/www.pratinha.mg.gov.br\/portal\/wp-content\/uploads\/2025\/10\/TERMO-DE-LICITACAO-FRACASSADA.pdf\">TERMO DE LICITA\u00c7\u00c3O FRACASSADA<\/a><\/td><td class=\"column-3\">CONTRATA\u00c7\u00c3O DE SERVI\u00c7OS ESPECIALIZADOS NA GRAVA\u00c7\u00c3O DE SPOT PUBLICIT\u00c1RIO E <br \/>\nDIVULGA\u00c7\u00c3O E PROPAGANDA VOLANTE (CARRO E MOTO DE SOM), PARA ATENDIMENTO \u00c0S <br \/>\nDEMANDAS DO DEPARTAMENTO DE SA\u00daDE, EM CAMPANHAS INFORMATIVAS E EDUCATIVAS DE <br \/>\nINTERESSE P\u00daBLICO, COMO VACINA\u00c7\u00c3O, COMBATE A ENDEMIAS, CAMPANHAS DE PREVEN\u00c7\u00c3O E <br \/>\nOUTRAS A\u00c7\u00d5ES DE SA\u00daDE.<br \/>\nATA DA REALIZA\u00c7\u00c3O DO CERTAME<br \/>\nTERMO DE LICITA\u00c7\u00c3O FRACASSADA<\/td><td class=\"column-4\">PUBLICADO:25\/09\/2025<br \/>\n\u2022 IN\u00cdCIO ACOLHIMENTO DAS PROPOSTAS COMERCIAIS:<br \/>\nDia 25\/09\/2025 a partir das 17h00min (dezessete horas).<br \/>\n\u2022 LIMITE ACOLHIMENTO DAS PROPOSTAS COMERCIAIS:<br \/>\nDia 01\/10\/2025 \u00e0s 17h00min (dezessete horas).<br \/>\n\u2022 ABERTURA DAS PROPOSTAS COMERCIAIS:<br \/>\nDia 01\/10\/2025 \u00e0s 09H00min (nove horas).<br \/>\nSITE PARA REALIZA\u00c7\u00c3O DO CERTAME: www.licitanet.com.br<br \/>\nPUBLICADO: 01\/10\/2025<br \/>\n<\/td><td class=\"column-5\"><\/td>\n<\/tr>\n<tr class=\"row-28\">\n\t<td class=\"column-1\">PROCESSO N\u00ba 123\/2025<br \/>\nDISPENSA DE LICITA\u00c7\u00c3O  N\u00ba 057\/2025<br \/>\n<\/td><td class=\"column-2\"><a href=\"http:\/\/www.pratinha.mg.gov.br\/portal\/wp-content\/uploads\/2025\/09\/AVISO-DE-CONTRATACAO-DIRETA-4.pdf\">AVISO DE CONTRATA\u00c7\u00c3O DIRETA<\/a><br \/>\n<a href=\"http:\/\/www.pratinha.mg.gov.br\/portal\/wp-content\/uploads\/2025\/09\/Ata-Sessao-Publica-Abertura-Julgamento-3.pdf\">Ata Sess\u00e3o P\u00fablica Abertura Julgamento<\/a><br \/>\n<a href=\"http:\/\/www.pratinha.mg.gov.br\/portal\/wp-content\/uploads\/2025\/10\/Ratificacao-do-processo.pdf\">Ratifica\u00e7\u00e3o do processo<\/a><\/td><td class=\"column-3\">AQUISI\u00c7\u00c3O DE LIVROS DE LITERATURA IMPRESSOS, EDITADOS E DE DIVERSAS EDITORAS, VOLTADOS PARA OS ALUNOS DE ENSINO FUNDAMENTAL, PARA COMPOR O ACERVO LITER\u00c1RIO DA BIBLIOTECA DA ESCOLA CORONEL NECA DE PAULA.<br \/>\nATA DA SESS\u00c3O <br \/>\nTERMO DE RATIFICA\u00c7\u00c3O<\/td><td class=\"column-4\">PUBLICADO: 24\/09\/2025 \u2022 IN\u00cdCIO ACOLHIMENTO DAS PROPOSTAS COMERCIAIS:<br \/>\nDia 24\/09\/2025 a partir das 17h00min (dezessete horas).<br \/>\n\u2022 LIMITE ACOLHIMENTO DAS PROPOSTAS COMERCIAIS:<br \/>\nDia 29\/09\/2025 \u00e0s 17h00min (dezessete horas).<br \/>\n\u2022 ABERTURA DAS PROPOSTAS COMERCIAIS:<br \/>\nDia 30\/09\/2025 \u00e0s 14h00min (nove horas).<br \/>\nE-MAIL PARA ENVIO DE PROPOSTAS: pratinhalicitacao@terra.com.br<br \/>\nPUBLICADO: 30\/09\/2025<br \/>\nPUBLICADO: 06\/10\/2025<\/td><td class=\"column-5\"><\/td>\n<\/tr>\n<tr class=\"row-29\">\n\t<td class=\"column-1\">PROCESSO N\u00ba 122\/2025<br \/>\nDISPENSA DE LICITA\u00c7\u00c3O A N\u00ba 056\/2025<br \/>\n<\/td><td class=\"column-2\"><a href=\"http:\/\/www.pratinha.mg.gov.br\/portal\/wp-content\/uploads\/2025\/09\/AVISO-DE-CONTRATACAO-DIRETA-5.pdf\">AVISO DE CONTRATA\u00c7\u00c3O DIRETA<\/a><br \/>\n<a href=\"http:\/\/www.pratinha.mg.gov.br\/portal\/wp-content\/uploads\/2025\/10\/Ata-Sessao-Publica-Abertura-Julgamento.pdf\">Ata Sess\u00e3o P\u00fablica Abertura Julgamento<\/a><br \/>\n<a href=\"http:\/\/www.pratinha.mg.gov.br\/portal\/wp-content\/uploads\/2025\/10\/Ratificacao-do-processo_Assinado-1.pdf\">Ratifica\u00e7\u00e3o do processo_Assinado<\/a><\/td><td class=\"column-3\">PRESTA\u00c7\u00c3O DE SERVI\u00c7OS DE APRESENTA\u00c7\u00c3O DE PE\u00c7A TEATRAL, COM DURA\u00c7\u00c3O DE 01 HORA, INCLUINDO ESPETACULO COMPLETO.<br \/>\nATA DA SESS\u00c3O<br \/>\nTERMO DE RATIFICA\u00c7\u00c3O<\/td><td class=\"column-4\">PUBLICADO: 24\/09\/2025<br \/>\n\u2022 IN\u00cdCIO ACOLHIMENTO DAS PROPOSTAS COMERCIAIS:<br \/>\nDia 24\/09\/2025 a partir das 17h00min (dezessete horas).<br \/>\n\u2022 LIMITE ACOLHIMENTO DAS PROPOSTAS COMERCIAIS:<br \/>\nDia 29\/09\/2025 \u00e0s 17h00min (dezessete horas).<br \/>\n\u2022 ABERTURA DAS PROPOSTAS COMERCIAIS:<br \/>\nDia 30\/09\/2025 \u00e0s 09h00min (nove horas).<br \/>\nE-MAIL PARA ENVIO DE PROPOSTAS: pratinhalicitacao@terra.com.br<br \/>\nPUBLICADO: 01\/10\/2025 <br \/>\nPUBLICADO: 07\/10\/2025<br \/>\n<br \/>\n<\/td><td class=\"column-5\"><\/td>\n<\/tr>\n<tr class=\"row-30\">\n\t<td class=\"column-1\">DISPENSA DE LICITA\u00c7\u00c3O <\/td><td class=\"column-2\"><a href=\"http:\/\/www.pratinha.mg.gov.br\/portal\/wp-content\/uploads\/2025\/09\/TERMO-DE-RATIFICACAO_Assinado_Assinado.pdf\">TERMO DE RATIFICA\u00c7\u00c3O_Assinado_Assinado<\/a><\/td><td class=\"column-3\">PRESTA\u00c7\u00c3O DE SERVI\u00c7O, NA CONCESSIONARIA AUTORIZADA PARA REVIS\u00c3O EM GARANTIA DE 50.000 KM DO VE\u00cdCULO CHEV SPIN PLACA TCL6A51 PERTENCENTE AO DEPARTAMENTO DE SA\u00daDE <br \/>\n<br \/>\n<\/td><td class=\"column-4\">PUBLICADO: 23\/09\/2025<\/td><td class=\"column-5\"><\/td>\n<\/tr>\n<tr class=\"row-31\">\n\t<td class=\"column-1\">PROCESSO 121\/2025\u2013 DISPENSA DE LICITA\u00c7\u00c3O 055\/2025<br \/>\n<br \/>\n<\/td><td class=\"column-2\"><a href=\"http:\/\/www.pratinha.mg.gov.br\/portal\/wp-content\/uploads\/2025\/09\/AVISO-DE-CONTRATACAO-DIRETA-3.pdf\">AVISO DE CONTRATA\u00c7\u00c3O DIRETA<\/a><br \/>\n<a href=\"http:\/\/www.pratinha.mg.gov.br\/portal\/wp-content\/uploads\/2025\/09\/Ata-Sessao-Publica-Abertura-Julgamento-2.pdf\">Ata Sess\u00e3o P\u00fablica Abertura Julgamento<\/a><br \/>\n<a href=\"http:\/\/www.pratinha.mg.gov.br\/portal\/wp-content\/uploads\/2025\/10\/Ratificacao-do-processo_Assinado.pdf\">Ratifica\u00e7\u00e3o do processo_Assinado<\/a><\/td><td class=\"column-3\">AQUISI\u00c7\u00c3O DE TONER PARA COPIADORA RICOH IMF DESTINADA A ATENDER AS NECESSIDADES DO DEPARTAMENTO DE EDUCA\u00c7\u00c3O E ASSIST\u00caNCIA SOCIAL<br \/>\n<br \/>\nATA DA SESS\u00c3O<br \/>\nTERMO DE RATIFICA\u00c7\u00c3O <\/td><td class=\"column-4\">PUBLICADO: 23\/09\/2025<br \/>\nRecebimento das propostas: 22\/09\/2025 a partir das 17:00h.<br \/>\nDo encerramento do recebimento das propostas: 26\/09\/2025 \u00e0s 17:00h.<br \/>\nDo julgamento das propostas e habilita\u00e7\u00e3o do fornecedor vencedor: 29\/09\/2025 \u00e0s 09:00.<br \/>\nE-mail dispon\u00edvel para envio da proposta: pratinhalicitacao@terra.com.br<br \/>\nPUBLICADO: 29\/09\/2025<br \/>\nPUBLICADO: 06\/10\/2025<\/td><td class=\"column-5\"><\/td>\n<\/tr>\n<tr class=\"row-32\">\n\t<td class=\"column-1\">DISPENSA DE LICITA\u00c7\u00c3O<\/td><td class=\"column-2\"><a href=\"http:\/\/www.pratinha.mg.gov.br\/portal\/wp-content\/uploads\/2025\/09\/TERMO-DE-RATIFICACAO_Assinado-1.pdf\">TERMO DE RATIFICA\u00c7\u00c3O_Assinado<\/a><\/td><td class=\"column-3\">AQUISI\u00c7\u00c3O DE PE\u00c7AS EM CONCESSIONARIA PARA REVIS\u00c3O DE GARANTIA DO VE\u00cdCULO POLO PLACA TXC-2F38 DO DEPARTAMENTO DE SA\u00daDE.<br \/>\n <br \/>\n<\/td><td class=\"column-4\">PUBLICADO: 22\/09\/2025<\/td><td class=\"column-5\"><\/td>\n<\/tr>\n<tr class=\"row-33\">\n\t<td class=\"column-1\">DISPENSA DE LICITA\u00c7\u00c3O<\/td><td class=\"column-2\"><a href=\"http:\/\/www.pratinha.mg.gov.br\/portal\/wp-content\/uploads\/2025\/09\/TERMO-DE-RATIFICACAO.pdf\">TERMO DE RATIFICA\u00c7\u00c3O<\/a><\/td><td class=\"column-3\">REFERENTE A REVIS\u00c3O DO VE\u00cdCULO RENAULT M\u00c1STER PL2 NVA ANO\/MODELO: 2024\/2025, CHASSI: 93YF62000SJ991363, PLACA: SYY7D92, DEPARTAMENTO DE SA\u00daDE.<\/td><td class=\"column-4\">PUBLICADO: 12\/09\/2025<\/td><td class=\"column-5\"><\/td>\n<\/tr>\n<tr class=\"row-34\">\n\t<td class=\"column-1\">DISPENSA DE LICITA\u00c7\u00c3O<\/td><td class=\"column-2\"><a href=\"http:\/\/www.pratinha.mg.gov.br\/portal\/wp-content\/uploads\/2025\/09\/TERMO-DE-RATIFICACAO_Assinado.pdf\">TERMO DE RATIFICA\u00c7\u00c3O_Assinado<\/a><\/td><td class=\"column-3\">PRESTA\u00c7\u00c3O DE M\u00c3O DE OBRA MEC\u00c2NICA ESPECIALIZADA, NA CONCESSIONARIA AUTORIZADA, PARA SEGUNDA REVIS\u00c3O DE GARANTIA DO VE\u00cdCULO OFICIAL RENAULT DUSTER INT 16, COM PLACA QXW5F37 DO DEPARTAMENTO DE GABINETE DO PREFEITO \u2013 POL\u00cdCIA MILITAR <\/td><td class=\"column-4\">PUBLICADO: 11\/09\/2025<\/td><td class=\"column-5\"><\/td>\n<\/tr>\n<tr class=\"row-35\">\n\t<td class=\"column-1\">DISPENSA DE LICITA\u00c7\u00c3O <\/td><td class=\"column-2\"><a href=\"http:\/\/www.pratinha.mg.gov.br\/portal\/wp-content\/uploads\/2025\/09\/TERMO-DE-RATIFICACAO_Assinado_1.pdf\">TERMO DE RATIFICA\u00c7\u00c3O_Assinado_1<\/a><\/td><td class=\"column-3\">CONTRATA\u00c7\u00c3O DE M\u00c3O DE OBRA MEC\u00c2NICA ESPECIALIZADA, DA CONCESSION\u00c1RIA AUTORIZADA, PARA REVIS\u00c3O DE GARANTIA DE 1250 (MIL E DUZENTOS E CINQUENTA) HORAS DO MAQUIN\u00c1RIO RETROESCAVADEIRA SOBRE RODAS, MARCA NEW HOLLAND, MODELO B110C, SERIE: HBZN110CJRAH34325, CHASSI: BBZN110CJRAH34325, MOTOR: 433202.<\/td><td class=\"column-4\">PUBLICADO: 08\/09\/2025<\/td><td class=\"column-5\"><\/td>\n<\/tr>\n<tr class=\"row-36\">\n\t<td class=\"column-1\">TERMO DE RATIFICA\u00c7\u00c3O DE DISPENSA DE LICITA\u00c7\u00c3O<br \/>\n<br \/>\nPROCESSO ADMINISTRATIVO N\u00ba 119\/2025<br \/>\nDISPENSA DE LICITA\u00c7\u00c3O N\u00ba 054\/2025<br \/>\n<br \/>\n<\/td><td class=\"column-2\"><a href=\"http:\/\/www.pratinha.mg.gov.br\/portal\/wp-content\/uploads\/2025\/09\/Termo-de-Ratificacao.pdf\">Termo de Ratifica\u00e7\u00e3o<\/a><br \/>\n<a href=\"http:\/\/www.pratinha.mg.gov.br\/portal\/wp-content\/uploads\/2025\/09\/EXTRATO-DE-CONTRATO-2.pdf\">EXTRATO DE CONTRATO<\/a><\/td><td class=\"column-3\">CONTRATA\u00c7\u00c3O DE EMPRESA ESPECIALIZADA PARA RETIFICA DO MOTOR JVB-3C, EM ATENDIMENTO AS NECESSIDADES DO DEPARTAMENTO DE TRANSPORTES DO MUNICIPAL DE PRATINHA\/MG.<br \/>\nEXTRATO DE CONTRATO <\/td><td class=\"column-4\">PUBLICADO:08\/09\/2025<br \/>\nPUBLICADO: 11\/09\/2025<\/td><td class=\"column-5\"><\/td>\n<\/tr>\n<tr class=\"row-37\">\n\t<td class=\"column-1\">PROCESSO 118\/2025\u2013 DISPENSA DE LICITA\u00c7\u00c3O 053\/2025<\/td><td class=\"column-2\"><a href=\"http:\/\/www.pratinha.mg.gov.br\/portal\/wp-content\/uploads\/2025\/09\/AVISO-DE-CONTRATACAO-DIRETA-1.pdf\">AVISO DE CONTRATA\u00c7\u00c3O DIRETA<\/a><br \/>\n<a href=\"http:\/\/www.pratinha.mg.gov.br\/portal\/wp-content\/uploads\/2025\/09\/Ata-Sessao-Publica-Abertura-Julgamento-1.pdf\">Ata Sess\u00e3o P\u00fablica Abertura Julgamento<\/a><br \/>\n<a href=\"http:\/\/www.pratinha.mg.gov.br\/portal\/wp-content\/uploads\/2025\/09\/Ratificacao-do-processo.pdf\">Ratifica\u00e7\u00e3o do processo<\/a><br \/>\n<a href=\"http:\/\/www.pratinha.mg.gov.br\/portal\/wp-content\/uploads\/2025\/09\/EXTRATO-DE-CONTRATO_Assinado.pdf\">EXTRATO DE CONTRATO_Assinado<\/a><\/td><td class=\"column-3\">CONTRATA\u00c7\u00c3O DE SOLU\u00c7\u00c3O DE ANTIV\u00cdRUS CORPORATIVO PARA A REDE DE <br \/>\nCOMPUTADORES DA PREFEITURA MUNICIPAL DE PRATINHA\/MG.<br \/>\nATA DA SEESS\u00c3O <br \/>\nTERMO DE RATIFICA\u00c7\u00c3O <br \/>\nEXTRATO DE CONTRATO<\/td><td class=\"column-4\">PUBLICADO: 05\/09\/2025 DATA DO RECEBIMENTO DA (S) PROPOSTA (S): 05\/09\/2025 a partir das 17:00h. <br \/>\nLOCAL DO RECEBIMENTO DA (S) PROPOSTA (S): pratinhalicitacao@terra.com.br<br \/>\nDATA DA ANALISE DA (S) PROPOSTA (S): 11\/09\/2025 \u00e0s 09h00<br \/>\nPUBLICADO: 18\/09\/2025<br \/>\nPUBLICADO: 23\/09\/2025<\/td><td class=\"column-5\"><\/td>\n<\/tr>\n<tr class=\"row-38\">\n\t<td class=\"column-1\">PROCESSO 116\/2025\u2013 DISPENSA DE LICITA\u00c7\u00c3O 052\/2025<\/td><td class=\"column-2\"><a href=\"http:\/\/www.pratinha.mg.gov.br\/portal\/wp-content\/uploads\/2025\/09\/AVISO-DE-CONTRATACAO-DIRETA-2.pdf\">AVISO DE CONTRATA\u00c7\u00c3O DIRETA<\/a><br \/>\n<a href=\"http:\/\/www.pratinha.mg.gov.br\/portal\/wp-content\/uploads\/2025\/09\/Ata-Sessao-Publica-Abertura-Julgamento.pdf\">Ata Sess\u00e3o P\u00fablica Abertura Julgamento<\/a><br \/>\n<a href=\"http:\/\/www.pratinha.mg.gov.br\/portal\/wp-content\/uploads\/2025\/09\/Ratificacao-do-processo_Assinado-1.pdf\">Ratifica\u00e7\u00e3o do processo_Assinado<\/a><\/td><td class=\"column-3\">AQUISI\u00c7\u00c3O DE CORRIM\u00c3O, SUPORTES E CONTRATA\u00c7\u00c3O DE M\u00c3O DE OBRA PARA INSTALA\u00c7\u00c3O EM PISCINA DE HIDROGIN\u00c1STICA DO DEPARTAMENTO DE SA\u00daDE.<br \/>\nATA DA SESS\u00c3O <br \/>\nTERMO DE RATIFICA\u00c7\u00c3O <\/td><td class=\"column-4\">Publicado: 03\/09\/2025<br \/>\nDATA DO RECEBIMENTO DA (S) PROPOSTA (S): 03\/09\/2025 a partir das 17:00h. <br \/>\nLOCAL DO RECEBIMENTO DA (S) PROPOSTA (S): pratinhalicitacao@terra.com.br<br \/>\nDATA DA ANALISE DA (S) PROPOSTA (S): 09\/09\/2025 \u00e0s 09h00<br \/>\nPUBLICADO: 09\/09\/2025<br \/>\nPUBLICADO: 15\/09\/2025<\/td><td class=\"column-5\"><\/td>\n<\/tr>\n<tr class=\"row-39\">\n\t<td class=\"column-1\">DISPENSA DE LICITA\u00c7\u00c3O<\/td><td class=\"column-2\"><a href=\"http:\/\/www.pratinha.mg.gov.br\/portal\/wp-content\/uploads\/2025\/08\/TERMO-DE-RATIFICACAO_Assinado-1.pdf\">TERMO DE RATIFICA\u00c7\u00c3O_Assinado<\/a><\/td><td class=\"column-3\">TERMO DE RATIFICA\u00c7\u00c3O - OBJETO: CONTRATA\u00c7\u00c3O DE M\u00c3O DE OBRA MEC\u00c2NICA ESPECIALIZADA E AQUISI\u00c7\u00c3O DE PE\u00c7AS PARA REVIS\u00c3O DE GARANTIA DOS VE\u00cdCULOS: MOTOCICLETA JTZ\/NK 150 ANOS\/MODELOS 2024\/2025, CHASSI 99KJCK4PKSM124747, PLACA:  TDU4G38 E MOTOCICLETA JTZ\/NK150 ANO\/MODELO: 2024\/2025, CHASSI 99KJCK4PKSM124711, PLACA: TDU4G55 DO DEPARTAMENTO DE SA\u00daDE TFD. <br \/>\n <br \/>\n<\/td><td class=\"column-4\">PUBLICADO: 29\/08\/2025<\/td><td class=\"column-5\"><\/td>\n<\/tr>\n<tr class=\"row-40\">\n\t<td class=\"column-1\">DISPENSA DE LICITA\u00c7\u00c3O<\/td><td class=\"column-2\"><a href=\"http:\/\/www.pratinha.mg.gov.br\/portal\/wp-content\/uploads\/2025\/08\/TERMO-DE-RATIFICACAO_Assinado.pdf\">TERMO DE RATIFICA\u00c7\u00c3O_Assinado<\/a><\/td><td class=\"column-3\">CONTRATA\u00c7\u00c3O DE M\u00c3O DE OBRA MEC\u00c2NICA ESPECIALIZADA E AQUISI\u00c7\u00c3O DE PE\u00c7AS PARA A OITAVA REVIS\u00c3O DE GARANTIA DO VE\u00cdCULO CHEVROLET SPIN 1.8L AT LT7 MODELO: 2023\/2024 CHASSI 9BGJJ7520RB186694 PLACA; SJH-8F01 DO DEPARTAMENTO DE GABINETE DO PREFEITO <br \/>\n <br \/>\n<\/td><td class=\"column-4\">PUBLICADO: 26\/08\/2025<\/td><td class=\"column-5\"><\/td>\n<\/tr>\n<tr class=\"row-41\">\n\t<td class=\"column-1\">PROCESSO 115\/2025\u2013 DISPENSA DE LICITA\u00c7\u00c3O 051\/2025<\/td><td class=\"column-2\"><a href=\"http:\/\/www.pratinha.mg.gov.br\/portal\/wp-content\/uploads\/2025\/08\/AVISO-DE-CONTRATACAO-DIRETA-2.pdf\">AVISO DE CONTRATA\u00c7\u00c3O DIRETA<\/a><br \/>\n<a href=\"http:\/\/www.pratinha.mg.gov.br\/portal\/wp-content\/uploads\/2025\/08\/AVISO-de-recontagem-de-prazo.pdf\">AVISO de recontagem de prazo<\/a><br \/>\n<br \/>\n<a href=\"http:\/\/www.pratinha.mg.gov.br\/portal\/wp-content\/uploads\/2025\/08\/Ata-Sessao-Publica-Abertura-Julgamento-3.pdf\">Ata Sess\u00e3o P\u00fablica Abertura Julgamento<\/a><br \/>\n<a href=\"http:\/\/www.pratinha.mg.gov.br\/portal\/wp-content\/uploads\/2025\/09\/Ratificacao-do-processo_Assinado.pdf\">Ratifica\u00e7\u00e3o do processo_Assinado<\/a><\/td><td class=\"column-3\">CONTRATA\u00c7\u00c3O DE SERVI\u00c7OS ESPECIALIZADOS PARA LEVANTAMENTO DE EQUIPAMENTOS DE SEGURAN\u00c7A INCLUINDO CAMERAS, DVRS,CABOS DE REDE, MATERIAL ELETRICO E MAO DE OBRA NECESSARIA PARA INSTALA\u00c7\u00c3O DOS MESMOS NOS PREDIOS PUBLICOS: ESCOLA CORONEL NECA DE PAULA, CEMEI NEUZA OLIMPIA DOS REIS, DEPARTAMENTO DE EDUCA\u00c7\u00c3O E CULTURA,PREFEITURA MUNICIPAL,PATIO EXTERNO DA PREFEITURA MUNICIPAL, VELORIO MUNICIPAL, CEMITERIO MUNICIPAL, CLUBE SOCIAL JESUS GON\u00c7ALVES, POLIESPORTIVO MUNICIPAL, PARQUE DE EXPOSI\u00c7\u00d5ES ALVARO BORGES, NOVA UNIDADE DE SAUDE, CRAS FRANCELINA MARIA DE JESUS, CAP\u00c3O DA SEPULTURA E ECOPONTOS.<br \/>\nAVISO DE RECONTAGEM DE PRAZO <br \/>\nATA DA SESS\u00c3O <br \/>\nTERMO DE RATIFICA\u00c7\u00c3O<\/td><td class=\"column-4\">PUBLICADO: 18\/08\/2025<br \/>\nRecebimento das propostas: 18\/08\/2025 a partir das 17:00h.<br \/>\nDo encerramento do recebimento das propostas: 21\/08\/2025 \u00e0s 17:00h.<br \/>\nDo julgamento das propostas e habilita\u00e7\u00e3o do fornecedor vencedor: 22\/08\/2025 \u00e0s 09:00.<br \/>\nE-mail dispon\u00edvel para envio da proposta: pratinhalicitacao@terra.com.br<br \/>\nPUBLICADO: 19\/08\/2025<br \/>\nPUBLICADO: 26\/08\/2025<br \/>\nPUBLICADO: 01\/09\/2025<\/td><td class=\"column-5\"><\/td>\n<\/tr>\n<tr class=\"row-42\">\n\t<td class=\"column-1\">ROCESSO 113\/2025 DISPENSA DE LICITA\u00c7\u00c3O 050\/2025<\/td><td class=\"column-2\"><a href=\"http:\/\/www.pratinha.mg.gov.br\/portal\/wp-content\/uploads\/2025\/08\/AVISO-DE-CONTRATACAO-DIRETA-1.pdf\">AVISO DE CONTRATA\u00c7\u00c3O DIRETA<\/a><br \/>\n<a href=\"http:\/\/www.pratinha.mg.gov.br\/portal\/wp-content\/uploads\/2025\/08\/TERMO-DE-SUSPENSAO.pdf\">TERMO DE SUSPENS\u00c3O<\/a><br \/>\n<a href=\"http:\/\/www.pratinha.mg.gov.br\/portal\/wp-content\/uploads\/2025\/08\/TERMO-DE-REVOGACAO-_Assinado.pdf\">TERMO DE REVOGA\u00c7\u00c3O _Assinado<\/a><\/td><td class=\"column-3\">CONTRATA\u00c7\u00c3O DE SOLU\u00c7\u00c3O DE ANTIV\u00cdRUS CORPORATIVO KASPERSKY NEXT EDR FOUNDATIONS BRAZILIAN EDITION.25-49 PARA 01 ANO, PULIC SECTOR LICENSE CONFORME CONDI\u00c7\u00d5ES, QUANTIDADES E EXIG\u00caNCIAS ESTABELECIDAS NESTE TERMO DE REFERENCIA.<br \/>\n<br \/>\nTERMO DE SUSPENS\u00c3O<br \/>\n<br \/>\nTERMO DE REVOGA\u00c7\u00c3O <br \/>\n<\/td><td class=\"column-4\">DATA DO RECEBIMENTO DA (S) PROPOSTA (S): 14\/08\/2025 a partir das 17:00h. <br \/>\nLOCAL DO RECEBIMENTO DA (S) PROPOSTA (S): pratinhalicitacao@terra.com.br<br \/>\nDATA DA ANALISE DA (S) PROPOSTA (S): 21\/08\/2025 \u00e0s 09h00<br \/>\nPUBLICADO: 18\/08\/2025<br \/>\nPUBLICADO: 26\/08\/2025<\/td><td class=\"column-5\"><\/td>\n<\/tr>\n<tr class=\"row-43\">\n\t<td class=\"column-1\">PROCESSO N\u00ba 112\/2025<br \/>\nDISPENSA DE LICITA\u00c7\u00c3O N\u00ba 049\/2025<br \/>\n<\/td><td class=\"column-2\"><a href=\"http:\/\/www.pratinha.mg.gov.br\/portal\/wp-content\/uploads\/2025\/08\/AVISO-DE-CONTRATACAO-DIRETA-CRONOMETRAGEM-2.pdf\">AVISO DE CONTRATA\u00c7\u00c3O DIRETA CRONOMETRAGEM<\/a><br \/>\n<a href=\"http:\/\/www.pratinha.mg.gov.br\/portal\/wp-content\/uploads\/2025\/08\/Ata-Sessao-Publica-Abertura-Julgamento-1.pdf\">Ata Sess\u00e3o P\u00fablica Abertura Julgamento<\/a><br \/>\n<br \/>\n<a href=\"http:\/\/www.pratinha.mg.gov.br\/portal\/wp-content\/uploads\/2025\/08\/ATA-DE-RETIFICACAO-1.pdf\">ATA DE RETIFICA\u00c7\u00c3O<\/a><br \/>\n<br \/>\n<a href=\"http:\/\/www.pratinha.mg.gov.br\/portal\/wp-content\/uploads\/2025\/08\/Ratificacao-do-processo-assinado.pdf\">Ratifica\u00e7\u00e3o do processo assinado<\/a><br \/>\n<a href=\"http:\/\/www.pratinha.mg.gov.br\/portal\/wp-content\/uploads\/2025\/08\/EXTRATO-DE-CONTRATO_Assinado-3.pdf\">EXTRATO DE CONTRATO_Assinado<\/a><\/td><td class=\"column-3\">CONTRATA\u00c7\u00c3O DE SERVI\u00c7OS ESPECIALIZADOS PARA PROMO\u00c7\u00c3O DA 1\u00aa CORRIDA DE RUA DE PRATINHA-MG, EVENTO DENOMINADO \u201cPRATINHA RUNNERS\u201d, INCLUINDO REGISTRO DE INSCRI\u00c7\u00d5ES, CRONOMETRAGEM ESPORTIVA, UTILIZA\u00c7\u00c3O TECNOLOGIA COM CHIP, APURA\u00c7\u00c3O DE RESULTADOS EM TEMPO REAL E DISPONIBILIZA\u00c7\u00c3O DE RELATORIOS DE CLASSIFICA\u00c7\u00c3O, POR CATEGORIA E PERFORMANCE INDIVIDUAL.<br \/>\nATA DA SESS\u00c3O <br \/>\nTERMO DE RATIFICA\u00c7\u00c3O<br \/>\nATA DE RETIFICA\u00c7\u00c3O<br \/>\nEXTRATO DE CONTRATO <\/td><td class=\"column-4\">\u2022 LIMITE ACOLHIMENTO DAS PROPOSTAS COMERCIAIS:<br \/>\nDia 19\/08\/2025 \u00e0s 17h00min (dezessete horas).<br \/>\n\u2022 ABERTURA DAS PROPOSTAS COMERCIAIS:<br \/>\nDia 20\/08\/2025 \u00e0s 09h00min (nove horas).<br \/>\nPUBLICADO: 21\/08\/2025<br \/>\nPUBLICADO: 26\/08\/2025<br \/>\nPUBLICADO: 29\/08\/2025<\/td><td class=\"column-5\"><\/td>\n<\/tr>\n<tr class=\"row-44\">\n\t<td class=\"column-1\">PROCESSO 111\/2025\u2013 DISPENSA DE LICITA\u00c7\u00c3O 048\/2025<\/td><td class=\"column-2\"><a href=\"http:\/\/www.pratinha.mg.gov.br\/portal\/wp-content\/uploads\/2025\/08\/EDITAL-1.pdf\">EDITAL<\/a><br \/>\n<a href=\"http:\/\/www.pratinha.mg.gov.br\/portal\/wp-content\/uploads\/2025\/08\/Ata-Sessao-Publica-Abertura-Julgamento.pdf\">Ata Sess\u00e3o P\u00fablica Abertura Julgamento<\/a><br \/>\n<a href=\"http:\/\/www.pratinha.mg.gov.br\/portal\/wp-content\/uploads\/2025\/08\/Ratificacao-do-processo_Assinado.pdf\">Ratifica\u00e7\u00e3o do processo_Assinado<\/a><br \/>\n<a href=\"http:\/\/www.pratinha.mg.gov.br\/portal\/wp-content\/uploads\/2025\/08\/EXTRATO-DE-CONTRATO_Assinado.pdf\">EXTRATO DE CONTRATO_Assinado<\/a><br \/>\n<br \/>\n<a href=\"http:\/\/www.pratinha.mg.gov.br\/portal\/wp-content\/uploads\/2026\/02\/EXTRATO-DE-ADITIVO-DE-CONTRATO-2.pdf\">EXTRATO DE ADITIVO DE CONTRATO<\/a><\/td><td class=\"column-3\">AQUISI\u00c7\u00c3O DE MASSA ASFALTICA PARA OPERA\u00c7\u00d5ES E TAPA BURACO NO MUNIC\u00cdPIO DE PRATINHA\/MG A SER REALIZADO PELO DEPARTAMENTO.<br \/>\nATA DA REALIZA\u00c7\u00c3O DO CERTAME <br \/>\nTERMO DE RATIFICA\u00c7\u00c3O<br \/>\nEXTRATO DE CONTRATO<br \/>\nEXTRATO DE ADITIVO <\/td><td class=\"column-4\">PUBLICADO: 08\/08\/2025<br \/>\nRecebimento das propostas: 08\/08\/2025 a partir das 17:00h.<br \/>\nDo encerramento do recebimento das propostas: 14\/08\/2025 \u00e0s 17:00h.<br \/>\nDo julgamento das propostas e habilita\u00e7\u00e3o do fornecedor vencedor: 18\/08\/2025 \u00e0s 09:00.<br \/>\nPUBLICADO: 18\/08\/2025<br \/>\nPUBLICADO: 25\/08\/2025<br \/>\nPUBLICADO:24\/02\/2026<\/td><td class=\"column-5\">ADITADO O QUANTITATIVO EM 25% SENDO A QUANTIDADE INICIAL DE 400 SACOS COM O ADITAMNETO PASSANDO PARA 500 SACOS<\/td>\n<\/tr>\n<tr class=\"row-45\">\n\t<td class=\"column-1\">DISPENSA DE LICITA\u00c7\u00c3O 047\/2025<br \/>\nPROCESSO 110\/2025<\/td><td class=\"column-2\"><a href=\"http:\/\/www.pratinha.mg.gov.br\/portal\/wp-content\/uploads\/2025\/08\/EDITAL-DE-DISPENSA-1.pdf\">EDITAL DE DISPENSA<\/a><br \/>\n<a href=\"http:\/\/www.pratinha.mg.gov.br\/portal\/wp-content\/uploads\/2025\/08\/LICITANET-ATA-DE-REALIZACAO-DA-DISPENSA-ELETRONICA.pdf\">LICITANET - ATA DE REALIZA\u00c7\u00c3O DA DISPENSA ELETR\u00d4NICA<\/a><br \/>\n<a href=\"http:\/\/www.pratinha.mg.gov.br\/portal\/wp-content\/uploads\/2025\/08\/Ratificacao-do-processo_Assinado-1.pdf\">Ratifica\u00e7\u00e3o do processo_Assinado<\/a><br \/>\n<a href=\"http:\/\/www.pratinha.mg.gov.br\/portal\/wp-content\/uploads\/2025\/08\/EXTRATO-DE-CONTRATO_Assinado-2.pdf\">EXTRATO DE CONTRATO_Assinado<\/a><br \/>\n<a href=\"http:\/\/www.pratinha.mg.gov.br\/portal\/wp-content\/uploads\/2025\/09\/EXTRATO-DE-CONTRATO_Assinado_1.pdf\">EXTRATO DE CONTRATO_Assinado_1<\/a><\/td><td class=\"column-3\">CONTRATA\u00c7\u00c3O DE TECNICO ESPECIALIZADO EM REFRIGERA\u00c7\u00c3O PARA SERVI\u00c7OS DE, INSTALA\u00c7\u00c3O, DESINSTALA\u00c7\u00c3O E MANUTEN\u00c7\u00c3O PREVENTIVA E CORRETIVA DE AR CONDICIONADO, GELADEIRAS E FREEZERS. <br \/>\nATA DA SESS\u00c3O <br \/>\nTERMO DE RATIFICA\u00c7\u00c3O<br \/>\nEXTRATO DE CONTRATO <br \/>\nRETIFICA\u00c7\u00c3O AO EXTRATO DE CONTRATO<\/td><td class=\"column-4\">PUBLICADO: 08\/08\/2025<br \/>\nDATA DO RECEBIMENTO DA(S) PROPOSTA(S)<br \/>\n A partir da publica\u00e7\u00e3o, ou seja, dia 08\/08\/2025, a partir das 17:00 horas.<br \/>\n<br \/>\nLOCAL DO RECEBIMENTO DA(S) PROPOSTA(S)<br \/>\nwww.licitanet.com.br<br \/>\n<br \/>\nDATA DA ANALISE DA(S) PROPOSTA(S)<br \/>\n14\/08\/2025 \u00e0s 08:00 horas (Hor\u00e1rio de Bras\u00edlia - DF).<br \/>\nPUBLICADO: 18\/08\/2025<br \/>\nPUBLICADO: 25\/08\/2025<br \/>\nPUBLICADO: 26\/08\/2025<br \/>\nPUBLICADO: 01\/09\/2025<\/td><td class=\"column-5\"><\/td>\n<\/tr>\n<tr class=\"row-46\">\n\t<td class=\"column-1\">DISPENSA DE LICITA\u00c7\u00c3O<\/td><td class=\"column-2\"><a href=\"http:\/\/www.pratinha.mg.gov.br\/portal\/wp-content\/uploads\/2025\/08\/TERMO-DE-RATIFICACAO-1.pdf\">TERMO DE RATIFICA\u00c7\u00c3O<\/a><\/td><td class=\"column-3\">A PRESTA\u00c7\u00c3O DE SERVI\u00c7OS, NA CONCESSIONARIA AUTORIZADA, PARA A QUARTA REVIS\u00c3O DE GARANTIA DO VE\u00cdCULO CHEVROLET SPIN 1.8L ATLT7 COM A PLACA TCL-6A51 DO DEPARTAMENTO DE GABINETE DO PREFEITO.<\/td><td class=\"column-4\">PUBLICADO: 06\/08\/2025<\/td><td class=\"column-5\"><\/td>\n<\/tr>\n<tr class=\"row-47\">\n\t<td class=\"column-1\">DISPENSA DE LICITA\u00c7\u00c3O<\/td><td class=\"column-2\"><a href=\"http:\/\/www.pratinha.mg.gov.br\/portal\/wp-content\/uploads\/2025\/08\/TERMO-DE-RATIFICACAO.pdf\">TERMO DE RATIFICA\u00c7\u00c3O<\/a><\/td><td class=\"column-3\">A CONTRATA\u00c7\u00c3O DE EMPRESA ESPECIALIZADA PARA PRESTA\u00c7\u00c3O DE SERVI\u00c7OS DE DOSIMETRIA DE RADIA\u00c7\u00c3O IONIZANTE. <br \/>\n <br \/>\n<\/td><td class=\"column-4\">PUBLICADO: 06\/08\/2025<\/td><td class=\"column-5\"><\/td>\n<\/tr>\n<tr class=\"row-48\">\n\t<td class=\"column-1\"> DISPENSA DE LICITA\u00c7\u00c3O 046\/2025<br \/>\nPROCESSO 104\/2025<\/td><td class=\"column-2\"><a href=\"http:\/\/www.pratinha.mg.gov.br\/portal\/wp-content\/uploads\/2025\/07\/AVISO-DE-CONTRATACAO-DIRETA-2.pdf\">AVISO DE CONTRATA\u00c7\u00c3O DIRETA<\/a><br \/>\n<a href=\"http:\/\/www.pratinha.mg.gov.br\/portal\/wp-content\/uploads\/2025\/07\/Ata-Sessao-Publica-Abertura-Julgamento-5.pdf\">Ata Sess\u00e3o P\u00fablica Abertura Julgamento<\/a><br \/>\n<br \/>\n<a href=\"http:\/\/www.pratinha.mg.gov.br\/portal\/wp-content\/uploads\/2025\/07\/Ratificacao-do-processo_Assinado.pdf\">Ratifica\u00e7\u00e3o do processo_Assinado<\/a><a href=\"http:\/\/www.pratinha.mg.gov.br\/portal\/wp-content\/uploads\/2025\/08\/2a-ATA-DA-SESSAO.pdf\">2\u00aa ATA DA SESS\u00c3O<\/a><br \/>\n<a href=\"http:\/\/www.pratinha.mg.gov.br\/portal\/wp-content\/uploads\/2025\/08\/cancelamento-da-publicacao_Assinado.pdf\">cancelamento da publica\u00e7\u00e3o_Assinado<\/a><br \/>\n<a href=\"http:\/\/www.pratinha.mg.gov.br\/portal\/wp-content\/uploads\/2025\/08\/Ratificacao-do-processo_Assinado_1.pdf\">Ratifica\u00e7\u00e3o do processo_Assinado_1<\/a><a href=\"http:\/\/www.pratinha.mg.gov.br\/portal\/wp-content\/uploads\/2025\/08\/JULGAMENTO-DO-RECURSO-Copiar.pdf\">JULGAMENTO DO RECURSO-Copiar<\/a><\/td><td class=\"column-3\">AQUISI\u00c7\u00c3O DE FONES DE OUVIDO TIPO HEADSET E WEBCAM, PARA DIVERSOS DEPARTAMENTOS DA PREFEITURA MUNICIPAL.<br \/>\n<br \/>\nATA DA SESS\u00c3O <br \/>\nTERMO DE RATIFICA\u00c7\u00c3O<br \/>\n2\u00b0 ATA DA SESS\u00c3O<br \/>\nCANCELAMENTO DA PUBLICA\u00c7\u00c3O<br \/>\nTERMO DE RATIFICA\u00c7\u00c3O<\/td><td class=\"column-4\">PUBLICADO: 25\/07\/2025<br \/>\nDATA DO RECEBIMENTO DA (S) PROPOSTA (S): 25\/07\/2025 a partir das 17:00h. <br \/>\nLOCAL DO RECEBIMENTO DA (S) PROPOSTA (S): pratinhalicitacao@terra.com.br<br \/>\nDATA DA ANALISE DA (S) PROPOSTA (S): 31\/07\/2025 \u00e0s 09h00<br \/>\nPUBLICADO: 31\/07\/2025<br \/>\nPUBLICADO: 12\/08\/2025<br \/>\nPUBLICADO: 13\/08\/2025<\/td><td class=\"column-5\"><\/td>\n<\/tr>\n<tr class=\"row-49\">\n\t<td class=\"column-1\">DISPENSA DE LICITA\u00c7\u00c3O<\/td><td class=\"column-2\"><a href=\"http:\/\/www.pratinha.mg.gov.br\/portal\/wp-content\/uploads\/2025\/07\/TERMO-DE-RATIFICACAO-3.pdf\">TERMO DE RATIFICA\u00c7\u00c3O<\/a><\/td><td class=\"column-3\">TERMO DE RATIFICA\u00c7\u00c3O <br \/>\nM\u00c3O DE OBRA MEC\u00c2NICA EM CONCESSIONARIA AUTORIZADA, PARA 2\u00b0 REVIS\u00c3O DE GARANTIA DAS MOTOS DA SA\u00daDE<\/td><td class=\"column-4\">PUBLICADO: 22\/07\/2025<\/td><td class=\"column-5\"><\/td>\n<\/tr>\n<tr class=\"row-50\">\n\t<td class=\"column-1\">DISPENSA DE LICITA\u00c7\u00c3O <\/td><td class=\"column-2\"><a href=\"http:\/\/www.pratinha.mg.gov.br\/portal\/wp-content\/uploads\/2025\/07\/TERMO-DE-RATIFICACAO-2.pdf\">TERMO DE RATIFICA\u00c7\u00c3O<\/a><\/td><td class=\"column-3\">AQUISI\u00c7\u00d5ES DE PE\u00c7AS, NA CONCESSIONARIA AUTORIZADA, PARA A S\u00c9TIMA REVIS\u00c3O DE GARANTIA DO VE\u00cdCULO CHEVROLEY SPIN 18L AT LT7; MODELO: 2023\/2024; CHASSI: 9BGJJ7520RB186694; PLACA SJH-8F01 DO DEPARTAMENTO DE GABINETE DO PREFEITO<\/td><td class=\"column-4\">PUBLICADO: 16\/07\/2025<\/td><td class=\"column-5\"><\/td>\n<\/tr>\n<tr class=\"row-51\">\n\t<td class=\"column-1\">PROCESSO N\u00ba 100\/2025<br \/>\nDISPENSA ELETRONICA N\u00ba 045\/2025<\/td><td class=\"column-2\"><a href=\"http:\/\/www.pratinha.mg.gov.br\/portal\/wp-content\/uploads\/2025\/07\/AVISO-DE-DISPENSA-DE-LICITACAO-1.pdf\">AVISO DE DISPENSA DE LICITA\u00c7\u00c3O<\/a><br \/>\n<a href=\"http:\/\/www.pratinha.mg.gov.br\/portal\/wp-content\/uploads\/2025\/07\/LICITANET-ATA-DE-REALIZACAO-DA-DISPENSA-ELETRONICA-3.pdf\">LICITANET - ATA DE REALIZA\u00c7\u00c3O DA DISPENSA ELETR\u00d4NICA<\/a><br \/>\n<a href=\"http:\/\/www.pratinha.mg.gov.br\/portal\/wp-content\/uploads\/2025\/07\/Ratificacao-do-processo-8.pdf\">Ratifica\u00e7\u00e3o do processo<\/a><\/td><td class=\"column-3\">CONTRATA\u00c7\u00c3O DE SERVI\u00c7OS ESPECIALIZADOS PARA A PRODU\u00c7\u00c3O E FORNECIMENTO DE TROF\u00c9US, MEDALHAS E COPOS PERSONALIZADOS, DESTINADOS \u00c0 PREMIA\u00c7\u00c3O DOS PARTICIPANTES DE DOIS EVENTOS INSTITUCIONAIS PROMOVIDOS PELO DEPARTAMENTO DE EDUCA\u00c7\u00c3O E CULTURA E DEPARTAMENTO DE ESPORTE DO MUNIC\u00cdPIO DE PRATINHA\/MG<br \/>\nATA DA SESS\u00c3O <br \/>\n<br \/>\nTERMO DE RATIFICA\u00c7\u00c3O<\/td><td class=\"column-4\">UBLICADO: 15\/072025 Recebimento das propostas: A partir da publica\u00e7\u00e3o, dia 15\/07\/2025, a partir das 17:00 horas.<br \/>\n<br \/>\nIn\u00edcio da sess\u00e3o de disputa de pre\u00e7os: 21\/07\/2025 \u00e0s 09:00 horas <br \/>\nPUBLICADO: 22\/07\/2025<\/td><td class=\"column-5\"><\/td>\n<\/tr>\n<tr class=\"row-52\">\n\t<td class=\"column-1\">PROCESSO N\u00ba 099\/2025<br \/>\nDISPENSA ELETRONICA N\u00ba 044\/2025<br \/>\n<\/td><td class=\"column-2\"><a href=\"http:\/\/www.pratinha.mg.gov.br\/portal\/wp-content\/uploads\/2025\/07\/AVISO-DE-DISPENSA-DE-LICITACAO.pdf\">AVISO DE DISPENSA DE LICITA\u00c7\u00c3O<\/a><br \/>\n<a href=\"http:\/\/www.pratinha.mg.gov.br\/portal\/wp-content\/uploads\/2025\/07\/LICITANET-ATA-DE-REALIZACAO-DA-DISPENSA-ELETRONICA-2.pdf\">LICITANET - ATA DE REALIZA\u00c7\u00c3O DA DISPENSA ELETR\u00d4NICA<\/a><br \/>\n<a href=\"http:\/\/www.pratinha.mg.gov.br\/portal\/wp-content\/uploads\/2025\/07\/Ratificacao-do-processo-10.pdf\">Ratifica\u00e7\u00e3o do processo<\/a><br \/>\n<a href=\"http:\/\/www.pratinha.mg.gov.br\/portal\/wp-content\/uploads\/2025\/07\/EXTRATO-DE-CONTRATO-7.pdf\">EXTRATO DE CONTRATO<\/a><\/td><td class=\"column-3\">CONTRATA\u00c7\u00c3O D E SERVI\u00c7OS DE ARBITRAGEM PARA JOGOS DE FUTEBOL DE CAMPO E FUTSAL, DURANTE A REALIZA\u00c7\u00c3O DE CAMPEONATOS ORGANIZADOS PELO DEPARTAMENTO DE TURISMO E ESPORTE<br \/>\nATA DA SESS\u00c3O<br \/>\nTERMO DE RATIFICA\u00c7\u00c3O<br \/>\nEXTRATO DE CONTRATO<\/td><td class=\"column-4\">PUBLICADO: 14\/072025 Recebimento das propostas: A partir da publica\u00e7\u00e3o, dia 14\/07\/2025, a partir das 17:00 horas.<br \/>\n<br \/>\nIn\u00edcio da sess\u00e3o de disputa de pre\u00e7os: 18\/07\/2025 \u00e0s 09:00 horas <br \/>\nPUBLICADO: 21\/07\/2025<br \/>\nPUBLICADO: 22\/07\/2025<br \/>\nPUBLICADO: 23\/07\/2025<\/td><td class=\"column-5\"><\/td>\n<\/tr>\n<tr class=\"row-53\">\n\t<td class=\"column-1\">PROCESSO 093\/2025<br \/>\nDISPENSA ELETRONICA N\u00ba 041\/2025<br \/>\n<\/td><td class=\"column-2\"><a href=\"http:\/\/www.pratinha.mg.gov.br\/portal\/wp-content\/uploads\/2025\/07\/AVISO-DE-CONTRATACAO-DIRETA-IMPRESSORAS.pdf\">AVISO DE CONTRATA\u00c7\u00c3O DIRETA (IMPRESSORAS)<\/a><br \/>\n<a href=\"http:\/\/www.pratinha.mg.gov.br\/portal\/wp-content\/uploads\/2025\/07\/LICITANET-ATA-DE-REALIZACAO-DA-DISPENSA-ELETRONICA-1.pdf\">LICITANET - ATA DE REALIZA\u00c7\u00c3O DA DISPENSA ELETR\u00d4NICA<\/a><br \/>\n<a href=\"http:\/\/www.pratinha.mg.gov.br\/portal\/wp-content\/uploads\/2025\/07\/Ratificacao-do-processo-7.pdf\">Ratifica\u00e7\u00e3o do processo<\/a><\/td><td class=\"column-3\">AQUISI\u00c7\u00c3O DE IMPRESSORAS PARA ATENDER \u00c0S DEMANDAS ADMINISTRATIVAS E PEDAG\u00d3GICAS DA ESCOLA MUNICIPAL CORONEL NECA DE PAULA E DO CEMEI NEUZA OL\u00cdMPIA DOS REIS E PARA O DEPARTAMENTO DE ASSISTENCIA SOCIAL.<br \/>\n<br \/>\nATA DA SESS\u00c3O<br \/>\nTERMO DE RATIFICA\u00c7\u00c3O<\/td><td class=\"column-4\">\u2022 IN\u00cdCIO ACOLHIMENTO DAS PROPOSTAS COMERCIAIS:<br \/>\nDia 11\/07\/2025 a partir das 17h00min (dezessete horas).<br \/>\n\u2022 LIMITE ACOLHIMENTO DAS PROPOSTAS COMERCIAIS:<br \/>\nDia 17\/07\/2025 \u00e0s 09h00min (dezessete horas).<br \/>\n\u2022 ABERTURA DAS PROPOSTAS COMERCIAIS:<br \/>\nDia 17\/07\/2025 \u00e0s 09h00min (nove horas).<br \/>\nSITE PARA REALIZA\u00c7\u00c3O DO PREG\u00c3O: www.licitanet.com.br <br \/>\n<br \/>\nPUBLICADO: 18\/07\/2025<br \/>\nPUBLICADO: 22\/07\/2025<\/td><td class=\"column-5\"><\/td>\n<\/tr>\n<tr class=\"row-54\">\n\t<td class=\"column-1\">PROCESSO N\u00ba098\/2025<br \/>\nDISPENSA DE LICITA\u00c7\u00c3O N\u00ba 043\/2025<br \/>\n<\/td><td class=\"column-2\"><a href=\"http:\/\/www.pratinha.mg.gov.br\/portal\/wp-content\/uploads\/2025\/07\/AVISO-DE-CONTRATACAO-DIRETA-1.pdf\">AVISO DE CONTRATA\u00c7\u00c3O DIRETA<\/a><br \/>\n<a href=\"http:\/\/www.pratinha.mg.gov.br\/portal\/wp-content\/uploads\/2025\/07\/Ata-Sessao-Publica-Abertura-Julgamento-3.pdf\">Ata Sess\u00e3o P\u00fablica Abertura Julgamento<\/a><br \/>\n<a href=\"http:\/\/www.pratinha.mg.gov.br\/portal\/wp-content\/uploads\/2025\/07\/Ratificacao-do-processo-5.pdf\">Ratifica\u00e7\u00e3o do processo<\/a><\/td><td class=\"column-3\">AQUISI\u00c7\u00c3O DE RO\u00c7ADEIRAS PROFISSIONAIS E DEMAIS ITENS PARA O SEU MELHOR FUNCIONAMENTO PARA SERVI\u00c7OS DE CORTE E PODAS DE GRAMADOS NO MUNIC\u00cdPIO DE PRATINHA\/MG A SER REALIZADO PELO DEPARTAMENTO.<br \/>\nATA DA SESS\u00c3O<br \/>\nTERMO DE RATIFICA\u00c7\u00c3O<\/td><td class=\"column-4\">\u2022 IN\u00cdCIO ACOLHIMENTO DAS PROPOSTAS COMERCIAIS:<br \/>\nDia 10\/07\/2025 a partir das 17h00min (dezessete horas).<br \/>\n\u2022 LIMITE ACOLHIMENTO DAS PROPOSTAS COMERCIAIS:<br \/>\nDia 15\/07\/2025 \u00e0s 17h00min (dezessete horas).<br \/>\n\u2022 ABERTURA DAS PROPOSTAS COMERCIAIS:<br \/>\nDia 16\/07\/2025 \u00e0s 09h00min (nove horas).<br \/>\nPUBLICADO: 18\/07\/2025<br \/>\nPUBLICADO: 21\/07\/2025<\/td><td class=\"column-5\"><\/td>\n<\/tr>\n<tr class=\"row-55\">\n\t<td class=\"column-1\">PROCESSO N\u00ba 092\/2025<br \/>\nDISPENSA ELETRONICA N\u00ba 040\/2025<br \/>\n<\/td><td class=\"column-2\"><a href=\"http:\/\/www.pratinha.mg.gov.br\/portal\/wp-content\/uploads\/2025\/07\/EDITAL.pdf\">EDITAL<\/a><br \/>\n<a href=\"http:\/\/www.pratinha.mg.gov.br\/portal\/wp-content\/uploads\/2025\/07\/LICITANET-ATA-DE-REALIZACAO-DA-DISPENSA-ELETRONICA.pdf\">LICITANET - ATA DE REALIZA\u00c7\u00c3O DA DISPENSA ELETR\u00d4NICA<\/a><br \/>\n<a href=\"http:\/\/www.pratinha.mg.gov.br\/portal\/wp-content\/uploads\/2025\/07\/Ratificacao-do-processo-6.pdf\">Ratifica\u00e7\u00e3o do processo<\/a><br \/>\n<a href=\"http:\/\/www.pratinha.mg.gov.br\/portal\/wp-content\/uploads\/2025\/07\/EXTRATO-DE-CONTRATO-5.pdf\">EXTRATO DE CONTRATO<\/a><\/td><td class=\"column-3\">CONTRATA\u00c7\u00c3O DE SERVI\u00c7O ESPECIALIZADO EM MANUTEN\u00c7\u00c3O PREVENTIVA E CORRETIVA DE PO\u00c7OS ARTESIANOS.<br \/>\n<br \/>\nATA DA SESS\u00c3O<br \/>\n<br \/>\nTERMO DE RATIFICA\u00c7\u00c3O<br \/>\nEXTRATO DO CONTRATO N\u00b0 074\/2025<\/td><td class=\"column-4\">Recebimento das propostas:  dia 07\/07\/2025, a partir das 17:00 horas.<br \/>\n<br \/>\nIn\u00edcio da sess\u00e3o de disputa de pre\u00e7os: 11\/07\/2025 \u00e0s 09:00 horas <br \/>\nPUBLICADO:15\/07\/2025<br \/>\nPUBLICADO: 22\/07\/2025<\/td><td class=\"column-5\"><\/td>\n<\/tr>\n<tr class=\"row-56\">\n\t<td class=\"column-1\">PROCESSO N\u00ba030\/2021<br \/>\nINEXIGIBILIDADE 01\/2021<\/td><td class=\"column-2\"><a href=\"http:\/\/www.pratinha.mg.gov.br\/portal\/wp-content\/uploads\/2025\/07\/EXTRATO-DE-ADITIVO-DE-CONTRATO.pdf\">EXTRATO DE ADITIVO DE CONTRATO<\/a><\/td><td class=\"column-3\">EXTRATO DE ADITIVO<\/td><td class=\"column-4\">PUBLICADO:04\/07\/2025<\/td><td class=\"column-5\"><\/td>\n<\/tr>\n<tr class=\"row-57\">\n\t<td class=\"column-1\">DISPENSA DE LICITA\u00c7\u00c3O <\/td><td class=\"column-2\"><a href=\"http:\/\/www.pratinha.mg.gov.br\/portal\/wp-content\/uploads\/2025\/07\/TERMO-DE-RATIFICACAO.pdf\">TERMO DE RATIFICA\u00c7\u00c3O<\/a><\/td><td class=\"column-3\">SERVI\u00c7OS DE MANUTEN\u00c7\u00c3O DE MOTOR ELETRICO DOSEGUNDO CONJUNTO DE EQUIPAMENTOS DO SISTRMA DE CAPTA\u00c7\u00c3O DE AGUA DA CACHOEIRINHA. <\/td><td class=\"column-4\">PUBLICADO: 02\/07\/2025<\/td><td class=\"column-5\"><\/td>\n<\/tr>\n<tr class=\"row-58\">\n\t<td class=\"column-1\">PROCESSO N\u00ba096\/2025<br \/>\nDISPENSA DE LICITA\u00c7\u00c3O N\u00ba 042\/2025<br \/>\n<\/td><td class=\"column-2\"><a href=\"http:\/\/www.pratinha.mg.gov.br\/portal\/wp-content\/uploads\/2025\/07\/AVISO-DE-CONTRATACAO-DIRETA.pdf\">AVISO DE CONTRATA\u00c7\u00c3O DIRETA<\/a><br \/>\n<a href=\"http:\/\/www.pratinha.mg.gov.br\/portal\/wp-content\/uploads\/2025\/07\/Ata-Sessao-Publica-Abertura-Julgamento-2.pdf\">Ata Sess\u00e3o P\u00fablica Abertura Julgamento<\/a><br \/>\n<br \/>\n<a href=\"http:\/\/www.pratinha.mg.gov.br\/portal\/wp-content\/uploads\/2025\/07\/Ratificacao-do-processo-3.pdf\">Ratifica\u00e7\u00e3o do processo<\/a><br \/>\n<a href=\"http:\/\/www.pratinha.mg.gov.br\/portal\/wp-content\/uploads\/2025\/07\/TERMO-DE-ANULACAO.pdf\">TERMO DE ANULA\u00c7\u00c2O<\/a><\/td><td class=\"column-3\">CONTRATA\u00c7\u00c3O DE SERVI\u00c7OS ESPECIALIZADOS PARA A DECORA\u00c7\u00c3O E ORGANIZA\u00c7\u00c3O DO ARRAI\u00c1 DO SOCIAL SENDO UMA CONFRATERNIZA\u00c7\u00c3O DOS GRUPOS DE SERVI\u00c7O DE CONIV\u00caNCIA E FAM\u00cdLIAS ACOMPANHADAS PELO PAIF. INCLUINDO TODOS OS MATERIAIS NECESS\u00c1RIOS PARA A DECORA\u00c7\u00c3O E A ORGANIZA\u00c7\u00c3O.<br \/>\n<br \/>\nATA DA SESS\u00c3O<br \/>\nTERMO DE RATIFICA\u00c7\u00c3O<br \/>\nTERMO DE ANULA\u00c7\u00c3O<\/td><td class=\"column-4\">\u2022 IN\u00cdCIO ACOLHIMENTO DAS PROPOSTAS COMERCIAIS:<br \/>\nDia 01\/07\/2025 a partir das 17h00min (dezessete horas).<br \/>\n\u2022 LIMITE ACOLHIMENTO DAS PROPOSTAS COMERCIAIS:<br \/>\nDia 04\/07\/2025 \u00e0s 17h00min (dezessete horas).<br \/>\n\u2022 ABERTURA DAS PROPOSTAS COMERCIAIS:<br \/>\nDia 07\/07\/2025 \u00e0s 09h00min (nove horas).<br \/>\nPUBLICADO: 08\/07\/2025<br \/>\nPUBLICADO: 14\/07\/2025<\/td><td class=\"column-5\"><\/td>\n<\/tr>\n<tr class=\"row-59\">\n\t<td class=\"column-1\">PROCESSO ADMINISTRATIVO N\u00ba 091\/2025<br \/>\nDISPENSA DE LICITA\u00c7\u00c3O N\u00ba 039\/2025<br \/>\n<\/td><td class=\"column-2\"><a href=\"http:\/\/www.pratinha.mg.gov.br\/portal\/wp-content\/uploads\/2025\/06\/Termo-de-Ratificacao.pdf\">Termo de Ratifica\u00e7\u00e3o<\/a><br \/>\n<a href=\"http:\/\/www.pratinha.mg.gov.br\/portal\/wp-content\/uploads\/2025\/07\/Retificacao-ao-Termo-de-Ratificacao.pdf\">Retifica\u00e7\u00e3o ao Termo de Ratifica\u00e7\u00e3o<\/a><br \/>\n<a href=\"http:\/\/www.pratinha.mg.gov.br\/portal\/wp-content\/uploads\/2025\/07\/EXTRATO-DE-CONTRATO-2.pdf\">EXTRATO DE CONTRATO<\/a><\/td><td class=\"column-3\">CONTRATA\u00c7\u00c3O DO CIMINAS ATRAV\u00c9S DO PROCESSO N\u00ba 012\/2025, CREDENCIAMENTO N\u00ba 005\/2025. CREDENCIAMENTO DE EMPRESAS ESPECIALIZADAS PARA PRESTA\u00c7\u00c3O DE SERVI\u00c7OS DE ATESTADO M\u00c9DICO PERI\u00d3DICO, CONSULTAS DE MEDICINA DO TRABALHO - CONSORCIO INTERFEDERATIVO DE MINAS GERAIS, EM ATENDIMENTO AS NECESSIDADES DO DEPARTAMENTO DE ADMINISTRA\u00c7\u00c3O DE PRATINHA\/MG.<br \/>\nRETIFICA\u00c7\u00c3O AO TERMO DE RATIFICA\u00c7\u00c3O<br \/>\n<br \/>\nEXTRATO DE CONTRATO N\u00b0070\/2025<\/td><td class=\"column-4\">PUBLICADO: 25\/06\/2025<br \/>\nPUBLICADO07\/07\/2025<br \/>\nPUBLICADO: 08\/07\/2025<\/td><td class=\"column-5\"><\/td>\n<\/tr>\n<tr class=\"row-60\">\n\t<td class=\"column-1\">PROCESSO 088\/2025\u2013 DISPENSA DE LICITA\u00c7\u00c3O 038\/2025<\/td><td class=\"column-2\"><a href=\"http:\/\/www.pratinha.mg.gov.br\/portal\/wp-content\/uploads\/2025\/06\/AVISO-DE-CONTRATACAO-DIRETA.pdf\">AVISO DE CONTRATA\u00c7\u00c3O DIRETA<\/a><br \/>\n<a href=\"http:\/\/www.pratinha.mg.gov.br\/portal\/wp-content\/uploads\/2025\/06\/Ata-Sessao-Publica-Abertura-Julgamento-3.pdf\">Ata Sess\u00e3o P\u00fablica Abertura Julgamento<\/a><br \/>\n<br \/>\n<a href=\"http:\/\/www.pratinha.mg.gov.br\/portal\/wp-content\/uploads\/2025\/06\/Ratificacao-do-processo-4.pdf\">Ratifica\u00e7\u00e3o do processo<\/a><br \/>\n<a href=\"http:\/\/www.pratinha.mg.gov.br\/portal\/wp-content\/uploads\/2025\/07\/EXTRATO-DE-EMPENHO-3283.pdf\">EXTRATO DE EMPENHO 3283<\/a><\/td><td class=\"column-3\">PRESTA\u00c7\u00c3O DE SERVI\u00c7O DE LAVANDERIA, INCLUINDO PASSADORIA E EMBALAGEM DOS UNIFORMES DA FANFARRA MUNICIPAL<br \/>\n<br \/>\nATA DA SESS\u00c3O<br \/>\nTERMO DE RATIFICA\u00c7\u00c3O<br \/>\nEXTRATO DE EMPENHO N\u00b03283<\/td><td class=\"column-4\">PUBLICADO:18\/06\/205<br \/>\nDATA DA ANALISE DA (S) PROPOSTA (S): 26\/06\/2025 \u00e0s 09h00<br \/>\nPUBLICADO: 26\/06\/2025<\/td><td class=\"column-5\"><\/td>\n<\/tr>\n<tr class=\"row-61\">\n\t<td class=\"column-1\">PROCESSO N\u00ba087\/2025<br \/>\nDISPENSA DE LICITA\u00c7\u00c3O N\u00ba 037\/2025<br \/>\n<\/td><td class=\"column-2\"><a href=\"http:\/\/www.pratinha.mg.gov.br\/portal\/wp-content\/uploads\/2025\/06\/AVISO-DE-CONTRATACAO-DIRETA-VENTILADOR-CAMARA-FRIA.pdf\">AVISO DE CONTRATA\u00c7\u00c3O DIRETA (VENTILADOR CAMARA FRIA)<\/a><br \/>\n<a href=\"http:\/\/www.pratinha.mg.gov.br\/portal\/wp-content\/uploads\/2025\/06\/Ata-Sessao-Publica-Abertura-Julgamento-2.pdf\">Ata Sess\u00e3o P\u00fablica Abertura Julgamento<\/a><br \/>\n<br \/>\n<a href=\"http:\/\/www.pratinha.mg.gov.br\/portal\/wp-content\/uploads\/2025\/06\/Ratificacao-do-processo-3.pdf\">Ratifica\u00e7\u00e3o do processo<\/a><\/td><td class=\"column-3\">AQUISI\u00c7\u00c3O DE PE\u00c7AS (VENTILADOR, FONTE CHAVEADA E SENSOR DE TEMPERATURA) PARA MANUTEN\u00c7\u00c3O DE C\u00c2MARA FRIA DESTINADA \u00c0 CONSERVA\u00c7\u00c3O DE VACINAS, COM A FINALIDADE DE GARANTIR A ADEQUADA CIRCULA\u00c7\u00c3O DE AR E A MANUTEN\u00c7\u00c3O DA TEMPERATURA HOMOG\u00caNEA NO INTERIOR DA UNIDADE REFRIGERADA E AQUISI\u00c7\u00c3O DE NOBREAK PARA SALA DE RAIO-X DO DEPARTAMENTO DE SA\u00daDE.<br \/>\nATA DA SESS\u00c3O<br \/>\nTERMO DE RATIFICA\u00c7\u00c3O<\/td><td class=\"column-4\">PUBLICADO: 17\/06\/2025<br \/>\n\u2022 LIMITE ACOLHIMENTO DAS PROPOSTAS COMERCIAIS:<br \/>\nDia 24\/06\/2025 \u00e0s 17h00min (dezessete horas).<br \/>\n\u2022 ABERTURA DAS PROPOSTAS COMERCIAIS:<br \/>\nDia 25\/06\/2025 \u00e0s 09h00min (nove horas).<br \/>\nPUBLICADO: 25\/06\/2025<\/td><td class=\"column-5\"><\/td>\n<\/tr>\n<tr class=\"row-62\">\n\t<td class=\"column-1\">DISPENSA DE LICITA\u00c7\u00c3O<\/td><td class=\"column-2\"><a href=\"http:\/\/www.pratinha.mg.gov.br\/portal\/wp-content\/uploads\/2025\/06\/TERMO-DE-RATIFICACAO-1.pdf\">TERMO DE RATIFICA\u00c7\u00c3O<\/a><\/td><td class=\"column-3\">AQUISI\u00c7\u00c3O DE PE\u00c7AS, NA CONCESSIONARIA AUTORIZADA, PARA A REVIS\u00c3O DE GARANTIA DE 100 (MIL), SERIE: HBZN110CJRAH34325, CHASSI: HBZN110CJRAH34325, MOTOR: 433202, 4X44 CF+AR, DO DEPARTAMENTO DE TRANSPORTE<br \/>\n <br \/>\n<\/td><td class=\"column-4\">PUBLICADO: 16\/06\/2025<\/td><td class=\"column-5\"><\/td>\n<\/tr>\n<tr class=\"row-63\">\n\t<td class=\"column-1\">PROCESSO: 085\/2025<br \/>\nDISPENSA DE LICITA\u00c7\u00c3O:036\/2025<br \/>\n<\/td><td class=\"column-2\"><a href=\"http:\/\/www.pratinha.mg.gov.br\/portal\/wp-content\/uploads\/2025\/06\/AVISO-DE-CONTRATACAO-DIRETA-MEDICAMENTOS-ROSANGELA.pdf\">AVISO DE CONTRATA\u00c7\u00c3O DIRETA (MEDICAMENTOS ROSANGELA)<\/a><br \/>\n<a href=\"http:\/\/www.pratinha.mg.gov.br\/portal\/wp-content\/uploads\/2025\/06\/Ata-Sessao-Publica-Abertura-Julgamento-1.pdf\">Ata Sess\u00e3o P\u00fablica Abertura Julgamento<\/a><br \/>\n<br \/>\n<a href=\"http:\/\/www.pratinha.mg.gov.br\/portal\/wp-content\/uploads\/2025\/06\/Ratificacao-do-processo-2.pdf\">Ratifica\u00e7\u00e3o do processo<\/a><\/td><td class=\"column-3\">A AQUISI\u00c7\u00c3O DE MEDICAMENTOS COM BASE EM DETERMINA\u00c7\u00c3O JUDICIAL EXPEDIDA NOS AUTOS DO PROCESSO N\u00ba 0295.17.001629-5 PARA A PACIENTE ROSANGELA  APARECIDA VALERIANO.<br \/>\n<br \/>\nATA DA SESS\u00c3O<br \/>\nTERMO DE RATIFICA\u00c7\u00c3O <\/td><td class=\"column-4\">PUBLICADO: 11\/06\/2025<br \/>\nRecebimento das propostas: 11\/06\/2025 a partir das 17:00h.<br \/>\nDo encerramento do recebimento das propostas: 17\/06\/2025 \u00e0s 17:00h.<br \/>\nDo julgamento das propostas e habilita\u00e7\u00e3o do fornecedor vencedor: 18\/06\/2025 \u00e0s 09:00.<br \/>\nPUBLICADO: 18\/06\/2025<\/td><td class=\"column-5\"><\/td>\n<\/tr>\n<tr class=\"row-64\">\n\t<td class=\"column-1\"><br \/>\nPROCESSO N\u00ba045 \/2024<br \/>\nDISPENSA N\u00ba 024\/2024<br \/>\n<\/td><td class=\"column-2\"><a href=\"http:\/\/www.pratinha.mg.gov.br\/portal\/wp-content\/uploads\/2025\/06\/EXTRATO-DE-ADITIVO-DE-CONTRATO-1.pdf\">EXTRATO DE ADITIVO DE CONTRATO<\/a><\/td><td class=\"column-3\">EXTRATO DE CONTRATO <\/td><td class=\"column-4\">PUBLICADO:10\/06\/2025<\/td><td class=\"column-5\">ADITADO O CONTRATO DE N\u00ba 031\/2024<\/td>\n<\/tr>\n<tr class=\"row-65\">\n\t<td class=\"column-1\">PROCESSO N\u00ba 079\/2025<br \/>\nDISPENSA ELETRONICA N\u00ba 033\/2025<br \/>\n<\/td><td class=\"column-2\"><a href=\"http:\/\/www.pratinha.mg.gov.br\/portal\/wp-content\/uploads\/2025\/06\/AVISO-DE-DISPENSA-DE-LICITACAO-1.pdf\">AVISO DE DISPENSA DE LICITA\u00c7\u00c3O<\/a><br \/>\n<a href=\"http:\/\/www.pratinha.mg.gov.br\/portal\/wp-content\/uploads\/2025\/06\/LICITANET-ATA-DE-REALIZACAO-DA-DISPENSA-ELETRONICA-1.pdf\">LICITANET - ATA DE REALIZA\u00c7\u00c3O DA DISPENSA ELETR\u00d4NICA<\/a><br \/>\n<br \/>\n<a href=\"http:\/\/www.pratinha.mg.gov.br\/portal\/wp-content\/uploads\/2025\/06\/TERMO-DE-LICITACAO-FRACASSADA.pdf\">TERMO DE LICITA\u00c7\u00c3O FRACASSADA<\/a><\/td><td class=\"column-3\">CONTRATA\u00c7\u00c3O DE SERVI\u00c7O ESPECIALIZADO EM MANUTEN\u00c7\u00c3O PREVENTIVA E CORRETIVA DE PO\u00c7OS ARTESIANOS.<br \/>\n<br \/>\nATA DA SESS\u00c3O <br \/>\nTERMO DE LICITA\u00c7\u00c3O DESERTA <\/td><td class=\"column-4\">PUBLICADO: 05\/06\/2025<br \/>\nCERTAME: 11\/06\/2025 \u00c1S 09H00 NO LICITANET<br \/>\nPUBLICADO: 11\/06\/2025<\/td><td class=\"column-5\"><\/td>\n<\/tr>\n<tr class=\"row-66\">\n\t<td class=\"column-1\">PROCESSO 084\/\/2025\u2013 DISPENSA DE LICITA\u00c7\u00c3O 035\/2025<\/td><td class=\"column-2\"><a href=\"http:\/\/www.pratinha.mg.gov.br\/portal\/wp-content\/uploads\/2025\/06\/EDITAL-2.pdf\">EDITAL<\/a><br \/>\n<a href=\"http:\/\/www.pratinha.mg.gov.br\/portal\/wp-content\/uploads\/2025\/06\/Ata-Sessao-Publica-Abertura-Julgamento.pdf\">Ata Sess\u00e3o P\u00fablica Abertura Julgamento<\/a><br \/>\n<br \/>\n<a href=\"http:\/\/www.pratinha.mg.gov.br\/portal\/wp-content\/uploads\/2025\/06\/Ratificacao-do-processo-1.pdf\">Ratifica\u00e7\u00e3o do processo<\/a><\/td><td class=\"column-3\">CONFEC\u00c7\u00c3O DE MATERIAIS E  AQUISI\u00c7\u00c3O DE ENFEITES JUNINOS DESTINADOS AO DEPARTAMENTO DE EDUCA\u00c7\u00c3O E CULTURA.<br \/>\n<br \/>\nATA DA SESS\u00c3O<br \/>\nTERMO DE RATIFICA\u00c7\u00c3O<\/td><td class=\"column-4\">PUBLICADO: 04\/06\/2025<br \/>\nRECEBIMENTO DE PROPOSTAS AT\u00c9 09\/06\/2025 JULGAMENTO DE PROPOSTA 10\/06\/2025 \u00c1S 09H00<\/td><td class=\"column-5\"><\/td>\n<\/tr>\n<tr class=\"row-67\">\n\t<td class=\"column-1\">DISPENSA DE LICITA\u00c7\u00c3O<\/td><td class=\"column-2\"><a href=\"http:\/\/www.pratinha.mg.gov.br\/portal\/wp-content\/uploads\/2025\/06\/TERMO-DE-RATIFICACAO.pdf\">TERMO DE RATIFICA\u00c7\u00c3O<\/a><\/td><td class=\"column-3\">AQUISI\u00c7\u00c3O DE PE\u00c7AS,<br \/>\nNA CONCESSION\u00c1RIA AUTORIZADA, PARA A TERCEIRA<br \/>\nREVIS\u00c3O DE GARANTIA DE VE\u00cdCULO CHEVROLET SPIN<br \/>\n1.8L AT LT7 COM A PLACA TCL-6\u00aa51 DO DEPARTAMENTO<br \/>\nDE GABINETE DO PREFEITO.<br \/>\n<\/td><td class=\"column-4\">PUBLICADO 03\/06\/2025<\/td><td class=\"column-5\"><\/td>\n<\/tr>\n<tr class=\"row-68\">\n\t<td class=\"column-1\">PROCESSO 082\/2025\u2013 DISPENSA DE LICITA\u00c7\u00c3O 034\/2025<\/td><td class=\"column-2\"><a href=\"http:\/\/www.pratinha.mg.gov.br\/portal\/wp-content\/uploads\/2025\/06\/EDITAL.pdf\">EDITAL<\/a><br \/>\n<a href=\"http:\/\/www.pratinha.mg.gov.br\/portal\/wp-content\/uploads\/2025\/06\/Ata-Sessao.pdf\">Ata Sess\u00e3o<\/a><br \/>\n<a href=\"http:\/\/www.pratinha.mg.gov.br\/portal\/wp-content\/uploads\/2025\/06\/TERMO-DE-LICITACAO-FRACASSADA-2.pdf\">TERMO DE LICITA\u00c7\u00c3O FRACASSADA<\/a><\/td><td class=\"column-3\">CONTRATA\u00c7\u00c3O DE SERVI\u00c7OS DE SEGURAN\u00c7A DESARMADA, PARA REALIZA\u00c7\u00c3O DA FESTA JUNINA DO CEMEI NEUZA OL\u00cdMPIA DOS REIS 07\/06\/2025 NO POLIESPORTIVO DE PRATINHA MG E DO FESTIVAL DO PADROEIRO PRATINHA-MG, DE 13\/06 A 14\/06 DE 2025, NA PRA\u00c7A DA MATRIZ DE SANTO ANT\u00d4NIO.<br \/>\n<br \/>\nATA DA SESS\u00c3O <br \/>\nTERMO DE FRACASSO<\/td><td class=\"column-4\">PUBLICADO: 02\/06\/2025<br \/>\nRECEBIMENTO DE PROPOSTA ATE DIA 05\/06\/2025 AS 17H00 <br \/>\nPUBLICADO: 16\/06\/2025<\/td><td class=\"column-5\"><\/td>\n<\/tr>\n<tr class=\"row-69\">\n\t<td class=\"column-1\">PROCESSO N\u00ba 076\/2025<br \/>\nDISPENSA ELETRONICA N\u00ba 032\/2025<br \/>\n<\/td><td class=\"column-2\"><a href=\"http:\/\/www.pratinha.mg.gov.br\/portal\/wp-content\/uploads\/2025\/05\/DISPENSA-DE-LICITACAO.pdf\">DISPENSA DE LICITA\u00c7\u00c3O<\/a><br \/>\n<a href=\"http:\/\/www.pratinha.mg.gov.br\/portal\/wp-content\/uploads\/2025\/06\/LICITANET-ATA-DE-REALIZACAO-DA-DISPENSA-ELETRONICA.pdf\">LICITANET - ATA DE REALIZA\u00c7\u00c3O DA DISPENSA ELETR\u00d4NICA<\/a><br \/>\n<a href=\"http:\/\/www.pratinha.mg.gov.br\/portal\/wp-content\/uploads\/2025\/07\/Ratificacao-do-processo-11.pdf\">Ratifica\u00e7\u00e3o do processo<\/a><br \/>\n<a href=\"http:\/\/www.pratinha.mg.gov.br\/portal\/wp-content\/uploads\/2025\/07\/EXTRATO-DE-EMPENHO-.pdf\">EXTRATO DE EMPENHO<\/a><\/td><td class=\"column-3\">AQUISI\u00c7\u00c3O PARCELADA E CONFORME NECESSIDADE DE PRODUTOS E MATERIAIS PARA LIMPEZA E MANUTEN\u00c7\u00c3O DAS PISCINAS DO CLUBE SOCIAL JESUS GON\u00c7ALVES.<br \/>\nATA DA SESS\u00c3O<br \/>\nTERMO DE RATIFICA\u00c7\u00c3O<br \/>\nEXTRATO DE EMPENHO <\/td><td class=\"column-4\">PUBLICADO: 28\/05\/2025 CERTAME: 03\/06\/2025 \u00c1S 09:00 (NOVE HORAS) no licitanet<br \/>\nPUBLICADO: 04\/06\/2025<\/td><td class=\"column-5\"><\/td>\n<\/tr>\n<tr class=\"row-70\">\n\t<td class=\"column-1\">RATIFICA\u00c7\u00c3O DE DISPENSA DE LICITA\u00c7\u00c3O<br \/>\nPROCESSO: 074\/2025<br \/>\nDISPENSA: 031\/2025<br \/>\n<br \/>\n<\/td><td class=\"column-2\"><a href=\"http:\/\/www.pratinha.mg.gov.br\/portal\/wp-content\/uploads\/2025\/05\/TERMO-DE-RATIFICACAO-4.pdf\">TERMO DE RATIFICA\u00c7\u00c3O<\/a><br \/>\n<a href=\"http:\/\/www.pratinha.mg.gov.br\/portal\/wp-content\/uploads\/2025\/06\/TERMO-DE-REVOGACAO-1.pdf\">TERMO DE REVOGA\u00c7\u00c3O<\/a><\/td><td class=\"column-3\">CONTRATA\u00c7\u00c3O DO CIMINAS ATRAV\u00c9S DO PROCESSO N\u00ba 005\/2025, CREDENCIAMENTO N\u00ba 002\/2025. CREDENCIAMENTO DE EMPRESAS ESPECIALIZADAS NA PRESTA\u00c7\u00c3O DE SERVI\u00c7OS NA \u00c1REA DE MEDICINA DO TRABALHO E SEGURAN\u00c7A DO TRABALHO, EM ATENDIMENTO \u00c0S DEMANDAS DOS ENTES CONSORCIADOS AO CONS\u00d3RCIO INTERFEDERATIVO DE MINAS GERAIS - CIMINAS - CONSORCIO INTERFEDERATIVO DE MINAS GERAIS, EM ATENDIMENTO AS NECESSIDADES DO DEPARTAMENTO DE RECURSOS HUMANOS DE PRATINHA\/MGDESCRI\u00c7\u00c3O DA NECESSIDADE<br \/>\n<br \/>\nTERMO DE REVOGA\u00c7\u00c3O<\/td><td class=\"column-4\">PUBLICADO: 26\/05\/2025<br \/>\nPUBLICADO: 25\/06\/2025<\/td><td class=\"column-5\"><\/td>\n<\/tr>\n<tr class=\"row-71\">\n\t<td class=\"column-1\">DISPENSA DE LICITA\u00c7\u00c3O N\u00b0 030\/2025<br \/>\nPROCESSO N\u00b0 071\/2025<\/td><td class=\"column-2\"><a href=\"http:\/\/www.pratinha.mg.gov.br\/portal\/wp-content\/uploads\/2025\/05\/RATIFICACAO-2.pdf\">RATIFICA\u00c7\u00c3O<\/a><br \/>\n<a href=\"http:\/\/www.pratinha.mg.gov.br\/portal\/wp-content\/uploads\/2025\/05\/EXTRATO-DE-CONTRATO-7.pdf\">EXTRATO DE CONTRATO<\/a><\/td><td class=\"column-3\">RATIFICA\u00c7\u00c3O DE DISPENSA DE LICITA\u00c7\u00c3O: OBJETO: CONTRATA\u00c7\u00c3O DO CIMINAS ATRAV\u00c9S DO PROCESSO N\u00ba 016\/2025, CREDENCIAMENTO N\u00ba 007\/2025. CREDENCIAMENTO DE EMPRESAS, ENTIDADES E\/OU INSTITUI\u00c7\u00d5ES DE UTILIDADE P\u00daBLICA, SEM FINS LUCRATIVOS PARA PRESTA\u00c7\u00c3O DE SERVI\u00c7OS DE ESTERILIZA\u00c7\u00c3O DE C\u00c3ES E GATOS EM CENTRO CIRURGICO M\u00d3VEL (CASTRAM\u00d3VEL) EM ATENDIMENTO AOS ENTES CONSORCIADOS AO CIMINAS - CONSORCIO INTERFEDERATIVO DE MINAS GERAIS, EM ATENDIMENTO AS NECESSIDADES DO DEPARTAMENTO DE OBRAS E MEIO AMBIENTE DE PRATINHA\/MG.<br \/>\n<br \/>\nEXTRATO DE CONTRATO<\/td><td class=\"column-4\">PUBLICADO: 22\/05\/2025<br \/>\nPUBLICADO: 26\/05\/2025<\/td><td class=\"column-5\"><\/td>\n<\/tr>\n<tr class=\"row-72\">\n\t<td class=\"column-1\">DISPENSA DE LICITA\u00c7\u00c3O N\u00b0 029\/2025<br \/>\nPROCESSO N\u00b0 070\/2025<\/td><td class=\"column-2\"><a href=\"http:\/\/www.pratinha.mg.gov.br\/portal\/wp-content\/uploads\/2025\/05\/AVISO-DE-CONTRATACAO-DIRETA.pdf\">AVISO DE CONTRATA\u00c7\u00c3O DIRETA<\/a><a href=\"http:\/\/www.pratinha.mg.gov.br\/portal\/wp-content\/uploads\/2025\/05\/Ata-Sessao-Publica-Abertura-Julgamento-1.pdf\">Ata Sess\u00e3o P\u00fablica Abertura Julgamento<\/a><br \/>\n<br \/>\n<a href=\"http:\/\/www.pratinha.mg.gov.br\/portal\/wp-content\/uploads\/2025\/05\/Ratificacao-do-processo-1.pdf\">Ratifica\u00e7\u00e3o do processo<\/a><\/td><td class=\"column-3\">AQUISI\u00c7\u00c3O DE CAIXAS DE SOM AMPLIFICADAS POTENTES E MESA DE SOM PROFISSIONAL PARA ATENDER AS NECESSIDADES DO DEPARTAMENTO DE EDUCA\u00c7\u00c3O E CULTURA.<br \/>\nATA DA SESS\u00c3O<br \/>\nTERMO DE RATIFICA\u00c7\u00c3O<\/td><td class=\"column-4\">PUBLICADO: 21\/05\/2025<br \/>\nCERTAME: 27\/05\/2025 \u00c1S 09:00 H , PROPOSTA RECEBIDAS NO EMAIL: pratinhalicitacao@terra.com.br<br \/>\nPUBLICADO:27\/05\/2025<br \/>\n<br \/>\nPUBLICADO:29\/05\/2025<\/td><td class=\"column-5\"><\/td>\n<\/tr>\n<tr class=\"row-73\">\n\t<td class=\"column-1\">DISPENSA DE LICITA\u00c7\u00c3O<\/td><td class=\"column-2\"><a href=\"http:\/\/www.pratinha.mg.gov.br\/portal\/wp-content\/uploads\/2025\/05\/RATIFICACAO-1.pdf\">RATIFICA\u00c7\u00c3O<\/a><\/td><td class=\"column-3\">SERVI\u00c7O DE CONSERTO DE MOTOR TRIF\u00c1SICO 30 CV, COMPONENTE DO SISTEMA DE CAPACITA\u00c7\u00c3O DE AGUA DA CACHOEIRINHA, COM BASE NO ARTIGO 75, VIII DA LEI 14.133\/2021.<br \/>\n <br \/>\n<\/td><td class=\"column-4\">PUBLICADO: 20\/05\/2025<\/td><td class=\"column-5\"><\/td>\n<\/tr>\n<tr class=\"row-74\">\n\t<td class=\"column-1\">DISPENSA DE  LICITA\u00c7\u00c3O POR VALOR<\/td><td class=\"column-2\"><a href=\"http:\/\/www.pratinha.mg.gov.br\/portal\/wp-content\/uploads\/2025\/05\/EXTRATO-DE-ADITIVO-ALGAR-TELECON.pdf\">EXTRATO DE ADITIVO ALGAR TELECON<\/a><\/td><td class=\"column-3\">EXTRATO \tDE   AD ITIVO \tDE CONTR ATO ALGAR TELECON<\/td><td class=\"column-4\">19\/05\/2025<\/td><td class=\"column-5\">CONTRATO N\u00ba 06\/2023<br \/>\nINTERNET DA CASA DE APOISO DE UBERABA.<\/td>\n<\/tr>\n<tr class=\"row-75\">\n\t<td class=\"column-1\">DISPENSA DE LICITA\u00c7\u00c3O<\/td><td class=\"column-2\"><a href=\"http:\/\/www.pratinha.mg.gov.br\/portal\/wp-content\/uploads\/2025\/05\/TERMO-DE-RATIFICACAO-3.pdf\">TERMO DE RATIFICA\u00c7\u00c3O<\/a><\/td><td class=\"column-3\">AQUISI\u00c7\u00c3O DE PE\u00c7AS PARA SEXTA REVIS\u00c3O DE GARANTIA DO VE\u00cdCULO CHEVROLET SPD 1.8 AT LT7; MODELO: 2023\/2024; CHASSI: 9BGJJ752RB186694 PLACA: SJH-8F01 DO DEPARTAMENTO DE GABINETE DO PREFEITO <\/td><td class=\"column-4\">PUBLICADO: 16\/05\/2025<\/td><td class=\"column-5\"><\/td>\n<\/tr>\n<tr class=\"row-76\">\n\t<td class=\"column-1\">PROCESSO N\u00ba 022\/2024<br \/>\nDISPENSA DE LICITA\u00c7\u00c3O N\u00ba 012\/2024<br \/>\n<\/td><td class=\"column-2\"><a href=\"http:\/\/www.pratinha.mg.gov.br\/portal\/wp-content\/uploads\/2025\/04\/EXTRATO-DE-ADITIVO-DE-CONTRATO-.pdf\">EXTRATO DE ADITIVO DE CONTRATO<\/a><\/td><td class=\"column-3\">EXTRATO DE ADITIVO DE CONTRATO<\/td><td class=\"column-4\">PUBLICADO?29\/04\/2025<\/td><td class=\"column-5\"><\/td>\n<\/tr>\n<tr class=\"row-77\">\n\t<td class=\"column-1\">DISPENSA DE LICITA\u00c7\u00c3O<\/td><td class=\"column-2\"><a href=\"http:\/\/www.pratinha.mg.gov.br\/portal\/wp-content\/uploads\/2025\/04\/TERMO-DE-RATIFICACAO-2.pdf\">TERMO DE RATIFICA\u00c7\u00c3O<\/a><\/td><td class=\"column-3\">AQUISI\u00c7\u00c3O DE \u00d3LEO PARA 1\u00b0 REVIS\u00c3O DE GARANTIA DAS MOTOS JTZ\/NK <\/td><td class=\"column-4\">PUBLICADO: 30\/04\/2025<\/td><td class=\"column-5\"><\/td>\n<\/tr>\n<tr class=\"row-78\">\n\t<td class=\"column-1\">PROCESSO ADMINISTRATIVO N\u00ba 058\/2025<br \/>\nDISPENSA DE LICITA\u00c7\u00c3O N\u00ba 028\/2025<br \/>\n<\/td><td class=\"column-2\"><a href=\"http:\/\/www.pratinha.mg.gov.br\/portal\/wp-content\/uploads\/2025\/04\/Termo-de-Ratificacao-1.pdf\">Termo de Ratifica\u00e7\u00e3o<\/a><br \/>\n<a href=\"http:\/\/www.pratinha.mg.gov.br\/portal\/wp-content\/uploads\/2025\/04\/EXTRATO-DE-CONTRATO-3.pdf\">EXTRATO DE CONTRATO<\/a><\/td><td class=\"column-3\">CONTRATA\u00c7\u00c3O DO CIMINAS ATRAV\u00c9S DO PROCESSO N\u00ba 012\/2025, CREDENCIAMENTO N\u00ba 005\/2025. CREDENCIAMENTO DE EMPRESAS ESPECIALIZADAS PARA PRESTA\u00c7\u00c3O DE SERVI\u00c7OS DE SAUDE, ESPECIALMENTE EM EXAMES CLINICOS, CONSULTAS M\u00c9DICAS E PROCEDIMENTOS CIRURGICOS DESTINADOS A ATENDER OS ENTES CONSORCIADOS AO CIMINAS - CONSORCIO INTERFEDERATIVO DE MINAS GERAIS, EM ATENDIMENTO AS NECESSIDADES DO DEPARTAMENTO DE SA\u00daDE DE PRATINHA\/MG<br \/>\nEXTRATO DE CONTRATO<\/td><td class=\"column-4\">PUBLICADO: 16\/04\/2025<br \/>\nPUBLICADO:23\/04\/2025<\/td><td class=\"column-5\"><\/td>\n<\/tr>\n<tr class=\"row-79\">\n\t<td class=\"column-1\">PROCEDIMENTO DE DISPENSA ELETRONICA DE LICITA\u00c7\u00c3O N\u00ba026\/2025<br \/>\nPROCESSO N\u00b0055\/2025<\/td><td class=\"column-2\"><a href=\"http:\/\/www.pratinha.mg.gov.br\/portal\/wp-content\/uploads\/2025\/04\/AVISO-DE-DISPENSA-DE-LICITACAO.pdf\">AVISO DE DISPENSA DE LICITA\u00c7\u00c3O<\/a><br \/>\n<br \/>\n<a href=\"http:\/\/www.pratinha.mg.gov.br\/portal\/wp-content\/uploads\/2025\/04\/RETIFICACAO-DE-EDITAL.pdf\">RETIFICA\u00c7\u00c3O DE EDITAL<\/a><br \/>\n<br \/>\n<a href=\"http:\/\/www.pratinha.mg.gov.br\/portal\/wp-content\/uploads\/2025\/04\/LICITANET-ATA-DE-REALIZACAO-DA-DISPENSA-ELETRONICA-3.pdf\">LICITANET - ATA DE REALIZA\u00c7\u00c3O DA DISPENSA ELETR\u00d4NICA<\/a><br \/>\n<br \/>\n<a href=\"http:\/\/www.pratinha.mg.gov.br\/portal\/wp-content\/uploads\/2025\/05\/EXTRATO-DE-CONTRATO-5.pdf\">EXTRATO DE CONTRATO<\/a><\/td><td class=\"column-3\">CONTRATA\u00c7\u00c3O DE SERVI\u00c7OS DE TELEFONIA, POR MEIO DE LICEN\u00c7AS DE USO DE PABX NA NUVEM, PARA DIVERSOS SETORES DA PREFEITURA MUNICIPAL DE PRATINHA-MG.<br \/>\n<br \/>\nRETIFICA\u00c7\u00c3O DO EDITAL<br \/>\nATA DA SESS\u00c3O<br \/>\n<br \/>\nEXTRATO DE CONTRATO<\/td><td class=\"column-4\">PUBLICADO:16\/04\/2025<br \/>\nCERTAME :25\/04\/2025 PORTAL LICITANET.<br \/>\nPUBLICADO:23\/04\/2025<br \/>\nPUBLICADO:29\/04\/2025<br \/>\n<br \/>\nPUBLICADO:16\/05\/2025<\/td><td class=\"column-5\"><\/td>\n<\/tr>\n<tr class=\"row-80\">\n\t<td class=\"column-1\">PROCEDIMENTO DE DISPENSA DE LICITA\u00c7\u00c3O N\u00b0 027\/2025<br \/>\nPROCESSO: N\u00b0 057\/2025<br \/>\n<br \/>\n<\/td><td class=\"column-2\"><a href=\"http:\/\/www.pratinha.mg.gov.br\/portal\/wp-content\/uploads\/2025\/04\/RATIFICACAO.pdf\">RATIFICA\u00c7\u00c3O<\/a><br \/>\n<a href=\"http:\/\/www.pratinha.mg.gov.br\/portal\/wp-content\/uploads\/2025\/04\/EXTRATO-DE-CONTRATO-2.pdf\">EXTRATO DE CONTRATO<\/a><br \/>\n<br \/>\n<a href=\"http:\/\/www.pratinha.mg.gov.br\/portal\/wp-content\/uploads\/2026\/04\/EXTRATO-DE-ADITIVO-DE-CONTRATO.docx_Assinado.pdf\">EXTRATO DE ADITIVO DE CONTRATO.docx_Assinado<\/a><\/td><td class=\"column-3\">FORNECIMENTO PARCELADO E CONFORME NECESSIDADE DE REFEI\u00c7\u00d5ES E LANCHES PARA PACIENTES EM TRATAMENTO FORA DE DOMICILIO E FUNCION\u00c1RIOS DA PREFEITURA MUNICIPAL DE PRATINHA-MG, NA CIDADE DE ARAX\u00c1-MG<br \/>\nEXTRATO DE CONTRATO<br \/>\n<br \/>\nEXTRATO DE ADITIVO <\/td><td class=\"column-4\">PUBLICADO: 16\/04\/2025<br \/>\nPUBLICADO: 30\/04\/2026<\/td><td class=\"column-5\">ADITADO O CONTRATO PASSANDO SUA VIGENCIA PARA 16\/04\/2027<\/td>\n<\/tr>\n<tr class=\"row-81\">\n\t<td class=\"column-1\">PROCESSO N\u00ba52\/2025 <br \/>\nDISPENSA ELETRONICA N\u00ba25\/2025<\/td><td class=\"column-2\"><a href=\"http:\/\/www.pratinha.mg.gov.br\/portal\/wp-content\/uploads\/2025\/04\/EDITAL-5.pdf\">EDITAL<\/a><br \/>\n<br \/>\n<a href=\"http:\/\/www.pratinha.mg.gov.br\/portal\/wp-content\/uploads\/2025\/04\/LICITANET-ATA-DE-REALIZACAO-DA-DISPENSA-ELETRONICA-2.pdf\">LICITANET - ATA DE REALIZA\u00c7\u00c3O DA DISPENSA ELETR\u00d4NICA<\/a><br \/>\n<br \/>\n<a href=\"http:\/\/www.pratinha.mg.gov.br\/portal\/wp-content\/uploads\/2025\/04\/EXTRATO-DE-CONTRATO-5.pdf\">EXTRATO DE CONTRATO<\/a><br \/>\n<br \/>\n<br \/>\n<br \/>\n<a href=\"http:\/\/www.pratinha.mg.gov.br\/portal\/wp-content\/uploads\/2025\/04\/Ratificacao-do-processo-6.pdf\">Ratifica\u00e7\u00e3o do processo<\/a><\/td><td class=\"column-3\">CONTRATA\u00c7\u00c3O DE SERVI\u00c7OS DE SEGURAN\u00c7A DESARMADA E BRIGADA DE EMERGENCIA, <br \/>\nPARA REALIZA\u00c7\u00c3O DA 1\u00aa EXPOAGRO DE PRATINHA-MG, DE 01\/05 A 04\/05 DE 2025, NO <br \/>\nPARQUE DE EXPOSI\u00c7\u00d5ES ALVARO BORGES<br \/>\nATA DA SESS\u00c3O<br \/>\n<br \/>\nTERMO DE RATIFICA\u00c7\u00c3O<br \/>\n<br \/>\nEXTRATO DE CONTRATO<\/td><td class=\"column-4\">PUBLICADO: 11\/04\/2025 CERTAME: 22\/04\/2025 \u00c1S 09:00 (NOVE) HORAS NO PORTAL DO LICITANET<br \/>\n<br \/>\nPUBLICADO:23\/04\/2025<br \/>\nPUBLICADO:28\/04\/2025<br \/>\n<br \/>\nPUBLICADO:29\/04\/2025<\/td><td class=\"column-5\"><\/td>\n<\/tr>\n<tr class=\"row-82\">\n\t<td class=\"column-1\">PROCESSO N\u00ba 050\/2025<br \/>\n<br \/>\nDISPENSA N\u00ba 024\/2025<br \/>\n<\/td><td class=\"column-2\"><a href=\"http:\/\/www.pratinha.mg.gov.br\/portal\/wp-content\/uploads\/2025\/04\/AVISO-DE-CONTRATACAO-DIRETA.pdf\">AVISO DE CONTRATA\u00c7\u00c3O DIRETA<\/a><br \/>\n<br \/>\n<a href=\"http:\/\/www.pratinha.mg.gov.br\/portal\/wp-content\/uploads\/2025\/04\/Ata-Sessao-Publica-Abertura-Julgamento-1.pdf\">Ata Sess\u00e3o P\u00fablica Abertura Julgamento<\/a><br \/>\n<br \/>\n<a href=\"http:\/\/www.pratinha.mg.gov.br\/portal\/wp-content\/uploads\/2025\/04\/Ratificacao-do-processo-2.pdf\">Ratifica\u00e7\u00e3o do processo<\/a><\/td><td class=\"column-3\">CONSTITUI OBJETO PARA DISPENSA DE LICITA\u00c7\u00c3O A CONFEC\u00c7\u00c3O DE FAIXAS OFICIAIS PARA OS CONCURSOS REALIZADOS NOS EVENTOS CULTURAIS NO ANO DE 2025<br \/>\nATA DA SESS\u00c3O<br \/>\n<br \/>\nTERMO DE RATIFICA\u00c7\u00c3O<\/td><td class=\"column-4\">PUBLICADO: 10\/04\/2025 <br \/>\nANALISE DAS PROPOSTAS 16\/04\/2025 \u00c1S 13:00(TREZE HORAS)<br \/>\npublicado:16\/042025<br \/>\n<br \/>\nPUBLICADO:22\/04\/2025<\/td><td class=\"column-5\"><\/td>\n<\/tr>\n<tr class=\"row-83\">\n\t<td class=\"column-1\"><br \/>\nPROCESSO N\u00ba 046\/2025 <br \/>\nDISPENSA N\u00ba 020\/2025<\/td><td class=\"column-2\"><a href=\"http:\/\/www.pratinha.mg.gov.br\/portal\/wp-content\/uploads\/2025\/04\/EDITAL-PROJETO-PREVENCAO-DE-INCENDIO.pdf\">EDITAL-PROJETO PREVEN\u00c7\u00c3O DE INCENDIO<\/a><br \/>\n<br \/>\n<a href=\"http:\/\/www.pratinha.mg.gov.br\/portal\/wp-content\/uploads\/2025\/04\/Ata-Sessao-Publica-Abertura-Julgamento-4.pdf\">Ata Sess\u00e3o P\u00fablica Abertura Julgamento<\/a><br \/>\n<br \/>\n<a href=\"http:\/\/www.pratinha.mg.gov.br\/portal\/wp-content\/uploads\/2025\/04\/Ratificacao-do-processo-4.pdf\">Ratifica\u00e7\u00e3o do processo<\/a><\/td><td class=\"column-3\">CONTRATA\u00c7\u00c3O DE EMPRESA DE ENGENHARIA OU ARQUITETURA ESPECIALIZADA EM PROJETOS DE PREVEN\u00c7\u00c3O E COMBATE A INC\u00caNDIOS PARA A ELABORA\u00c7\u00c3O E APROVA\u00c7\u00c3O DE PROJETO T\u00c9CNICO E ELABORA\u00c7\u00c3O DE LAUDO DE VISTORIA, PARA OBTEN\u00c7\u00c3O DO AUTO DE VISTORIA DO CORPO DE BOMBEIROS (AVBC) PARA A ESCOLA MUNICIPAL CORONEL NECA DE PAULA.<br \/>\n<br \/>\nATA DA SESS\u00c3O<br \/>\n<br \/>\nTERMO DE RATRIFICA\u00c7\u00c3O<\/td><td class=\"column-4\">PUBLICADO: 10\/04\/2025 ANALISE DAS PROPOSTAS 16\/04\/2025 AS 09:00 (NOVE HORAS)<br \/>\nPUBLICADO DIA:22\/04\/2025 <br \/>\n<br \/>\nPUBLICADO:23\/04\/2025<\/td><td class=\"column-5\"><\/td>\n<\/tr>\n<tr class=\"row-84\">\n\t<td class=\"column-1\">DISPENSA DE LICITA\u00c7\u00c3O<\/td><td class=\"column-2\"><a href=\"http:\/\/www.pratinha.mg.gov.br\/portal\/wp-content\/uploads\/2025\/04\/TERMO-DE-RATIFICACAO-1.pdf\">TERMO DE RATIFICA\u00c7\u00c3O<\/a><\/td><td class=\"column-3\">AQUISI\u00c7\u00c3O DE PE\u00c7AS DA CONCESSIONARIA AUTORIZADA PARA 8\u00b0 REVIS\u00c3O PROGRAMADA DE GARANTIA DO VEICULO L200 TRITON COM A PLACA SIZ9D04 DO DEPARTAMENTO DO GABINETE DO PREFEITO <br \/>\n <br \/>\n<\/td><td class=\"column-4\">PUBLICADO: 10\/04\/2025<\/td><td class=\"column-5\"><\/td>\n<\/tr>\n<tr class=\"row-85\">\n\t<td class=\"column-1\">DISPENSA DE LICITA\u00c7\u00c3O<\/td><td class=\"column-2\"><a href=\"http:\/\/www.pratinha.mg.gov.br\/portal\/wp-content\/uploads\/2025\/04\/RATIFICACAO-RETROESCAVADEIRA.pdf\">RATIFICA\u00c7\u00c3O RETROESCAVADEIRA<\/a><\/td><td class=\"column-3\">AQUISI\u00c7\u00c3O DE PE\u00c7AS DA CONCESSIONARIA AUTORIZADA PARA REVIS\u00c3O GARANTIA DE 750 (SETECENTOS E CINQUENTA) HORAS MAQUIN\u00c1RIO RETROESCAVADEIRA SOBRE RODAS, MARCA NEW HOLLAND, MODELO B110C, DO DEPARTAMENTO DE TRANSPORTE.<\/td><td class=\"column-4\">PUBLICADO: 10\/04\/2025<\/td><td class=\"column-5\"><\/td>\n<\/tr>\n<tr class=\"row-86\">\n\t<td class=\"column-1\">PROCESSO: 049\/2025<br \/>\nDISPENSA DE LICITA\u00c7\u00c3O:023\/2025<\/td><td class=\"column-2\"><a href=\"http:\/\/www.pratinha.mg.gov.br\/portal\/wp-content\/uploads\/2025\/04\/EDITAL-4.pdf\">EDITAL<\/a><br \/>\n<br \/>\n<a href=\"http:\/\/www.pratinha.mg.gov.br\/portal\/wp-content\/uploads\/2025\/04\/Ata-Sessao-Publica-Abertura-Julgamento.pdf\">Ata Sess\u00e3o P\u00fablica Abertura Julgamento<\/a><br \/>\n<br \/>\n<a href=\"http:\/\/www.pratinha.mg.gov.br\/portal\/wp-content\/uploads\/2025\/04\/Ratificacao-do-processo.pdf\">Ratifica\u00e7\u00e3o do processo<\/a><\/td><td class=\"column-3\">AQUISI\u00c7\u00c3O TURBID\u00cdMETRO DIGITAL PARA MONITORIZA\u00c7\u00c3O E CONTROLE DA QUALIDADE DA \u00c1GUA, POR MEIO DA MEDI\u00c7\u00c3O DA TURBIDEZ, PAR\u00c2METRO FUNDAMENTAL PARA AVALIAR A CLAREZA E A PRESEN\u00c7A DE PART\u00cdCULAS SUSPENSAS, CONFORME NECESSIDADES DO DEPARTAMENTO DE SA\u00daDE.<br \/>\nATA DA SESS\u00c3O<br \/>\n<br \/>\nTERMO DE RATIFICA\u00c7\u00c3O<\/td><td class=\"column-4\">PUBLICADO: 09\/04\/2025 ANALISE DE PROPOSTA:  15\/04\/2025 \u00c1S 15:00 (QUINZE HORAS)<br \/>\n PUBLICADO:16\/04\/2025<br \/>\n<br \/>\nPUBLICADO:22\/04\/2025<\/td><td class=\"column-5\"><\/td>\n<\/tr>\n<tr class=\"row-87\">\n\t<td class=\"column-1\">PROCESSO: 048\/2025<br \/>\nDISPENSA DE LICITA\u00c7\u00c3O:022\/2025<br \/>\n<\/td><td class=\"column-2\"><a href=\"http:\/\/www.pratinha.mg.gov.br\/portal\/wp-content\/uploads\/2025\/04\/EDITAL-3.pdf\">EDITAL<\/a><br \/>\n<br \/>\n<a href=\"http:\/\/www.pratinha.mg.gov.br\/portal\/wp-content\/uploads\/2025\/04\/Ata-Sessao-Publica-Abertura-Julgamento-3.pdf\">Ata Sess\u00e3o P\u00fablica Abertura Julgamento<\/a><br \/>\n<br \/>\n<a href=\"http:\/\/www.pratinha.mg.gov.br\/portal\/wp-content\/uploads\/2025\/04\/Ratificacao-do-processo-1.pdf\">Ratifica\u00e7\u00e3o do processo<\/a><\/td><td class=\"column-3\">AQUISI\u00c7\u00c3O DE BEBEDOURO TIPO INDUSTRIAL PARA O DEPARTAMENTO DE TURISMO E ESPORTE E DE MATERIAIS DE ESCRIT\u00d3RIO PARA O DEPARTAMENTO DA FAZENDA.<br \/>\nATA DA SESS\u00c3O<br \/>\nTERMO DE RATIFICA\u00c7\u00c3O<\/td><td class=\"column-4\">PUBLICADO: 09\/04\/2025 ANALISE DE PROPOSTA:  15\/04\/2025 \u00c1S 13:00 (TREZE HORAS)<br \/>\nPUBLICADO:16\/04\/2025<br \/>\nPUBLICADO:22\/04\/2025<\/td><td class=\"column-5\"><\/td>\n<\/tr>\n<tr class=\"row-88\">\n\t<td class=\"column-1\">PROCESSO: 047\/2025<br \/>\nDISPENSA DE LICITA\u00c7\u00c3O:021\/2025<br \/>\n<\/td><td class=\"column-2\"><a href=\"http:\/\/www.pratinha.mg.gov.br\/portal\/wp-content\/uploads\/2025\/04\/EDITAL-2.pdf\">EDITAL<\/a><br \/>\n<br \/>\n<a href=\"http:\/\/www.pratinha.mg.gov.br\/portal\/wp-content\/uploads\/2025\/04\/Ata-Sessao-Publica-Abertura-Julgamento-2.pdf\">Ata Sess\u00e3o P\u00fablica Abertura Julgamento<\/a><br \/>\n<br \/>\n<a href=\"http:\/\/www.pratinha.mg.gov.br\/portal\/wp-content\/uploads\/2025\/04\/Ratificacao-do-processo-3.pdf\">Ratifica\u00e7\u00e3o do processo<\/a><br \/>\n<br \/>\n<a href=\"http:\/\/www.pratinha.mg.gov.br\/portal\/wp-content\/uploads\/2025\/04\/RETIFICACAO-DA-ATA-E-RATIFICACAO.pdf\">RETIFICA\u00c7\u00c3O DA ATA E RATIFICA\u00c7\u00c3O<\/a><\/td><td class=\"column-3\">CONTRATA\u00c7\u00c3O DE APRESENTA\u00c7\u00c3O DE PE\u00c7A TEATRAL, COM MONTAGEM DE CEN\u00c1RIO PARA REALIZA\u00c7\u00c3O DO PROJETO DIA DO LIVRO E ALUGUEL DE FANTASIA DE COELHO PARA REALIZA\u00c7\u00c3O DO PROJETO DA P\u00c1SCOA NAS ESCOLAS MUNICIPAIS, PARA ATENDER A NECESSIDADES DO DEPARTAMENTO MUNICIPAL DE EDUCA\u00c7\u00c3O E CULTURA, CONFORME ESPECIFICA\u00c7\u00d5ES CONSTANTES DO TERMO DE REFER\u00caNCIA<br \/>\nATA DA SESS\u00c3O<br \/>\n<br \/>\nTERMO DE RATIFICA\u00c7\u00c3O<br \/>\nAVISO DE RETIFICA\u00c7\u00c3O DA ATA DA SESS\u00c3O E DO TERMO DE RATIFICA\u00c7\u00c3O<\/td><td class=\"column-4\">PUBLICADO: 09\/04\/2025 ANALISE DE PROPOSTA:  15\/04\/2025 \u00c1S 09:00 (NOVE HORAS)<br \/>\nPUBLICADO:16\/04\/2025<br \/>\nPUBLICADO\/22\/04\/2025<br \/>\nPUBLICADO:25\/04\/2025<\/td><td class=\"column-5\"><\/td>\n<\/tr>\n<tr class=\"row-89\">\n\t<td class=\"column-1\">DISPENSA N\u00b0 019\/2025<br \/>\nPROCESSO N\u00b0045\/2025<br \/>\n<br \/>\n<\/td><td class=\"column-2\"><a href=\"http:\/\/www.pratinha.mg.gov.br\/portal\/wp-content\/uploads\/2025\/04\/Termo-de-Ratificacao.pdf\">Termo de Ratifica\u00e7\u00e3o<\/a><br \/>\n<a href=\"http:\/\/www.pratinha.mg.gov.br\/portal\/wp-content\/uploads\/2025\/04\/EXTRATO-DE-CONTRATO.pdf\">EXTRATO DE CONTRATO<\/a><\/td><td class=\"column-3\">CONTRATA\u00c7\u00c3O DO CONS\u00d3RCIO INTERFEDERATIVO MINAS GEAIS \u2013 CIMINAS, PARA PRESTA\u00c7AO DE SERVI\u00c7OS DE ASSESSORIA E APOIO A GEST\u00c3O P\u00daBLICA NA AREA DE SA\u00daDE, ATRAV\u00c9S DO PROCESSO N\u00ba 015\/2025, CREDENCIAMENTO N\u00ba 006\/2025.<br \/>\n<br \/>\nEXTRATO DE CONTRATO<\/td><td class=\"column-4\">PUBLICADO: 09\/04\/2025<br \/>\nPUBLICADO: 10\/04\/2025<\/td><td class=\"column-5\"><\/td>\n<\/tr>\n<tr class=\"row-90\">\n\t<td class=\"column-1\">PROCESSO N\u00ba 044\/2025<br \/>\nDISPENSA N\u00ba 018\/2025<br \/>\n<\/td><td class=\"column-2\"><a href=\"http:\/\/www.pratinha.mg.gov.br\/portal\/wp-content\/uploads\/2025\/04\/EDITAL-1.pdf\">EDITAL<\/a><a href=\"http:\/\/www.pratinha.mg.gov.br\/portal\/wp-content\/uploads\/2025\/04\/Ata-Sessao-Publica-Abertura-Julgamento-5.pdf\">Ata Sess\u00e3o P\u00fablica Abertura Julgamento<\/a><\/td><td class=\"column-3\">CONSTITUI OBJETO DESTE, A CONTRATA\u00c7\u00c3O DE SERVI\u00c7OS PARA CONFEC\u00c7\u00c3O DE MATERIAIS GRAFICOS PARA DIVERSOS DEPARTAMENTOS MUNICIPAIS<br \/>\nATA DA SESS\u00c3O<\/td><td class=\"column-4\">PUBLICADO: 07\/04\/2025 ANALISE DE PROPOSTA:  11\/04\/2025 \u00c1S 08:00 (OITO HORAS)<br \/>\nPUBLICADO:24\/04\/2025<\/td><td class=\"column-5\"><\/td>\n<\/tr>\n<tr class=\"row-91\">\n\t<td class=\"column-1\">PROCESSO N\u00ba 043\/2025<br \/>\nDISPENSA ELETRONICA N\u00ba017\/2025<\/td><td class=\"column-2\"><a href=\"http:\/\/www.pratinha.mg.gov.br\/portal\/wp-content\/uploads\/2025\/04\/EDITAL-dispensa-1.pdf\">EDITAL dispensa<\/a><br \/>\n<br \/>\n<a href=\"http:\/\/www.pratinha.mg.gov.br\/portal\/wp-content\/uploads\/2025\/04\/LICITANET-ATA-DE-REALIZACAO-DA-DISPENSA-ELETRONICA-1.pdf\">LICITANET - ATA DE REALIZA\u00c7\u00c3O DA DISPENSA ELETR\u00d4NICA<\/a><br \/>\n<a href=\"http:\/\/www.pratinha.mg.gov.br\/portal\/wp-content\/uploads\/2025\/04\/EXTRATO-DE-CONTRATO-1.pdf\">EXTRATO DE CONTRATO<\/a><br \/>\n<br \/>\n<a href=\"http:\/\/www.pratinha.mg.gov.br\/portal\/wp-content\/uploads\/2026\/04\/EXTRATO-DE-ADITIVO-CONTRATO.pdf\">EXTRATO DE ADITIVO CONTRATO<\/a><\/td><td class=\"column-3\">CONTRATA\u00c7\u00c3O DE R\u00c1DIO FM COM ABRANG\u00caNCIA URBANA E RURAL DESTINADA A DIVULGA\u00c7\u00c3O DE A\u00c7\u00d5ES, PROGRAMA\u00c7\u00d5ES, INFORMES CULTURAIS, INFORMES DE UTILIDADES P\u00daBLICAS, ENTREVISTAS, VISANDO A TRANSPAR\u00caNCIA E INFORMA\u00c7\u00d5ES DE ATOS E A\u00c7\u00d5ES DESENVOLVIDAS NO \u00c2MBITO DO MUNIC\u00cdPIO DE PRATINHA-MG.<br \/>\nATA DA SESS\u00c3O<br \/>\n<br \/>\nEXTRATO DE CONTRATO<br \/>\n<br \/>\nEXTRATO DE ADITIVO CONTRATO<\/td><td class=\"column-4\">PUBLICADO: 07\/04\/2025 <br \/>\nDISPUTA: 11\/04\/2025 \u00c1S 09:00 (NOVE HORAS)<br \/>\nNO PORTAL LICITANET.<br \/>\nPUBLICADO:14\/04\/2025<br \/>\n<br \/>\nPUBLICADO:15\/04\/2025<br \/>\nPUBLICADO:16\/04\/2026<\/td><td class=\"column-5\">CONTRATO N\u00ba 24\/2025<br \/>\nADITADO : VIGENCIA DE 15\/04\/2026 A 15\/04\/2027<\/td>\n<\/tr>\n<tr class=\"row-92\">\n\t<td class=\"column-1\">PROCESSO N\u00ba 042\/2025<br \/>\nDISPENSA ELETRONICA N\u00ba016\/2025<\/td><td class=\"column-2\"><a href=\"http:\/\/www.pratinha.mg.gov.br\/portal\/wp-content\/uploads\/2025\/04\/EDITAL-dispensa.pdf\">EDITAL dispensa<\/a><br \/>\n<br \/>\n<a href=\"http:\/\/www.pratinha.mg.gov.br\/portal\/wp-content\/uploads\/2025\/04\/LICITANET-ATA-DE-REALIZACAO-DA-DISPENSA-ELETRONICA.pdf\">LICITANET - ATA DE REALIZA\u00c7\u00c3O DA DISPENSA ELETR\u00d4NICA<\/a><\/td><td class=\"column-3\">O OBJETO DA PRESENTE DISPENSA \u00c9 A AQUISI\u00c7\u00c3O DE OVOS DE P\u00c1SCOA, A SEREM OFERTADOS AOS ALUNOS DA REDE MUNICIPAL DE ENSINO DO MUNIC\u00cdPIO DE PRATINHA-MG PELO DEPARTAMENTO DE EDUCA\u00c7\u00c3O E CULTURA, E AOS PARTICIPANTES DOS GRUPOS DE CONVIV\u00caNCIA E FORTALECIMENTO DE V\u00cdNCULOS, ABRANGENDO CRIAN\u00c7AS E IDOSOS PELO DEPARTAMENTO DE ASSIST\u00caNCIA SOCIAL. DE PRATINHA\/MG.<br \/>\n<br \/>\nATA DA SESS\u00c3O<\/td><td class=\"column-4\">PUBLICADO:02\/04\/2025<br \/>\nDISPUTA NO DIA 08\/04\/2025  NO PORTAL LICITANET.<br \/>\nPUBLICADO:09\/04\/2025<\/td><td class=\"column-5\"><\/td>\n<\/tr>\n<tr class=\"row-93\">\n\t<td class=\"column-1\">DISPENSA DE LICITA\u00c7\u00c3O<\/td><td class=\"column-2\"><a href=\"http:\/\/www.pratinha.mg.gov.br\/portal\/wp-content\/uploads\/2025\/04\/TERMO-DE-RATIFICACAO.pdf\">TERMO DE RATIFICA\u00c7\u00c3O<\/a><\/td><td class=\"column-3\">PRESTA\u00c7\u00c3O DE SERVI\u00c7OS, NA CONCESSIONARIA AUTORIZADA, PARA REVIS\u00c3O EM GARANTIA DE 20.000KM DO VEICULO CHEVROLET SPIN 1.8L AT LT7 PLACA TCL \u2013 6A51 DO DEPARTAMENTO MUNICIPAL DE SA\u00daDE <\/td><td class=\"column-4\">PUBLICADO: 02\/04\/2025<\/td><td class=\"column-5\"><\/td>\n<\/tr>\n<tr class=\"row-94\">\n\t<td class=\"column-1\">DISPENSA DE LICITA\u00c7\u00c3O<\/td><td class=\"column-2\"><a href=\"http:\/\/www.pratinha.mg.gov.br\/portal\/wp-content\/uploads\/2025\/03\/Ratificacao-do-processo-1.pdf\">Ratifica\u00e7\u00e3o do processo<\/a><\/td><td class=\"column-3\">CONTRATA\u00c7\u00c3O DE M\u00c3O DE OBRA MEC\u00c2NICA ESPECIALIZADA E AQUISI\u00c7\u00c3O DE PE\u00c7AS PARA A QUINTA REVIS\u00c3O DE GARANTIA DO VE\u00cdCULO CHEVROLET SPIN 1.8L ATA LT7; MODELO: 2023\/2024; CHASSI; 9BGJJ7520RB186694; PLACA: SJH-8F01 DO DEPARTAMENTO DE GABINETE DO PREFEITO.<br \/>\n<br \/>\n<\/td><td class=\"column-4\">PUBLICADO: 25\/03\/2025<\/td><td class=\"column-5\"><\/td>\n<\/tr>\n<tr class=\"row-95\">\n\t<td class=\"column-1\">DISPENSA <\/td><td class=\"column-2\"><a href=\"http:\/\/www.pratinha.mg.gov.br\/portal\/wp-content\/uploads\/2025\/03\/EXTRATO.pdf\">EXTRATO<\/a><\/td><td class=\"column-3\">EXTRATO DE ADITIVO DE CONTRATO<br \/>\n<br \/>\nCONTRATO N\u00ba 20\/2023<br \/>\n<\/td><td class=\"column-4\">PUBLICADO:21\/03\/2025<\/td><td class=\"column-5\"><\/td>\n<\/tr>\n<tr class=\"row-96\">\n\t<td class=\"column-1\">DISPENSA DE LICITA\u00c7\u00c3O N\u00ba 15\/2025<br \/>\nProcesso Administrativo n\u00ba 33\/2025<br \/>\n<\/td><td class=\"column-2\"><a href=\"http:\/\/www.pratinha.mg.gov.br\/portal\/wp-content\/uploads\/2025\/03\/EDITAL-REAGENTE-DPD.pdf\">EDITAL-REAGENTE DPD<\/a><br \/>\n<br \/>\n<a href=\"http:\/\/www.pratinha.mg.gov.br\/portal\/wp-content\/uploads\/2025\/03\/Ata-Sessao-Publica-Abertura-Julgamento-3.pdf\">Ata Sess\u00e3o P\u00fablica Abertura Julgamento<\/a><br \/>\n<br \/>\n<a href=\"http:\/\/www.pratinha.mg.gov.br\/portal\/wp-content\/uploads\/2025\/03\/Ratificacao-do-processo-4.pdf\">Ratifica\u00e7\u00e3o do processo<\/a><\/td><td class=\"column-3\">AQUISI\u00c7\u00c3O DE REAGENTE DPD (N,N-DIETIL-P-FENILENODIAMINA) PARA MEDI\u00c7\u00c3O DE CLORO LIVRE, A SER UTILIZADO NO PROCESSO DE AN\u00c1LISE DA QUALIDADE DA \u00c1GUA DO MUNIC\u00cdPIO DE PRATINHA<br \/>\n<br \/>\nATA DA SESS\u00c3O<br \/>\n<br \/>\nTERMO DE RATIFICA\u00c7\u00c3O<\/td><td class=\"column-4\">PUBLICADO: 20\/03\/2025 CERTAME: 25\/03\/2025 \u00c1S 09:00 (NOVE HORAS)<br \/>\nPUBLICADO :31\/03\/2025<\/td><td class=\"column-5\"><\/td>\n<\/tr>\n<tr class=\"row-97\">\n\t<td class=\"column-1\">DISPENSA DE LICITA\u00c7\u00c3O N\u00ba 014\/2025<br \/>\nPROCESSO ADMINISTRATIVO N\u00ba 031\/2025<br \/>\n<\/td><td class=\"column-2\"><a href=\"http:\/\/www.pratinha.mg.gov.br\/portal\/wp-content\/uploads\/2025\/03\/EDITAL-2.pdf\">EDITAL<\/a><br \/>\n<a href=\"http:\/\/www.pratinha.mg.gov.br\/portal\/wp-content\/uploads\/2025\/03\/Ata-Sessao-Publica-Abertura-Julgamento-4.pdf\">Ata Sess\u00e3o P\u00fablica Abertura Julgamento<\/a><br \/>\n<br \/>\n<a href=\"http:\/\/www.pratinha.mg.gov.br\/portal\/wp-content\/uploads\/2025\/03\/Ratificacao-do-processo-5.pdf\">Ratifica\u00e7\u00e3o do processo<\/a><\/td><td class=\"column-3\">AQUISI\u00c7\u00c3O ARTIGOS FUNER\u00c1RIOS PARA O VEL\u00d3RIO MUNICIPAL.<br \/>\nATA DA SESS\u00c3O<br \/>\nTERMO DE RATIFICA\u00c7\u00c3O<\/td><td class=\"column-4\">PUBLICADO: 18\/03\/2025 CERTAME: 25\/03\/2025 \u00c1S 09:00 (NOVE HORAS)<br \/>\nPUBLICADO:31\/03\/2025<\/td><td class=\"column-5\"><\/td>\n<\/tr>\n<tr class=\"row-98\">\n\t<td class=\"column-1\">DISPENSA DE LICITA\u00c7\u00c3O N\u00ba 13\/2025<br \/>\nPROCESSO ADMINISTRATIVO N\u00ba 30\/2025<br \/>\n<\/td><td class=\"column-2\"><a href=\"http:\/\/www.pratinha.mg.gov.br\/portal\/wp-content\/uploads\/2025\/03\/EDITAL-OVOS-DE-PASCOA.pdf\">EDITAL-OVOS DE PASCOA<\/a><br \/>\n<a href=\"http:\/\/www.pratinha.mg.gov.br\/portal\/wp-content\/uploads\/2025\/03\/ATA.pdf\">ATA<\/a><br \/>\n<a href=\"http:\/\/www.pratinha.mg.gov.br\/portal\/wp-content\/uploads\/2025\/03\/TERMO-DE-ANULACAO.pdf\">TERMO DE ANULA\u00c7\u00c3O<\/a><\/td><td class=\"column-3\">A AQUISI\u00c7\u00c3O DE OVOS DE P\u00c1SCOA, A SEREM OFERTADOS AOS ALUNOS DA REDE MUNICIPAL DE ENSINO DO MUNIC\u00cdPIO DE PRATINHA-MG PELO DEPARTAMENTO DE EDUCA\u00c7\u00c3O E CULTURA, E AOS PARTICIPANTES DOS GRUPOS DE CONVIV\u00caNCIA E FORTALECIMENTO DE V\u00cdNCULOS, ABRANGENDO CRIAN\u00c7AS E IDOSOS PELO DEPARTAMENTO DE ASSIST\u00caNCIA SOCIAL.<br \/>\n<br \/>\nATA DA SESS\u00c3O<br \/>\nTERMO DE ANULA\u00c7\u00c3O DE LICITA\u00c7\u00c3O<\/td><td class=\"column-4\">PUBLICADO: 18\/03\/2025 CERTAME: 24\/03\/2025 \u00c1S 09:00 (NOVE HORAS)<br \/>\n<br \/>\nPUBLICADO:31\/03\/2025<br \/>\nPUBLICADO:25\/03\/2025<\/td><td class=\"column-5\"><\/td>\n<\/tr>\n<tr class=\"row-99\">\n\t<td class=\"column-1\">DISPENSA DE LICITA\u00c7\u00c3O N\u00ba 12\/2025<br \/>\nPROCESSO ADMINISTRATIVO N\u00ba 29\/2024<br \/>\n<\/td><td class=\"column-2\"><a href=\"http:\/\/www.pratinha.mg.gov.br\/portal\/wp-content\/uploads\/2025\/03\/EDITAL-1.pdf\">EDITAL<\/a><br \/>\n<br \/>\n<a href=\"http:\/\/www.pratinha.mg.gov.br\/portal\/wp-content\/uploads\/2025\/03\/Ata-Sessao-Publica-Abertura-Julgamento-1.pdf\">Ata Sess\u00e3o P\u00fablica Abertura Julgamento<\/a><br \/>\n<a href=\"http:\/\/www.pratinha.mg.gov.br\/portal\/wp-content\/uploads\/2025\/03\/Ratificacao-do-processo-2.pdf\">Ratifica\u00e7\u00e3o do processo<\/a><\/td><td class=\"column-3\">CONTRATA\u00c7\u00c3O DE GRUPO DE RECREADORES COM NO MINIMO 04 PROFISSIONAIS PARA REALIZA\u00c7\u00c3O DE APRESENTA\u00c7\u00c3O CIRCENSE NAS ESCOLAS MUNICIPAIS, EM ATENDIMENTO AO DEPARTAMENTO DE EDUCA\u00c7\u00c3O E CULTURA.<br \/>\nATA DA SESS\u00c3O<br \/>\n<br \/>\nTERMO DE RATIFICA\u00c7\u00c3O<\/td><td class=\"column-4\">PUBLICADO: 18\/03\/2025 CERTAME: 24\/03\/2025 \u00c1S 13:00 (TREZE HORAS)<br \/>\nPUBLICADO:25\/03\/2025<br \/>\nPUBLICADO:31\/03\/2025<\/td><td class=\"column-5\"><\/td>\n<\/tr>\n<tr class=\"row-100\">\n\t<td class=\"column-1\">DISPENSA DE LICITA\u00c7\u00c3O N\u00ba 11\/2025<br \/>\nPROCESSO ADMINISTRATIVO N\u00ba 23\/2025<br \/>\n<\/td><td class=\"column-2\"><a href=\"http:\/\/www.pratinha.mg.gov.br\/portal\/wp-content\/uploads\/2025\/03\/EDITAL-MATERIAL-ELETRICO.pdf\">EDITAL-MATERIAL ELETRICO<\/a><br \/>\n<a href=\"http:\/\/www.pratinha.mg.gov.br\/portal\/wp-content\/uploads\/2025\/03\/Ata-Sessao-Publica-Abertura-Julgamento-2.pdf\">Ata Sess\u00e3o P\u00fablica Abertura Julgamento<\/a><br \/>\n<br \/>\n<a href=\"http:\/\/www.pratinha.mg.gov.br\/portal\/wp-content\/uploads\/2025\/03\/Ratificacao-do-processo-3.pdf\">Ratifica\u00e7\u00e3o do processo<\/a><br \/>\n<br \/>\n&lt;a href=&quot;http:\/\/www.pratinha.mg.gov.br\/portal\/wp-content\/uploads\/2025\/11\/<\/td><td class=\"column-3\">AQUISI\u00c7\u00c3O DE MATERIAIS EL\u00c9TRICOS PARA MELHORAMENTO DE PONTO DE ENERGIA NA PRA\u00c7A DO ROS\u00c1RIO PARA RECEBER A CARRETA DE SA\u00daDE ITINERANTE FAEMG-SENAR NOS DIAS 20 E 21\/03\/2025.<br \/>\nTERMO DE RATIFICA\u00c7\u00c3O<br \/>\n<br \/>\n<\/td><td class=\"column-4\">CERTAME: 13\/02\/2025 \u00c1S 14:00 HORAS<br \/>\nPUBLICADO:25\/03\/2025<br \/>\n<br \/>\nPUBLICADO:31\/03\/2025<br \/>\n<\/td><td class=\"column-5\"><\/td>\n<\/tr>\n<tr class=\"row-101\">\n\t<td class=\"column-1\">DISPENSA DE LICITA\u00c7\u00c3O N\u00ba 10\/2025<br \/>\nPROCESSO ADMINISTRATIVO N\u00ba 22\/2025<br \/>\n<\/td><td class=\"column-2\"><a href=\"http:\/\/www.pratinha.mg.gov.br\/portal\/wp-content\/uploads\/2025\/02\/AVISO-DE-CONTRATACAO-DIRETA.pdf\">AVISO DE CONTRATA\u00c7\u00c3O DIRETA<\/a><br \/>\n<br \/>\n<a href=\"http:\/\/www.pratinha.mg.gov.br\/portal\/wp-content\/uploads\/2025\/03\/Ata-Sessao-Publica-Abertura-Julgamento.pdf\">Ata Sess\u00e3o P\u00fablica Abertura Julgamento<\/a><br \/>\n<br \/>\n<a href=\"http:\/\/www.pratinha.mg.gov.br\/portal\/wp-content\/uploads\/2025\/03\/Ratificacao-do-processo.pdf\">Ratifica\u00e7\u00e3o do processo<\/a><br \/>\n<a href=\"http:\/\/www.pratinha.mg.gov.br\/portal\/wp-content\/uploads\/2025\/03\/EXTRATO-DE-CONTRATO-3.pdf\">EXTRATO DE CONTRATO<\/a><br \/>\n<br \/>\n<a href=\"http:\/\/www.pratinha.mg.gov.br\/portal\/wp-content\/uploads\/2026\/03\/EXTRATO-DE-ADITIVO-DE-CONTRATO.pdf\">EXTRATO DE ADITIVO DE CONTRATO<\/a><\/td><td class=\"column-3\">CONTRATA\u00c7\u00c3O DE 02 INSTRUTORES DE CAPOEIRA PARA REALIZA\u00c7\u00c3O DE OFICINAS EM ATENDIMENTO AO DEPARTAMENTO DE EDUCA\u00c7\u00c3O E CULTURA.<br \/>\nATA DA SESS\u00c3O<br \/>\nTERMO DE RATIFICA\u00c7\u00c3O<br \/>\nEXTRATO DE CONTRATO<br \/>\n<br \/>\nextrato de aditivo<\/td><td class=\"column-4\">PUBLICADO: 27\/02\/2025<br \/>\nCERTAME: 10\/03\/2025<br \/>\n09:00 (NOVE HORAS)<br \/>\nPUBLICADO:10\/03\/2025<br \/>\nPUBLICADO:17\/03\/2025<br \/>\nPUBLICADO:18\/03\/2026<\/td><td class=\"column-5\"><\/td>\n<\/tr>\n<tr class=\"row-102\">\n\t<td class=\"column-1\">DISPENSA DE LICITA\u00c7\u00c3O<br \/>\nCONTRATO N 019<\/td><td class=\"column-2\"><a href=\"http:\/\/www.pratinha.mg.gov.br\/portal\/wp-content\/uploads\/2025\/02\/EXTRATO-DE-ADITIVO.pdf\">EXTRATO DE ADITIVO<\/a><\/td><td class=\"column-3\">EXTRATO DE CONTRATO<\/td><td class=\"column-4\">PUBLICADO:11\/02\/2025<\/td><td class=\"column-5\">ADITADO O CONTRATO N\u00ba019\/2023<\/td>\n<\/tr>\n<tr class=\"row-103\">\n\t<td class=\"column-1\">PROCESSO: 09\/2024<br \/>\n  DISPENSA N\u00ba 07\/2024<br \/>\n<\/td><td class=\"column-2\"><a href=\"http:\/\/www.pratinha.mg.gov.br\/portal\/wp-content\/uploads\/2025\/02\/EXTRATO-DE-ADITIVO-DE-CONTRATO-1.pdf\">EXTRATO DE ADITIVO DE CONTRATO<\/a><\/td><td class=\"column-3\">PUBLICA\u00c7\u00c3O DE ATOS OFICIAIS NO DIARIO OFICIAL ELETRONICO DE \u201cMINAS GERAIS\u201d DOEMG<br \/>\nEXTRATO DE ADITIVO<\/td><td class=\"column-4\">PUBLICADO:10\/02\/2025<\/td><td class=\"column-5\">CONTRATO N\u00ba011\/2024<br \/>\nADITADO A VIGENCIA <\/td>\n<\/tr>\n<tr class=\"row-104\">\n\t<td class=\"column-1\">DISPENSA DE LICITA\u00c7\u00c3O<\/td><td class=\"column-2\"><a href=\"http:\/\/www.pratinha.mg.gov.br\/portal\/wp-content\/uploads\/2025\/01\/TERMO-DE-RATIFICACAO-3.pdf\">TERMO DE RATIFICA\u00c7\u00c3O<\/a><\/td><td class=\"column-3\">CONTRATA\u00c7\u00c3O DE MEPRESA DE CONSULTORIA EM GEST\u00c3O COM PESSOAS ESPECIALIZADA EM TREINAMENTO E DESENVOLVIMENTO PROFISSIONAL E GERENCIAL, PARA TODA EQUIPE DO SETOR EDUCACIONAL DA PREFEITURA MUNICIPAL DE PRATINHA\/MG. <br \/>\n<br \/>\nTERMO DE RATIFICA\u00c7\u00c3O<\/td><td class=\"column-4\">PUBLICADO: 30\/01\/2025<\/td><td class=\"column-5\"><\/td>\n<\/tr>\n<tr class=\"row-105\">\n\t<td class=\"column-1\">PROCESSO ADMINISTRATIVO N\u00ba 016\/2025<br \/>\nDISPENSA DE LICITA\u00c7\u00c3O N\u00ba 009\/2025<br \/>\n<\/td><td class=\"column-2\"><a href=\"http:\/\/www.pratinha.mg.gov.br\/portal\/wp-content\/uploads\/2025\/01\/TERMO-DE-RATIFICACAO-2.pdf\">TERMO DE RATIFICA\u00c7\u00c3O<\/a><br \/>\n<br \/>\n<a href=\"http:\/\/www.pratinha.mg.gov.br\/portal\/wp-content\/uploads\/2025\/02\/EXTRATO-DE-CONTRATO-13.pdf\">EXTRATO DE CONTRATO 13<\/a><br \/>\n<br \/>\n<a href=\"http:\/\/www.pratinha.mg.gov.br\/portal\/wp-content\/uploads\/2025\/02\/EXTRATO-DE-CONTRATO-4.pdf\">EXTRATO DE CONTRATO<\/a><\/td><td class=\"column-3\">AQUISI\u00c7\u00c3O DE MATERIAIS DE CONSTRU\u00c7\u00c3O PARA REPARO DA PONTE - C\u00d3RREGO SANTA TEREZA DE PRATINHA\/MG. <br \/>\n<br \/>\nEXTRATO DE CONTRATO<\/td><td class=\"column-4\">PUBLICADO: 30\/01\/2025<br \/>\nPUBLICADO:04\/02\/2025<\/td><td class=\"column-5\"><\/td>\n<\/tr>\n<tr class=\"row-106\">\n\t<td class=\"column-1\">DISPENSA DE LICITA\u00c7\u00c3O: 008\/2025<br \/>\nPROCESSO ADMINISTRATIVO 013\/2025<br \/>\n<\/td><td class=\"column-2\"><a href=\"http:\/\/www.pratinha.mg.gov.br\/portal\/wp-content\/uploads\/2025\/01\/EDITAL-2.pdf\">EDITAL<\/a><br \/>\n<a href=\"http:\/\/www.pratinha.mg.gov.br\/portal\/wp-content\/uploads\/2025\/02\/Ata-Sessao-Publica-Abertura-Julgamento.pdf\">Ata Sess\u00e3o P\u00fablica Abertura Julgamento<\/a><br \/>\n<br \/>\n<a href=\"http:\/\/www.pratinha.mg.gov.br\/portal\/wp-content\/uploads\/2025\/02\/Ratificacao-do-processo.pdf\">Ratifica\u00e7\u00e3o do processo<\/a><\/td><td class=\"column-3\">CONTRATA\u00c7\u00c3O DE SERVI\u00c7OS PARA CONFEC\u00c7\u00c3O DE CARIMBOS AUTM\u00c1TICOS E ENTINTADOS PARA ATENDIMENTO DAS DEMANDAS DE DIVERSAS SECRETARIAS MUNICIPAIS.<br \/>\nATA DA SESS\u00c3O<br \/>\nTERMO DE RATIFICA\u00c7\u00c3O<\/td><td class=\"column-4\">PUBLICADO: 28\/01\/2025 CERTAME 03\/02\/2025 \u00e0s 14:00h (QUATORZE)<br \/>\nPUBLICADO:03\/02\/2025<\/td><td class=\"column-5\"><\/td>\n<\/tr>\n<tr class=\"row-107\">\n\t<td class=\"column-1\">DE DISPENSA DE LICITA\u00c7\u00c3O N\u00ba 07\/2025<br \/>\nPROCESSO ADMINISTRATIVO N\u00ba 12\/2025<\/td><td class=\"column-2\"><a href=\"http:\/\/www.pratinha.mg.gov.br\/portal\/wp-content\/uploads\/2025\/01\/TERMO-DE-RATIFICACAO.pdf\">TERMO DE RATIFICA\u00c7\u00c3O<\/a><br \/>\n<br \/>\n<a href=\"http:\/\/www.pratinha.mg.gov.br\/portal\/wp-content\/uploads\/2025\/01\/EXTRATO-DE-CONTRATO-6.pdf\">EXTRATO DE CONTRATO<\/a><\/td><td class=\"column-3\">CONTRATA\u00c7\u00c3O DE SERVI\u00c7OS DE MANUTEN\u00c7\u00c3O CORRETIVA E PREVENTIVA DO SISTEMA DE ILUMINA\u00c7\u00c3O P\u00daBLICA DO MUNIC\u00cdPIO DE PRATINHA-MG, POR MEIO DE CONTRATO DE PROGRAMA COM O CONS\u00d3RCIO INTERFEDERATIVO MULFINALIT\u00c1RIO DO PLANALTO DE ARAX\u00c1 \u2013 CIMINAS, DO QUAL ESTE MUNIC\u00cdP\u00cdO \u00c9 SIGNAT\u00c1RIO. CONSIDERANDO A OBRIGA\u00c7\u00c3O DO MUNIC\u00cdPIO DE PRATINHA NA MANUTEN\u00c7\u00c3O DA ILUMINA\u00c7\u00c3O P\u00daBLICA, BEM COMO HAJA VISTA A ECONOMICIDADE DA PRESTA\u00c7\u00c3O DO SERVI\u00c7O POR INTERM\u00c9DIO DO CONS\u00d3RCIO ACIMA MENCIONADO, JUSTIFICA-SE A PRESENTE CONTRATA\u00c7\u00c3O POR DISPENSA DE LICITA\u00c7\u00c3O.<br \/>\n<br \/>\n<br \/>\nEXTRATO DE CONTRATO<\/td><td class=\"column-4\">PUBLICADO: 24\/01\/2025<br \/>\n<\/td><td class=\"column-5\"><\/td>\n<\/tr>\n<tr class=\"row-108\">\n\t<td class=\"column-1\">CONTRATO DIRETO<\/td><td class=\"column-2\"><a href=\"http:\/\/www.pratinha.mg.gov.br\/portal\/wp-content\/uploads\/2025\/01\/EXTRATO-.pdf\">EXTRATO<\/a><\/td><td class=\"column-3\">EXTRATO \tDE ADITIVO \tDE CONTR ATO<\/td><td class=\"column-4\">PUBLICADO:21\/01\/2025<\/td><td class=\"column-5\">CONTRATO: N\u00ba02\/2023<\/td>\n<\/tr>\n<tr class=\"row-109\">\n\t<td class=\"column-1\">CONTRATO DIRETO<\/td><td class=\"column-2\"><a href=\"http:\/\/www.pratinha.mg.gov.br\/portal\/wp-content\/uploads\/2025\/01\/EXTRATO-DE-ADITIVO.pdf\">EXTRATO DE ADITIVO<\/a><\/td><td class=\"column-3\">EXTRATO \tDE ADITIVO \tDE CONTR ATO<\/td><td class=\"column-4\">PUBLICADO:21\/01\/2025<\/td><td class=\"column-5\">CONTRATO N\u00b003\/2023<\/td>\n<\/tr>\n<tr class=\"row-110\">\n\t<td class=\"column-1\">CONTRATO DIRETO<\/td><td class=\"column-2\"><a href=\"http:\/\/www.pratinha.mg.gov.br\/portal\/wp-content\/uploads\/2025\/01\/EXTRATO-DE-ADITIVO-1.pdf\">EXTRATO DE ADITIVO<\/a><\/td><td class=\"column-3\">EXTRATO DE ADITIVO DE  CONTRATO<\/td><td class=\"column-4\">PUBLICADO:21\/01\/2025<\/td><td class=\"column-5\">CONTRATO N\u00ba04\/2023<\/td>\n<\/tr>\n<tr class=\"row-111\">\n\t<td class=\"column-1\">CONTRATO DIRETO<\/td><td class=\"column-2\"><a href=\"http:\/\/www.pratinha.mg.gov.br\/portal\/wp-content\/uploads\/2025\/01\/EXTRATO-DE-ADITIVO-2.pdf\">EXTRATO DE ADITIVO<\/a><\/td><td class=\"column-3\">EXTRATO DE ADITIVO CONTRATO<\/td><td class=\"column-4\">PUBLICADO:21\/01\/2025<\/td><td class=\"column-5\">CONTRATO N\u00ba 05\/2023<\/td>\n<\/tr>\n<tr class=\"row-112\">\n\t<td class=\"column-1\">DISPENSA DE LICITA\u00c7\u00c3O N\u00b0 006\/2025<br \/>\nPROCESSO: N\u00b0 011\/2025<br \/>\n<\/td><td class=\"column-2\"><a href=\"http:\/\/www.pratinha.mg.gov.br\/portal\/wp-content\/uploads\/2025\/01\/TERMO-DE-RATIFICACAO.pdf\">TERMO DE RATIFICA\u00c7\u00c3O<\/a><br \/>\n<a href=\"http:\/\/www.pratinha.mg.gov.br\/portal\/wp-content\/uploads\/2025\/02\/EXTRATO-DE-CONTRATO.pdf\">EXTRATO DE CONTRATO<\/a><br \/>\n<br \/>\n<a href=\"http:\/\/www.pratinha.mg.gov.br\/portal\/wp-content\/uploads\/2025\/11\/EXTRATO-RECISAO-DA-RAILA-1.pdf\">EXTRATO RECISAO DA RAILA<\/a><\/td><td class=\"column-3\">CONTRATA\u00c7\u00c3O DE PRESTA\u00c7\u00c3O DE SERVI\u00c7OS NA \u00c1REA DE ASSISTENCIA SOCIAL EM ATENDIMENTO AO DEPARTAMENTO MUNICIPAL DE A\u00c7\u00c3O E PROMO\u00c7\u00c3O SOCIAL DO MUNICIPIO DE PRATINHA\/MG <br \/>\n<br \/>\nEXTRATO DE CONTRATO<br \/>\n<br \/>\nEXTRATO DE RECISAO<\/td><td class=\"column-4\">PUBLICADO: 21\/01\/2025<br \/>\nPUBLICADO: 03\/02\/2025<br \/>\nPUBLICADO<\/td><td class=\"column-5\"><\/td>\n<\/tr>\n<tr class=\"row-113\">\n\t<td class=\"column-1\">DISPENSA DE LICITA\u00c7\u00c3O<\/td><td class=\"column-2\"><a href=\"http:\/\/www.pratinha.mg.gov.br\/portal\/wp-content\/uploads\/2025\/01\/RATIFICACAO-3.pdf\">RATIFICA\u00c7\u00c3O<\/a><\/td><td class=\"column-3\">AQUISI\u00c7\u00c3O DE PE\u00c7AS E M\u00c3O DE OBRA MEC\u00c2NICA EM CONCESSION\u00c1RIA <br \/>\nAUTORIZADA PARA REVIS\u00c3O DE GARANTIA DE 40.00 KM, DO VEICULO SPIN, SJH 8F01.<br \/>\n<\/td><td class=\"column-4\">PUBLICADO: 20\/01\/2025<\/td><td class=\"column-5\"><\/td>\n<\/tr>\n<tr class=\"row-114\">\n\t<td class=\"column-1\">DISPENSA DE LICITA\u00c7\u00c3O<\/td><td class=\"column-2\"><a href=\"http:\/\/www.pratinha.mg.gov.br\/portal\/wp-content\/uploads\/2025\/01\/RATIFICACAO-RETROESCAVADEIRA.pdf\">RATIFICA\u00c7\u00c3O RETROESCAVADEIRA<\/a><\/td><td class=\"column-3\">AQUISI\u00c7\u00c3O DE <br \/>\nPE\u00c7AS, DESLOCAMENTO MEC\u00c2NICO E M\u00c3O DE OBRA ESPECIALIZADA <br \/>\nPARA REVIS\u00c3O DE GARANTIA DE 500 HORAS DA RETROESCAVADEIRA <br \/>\nNEW HOLLAND, B110C.<\/td><td class=\"column-4\">PUBLICADO: 20\/01\/2025<\/td><td class=\"column-5\"><\/td>\n<\/tr>\n<tr class=\"row-115\">\n\t<td class=\"column-1\">DE DISPENSA DE LICITA\u00c7\u00c3O N\u00ba 05\/2025<br \/>\nPROCESSO ADMINISTRATIVO N\u00ba 09\/2025<br \/>\n<\/td><td class=\"column-2\"><a href=\"http:\/\/www.pratinha.mg.gov.br\/portal\/wp-content\/uploads\/2025\/01\/EDITAL-1.pdf\">EDITAL<\/a><br \/>\n<a href=\"http:\/\/www.pratinha.mg.gov.br\/portal\/wp-content\/uploads\/2025\/01\/ata.pdf\">ata<\/a><br \/>\n<a href=\"http:\/\/www.pratinha.mg.gov.br\/portal\/wp-content\/uploads\/2025\/01\/termo-de-ratificacao.pdf\">termo de ratifica\u00e7\u00e3o<\/a><br \/>\n<br \/>\n<a href=\"http:\/\/www.pratinha.mg.gov.br\/portal\/wp-content\/uploads\/2025\/01\/EXTRATO-DE-CONTRATO-7.pdf\">EXTRATO DE CONTRATO<\/a><br \/>\n<br \/>\n<br \/>\n<a href=\"http:\/\/www.pratinha.mg.gov.br\/portal\/wp-content\/uploads\/2026\/01\/EXTRATO-DE-ADITIVO-DE-CONTRATO.pdf\">EXTRATO DE ADITIVO DE CONTRATO<\/a><\/td><td class=\"column-3\">CONTRATA\u00c7\u00c3O DE ASSESSORIA DE COMUNICA\u00c7\u00c3O, INCLUINDO PRODU\u00c7\u00c3O DE M\u00cdDIAS DIGITAIS, MANUTEN\u00c7\u00c3O DE M\u00cdDIAS SOCIAIS DA PREFEITURA MUNICIPAL DE PRATINHA, COBERTURA DE EVENTOS OFICIAIS E PRODU\u00c7\u00c3O DE INFORMATIVOS A POPULA\u00c7\u00c3O<br \/>\nATA DA SESS\u00c3O<br \/>\nTERMO DE RATIFICA\u00c7\u00c3O<br \/>\n<br \/>\nEXTRATO DE CONTRATO <br \/>\n<br \/>\nEXTRATO DE TERMO DE ADITIVO<\/td><td class=\"column-4\">PUBLICADO: 17\/01\/2025<br \/>\nCERTAME: 23\/01\/2025<br \/>\n09:00 (NOVE HORAS)<br \/>\nPUBLICADO:23\/01\/2025<br \/>\nPUBLICADO:24\/01\/2025<br \/>\nPUBLICADO: 28\/01\/2025<br \/>\n<br \/>\nPUBLICADO:13\/01\/2026<\/td><td class=\"column-5\">ADITADO O CONTRATO DE N\u00ba007\/2025 POR MAIS 12 MESES.<\/td>\n<\/tr>\n<tr class=\"row-116\">\n\t<td class=\"column-1\">DISPENSA DE LICITA\u00c7\u00c3O N\u00ba 04\/2025<br \/>\nPROCESSO ADMINISTRATIVO N\u00ba 08\/2025<br \/>\n<\/td><td class=\"column-2\"><a href=\"http:\/\/www.pratinha.mg.gov.br\/portal\/wp-content\/uploads\/2025\/01\/EDITAL-CARRINHOS-COLETA-DE-LIXO-1.pdf\">EDITAL-CARRINHOS COLETA DE LIXO<\/a><br \/>\n<a href=\"http:\/\/www.pratinha.mg.gov.br\/portal\/wp-content\/uploads\/2025\/01\/Ata-Sessao-Publica-Abertura-Julgamento-4.pdf\">Ata Sess\u00e3o P\u00fablica Abertura Julgamento<\/a><br \/>\n<br \/>\n<a href=\"http:\/\/www.pratinha.mg.gov.br\/portal\/wp-content\/uploads\/2025\/01\/Ratificacao-do-processo-3.pdf\">Ratifica\u00e7\u00e3o do processo<\/a><\/td><td class=\"column-3\">AQUISI\u00c7\u00c3O DE CARRINHO MANUAL PARA LIMPEZA URBANA (CARRINHO DE GARI).<br \/>\nATA SESS\u00c3O <br \/>\nTERMO DE RATIFICA\u00c7\u00c3O<\/td><td class=\"column-4\">PUBLICADO: 17\/01\/2025 CERTAME: 24\/01\/2025<br \/>\n14:00 (QUATORZE <br \/>\nHORAS)<br \/>\nPUBLICADO:27\/01\/2025<\/td><td class=\"column-5\"><\/td>\n<\/tr>\n<tr class=\"row-117\">\n\t<td class=\"column-1\">DISPENSA DE LICITA\u00c7\u00c3O N\u00ba 03\/2025<br \/>\nPROCESSO ADMINISTRATIVO N\u00ba 07\/2025<br \/>\n<\/td><td class=\"column-2\"><a href=\"http:\/\/www.pratinha.mg.gov.br\/portal\/wp-content\/uploads\/2025\/01\/EDITAL-BOMBA-E-ROTOR.pdf\">EDITAL-BOMBA E ROTOR<\/a><br \/>\n<br \/>\n<a href=\"http:\/\/www.pratinha.mg.gov.br\/portal\/wp-content\/uploads\/2025\/01\/Ata-Sessao-Publica-Abertura-Julgamento-3.pdf\">Ata Sess\u00e3o P\u00fablica Abertura Julgamento<\/a><br \/>\n<br \/>\n<a href=\"http:\/\/www.pratinha.mg.gov.br\/portal\/wp-content\/uploads\/2025\/01\/Ratificacao-do-processo-2.pdf\">Ratifica\u00e7\u00e3o do processo<\/a><\/td><td class=\"column-3\">AQUISI\u00c7\u00c3O BOMBA DE RECALQUE EIXO LIVRE E ROTOR PARA BOMBA FAL MODELO 50X40X26, PARA SISTEMA ABASTECIMENTO DE AGUA POT\u00c1VEL PARA A CIDADE DE PRATINHA-MG.<br \/>\nATA DA SESS\u00c3O<br \/>\nTERMO DE RATIFICA\u00c7\u00c3O<\/td><td class=\"column-4\">PUBLICADO: 17\/01\/2025 CERTAME: 24\/01\/2025<br \/>\n09:00 (NOVE HORAS)<br \/>\nPUBLICADO :27\/01\/2025<\/td><td class=\"column-5\"><\/td>\n<\/tr>\n<tr class=\"row-118\">\n\t<td class=\"column-1\">PROCESSO: 06\/2025<br \/>\nDISPENSA DE LICITA\u00c7\u00c3O: 02\/2025<br \/>\n<\/td><td class=\"column-2\"><a href=\"http:\/\/www.pratinha.mg.gov.br\/portal\/wp-content\/uploads\/2025\/01\/EDITAL-PECAS-PARA-ROCADEIRA.docx\">EDITAL-PE\u00c7AS PARA RO\u00c7ADEIRA<\/a><br \/>\n<a href=\"http:\/\/www.pratinha.mg.gov.br\/portal\/wp-content\/uploads\/2025\/01\/Ata-Sessao-Publica-Abertura-Julgamento.pdf\">Ata Sess\u00e3o P\u00fablica Abertura Julgamento<\/a><br \/>\n<br \/>\n<a href=\"http:\/\/www.pratinha.mg.gov.br\/portal\/wp-content\/uploads\/2025\/01\/Ratificacao-do-processo.doc.pdf\">Ratifica\u00e7\u00e3o do processo.doc<\/a><\/td><td class=\"column-3\">AQUISI\u00c7\u00c3O DE ACESS\u00d3RIOS PARA RO\u00c7ADEIRA COSTAL.<br \/>\n<br \/>\nATA DA SES\u00c3O<br \/>\nTERMO DE RATIFICA\u00c7\u00c3O<\/td><td class=\"column-4\">PUBLICADO: 16\/01\/2025<br \/>\nCERTAME: 22\/01\/2025<br \/>\n\u00c1S 09:00 (NOVE HORAS).<br \/>\nPUBLICADO:22\/01\/2025<\/td><td class=\"column-5\"><\/td>\n<\/tr>\n<tr class=\"row-119\">\n\t<td class=\"column-1\">PROCESSO N\u00b0 001\/2025<br \/>\nDISPENSA DE LICITA\u00c7\u00c3O N\u00ba 001\/2025<br \/>\n<\/td><td class=\"column-2\"><a href=\"http:\/\/www.pratinha.mg.gov.br\/portal\/wp-content\/uploads\/2025\/01\/RATIFICACAO.pdf\">RATIFICA\u00c7\u00c3O<\/a><br \/>\n<a href=\"http:\/\/www.pratinha.mg.gov.br\/portal\/wp-content\/uploads\/2025\/01\/EXTRATO-DE-CONTRATO-4.pdf\">EXTRATO DE CONTRATO<\/a><br \/>\n<a href=\"http:\/\/www.pratinha.mg.gov.br\/portal\/wp-content\/uploads\/2025\/01\/DESPACHO-ESCLARESCEDOR.pdf\">DESPACHO ESCLARESCEDOR<\/a><br \/>\n<a href=\"http:\/\/www.pratinha.mg.gov.br\/portal\/wp-content\/uploads\/2025\/02\/EXTRATO-DE-RESCISAO.pdf\">EXTRATO DE RESCIS\u00c3O<\/a><\/td><td class=\"column-3\">PRESTA\u00c7\u00c3O DE SERVI\u00c7OS M\u00c9DICOS NA FORMA DE PLANT\u00d5ES E SOBREAVISO PARA ATENDIMENTOS AOS USU\u00c1RIOS DO SUS \u2013 SISTEMA \u00daNICO DE SA\u00daDE, EM ATENDIMENTO \u00c0S NECESSIDADES DA DEPARTAMENTO MUNICIPAL DE SA\u00daDE DO MUNIC\u00cdPIO DE PRATINHA\/MG<br \/>\n<br \/>\nTERMO DE RATIFICA\u00c7\u00c3O <br \/>\n<br \/>\nEXTRATO DE CONTRATO <br \/>\n<br \/>\nDESPACHO ESCLARECEDOR.<br \/>\n<br \/>\nEXTRATO DE RESCIS\u00c3O DE CONTRATO<\/td><td class=\"column-4\">PUBLICADO: 03\/01\/2025<br \/>\nPUBLICADO: 06\/01\/2025<br \/>\nPUBLICADO:20\/01\/2025<br \/>\nPUBLICADO:05\/02\/2025<\/td><td class=\"column-5\"><\/td>\n<\/tr>\n<tr class=\"row-120\">\n\t<td class=\"column-1\">PROCESSO LICITAT\u00d3RIO N\u00ba. 002\/2025, INEXIGIBILIDADE N\u00ba. 001\/2025<\/td><td class=\"column-2\"><a href=\"http:\/\/www.pratinha.mg.gov.br\/portal\/wp-content\/uploads\/2025\/01\/RATIFICACAO-1.pdf\">RATIFICA\u00c7\u00c3O<\/a><br \/>\n<a href=\"http:\/\/www.pratinha.mg.gov.br\/portal\/wp-content\/uploads\/2025\/01\/RETIFICACAO-DA-RATIFICACAO.pdf\">RETIFICA\u00c7\u00c3O DA RATIFICA\u00c7\u00c3O<\/a><br \/>\n<br \/>\n<a href=\"http:\/\/www.pratinha.mg.gov.br\/portal\/wp-content\/uploads\/2025\/01\/EXTRATO-DE-CONTRATO-1.pdf\">EXTRATO DE CONTRATO<\/a><a href=\"http:\/\/www.pratinha.mg.gov.br\/portal\/wp-content\/uploads\/2025\/04\/EXTRATO-DE-RESCISAO-CONTRATUAL.pdf\">EXTRATO DE RESCIS\u00c3O CONTRATUAL<\/a><\/td><td class=\"column-3\">PRESTA\u00c7\u00c3O DE SERVI\u00c7OS T\u00c9CNICOS ESPECIALIZADOS, DE NATUREZA CONTINUADA, DE CONSULTORIA E ASSESSORIA JUR\u00cdDICA PARA ATIVIDADES DO PODER EXECUTIVO, EM CIRCUNSTANCIAS DE IMPOSSIBILIDADE DE REALIZA\u00c7\u00c3O DOS SERVI\u00c7OS POR SERVIDORES DO QUADRO PESSOAL, CONSISTINDO EM ANALISE, ORIENTA\u00c7\u00c3O E PARECER EM MAT\u00c9RIAS DE ALTA COMPLEXIDADE, PARECERES NA \u00c1REA DE LICITA\u00c7\u00c3O E ORIENTA\u00c7\u00c3O NA ELABORA\u00c7\u00c3O DE PROJETOS DE LEI.<br \/>\n<br \/>\nRATIFICA\u00c7\u00c3O<br \/>\n<br \/>\nRETIFICA\u00c7\u00c3O DA RATIFICA\u00c7\u00c3O<br \/>\n<br \/>\nEXTRATO DE CONTRATO <br \/>\nEXTRATO DE RESCIS\u00c3O CONTRATUAL<\/td><td class=\"column-4\">PUBLICADO: 06\/01\/2025<br \/>\nPUBLICADO: 07\/01\/2025<br \/>\nPUBLICADO: 31\/03\/2025<\/td><td class=\"column-5\"><\/td>\n<\/tr>\n<tr class=\"row-121\">\n\t<td class=\"column-1\">DISPENSA ELETR\u00d4NICA N\u00ba 083\/2024<br \/>\nPROCESSO LICITAT\u00d3RIO N\u00ba 155\/2024<br \/>\n<\/td><td class=\"column-2\"><a href=\"http:\/\/www.pratinha.mg.gov.br\/portal\/wp-content\/uploads\/2025\/01\/LICITANET-ATA-DE-REALIZACAO-DA-DISPENSA-ELETRONICA.pdf\">LICITANET - ATA DE REALIZA\u00c7\u00c3O DA DISPENSA ELETR\u00d4NICA<\/a><br \/>\n<a href=\"http:\/\/www.pratinha.mg.gov.br\/portal\/wp-content\/uploads\/2025\/01\/TERMO-DE-HOMOLOGACAO-E-ADJUDICACAO-.pdf\">TERMO DE HOMOLOGA\u00c7\u00c3O E ADJUDICA\u00c7\u00c3O<\/a><br \/>\n<a href=\"http:\/\/www.pratinha.mg.gov.br\/portal\/wp-content\/uploads\/2025\/01\/EXTRATO-DE-CONTRATO-5.pdf\">EXTRATO DE CONTRATO<\/a><\/td><td class=\"column-3\">CONTRATA\u00c7\u00c3O DE EMPRESA ESPECIALIZADA EM ENGENHARIA CIVIL, INCLUINDO O FORNECIMENTO DE MATERIAL E M\u00c3O DE OBRA, PARA REVITALIZA\u00c7\u00d5ES E MELHORIAS PRA\u00c7AS NESTA CIDADE (PRA\u00c7A DO ROS\u00c1RIO, PRA\u00c7A DA MATRIZ, PRA\u00c7A LOCALIZADA A RUA ANT\u00d4NIO DE ANGELIS, EM FRENTE AO DESTACAMENTO DE POL\u00cdCIA E PRA\u00c7A LOCALIZADA A RUA PEDRO PAULO DOS SANTOS, PR\u00d3XIMO ETA MUNICIPAL.<br \/>\n<br \/>\nATA DA REALIZA\u00c7\u00c3O<br \/>\n DO CERTAME<br \/>\nTERMO DE HOMOLOGA\u00c7\u00c3O E ADJUDICA\u00c7\u00c3O<br \/>\nEXTRATO DE CONTRATO <\/td><td class=\"column-4\">PUBLICADO: 14\/01\/2025<br \/>\nPUBLICADO: 15\/01\/2025<br \/>\nPUBLICADO: 21\/01\/2025<\/td><td class=\"column-5\"><\/td>\n<\/tr>\n<tr class=\"row-122\">\n\t<td class=\"column-1\">DISPENSA DE LICITA\u00c7\u00c3O<\/td><td class=\"column-2\"><a href=\"http:\/\/www.pratinha.mg.gov.br\/portal\/wp-content\/uploads\/2025\/01\/RATIFICACAO-2.pdf\">RATIFICA\u00c7\u00c3O<\/a><\/td><td class=\"column-3\">DISPENSA DE AQUISI\u00c7\u00c3O DE PE\u00c7AS PARA REVIS\u00c3O EM GARANTIA NA CONCESSIONARIA AUTORIZADA, SENDO ESTE CHEVROLET SPIN 1.8L AT LT7; Modelo: 2024\/2025; CHASSI: 9BJC7520SB165015; PLACA: TCL6A51; DO DEPARTAMENTO DE SAUDE.<br \/>\n<br \/>\n<\/td><td class=\"column-4\">PUBLICADO: 15\/01\/2025<\/td><td class=\"column-5\"><\/td>\n<\/tr>\n<\/tbody>\n<\/table>\n<!-- #tablepress-26 from cache -->\n","protected":false},"excerpt":{"rendered":"<p><\/p>","protected":false},"author":1,"featured_media":0,"parent":0,"menu_order":0,"comment_status":"closed","ping_status":"closed","template":"","meta":{"footnotes":""},"class_list":["post-11704","page","type-page","status-publish"],"_links":{"self":[{"href":"https:\/\/www.pratinha.mg.gov.br\/portal\/wp-json\/wp\/v2\/pages\/11704","targetHints":{"allow":["GET"]}}],"collection":[{"href":"https:\/\/www.pratinha.mg.gov.br\/portal\/wp-json\/wp\/v2\/pages"}],"about":[{"href":"https:\/\/www.pratinha.mg.gov.br\/portal\/wp-json\/wp\/v2\/types\/page"}],"author":[{"embeddable":true,"href":"https:\/\/www.pratinha.mg.gov.br\/portal\/wp-json\/wp\/v2\/users\/1"}],"replies":[{"embeddable":true,"href":"https:\/\/www.pratinha.mg.gov.br\/portal\/wp-json\/wp\/v2\/comments?post=11704"}],"version-history":[{"count":3,"href":"https:\/\/www.pratinha.mg.gov.br\/portal\/wp-json\/wp\/v2\/pages\/11704\/revisions"}],"predecessor-version":[{"id":11710,"href":"https:\/\/www.pratinha.mg.gov.br\/portal\/wp-json\/wp\/v2\/pages\/11704\/revisions\/11710"}],"wp:attachment":[{"href":"https:\/\/www.pratinha.mg.gov.br\/portal\/wp-json\/wp\/v2\/media?parent=11704"}],"curies":[{"name":"wp","href":"https:\/\/api.w.org\/{rel}","templated":true}]}}