{"id":11702,"date":"2025-01-06T09:51:42","date_gmt":"2025-01-06T09:51:42","guid":{"rendered":"https:\/\/www.pratinha.mg.gov.br\/portal\/?page_id=11702"},"modified":"2025-01-06T09:53:01","modified_gmt":"2025-01-06T09:53:01","slug":"licitacoes-2025","status":"publish","type":"page","link":"https:\/\/www.pratinha.mg.gov.br\/portal\/licitacoes-2025\/","title":{"rendered":"Licita\u00e7\u00f5es 2025"},"content":{"rendered":"\n<table id=\"tablepress-25\" class=\"tablepress tablepress-id-25\">\n<thead>\n<tr class=\"row-1\">\n\t<th class=\"column-1\">                                                                                                           <\/th><th class=\"column-2\">ARQUIVO<\/th><th class=\"column-3\">OBJETO<\/th><th class=\"column-4\">DATA<\/th><th class=\"column-5\">RESULTADO<\/th>\n<\/tr>\n<\/thead>\n<tbody class=\"row-striping row-hover\">\n<tr class=\"row-2\">\n\t<td class=\"column-1\">Processo Administrativo N\u00ba 012\/2025<br \/>\n<br \/>\nDados do Processo da Ciminas<br \/>\nAta de Registro de Pre\u00e7os N\u00ba 029\/2025<br \/>\nPreg\u00e3o Eletr\u00f4nico N\u00ba 014\/2025<br \/>\nProcesso Licitat\u00f3rio N\u00ba 024\/2025<br \/>\n<\/td><td class=\"column-2\"><a href=\"http:\/\/www.pratinha.mg.gov.br\/portal\/wp-content\/uploads\/2025\/12\/RATIFICACAO-TERMO-DE-HOMOLOGACAO.pdf\">RATIFICA\u00c7\u00c3O - TERMO DE HOMOLOGA\u00c7\u00c3O<\/a><\/td><td class=\"column-3\">TERMO DE RATIFICA\u00c7\u00c3O : REGISTRO DE PRE\u00c7O PARA FUTURA E EVENTUAL AQUISI\u00c7\u00c3O DE VE\u00cdCULOS DA LINHA LEVE, AFIM DE ATENDER AS NECESSIDADES DOS ENTES CONSORCIADOS AO CIMINAS<\/td><td class=\"column-4\">PUBLICADO: 15\/12\/2025<\/td><td class=\"column-5\"><\/td>\n<\/tr>\n<tr class=\"row-3\">\n\t<td class=\"column-1\">PROCESSO N\u00ba 07\/2022<br \/>\nPREG\u00c3O PRESENCIAL N\u00ba 03\/2022<\/td><td class=\"column-2\"><a href=\"http:\/\/www.pratinha.mg.gov.br\/portal\/wp-content\/uploads\/2025\/12\/4o-TERMO-ADITIVO-MOURA-PEDIATRIA.pdf\">4\u00ba TERMO ADITIVO- MOURA PEDIATRIA<\/a><\/td><td class=\"column-3\">CONTRATA\u00c7\u00c3O DE SERVI\u00c7O ESPECIALIZADO EM PEDIATRIA PARA REALIZAR CONSULTAS AMBULATORIAIS DE ROTINA.<\/td><td class=\"column-4\">PUBLICADO:15\/12\/2025<\/td><td class=\"column-5\"><\/td>\n<\/tr>\n<tr class=\"row-4\">\n\t<td class=\"column-1\">PROCESSO: 059\/2021<br \/>\nPREG\u00c3O PRESENCIAL: 021\/2021<br \/>\n<\/td><td class=\"column-2\"><a href=\"http:\/\/www.pratinha.mg.gov.br\/portal\/wp-content\/uploads\/2025\/12\/EXTRATO-DE-TERMO-4o-ADITIVO-.doc.pdf\">EXTRATO DE TERMO 4\u00ba ADITIVO-.doc<\/a><\/td><td class=\"column-3\">LOCA\u00c7\u00c3O DE VE\u00cdCULOS COM MOTORISTAS, PARA TRANSPORTE DE ESTUDANTES DO ENSINO INFANTIL, FUNDAMENTAL E M\u00c9DIO DA ZONA RURAL, PARA ESCOLAS NA SEDE DO MUNIC\u00cdPIO DE PRATINHA MG E VICE-VERSA DURANTE O ANO LETIVO DE 2022<\/td><td class=\"column-4\">PUBLICADO:15\/12\/2025<\/td><td class=\"column-5\"><\/td>\n<\/tr>\n<tr class=\"row-5\">\n\t<td class=\"column-1\">PROCESSO N\u00ba0139\/2025 PREG\u00c3O ELETRONICO N\u00ba040\/2025<\/td><td class=\"column-2\"><a href=\"http:\/\/www.pratinha.mg.gov.br\/portal\/wp-content\/uploads\/2025\/12\/EDITAL-SRP-1.pdf\">EDITAL SRP<\/a><br \/>\n<br \/>\n<a href=\"http:\/\/www.pratinha.mg.gov.br\/portal\/wp-content\/uploads\/2025\/12\/LICITANET-ATA-DE-REALIZACAO-DO-PREGAO-ELETRONICO-1.pdf\">LICITANET - ATA DE REALIZA\u00c7\u00c3O DO PREG\u00c3O ELETR\u00d4NICO<\/a><br \/>\n<br \/>\n<a href=\"http:\/\/www.pratinha.mg.gov.br\/portal\/wp-content\/uploads\/2026\/01\/homologacao-e-adjudicacao.docx.pdf\">homologa\u00e7ao e adjudica\u00e7\u00e3o.docx<\/a><br \/>\n<br \/>\n<a href=\"http:\/\/www.pratinha.mg.gov.br\/portal\/wp-content\/uploads\/2026\/01\/EXTRATO-DE-ATA.pdf\">EXTRATO DE ATA<\/a><\/td><td class=\"column-3\">REGISTRO DE PRE\u00c7OS PARA CONTRATA\u00c7\u00c3O DE SERVI\u00c7O DE PRENSA MEC\u00c2NICA DE MANGUEIRAS E CONEX\u00d5ES, INCLUINDO FORNECIMENTO DE MATERIAL SOB MEDIDA E M\u00c3O DE OBRA, PARA MANUTEN\u00c7\u00c3O DE VE\u00cdCULOS DA LINHA PESADA E M\u00c1QUINAS DA ADMINISTRA\u00c7\u00c3O P\u00daBLICA MUNICIPALIVA E CORRETIVA DA FROTA DE VE\u00cdCULOS E M\u00c1QUINAS DO DEPARTAMENTO DE OBRAS E SERVI\u00c7OS URBANOS DA ADMINISTRA\u00c7\u00c3O MUNICIPAL<br \/>\n<br \/>\nATA DA SESS\u00c3O<br \/>\n<br \/>\nTERMO DE HOMOLOGA\u00c7\u00c3O\/ADJUDICA\u00c7\u00c3O<br \/>\nEXTRATO DE ATA DE REGISTRO DE PRE\u00c7O<\/td><td class=\"column-4\">PUBLICADO:01\/12\/2025<br \/>\nCERTAME DIA 16\/12\/2025 AS 09:00 DA MANHA.<br \/>\n<br \/>\nPUBLICADO:16\/12\/2025<br \/>\n<br \/>\nPUBLICADO:05\/01\/2026<br \/>\nPUBLICADO:06\/01\/2026<\/td><td class=\"column-5\">ATA DE REGISTRO DE PRE\u00c7OS 01\/2026<\/td>\n<\/tr>\n<tr class=\"row-6\">\n\t<td class=\"column-1\">PROCESSO LICITAT\u00d3RIO N\u00ba 0137\/2025<br \/>\n PREG\u00c3O ELETR\u00d4NICO N\u00ba 039\/2025<br \/>\n<\/td><td class=\"column-2\"><a href=\"http:\/\/www.pratinha.mg.gov.br\/portal\/wp-content\/uploads\/2025\/11\/EDITAL-1.pdf\">EDITAL<\/a><br \/>\n<br \/>\n<a href=\"http:\/\/www.pratinha.mg.gov.br\/portal\/wp-content\/uploads\/2025\/12\/LICITANET-ATA-DE-REALIZACAO-DO-PREGAO-ELETRONICO.pdf\">LICITANET - ATA DE REALIZA\u00c7\u00c3O DO PREG\u00c3O ELETR\u00d4NICO<\/a><br \/>\n<br \/>\n<a href=\"http:\/\/www.pratinha.mg.gov.br\/portal\/wp-content\/uploads\/2026\/01\/homologacao-e-adjudicacao.pdf\">homologa\u00e7ao e adjudica\u00e7\u00e3o<\/a><br \/>\n<br \/>\n<a href=\"http:\/\/www.pratinha.mg.gov.br\/portal\/wp-content\/uploads\/2026\/01\/EXTRATO-DE-ATAS-DE-REGISTRO-DE-PRECOS.pdf\">EXTRATO DE ATAS DE REGISTRO DE PRE\u00c7OS<\/a><br \/>\n<a href=\"http:\/\/www.pratinha.mg.gov.br\/portal\/wp-content\/uploads\/2026\/04\/TERMO-DE-APOSTILAMENTO.pdf\">TERMO DE APOSTILAMENTO<\/a><\/td><td class=\"column-3\">AQUISI\u00c7\u00c3O DE EQUIPAMENTOS PERMANENTES E MATERIAIS DE CONSUMO DESTINADOS AO ATENDIMENTO DAS DEMANDAS DOS SETORES DE FISIOTERAPIA E PSICOLOGIA, VISANDO GARANTIR A QUALIDADE DOS SERVI\u00c7OS PRESTADOS \u00c0 POPULA\u00c7\u00c3O ATRAV\u00c9S DO DEPARTAMENTO DE SAUDE DA PREFEITURA MUNICIPAL DE PRATINHA MG.<br \/>\n<br \/>\nATA DA SESS\u00c3O<br \/>\n<br \/>\nHOMOLOGA\u00c7\u00c3O-ADJUDICA\u00c7\u00c3O<br \/>\n<br \/>\nEXTRATO DE ATAS DE REGSITRO DE PRE\u00c7OS<br \/>\n<br \/>\nTERMO DE APOSTILAMENTO<\/td><td class=\"column-4\">PUBLICADO:28\/11\/2025<br \/>\nCERTAME :12\/12\/2025 AS 09:00 HORAS DA MANHA.<br \/>\n PUBLICADO: 12\/01\/2026<br \/>\nPUBLICADO:15\/12\/2025<br \/>\n<br \/>\nPUBLICADO:12\/01\/2026<br \/>\n<br \/>\nPUBLICADO: 29\/04\/2026<\/td><td class=\"column-5\">ATAS DE N\u00ba N\u00ba02\/2026, N\u00ba03\/2026, N\u00ba04\/2026, N\u00ba05\/2026, N\u00ba06\/2026, N\u00ba07\/2026, N\u00ba082026<\/td>\n<\/tr>\n<tr class=\"row-7\">\n\t<td class=\"column-1\">MUNIC\u00cdPIO DE PRATINHA\/MG<br \/>\nADES\u00c3O A ATA  N\u00ba 011\/2025<br \/>\n<br \/>\nDADOS DO PROCESSO DA AMESP<br \/>\nATA DE REGISTRO DE PRE\u00c7OS N\u00ba 065\/2025<br \/>\nPREG\u00c3O ELETR\u00d4NICO N\u00ba 005\/2024<br \/>\nPROCESSO LICITAT\u00d3RIO N\u00ba 006\/2024<br \/>\n<\/td><td class=\"column-2\"><a href=\"http:\/\/www.pratinha.mg.gov.br\/portal\/wp-content\/uploads\/2025\/11\/TERMO-DE-RATIFICACAO.pdf\">TERMO DE RATIFICA\u00c7\u00c3O<\/a><br \/>\n<a href=\"http:\/\/www.pratinha.mg.gov.br\/portal\/wp-content\/uploads\/2025\/11\/EXTRATO-DA-ATA-DE-REGISTRO-DE-PRECO-4.pdf\">EXTRATO DA ATA DE REGISTRO DE PRE\u00c7O<\/a><\/td><td class=\"column-3\">TERMO DE RATIFICA\u00c7\u00c3O<br \/>\nDO OBJETO: O PRESENTE TERMO DE REFER\u00caNCIA TEM POR OBJETO A AQUISI\u00c7\u00c3O DE COMPUTADORES E NOTEBOOKS PARA ATENDER \u00c0S NECESSIDADES OPERACIONAIS E ADMINISTRATIVAS DOS DIVERSOS DEPARTAMENTOS DA PREFEITURA MUNICIPAL DE PRATINHA\/MG<br \/>\n<br \/>\nEXTRATO DE ATA <\/td><td class=\"column-4\">PUBLICADO: 17\/11\/2025<br \/>\nPUBLICADO: 18\/11\/2025<\/td><td class=\"column-5\"><\/td>\n<\/tr>\n<tr class=\"row-8\">\n\t<td class=\"column-1\">PROCESSO LICITAT\u00d3RIO N\u00ba 131\/2025 PREG\u00c3O ELETR\u00d4NICO N\u00ba 037\/2025<br \/>\n<\/td><td class=\"column-2\"><a href=\"http:\/\/www.pratinha.mg.gov.br\/portal\/wp-content\/uploads\/2025\/11\/EDITAL.pdf\">EDITAL<\/a><br \/>\n<br \/>\n<a href=\"http:\/\/www.pratinha.mg.gov.br\/portal\/wp-content\/uploads\/2025\/11\/impugnacao_entrega_e_tripode_1764094207-1.pdf\">impugnacao_entrega_e_tripode_1764094207 (1)<\/a><br \/>\n<br \/>\n<a href=\"http:\/\/www.pratinha.mg.gov.br\/portal\/wp-content\/uploads\/2025\/11\/resposta_a_impugnacao_1764244183.pdf\">resposta_a_impugnacao_1764244183<\/a><br \/>\n<br \/>\n<a href=\"http:\/\/www.pratinha.mg.gov.br\/portal\/wp-content\/uploads\/2026\/01\/RECURSO-E-JULGAMENTO.pdf\">RECURSO E JULGAMENTO<\/a><br \/>\n<br \/>\n<a href=\"http:\/\/www.pratinha.mg.gov.br\/portal\/wp-content\/uploads\/2026\/01\/LICITANET-ATA-DE-REALIZACAO-DO-PREGAO-ELETRONICO.pdf\">LICITANET - ATA DE REALIZA\u00c7\u00c3O DO PREG\u00c3O ELETR\u00d4NICO<\/a><br \/>\n<br \/>\n<a href=\"http:\/\/www.pratinha.mg.gov.br\/portal\/wp-content\/uploads\/2026\/01\/homologacao-e-adjudicacao-1.pdf\">homologa\u00e7ao e adjudica\u00e7\u00e3o<\/a><br \/>\n<br \/>\n<a href=\"http:\/\/www.pratinha.mg.gov.br\/portal\/wp-content\/uploads\/2026\/01\/EXTRATO-DE-CONTRATO-1.pdf\">EXTRATO DE CONTRATO<\/a><br \/>\n<br \/>\n<a href=\"http:\/\/www.pratinha.mg.gov.br\/portal\/wp-content\/uploads\/2026\/04\/1a-Notificacao-Gustavo-de-Paula-Silva.pdf\">1\u00aa Notifica\u00e7\u00e3o Gustavo de Paula Silva<\/a><br \/>\n<br \/>\n<a href=\"http:\/\/www.pratinha.mg.gov.br\/portal\/wp-content\/uploads\/2026\/04\/2a-NOTIFICACAO-GUSTAVO-DE-PAULA-SILVA.pdf\">2\u00aa NOTIFICA\u00c7\u00c3O GUSTAVO DE PAULA SILVA<\/a><br \/>\n<br \/>\n<a href=\"http:\/\/www.pratinha.mg.gov.br\/portal\/wp-content\/uploads\/2026\/04\/Notificacao-EMPRESA-SOUL-.pdf\">Notifica\u00e7\u00e3o EMPRESA SOUL<\/a><\/td><td class=\"column-3\">AQUISI\u00c7\u00c3O DE M\u00d3VEIS, ELETRODOM\u00c9STICOS, EQUIPAMENTOS DE ESCRIT\u00d3RIO, ELETROELETR\u00d4NICOS E UTENS\u00cdLIOS DIVERSOS, DESTINADOS A ATENDER \u00c0S NECESSIDADES DOS DIVERSOS DEPARTAMENTOS DA PREFEITURA MUNICIPAL DE PRATINHA \u2013 MG<br \/>\n<br \/>\nIMPUGNA\u00c7\u00c3O<br \/>\nRESPOSTA A IMPUGNA\u00c7\u00c3O<br \/>\n<br \/>\nRECURSO E JULGAMENTO<br \/>\n<br \/>\nATA DA SESS\u00c3O<br \/>\n<br \/>\nTERMO DE ADJUDICA\u00c7\u00d5A\/HOMOLOGA\u00c7\u00c3O<br \/>\n<br \/>\nEXTRATO DE CONTRATO<br \/>\n<br \/>\nNOTIFICA\u00c7\u00d5ES<\/td><td class=\"column-4\">PUBLICADO:14\/11\/2025<br \/>\nCERTAME:01\/12\/2025<br \/>\nPUBLICADO:27\/11\/2025<br \/>\n<br \/>\nPUBLICADO:09\/01\/2026<br \/>\n<br \/>\nPUBLICADO:09\/01\/2026<br \/>\n<br \/>\nPUBLICADO: 19\/01\/2026<br \/>\n<br \/>\nPUBLICADO :30\/01\/2026<br \/>\n<br \/>\nPUBLICADO:24\/04\/2026<\/td><td class=\"column-5\">CONTRATOS N\u00ba02-03-04-05-06-07-08-09-10-11-12-13-14-15-16-17 E 18\/2026<\/td>\n<\/tr>\n<tr class=\"row-9\">\n\t<td class=\"column-1\">PROCESSO ADMINISTRATIVO ADES\u00c3O N\u00ba 010\/2025<br \/>\n<br \/>\nDADOS DO PROCESSO DA CIMINAS<br \/>\nATA DE REGISTRO DE PRE\u00c7OS N\u00ba 011\/2024<br \/>\nPREG\u00c3O ELETR\u00d4NICO N\u00ba 0007\/2024<br \/>\nPROCESSO LICITAT\u00d3RIO N\u00ba 011\/2024<br \/>\n<\/td><td class=\"column-2\"><a href=\"http:\/\/www.pratinha.mg.gov.br\/portal\/wp-content\/uploads\/2025\/11\/AUTORIZACAO-E-TERMO-DE-HOMOLOGACAO-2.pdf\">AUTORIZA\u00c7\u00c3O E TERMO DE HOMOLOGA\u00c7\u00c3O<\/a><br \/>\n<a href=\"http:\/\/www.pratinha.mg.gov.br\/portal\/wp-content\/uploads\/2025\/11\/EXTRATO-DA-ATA-DE-REGISTRO-DE-PRECO-3.pdf\">EXTRATO DA ATA DE REGISTRO DE PRE\u00c7O<\/a><\/td><td class=\"column-3\">TERMO DE RATIFICA\u00c7\u00c3O\/ADJUDICA\u00c7\u00c3O<br \/>\nAQUISI\u00c7\u00c3O DE EQUIPAMENTO HOSPITALAR, MATERIAL M\u00c9DICO HOSPITALAR E BENS DUR\u00c1VEIS, PARA O ATENDIMENTO DAS NECESSIDADES DA REDE MUNICIPAL DE SA\u00daDE<br \/>\n<br \/>\nEXTRATO DE ATA <\/td><td class=\"column-4\">PUBLICADO: 14\/11\/2025<br \/>\nPUBLICADO: 17\/11\/2025<\/td><td class=\"column-5\"><\/td>\n<\/tr>\n<tr class=\"row-10\">\n\t<td class=\"column-1\">PROCESSO LICITAT\u00d3RIO N\u00ba 0134\/2025<br \/>\nPREG\u00c3O ELETR\u00d4NICO N\u00ba 038\/2025<br \/>\nMODO DE DISPUTA ABERTO<br \/>\n<\/td><td class=\"column-2\"><a href=\"http:\/\/www.pratinha.mg.gov.br\/portal\/wp-content\/uploads\/2025\/11\/EDITAL-SRP-3.pdf\">EDITAL SRP (3)<\/a><br \/>\n<br \/>\n<a href=\"http:\/\/www.pratinha.mg.gov.br\/portal\/wp-content\/uploads\/2025\/12\/LICITANET-ATA-DE-REALIZACAO-DO-PREGAO-ELETRONICO-RESUMIDA.pdf\">LICITANET - ATA DE REALIZA\u00c7\u00c3O DO PREG\u00c3O ELETR\u00d4NICO RESUMIDA<\/a><br \/>\n<br \/>\n<br \/>\n<a href=\"http:\/\/www.pratinha.mg.gov.br\/portal\/wp-content\/uploads\/2025\/12\/homologacao-e-adjudicacao.pdf\">homologa\u00e7ao e adjudica\u00e7\u00e3o<\/a><br \/>\n<br \/>\n<a href=\"http:\/\/www.pratinha.mg.gov.br\/portal\/wp-content\/uploads\/2025\/12\/EXTRATO-DE-ATAS-DE-REGISTRO-DE-PRECOS.docx.pdf\">EXTRATO DE ATAS DE REGISTRO DE PRE\u00c7OS.docx<\/a><\/td><td class=\"column-3\">REGISTRO DE PRE\u00c7OS PARA AQUISI\u00c7\u00c3O DE MATERIAIS DE CONSTRU\u00c7\u00c3O, MATERIAIS HIDRAULICOS EM GERAL PARA MANUTEN\u00c7\u00c3O CORRETIVA E PREVENTIVA DE LOCAIS P\u00daBLICOS E DO SISTEMA DE ABASTECIMENTO E COLETA DE \u00c1GUA E ESGOTO DE PROPRIEDADE DO MUNIC\u00cdPIO DE PRATINHA\/MG. <br \/>\n<br \/>\nATA DA SESS\u00c3O<br \/>\n<br \/>\nTERMO DE HOMOLOGA\u00c7\u00c3O\/ADJUDICA\u00c7\u00c3O<br \/>\n<br \/>\nEXTRATO DE ATAS DE REGISTRO DE PRE\u00c7OS<\/td><td class=\"column-4\">PUBLICADO:13\/11\/2025<br \/>\nCERTAME DIA :28\/11\/2025 AS 09:00 <br \/>\n<br \/>\nPUBLICADO:09\/12\/2025<br \/>\n<br \/>\nPUBLICADO:16\/12\/2025<\/td><td class=\"column-5\"><\/td>\n<\/tr>\n<tr class=\"row-11\">\n\t<td class=\"column-1\">PROCESSO LICITAT\u00d3RIO N\u00ba 130\/2025<br \/>\nPREG\u00c3O ELETR\u00d4NICO N\u00ba 036\/2025<br \/>\n<\/td><td class=\"column-2\"><a href=\"http:\/\/www.pratinha.mg.gov.br\/portal\/wp-content\/uploads\/2025\/11\/EDITAL-MANUTENCAO-DE-IMPRESSORAS.pdf\">EDITAL MANUTEN\u00c7\u00c3O DE IMPRESSORAS<\/a><br \/>\n<br \/>\n<a href=\"http:\/\/www.pratinha.mg.gov.br\/portal\/wp-content\/uploads\/2025\/12\/LICITANET-ATA-DE-REALIZACAO-DO-PREGAO-ELETRONICO-2.pdf\">LICITANET - ATA DE REALIZA\u00c7\u00c3O DO PREG\u00c3O ELETR\u00d4NICO<\/a><br \/>\n<br \/>\n<a href=\"http:\/\/www.pratinha.mg.gov.br\/portal\/wp-content\/uploads\/2026\/01\/homologacao-e-adjudicacao.docx-1.pdf\">homologa\u00e7ao e adjudica\u00e7\u00e3o.docx<\/a><br \/>\n<br \/>\n<a href=\"http:\/\/www.pratinha.mg.gov.br\/portal\/wp-content\/uploads\/2026\/01\/EXTRAO-DE-CONTRATO.pdf\">EXTRAO DE CONTRATO<\/a><\/td><td class=\"column-3\">CONTRATA\u00c7\u00c3O DE SERVI\u00c7OS PARA MANUTEN\u00c7\u00c3O PREVENTIVA E CORRETIVA DE IMPRESSORAS E COPIADORAS (JATO DE TINTA, LASER E MULTIFUNCIONAIS), INCLUINDO M\u00c3O DE OBRA T\u00c9CNICA, FERRAMENTAS, EQUIPAMENTOS DE DIAGNOSTICO, LIMPEZA, SUPORTE T\u00c9CNICO, EMISS\u00c3O DE RELAT\u00d3RIOS E QUANDO NECESS\u00c1RIA SUBSTITUI\u00c7\u00c3O DE PE\u00c7AS PARA ATENDIMENTO \u00c0S DEMANDAS DA PREFEITURA MUNICIPAL DE PRATINHA-MG<br \/>\nATA DA SESS\u00c3O<br \/>\n<br \/>\nTERMO DE HOMOLOGA\u00c7\u00c3O<br \/>\n<br \/>\nEXTRATO DE CONTRATO<\/td><td class=\"column-4\">PUBLICADO:07\/11\/2025<br \/>\nCERTAME :25\/11\/2025<br \/>\n<br \/>\nPUBLICADO:18\/12\/2025<br \/>\n<br \/>\nPUBLICADO:06\/01\/2026<br \/>\n<br \/>\nPUBLICADO:06\/01\/2026<\/td><td class=\"column-5\">CONTRATO DE N\u00ba01\/2026<\/td>\n<\/tr>\n<tr class=\"row-12\">\n\t<td class=\"column-1\">PROCESSO LICITAT\u00d3RIO N\u00ba 129\/2025<br \/>\n PREG\u00c3O ELETR\u00d4NICO N\u00ba 035\/2025<br \/>\n<\/td><td class=\"column-2\"><a href=\"http:\/\/www.pratinha.mg.gov.br\/portal\/wp-content\/uploads\/2025\/11\/EDITAL-AQUISICAO-DIETA-ETERAL-revisado.pdf\">EDITAL AQUISI\u00c7\u00c3O DIETA ETERAL revisado<\/a><br \/>\n<br \/>\n<a href=\"http:\/\/www.pratinha.mg.gov.br\/portal\/wp-content\/uploads\/2025\/11\/LICITANET-ATA-DE-REALIZACAO-DO-PREGAO-ELETRONICO.pdf\">LICITANET - ATA DE REALIZA\u00c7\u00c3O DO PREG\u00c3O ELETR\u00d4NICO<\/a><br \/>\n<br \/>\n<a href=\"http:\/\/www.pratinha.mg.gov.br\/portal\/wp-content\/uploads\/2025\/11\/EXTRATO-DE-CONTRATO.doc.pdf\">EXTRATO DE CONTRATO.doc<\/a><\/td><td class=\"column-3\">finalidade AQUISI\u00c7\u00c3O DE DIETAS ENTERAIS INDUSTRIALIZADAS, SUPLEMENTOS NUTRICIONAIS E F\u00d3RMULAS INFANTIS (LEITES), DESTINADOS AO ATENDIMENTO DE PACIENTES COM NECESSIDADES NUTRICIONAIS ESPEC\u00cdFICAS, ACOMPANHADOS PELA REDE P\u00daBLICA DE SA\u00daDE MUNICIPAL E AVALIA\u00c7\u00c3O NUTRICIONAL EM ATENDIMENTO AO DEPARTAMENTO DE SAUDE  DA PREFEITURA MUNICIPAL DE PRATINHA<br \/>\n<br \/>\nATA DA SESS\u00c3O<br \/>\n<br \/>\nEXTRATO DE CONTRATO<\/td><td class=\"column-4\">PUBLICADO:03\/11\/2025<br \/>\nCERTAME:14\/11\/2025 AS 09:00 da manha.<br \/>\n<br \/>\nPUBLICADO:14\/11\/2025<br \/>\nPUBLICADO: 24\/11\/2025<\/td><td class=\"column-5\"><\/td>\n<\/tr>\n<tr class=\"row-13\">\n\t<td class=\"column-1\">ADES\u00c3O N\u00ba 009\/2025<br \/>\nDADOS DO PROCESSO DA CIMINAS<br \/>\nATA DE REGISTRO DE PRE\u00c7OS N\u00ba 062\/2025<br \/>\nPREG\u00c3O ELETR\u00d4NICO N\u00ba 024\/2025<br \/>\nPROCESSO LICITAT\u00d3RIO N\u00ba 055\/2025 <br \/>\n<\/td><td class=\"column-2\"><a href=\"http:\/\/www.pratinha.mg.gov.br\/portal\/wp-content\/uploads\/2025\/10\/AUTORIZACAO-E-TERMO-DE-HOMOLOGACAO.pdf\">AUTORIZA\u00c7\u00c3O E TERMO DE HOMOLOGA\u00c7\u00c3O<\/a><br \/>\n<a href=\"http:\/\/www.pratinha.mg.gov.br\/portal\/wp-content\/uploads\/2025\/11\/EXTRATO-DA-ATA-DE-REGISTRO-DE-PRECO.pdf\">EXTRATO DA ATA DE REGISTRO DE PRE\u00c7O<\/a><\/td><td class=\"column-3\">Objeto:\tREGISTRO DE PRE\u00c7O PARA AQUISI\u00c7\u00c3O DE AMBUL\u00c2NCIAS NAS CLASSIFICA\u00c7\u00d5ES A, B, C E D, EM ATENDIMENTO \u00c0S NECESSIDADES DOS MUNIC\u00cdPIOS CONSORCIADOS AO CIMINAS.<br \/>\n<br \/>\nEXTRATO DE ATA <\/td><td class=\"column-4\">PUBLICADO: 27\/10\/2025<br \/>\nPUBLICADO: 03\/11\/2025<\/td><td class=\"column-5\"><\/td>\n<\/tr>\n<tr class=\"row-14\">\n\t<td class=\"column-1\">Processo Administrativo N\u00ba 007\/2025<br \/>\nDados do Processo da Ciminas<br \/>\nAta de Registro de Pre\u00e7os N\u00ba 029\/2025<br \/>\nPreg\u00e3o Eletr\u00f4nico N\u00ba 014\/2025<br \/>\nProcesso Licitat\u00f3rio N\u00ba 024\/2025<br \/>\n<\/td><td class=\"column-2\"><a href=\"http:\/\/www.pratinha.mg.gov.br\/portal\/wp-content\/uploads\/2025\/11\/AUTORIZACAO-E-TERMO-DE-HOMOLOGACAO-1.pdf\">AUTORIZA\u00c7\u00c3O E TERMO DE HOMOLOGA\u00c7\u00c3O<\/a><br \/>\n<a href=\"http:\/\/www.pratinha.mg.gov.br\/portal\/wp-content\/uploads\/2025\/11\/EXTRATO-DA-ATA-DE-REGISTRO-DE-PRECO-1.pdf\">EXTRATO DA ATA DE REGISTRO DE PRE\u00c7O<\/a><\/td><td class=\"column-3\">TERMO DE HOMOLGA\u00c7\u00c3O\/ADJUDICA\u00c7\u00c3O - <br \/>\nREGISTRO DE PRE\u00c7O PARA FUTURA E EVENTUAL AQUISI\u00c7\u00c3O DE VE\u00cdCULOS DA LINHA LEVE, AFIM DE ATENDER AS NECESSIDADES DOS ENTES CONSORCIADOS AO CIMINAS.<br \/>\n<br \/>\nEXTRATO DE ATA <\/td><td class=\"column-4\">PUBLICADO: 30\/10\/2025<br \/>\nPUBLICADO: 05\/11\/2025<\/td><td class=\"column-5\"><\/td>\n<\/tr>\n<tr class=\"row-15\">\n\t<td class=\"column-1\">PROCESSO ADMINISTRATIVO N\u00ba 008\/2025<br \/>\n<br \/>\nDADOS DO PROCESSO DA CIMINAS<br \/>\nATA DE REGISTRO DE PRE\u00c7OS N\u00ba 065\/2025<br \/>\nPREG\u00c3O ELETR\u00d4NICO N\u00ba 032\/2025<br \/>\nPROCESSO LICITAT\u00d3RIO N\u00ba 091\/2025<br \/>\n<\/td><td class=\"column-2\"><a href=\"http:\/\/www.pratinha.mg.gov.br\/portal\/wp-content\/uploads\/2025\/10\/TERMO-DE-RATIFICACAO-1.pdf\">TERMO DE RATIFICA\u00c7\u00c3O<\/a><br \/>\n<br \/>\n<a href=\"http:\/\/www.pratinha.mg.gov.br\/portal\/wp-content\/uploads\/2025\/10\/EXTRATO-DA-ATA-DE-REGISTRO-DE-PRECO.pdf\">EXTRATO DA ATA DE REGISTRO DE PRE\u00c7O<\/a><\/td><td class=\"column-3\">AQUISI\u00c7\u00c3O DE CAMINH\u00d5ES E \u00d4NIBUS EM ATENDIMENTO AOS MUNIC\u00cdPIOS DEMANDANTES, ENTES CONSORCIADOS E DEMAIS \u00d3RG\u00c3OS OU ENTIDADES INTERESSADOS QUE DESEJAREM ADERIR \u00c0 ATA DE REGISTRO DE PRE\u00c7OS, ESPECIFICADO(S) TERMO DE REFER\u00caNCIA, ANEXO DO PREG\u00c3O N\u00ba 032\/2025<br \/>\n<br \/>\nEXTRATO DE ATA <\/td><td class=\"column-4\">PUBLICADO: 16\/10\/2025<br \/>\nPUBLICADO: 27\/10\/2025<\/td><td class=\"column-5\"><\/td>\n<\/tr>\n<tr class=\"row-16\">\n\t<td class=\"column-1\">Processo Administrativo n\u00ba 006\/2025<br \/>\nDados do Processo de Origem (Estado de Minas Gerais):<br \/>\nAta de Registro de Pre\u00e7os n\u00ba 065\/2025<br \/>\nProcesso Licitat\u00f3rio PMP n\u00ba 006\/2025<br \/>\n<\/td><td class=\"column-2\"><a href=\"http:\/\/www.pratinha.mg.gov.br\/portal\/wp-content\/uploads\/2025\/10\/TERMO-DE-HOMOLOGACAO-RATIFICACAO.pdf\">TERMO DE HOMOLOGA\u00c7\u00c3O - RATIFICA\u00c7\u00c3O<\/a><br \/>\n<a href=\"http:\/\/www.pratinha.mg.gov.br\/portal\/wp-content\/uploads\/2025\/10\/Extrato-de-Contrato-n\u00b0-103-2025.pdf\">Extrato de Contrato n\u00b0 103 - 2025<\/a><\/td><td class=\"column-3\">REGISTRO DE PRE\u00c7OS PARA A FUTURA E EVENTUAL COMPRA ESTADUAL DE KIT ENXOVAL BEB\u00ca, MEDIANTE CONTRATO, CONFORME ESPECIFICA\u00c7\u00d5ES E CONDI\u00c7\u00d5ES PREVISTAS NO EDITAL (104707397, 103932697) E SEUS ANEXOS, DO QUAL \u00c9 PARTE INTEGRANTE ESTA ATA<br \/>\nEXTRATO DE CONTRATO<br \/>\n<\/td><td class=\"column-4\">PUBLICADO: 13\/10\/2025<br \/>\nPUBLICADO: 16\/10\/2025<\/td><td class=\"column-5\"><\/td>\n<\/tr>\n<tr class=\"row-17\">\n\t<td class=\"column-1\">Processo Administrativo N\u00ba 005\/2025<br \/>\n<br \/>\nDados do Processo da Ciminas<br \/>\nAta de Registro de Pre\u00e7os N\u00ba 025\/2025<br \/>\nPreg\u00e3o Eletr\u00f4nico N\u00ba 014\/2025<br \/>\nProcesso Licitat\u00f3rio N\u00ba 024\/2025<br \/>\n<\/td><td class=\"column-2\"><a href=\"http:\/\/www.pratinha.mg.gov.br\/portal\/wp-content\/uploads\/2025\/09\/TERMO-DE-RATIFICACAO-HOMOLOGACAO.pdf\">TERMO DE RATIFICA\u00c7\u00c3O - HOMOLOGA\u00c7\u00c3O<\/a><br \/>\n<a href=\"http:\/\/www.pratinha.mg.gov.br\/portal\/wp-content\/uploads\/2025\/09\/EXTRATO-DA-ATA-DE-REGISTRO-DE-PRECO.pdf\">EXTRATO DA ATA DE REGISTRO DE PRE\u00c7O<\/a><\/td><td class=\"column-3\">Ades\u00e3o \u00e0 Ata de Registro de Pre\u00e7os n\u00ba 025\/2025 \u2013 REGISTRO DE PRE\u00c7O PARA FUTURA E EVENTUAL AQUISI\u00c7\u00c3O DE VE\u00cdCULOS DA LINHA LEVE, AFIM DE ATENDER AS NECESSIDADES DOS ENTES CONSORCIADOS AO CIMINAS.<br \/>\nEXTRATO DE CONTRATO<\/td><td class=\"column-4\">PUBLICADO: 22\/09\/2025<br \/>\nPUBLICADO: 30\/09\/2025<\/td><td class=\"column-5\"><\/td>\n<\/tr>\n<tr class=\"row-18\">\n\t<td class=\"column-1\">PROCESSO LICITAT\u00d3RIO N\u00ba 117\/2025<br \/>\n PREG\u00c3O ELETR\u00d4NICO N\u00ba 034\/2025<br \/>\n<br \/>\n<br \/>\n<br \/>\n<\/td><td class=\"column-2\"><a href=\"http:\/\/www.pratinha.mg.gov.br\/portal\/wp-content\/uploads\/2025\/09\/EDITAL-MATERIAL-ODONTOLOGICO.pdf\">EDITAL - MATERIAL ODONTOLOGICO<\/a><br \/>\n<br \/>\n<a href=\"http:\/\/www.pratinha.mg.gov.br\/portal\/wp-content\/uploads\/2025\/10\/RECURSO-DE-PRATINHA-MG.pdf\">RECURSO DE PRATINHA MG<\/a><br \/>\n<br \/>\n<a href=\"http:\/\/www.pratinha.mg.gov.br\/portal\/wp-content\/uploads\/2025\/10\/Julgamento-e-decisao-do-recurso.pdf\">Julgamento e decis\u00e3o do recurso<\/a><br \/>\n<br \/>\n<a href=\"http:\/\/www.pratinha.mg.gov.br\/portal\/wp-content\/uploads\/2025\/10\/LICITANET-ATA-DE-REALIZACAO-DO-PREGAO-ELETRONICO.pdf\">LICITANET - ATA DE REALIZA\u00c7\u00c3O DO PREG\u00c3O ELETR\u00d4NICO<\/a><br \/>\n<br \/>\n<a href=\"http:\/\/www.pratinha.mg.gov.br\/portal\/wp-content\/uploads\/2025\/11\/homologacao-e-adjudicacao.pdf\">homologa\u00e7ao e adjudica\u00e7\u00e3o<\/a><br \/>\n<br \/>\n<a href=\"http:\/\/www.pratinha.mg.gov.br\/portal\/wp-content\/uploads\/2025\/11\/EXTRATO-DE-ATAS.pdf\">EXTRATO DE ATAS<\/a><\/td><td class=\"column-3\">REGISTRO DE PRE\u00c7OS AQUISI\u00c7\u00c3O DE MATERIAIS E PRODUTOS ODONTOL\u00d3GICOS DESTINADOS EM ATENDIMENTO AS NECESSIDADES ASSISTENCIAIS E OPERACIONAIS DAS UNIDADES DE SA\u00daDE BUCAL DO MUNIC\u00cdPIO, COM O PROP\u00d3SITO DE GARANTIR A CONTINUIDADE, A SEGURAN\u00c7A E A QUALIDADE DOS SERVI\u00c7OS ODONTOL\u00d3GICOS PRESTADOS \u00c0 POPULA\u00c7\u00c3O<br \/>\n<br \/>\nRECURSO E JULGAMENTO E JULGAMENTO<br \/>\n<br \/>\nATA DA SESSAO<br \/>\n<br \/>\nTERMO DE ADJUDICA\u00c7\u00c3O\u00b4HOMOLOGA\u00c7\u00c3O<br \/>\n<br \/>\nEXTRATO DE ATAS<\/td><td class=\"column-4\">publicado:09\/09\/2025<br \/>\n<br \/>\ncertame:23\/09\/2025 as 09:00.<br \/>\n<br \/>\nPUBLICADO:20\/10\/2025<br \/>\n<br \/>\nPUIBLICADO:11\/11\/2025<\/td><td class=\"column-5\"><\/td>\n<\/tr>\n<tr class=\"row-19\">\n\t<td class=\"column-1\">PROCESSO LICITAT\u00d3RIO N\u00ba 114\/2025<br \/>\n PREG\u00c3O ELETR\u00d4NICO N\u00ba 033\/2025<br \/>\n<br \/>\n<br \/>\n<br \/>\n<br \/>\n<\/td><td class=\"column-2\"><a href=\"http:\/\/www.pratinha.mg.gov.br\/portal\/wp-content\/uploads\/2025\/08\/EDITAL-SRP-RACAO-PARA-CAES-1.pdf\">EDITAL SRP RA\u00c7AO PARA CAES<\/a><br \/>\n<br \/>\n<a href=\"http:\/\/www.pratinha.mg.gov.br\/portal\/wp-content\/uploads\/2025\/09\/LICITANET-ATA-DE-REALIZACAO-DO-PREGAO-ELETRONICO.pdf\">LICITANET - ATA DE REALIZA\u00c7\u00c3O DO PREG\u00c3O ELETR\u00d4NICO<\/a><br \/>\n<br \/>\n<a href=\"http:\/\/www.pratinha.mg.gov.br\/portal\/wp-content\/uploads\/2025\/09\/homologacao-e-adjudicacao.docx.pdf\">homologa\u00e7ao e adjudica\u00e7\u00e3o.docx<\/a><br \/>\n<br \/>\n<a href=\"http:\/\/www.pratinha.mg.gov.br\/portal\/wp-content\/uploads\/2025\/09\/EXTRATO-DE-ATA.pdf\">EXTRATO DE ATA<\/a><\/td><td class=\"column-3\">REGISTRO DE PRE\u00c7OS PARA FUTURA E EVENTUAL AQUISI\u00c7\u00c3O PARCELADA DE RA\u00c7\u00c3O PARA C\u00c3O ADULTO, DO TIPO SECO E PREMIUM, DESTINADA AO SUPORTE DE PROTETORES DE C\u00c3ES NO MUNIC\u00cdPIO DE PRATINHA<br \/>\n<br \/>\nATA DA SESS\u00c3O <br \/>\n<br \/>\nADJUDICA\u00c7~\u00b4AO\/HOMOLOGA\u00c7\u00c3O<br \/>\n<br \/>\nEXTRATO DE ATA DE REGISTRO DE PRE\u00c7O<\/td><td class=\"column-4\">PUBLICADO:19\/08\/2025<br \/>\nCERTAME DIA 02\/09\/2025 AS 09:00<br \/>\n<br \/>\nPUBLICADO: 02\/09\/2024<br \/>\n<br \/>\nPUBLICADO:03\/09\/2025<\/td><td class=\"column-5\"><\/td>\n<\/tr>\n<tr class=\"row-20\">\n\t<td class=\"column-1\">Munic\u00edpio de Pratinha\/MG 004\/2025<br \/>\nDados do Processo da Ciminas<br \/>\nAta de Registro de Pre\u00e7os N\u00ba 029\/2025<br \/>\nPreg\u00e3o Eletr\u00f4nico N\u00ba 014\/2025<br \/>\nProcesso Licitat\u00f3rio N\u00ba 024\/2025<br \/>\n<\/td><td class=\"column-2\"><a href=\"http:\/\/www.pratinha.mg.gov.br\/portal\/wp-content\/uploads\/2025\/08\/AUTORIZACAO-E-TERMO-DE-HOMOLOGACAO.pdf\">AUTORIZA\u00c7\u00c3O E TERMO DE HOMOLOGA\u00c7\u00c3O<\/a><br \/>\n<a href=\"http:\/\/www.pratinha.mg.gov.br\/portal\/wp-content\/uploads\/2025\/08\/EXTRATO-DA-ATA-DE-REGISTRO-DE-PRECO_Assinado.pdf\">EXTRATO DA ATA DE REGISTRO DE PRE\u00c7O_Assinado<\/a><\/td><td class=\"column-3\">REGISTRO DE PRE\u00c7O PARA FUTURA E EVENTUAL AQUISI\u00c7\u00c3O DE VE\u00cdCULOS DA LINHA LEVE, AFIM DE ATENDER AS NECESSIDADES DOS ENTES CONSORCIADOS AO CIMINAS.<br \/>\nEXTRATO DE ATA <\/td><td class=\"column-4\">Publicado: 31\/07\/2025<br \/>\nPUBLICADO: 13\/08\/2025<\/td><td class=\"column-5\"><\/td>\n<\/tr>\n<tr class=\"row-21\">\n\t<td class=\"column-1\">PROCESSO N\u00ba 106\/205 PREG\u00c3O ELETRONICO N\u00ba032\/2025<\/td><td class=\"column-2\"><a href=\"http:\/\/www.pratinha.mg.gov.br\/portal\/wp-content\/uploads\/2025\/07\/EDITAL-SRP-GENEROS-1-2-1-2.pdf\">EDITAL SRP GENEROS - (1) (2) (1) (2)<\/a><br \/>\n<br \/>\n<a href=\"http:\/\/www.pratinha.mg.gov.br\/portal\/wp-content\/uploads\/2025\/08\/LICITANET-ATA-DE-REALIZACAO-DO-PREGAO-ELETRONICO-1.pdf\">LICITANET - ATA DE REALIZA\u00c7\u00c3O DO PREG\u00c3O ELETR\u00d4NICO<\/a><br \/>\n<br \/>\n<br \/>\n<a href=\"http:\/\/www.pratinha.mg.gov.br\/portal\/wp-content\/uploads\/2025\/08\/HOMOLOGACAO-ADJUDICACAO.pdf\">HOMOLOGA\u00c7\u00c3O- ADJUDICA\u00c7\u00c3O<\/a><br \/>\n<br \/>\n<a href=\"http:\/\/www.pratinha.mg.gov.br\/portal\/wp-content\/uploads\/2025\/08\/EXTRATO-DE-ATAS.pdf\">EXTRATO DE ATAS<\/a><\/td><td class=\"column-3\">REGISTRO DE PRE\u00c7OS PARA AQUISI\u00c7\u00c3O DE GENEROS ALIMENTICIOS  PARA ATENDIMENTO DOS DIVERSOS DEPARTAMENTOS DA PREFEITURA MUNICIPAL DE PRATINHA\/MG.<br \/>\n<br \/>\nATA DA SESS\u00c3O<br \/>\n<br \/>\nTERMO DE HOMOLOGA\u00c7\u00c3O<br \/>\n<br \/>\nEXTRATO DE ATA<\/td><td class=\"column-4\">PUBLICADO :29\/07\/2025<br \/>\nCERTAME DIA 18\/08\/2025]<br \/>\n<br \/>\n<br \/>\nPUBLICADO:18\/08\/2025<br \/>\n<br \/>\nPUBLICADO:19\/08\/2025<\/td><td class=\"column-5\"><\/td>\n<\/tr>\n<tr class=\"row-22\">\n\t<td class=\"column-1\">PROCESSO LICITATORIO N\u00ba103\/2025<br \/>\nPREG\u00c3O ELETRONICO N\u00ba031\/2025<\/td><td class=\"column-2\"><a href=\"http:\/\/www.pratinha.mg.gov.br\/portal\/wp-content\/uploads\/2025\/07\/Edital.docx.pdf\">Edital.docx<\/a><br \/>\n<br \/>\n<a href=\"http:\/\/www.pratinha.mg.gov.br\/portal\/wp-content\/uploads\/2025\/08\/Termo-de-Suspensao.docx.pdf\">Termo de Suspens\u00e3o.docx<\/a><br \/>\n<br \/>\n<a href=\"http:\/\/www.pratinha.mg.gov.br\/portal\/wp-content\/uploads\/2025\/09\/TERMO-DE-REVOGACAO-_Assinado.pdf\">TERMO DE REVOGA\u00c7\u00c3O _Assinado<\/a><\/td><td class=\"column-3\">CONTRATA\u00c7\u00c3O DE SERVI\u00c7OS DE PSICOLOGO ESCOLAR PARA ATENDIMENTO A REDE P\u00daBLICA MUNICIPAL DE ENSINO,CUMPRINDO CARGA HOR\u00c1RIA DE 30 HORAS SEMANAIS<br \/>\n<br \/>\nTERMO DE SUSPENS\u00c3O<br \/>\n<br \/>\nTERMO DE REVOGA\u00c7\u00c3O<\/td><td class=\"column-4\">\u00b4PUBLICADO:28\/07\/2025<br \/>\nCERTAME \/013\/08\/2025<br \/>\nPUBLICADO:11\/08\/2025<br \/>\nPUBLICADO: 15\/09\/2025<\/td><td class=\"column-5\">FICA SUSPENSO O PRESENTE PROCESSO PARA ADEQUA\u00c7\u00c3O NA MODALIDADE E NO EDITAL.<br \/>\n<br \/>\nO PRESENTE PROCESSO FPOI REVOGADO PARA ADEQUA\u00c7\u00c3O NA MODALIDADE.<\/td>\n<\/tr>\n<tr class=\"row-23\">\n\t<td class=\"column-1\">PROCESSO LICITATORIO N\u00ba 101\/2025<br \/>\nPREG\u00c3O ELETRONICO N\u00ba30\/2025<\/td><td class=\"column-2\"><a href=\"http:\/\/www.pratinha.mg.gov.br\/portal\/wp-content\/uploads\/2025\/07\/EDITAL-UNIFORMES.pdf\">EDITAL UNIFORMES<\/a><br \/>\n<br \/>\n<a href=\"http:\/\/www.pratinha.mg.gov.br\/portal\/wp-content\/uploads\/2025\/08\/LICITANET-ATA-DE-REALIZACAO-DO-PREGAO-ELETRONICO.pdf\">LICITANET - ATA DE REALIZA\u00c7\u00c3O DO PREG\u00c3O ELETR\u00d4NICO<\/a><br \/>\n<br \/>\n<a href=\"http:\/\/www.pratinha.mg.gov.br\/portal\/wp-content\/uploads\/2025\/08\/homologacao-e-adjudicacao.pdf\">homologa\u00e7ao e adjudica\u00e7\u00e3o<\/a><br \/>\n<br \/>\n<br \/>\n<a href=\"http:\/\/www.pratinha.mg.gov.br\/portal\/wp-content\/uploads\/2025\/08\/EXTRATO-DE-ATAS-DE-REGISTRO-DE-PRECOS.pdf\">EXTRATO DE ATAS DE REGISTRO DE PRE\u00c7OS<\/a><br \/>\n<br \/>\n<a href=\"http:\/\/www.pratinha.mg.gov.br\/portal\/wp-content\/uploads\/2025\/08\/Justificativa-de-reabertura-de-sessao.pdf\">Justificativa de reabertura de sess\u00e3o<\/a><br \/>\n<a href=\"http:\/\/www.pratinha.mg.gov.br\/portal\/wp-content\/uploads\/2025\/08\/LICITANET-ATA-DE-REALIZACAO-DO-PREGAO-ELETRONICO-Complementar-no-1.pdf\">LICITANET - ATA DE REALIZA\u00c7\u00c3O DO PREG\u00c3O ELETR\u00d4NICO Complementar n\u00ba 1<\/a><br \/>\n<br \/>\n<br \/>\n<a href=\"http:\/\/www.pratinha.mg.gov.br\/portal\/wp-content\/uploads\/2025\/08\/Solicitacao_Desistencia_Pratinha_MG_assinado.pdf\">Solicitacao_Desistencia_Pratinha_MG_assinado<\/a><br \/>\n<br \/>\n<br \/>\n<a href=\"http:\/\/www.pratinha.mg.gov.br\/portal\/wp-content\/uploads\/2025\/08\/HOMOLOGACAO-E-ADJUDICACAO-COMPLEMENTAR.pdf\">HOMOLOGA\u00c7\u00c3O E ADJUDICA\u00c7\u00c3O COMPLEMENTAR<\/a><br \/>\n<br \/>\n<a href=\"http:\/\/www.pratinha.mg.gov.br\/portal\/wp-content\/uploads\/2025\/08\/EXTRATO-DE-ATAS-COMPLEMENTAR.pdf\">EXTRATO DE ATAS COMPLEMENTAR<\/a><\/td><td class=\"column-3\">REGISTRO DE PRE\u00c7OS PARA AQUISI\u00c7\u00c3O DE ITENS DE VESTU\u00c1RIO, COMO CAMISETAS, CAL\u00c7AS PIJAMAS CIRURGICOS E JAQUETAS PARA ATENDIMENTO DOS DIVERSOS DEPARTAMENTOS DA PREFEITURA MUNICIPAL DE PRATINHA\/MG. <br \/>\n<br \/>\nATA DA SESS\u00c3O<br \/>\n<br \/>\nHOMOLOGA\u00c7\u00c3O\/ADJUDICA\u00c7\u00c3O<br \/>\n<br \/>\nEXTRATO DE ATAS<br \/>\n<br \/>\nPEDIDO DE DESISTENCIA<br \/>\n<br \/>\nJUSTIFICATIVA PARA REABERTURA DA SESS\u00c3O<br \/>\nATA COMPLEMENTAR <br \/>\n<br \/>\nADJUDICA\u00c7\u00c3O\/HOMOLOGA\u00c7\u00c3O COMPLEMENTAR<br \/>\n<br \/>\nEXTRATO DE ATAS COMPLEMENTAR <\/td><td class=\"column-4\">PUBLICADO:21\/07\/2025<br \/>\nCERTAME DIA 05\/08\/2025<br \/>\nPUBLICADO:06\/08\/2025<br \/>\n<br \/>\nPUBLICADO: 08\/08\/2025<br \/>\n<br \/>\n<br \/>\nPUBLICADO: 21\/08\/2025<br \/>\nPUBLICADO: 25\/08\/2025<br \/>\n<br \/>\nPUBLICADO: 28\/08\/2025<\/td><td class=\"column-5\"><\/td>\n<\/tr>\n<tr class=\"row-24\">\n\t<td class=\"column-1\">ADES\u00c3O ATA EXTERNA <br \/>\nProcesso Administrativo N\u00ba 003\/2025<br \/>\n<br \/>\nDados do Processo da Ciminas<br \/>\nAta de Registro de Pre\u00e7os N\u00ba 025\/2025<br \/>\nPreg\u00e3o Eletr\u00f4nico N\u00ba 014\/2025<br \/>\nProcesso Licitat\u00f3rio N\u00ba 024\/2025<br \/>\n<\/td><td class=\"column-2\"><a href=\"http:\/\/www.pratinha.mg.gov.br\/portal\/wp-content\/uploads\/2025\/07\/TERMO-DE-HOMOLOGACAO-ADJUDICACAO.pdf\">TERMO DE HOMOLOGA\u00c7\u00c3O - ADJUDICA\u00c7\u00c3O<\/a><br \/>\n<a href=\"http:\/\/www.pratinha.mg.gov.br\/portal\/wp-content\/uploads\/2025\/07\/EXTRATO-DA-ATA-DE-REGISTRO-D-EPRECO.pdf\">EXTRATO DA ATA DE REGISTRO D EPRE\u00c7O<\/a><\/td><td class=\"column-3\">REGISTRO DE PRE\u00c7O PARA FUTURA E EVENTUAL AQUISI\u00c7\u00c3O DE VE\u00cdCULOS DA LINHA LEVE, AFIM DE ATENDER AS NECESSIDADES DOS ENTES CONSORCIADOS AO CIMINAS<br \/>\n<br \/>\n<br \/>\nEXTRATO DE ATA<\/td><td class=\"column-4\">PUBLICADO: 08\/07\/2025<br \/>\nPUBLICADO: 10\/07\/2025<\/td><td class=\"column-5\"><\/td>\n<\/tr>\n<tr class=\"row-25\">\n\t<td class=\"column-1\">PROCESSO LICITATORIO N\u00ba 097\/2025 PREG\u00c3O ELETRONICO N\u00ba 029\/2025<\/td><td class=\"column-2\"><a href=\"http:\/\/www.pratinha.mg.gov.br\/portal\/wp-content\/uploads\/2025\/07\/EDITAL-AQUISICAO-DE-MATERIAL-DE-GRAFICO.pdf\">EDITAL AQUISI\u00c7\u00c3O DE MATERIAL DE GRAFICO<\/a>&lt;a <br \/>\n<br \/>\n<br \/>\n<a href=\"http:\/\/www.pratinha.mg.gov.br\/portal\/wp-content\/uploads\/2025\/07\/LICITANET-ATA-DE-REALIZACAO-DO-PREGAO-ELETRONICO-1.pdf\">LICITANET - ATA DE REALIZA\u00c7\u00c3O DO PREG\u00c3O ELETR\u00d4NICO<\/a><br \/>\n<br \/>\n<a href=\"http:\/\/www.pratinha.mg.gov.br\/portal\/wp-content\/uploads\/2025\/07\/ATA-DE-REALIZACAO-DO-PREGAO-ELETRONICO.pdf\">ATA DE REALIZA\u00c7\u00c3O DO PREG\u00c3O ELETR\u00d4NICO<\/a><br \/>\n<br \/>\n<a href=\"http:\/\/www.pratinha.mg.gov.br\/portal\/wp-content\/uploads\/2025\/07\/homologacao-e-adjudicacao-2.pdf\">homologa\u00e7ao e adjudica\u00e7\u00e3o<\/a><br \/>\n<br \/>\n<br \/>\n<a href=\"http:\/\/www.pratinha.mg.gov.br\/portal\/wp-content\/uploads\/2025\/07\/EXTRATO-DE-CONTRATO.doc.pdf\">EXTRATO DE CONTRATO.doc<\/a><\/td><td class=\"column-3\">CONTRATA\u00c7\u00c3O DE EMPRESA VISANDO A FUTURA E EVENTUAL AQUISI\u00c7\u00c3O DE MATERIAL GRAFICOS PARA ATENDIMETOS AOS DIVERSOS DEPARTAMENTOS DA PREFEITURA MUNICIPAL DE PRATINHA<br \/>\n<br \/>\nATA DA SESS\u00c3O<br \/>\n<br \/>\nTERMO DE ADJUDICA\u00c7\u00c3O\/HOMOLOGA\u00c7\u00c3O<br \/>\n<br \/>\nEXTRATO DE CONTRATO<\/td><td class=\"column-4\">PUBLICADO:07\/07\/2025<br \/>\nCERTAME:Dia 21\/07\/2025 \u00e0s 09h00min (nove horas).<br \/>\n<br \/>\nPUBLICADO:22\/07\/2025<br \/>\n<br \/>\nPUBLICADO:29\/07\/2025<\/td><td class=\"column-5\"><\/td>\n<\/tr>\n<tr class=\"row-26\">\n\t<td class=\"column-1\"><br \/>\nPROCESSO N\u00ba 075\/2025 PREGAO ELETR\u00d4NICO N\u00ba 024\/2025<br \/>\n<\/td><td class=\"column-2\"><a href=\"http:\/\/www.pratinha.mg.gov.br\/portal\/wp-content\/uploads\/2025\/07\/REVOGACAO.pdf\">REVOGA\u00c7\u00c3O<\/a><\/td><td class=\"column-3\">TERMO DE REVOGA\u00c7\u00c3O<\/td><td class=\"column-4\">PUBLICADO:03\/07\/2025<\/td><td class=\"column-5\"><\/td>\n<\/tr>\n<tr class=\"row-27\">\n\t<td class=\"column-1\">PROCESSO LICITAT\u00d3RIO N\u00ba 089\/2025<br \/>\n PREG\u00c3O ELETR\u00d4NICO N\u00ba 027\/2025<br \/>\n<\/td><td class=\"column-2\"><a href=\"http:\/\/www.pratinha.mg.gov.br\/portal\/wp-content\/uploads\/2025\/07\/Edital-GESTAO.pdf\">Edital GEST\u00c3O<\/a><br \/>\n<br \/>\n<a href=\"http:\/\/www.pratinha.mg.gov.br\/portal\/wp-content\/uploads\/2025\/07\/termo-de-suspensao.docx.pdf\">termo de suspens\u00e3o.docx<\/a><br \/>\n<br \/>\n<br \/>\n<a href=\"http:\/\/www.pratinha.mg.gov.br\/portal\/wp-content\/uploads\/2025\/07\/IMPUGNACAO-ERESPOSTA-VALORGESTAO-E-SERVICOS-TECNOLOGICOS-LTDA.pdf\">IMPUGNA\u00c7\u00c3O ERESPOSTA VALORGESTAO E SERVI\u00c7OS TECNOLOGICOS LTDA<\/a><br \/>\n<br \/>\n<a href=\"http:\/\/www.pratinha.mg.gov.br\/portal\/wp-content\/uploads\/2025\/07\/IMPUGNACAO-E-RESPOSTA-A-CARLETTO.pdf\">IMPUGNA\u00c7\u00c3O E RESPOSTA A CARLETTO<\/a><br \/>\n<br \/>\n<a href=\"http:\/\/www.pratinha.mg.gov.br\/portal\/wp-content\/uploads\/2025\/07\/IMPUGNACAO-E-RESPOSTA-A-NEOCONSULTORIA.pdf\">IMPUGNA\u00c7\u00c3O E RESPOSTA A NEOCONSULTORIA<\/a><br \/>\n<br \/>\n<a href=\"http:\/\/www.pratinha.mg.gov.br\/portal\/wp-content\/uploads\/2025\/07\/RETIFICACAO-AO-EDITAL.docx.pdf\">RETIFICA\u00c7\u00c3O AO EDITAL.docx<\/a><br \/>\n<br \/>\n<a href=\"http:\/\/www.pratinha.mg.gov.br\/portal\/wp-content\/uploads\/2025\/07\/2-Edital-GESTAO.pdf\">2 Edital GEST\u00c3O<\/a><br \/>\n<br \/>\n<a href=\"http:\/\/www.pratinha.mg.gov.br\/portal\/wp-content\/uploads\/2025\/07\/IMPUGNACAO-CARLETTO-GESTAO-DE-SERVICOS-E-RESPOSTA.pdf\">IMPUGNA\u00c7\u00c3O CARLETTO GEST\u00c3O DE SERVI\u00c7OS E RESPOSTA<\/a><br \/>\n<br \/>\n<a href=\"http:\/\/www.pratinha.mg.gov.br\/portal\/wp-content\/uploads\/2025\/07\/IMPUGNACAO-NP3-CONSULTORIA-E-RESPOSTA.pdf\">IMPUGNA\u00c7\u00c3O NP3 CONSULTORIA E RESPOSTA<\/a><br \/>\n<br \/>\n<br \/>\n<a href=\"http:\/\/www.pratinha.mg.gov.br\/portal\/wp-content\/uploads\/2025\/08\/recurso_pratinha_mg_desclassificacao_indevida-q-frotas.pdf\">recurso_pratinha_mg_desclassificacao_indevida q frotas<\/a><br \/>\n<br \/>\n<a href=\"http:\/\/www.pratinha.mg.gov.br\/portal\/wp-content\/uploads\/2025\/08\/RECURSO-PRATINHA-LINK-x-KOTEI-assinado.pdf\">RECURSO - PRATINHA - LINK x KOTEI assinado<\/a><br \/>\n<br \/>\n<a href=\"http:\/\/www.pratinha.mg.gov.br\/portal\/wp-content\/uploads\/2025\/08\/contrarrazoes_ao_recurso_administrativo_q_frota_1755606973.pdf\">contrarrazoes_ao_recurso_administrativo_q_frota_1755606973<\/a><br \/>\n<br \/>\n<a href=\"http:\/\/www.pratinha.mg.gov.br\/portal\/wp-content\/uploads\/2025\/08\/contrarrazoes_ao_recurso_administrativo_linkcard_1755607192.pdf\">contrarrazoes_ao_recurso_administrativo_linkcard_1755607192<\/a><br \/>\n<br \/>\n<a href=\"http:\/\/www.pratinha.mg.gov.br\/portal\/wp-content\/uploads\/2025\/08\/Julgamento.pdf\">Julgamento<\/a><br \/>\n<br \/>\n<br \/>\n<a href=\"http:\/\/www.pratinha.mg.gov.br\/portal\/wp-content\/uploads\/2025\/09\/recurso_administrativo_pratinha_mg_1756927815.pdf\">recurso_administrativo_pratinha_mg_1756927815<\/a><br \/>\n<br \/>\n<br \/>\n<a href=\"http:\/\/www.pratinha.mg.gov.br\/portal\/wp-content\/uploads\/2025\/09\/contrarrazoes_pratinha_mg_kotei_1757100266.pdf\">contrarrazoes_pratinha_mg_kotei_1757100266&lt;<br \/>\n<br \/>\n<a href=\"http:\/\/www.pratinha.mg.gov.br\/portal\/wp-content\/uploads\/2025\/09\/recurso_municipio_de_pratinha_mg_1756930381.pdf\">recurso_municipio_de_pratinha_mg_1756930381<\/a><br \/>\n<br \/>\n<br \/>\n<br \/>\n<a href=\"http:\/\/www.pratinha.mg.gov.br\/portal\/wp-content\/uploads\/2025\/09\/contrarrazoes_pratinha_mg_link_1757100295-1.pdf\">contrarrazoes_pratinha_mg_link_1757100295<\/a><br \/>\n<br \/>\n<a href=\"http:\/\/www.pratinha.mg.gov.br\/portal\/wp-content\/uploads\/2025\/09\/JULGAMENTO-1.pdf\">JULGAMENTO<\/a><br \/>\n<br \/>\n<br \/>\n<a href=\"http:\/\/www.pratinha.mg.gov.br\/portal\/wp-content\/uploads\/2025\/09\/ATA-DA-SESSAO-DE-APRESENTACAO-DO-SISTEMA-1.pdf\">ATA DA SESS\u00c3O DE APRESENTA\u00c7\u00c3O DO SISTEMA<\/a><br \/>\n<br \/>\n<a href=\"http:\/\/www.pratinha.mg.gov.br\/portal\/wp-content\/uploads\/2025\/09\/LICITANET-ATA-DE-REALIZACAO-DO-PREGAO-ELETRONICO-1.pdf\">LICITANET - ATA DE REALIZA\u00c7\u00c3O DO PREG\u00c3O ELETR\u00d4NICO<\/a><br \/>\n<br \/>\n<br \/>\n<br \/>\n<a href=\"http:\/\/www.pratinha.mg.gov.br\/portal\/wp-content\/uploads\/2025\/09\/Intencao-de-recurso.pdf\">Inten\u00e7\u00e3o de recurso<\/a><br \/>\n<br \/>\n<br \/>\n<a href=\"http:\/\/www.pratinha.mg.gov.br\/portal\/wp-content\/uploads\/2025\/09\/Parecer-e-decisao.pdf\">Parecer e decisao<\/a><br \/>\n<br \/>\n<br \/>\n<a href=\"http:\/\/www.pratinha.mg.gov.br\/portal\/wp-content\/uploads\/2025\/09\/homologacao-2.pdf\">homologa\u00e7ao 2<\/a><br \/>\n<br \/>\n<br \/>\n<a href=\"http:\/\/www.pratinha.mg.gov.br\/portal\/wp-content\/uploads\/2025\/10\/EXTRATO-DE-CONTRATO.pdf\">EXTRATO DE CONTRATO<\/a><br \/>\n<a href=\"http:\/\/www.pratinha.mg.gov.br\/portal\/wp-content\/uploads\/2025\/12\/NOTIFICACAO-QFROTAS.pdf\">NOTIFICA\u00c7\u00c3O QFROTAS<\/a><\/td><td class=\"column-3\">CONTRATA\u00c7\u00c3O DE EMPRESA PARA PRESTA\u00c7\u00c3O DE SERVI\u00c7OS DE IMPLANTA\u00c7\u00c3O, INTERMEDIA\u00c7\u00c3O E ADMINISTRA\u00c7\u00c3O DE SISTEMA INFORMATIZADO E INTEGRADO VIA WEB ONLINE REAL TIME, PARA MANUTEN\u00c7\u00c3O DA FROTA DO MUNIC\u00cdPIO DE PRATINHA\u2013 MG<br \/>\n<br \/>\n<br \/>\nIMPUGNA\u00c7\u00c3O<br \/>\nRESPOSTAS<br \/>\n<br \/>\nTERMO DE SUSPENS\u00c3O<br \/>\n<br \/>\nTERMO DE RETIFICA\u00c7\u00c3O DE EDITAL<br \/>\nSEGUNDO EDITAL<br \/>\n<br \/>\nIMPUGNA\u00c7\u00c3O CARLETTO GESTAO DE SERVI\u00c7OS<br \/>\nIMPUGNA\u00c7\u00c3O E RESPOSTAS NP3 CONSULTORIA E ASSESSORIA EMPRESARIAL<br \/>\nRESPOSTAS<br \/>\n<br \/>\n<br \/>\nRECURSOS E JULGAMENTOS<br \/>\n<br \/>\nRECURSO E JULGAMENTOS.<br \/>\n<br \/>\nATA DE APRESENTA\u00c7\u00c3O DO SISTEMA\/ PROVA DE CONCEITO<br \/>\n<br \/>\nATA DA SESS\u00c3O<br \/>\n<br \/>\nPEDIDO DE RECURSO <br \/>\n<br \/>\nDECIS\u00c3O<br \/>\n<br \/>\nTERMO DE ADJUDICA\u00c7\u00c3O\/HOMOLOGA\u00c7\u00c3O<br \/>\n<br \/>\nEXTRATO DE CONTRATO<br \/>\n<br \/>\nNOTIFICA\u00c7\u00c3O<\/td><td class=\"column-4\">PUBLICADO: 02\/07\/2025<br \/>\nCERTAME: Dia 17\/07\/2025 \u00e0s 09:00 (nove horas).<br \/>\nPUBLICADO: 14\/07\/2025<br \/>\nP\/UBLICADO:16\/07\/2025<br \/>\n<br \/>\nPUBLICADO:29\/07\/2025<br \/>\n<br \/>\nPUBLICADO:29\/08\/2025<br \/>\n<br \/>\nPUBLICADO:11\/09\/2025<br \/>\n<br \/>\n\/<br \/>\nPUBLICADO:18\/09\/2025<br \/>\n<br \/>\nPUBLICADO:19\/09\/2025<br \/>\n<br \/>\nPublicado:30\/09\/2025<br \/>\n<br \/>\nPUBLICADO:02\/10\/2025<br \/>\nPUBLICADO: 02\/12\/2025<\/td><td class=\"column-5\"><\/td>\n<\/tr>\n<tr class=\"row-28\">\n\t<td class=\"column-1\">PROCESSO LICITAT\u00d3RIO N\u00ba 095\/2025 PREG\u00c3O ELETR\u00d4NICO N\u00ba 028\/2025<br \/>\n<\/td><td class=\"column-2\"><a href=\"http:\/\/www.pratinha.mg.gov.br\/portal\/wp-content\/uploads\/2025\/06\/EDITAL-AQUISICAO-DE-MATERIAL-DE-CONSTRUCAO.pdf\">EDITAL AQUISI\u00c7\u00c3O DE MATERIAL DE CONSTRU\u00c7\u00c3O<\/a><br \/>\n<br \/>\n<a href=\"http:\/\/www.pratinha.mg.gov.br\/portal\/wp-content\/uploads\/2025\/07\/LICITANET-ATA-DE-REALIZACAO-DO-PREGAO-ELETRONICO.pdf\">LICITANET - ATA DE REALIZA\u00c7\u00c3O DO PREG\u00c3O ELETR\u00d4NICO<\/a><br \/>\n<br \/>\n<a href=\"http:\/\/www.pratinha.mg.gov.br\/portal\/wp-content\/uploads\/2025\/07\/homologacao-e-adjudicacao-1.pdf\">homologa\u00e7ao e adjudica\u00e7\u00e3o<\/a><br \/>\n<br \/>\n<a href=\"http:\/\/www.pratinha.mg.gov.br\/portal\/wp-content\/uploads\/2025\/07\/EXTRATO-DE-CONTRATO-4.pdf\">EXTRATO DE CONTRATO<\/a><br \/>\n<br \/>\n<br \/>\n<\/td><td class=\"column-3\">AQUISI\u00c7\u00c3O DE MATERIAIS DE CONSTRU\u00c7\u00c3O EM GERAL PARA MELHORIA NAS INSTALA\u00c7\u00d5ES DO PARQUE DE PRATINHA MG E AQUISI\u00c7\u00c3O DE MATERIAIS PARA MELHORIA NA REDE DE DISTRIBUI\u00c7\u00c3O DE AGUA POT\u00c1VEL.<br \/>\nATA DA SESS\u00c3O<br \/>\n<br \/>\nTERMO DE ADJUDICA\u00c7\u00c3O\/HOMOLOGA\u00c7\u00c3O<br \/>\nEXTRATO DE CONTRATO<\/td><td class=\"column-4\">PUBLICADO:30\/06\/2025<br \/>\nCERTAME: 11\/07\/2025<br \/>\nPUBLICADO:11\/07\/2025<br \/>\n<br \/>\nPUBLICADO:16\/07\/2025<\/td><td class=\"column-5\"><\/td>\n<\/tr>\n<tr class=\"row-29\">\n\t<td class=\"column-1\">PROCESSO N\u00ba081\/2025<br \/>\nPREG\u00c3O ELETRONICO N\u00ba 026\/2025<\/td><td class=\"column-2\"><a href=\"http:\/\/www.pratinha.mg.gov.br\/portal\/wp-content\/uploads\/2025\/06\/EDITAL-1.pdf\">EDITAL<\/a><br \/>\n<br \/>\n<br \/>\n<a href=\"http:\/\/www.pratinha.mg.gov.br\/portal\/wp-content\/uploads\/2025\/06\/LICITANET-ATA-DE-REALIZACAO-DO-PREGAO-ELETRONICO-2.pdf\">LICITANET - ATA DE REALIZA\u00c7\u00c3O DO PREG\u00c3O ELETR\u00d4NICO<\/a><br \/>\n<br \/>\n<a href=\"http:\/\/www.pratinha.mg.gov.br\/portal\/wp-content\/uploads\/2025\/07\/homologacao-e-adjudicacao.pdf\">homologa\u00e7ao e adjudica\u00e7\u00e3o<\/a><br \/>\n<br \/>\n<a href=\"http:\/\/www.pratinha.mg.gov.br\/portal\/wp-content\/uploads\/2025\/07\/EXTRATO-DE-ATAS.pdf\">EXTRATO DE ATAS<\/a><br \/>\n<a href=\"http:\/\/www.pratinha.mg.gov.br\/portal\/wp-content\/uploads\/2026\/04\/Notificacao-Fornecedor_assinado-1.pdf\">Notificacao Fornecedor_assinado (1)<\/a><\/td><td class=\"column-3\">REGISTRO DE PRE\u00c7OS PARA AQUISI\u00c7\u00c3O DE ITENS DE PAPELARIA E MATERIAL DE ESCRIT\u00d3RIO PARA OS DEPARTAMENTOS DA PREFEITURA MUNICIPAL DE PRATINHA\/MG<br \/>\nATA RESUMIDA DA SESS\u00c3O<br \/>\n<br \/>\nTERMO DE ADJUDICA\u00c7\u00c3O\/HOMOLOGA\u00c7\u00c3O<br \/>\n <br \/>\n1\u00aa NOTIFICA\u00c7\u00c3O POR DESCUMPRIMENTO DO CONTRATO.<br \/>\n<br \/>\nEXTRATO DE ATAS<br \/>\n<\/td><td class=\"column-4\">PUBLICADO:03\/6\/2025<br \/>\nCERTAME DIA 17\/06\/2025 AS 09:00 <br \/>\nPUBLICADO:23\/06\/2025<br \/>\nPUBLICADO:04\/07\/2025<br \/>\nPUBLICADO: 14\/04\/2026<\/td><td class=\"column-5\"><\/td>\n<\/tr>\n<tr class=\"row-30\">\n\t<td class=\"column-1\">PROCESSO LICITAT\u00d3RIO N\u00ba 083\/2025<br \/>\n<br \/>\nMODALIDADE LEIL\u00c3O PRESENCIAL N\u00ba 001\/2025<br \/>\n<\/td><td class=\"column-2\"><a href=\"http:\/\/www.pratinha.mg.gov.br\/portal\/wp-content\/uploads\/2025\/06\/EDITAL-LEILAO-PARA-CONCESSAO-DO-PEAO.pdf\">EDITAL LEIL\u00c3O PARA CONCESS\u00c3O DO PE\u00c3O<\/a><br \/>\n<a href=\"http:\/\/www.pratinha.mg.gov.br\/portal\/wp-content\/uploads\/2025\/07\/Ata-Sessao-Publica-Abertura-Julgamento-4.pdf\">Ata Sess\u00e3o P\u00fablica Abertura Julgamento<\/a><br \/>\n<a href=\"http:\/\/www.pratinha.mg.gov.br\/portal\/wp-content\/uploads\/2025\/07\/TERMO-DE-HOMOLOGACAO-1.pdf\">TERMO DE HOMOLOGA\u00c7\u00c3O<\/a><br \/>\n<a href=\"http:\/\/www.pratinha.mg.gov.br\/portal\/wp-content\/uploads\/2025\/07\/EXTRATO-DE-CONTRATO-9.pdf\">EXTRATO DE CONTRATO<\/a><\/td><td class=\"column-3\">PERMISS\u00c3O DE DIREITO DE USO DE ESPA\u00c7O P\u00daBLICO PARA CONTRATA\u00c7\u00c3O DE EMPRESA ESPECIALIZADA NA ORGANIZA\u00c7\u00c3O, PRODU\u00c7\u00c3O, REALIZA\u00c7\u00c3O, ADMINISTRA\u00c7\u00c3O E LOG\u00cdSTICA DE EVENTOS VISANDO A CESS\u00c3O ONEROSA DE \u00c1REA DETERMINADA DO PARQUE DE EXPOSI\u00c7\u00d5ES PARA A REALIZA\u00c7\u00c3O DA FESTA DO PE\u00c3O DE PRATINHA , A SER REALIZADA NO PER\u00cdODO DE 31 DE JULHO A 03  DE AGOSTO DE 2025, CONFORME EDITAL E ESPECIFICA\u00c7\u00d5ES CONTIDAS NESTE TERMO DE REFER\u00caNCIA.<br \/>\nATA DA SESS\u00c3O <br \/>\nTERMO DE HOMOLOGA\u00c7\u00c3O<br \/>\nEXTRATO DE CONTRATO N\u00b0086\/2025<\/td><td class=\"column-4\">PUBLICADO: 03\/06\/2025<br \/>\nSESS\u00c3O 27\/06\/2025<br \/>\nPUBLICADO: 27\/06\/2025<br \/>\nPUBLICADO: 18\/07\/2025<br \/>\nPUBLICADO: 30\/07\/2025<\/td><td class=\"column-5\"><\/td>\n<\/tr>\n<tr class=\"row-31\">\n\t<td class=\"column-1\">PROCESSO LICITAT\u00d3RIO N\u00ba 080\/2025<br \/>\n PREG\u00c3O ELETR\u00d4NICO N\u00ba 025\/2025<br \/>\n<\/td><td class=\"column-2\"><a href=\"http:\/\/www.pratinha.mg.gov.br\/portal\/wp-content\/uploads\/2025\/06\/EDITAL-.docx.pdf\">EDITAL-.docx<\/a><br \/>\n<br \/>\n<a href=\"http:\/\/www.pratinha.mg.gov.br\/portal\/wp-content\/uploads\/2025\/06\/LICITANET-ATA-DE-REALIZACAO-DO-PREGAO-ELETRONICO-1.pdf\">LICITANET - ATA DE REALIZA\u00c7\u00c3O DO PREG\u00c3O ELETR\u00d4NICO<\/a><br \/>\n<br \/>\n<a href=\"http:\/\/www.pratinha.mg.gov.br\/portal\/wp-content\/uploads\/2025\/06\/homologacao-e-adjudicacao.docx-1.pdf\">homologa\u00e7ao e adjudica\u00e7\u00e3o.docx<\/a><a href=\"http:\/\/www.pratinha.mg.gov.br\/portal\/wp-content\/uploads\/2025\/06\/EXTRATO-DA-ATA-DE-REGISTRO-D-EPRECO.pdf\">EXTRATO DA ATA DE REGISTRO D EPRE\u00c7O<\/a><\/td><td class=\"column-3\">REGISTRO DE PRE\u00c7OS PARA CONTRATA\u00c7\u00c3O DE EMPRESA ESPECIALIZADA EM SERVI\u00c7OS DE SERRALHERIA E CORTE COM MA\u00c7ARICO CONFORME ESPECIFICA\u00c7\u00d5ES CONSTANTES NO TERMO DE REFER\u00caNCIA<br \/>\n<br \/>\nATA DA SESS\u00c3O<br \/>\n<br \/>\nTERMO DE ADJUDICA\u00c7\u00c3O\/HOMOLOGA\u00c7\u00c3O<br \/>\n<br \/>\nEXTRATO DAS ATAS<\/td><td class=\"column-4\">PUBLICADO:02\/06\/2025<br \/>\nPUBLICADO: 16\/06\/2025<br \/>\nPUBLICADO: 26\/06\/2025<br \/>\nPUBLICADO: 26\/06\/2025<\/td><td class=\"column-5\">ATA N\u00b0 45<br \/>\nATA N\u00ba 46<\/td>\n<\/tr>\n<tr class=\"row-32\">\n\t<td class=\"column-1\">PROCESSO LICITAT\u00d3RIO N. \u00ba 038\/2022<br \/>\nINEXIGIBILIDADE n. \u00ba 004\/2022<br \/>\n<\/td><td class=\"column-2\"><a href=\"http:\/\/www.pratinha.mg.gov.br\/portal\/wp-content\/uploads\/2025\/05\/EXTRATO-DE-CONTRATO-aditivo.pdf\">EXTRATO DE CONTRATO aditivo<\/a><\/td><td class=\"column-3\">EXTRATO DE ADITIVO DE CONTRATO<\/td><td class=\"column-4\">PUBLICADO:30\/05\/2025<\/td><td class=\"column-5\">ADITADO O CONTRATO DE N\u00ba08\/2022<\/td>\n<\/tr>\n<tr class=\"row-33\">\n\t<td class=\"column-1\">PROCESSO LICITAT\u00d3RIO N\u00ba 073\/2025<br \/>\nPREG\u00c3O ELETR\u00d4NICO N\u00ba 023\/2025<br \/>\n<\/td><td class=\"column-2\"><a href=\"http:\/\/www.pratinha.mg.gov.br\/portal\/wp-content\/uploads\/2025\/05\/EDITAL-AQUISICAO-DE-MATERIAL-DE-CONSTRUCAO.pdf\">EDITAL AQUISI\u00c7\u00c3O DE MATERIAL DE CONSTRU\u00c7\u00c3O<\/a><br \/>\n<br \/>\n<br \/>\n<a href=\"http:\/\/www.pratinha.mg.gov.br\/portal\/wp-content\/uploads\/2025\/05\/SEGUNO-EDITAL-AQUISICAO-DE-MATERIAL-DE-CONSTRUCAO.doc.pdf\">SEGUNO EDITAL AQUISI\u00c7\u00c3O DE MATERIAL DE CONSTRU\u00c7\u00c3O.doc<\/a><br \/>\n<br \/>\n<a href=\"http:\/\/www.pratinha.mg.gov.br\/portal\/wp-content\/uploads\/2025\/06\/LICITANET-ATA-DE-REALIZACAO-DO-PREGAO-ELETRONICO.pdf\">LICITANET - ATA DE REALIZA\u00c7\u00c3O DO PREG\u00c3O ELETR\u00d4NICO<\/a><br \/>\n<br \/>\n<br \/>\n<a href=\"http:\/\/www.pratinha.mg.gov.br\/portal\/wp-content\/uploads\/2025\/06\/termo-de-revogacao.docx-1.pdf\">termo de revoga\u00e7\u00e3o.docx<\/a><\/td><td class=\"column-3\">AQUISI\u00c7\u00c3O DE MATERIAIS DE CONSTRU\u00c7\u00c3O EM GERAL PARA MELHORIA NAS INSTALA\u00c7\u00d5ES DO PARQUE DE PRATINHA MG E AQUISI\u00c7\u00c3O DE MATERIAIS PARA MELHORIA NA REDE DE DISTRIBUI\u00c7\u00c3O DE AGUA POT\u00c1VEL. <br \/>\n<br \/>\nSEGUNDO EDITAL <br \/>\nRETIFICADO<br \/>\n<br \/>\n<br \/>\nATA DA SESS\u00c3O<br \/>\n<br \/>\nTERMO DE REVOGA\u00c7\u00c3O<\/td><td class=\"column-4\">PUBLICADO: 26\/06\/2025 CERTAME: Dia 06\/06\/2025 \u00e0s 09h00min (nove horas).<br \/>\n<br \/>\nPUBLICADO:10:06:2025<br \/>\nPUBLICADO: 28\/05\/2025<br \/>\n<br \/>\nPUBLICADO:16\/06\/2025<\/td><td class=\"column-5\"><\/td>\n<\/tr>\n<tr class=\"row-34\">\n\t<td class=\"column-1\">PROCESSO N\u00ba 072\/2025<br \/>\n<br \/>\nPREG\u00c3O ELETR\u00d4NICO N\u00ba 022\/2025<br \/>\n<\/td><td class=\"column-2\"><a href=\"http:\/\/www.pratinha.mg.gov.br\/portal\/wp-content\/uploads\/2025\/05\/EDITAL-SRP-1.pdf\">EDITAL SRP<\/a><br \/>\n<br \/>\n<a href=\"http:\/\/www.pratinha.mg.gov.br\/portal\/wp-content\/uploads\/2025\/07\/LICITANET-ATA-DE-REALIZACAO-DO-PREGAO-ELETRONICO-Complementar-no-1.pdf\">LICITANET - ATA DE REALIZA\u00c7\u00c3O DO PREG\u00c3O ELETR\u00d4NICO Complementar n\u00ba 1<\/a><br \/>\n<br \/>\n<a href=\"http:\/\/www.pratinha.mg.gov.br\/portal\/wp-content\/uploads\/2025\/07\/homologacao-e-adjudicacao.docx.pdf\">homologa\u00e7ao e adjudica\u00e7\u00e3o.docx<\/a><br \/>\n<br \/>\n<a href=\"http:\/\/www.pratinha.mg.gov.br\/portal\/wp-content\/uploads\/2025\/07\/EXTRATO-DE-ATAS.docx.pdf\">EXTRATO DE ATAS.docx<\/a><\/td><td class=\"column-3\">REGISTRO DE PRE\u00c7OS PARA AQUISI\u00c7\u00c3O DE EQUIPAMENTOS, INSUMOS E MATERIAIS HOSPITALARES PARA ATENDIMENTO DAS NECESSIDADES DO DEPARTAMENTO SA\u00daDE DA PREFEITURA MUNICIPAL DE PRATINHA\/MG.<br \/>\n<br \/>\nATA DA SESS\u00c3O<br \/>\n<br \/>\nTERMO DE HOLOGA\u00c7\u00c3O\/ADJUDICA\u00c7\u00c3O<br \/>\n<br \/>\nEXTRATO DE ATAS <\/td><td class=\"column-4\">PUBLICADO: 23\/05\/2025<br \/>\nCERTAME 05\/06\/2025 \u00c1S 09:00 HORAS(NOVE)<br \/>\n<br \/>\nPUBLICADO:07\/07\/2025<br \/>\n<br \/>\nPUBLICADO:29\/072025<\/td><td class=\"column-5\"><\/td>\n<\/tr>\n<tr class=\"row-35\">\n\t<td class=\"column-1\">PROCESSO:084\/2024<br \/>\nPREG\u00c3O ELETR\u00d4NICO N\u00ba 016\/2024<br \/>\n<\/td><td class=\"column-2\"><a href=\"http:\/\/www.pratinha.mg.gov.br\/portal\/wp-content\/uploads\/2025\/05\/extrato-de-apostilamento.doc.pdf\">extrato de apostilamento.doc<\/a><\/td><td class=\"column-3\">EXTRATO DE TERMO APOSTILAMENTO DE E REAJUSTE DE PRE\u00c7OS<br \/>\n<br \/>\n<\/td><td class=\"column-4\">PUBLICADO:15\/05\/2025<\/td><td class=\"column-5\"><\/td>\n<\/tr>\n<tr class=\"row-36\">\n\t<td class=\"column-1\">PROCESSO N\u00ba 069\/2025<br \/>\nPREG\u00c3O ELETR\u00d4NICO N\u00ba 021\/2025<br \/>\n<\/td><td class=\"column-2\"><a href=\"http:\/\/www.pratinha.mg.gov.br\/portal\/wp-content\/uploads\/2025\/05\/Edital.pdf\">Edital<\/a><br \/>\n<a href=\"http:\/\/www.pratinha.mg.gov.br\/portal\/wp-content\/uploads\/2025\/05\/LICITANET-ATA-DE-REALIZACAO-DO-PREGAO-ELETRONICO-3.pdf\">LICITANET - ATA DE REALIZA\u00c7\u00c3O DO PREG\u00c3O ELETR\u00d4NICO<\/a><br \/>\n<br \/>\n<a href=\"http:\/\/www.pratinha.mg.gov.br\/portal\/wp-content\/uploads\/2025\/06\/TERMO-DE-LICITACAO-FRACASSADA.docx.pdf\">TERMO DE LICITA\u00c7\u00c3O FRACASSADA.docx<\/a><\/td><td class=\"column-3\">FORNECIMENTO PARCELADO E CONFORME NECESSIDADE DE REFEI\u00c7\u00d5ES TIPO SELFSERVISSE E MARMITEX, PARA DIVERSOS DEPARTAMENTOS DA PREFEITURA MUNICIPAL, DENTRO DO MUNICIPIO  DE PRATINHA-MG. <br \/>\n<br \/>\nATA DA SESS\u00c3O<br \/>\n<br \/>\nTERMO DE FRACASSO<\/td><td class=\"column-4\">PUBLICADO: 14\/05\/2024<br \/>\nPUBLICADO?29\/05\/2025<br \/>\nPUBLICADO:11\/06\/2025<\/td><td class=\"column-5\"><\/td>\n<\/tr>\n<tr class=\"row-37\">\n\t<td class=\"column-1\">PROCESSO N\u00ba 063\/2025<br \/>\n<br \/>\nPREG\u00c3O ELETR\u00d4NICO N\u00ba 020\/2025<br \/>\n<\/td><td class=\"column-2\"><a href=\"http:\/\/www.pratinha.mg.gov.br\/portal\/wp-content\/uploads\/2025\/05\/EDITAL-SRP.pdf\">EDITAL SRP<\/a><br \/>\n<a href=\"http:\/\/www.pratinha.mg.gov.br\/portal\/wp-content\/uploads\/2025\/05\/LICITANET-ATA-DE-REALIZACAO-DO-PREGAO-ELETRONICO-2.pdf\">LICITANET - ATA DE REALIZA\u00c7\u00c3O DO PREG\u00c3O ELETR\u00d4NICO<\/a><br \/>\n<a href=\"http:\/\/www.pratinha.mg.gov.br\/portal\/wp-content\/uploads\/2025\/06\/TERMO-DE-HOMOLOGACAO-E-ADJUDICACAO.pdf\">TERMO DE HOMOLOGA\u00c7\u00c3O E ADJUDICA\u00c7\u00c3O<\/a><br \/>\n<a href=\"http:\/\/www.pratinha.mg.gov.br\/portal\/wp-content\/uploads\/2025\/06\/EXTRATO-DE-ATA-038-2025.pdf\">EXTRATO DE ATA 038-2025<\/a><\/td><td class=\"column-3\">REGISTRO DE PRE\u00c7OS AQUISI\u00c7\u00c3O DE UM GERADOR PARA A UNIDADE BASICA DE SA\u00daDE (UBS) DE PRATINHA MG.<br \/>\n<br \/>\nATA DA SESS\u00c3O<br \/>\nTERMO DE HOMOLOGA\u00c7\u00c3O E ADJUDICA\u00c7\u00c3O <br \/>\nEXTRATO DE ATA N\/ 038\/2025<\/td><td class=\"column-4\">PUBLICADO: 08\/05\/2025<br \/>\nCERTAME: 22\/05\/2025<br \/>\n\u00c1S 09:H00 (NOVE)<br \/>\nPUBLICADO: 26\/05\/2025<br \/>\nPUBLICADO: 04\/06\/2025<\/td><td class=\"column-5\"><\/td>\n<\/tr>\n<tr class=\"row-38\">\n\t<td class=\"column-1\">PROCESSO N\u00ba 062\/2025<br \/>\n<br \/>\nPREG\u00c3O ELETR\u00d4NICO N\u00ba 019\/2025<br \/>\n<\/td><td class=\"column-2\"><a href=\"http:\/\/www.pratinha.mg.gov.br\/portal\/wp-content\/uploads\/2025\/05\/EDITAL-MATERIAL-ESPORTIVO.pdf\">EDITAL MATERIAL ESPORTIVO<\/a><br \/>\n<a href=\"http:\/\/www.pratinha.mg.gov.br\/portal\/wp-content\/uploads\/2025\/05\/LICITANET-ATA-DE-REALIZACAO-DO-PREGAO-ELETRONICO-1.pdf\">LICITANET - ATA DE REALIZA\u00c7\u00c3O DO PREG\u00c3O ELETR\u00d4NICO<\/a><br \/>\n<a href=\"http:\/\/www.pratinha.mg.gov.br\/portal\/wp-content\/uploads\/2025\/06\/TERMO-DE-HOMOLOGACAO-E-ADJUDICACAO-1.pdf\">TERMO DE HOMOLOGA\u00c7\u00c3O E ADJUDICA\u00c7\u00c3O<\/a><br \/>\n<a href=\"http:\/\/www.pratinha.mg.gov.br\/portal\/wp-content\/uploads\/2025\/06\/EXTRATO-DE-ATA-1.pdf\">EXTRATO DE ATA<\/a><\/td><td class=\"column-3\">REGISTRO DE PRE\u00c7OS PARA AQUISI\u00c7\u00c3O DE MATERIAL ESPORTIVO DESTINADO A SUPRIR AS NECESSIDADES DA REDE MUNICIPAL DE ENSINO DO MUNIC\u00cdPIO DE PRATINHA-MG E ATENDER \u00c0S DEMANDAS DO FUNDO MUNICIPAL DE PROTE\u00c7\u00c3O AO PATRIM\u00d4NIO CULTURAL (FUMPAC), E DEPARTAMENTO DE TURISMO, ESPORTE E LAZER.<br \/>\nATA DA SESS\u00c3O<br \/>\nTERMO DE HOMOLOGA\u00c7\u00c3O E ADJUDICA\u00c7\u00c3O<br \/>\nEXTRATO DE ATA <\/td><td class=\"column-4\">PUBLICADO: 08\/05\/2025<br \/>\nCERTAME: 23\/05\/2025<br \/>\n\u00c1S 09:H00 (NOVE)<br \/>\nPUBLICADO: 26\/05\/2025<br \/>\nPUBLICADO: 05\/06\/2025<\/td><td class=\"column-5\"><\/td>\n<\/tr>\n<tr class=\"row-39\">\n\t<td class=\"column-1\">PROCESSO N\u00ba 061\/2025<br \/>\n<br \/>\nPREG\u00c3O ELETR\u00d4NICO N\u00ba 018\/2025<br \/>\n<\/td><td class=\"column-2\"><a href=\"http:\/\/www.pratinha.mg.gov.br\/portal\/wp-content\/uploads\/2025\/05\/EDITAL-SRP-OXIGENIO.pdf\">EDITAL SRP OXIG\u00caNIO<\/a><br \/>\n<br \/>\n<br \/>\n<a href=\"http:\/\/www.pratinha.mg.gov.br\/portal\/wp-content\/uploads\/2025\/05\/Recurso-Nilson-Moreira-Cardoso-ME-PROCESSO-LICITATORIO-No-061-2025-Pratinha.pdf\">Recurso Nilson Moreira Cardoso - ME - PROCESSO LICITAT\u00d3RIO N\u00ba 061 - 2025 - Pratinha<\/a><br \/>\n<a href=\"http:\/\/www.pratinha.mg.gov.br\/portal\/wp-content\/uploads\/2025\/05\/JULGAMENTOXIGENIO.pdf\">JULGAMENTOXIGENIO<\/a><br \/>\n<br \/>\n<a href=\"http:\/\/www.pratinha.mg.gov.br\/portal\/wp-<br \/>\n<br \/>\n<br \/>\ncontent\/uploads\/2025\/05\/LICITANET-ATA-DE-REALIZACAO-DO-PREGAO-ELETRONICO-5.pdf\">LICITANET - ATA DE REALIZA\u00c7\u00c3O DO PREG\u00c3O ELETR\u00d4NICO<\/a><br \/>\n<br \/>\n<a href=\"http:\/\/www.pratinha.mg.gov.br\/portal\/wp-content\/uploads\/2025\/06\/homologacao-e-adjudicacao.docx.pdf\">homologa\u00e7ao e adjudica\u00e7\u00e3o.docx<\/a><br \/>\n<br \/>\n<a href=\"http:\/\/www.pratinha.mg.gov.br\/portal\/wp-content\/uploads\/2025\/06\/EXTRATO-DE-ATA.pdf\">EXTRATO DE ATA<\/a><br \/>\n<br \/>\n<a href=\"http:\/\/www.pratinha.mg.gov.br\/portal\/wp-content\/uploads\/2026\/02\/EXTRATO-DE-TERMO-DE-APOSTILAMENTO.pdf\">EXTRATO DE TERMO DE APOSTILAMENTO<\/a><\/td><td class=\"column-3\">REGISTRO DE PRE\u00c7O PARA A AQUISI\u00c7\u00c3O PARCELADA E CONFORME NECESSIDADE DE OXIG\u00caNIO MEDICINAL PARA ATENDER O DEPARTAMENTO MUNICIPAL DE SA\u00daDE DE PRATINHA MG.<br \/>\n<br \/>\nRECURSO E JULGAMENTO<br \/>\n<br \/>\nATA DA SESS\u00c3O<br \/>\n<br \/>\nHOMOLOGA\u00c7\u00c3O<br \/>\n<br \/>\nEXTRATO DA ATA<br \/>\n<br \/>\nEXTRATO DE TERMO APOSTILAMENTO<\/td><td class=\"column-4\">PUBLICADO: 07\/05\/2025 CERTAME: 20\/05\/2025 \u00c1S 09:00H (NOVE)<br \/>\n<br \/>\nPUBLICADO:30\/05\/2025<br \/>\nPUBLICADO:04\/06\/2025<br \/>\nPUBLICADO:03\/02\/2026<\/td><td class=\"column-5\"><\/td>\n<\/tr>\n<tr class=\"row-40\">\n\t<td class=\"column-1\">PROCESSO N\u00b0 054\/2025<br \/>\nPREG\u00c3O ELETR\u00d4NICO N\u00b0 017\/2025<\/td><td class=\"column-2\"><a href=\"http:\/\/www.pratinha.mg.gov.br\/portal\/wp-content\/uploads\/2025\/04\/EDITAL-SRP-1-2-1.pdf\">EDITAL SRP - (1) (2) (1)<\/a><br \/>\n<br \/>\n<a href=\"http:\/\/www.pratinha.mg.gov.br\/portal\/wp-content\/uploads\/2025\/05\/LICITANET-ATA-DE-REALIZACAO-DO-PREGAO-ELETRONICO.pdf\">LICITANET - ATA DE REALIZA\u00c7\u00c3O DO PREG\u00c3O ELETR\u00d4NICO<\/a><br \/>\n<a href=\"http:\/\/www.pratinha.mg.gov.br\/portal\/wp-content\/uploads\/2025\/05\/TERMO-DE-HOMOLOGACAO-E-ADJUDICACAO.pdf\">TERMO DE HOMOLOGA\u00c7\u00c3O E ADJUDICA\u00c7\u00c3O<\/a><br \/>\n<a href=\"http:\/\/www.pratinha.mg.gov.br\/portal\/wp-content\/uploads\/2025\/05\/EXTRATO-DE-ATA-1.pdf\">EXTRATO DE ATA<\/a><br \/>\n<a href=\"http:\/\/www.pratinha.mg.gov.br\/portal\/wp-content\/uploads\/2025\/07\/Notificacao-Wtrade_Assinado.pdf\">Notifica\u00e7\u00e3o Wtrade_Assinado<\/a><br \/>\n<br \/>\n<br \/>\n<a href=\"http:\/\/www.pratinha.mg.gov.br\/portal\/wp-content\/uploads\/2025\/08\/despacho-cientificador.pdf\">despacho cientificador<\/a><br \/>\n<a href=\"http:\/\/www.pratinha.mg.gov.br\/portal\/wp-content\/uploads\/2025\/10\/DECISAO-DA-COMISSAO.pdf\">DECISAO DA COMISSAO<\/a><br \/>\n<a href=\"http:\/\/www.pratinha.mg.gov.br\/portal\/wp-content\/uploads\/2025\/10\/DECISAO-DO-PREFEITO.pdf\">DECIS\u00c3O DO PREFEITO<\/a><br \/>\n<br \/>\n<a href=\"http:\/\/www.pratinha.mg.gov.br\/portal\/wp-content\/uploads\/2025\/10\/AVISO-DE-REABERTURA-DE-SESSAO.docx.pdf\">AVISO DE REABERTURA DE SESSAO.docx<\/a><br \/>\n<br \/>\n<a href=\"http:\/\/www.pratinha.mg.gov.br\/portal\/wp-content\/uploads\/2025\/11\/LICITANET-ATA-DE-REALIZACAO-DO-PREGAO-ELETRONICO-Complementar-no-2.pdf\">LICITANET - ATA DE REALIZA\u00c7\u00c3O DO PREG\u00c3O ELETR\u00d4NICO Complementar n\u00ba 2<\/a><br \/>\n<br \/>\n<a href=\"http:\/\/www.pratinha.mg.gov.br\/portal\/wp-content\/uploads\/2025\/11\/EXTRATO-DE-ATAS-1.pdf\">EXTRATO DE ATAS<\/a><\/td><td class=\"column-3\">REGISTRO DE PRE\u00c7OS PARA AQUISI\u00c7\u00c3O DE MATERIAIS DE LIMPEZA,HIGIENE PESSOAL, EPIs E DESCARTAVEIS PARA ATENDIMENTO DOS DIVERSOS DEPARTAMENTOS DA PREFEITURA MUNICIPAL DE PRATINHA\/MG. <br \/>\n<br \/>\nATA DA SESS\u00c3O RESUMIDA<br \/>\nTERMO DE HOMOLOGA\u00c7\u00c3O E ADJUDICA\u00c7\u00c3O<br \/>\nEXTRATO DE ATAS<br \/>\n1\u00ba NOTIFICA\u00c7\u00c3O POR DESCUMPRIMENTO DO PRAZO DE ENTREGA<br \/>\n<br \/>\nDESPACHO CIENTIFICADOR DE ABERTURA DE PROCESSO ADMINISTRATIVO<br \/>\n<br \/>\nDECIS\u00c3O DA COMISS\u00c3O PROCESSANTE<br \/>\n<br \/>\nDECIS\u00c3O FINAL DO PREFEITO <br \/>\n<br \/>\nAVISO DE REABERTURA DE SESS\u00c3O<br \/>\n<br \/>\nATA DA SESSAO DE REABERTURA<br \/>\n<br \/>\nEXTRATO DE ATAS<\/td><td class=\"column-4\">PUBLICADO: 23\/04\/2025 CERTAME: 08\/05\/2025 \u00c1S 09:00H (NOVE)<br \/>\n<br \/>\nPUBLICADO:09\/05\/2025<br \/>\nPUBLICADO: 14\/05\/2025<br \/>\nPUBLICADO: 20\/05\/2025<br \/>\nPUBLICADO: 25\/07\/2025<br \/>\n<br \/>\nPUBLICADO:18\/08\/2025<br \/>\nPUBLICADO: 01\/10\/2025<br \/>\nPUBLICADO: 29\/10\/2025<br \/>\n29\/10\/2025<br \/>\n07\/11\/2025<br \/>\nPUBLICADO:24\/11\/2025<\/td><td class=\"column-5\"><\/td>\n<\/tr>\n<tr class=\"row-41\">\n\t<td class=\"column-1\">PREG\u00c3O ELETR\u00d4NICO N\u00ba 016\/2025<br \/>\nPROCESSO LICITAT\u00d3RIO N\u00ba 051\/2025<br \/>\n<\/td><td class=\"column-2\"><a href=\"http:\/\/www.pratinha.mg.gov.br\/portal\/wp-content\/uploads\/2025\/04\/Edital.pdf\">Edital<\/a><br \/>\n<a href=\"http:\/\/www.pratinha.mg.gov.br\/portal\/wp-content\/uploads\/2025\/04\/Termo-de-suspensao.pdf\">Termo de suspens\u00e3o<\/a><br \/>\n<br \/>\n<br \/>\n<a href=\"http:\/\/www.pratinha.mg.gov.br\/portal\/wp-content\/uploads\/2025\/04\/impugnacao_pratinha_mg_assinado_1745519831-1.pdf\">impugnacao_pratinha_mg_assinado_1745519831<\/a><br \/>\n<br \/>\n<a href=\"http:\/\/www.pratinha.mg.gov.br\/portal\/wp-content\/uploads\/2025\/04\/resposta.docx.pdf\">resposta.docx<\/a><br \/>\n<br \/>\n<a href=\"http:\/\/www.pratinha.mg.gov.br\/portal\/wp-content\/uploads\/2025\/04\/TERMO-DE-SUSPENSAO-DATA-DO-CERTAME.pdf\">TERMO DE SUSPENS\u00c3O DATA DO CERTAME<\/a><br \/>\n<br \/>\n<a href=\"http:\/\/www.pratinha.mg.gov.br\/portal\/wp-content\/uploads\/2025\/05\/julgamento.pdf\">julgamento<\/a><br \/>\n<br \/>\n<a href=\"http:\/\/www.pratinha.mg.gov.br\/portal\/wp-content\/uploads\/2025\/05\/oficio_019_2025_recurso_administrativo_municipio_de_pratinha_mg_1747427787-2.pdf\">oficio_019_2025_recurso_administrativo_municipio_de_pratinha_mg_1747427787 (2)<\/a><br \/>\n<br \/>\n<a href=\"http:\/\/www.pratinha.mg.gov.br\/portal\/wp-content\/uploads\/2025\/05\/LICITANET-ATA-DE-REALIZACAO-DO-PREGAO-ELETRONICO-4.pdf\">LICITANET - ATA DE REALIZA\u00c7\u00c3O DO PREG\u00c3O ELETR\u00d4NICO<\/a><br \/>\n<a href=\"http:\/\/www.pratinha.mg.gov.br\/portal\/wp-content\/uploads\/2025\/06\/TERMO-DE-HOMOLOGACAO.pdf\">TERMO DE HOMOLOGA\u00c7\u00c3O<\/a><br \/>\n<br \/>\n<a href=\"http:\/\/www.pratinha.mg.gov.br\/portal\/wp-content\/uploads\/2025\/06\/EXTRATO-DE-CONTRATOS.pdf\">EXTRATO DE CONTRATOS<\/a><br \/>\n<br \/>\n<a href=\"http:\/\/www.pratinha.mg.gov.br\/portal\/wp-content\/uploads\/2025\/10\/EXTRATO-DE-RESCISAO.pdf\">EXTRATO DE RESCISAO<\/a><br \/>\n<br \/>\n<a href=\"http:\/\/www.pratinha.mg.gov.br\/portal\/wp-content\/uploads\/2025\/11\/EXTRATO-DE-RESCISAO-CONTRATUAL.pdf\">EXTRATO DE RESCIS\u00c3O CONTRATUAL<\/a><br \/>\n<br \/>\n<a href=\"http:\/\/www.pratinha.mg.gov.br\/portal\/wp-content\/uploads\/2026\/01\/EXTRATO-RECISIAO-MARILIA.pdf\">EXTRATO RECISIAO MARILIA<\/a><br \/>\n<br \/>\n<a href=\"http:\/\/www.pratinha.mg.gov.br\/portal\/wp-content\/uploads\/2026\/03\/EXTRATO-RECISIAO-DA-REGIANE.pdf\">EXTRATO RECISIAO DA REGIANE<\/a><\/td><td class=\"column-3\">CONTRATA\u00c7\u00c3O DE PRESTA\u00c7\u00c3O DE SERVI\u00c7OS NA \u00c1REA DE ASSISTENCIA SOCIAL, PISCICOLOGO, M\u00c9DICO CLINICO, FISIOTERAPEUTAS, TERAPEUTA OCUPACIONAL E FONOAUDIOLOGOS EM ATENDIMENTO AOS DEPARTAMENTOS DE A\u00c7\u00c3O E PROMO\u00c7\u00c3O SOCIAL, EDUCA\u00c7\u00c3O E SA\u00daDE DO MUNICIPIO DE PRATINHA\/MG.                                                                                                                                                                 <br \/>\nAVISO DE SUSPENS\u00c3O DE EDITAL PARA CORRE\u00c7\u00c3O DA PLANILHA DE ITENS<br \/>\nAVISO DE SUSPENS\u00c3O E NOVA DATA DO CERTAME <br \/>\nIMPUGNA\u00c7\u00c3O E RESPOSTA<br \/>\n<br \/>\nRECURSO<br \/>\n<br \/>\nJULGAMENTO<br \/>\n<br \/>\nATA DA SESS\u00c3O<br \/>\nTERMO DE HOMOLOGA\u00c7\u00c3O E ADJUDICA\u00c7\u00c3O<br \/>\nEXTRATO DE CONTRATO <br \/>\n<br \/>\nEXTRATO DE RESCIS\u00c3O DE CONTRATO<br \/>\n<br \/>\nEXTRATO DE RESCIS\u00c3O DE CONTRATO<br \/>\n<br \/>\nEXTRATO DE RESCIS\u00c3O DE CONTRATO<br \/>\n<br \/>\nEXTRATO DE RESCIS\u00c3O DE CONTRATO<\/td><td class=\"column-4\">PUBLICADO: 11\/04\/2025<br \/>\nPUBLICADO?25\/04\/2025<br \/>\nPUBLICADO:28\/04\/2025<br \/>\nPUBLICADO:28\/04\/2025<br \/>\nPUBLICADO:30\/05\/2025<br \/>\n<br \/>\nPUBLICADO:30\/05\/2025<br \/>\nPUBLICADO: 30\/05\/2025<br \/>\nPUBLICADO: 03\/06\/2025<br \/>\n<br \/>\nPUBLICADO:06\/10\/2025<br \/>\n<br \/>\nPUBLICADO:05\/11\/2025<br \/>\nPUBLICADO:07\/01\/2026<br \/>\nPUBLICADO:13\/03\/2026<\/td><td class=\"column-5\">O certame que seria dia 05\/05\/2025 passa para o dia 14\/05\/2025.<\/td>\n<\/tr>\n<tr class=\"row-42\">\n\t<td class=\"column-1\">PROCESSO N\u00ba 009\/2023<br \/>\nPREG\u00c3O ELETR\u00d4NICO N\u00ba 008\/2023<br \/>\n<\/td><td class=\"column-2\"><a href=\"http:\/\/www.pratinha.mg.gov.br\/portal\/wp-content\/uploads\/2025\/04\/EXTRATO-DE-ADITIVO-CONTRATO.pdf\">EXTRATO DE ADITIVO CONTRATO<\/a><\/td><td class=\"column-3\">EXTRATO DE TERMO DE ADITIVO<\/td><td class=\"column-4\">PUBLICADO:03\/04\/2025<\/td><td class=\"column-5\"><\/td>\n<\/tr>\n<tr class=\"row-43\">\n\t<td class=\"column-1\">PROCESSO LICITAT\u00d3RIO N\u00ba 041\/2025<br \/>\nEDITAL  PREG\u00c3O ELETR\u00d4NICO N\u00ba 015\/2025<br \/>\n<br \/>\n<\/td><td class=\"column-2\"><a href=\"http:\/\/www.pratinha.mg.gov.br\/portal\/wp-content\/uploads\/2025\/04\/EDITAL-SRP-.pdf\">EDITAL <br \/>\nSRP<\/a><br \/>\n<br \/>\n<a href=\"http:\/\/www.pratinha.mg.gov.br\/portal\/wp-content\/uploads\/2025\/04\/LICITANET-ATA-DE-REALIZACAO-DO-PREGAO-ELETRONICO-5.pdf\">LICITANET - ATA DE REALIZA\u00c7\u00c3O DO PREG\u00c3O ELETR\u00d4NICO<\/a><br \/>\n<a href=\"http:\/\/www.pratinha.mg.gov.br\/portal\/wp-content\/uploads\/2025\/04\/TERMO-DE-HOMOLOGACAOE-ADJUDICACAO.pdf\">TERMO DE HOMOLOGA\u00c7\u00c3OE ADJUDICA\u00c7\u00c3O<\/a><br \/>\n<a href=\"http:\/\/www.pratinha.mg.gov.br\/portal\/wp-content\/uploads\/2025\/04\/EXTRATO-DE-ATA.pdf\">EXTRATO DE ATA<\/a><br \/>\n<br \/>\n<a href=\"http:\/\/www.pratinha.mg.gov.br\/portal\/wp-content\/uploads\/2025\/04\/RETIFICACAO-AO-EXTRATO-DE-ATA.pdf\">RETIFICA\u00c7\u00c3O AO EXTRATO DE ATA<\/a><br \/>\n<a href=\"http:\/\/www.pratinha.mg.gov.br\/portal\/wp-content\/uploads\/2025\/05\/AVISO-DE-REABERTURA-DE-SESSAO.pdf\">AVISO DE REABERTURA DE SESS\u00c3O<\/a><br \/>\n<br \/>\n<a href=\"http:\/\/www.pratinha.mg.gov.br\/portal\/wp-content\/uploads\/2025\/05\/LICITANET-ATA-DE-REALIZACAO-DO-PREGAO-ELETRONICO-Complementar-no-1.pdf\">LICITANET - ATA DE REALIZA\u00c7\u00c3O DO PREG\u00c3O ELETR\u00d4NICO Complementar n\u00ba 1<\/a><br \/>\n<br \/>\n<a href=\"http:\/\/www.pratinha.mg.gov.br\/portal\/wp-content\/uploads\/2025\/05\/homologacao-e-adjudicacao.pdf\">homologa\u00e7ao e adjudica\u00e7\u00e3o<\/a><br \/>\n<a href=\"http:\/\/www.pratinha.mg.gov.br\/portal\/wp-content\/uploads\/2025\/05\/LICITANET-ATA-DE-REALIZACAO-DO-PREGAO-ELETRONICO-Complementar-no-1-1.pdf\">LICITANET - ATA DE REALIZA\u00c7\u00c3O DO PREG\u00c3O ELETR\u00d4NICO Complementar n\u00ba 1<\/a><br \/>\n<a href=\"http:\/\/www.pratinha.mg.gov.br\/portal\/wp-content\/uploads\/2025\/05\/EXTRATO-DE-ATA-2.pdf\">EXTRATO DE ATA<\/a><\/td><td class=\"column-3\">PREG\u00c3O ELETR\u00d4NICO N\u00ba 015\/2025 na forma de REGISTRO DE PRE\u00c7O PARA AQUISI\u00c7\u00c3O DE CESTAS B\u00c1SICAS PARA OS FUNCION\u00c1RIOS DA PREFEITURA MUNICIPAL DE PRATINHA\/MG.<br \/>\n<br \/>\nATA DA SESS\u00c3O<br \/>\nTERMO DE HOMOLOGA\u00c7\u00c3O E ADJUDICA\u00c7\u00c3O<br \/>\nEXTRATO DE ATA N\u00b0015<br \/>\nRETIFICA\u00c7\u00c3O AO EXTRATO DA ATA<br \/>\nAVISO DE REABERTURA DE SESS\u00c3O<br \/>\n<br \/>\nATA DA SESS\u00c3O<br \/>\n<br \/>\nTERMO DE HOMOLOGA\u00c7\u00c3O E ADJUDICA\u00c7\u00c3O<br \/>\nATA COMPLEMENTAR<br \/>\nEXTRATO DE ATA <\/td><td class=\"column-4\">PUBLICADO:01\/04\/2025<br \/>\nCERTAME DIA 14\/04\/2025 AS 14:00 HORAS NO PORTAL LICITANET.<br \/>\nPUBLICADO:15\/04\/2025<br \/>\nPUBLICADO: 16\/04\/2025<br \/>\nPUBLICADO:22\/04\/2025<br \/>\nPUBLICADO:15\/05\/2025<br \/>\nPUBLICADO:16\/05\/2025<br \/>\nPUBLICADO: 21\/05\/2025<\/td><td class=\"column-5\">RETIFICADO O NUMERO DA ATA QUE \u00c9 017\/2025<\/td>\n<\/tr>\n<tr class=\"row-44\">\n\t<td class=\"column-1\">PROCESSO LICITAT\u00d3RIO N\u00ba037\/2025<br \/>\nEDITAL SRP PREG\u00c3O ELETR\u00d4NICO N\u00ba 014\/2025<br \/>\n<\/td><td class=\"column-2\"><a href=\"http:\/\/www.pratinha.mg.gov.br\/portal\/wp-content\/uploads\/2025\/03\/EDITAL-SRP-.pdf\">EDITAL-SRP-<\/a><br \/>\n<br \/>\n<a href=\"http:\/\/www.pratinha.mg.gov.br\/portal\/wp-content\/uploads\/2025\/04\/RESPOSTA-DA-IPUGNACAO.pdf\">RESPOSTA DA IPUGNA\u00c7\u00c3O<\/a><br \/>\n<br \/>\n<a href=\"http:\/\/www.pratinha.mg.gov.br\/portal\/wp-content\/uploads\/2025\/04\/RETIFICACAO-AO-EDITAL-LICITANET.pdf\">RETIFICA\u00c7\u00c3O AO EDITAL LICITANET<\/a><br \/>\n<br \/>\n<a href=\"http:\/\/www.pratinha.mg.gov.br\/portal\/wp-content\/uploads\/2025\/04\/DESPACHO-ESCLARESCEDOR.pdf\">DESPACHO ESCLARESCEDOR<\/a><br \/>\n<a href=\"http:\/\/www.pratinha.mg.gov.br\/portal\/wp-content\/uploads\/2025\/04\/LICITANET-ATA-DE-REALIZACAO-DO-PREGAO-ELETRONICO-7.pdf\">LICITANET - ATA DE REALIZA\u00c7\u00c3O DO PREG\u00c3O ELETR\u00d4NICO<\/a><br \/>\n<a href=\"http:\/\/www.pratinha.mg.gov.br\/portal\/wp-content\/uploads\/2025\/04\/TERMO-DE-HOMOLOGACAO-E-ADJUDICACAO-2.pdf\">TERMO DE HOMOLOGA\u00c7\u00c3O E ADJUDICA\u00c7\u00c3O<\/a><br \/>\n<a href=\"http:\/\/www.pratinha.mg.gov.br\/portal\/wp-content\/uploads\/2025\/04\/EXTRATO-DE-ATA-3.pdf\">EXTRATO DE ATA<\/a><br \/>\n<br \/>\n<a href=\"http:\/\/www.pratinha.mg.gov.br\/portal\/wp-content\/uploads\/2025\/05\/INTENCAO-DE-RECURSO.pdf\">INTEN\u00c7\u00c3O DE RECURSO<\/a><br \/>\n<br \/>\n<a href=\"http:\/\/www.pratinha.mg.gov.br\/portal\/wp-content\/uploads\/2025\/05\/PARECER.pdf\">PARECER<\/a><br \/>\n<br \/>\n<a href=\"http:\/\/www.pratinha.mg.gov.br\/portal\/wp-content\/uploads\/2025\/05\/DESPACHO.pdf\">DESPACHO<\/a><\/td><td class=\"column-3\">REGISTRO DE PRE\u00c7O PARA EVENTUAL E FUTURA CONTRATA\u00c7\u00c3O DE EMPRESAS ESPECIALIZADAS EM SERVI\u00c7OS DE LOCA\u00c7\u00c3O DE TENDAS, ILUMINA\u00c7\u00c3O, SONORIZA\u00c7\u00c3O, PALCOS E BANHEIROS QU\u00cdMICOS, PARA ATENDER AS NECESSIDADES DOS DIVERSOS DEPARTAMENTOS DA PREFEITURA MUNICIPAL DE PRATINHA MG.  <br \/>\nRESPOSTA AO PEDIDO DE IMPUGNA\u00c7\u00c3O<br \/>\nRETIFICA\u00c7\u00c3O DO EDITAL<br \/>\nDESPACHO ESCLARECEDOR<br \/>\n<br \/>\nATA DA SESS\u00c3O<br \/>\nTERMO DE HOMOLOGA\u00c7\u00c3O E ADJUDICA\u00c7\u00c3O<br \/>\nEXTRATO DE ATA N\u00b0 026\/2025<br \/>\n<br \/>\nINTEN\u00c7\u00c3O DE RECURSO <br \/>\nPARECER <br \/>\nDESPACHO ESCLARECEDOR <\/td><td class=\"column-4\">PUBLICADO:25\/03\/2025<br \/>\nCERTAME DIA 10\/04\/2025 AS 09:00 HORAS NO PORTAL LICITANET.<br \/>\nPUBLICADO:03\/04\/2025<br \/>\nPUBLICADO:04\/04\/2025<br \/>\nPUBLICADO:08\/04\/2025<br \/>\nPUBLICADO: 18\/04\/2025<br \/>\n<br \/>\nPUBLICADO: 30:05:2025<\/td><td class=\"column-5\"><\/td>\n<\/tr>\n<tr class=\"row-45\">\n\t<td class=\"column-1\">PROCESSO LICITAT\u00d3RIO N\u00ba 036\/2025<br \/>\nEDITAL PREG\u00c3O ELETR\u00d4NICO N\u00ba 013\/2025<br \/>\n<\/td><td class=\"column-2\"><a href=\"http:\/\/www.pratinha.mg.gov.br\/portal\/wp-content\/uploads\/2025\/03\/Edital.pdf\">Edital<\/a><br \/>\n<a href=\"http:\/\/www.pratinha.mg.gov.br\/portal\/wp-content\/uploads\/2025\/04\/LICITANET-ATA-DE-REALIZACAO-DO-PREGAO-ELETRONICO-3.pdf\">LICITANET - ATA DE REALIZA\u00c7\u00c3O DO PREG\u00c3O ELETR\u00d4NICO<\/a><br \/>\n<br \/>\n<a href=\"http:\/\/www.pratinha.mg.gov.br\/portal\/wp-content\/uploads\/2025\/04\/TERMO-DE-LICITACAO-FRACASSADA-1.pdf\">TERMO DE LICITA\u00c7\u00c3O FRACASSADA<\/a><\/td><td class=\"column-3\">FORNECIMENTO PARCELADO E CONFORME NECESSIDADE DE REFEI\u00c7\u00d5ES E LANCHES PARA PACIENTES EM TRATAMENTO FORA DE DOMICILIO E FUNCION\u00c1RIOS DA PREFEITURA MUNICIPAL DE PRATINHA-MG, NA CIDADE DE ARAX\u00c1-MG<br \/>\nATA DA SESS\u00c3O<br \/>\n<br \/>\nTERMO DE LICITA\u00c7\u00c3O FRACASSADA<\/td><td class=\"column-4\">PUBLICADO: 24\/03\/2025 CERTAME: Dia 07\/04\/2024 \u00e0s 14h00min (quatorze horas).<br \/>\nPUBLICADO:07\/04\/2025<br \/>\nPUBLICADO: 10\/04\/2025<\/td><td class=\"column-5\"><\/td>\n<\/tr>\n<tr class=\"row-46\">\n\t<td class=\"column-1\">PROCESSO LICITAT\u00d3RIO N\u00ba 012\/2025<br \/>\nEDITAL SRP PREG\u00c3O ELETR\u00d4NICO N\u00ba 035\/2025<br \/>\n<\/td><td class=\"column-2\"><a href=\"http:\/\/www.pratinha.mg.gov.br\/portal\/wp-content\/uploads\/2025\/03\/EDITAL-SRP-PANIFICACAO.pdf\">EDITAL SRP - PANIFICA\u00c7\u00c3O<\/a><br \/>\n<a href=\"http:\/\/www.pratinha.mg.gov.br\/portal\/wp-content\/uploads\/2025\/04\/LICITANET-ATA-DE-REALIZACAO-DO-PREGAO-ELETRONICO-2.pdf\">LICITANET - ATA DE REALIZA\u00c7\u00c3O DO PREG\u00c3O ELETR\u00d4NICO<\/a><br \/>\n<a href=\"http:\/\/www.pratinha.mg.gov.br\/portal\/wp-content\/uploads\/2025\/04\/TERMO-DE-HOMOLOGACAO-E-ADJUDICACAO-1.pdf\">TERMO DE HOMOLOGA\u00c7\u00c3O E ADJUDICA\u00c7\u00c3O<\/a><br \/>\n<a href=\"http:\/\/www.pratinha.mg.gov.br\/portal\/wp-content\/uploads\/2025\/04\/EXTRATO-DE-ATA-1.pdf\">EXTRATO DE ATA<\/a><\/td><td class=\"column-3\"> REGISTRO DE PRE\u00c7OS AQUISI\u00c7\u00c3O PARCELADA E CONFORME NECESSIDADE DE P\u00c3ES E LANCHES PARA OS DIVERSOS DEPARTAMENTOS DA PREFEITURA MUNICIPAL DE PRATINHA MG.<br \/>\n<br \/>\nATA DA SESS\u00c3O<br \/>\nTERMO DE HOMOLOGA\u00c7\u00c3O E ADJUDICA\u00c7\u00c3O<br \/>\nEXTRATO DE ATA N\u00b0016\/2025<\/td><td class=\"column-4\">PUBLICADO: 24\/03\/2025 CERTAME: Dia 07\/04\/2024 \u00e0s 09h00min (nove horas).<br \/>\nPUBLICADO:07\/04\/2025<br \/>\nPUBLICADO: 23\/04\/2025<\/td><td class=\"column-5\"><\/td>\n<\/tr>\n<tr class=\"row-47\">\n\t<td class=\"column-1\">PROCESSO  LICITATORIO N\u00ba27\/2025<br \/>\nPREG\u00c3O ELETRONICO N\u00ba 011\/2025<\/td><td class=\"column-2\"><a href=\"http:\/\/www.pratinha.mg.gov.br\/portal\/wp-content\/uploads\/2025\/03\/EDITAL-SRP-1-2-1.pdf\">EDITAL SRP - (1) (2) (1)<\/a><br \/>\n<br \/>\n<a href=\"http:\/\/www.pratinha.mg.gov.br\/portal\/wp-content\/uploads\/2025\/04\/LICITANET-ATA-DE-REALIZACAO-DO-PREGAO-ELETRONICO-4.pdf\">LICITANET - ATA DE REALIZA\u00c7\u00c3O DO PREG\u00c3O ELETR\u00d4NICO<\/a><br \/>\n<a href=\"http:\/\/www.pratinha.mg.gov.br\/portal\/wp-content\/uploads\/2025\/04\/TERMO-DE-HOMOLAGACAO-E-ADJUDICACAO-1.pdf\">TERMO DE HOMOLAGA\u00c7\u00c3O E ADJUDICA\u00c7\u00c3O<\/a><br \/>\n<br \/>\n<a href=\"http:\/\/www.pratinha.mg.gov.br\/portal\/wp-content\/uploads\/2025\/04\/EXTRATO-DE-ATA-2.pdf\">EXTRATO DE ATA<\/a><br \/>\n<br \/>\n<br \/>\n<a href=\"http:\/\/www.pratinha.mg.gov.br\/portal\/wp-content\/uploads\/2025\/08\/EXTRATO-DE-REAJUSTE-DA-ATA.pdf\">EXTRATO DE REAJUSTE DA ATA<\/a><br \/>\n<br \/>\n<a href=\"http:\/\/www.pratinha.mg.gov.br\/portal\/wp-content\/uploads\/2025\/11\/EXTRATO-DE-REEQUILIBRIO-DE-PRECOS-NA-ATA.pdf\">EXTRATO DE REEQUILIBRIO DE PRE\u00c7OS NA ATA<\/a><\/td><td class=\"column-3\">REGISTRO DE PRE\u00c7OS PARA AQUISI\u00c7\u00c3O DE MEDICAMENTOS PARA ATENDIMENTO DAS NECESSIDADES DO DEPARTAMENTO SA\u00daDE DA PREFEITURA MUNICIPAL DE PRATINHA\/MG.<br \/>\n<br \/>\nATA DA SESS\u00c3O<br \/>\nTERMO DE HOMOLOGA\u00c7\u00c3O E ADJUDICA\u00c7\u00c3O<br \/>\nEXTRATO DE ATAS<br \/>\nEXTRATO DE REEQUILIBRIO DE PRE\u00c7OS<br \/>\n<br \/>\nREEQUILIBRIO DE PRE\u00c7OS<\/td><td class=\"column-4\">PUBLICADO:21\/04\/2025<br \/>\nPUBLICADO:08\/04\/2025<br \/>\nPUBLICADO: 23\/04\/2025<br \/>\nPUBLICA\u00c7\u00c3O:06\/08\/2025<br \/>\nPUBLICADO:10\/11\/2025<\/td><td class=\"column-5\"><\/td>\n<\/tr>\n<tr class=\"row-48\">\n\t<td class=\"column-1\">PROCESSO LICITAT\u00d3RIO N\u00ba 026\/2025<br \/>\nEDITAL SRP PREG\u00c3O ELETR\u00d4NICO N\u00ba 010\/2025<br \/>\n<\/td><td class=\"column-2\"><a href=\"http:\/\/www.pratinha.mg.gov.br\/portal\/wp-content\/uploads\/2025\/03\/EDITAL-SRP-G-ALIMENTICIOS.pdf\">EDITAL SRP - G ALIMENTICIOS<\/a><br \/>\n<a href=\"http:\/\/www.pratinha.mg.gov.br\/portal\/wp-content\/uploads\/2025\/03\/RETIFICACAO-DE-EDITAL.doc.pdf\">RETIFICA\u00c7\u00c3O DE EDITAL.doc<\/a><br \/>\n<br \/>\n<a href=\"http:\/\/www.pratinha.mg.gov.br\/portal\/wp-content\/uploads\/2025\/03\/RESPOSTA-DA-IMPUGNACAO-AOS-TERMOS-DO-EDITAL.docx\">RESPOSTA DA IMPUGNA\u00c7\u00c3O AOS TERMOS DO EDITAL<\/a><br \/>\n<br \/>\n<a href=\"http:\/\/www.pratinha.mg.gov.br\/portal\/wp-content\/uploads\/2025\/03\/Impugnacao-Exclusividade-Selo-ABIC-1.pdf\">Impugna\u00e7\u00e3o Exclusividade Selo ABIC<\/a><br \/>\n<br \/>\n<a href=\"http:\/\/www.pratinha.mg.gov.br\/portal\/wp-content\/uploads\/2025\/03\/Impugnacao-prazo-de-entrega-1.pdf\">Impugnac\u0327a\u0303o prazo de entrega<\/a><a href=\"http:\/\/www.pratinha.mg.gov.br\/portal\/wp-content\/uploads\/2025\/03\/RESPOSTA-DA-IMPUGNACAO-AOS-TERMOS-DO-EDITAL.pdf\">RESPOSTA DA IMPUGNA\u00c7\u00c3O AOS TERMOS DO EDITAL<\/a><br \/>\n<br \/>\n<a href=\"http:\/\/www.pratinha.mg.gov.br\/portal\/wp-content\/uploads\/2025\/03\/RETIFICACAO-DE-EDITAL.pdf\">RETIFICA\u00c7\u00c3O DE EDITAL<\/a><br \/>\n<br \/>\n<a href=\"http:\/\/www.pratinha.mg.gov.br\/portal\/wp-content\/uploads\/2025\/04\/LICITANET-ATA-DE-REALIZACAO-DO-PREGAO-ELETRONICO-6.pdf\">LICITANET - ATA DE REALIZA\u00c7\u00c3O DO PREG\u00c3O ELETR\u00d4NICO<\/a><br \/>\n<a href=\"http:\/\/www.pratinha.mg.gov.br\/portal\/wp-content\/uploads\/2025\/04\/TERMO-DE-HOMOLOGACAO-E-ADJUDICACAO-3.pdf\">TERMO DE HOMOLOGA\u00c7\u00c3O E ADJUDICA\u00c7\u00c3O<\/a><br \/>\n<a href=\"http:\/\/www.pratinha.mg.gov.br\/portal\/wp-content\/uploads\/2025\/05\/EXTRATO-DE-ATA.pdf\">EXTRATO DE ATA<\/a><\/td><td class=\"column-3\">REGISTRO DE PRE\u00c7OS PARA AQUISI\u00c7\u00c3O DE GENEROS ALIMENTICIOS  PARA ATENDIMENTO DOS DIVERSOS DEPARTAMENTOS DA PREFEITURA MUNICIPAL DE PRATINHA\/MG<br \/>\nRESPOSTA A IMPUGNA\u00c7\u00c3O<br \/>\nRETIFICA\u00c7\u00c3O DO EDITAL<br \/>\n<br \/>\nATA DA SESS\u00c3O<br \/>\n<br \/>\nTERMO DE HOMOLOGA\u00c7\u00c3O E ADJUDICA\u00c7\u00c3O<br \/>\nEXTRATO ATA N\u00b0 027\/ N\u00b0 028\/2025<\/td><td class=\"column-4\">CERTAME 03\/04\/2025 AS 09:00<br \/>\nPUBLICADO:24\/03\/2025 ONDE SI LE 03:04\/2025 LEIA SI 09\/04\/2025<br \/>\nPUBLICADO:22\/04\/2025<br \/>\nPUBLICADO: 29\/04\/2025<\/td><td class=\"column-5\"><\/td>\n<\/tr>\n<tr class=\"row-49\">\n\t<td class=\"column-1\">PROCESSO N\u00ba 024\/2025<br \/>\n<br \/>\nPREG\u00c3O ELETR\u00d4NICO N\u00ba 008\/2025<br \/>\n<\/td><td class=\"column-2\"><a href=\"http:\/\/www.pratinha.mg.gov.br\/portal\/wp-content\/uploads\/2025\/03\/EDITAL-SRP-OXIGENIO.pdf\">EDITAL SRP OXIG\u00caNIO<\/a><br \/>\n<br \/>\n<a href=\"http:\/\/www.pratinha.mg.gov.br\/portal\/wp-content\/uploads\/2025\/04\/LICITANET-ATA-DE-REALIZACAO-DO-PREGAO-ELETRONICO.pdf\">LICITANET - ATA DE REALIZA\u00c7\u00c3O DO PREG\u00c3O ELETR\u00d4NICO<\/a><br \/>\n<br \/>\n<a href=\"http:\/\/www.pratinha.mg.gov.br\/portal\/wp-content\/uploads\/2025\/04\/TERMO-DE-LICITACAO-FRACASSADA.pdf\">TERMO DE LICITA\u00c7\u00c3O FRACASSADA<\/a><\/td><td class=\"column-3\">CONSTITUI OBJETO DA PRESENTE LICITA\u00c7\u00c3O A AQUISI\u00c7\u00c3O PARCELADA E CONFORME NECESSIDADE DE OXIG\u00caNIO MEDICINAL PARA ATENDER O DEPARTAMENTO MUNICIPAL DE SA\u00daDE DE PRATINHA MG, CONFORME ESPECIFICA\u00c7\u00d5ES E CARACTER\u00cdSTICAS CONSTANTES DO TERMO DE REFER\u00caNCIA.<br \/>\n<br \/>\nATA DA SESS\u00c3O<br \/>\n<br \/>\nTERMO DE LICITA\u00c7\u00c3O FRACASSADA<\/td><td class=\"column-4\">PUBLICADO: 19\/03\/2025 CERTAME: 02\/04\/2025 \u00c1S 09:00 (NOVE HORAS)<br \/>\nPUBLICADO:02\/04\/2025<br \/>\nPUBLICADO:04\/04\/2025<\/td><td class=\"column-5\"><\/td>\n<\/tr>\n<tr class=\"row-50\">\n\t<td class=\"column-1\">PROCESSO N\u00ba 025\/2025<br \/>\n<br \/>\nPREG\u00c3O ELETR\u00d4NICO N\u00ba 009\/2025<br \/>\n<\/td><td class=\"column-2\"><a href=\"http:\/\/www.pratinha.mg.gov.br\/portal\/wp-content\/uploads\/2025\/03\/EDITAL.pdf\">EDITAL<\/a><br \/>\n<br \/>\n<a href=\"http:\/\/www.pratinha.mg.gov.br\/portal\/wp-content\/uploads\/2025\/04\/LICITANET-ATA-DE-REALIZACAO-DO-PREGAO-ELETRONICO-1.pdf\">LICITANET - ATA DE REALIZA\u00c7\u00c3O DO PREG\u00c3O ELETR\u00d4NICO<\/a><br \/>\n<a href=\"http:\/\/www.pratinha.mg.gov.br\/portal\/wp-content\/uploads\/2025\/04\/TERMO-DE-HOMOLOGACAO-E-ADJUDICACAO.pdf\">TERMO DE HOMOLOGA\u00c7\u00c3O E ADJUDICA\u00c7\u00c3O<\/a><br \/>\n<a href=\"http:\/\/www.pratinha.mg.gov.br\/portal\/wp-content\/uploads\/2025\/04\/EXTRATO-DE-CONTRATO-N\u00b0-028-2025.pdf\">EXTRATO DE CONTRATO N\u00b0 028-2025<\/a><\/td><td class=\"column-3\">CONTRATA\u00c7\u00c3O DE EMPRESA ESPECIALIZADA, VISANDO A PRESTA\u00c7\u00c3O DE SERVI\u00c7OS DE MOTOSSERRA, PARA PODA DE ARVORES E CONFEC\u00c7\u00c3O DE PARANCH\u00d5ES CONFORME ESPECIFICA\u00c7\u00d5ES E CARACTER\u00cdSTICAS CONSTANTES DESTE TERMO DE REFER\u00caNCIA<br \/>\n<br \/>\nATA DA SESS\u00c3O<br \/>\nTERMODE HOMOLOGA\u00c7\u00c3O E ADJUDICA\u00c7\u00c3O<br \/>\nEXTRATO DE CONTRATO<\/td><td class=\"column-4\">PUBLICADO: 14\/03\/2025 <br \/>\nCERTAME: 01\/04\/2025 \u00c1S 09:00 (NOVE HORAS)<br \/>\nPUBLICADO:02\/04\/2025<br \/>\nPUBLICADO: 03\/04\/2025<br \/>\nPUBLICADO: 07\/04\/2025<\/td><td class=\"column-5\"><\/td>\n<\/tr>\n<tr class=\"row-51\">\n\t<td class=\"column-1\">ADES\u00c3O ATA EXTERNA<\/td><td class=\"column-2\"><a href=\"http:\/\/www.pratinha.mg.gov.br\/portal\/wp-content\/uploads\/2025\/02\/Termo-de-Ratificacao-1.pdf\">Termo de Ratifica\u00e7\u00e3o<\/a><\/td><td class=\"column-3\">Ades\u00e3o a Ata de Registro de Pre\u00e7os de Medicamentos N\u00ba 189\/2024 <br \/>\n(I a XXXIV) do Estado de Minas Gerais \u2013 Secretaria de Estado de <br \/>\nPlanejamento e Gest\u00e3o.  <\/td><td class=\"column-4\">PUBLICADO: 27\/02\/2025<\/td><td class=\"column-5\"><\/td>\n<\/tr>\n<tr class=\"row-52\">\n\t<td class=\"column-1\">PROCESSO LICITAT\u00d3RIO N\u00ba 021\/2025<br \/>\nEDITAL PREG\u00c3O ELETR\u00d4NICO N\u00ba 007\/2025<br \/>\n<\/td><td class=\"column-2\"><a href=\"http:\/\/www.pratinha.mg.gov.br\/portal\/wp-content\/uploads\/2025\/02\/Edital.rtf.pdf\">Edital.rtf<\/a><br \/>\n<a href=\"http:\/\/www.pratinha.mg.gov.br\/portal\/wp-content\/uploads\/2025\/03\/LICITANET-ATA-DE-REALIZACAO-DO-PREGAO-ELETRONICO-2.pdf\">LICITANET - ATA DE REALIZA\u00c7\u00c3O DO PREG\u00c3O ELETR\u00d4NICO<\/a> <br \/>\n<br \/>\n<a href=\"http:\/\/www.pratinha.mg.gov.br\/portal\/wp-content\/uploads\/2025\/03\/TERMO-DE-LICITACAO-FRACASSADA_Assinado.pdf\">TERMO DE LICITA\u00c7\u00c3O FRACASSADA_Assinado<\/a><\/td><td class=\"column-3\">FORNECIMENTO PARCELADO E CONFORME NECESSIDADE DE REFEI\u00c7\u00d5ES E LANCHES PARA PACIENTES EM TRATAMENTO FORA DE DOMICILIO E FUNCION\u00c1RIOS DA PREFEITURA MUNICIPAL DE PRATINHA-MG, NA CIDADE DE ARAX\u00c1-MG<br \/>\nATA DA SESS\u00c3O<br \/>\nTERMO DE FRACASSO<\/td><td class=\"column-4\">PUBLICADO: 27\/02\/2025<br \/>\nCERTAME:18\/03\/2025 \u00c1S 09:00(NOVE HORAS)<br \/>\nPUBLICADO:21\/*03\/2025<\/td><td class=\"column-5\"><\/td>\n<\/tr>\n<tr class=\"row-53\">\n\t<td class=\"column-1\">PROCESSO LICITAT\u00d3RIO N\u00ba 019\/2025<br \/>\nEDITAL  PREG\u00c3O ELETR\u00d4NICO N\u00ba 005\/2025<br \/>\n<\/td><td class=\"column-2\"><a href=\"http:\/\/www.pratinha.mg.gov.br\/portal\/wp-content\/uploads\/2025\/02\/EDITAL-SRP-3.pdf\">EDITAL-SRP<\/a><br \/>\n<br \/>\n<a href=\"http:\/\/www.pratinha.mg.gov.br\/portal\/wp-content\/uploads\/2025\/02\/RETIFICACAO-DO-AVISO-DE-LICITACAO.pdf\">RETIFICA\u00c7\u00c3O DO AVISO DE LICITA\u00c7\u00c3O<\/a><br \/>\n<br \/>\n<a href=\"http:\/\/www.pratinha.mg.gov.br\/portal\/wp-content\/uploads\/2025\/03\/LICITANET-ATA-DE-REALIZACAO-DO-PREGAO-ELETRONICO-1.pdf\">LICITANET - ATA DE REALIZA\u00c7\u00c3O DO PREG\u00c3O ELETR\u00d4NICO<\/a><br \/>\n<a href=\"http:\/\/www.pratinha.mg.gov.br\/portal\/wp-content\/uploads\/2025\/03\/TERMO-DE-HOMOLOGACAO-E-ADJUDICACAO-2.pdf\">TERMO DE HOMOLOGA\u00c7\u00c3O E ADJUDICA\u00c7\u00c3O<\/a><br \/>\n<br \/>\n<a href=\"http:\/\/www.pratinha.mg.gov.br\/portal\/wp-content\/uploads\/2025\/03\/EXTRATO-DE-ATA.pdf\">EXTRATO DE ATA<\/a><br \/>\n<br \/>\n<a href=\"http:\/\/www.pratinha.mg.gov.br\/portal\/wp-content\/uploads\/2026\/03\/EXTRATO-DE-PRORROGACAO-DAS-ATAS.pdf\">EXTRATO DE PRORROGA\u00c7\u00c3O DAS ATAS<\/a><\/td><td class=\"column-3\">REGISTRO DE PRE\u00c7OS PARA CONTRATA\u00c7\u00c3O DE EMPRESA PARA, SERVI\u00c7OS DE SERRALHERIA, SOLDA, TORNO, FUNILARIA, PINTURA, BORRACHARIA E LAVA\u00c7\u00c3O ATENDENDO AS NECESSIDADES DOS DEPARTAMENTOS MUNICIPAIS NA MANUTEN\u00c7\u00c3O DA FROTA MUNICIPAL E NECESSIDADES COTIDIANAS DO DEPARTAMENTO DE OBRAS DE PRATINHA\/MG.<br \/>\nRETIFICA\u00c7\u00c3O AO AVISO DE LICITA\u00c7\u00c3O.<br \/>\n<br \/>\nATA DA SESS\u00c3O<br \/>\n<br \/>\nTERMO DE HOMOLOGA\u00c7\u00c3O E ADJUDICA\u00c7\u00c3O<br \/>\nEXTRATO DE ATA 004\/2025 - 005\/2025 - 006\/2025<br \/>\n<br \/>\nEXTRATO DE PRORROGA\u00c7\u00c3O DAS ATAS DE REGISTRO DE PRE\u00c7OS<\/td><td class=\"column-4\">PUBLICADO: 20\/02\/2025<br \/>\nCERTAME:13\/03\/2025 \u00c1S 09:00(NOVE HORAS)<br \/>\nPUBLICADO:19\/02\/2025<br \/>\nPUBLICADO:14\/03\/2025<br \/>\nPUBLICADO: 17\/03\/2025<br \/>\n<br \/>\nPUBLICADO:24\/03\/2026<\/td><td class=\"column-5\">PRORROGADO A VIGENCIAS DAS ATAS N\u00ba 04--05 E 06 DE 2025 <\/td>\n<\/tr>\n<tr class=\"row-54\">\n\t<td class=\"column-1\">PROCESSO N\u00ba 020\/2025<br \/>\n<br \/>\nPREG\u00c3O ELETR\u00d4NICO N\u00ba 006\/2025<br \/>\n<br \/>\n<\/td><td class=\"column-2\"><a href=\"http:\/\/www.pratinha.mg.gov.br\/portal\/wp-content\/uploads\/2025\/02\/EDITAL-SRP-1.pdf\">EDITAL SRP<\/a><br \/>\n<a href=\"http:\/\/www.pratinha.mg.gov.br\/portal\/wp-content\/uploads\/2025\/03\/LICITANET-ATA-DE-REALIZACAO-DO-PREGAO-ELETRONICO-RESUMIDA.pdf\">LICITANET - ATA DE REALIZA\u00c7\u00c3O DO PREG\u00c3O ELETR\u00d4NICO RESUMIDA<\/a><br \/>\n<a href=\"http:\/\/www.pratinha.mg.gov.br\/portal\/wp-content\/uploads\/2025\/03\/TERMO-DE-HOMOLOGACAO-E-ADJUDICACAO-3.pdf\">TERMO DE HOMOLOGA\u00c7\u00c3O E ADJUDICA\u00c7\u00c3O<\/a><br \/>\n<a href=\"http:\/\/www.pratinha.mg.gov.br\/portal\/wp-content\/uploads\/2025\/03\/EXTRATO-DE-ATAS.pdf\">EXTRATO DE ATAS<\/a><\/td><td class=\"column-3\">REGISTRO DE PRE\u00c7O PARA AQUISI\u00c7\u00c3O DE MAT\u00c9RIAIS DE CONSTRU\u00c7\u00c3O E FERRAMENTAS, BOMBAS HIDR\u00c1ULICAS, PE\u00c7AS HIDR\u00c1ULICAS E ROTOR PARA O FUNCIONAMENTO DO SISTEMA DE \u00c1GUA E ESGOTO, AQUISI\u00c7\u00c3O E EPIS PARA SEGURAN\u00c7A DOS SERVIDORES P\u00daBLICOS. AQUISI\u00c7\u00d5ES ESTAS PARA MANUTEN\u00c7\u00c3O CORRETIVA E PREVENTIVA DE LOCAIS P\u00daBLICOS DE PROPRIEDADE DO MUNIC\u00cdPIO DE PRATINHA\/MG, TANTO SEJA NO PER\u00cdMETRO URBANO OU NA ZONA RURAL, LOCAIS COMO: PONTES EM ESTRADAS, BUEIROS, MATA-BURROS LOCALIZADOS EM VICINAIS, PRA\u00c7AS, RUAS E OUTROS LOGRADOUROS.<br \/>\nATA DA SESS\u00c3O<br \/>\nTERMO DE HOMOLOGA\u00c7\u00c3O E ADJUDICA\u00c7\u00c3O<br \/>\nEXTRATO DE ATAS: 008\/009\/010\/011\/012\/013<\/td><td class=\"column-4\">PUBLICADO: 18\/02\/2025<br \/>\nCERTAME:11\/03\/2025 \u00c1S 09:00(NOVE HORAS)<br \/>\nPUBLICADO:14\/03\/2025<br \/>\nPUBLICADO: 24\/03\/2025<\/td><td class=\"column-5\"><\/td>\n<\/tr>\n<tr class=\"row-55\">\n\t<td class=\"column-1\">PROCESSO N\u00ba 017\/2025<br \/>\n<br \/>\nPREG\u00c3O ELETR\u00d4NICO N\u00ba 004\/2025<br \/>\n<\/td><td class=\"column-2\"><a href=\"http:\/\/www.pratinha.mg.gov.br\/portal\/wp-content\/uploads\/2025\/02\/EDITAL-HORTIFRUITI.pdf\">EDITAL HORTIFRUITI<\/a><br \/>\n<br \/>\n<a href=\"http:\/\/www.pratinha.mg.gov.br\/portal\/wp-content\/uploads\/2025\/02\/LICITANET-ATA-DE-REALIZACAO-DO-PREGAO-ELETRONICO-2.pdf\">LICITANET - ATA DE REALIZA\u00c7\u00c3O DO PREG\u00c3O ELETR\u00d4NICO<\/a><br \/>\n<a href=\"http:\/\/www.pratinha.mg.gov.br\/portal\/wp-content\/uploads\/2025\/03\/TERMO-DE-HOMOLOGACAO-E-ADJUDICACAO-1.pdf\">TERMO DE HOMOLOGA\u00c7\u00c3O E ADJUDICA\u00c7\u00c3O<\/a><br \/>\n<br \/>\n<a href=\"http:\/\/www.pratinha.mg.gov.br\/portal\/wp-content\/uploads\/2025\/03\/EXTRATO-DE-ATA-N\u00b0-002-2025.pdf\">EXTRATO DE ATA N\u00b0 002 - 2025<\/a><\/td><td class=\"column-3\">REGISTRO DE PRE\u00c7OS PARA AQUISI\u00c7\u00c3O DE HORTIFRUTI PARA ATENDIMENTO DOS DIVERSOS DEPARTAMENTOS DA PREFEITURA MUNICIPAL DE PRATINHA\/MG.<br \/>\n<br \/>\nATA DA SESS\u00c3O<br \/>\n<br \/>\nTERMO DE HOMOLOGA\u00c7\u00c3O E ADJUDICA\u00c7\u00c3O<br \/>\n<br \/>\nEXTRATO DE ATA 002\/205<\/td><td class=\"column-4\">PUBLICADO: 12\/02\/2025<br \/>\nCERTAME: 25\/02\/2025 \u00c1S 09:00(NOVE HORAS)<br \/>\nPUBLICADO:25\/02\/2025<br \/>\nPUBLICADO: 10\/03\/205<\/td><td class=\"column-5\"><\/td>\n<\/tr>\n<tr class=\"row-56\">\n\t<td class=\"column-1\">ADES\u00c3O A ATA EXTERNA<\/td><td class=\"column-2\"><a href=\"http:\/\/www.pratinha.mg.gov.br\/portal\/wp-content\/uploads\/2025\/02\/Termo-de-Ratificacao.pdf\">Termo de Ratifica\u00e7\u00e3o<\/a><\/td><td class=\"column-3\">AQUISI\u00c7\u00c3O ESTADUAL DE TIRAS REAGENTES E APARELHOS GLICOS\u00cdMETROS PARA MEDI\u00c7\u00c3O DE GLICEMIA CAPILAR DO COMPONENTE B\u00c1SICO DA ASSIST\u00caNCIA FARMAC\u00caUTICA, MEDIANTE CONTRATO OU DOCUMENTO EQUIVALENTE, CONFORME ESPECIFICA\u00c7\u00d5ES E CONDI\u00c7\u00d5ES PREVISTAS NO EDITAL E SEUS ANEXO, SOB DEMANDA, FUTURA E EVENTUAL, PARA \u00d3RG\u00c3OS E ENTIDADES DA ADMINISTRA\u00c7\u00c3O P\u00daBLICA DO ESTADO DE MINAS GERAIS.<\/td><td class=\"column-4\">PUBLICADO: 12\/02\/2025<\/td><td class=\"column-5\"><\/td>\n<\/tr>\n<tr class=\"row-57\">\n\t<td class=\"column-1\">PROCESSO LICITAT\u00d3RIO N\u00ba 015\/2025<br \/>\nPREG\u00c3O ELETR\u00d4NICO N\u00ba 003\/2025<br \/>\n<\/td><td class=\"column-2\"><a href=\"http:\/\/www.pratinha.mg.gov.br\/portal\/wp-content\/uploads\/2025\/01\/EDITAL-3.pdf\">EDITAL<\/a><br \/>\n<br \/>\n<a href=\"http:\/\/www.pratinha.mg.gov.br\/portal\/wp-content\/uploads\/2025\/03\/LICITANET-ATA-DE-REALIZACAO-DO-PREGAO-ELETRONICO.pdf\">LICITANET - ATA DE REALIZA\u00c7\u00c3O DO PREG\u00c3O ELETR\u00d4NICO<\/a><br \/>\n<a href=\"http:\/\/www.pratinha.mg.gov.br\/portal\/wp-content\/uploads\/2025\/03\/TERMO-DE-HOMOLOGACAO-E-ADJUDICACAO.pdf\">TERMO DE HOMOLOGA\u00c7\u00c3O E ADJUDICA\u00c7\u00c3O<\/a><br \/>\n<br \/>\n<a href=\"http:\/\/www.pratinha.mg.gov.br\/portal\/wp-content\/uploads\/2025\/03\/EXTRATO-DE-ATA-N\u00b0-003-2025.pdf\">EXTRATO DE ATA N\u00b0 003 - 2025<\/a><br \/>\n<br \/>\n<a href=\"http:\/\/www.pratinha.mg.gov.br\/portal\/wp-content\/uploads\/2026\/03\/EXTRATO-DE-ADITIVO-DA-ATA.pdf\">EXTRATO DE ADITIVO DA ATA<\/a><\/td><td class=\"column-3\">REGISTRO DE PRE\u00c7O PARA AQUISI\u00c7\u00c3O DE CESTAS B\u00c1SICAS EM COMPRIMENTO A LEI MUNICIPAL N\u00b0 1.092 DE 07 DE SETEMBRO DE 2023 QUE VISA BENEFICIO EVENTUAL PARA INDIVIDUO OU FAM\u00cdLIA QUE SE ENCONTRA EM SITUA\u00c7\u00c3O DE VULNERABILIDADE TEMPOR\u00c1RIA. <br \/>\n<br \/>\nATA DA SESS\u00c3O<br \/>\n<br \/>\nTERMO DE HOMOLOGA\u00c7\u00c3O E ADJUDICA\u00c7\u00c3O<br \/>\n<br \/>\nEXTRATO DE ATA 003\/2025<br \/>\n<br \/>\nEXTRATO DE PRORROGA\u00c7\u00c3O DE ATA<\/td><td class=\"column-4\">PUBLICADO:31\/01\/2025<br \/>\nPUBLICADO: 06\/03\/2025<br \/>\nPUBLICADO: 10\/03\/2023<br \/>\n<br \/>\nPUBLICADO:20\/03\/2026<\/td><td class=\"column-5\"><\/td>\n<\/tr>\n<tr class=\"row-58\">\n\t<td class=\"column-1\">PROCESSO N\u00ba 010\/2025<br \/>\n<br \/>\nPREG\u00c3O ELETR\u00d4NICO N\u00ba 002\/2025<br \/>\n<\/td><td class=\"column-2\"><a href=\"http:\/\/www.pratinha.mg.gov.br\/portal\/wp-content\/uploads\/2025\/01\/EDITAL-SRP.pdf\">EDITAL SRP<\/a><br \/>\n<a href=\"http:\/\/www.pratinha.mg.gov.br\/portal\/wp-content\/uploads\/2025\/02\/LICITANET-ATA-DE-REALIZACAO-DO-PREGAO-ELETRONICO.pdf\">LICITANET - ATA DE REALIZA\u00c7\u00c3O DO PREG\u00c3O ELETR\u00d4NICO<\/a><br \/>\n<a href=\"http:\/\/www.pratinha.mg.gov.br\/portal\/wp-content\/uploads\/2025\/02\/TERMO-DE-HOMOLOGACAO-E-ADJUDICACAO.pdf\">TERMO DE HOMOLOGA\u00c7\u00c3O E ADJUDICA\u00c7\u00c3O<\/a><br \/>\n<a href=\"http:\/\/www.pratinha.mg.gov.br\/portal\/wp-content\/uploads\/2025\/02\/EXTRATO-DE-ATA-N\u00b0-001-2025.pdf\">EXTRATO DE ATA N\u00b0 001 - 2025<\/a><br \/>\n<a href=\"http:\/\/www.pratinha.mg.gov.br\/portal\/wp-content\/uploads\/2025\/03\/EXTRATO-DE-REEQUILIBRIO-DA-ATA-N\u00b0-001-2025.pdf\">EXTRATO DE REEQUILIBRIO DA ATA N\u00b0 001 - 2025<\/a><br \/>\n<br \/>\n<a href=\"http:\/\/www.pratinha.mg.gov.br\/portal\/wp-content\/uploads\/2026\/03\/EXTRATO-DE-PRORROGACAO-DA-ATA.pdf\">EXTRATO DE PRORROGA\u00c7\u00c3O DA ATA<\/a><br \/>\n<br \/>\n<a href=\"http:\/\/www.pratinha.mg.gov.br\/portal\/wp-content\/uploads\/2026\/04\/EXTRATO-DE-ADITIVO-REEQUILIBRIO.pdf\">EXTRATO DE ADITIVO REEQUILIBRIO<\/a><\/td><td class=\"column-3\">REGISTRO DE PRE\u00c7O AQUISI\u00c7\u00c3O DE COMBUST\u00cdVEIS, PARA ABASTECIMENTO DA FROTA DE VE\u00cdCULOS DO MUNIC\u00cdPIO DE PRATINHA\/MG<br \/>\n<br \/>\nATA DA REALIZA\u00c7\u00c3O DO PREG\u00c3O<br \/>\n<br \/>\nTERMO DE HOMOLOGA\u00c7\u00c3O E ADJUDICA\u00c7\u00c3O<br \/>\n<br \/>\nEXTRATO DE ATA 001\/2025<br \/>\nEXTRATO DE ADITIVO\/ REEQUILIBRIO<br \/>\nEXTRATO DE PRORROGA\u00c7\u00c3O DE ATA<br \/>\n<br \/>\nEXTRATO DE REEQUILIBRIO<\/td><td class=\"column-4\">PUBLICADO: 20\/01\/2025<br \/>\nCERTAME: Dia 03\/02\/2025 \u00e0s 09h00min (nove horas).<br \/>\nPUBLICADO: 03\/02\/2025<br \/>\nPUBLICADO: 04\/02\/2025<br \/>\nPUBLICADO: 05\/02\/2025<br \/>\nPUBLICADO:17\/03\/2025<br \/>\nPUBLICADO:04\/03\/2026<br \/>\n<br \/>\nPUBLICADO:08\/04\/2026<\/td><td class=\"column-5\">PRORROGADO A ATA DE REGISTRO DE PRE\u00c7OS N\u00ba01\/2025 COM VENCIMENTO EM 05\/02\/2026 PASSANDO SEU VENCIMENTO PARA 05\/02\/2027<\/td>\n<\/tr>\n<tr class=\"row-59\">\n\t<td class=\"column-1\">INEXIGIBILIDADE N\u00b0 001\/2022 - PROCESSO LICITAT\u00d3RIO N\u00b0 003\/2022<\/td><td class=\"column-2\"><a href=\"http:\/\/www.pratinha.mg.gov.br\/portal\/wp-content\/uploads\/2025\/01\/EXTRATO-DE-RESCISAO.pdf\">EXTRATO DE RESCIS\u00c3O<\/a><\/td><td class=\"column-3\">EXTRATO DE RESCIS\u00c3O<\/td><td class=\"column-4\">PUBLICADO:03\/01\/2025<\/td><td class=\"column-5\"><\/td>\n<\/tr>\n<tr class=\"row-60\">\n\t<td class=\"column-1\">Modalidade: DISPENSA DE LICITA\u00c7\u00c3O POR VALOR <br \/>\n<br \/>\nArt. 24, inciso II da Lei Federal n.\u00ba 8.666\/93<br \/>\n<\/td><td class=\"column-2\"><a href=\"http:\/\/www.pratinha.mg.gov.br\/portal\/wp-content\/uploads\/2025\/01\/EXTRATO-DE-RESCISAO-1.pdf\">EXTRATO DE RESCIS\u00c3O<\/a><\/td><td class=\"column-3\">EXTRATO DE RESCIS\u00c3O<\/td><td class=\"column-4\">PUBLICADO:03\/01\/2025<\/td><td class=\"column-5\"><\/td>\n<\/tr>\n<tr class=\"row-61\">\n\t<td class=\"column-1\">PREG\u00c3O PRESENCIAL N\u00b0 008\/2022 - PROCESSO LICITAT\u00d3RIO N\u00b0 034\/2022<\/td><td class=\"column-2\"><a href=\"http:\/\/www.pratinha.mg.gov.br\/portal\/wp-content\/uploads\/2025\/01\/EXTRATO-RESCISAO-DE-CONTRATO-.pdf\">EXTRATO RESCIS\u00c3O DE CONTRATO<\/a><\/td><td class=\"column-3\">EXTRATO DE RESCIS\u00c3O UNILATERAL DO CONTRATO CONTRATA\u00c7\u00c3O DE PROFISSIONAL ESPECIALIZADO EM ENGENHARIA CIVIL<\/td><td class=\"column-4\">PUBLICADO:03\/01\/2025<\/td><td class=\"column-5\"><\/td>\n<\/tr>\n<tr class=\"row-62\">\n\t<td class=\"column-1\">PROCESSO N\u00ba 004\/2025 <br \/>\n <br \/>\nPREG\u00c3O ELETR\u00d4NICO N\u00b0 001\/2025<br \/>\n<\/td><td class=\"column-2\"><a href=\"http:\/\/www.pratinha.mg.gov.br\/portal\/wp-content\/uploads\/2025\/01\/Edital-1.pdf\">Edital<\/a><br \/>\n<br \/>\n<a href=\"http:\/\/www.pratinha.mg.gov.br\/portal\/wp-content\/uploads\/2025\/02\/EXTRATO-DE-CONTRATO-5.pdf\">EXTRATO DE CONTRATO<\/a><br \/>\n<br \/>\n<a href=\"http:\/\/www.pratinha.mg.gov.br\/portal\/wp-content\/uploads\/2025\/02\/LICITANET-ATA-DE-REALIZACAO-DO-PREGAO-ELETRONICO-1.pdf\">LICITANET - ATA DE REALIZA\u00c7\u00c3O DO PREG\u00c3O ELETR\u00d4NICO<\/a><a href=\"http:\/\/www.pratinha.mg.gov.br\/portal\/wp-content\/uploads\/2025\/02\/homologacao-e-adjudicacao.pdf\">homologa\u00e7ao e adjudica\u00e7\u00e3o<\/a><a href=\"http:\/\/www.pratinha.mg.gov.br\/portal\/wp-content\/uploads\/2025\/02\/RECURSO-JULGADO.pdf\">RECURSO JULGADO<\/a><br \/>\n<br \/>\n<a href=\"http:\/\/www.pratinha.mg.gov.br\/portal\/wp-content\/uploads\/2025\/11\/EXTRATO-DE-ADITIVO-CONTRATO.pdf\">EXTRATO DE ADITIVO CONTRATO<\/a><\/td><td class=\"column-3\">CONTRATA\u00c7\u00c3O DE EMPRESA VISANDO A PUBLICA\u00c7\u00c3O DE ATOS OFICIAIS, CONFORME ESPECIFICA\u00c7\u00d5ES CONSTANTES DO TERMO DE REFER\u00caNCIA, ANEXO I<br \/>\n<br \/>\nATA DA SESS\u00c3O<br \/>\nEXTRATO DE CONTRATO<br \/>\nADJUDICA\u00c7\u00c3O E HOMOLOGA\u00c7\u00c3O<br \/>\nDECIS\u00c3O DE RECURSO<br \/>\n<br \/>\nEXTRATO DE ADITIVO<\/td><td class=\"column-4\">PUBLICADO: 09\/01\/2025<br \/>\nCERTAME: 23\/01\/2025 \u00c1S  09:00 (NOVE HORAS)<br \/>\nPUBLICADO:07\/02\/2025<br \/>\nPUBLICADO: 07\/02\/2025<br \/>\n<br \/>\nPUBLICADO:25\/11\/2025<\/td><td class=\"column-5\">CONTRATOS 16 E 17\/2025<\/td>\n<\/tr>\n<tr class=\"row-63\">\n\t<td class=\"column-1\">PREG\u00c3O ELETR\u00d4NICO N\u00ba 036\/2023<br \/>\nPROCESSO LICITAT\u00d3RIO N\u00ba 063\/2023<br \/>\n<\/td><td class=\"column-2\"><a href=\"http:\/\/www.pratinha.mg.gov.br\/portal\/wp-content\/uploads\/2025\/01\/EXTRATO-DE-ADITIVO-DE-CONTRATO-1.pdf\">EXTRATO DE ADITIVO DE CONTRATO<\/a><\/td><td class=\"column-3\">EXTRATO DE ADITIVO<\/td><td class=\"column-4\">PUBLICADO:10\/01\/2025<\/td><td class=\"column-5\">ADITADO O CONTRATO DE N\u00ba:02\/2024<\/td>\n<\/tr>\n<\/tbody>\n<\/table>\n<!-- #tablepress-25 from cache -->\n","protected":false},"excerpt":{"rendered":"<p><\/p>","protected":false},"author":1,"featured_media":0,"parent":0,"menu_order":0,"comment_status":"closed","ping_status":"closed","template":"","meta":{"footnotes":""},"class_list":["post-11702","page","type-page","status-publish"],"_links":{"self":[{"href":"https:\/\/www.pratinha.mg.gov.br\/portal\/wp-json\/wp\/v2\/pages\/11702","targetHints":{"allow":["GET"]}}],"collection":[{"href":"https:\/\/www.pratinha.mg.gov.br\/portal\/wp-json\/wp\/v2\/pages"}],"about":[{"href":"https:\/\/www.pratinha.mg.gov.br\/portal\/wp-json\/wp\/v2\/types\/page"}],"author":[{"embeddable":true,"href":"https:\/\/www.pratinha.mg.gov.br\/portal\/wp-json\/wp\/v2\/users\/1"}],"replies":[{"embeddable":true,"href":"https:\/\/www.pratinha.mg.gov.br\/portal\/wp-json\/wp\/v2\/comments?post=11702"}],"version-history":[{"count":3,"href":"https:\/\/www.pratinha.mg.gov.br\/portal\/wp-json\/wp\/v2\/pages\/11702\/revisions"}],"predecessor-version":[{"id":11707,"href":"https:\/\/www.pratinha.mg.gov.br\/portal\/wp-json\/wp\/v2\/pages\/11702\/revisions\/11707"}],"wp:attachment":[{"href":"https:\/\/www.pratinha.mg.gov.br\/portal\/wp-json\/wp\/v2\/media?parent=11702"}],"curies":[{"name":"wp","href":"https:\/\/api.w.org\/{rel}","templated":true}]}}