{"id":8415,"date":"2023-01-06T13:48:21","date_gmt":"2023-01-06T13:48:21","guid":{"rendered":"http:\/\/www.pratinha.mg.gov.br\/portal\/?page_id=8415"},"modified":"2023-01-06T13:48:21","modified_gmt":"2023-01-06T13:48:21","slug":"licitacao-2023","status":"publish","type":"page","link":"http:\/\/www.pratinha.mg.gov.br\/portal\/licitacao-2023\/","title":{"rendered":"Licita\u00e7\u00e3o 2023"},"content":{"rendered":"\n<table id=\"tablepress-15\" class=\"tablepress tablepress-id-15\">\n<thead>\n<tr class=\"row-1\">\n\t<th class=\"column-1\">PROCESSO<\/th><th class=\"column-2\">ARQUIVO<\/th><th class=\"column-3\">OBJETO<\/th><th class=\"column-4\">DATA<\/th><th class=\"column-5\">RESULTADO<\/th>\n<\/tr>\n<\/thead>\n<tbody class=\"row-striping row-hover\">\n<tr class=\"row-2\">\n\t<td class=\"column-1\">PREG\u00c3O PRESENCIAL N\u00ba 008\/2023<br \/>\n<br \/>\nPROCESSO LICITAT\u00d3RIO N\u00ba 067\/2023<br \/>\n<br \/>\n<br \/>\n<br \/>\n<\/td><td class=\"column-2\"><a href=\"http:\/\/www.pratinha.mg.gov.br\/portal\/wp-content\/uploads\/2024\/01\/EDITAL-PREGAO-PRESENCIAL-FESTA-DO-PEAO.doc.pdf\">EDITAL PREGAO PRESENCIAL FESTA DO PE\u00c3O.doc<\/a><\/td><td class=\"column-3\">Contrata\u00e7\u00e3o de empresa especializada em organiza\u00e7\u00e3o de eventos, para produ\u00e7\u00e3o, organiza\u00e7\u00e3o, explora\u00e7\u00e3o e execu\u00e7\u00e3o de todos os servi\u00e7os envolvidos na \u201c34\u00ba FESTA DO PE\u00c3O BOIADEIRO DE PRATINHA\/MG\u201d, que ser\u00e1 realizada de 01 a 04 de agosto de 2024, compreendendo o fornecimento de toda a estrutura necess\u00e1ria \u00e0 realiza\u00e7\u00e3o do evento, servi\u00e7os de m\u00e3o de obra, hospedagem, alugu\u00e9is, taxas, projetos, divulga\u00e7\u00e3o, apresenta\u00e7\u00e3o de artistas, recep\u00e7\u00e3o\/portaria, rodeio, produ\u00e7\u00e3o, decora\u00e7\u00e3o, enfim, todas despesas decorrentes da Realiza\u00e7\u00e3o do Evento, conforme condi\u00e7\u00f5es, descri\u00e7\u00f5es e especifica\u00e7\u00f5es constantes no Termo de Refer\u00eancia, Anexo I.<\/td><td class=\"column-4\">publica\u00e7\u00e3o: 22\/12\/2023<\/td><td class=\"column-5\"><\/td>\n<\/tr>\n<tr class=\"row-3\">\n\t<td class=\"column-1\">N\u00ba001\/2023<br \/>\nProcesso n\u00ba 066\/2023<br \/>\n<br \/>\n<br \/>\n<br \/>\n<br \/>\n<\/td><td class=\"column-2\"><a href=\"http:\/\/www.pratinha.mg.gov.br\/portal\/wp-content\/uploads\/2023\/12\/Edital-de-leilao-Lucas.pdf\">Edital de leila\u0303o - Lucas<\/a><br \/>\n<a href=\"http:\/\/www.pratinha.mg.gov.br\/portal\/wp-content\/uploads\/2024\/10\/Ratificacao-2.pdf\">Ratifica\u00e7\u00e3o<\/a><\/td><td class=\"column-3\">EDITAL DE LEIL\u00c3O<br \/>\nTERMO DE RATIFICA\u00c7\u00c3O<\/td><td class=\"column-4\">publicado: 22\/12\/2023<br \/>\nPUBLICADO: 22\/10\/2024<\/td><td class=\"column-5\"><\/td>\n<\/tr>\n<tr class=\"row-4\">\n\t<td class=\"column-1\">REGISTRO DE PRE\u00c7OS N 097, PROCESSO N\u00ba 5.099\/2023 <\/td><td class=\"column-2\"><a href=\"http:\/\/www.pratinha.mg.gov.br\/portal\/wp-content\/uploads\/2023\/12\/AVISO-DE-LICITACAO.pdf\">AVISO DE LICITA\u00c7\u00c3O<\/a><\/td><td class=\"column-3\"> INTEN\u00c7\u00c3O DE ADES\u00c3O A ATA DE <\/td><td class=\"column-4\">PUBLICADO: 21\/12\/2023<\/td><td class=\"column-5\"><\/td>\n<\/tr>\n<tr class=\"row-5\">\n\t<td class=\"column-1\">ORIGEM:  PREG\u00c3O PRESENCIAL N\u00ba 8\/2020<br \/>\nPROCESSO: N\u00ba 11\/2020<br \/>\n<\/td><td class=\"column-2\"><a href=\"http:\/\/www.pratinha.mg.gov.br\/portal\/wp-content\/uploads\/2023\/12\/EXTRATO-DE-CONTRATO-W-A-CARDOSO.doc.pdf\">EXTRATO DE CONTRATO W A CARDOSO.doc<\/a><\/td><td class=\"column-3\">EXTRATO DE CONTRATO<\/td><td class=\"column-4\">PUBLICADO:20\/12\/2023<\/td><td class=\"column-5\"><\/td>\n<\/tr>\n<tr class=\"row-6\">\n\t<td class=\"column-1\">ORIGEM:  PREG\u00c3O PRESENCIAL 0010\/2022\t\t\t\t<br \/>\nPROCESSO LICITAT\u00d3RIO N\u00ba 047\/2022<br \/>\n<\/td><td class=\"column-2\"><a href=\"http:\/\/www.pratinha.mg.gov.br\/portal\/wp-content\/uploads\/2023\/12\/EXTRATO-DE-CONTRATO-PREGOEIRO.doc.pdf\">EXTRATO DE CONTRATO PREGOEIRO.doc<\/a><\/td><td class=\"column-3\">EXTRATO DE CONTRATO<\/td><td class=\"column-4\">PUBLICADO:20\/12\/2023<\/td><td class=\"column-5\"><\/td>\n<\/tr>\n<tr class=\"row-7\">\n\t<td class=\"column-1\">ORIGEM:  PREG\u00c3O PRESENCIAL N\u00ba3\/2019<br \/>\nPROCESSO: N\u00ba7\/2019<br \/>\n<\/td><td class=\"column-2\"><a href=\"http:\/\/www.pratinha.mg.gov.br\/portal\/wp-content\/uploads\/2023\/12\/EXTRATO-DE-CONTRATO-MOURA.doc.pdf\">EXTRATO DE CONTRATO MOURA.doc<\/a><\/td><td class=\"column-3\">EXTRATO DE CONTRATO<\/td><td class=\"column-4\">PUBLICADO:20\/12\/2023<\/td><td class=\"column-5\"><\/td>\n<\/tr>\n<tr class=\"row-8\">\n\t<td class=\"column-1\">ORIGEM:  Processo n\u00ba 59\/2021, <br \/>\nPreg\u00e3o Eletr\u00f4nico 24\/2022<br \/>\n<\/td><td class=\"column-2\"><a href=\"http:\/\/www.pratinha.mg.gov.br\/portal\/wp-content\/uploads\/2023\/12\/EXTRATO-DE-CONTRATO-MOTORISTA-DA-EDUCACAO.doc.pdf\">EXTRATO DE CONTRATO MOTORISTA DA EDUCACAO.doc<\/a><\/td><td class=\"column-3\">EXTRATO DE CONTRATO<\/td><td class=\"column-4\">PUBLICADO: 20\/12\/2023<\/td><td class=\"column-5\"><\/td>\n<\/tr>\n<tr class=\"row-9\">\n\t<td class=\"column-1\">Processo n\u00ba065\/2023<br \/>\nDispensa n\u00ba 011\/2023<br \/>\n<\/td><td class=\"column-2\"><a href=\"http:\/\/www.pratinha.mg.gov.br\/portal\/wp-content\/uploads\/2023\/12\/EXTRATO-DE-CONTRATO-MIGUEL-ELIAS.doc.pdf\">EXTRATO DE CONTRATO MIGUEL ELIAS.doc<\/a><\/td><td class=\"column-3\">EXTRATO DE CONTRATO<\/td><td class=\"column-4\">PUBLICA\u00c7\u00c3O:20\/12\/2023<\/td><td class=\"column-5\"><\/td>\n<\/tr>\n<tr class=\"row-10\">\n\t<td class=\"column-1\">ORIGEM:  Processo n\u00ba 043\/2023<br \/>\nPreg\u00e3o Eletr\u00f4nico 029\/2023<br \/>\n<\/td><td class=\"column-2\"><a href=\"http:\/\/www.pratinha.mg.gov.br\/portal\/wp-content\/uploads\/2023\/12\/EXTRATO-DE-CONTRATO-MAGNA-SIMOES-2.doc.pdf\">EXTRATO DE CONTRATO MAGNA SIMOES 2.doc<\/a><br \/>\n<a href=\"http:\/\/www.pratinha.mg.gov.br\/portal\/wp-content\/uploads\/2024\/12\/TERMO-ADITIVO-CONTRATO-MAGNA-TRANSPORTE-ESCOLAR.pdf\">TERMO ADITIVO CONTRATO -MAGNA TRANSPORTE ESCOLAR<\/a><\/td><td class=\"column-3\">EXTRATO DE CONTRATO<br \/>\nEXTRATO DE ADITIVO DE CONTRATO <\/td><td class=\"column-4\">PUBLICADO:20\/12\/2023<br \/>\nPUBLICADO: 12\/12\/2024<\/td><td class=\"column-5\"><\/td>\n<\/tr>\n<tr class=\"row-11\">\n\t<td class=\"column-1\">ORIGEM:  PREG\u00c3O ELETRONICO N\u00ba 6\/2022<br \/>\nPROCESSO: N\u00ba 4\/2022<br \/>\n<\/td><td class=\"column-2\"><a href=\"http:\/\/www.pratinha.mg.gov.br\/portal\/wp-content\/uploads\/2023\/12\/EXTRATO-DE-CONTRATO-LILIAN.doc.pdf\">EXTRATO DE CONTRATO LILIAN.doc<\/a><\/td><td class=\"column-3\">EXTRATO DE CONTRATO<\/td><td class=\"column-4\">PUBLICADO:20\/12\/2023<\/td><td class=\"column-5\"><\/td>\n<\/tr>\n<tr class=\"row-12\">\n\t<td class=\"column-1\">ORIGEM:  PREG\u00c3O PRESENCIAL N\u00ba1\/2020<br \/>\nPROCESSO: N\u00ba1\/2020<br \/>\n<\/td><td class=\"column-2\"><a href=\"http:\/\/www.pratinha.mg.gov.br\/portal\/wp-content\/uploads\/2023\/12\/EXTRATO-DE-CONTRATO-LETICIA.pdf\">EXTRATO DE CONTRATO LETICIA<\/a><\/td><td class=\"column-3\">EXTRATO DE CONTRATO<\/td><td class=\"column-4\">PUBLICADO:20\/12\/2023<\/td><td class=\"column-5\"><\/td>\n<\/tr>\n<tr class=\"row-13\">\n\t<td class=\"column-1\">PROCESSO N\u00ba 022\/2022<br \/>\nPREG\u00c3O ELETR\u00d4NICO N\u00ba 014\/2022<br \/>\n<\/td><td class=\"column-2\"><a href=\"http:\/\/www.pratinha.mg.gov.br\/portal\/wp-content\/uploads\/2023\/12\/EXTRATO-DE-CONTRATO-JANAINA-CAMILA.pdf\">EXTRATO DE CONTRATO JANAINA CAMILA<\/a><\/td><td class=\"column-3\">EXTRATO DE CONTRATO<\/td><td class=\"column-4\">PUBLICADO:20\/12\/2023<\/td><td class=\"column-5\"><\/td>\n<\/tr>\n<tr class=\"row-14\">\n\t<td class=\"column-1\">ORIGEM:  Processo n\u00ba 054\/2023 <br \/>\nTOMADA DE PRE\u00c7O 004\/2023<br \/>\n<\/td><td class=\"column-2\"><a href=\"http:\/\/www.pratinha.mg.gov.br\/portal\/wp-content\/uploads\/2023\/12\/EXTRATO-DE-CONTRATO-R-D-DUARTE.pdf\">EXTRATO DE CONTRATO R D DUARTE<\/a><\/td><td class=\"column-3\">EXTRATO DE CONTRATO<\/td><td class=\"column-4\">PUBLICADO<\/td><td class=\"column-5\">CONTRATO N 88<\/td>\n<\/tr>\n<tr class=\"row-15\">\n\t<td class=\"column-1\">PROCESSO N\u00ba 30\/2021<br \/>\nINEXIGIBILIDADE N\u00ba 1\/2021<br \/>\n<\/td><td class=\"column-2\"><a href=\"http:\/\/www.pratinha.mg.gov.br\/portal\/wp-content\/uploads\/2023\/12\/EXTRATO-DE-CONTRATO-franca-borges.doc.pdf\">EXTRATO DE CONTRATO fran\u00e7a borges.doc<\/a><\/td><td class=\"column-3\">EXTRATO DE CONTRATO<\/td><td class=\"column-4\">PUBLICADO:20\/12\/2023<\/td><td class=\"column-5\"><\/td>\n<\/tr>\n<tr class=\"row-16\">\n\t<td class=\"column-1\">ORIGEM:  PREG\u00c3O PRESENCIAL N\u00ba 2\/2022<br \/>\nPROCESSO: N\u00ba 2\/2022<br \/>\n<\/td><td class=\"column-2\"><a href=\"http:\/\/www.pratinha.mg.gov.br\/portal\/wp-content\/uploads\/2023\/12\/EXTRATO-DE-CONTRATO-W-A-CARDOSO-GINECOLOGIA.doc.pdf\">EXTRATO DE CONTRATO W A CARDOSO GINECOLOGIA.doc<\/a><\/td><td class=\"column-3\">EXTRATO DE CONTRATO<\/td><td class=\"column-4\">PUBLICADO:20\/12\/2023<\/td><td class=\"column-5\"><\/td>\n<\/tr>\n<tr class=\"row-17\">\n\t<td class=\"column-1\">PROCESSO N\u00ba064\/2023<br \/>\nDISPENSA N\u00ba 011\/2023<br \/>\n<\/td><td class=\"column-2\"><a href=\"http:\/\/www.pratinha.mg.gov.br\/portal\/wp-content\/uploads\/2023\/12\/EXTRATO-DE-CONTRATO-PAROQUIA-SANTO-ANTONIO.doc.pdf\">EXTRATO DE CONTRATO PAROQUIA SANTO ANTONIO.doc<\/a><\/td><td class=\"column-3\">EXTRATO DE CONTRATO<\/td><td class=\"column-4\">PUBLICADO:20\/12\/2023<\/td><td class=\"column-5\"><\/td>\n<\/tr>\n<tr class=\"row-18\">\n\t<td class=\"column-1\">processo licitat\u00f3rio n\u00ba. 018\/2022, <br \/>\nmodalidade inexigibilidade n\u00ba. 001\/2022<br \/>\n<br \/>\n<\/td><td class=\"column-2\"><a href=\"http:\/\/www.pratinha.mg.gov.br\/portal\/wp-content\/uploads\/2023\/12\/EXTRATO-DE-CONTRATO-MARCOS-ADVOGADO.doc.pdf\">EXTRATO DE CONTRATO MARCOS ADVOGADO.doc<\/a><\/td><td class=\"column-3\">extrato de aditivo<\/td><td class=\"column-4\">PUBLICADO:20\/12\/2023<\/td><td class=\"column-5\"><\/td>\n<\/tr>\n<tr class=\"row-19\">\n\t<td class=\"column-1\">PROCESSO ADMINISTRATIVO N\u00ba 065\/2023<br \/>\nDISPENSA DE LICITA\u00c7\u00c3O N\u00ba 011\/2023<br \/>\n<br \/>\n<br \/>\n<br \/>\n<br \/>\n<br \/>\n<br \/>\n<\/td><td class=\"column-2\"><a href=\"http:\/\/www.pratinha.mg.gov.br\/portal\/wp-content\/uploads\/2023\/12\/Termo-de-Ratificacao-1.pdf\">Termo de Ratifica\u00e7\u00e3o<\/a><\/td><td class=\"column-3\">LOCA\u00c7\u00c3O DE IM\u00d3VEL DESTINADO A SEDIAR O DEPARTAMENTO DE EDUCA\u00c7\u00c3O, DESTINADO A, EM ATENDIMENTO \u00c0 SECRETARIA MUNICIPAL DE EDUCA\u00c7\u00c3O DA PREFEITURA DE PRATINHA\/MG. <\/td><td class=\"column-4\">publicado:19\/12\/2023<\/td><td class=\"column-5\"><\/td>\n<\/tr>\n<tr class=\"row-20\">\n\t<td class=\"column-1\">PROCESSO ADMINISTRATIVO N\u00ba 064\/2023<br \/>\nDISPENSA DE LICITA\u00c7\u00c3O N\u00ba 010\/2023<br \/>\n<br \/>\n<br \/>\n<br \/>\n<br \/>\n<br \/>\n<\/td><td class=\"column-2\"><a href=\"http:\/\/www.pratinha.mg.gov.br\/portal\/wp-content\/uploads\/2023\/12\/Termo-de-Ratificacao.pdf\">Termo de Ratifica\u00e7\u00e3o<\/a><\/td><td class=\"column-3\">LOCA\u00c7\u00c3O DE IM\u00d3VEL DESTINADO A SEDIAR O CONSELHO TUTELAR, DESTINADO A SEDIAR O SETOR DE CONSELHO TUTELAR, EM ATENDIMENTO \u00c0 SECRETARIA MUNICIPAL DE A\u00c7\u00c3O SOCIAL DA PREFEITURA DE PRATINHA\/MG. <\/td><td class=\"column-4\">PUBLICADO: 14\/12\/2023<\/td><td class=\"column-5\"><\/td>\n<\/tr>\n<tr class=\"row-21\">\n\t<td class=\"column-1\">PREG\u00c3O ELETR\u00d4NICO N\u00ba 036\/2023<br \/>\nPROCESSO LICITAT\u00d3RIO N\u00ba 063\/2023<br \/>\n<br \/>\n<br \/>\n<br \/>\n<br \/>\n<br \/>\n<br \/>\n<\/td><td class=\"column-2\"><a href=\"http:\/\/www.pratinha.mg.gov.br\/portal\/wp-content\/uploads\/2023\/12\/EDITAL-PREGAO-ELETRONICO.pdf\">EDITAL PREG\u00c3O ELETR\u00d4NICO<\/a><br \/>\n<a href=\"http:\/\/www.pratinha.mg.gov.br\/portal\/wp-content\/uploads\/2024\/09\/EXTRATO-DE-CONTRATO.pdf\">EXTRATO DE CONTRATO<\/a><br \/>\n<br \/>\n<a href=\"http:\/\/www.pratinha.mg.gov.br\/portal\/wp-content\/uploads\/2025\/12\/EXTRATO-DE-ADITIVO-DE-CONTRATO-5.pdf\">EXTRATO DE ADITIVO DE CONTRATO<\/a><br \/>\n<br \/>\n<a href=\"http:\/\/www.pratinha.mg.gov.br\/portal\/wp-content\/uploads\/2026\/01\/EXTRATO-DE-CONTRATO.pdf\">EXTRATO DE CONTRATO<\/a><\/td><td class=\"column-3\">CONTRATA\u00c7\u00c3O DE PROFISSIONAIS ESPECIALIZADOS EM ORTOPEDIA, SERVI\u00c7OS MEDICOS DE PEQUENAS CIRURGIAS, NUTRICIONISTA,SERVI\u00c7OS DE FARMACEUTICO, ASSISTENTE SOCIAL E PSICOLOGO PARA ATENDIMENTO AS DEMANDAS DA SECRETARIA MUNICIPAL DE SA\u00daDE E EDUSCA\u00c7\u00c3O DE PRATINHA\/MG<br \/>\n<br \/>\nEXTRATO DE CONTRATO<br \/>\n<br \/>\nEXTRATO DE ADITIVO<br \/>\n<br \/>\nEXTRATO DE ADITIVO<\/td><td class=\"column-4\">PUBLICADO\/08\/12\/2023<br \/>\nPUBLICADO:30\/12\/2025<br \/>\n<br \/>\nPUBLICADO:08\/01\/2026<\/td><td class=\"column-5\">ADITADO A QUANTIDADE NO IMPORTE DE 25% AO CONTRATO ORIGINAL PASSANDO AO QUANTITATIVO DE 120 CIRURGIAS PARA 150.<br \/>\n<br \/>\nADITADO O CONTRATO POR MAIS 12(MESES)<\/td>\n<\/tr>\n<tr class=\"row-22\">\n\t<td class=\"column-1\">Processo n\u00b0 061\/2023, Inexigibilidade 002\/2023 <br \/>\n<br \/>\n<br \/>\n<br \/>\n<\/td><td class=\"column-2\"><a href=\"http:\/\/www.pratinha.mg.gov.br\/portal\/wp-content\/uploads\/2023\/12\/RATIFICACAO-DE-INEXIGIBILIDADE-DE-LICITACAO.pdf\">RATIFICA\u00c7\u00c3O DE INEXIGIBILIDADE DE LICITA\u00c7\u00c3O<\/a><br \/>\n<br \/>\n<a href=\"http:\/\/www.pratinha.mg.gov.br\/portal\/wp-content\/uploads\/2023\/12\/EXTRATO-DE-CONTRATO.pdf\">EXTRATO DE CONTRATO<\/a><\/td><td class=\"column-3\">CONTRATA\u00c7\u00c3O DE SHOW COM A DUPLA BRUNO E ROBSON PARA REALIZA\u00c7\u00c3O DO EVENTO R\u00c9VEILLON DE PRATINHA\/MG<br \/>\nEXTRATO DE CONTRATO<\/td><td class=\"column-4\">PUBLICADO:06\/12\/2023<br \/>\nPUBLICADO: 07\/12\/2023<\/td><td class=\"column-5\">CONTRATO N\u00ba 084<\/td>\n<\/tr>\n<tr class=\"row-23\">\n\t<td class=\"column-1\">Processo n\u00ba 062\/2023<br \/>\n<br \/>\nPreg\u00e3o Presencial n\u00ba 007\/2023<br \/>\n<br \/>\n<br \/>\n<br \/>\n<br \/>\n<br \/>\n<br \/>\n<\/td><td class=\"column-2\"><a href=\"http:\/\/www.pratinha.mg.gov.br\/portal\/wp-content\/uploads\/2023\/12\/EDITAL-PREGAO-PRESENCIAL-MATERIAL-DE-CONSTRUCAO-3.doc.pdf\">EDITAL PREG\u00c3O PRESENCIAL - MATERIAL DE CONSTRU\u00c7\u00c3O 3.doc<\/a><\/td><td class=\"column-3\">AQUISI\u00c7\u00c3O DE MATERIAIS DE CONSTRU\u00c7\u00c3O PARA MANUTEN\u00c7\u00c3O DE ESTRADAS VICINAIS E CONSTRU\u00c7\u00c3O DE MATA BURROS, PONTES E BUEIROS NO MUNICIPIO DE PRATINHA\/MG.<\/td><td class=\"column-4\">PUBLICADO:06\/12\/2023<br \/>\nCERTAME: Dia 19\/12\/2023 \u00e0s 09:00 horas<\/td><td class=\"column-5\"><\/td>\n<\/tr>\n<tr class=\"row-24\">\n\t<td class=\"column-1\">Processo n\u00ba060\/2023<br \/>\n<br \/>\nPreg\u00e3o Presencial n\u00ba 006\/2023<br \/>\n<br \/>\n<br \/>\n<br \/>\n<br \/>\n<\/td><td class=\"column-2\"><a href=\"http:\/\/www.pratinha.mg.gov.br\/portal\/wp-content\/uploads\/2023\/12\/Edital-de-Licitacao.pdf\">Edital de Licita\u00e7\u00e3o<\/a><\/td><td class=\"column-3\">REGISTRO DE PRE\u00c7OS PARA CONTRATA\u00c7\u00c3O DE EMPRESA ESPECIALIZADA EM PRESTA\u00c7\u00c3O DE SERVI\u00c7OS DE M\u00c3O OBRA EM FUNILARIA, PINTURA, MEC\u00c2NICA PREVENTIVA E CORRETIVA, BORRACHARIA E LAVA\u00c7\u00c3O, PARA MANUTEN\u00c7\u00c3O DA FROTA DE VEICULOS PERTECENTES AO MUNICIPIO DE PRATINHA\/MG<\/td><td class=\"column-4\">PUBLICADO:30\/11\/2023<br \/>\nCERTAME:Dia 14\/12\/23 \u00e0s 09:00 horas<\/td><td class=\"column-5\"><\/td>\n<\/tr>\n<tr class=\"row-25\">\n\t<td class=\"column-1\">PREG\u00c3O ELETRONICO N\u00ba 39\/2021<br \/>\nPROCESSO: N\u00ba 21\/2021<br \/>\n<br \/>\n<br \/>\n<br \/>\n<br \/>\n<br \/>\n<br \/>\n<br \/>\n<br \/>\n<\/td><td class=\"column-2\"><a href=\"http:\/\/www.pratinha.mg.gov.br\/portal\/wp-content\/uploads\/2023\/11\/EXTRATO-DE-CONTRATO-GUSTAVO-DE-SENA-CRUZ.pdf\">EXTRATO DE CONTRATO GUSTAVO DE SENA CRUZ<\/a><\/td><td class=\"column-3\">EXTRATO DE RESCIS\u00c3O DE CONTRATO<\/td><td class=\"column-4\">PUBLICADO:29\/11\/2023<\/td><td class=\"column-5\">RESCINDIDO O CONTRATO N\u00ba082\/2021<\/td>\n<\/tr>\n<tr class=\"row-26\">\n\t<td class=\"column-1\">PREG\u00c3O ELETR\u00d4NICO N\u00ba 035\/2023<br \/>\nPROCESSO LICITAT\u00d3RIO N\u00ba 059\/2023<br \/>\n<br \/>\n<br \/>\n<br \/>\n<br \/>\n<\/td><td class=\"column-2\"><a href=\"http:\/\/www.pratinha.mg.gov.br\/portal\/wp-content\/uploads\/2023\/11\/EDITAL-PREGAO-ELETRONICO-059-2023-COMBUSTIVEIS-2024.pdf\">EDITAL PREG\u00c3O ELETR\u00d4NICO 059 2023- COMBUST\u00cdVEIS 2024<\/a><br \/>\n<br \/>\n<a href=\"http:\/\/www.pratinha.mg.gov.br\/portal\/wp-content\/uploads\/2023\/12\/EXTRATO-DE-CONTRATO-COMBUSTIVEIS-2023.pdf\">EXTRATO DE CONTRATO COMBUST\u00cdVEIS 2023<\/a><\/td><td class=\"column-3\">CONTRATA\u00c7\u00c3O DE EMPRESA ESPECIALIZADA PARA FORNECIMENTO DE COMBUST\u00cdVEL, PARA ABASTECIMENTO DA FROTA DE VE\u00cdCULOS DO MUNIC\u00cdPIO DE PRATINHA\/MG.<br \/>\nextrato de contrato<\/td><td class=\"column-4\">publicado:27\/11\/2023<br \/>\ncertame:Dia: 12\/12\/2023 \u00e0s 09h00min (nove horas). <br \/>\npublicado:20\/12\/2023<\/td><td class=\"column-5\"><\/td>\n<\/tr>\n<tr class=\"row-27\">\n\t<td class=\"column-1\">ORIGEM:  PREG\u00c3O ELETRONICO N\u00ba3\/2022<br \/>\nPROCESSO: N\u00ba5\/2022<br \/>\n<br \/>\n<br \/>\n<br \/>\n<\/td><td class=\"column-2\"><a href=\"http:\/\/www.pratinha.mg.gov.br\/portal\/wp-content\/uploads\/2023\/11\/EXTRATO-DE-CONTRATO-DAVID-ANTONIO.pdf\">EXTRATO DE CONTRATO DAVID ANTONIO<\/a><\/td><td class=\"column-3\">EXTRATO DE ADITIVO DE CONTRATO E ADITIVO DE 25%<\/td><td class=\"column-4\">PUBLICADO:24\/11\/2023<\/td><td class=\"column-5\">ADITADO VALOR E VIGENCIA DO CONTRATO<\/td>\n<\/tr>\n<tr class=\"row-28\">\n\t<td class=\"column-1\">Processo n\u00ba 057\/2023<br \/>\nTomada de Pre\u00e7o n\u00ba 005\/2023<br \/>\n<br \/>\n<br \/>\n<br \/>\n<\/td><td class=\"column-2\"><a href=\"http:\/\/www.pratinha.mg.gov.br\/portal\/wp-content\/uploads\/2023\/11\/Edital-1.pdf\">Edital<\/a><br \/>\n<a href=\"http:\/\/www.pratinha.mg.gov.br\/portal\/wp-content\/uploads\/2024\/01\/EXTRATO.doc.pdf\">EXTRATO.doc<\/a><\/td><td class=\"column-3\">CONTRATA\u00c7\u00c3O DE EMPRESA DO RAMO CONSTRU\u00c7\u00c3O CIVIL, PARA REFORMA DO PR\u00c9DIO P\u00daBLICO ANTIGO PR\u00c9DIO DA PREFEITURA, LOCALIZADO A PRA\u00c7A DO ROS\u00c1RIO N\u00ba 365, PRATINHA\/MG.<br \/>\n<br \/>\nEXTRATO DE CONTRATO<\/td><td class=\"column-4\">PUBLICADO:20\/11\/2023<br \/>\nPUBLICADO:21\/12\/2023<\/td><td class=\"column-5\"><\/td>\n<\/tr>\n<tr class=\"row-29\">\n\t<td class=\"column-1\">Processo n\u00ba 054\/2023<br \/>\nTomada de Pre\u00e7o n\u00ba 004\/2023<br \/>\n<br \/>\n<br \/>\n<br \/>\n<\/td><td class=\"column-2\"><a href=\"http:\/\/www.pratinha.mg.gov.br\/portal\/wp-content\/uploads\/2023\/11\/Edital.pdf\">Edital<\/a><\/td><td class=\"column-3\">CONTRATA\u00c7\u00c3O DE EMPRESA DO RAMO DE CONSTRU\u00c7\u00c3O CIVIL, PARA CONSTRU\u00c7\u00c3O DE 02 SALAS DE AULA PARA ATENDIMENTO A ESCOLA MUNICIPAL CORONEL NECA DE PAULA, PRATINHA\/MG.<\/td><td class=\"column-4\">PUBLICADO:20\/11\/2023<\/td><td class=\"column-5\"><\/td>\n<\/tr>\n<tr class=\"row-30\">\n\t<td class=\"column-1\">DISPENSA 09\/2023<br \/>\nPROCESSO LICITAT\u00d3RIO N\u00ba 058\/2023<br \/>\n<br \/>\n<br \/>\n<br \/>\n<\/td><td class=\"column-2\"><a href=\"http:\/\/www.pratinha.mg.gov.br\/portal\/wp-content\/uploads\/2023\/11\/EDITAL-DISPENSA-VAF.docx.pdf\">EDITAL DISPENSA VAF.docx<\/a><\/td><td class=\"column-3\">para contrata\u00e7\u00e3o de assessoria para acompanhamento e verifica\u00e7\u00e3o do VAF-Valor Adicional Fiscal.<\/td><td class=\"column-4\">PUBLICADO:17\/11\/2023<\/td><td class=\"column-5\"><\/td>\n<\/tr>\n<tr class=\"row-31\">\n\t<td class=\"column-1\">DISPENSA ELETRONICA N\u00ba 08\/2023<br \/>\nPROCESSO LICITAT\u00d3RIO N\u00ba 056\/2023<br \/>\n<br \/>\n<br \/>\n<\/td><td class=\"column-2\"><a href=\"http:\/\/www.pratinha.mg.gov.br\/portal\/wp-content\/uploads\/2023\/11\/edital-Decoracao-Natalina.pdf\">edital Decora\u00e7\u00e3o Natalina<\/a><br \/>\n<br \/>\n<a href=\"http:\/\/www.pratinha.mg.gov.br\/portal\/wp-content\/uploads\/2023\/11\/Retificacao-do-Edital-1-3.pdf\">Retifica\u00e7\u00e3o do Edital (1) (3)<\/a><\/td><td class=\"column-3\">Contrata\u00e7\u00e3o de servi\u00e7os para manuten\u00e7\u00e3o e instala\u00e7\u00e3o de decora\u00e7\u00e3o Natalina em diversos logradouros do Munic\u00edpio de Pratinha<br \/>\n<br \/>\nretifica\u00e7\u00e3o de edital<\/td><td class=\"column-4\">PUBLICADO:17\/11\/2023<br \/>\npublicado:23\/11\/2023<\/td><td class=\"column-5\"><\/td>\n<\/tr>\n<tr class=\"row-32\">\n\t<td class=\"column-1\">DISPENSA ELETRONICA N\u00ba 07\/2023<br \/>\nPROCESSO LICITAT\u00d3RIO N\u00ba 055\/2023<br \/>\n<br \/>\n<br \/>\n<br \/>\n<\/td><td class=\"column-2\"><a href=\"http:\/\/www.pratinha.mg.gov.br\/portal\/wp-content\/uploads\/2023\/11\/EDITAL-DE-DISPENSA-Master.pdf\">EDITAL DE DISPENSA Master<\/a><br \/>\n<br \/>\n<a href=\"http:\/\/www.pratinha.mg.gov.br\/portal\/wp-content\/uploads\/2023\/11\/Retificacao-do-Edital-1-1.pdf\">Retifica\u00e7\u00e3o do Edital (1) (1)<\/a><br \/>\n<br \/>\n<a href=\"http:\/\/www.pratinha.mg.gov.br\/portal\/wp-content\/uploads\/2023\/11\/Retificacao-do-Edital-2.pdf\">Retifica\u00e7\u00e3o do Edital 2<\/a><\/td><td class=\"column-3\">aquisi\u00e7\u00e3o e contrata\u00e7\u00e3o de m\u00e3o de obra mec\u00e2nica para manuten\u00e7\u00e3o do ve\u00edculo Escolar Renault Master-GFD-3H72<br \/>\n<br \/>\n<br \/>\n<br \/>\nRETIFICA\u00c7\u00c3O DE EDITAL<br \/>\n<br \/>\nRETIFICA\u00c7\u00c3O DE EDITAL<\/td><td class=\"column-4\">PUBLICADO:17\/11\/2023<br \/>\nPUBLICADO:23\/11\/2023<br \/>\nPUBLICADO:29\/11\/2023<\/td><td class=\"column-5\"><\/td>\n<\/tr>\n<tr class=\"row-33\">\n\t<td class=\"column-1\">Processo n\u00ba 053\/2023<br \/>\n<br \/>\nPreg\u00e3o Eletr\u00f4nico n\u00ba 034\/2023<br \/>\n<br \/>\n<br \/>\n<br \/>\n<br \/>\n<\/td><td class=\"column-2\"><a href=\"http:\/\/www.pratinha.mg.gov.br\/portal\/wp-content\/uploads\/2023\/11\/EDITAL-PREGAO-ELETRONICO.pdf\">EDITAL PREG\u00c3O ELETR\u00d4NICO<\/a><br \/>\n&lt;a <br \/>\n<br \/>\n<a href=\"http:\/\/www.pratinha.mg.gov.br\/portal\/wp-content\/uploads\/2023\/11\/TERMO-DE-REVOGACAO.docx.pdf\">TERMO DE REVOGA\u00c7\u00c3O.docx<\/a><\/td><td class=\"column-3\">CONTRATA\u00c7\u00c3O DE EMPRESA ESPECIALIZADA PARA OFERTA DE PLATAFORMA DE GEST\u00c3O EDUCACIONAL, COM LICEN\u00c7A DE USO DE SOFTWARE COM ATUALIZA\u00c7\u00d5ES QUE GARANTAM AS ALTERA\u00c7\u00d5ES LEGAIS, CORRETIVAS E EVOLUTIVAS, INCLUINDO SERVI\u00c7OS DE IMPLANTA\u00c7\u00c3O, TREINAMENTO, SUPORTE E ATENDIMENTO T\u00c9CNICO DE TODOS OS M\u00d3DULOS E ASSIST\u00caNCIA HUMANA ESPECIALIZADA PARA RESOLU\u00c7\u00c3O DE TODOS OS TEMAS TRATADOS ATRAV\u00c9S DA PLATAFORMA.<br \/>\n<br \/>\n TERMO DE REVOGA\u00c7\u00c3O<\/td><td class=\"column-4\">PUBLICADO:17\/11\/2023<br \/>\nPUBLICADO :30\/11\/2023<\/td><td class=\"column-5\"><\/td>\n<\/tr>\n<tr class=\"row-34\">\n\t<td class=\"column-1\">Processo n\u00ba 052\/2023<br \/>\nPregao Eletr\u00f4nico n\u00ba 033\/2023<br \/>\n<br \/>\n<br \/>\n<br \/>\n<\/td><td class=\"column-2\"><a href=\"http:\/\/www.pratinha.mg.gov.br\/portal\/wp-content\/uploads\/2023\/11\/Edital-de-Licitacao-Cestas-Basicas-1.pdf\">Edital de Licita\u00e7\u00e3o Cestas Basicas<\/a><br \/>\n<br \/>\n<a href=\"http:\/\/www.pratinha.mg.gov.br\/portal\/wp-content\/uploads\/2023\/11\/RETIFICACAO-DO-EDITAL.doc.pdf\">RETIFICA\u00c7\u00c3O DO EDITAL.doc<\/a><br \/>\n<br \/>\n<a href=\"http:\/\/www.pratinha.mg.gov.br\/portal\/wp-content\/uploads\/2023\/12\/EXTRATO-DE-CONTRATO-cesta-basica.doc.pdf\">EXTRATO DE CONTRATO cesta basica.doc<\/a><\/td><td class=\"column-3\">AQUISI\u00c7\u00c3O DE CESTAS B\u00c1SICAS PARA DISTRIBUI\u00c7\u00c3O AOS FUNCION\u00c1RIOS DA PREFEITURA MUNICIPAL DE PRATINHA-MG, NOS TERMOS DA LEI MUNICIPAL N  967\/2017<br \/>\n<br \/>\nRETIFICA\u00c7\u00c3O DE EDITAL<br \/>\n<br \/>\nextrato de contrato<\/td><td class=\"column-4\">PUBLICADO:17\/11\/2023<br \/>\nPUBLICADO: 21\/11\/2023<br \/>\npublicado:20\/12\/2023<\/td><td class=\"column-5\"><\/td>\n<\/tr>\n<tr class=\"row-35\">\n\t<td class=\"column-1\">DISPENSA DE LICITA\u00c7\u00c3O POR VALOR<\/td><td class=\"column-2\"><a href=\"http:\/\/www.pratinha.mg.gov.br\/portal\/wp-content\/uploads\/2023\/11\/EXTRATO-RESCISAO.pdf\">EXTRATO RESCISAO<\/a><\/td><td class=\"column-3\"> EXTRATO DE RESCISAO DE CONTRATO<\/td><td class=\"column-4\">PUBLICADO:16\/11\/2023<\/td><td class=\"column-5\">RESCINDIDO OS CONTRATOS N\u00ba  055 e 56\/2023<\/td>\n<\/tr>\n<tr class=\"row-36\">\n\t<td class=\"column-1\">DISPENSA D ELICITA\u00c7\u00c3O POR VALOR<\/td><td class=\"column-2\"><a href=\"http:\/\/www.pratinha.mg.gov.br\/portal\/wp-content\/uploads\/2023\/11\/Termo-de-Ratificacao.pdf\">Termo de Ratifica\u00e7\u00e3o<\/a><br \/>\n<br \/>\n<a href=\"http:\/\/www.pratinha.mg.gov.br\/portal\/wp-content\/uploads\/2023\/11\/EXTRATO.pdf\">EXTRATO<\/a><\/td><td class=\"column-3\">CONTRATA\u00c7\u00c3O DE PROFISSIONAL FARMAC\u00caUTICO PARA ATENDIMENTO A FARMACIA DE MINAS DE PRATINHA\/MG<\/td><td class=\"column-4\">PUBLICADO:14\/11\/2023<br \/>\nPUBLICADO:16\/11\/2023<\/td><td class=\"column-5\">CONTRATO N\u00ba 72<\/td>\n<\/tr>\n<tr class=\"row-37\">\n\t<td class=\"column-1\">Preg\u00e3o Presencial N\u00ba 005\/2023<br \/>\nProcesso Administrativo N\u00ba: 051\/2023<br \/>\n<\/td><td class=\"column-2\"><a href=\"http:\/\/www.pratinha.mg.gov.br\/portal\/wp-content\/uploads\/2023\/11\/EDITAL-SISTEMA-DE-GESTAO.pdf\">EDITAL SISTEMA DE GEST\u00c3O<\/a><a href=\"http:\/\/www.pratinha.mg.gov.br\/portal\/wp-content\/uploads\/2023\/11\/Resposta-ao-pedido-de-esclarecimentos.docx.pdf\">Resposta ao pedido de esclarecimentos.docx<\/a><br \/>\n<br \/>\n<a href=\"http:\/\/www.pratinha.mg.gov.br\/portal\/wp-content\/uploads\/2023\/11\/RESPOSTA-DA-IMPUGNACAO.pdf\">RESPOSTA DA IMPUGNA\u00c7\u00c3O<\/a><br \/>\n<br \/>\n<a href=\"http:\/\/www.pratinha.mg.gov.br\/portal\/wp-content\/uploads\/2024\/12\/EXTRATO-DE-CONTRATO.doc.pdf\">EXTRATO DE CONTRATO.doc<\/a><\/td><td class=\"column-3\">CONTRATA\u00c7\u00c3O DE EMPRESA PARA PRESTA\u00c7\u00c3O DE SERVI\u00c7OS DE IMPLANTA\u00c7\u00c3O, INTERMEDIA\u00c7\u00c3O E ADMINISTRA\u00c7\u00c3O DE UM SISTEMA INFORMATIZADO E INTEGRADO VIA WEB ON-LINE REAL TIME PARA GERENCIAMENTO EM AQUISI\u00c7\u00c3O DE PE\u00c7AS,ACESSORIOS E DEMAIS MATERIAIS NECESSARIOS PARA  MANUTEN\u00c7\u00c3O DOS VEICULOS, MAQUINAS PESADAS E EQUIPAMENTOS OPERACIONAIS DA FROTA MUNICIPAL DE PRATINHA\/MG<br \/>\n<br \/>\nRESPOSTA A PEDIDO DE EESCLARECIMENTOS<br \/>\n<br \/>\nRESPOSTA A IMPUGNA\u00c7\u00c3O<br \/>\n<br \/>\nEXTRATO DE ADITIVO<\/td><td class=\"column-4\">PUBLICADO:14\/*11\/2023<br \/>\nCERTAME DIA:28\/11\/2023 \u00e1s 9 :00h<br \/>\n23\/11\/2023<br \/>\n<br \/>\n PUBLICADO: 24\/11\/2023<br \/>\n<br \/>\nPUBLICADO:09\/12\/2024<\/td><td class=\"column-5\"><\/td>\n<\/tr>\n<tr class=\"row-38\">\n\t<td class=\"column-1\">Processo n\u00ba 050\/2023<br \/>\n<br \/>\nPreg\u00e3o Eletr\u00f4nico n\u00ba 32\/23<br \/>\n<br \/>\n<br \/>\n<br \/>\n<\/td><td class=\"column-2\"><a href=\"http:\/\/www.pratinha.mg.gov.br\/portal\/wp-content\/uploads\/2023\/11\/EDITAL-PREGAO-ELETRONICO-SRP.pdf\">EDITAL PREGAO ELETRONICO SRP<\/a><br \/>\n<br \/>\n<a href=\"http:\/\/www.pratinha.mg.gov.br\/portal\/wp-content\/uploads\/2023\/11\/Retificacao-do-Edital.doc.pdf\">Retifica\u00e7\u00e3o do Edital.doc<\/a><br \/>\n<br \/>\n<\/td><td class=\"column-3\">REGISTRO DE PRE\u00c7OS PARA AQUISI\u00c7\u00c3O DE EEQUPAMENTOS DE INFORMATICA, EM ATENDIMENTO AOS DIVERSOS DEPARTAMENTOS DE PRATNHA\/MG.<br \/>\n<br \/>\nRETIFICA\u00c7\u00c3O DE EDITAL<\/td><td class=\"column-4\">PUBLICADO:14\/*11\/2023<br \/>\nCERTAME DIA:28\/11\/2023 \u00e1s 9 :00h<br \/>\nPUBLICADO:21\/11\/2023<br \/>\n<\/td><td class=\"column-5\"><\/td>\n<\/tr>\n<tr class=\"row-39\">\n\t<td class=\"column-1\">Processo n\u00ba 049\/2023<br \/>\n<br \/>\nPreg\u00e3o Eletr\u00f4nico n\u00ba 031\/2023<br \/>\n<br \/>\n<br \/>\n<br \/>\n<br \/>\n<\/td><td class=\"column-2\"><a href=\"http:\/\/www.pratinha.mg.gov.br\/portal\/wp-content\/uploads\/2023\/11\/EDITAL.docx.pdf\">EDITAL.docx<\/a><br \/>\n<br \/>\n<a href=\"http:\/\/www.pratinha.mg.gov.br\/portal\/wp-content\/uploads\/2023\/12\/extrato-de-contrato.doc.pdf\">extrato de contrato.doc<\/a><\/td><td class=\"column-3\">AQUISI\u00c7\u00c3O DE BRINQUEDOS DID\u00c1TICOS PARA AS ESCOLAS DE EDUCA\u00c7\u00c3O INFANTIL DA REDE DE ENSINO MUNICIPAL DE PRATINHA\/MG, CONFORME TERMO DE COMPROMISSO PAR N\u00ba 201306299 FNDE.<br \/>\nEXTRATO DE CONTRATO<\/td><td class=\"column-4\">PUBLICADO:07\/11\/2023<br \/>\nCERTAME: Dia 21\/11\/2023 \u00e0s 09:00 (Nove Horas).<br \/>\n<br \/>\nPUBLICADO:07\/12\/2023<\/td><td class=\"column-5\">CONTRATOS: N\u00ba 80\/81\/82<\/td>\n<\/tr>\n<tr class=\"row-40\">\n\t<td class=\"column-1\">Processo n\u00ba 48\/2023<br \/>\n<br \/>\nPregao Eletr\u00f4nico n\u00ba 030\/2023<br \/>\n<br \/>\n<br \/>\n<br \/>\n<\/td><td class=\"column-2\"><a href=\"http:\/\/www.pratinha.mg.gov.br\/portal\/wp-content\/uploads\/2023\/10\/EDITAL-PAPELARIA.pdf\">EDITAL PAPELARIA<\/a><\/td><td class=\"column-3\">AQUISI\u00c7\u00c3O DE ITENS DE PAPELARIA E MATERIAL DE ESCRIT\u00d3RIO PARA OS DEPARTAMENTOS DA PREFEITURA MUNICIPAL DE PRATINHA\/MG.<\/td><td class=\"column-4\">PUBLICADO:26\/10\/2023<\/td><td class=\"column-5\"><\/td>\n<\/tr>\n<tr class=\"row-41\">\n\t<td class=\"column-1\">Preg\u00e3o Presencial n\u00ba11\/2022<br \/>\n  Processo n\u00ba 058\/2022<br \/>\n<br \/>\n<br \/>\n<br \/>\n<\/td><td class=\"column-2\"><a href=\"http:\/\/www.pratinha.mg.gov.br\/portal\/wp-content\/uploads\/2023\/10\/extrato-de-aditivo.pdf\">extrato de aditivo<\/a><\/td><td class=\"column-3\">EXTRATO DE ADITIVO DE CONTRATO<\/td><td class=\"column-4\">PUBLICADO:25\/10\/2023<\/td><td class=\"column-5\">ADITADO A VIGENCIA DO CONTRATO<\/td>\n<\/tr>\n<tr class=\"row-42\">\n\t<td class=\"column-1\">PROCESSO N\u00ba 044\/2023<br \/>\n                                                     <br \/>\n                                          INEXIGIBILIDADE N\u00ba 006\/2023<br \/>\n<br \/>\n<br \/>\n<br \/>\n<\/td><td class=\"column-2\"><a href=\"http:\/\/www.pratinha.mg.gov.br\/portal\/wp-content\/uploads\/2023\/10\/EDITAL-CREDENCIAMENTO-INEXIGIBILIDADE.pdf\">EDITAL CREDENCIAMENTO INEXIGIBILIDADE<\/a><br \/>\n<a href=\"http:\/\/www.pratinha.mg.gov.br\/portal\/wp-content\/uploads\/2023\/11\/RETIFICACAO-PREGAO-1.doc.pdf\">RETIFICA\u00c7\u00c3O PREG\u00c3O (1).doc<\/a><br \/>\n<br \/>\n<a href=\"http:\/\/www.pratinha.mg.gov.br\/portal\/wp-content\/uploads\/2023\/11\/Ata-de-Abertura.pdf\">Ata de Abertura<\/a><br \/>\n<a href=\"http:\/\/www.pratinha.mg.gov.br\/portal\/wp-content\/uploads\/2023\/11\/EXTRATO.doc.pdf\">EXTRATO.doc<\/a><\/td><td class=\"column-3\">CREDENCIAMENTO DE LEILOEIRO<br \/>\n<br \/>\nRETIFICA\u00c7\u00c3O DE EDITAL<br \/>\n<br \/>\nATA DE ABERTURA<br \/>\nEXTRATO DE CONTRATO<\/td><td class=\"column-4\">PUBLICADO:19\/10\/2023<br \/>\n<br \/>\nPUBLICADO:01\/11\/2023<br \/>\nPUBLICADO10\/11\/2023<br \/>\nPUBLICADO:27\/11\/2023<\/td><td class=\"column-5\">CONTRATO N\u00ba73\/2023<\/td>\n<\/tr>\n<tr class=\"row-43\">\n\t<td class=\"column-1\">DISPENSA<br \/>\nELETR\u00d4NICA N\u00ba<br \/>\n004\/2023<br \/>\nPROCESSO N\u00ba045\/2023<\/td><td class=\"column-2\"><a href=\"http:\/\/www.pratinha.mg.gov.br\/portal\/wp-content\/uploads\/2023\/10\/Edital-Dispensa-Eletronica-04.pdf\">Edital Dispensa Eletronica 04<\/a><\/td><td class=\"column-3\">Aquisi\u00e7\u00e3o de pe\u00e7as para manuten\u00e7\u00e3o de ve\u00edculos, trator e maquin\u00e1rio da frota da Prefeitura Municipal <br \/>\nde Pratinha-MG<\/td><td class=\"column-4\">Publicado:18\/10\/2023<\/td><td class=\"column-5\"><\/td>\n<\/tr>\n<tr class=\"row-44\">\n\t<td class=\"column-1\">PREG\u00c3O ELETR\u00d4NICO N\u00ba 029\/2023<br \/>\nPROCESSO LICITAT\u00d3RIO N\u00ba 043\/2023<br \/>\n<\/td><td class=\"column-2\"><a href=\"http:\/\/www.pratinha.mg.gov.br\/portal\/wp-content\/uploads\/2023\/10\/EDITAL-PREGAO-ELETRONICO-24-2021-TRANSPORTE-ESCOLAR-2023.pdf\">EDITAL PREG\u00c3O ELETRONICO 24-2021- TRANSPORTE ESCOLAR 2023<\/a><br \/>\n<a href=\"http:\/\/www.pratinha.mg.gov.br\/portal\/wp-content\/uploads\/2023\/10\/EDITAL-PREGAO-DE-RETIFICACAO-ELETRONICO-TRANSPORTE-ESCOLAR-2022-1-1.pdf\">EDITAL PREG\u00c3O DE RETIFICA\u00c7\u00c3O ELETRONICO - TRANSPORTE ESCOLAR 2022 (1) (1)<\/a><br \/>\n<a href=\"http:\/\/www.pratinha.mg.gov.br\/portal\/wp-content\/uploads\/2024\/09\/TERMO-ADITIVO-CONTRATO-MAGNA-TRANSPORTE-ESCOLAR.pdf\">TERMO ADITIVO CONTRATO -MAGNA TRANSPORTE ESCOLAR<\/a><br \/>\n<br \/>\n<br \/>\n<a href=\"http:\/\/www.pratinha.mg.gov.br\/portal\/wp-content\/uploads\/2025\/12\/EXTRATO-DE-TERMO-ADITIVO-CONTRATO.pdf\">EXTRATO DE TERMO ADITIVO CONTRATO<\/a><\/td><td class=\"column-3\">LOCA\u00c7\u00c3O DE VE\u00cdCULO COM MOTORISTA, PARA TRANSPORTE DE ESTUDANTES DO ENSINO INFANTIL, FUNDAMENTAL E M\u00c9DIO DA ZONA RURAL, REGI\u00c3O DE \u00c1GUA LIMPA\/MUNIC\u00cdPIO DE PRATINHA, PARA ESCOLAS NA SEDE DO MUNIC\u00cdPIO DE PRATINHA MG<br \/>\n<br \/>\nEDITAL RETIFICADO<br \/>\n<br \/>\nTERMO DE ADITIVO<br \/>\n<br \/>\nEXTRATO DE ADITIVO<\/td><td class=\"column-4\">PUBLICADO:18\/10\/2023<br \/>\nCertame: Dia 31\/10\/2023 \u00e0s 09:00 (Nove horas).<br \/>\nPUBLICADO: 23\/10\/2023<br \/>\nPUBLICADO:15\/12\/2025<\/td><td class=\"column-5\"><\/td>\n<\/tr>\n<tr class=\"row-45\">\n\t<td class=\"column-1\">PROCESSO N\u00ba 042\/2023<br \/>\nPREGAO ELETR\u00d4NICO N\u00ba 028\/2023<br \/>\n<\/td><td class=\"column-2\"><a href=\"http:\/\/www.pratinha.mg.gov.br\/portal\/wp-content\/uploads\/2023\/10\/EDITAL-PREGAO-ELETRONICO-material-hospitalar.pdf\">EDITAL PREGAO ELETRONICO material hospitalar<\/a><br \/>\n<a href=\"http:\/\/www.pratinha.mg.gov.br\/portal\/wp-content\/uploads\/2023\/11\/extrato-de-contrato.pdf\">extrato de contrato<\/a><\/td><td class=\"column-3\">AQUISI\u00c7\u00c3O DE MATERIAIS HOSPITALARES PARA ABASTECIMENTO AS UNIDADES DE SA\u00daDE DO MUNICIPIO DE PRATINHA\/MG EM ATENDIMENTO AO FUNDO MUNICIPAL DE SA\u00daDE<br \/>\n<br \/>\nEXTRATO DE ATAS DE REGISTRO DE PRE\u00c7OS.<\/td><td class=\"column-4\">PUBLICADO:11\/10\/2023<br \/>\nCERTAME: In\u00edcio da sess\u00e3o dia 26\/10\/23 as 09:00<br \/>\nPUBLICADO:09\/11\/2023<\/td><td class=\"column-5\">ATAS N\u00ba056 <br \/>\nN\u00ba057 N\u00ba 058<br \/>\nN\u00ba059 N\u00ba060 N\u00ba061<\/td>\n<\/tr>\n<tr class=\"row-46\">\n\t<td class=\"column-1\">PREG\u00c3O ELETR\u00d4NICO N\u00ba 027\/2023<br \/>\nPROCESSO LICITAT\u00d3RIO N\u00ba 041\/2023<br \/>\n<\/td><td class=\"column-2\"><a href=\"http:\/\/www.pratinha.mg.gov.br\/portal\/wp-content\/uploads\/2023\/10\/PROFISSIONAIS-DA-SAUDE.pdf\">PROFISSIONAIS DA SAUDE<\/a><\/td><td class=\"column-3\">CONTRATA\u00c7\u00c3O DE SERVI\u00c7OS DE FARMACEUTICO, CLINICO GERAL E PSICOLOGO PARA ATENDIMENTO AS DEMANDAS DA SECRETARIA MUNICIPAL DE SA\u00daDE DE PRATINHA\/MG<\/td><td class=\"column-4\">PUBLICADO:09\/10\/2023<br \/>\nCERTAME:             Dia 24\/10\/2023 \u00e0s 09:00 (nove horas).<br \/>\n<\/td><td class=\"column-5\"><\/td>\n<\/tr>\n<tr class=\"row-47\">\n\t<td class=\"column-1\">Dispensa com base no caput do artigo 24, da Lei 8.666\/93.<\/td><td class=\"column-2\"><a href=\"http:\/\/www.pratinha.mg.gov.br\/portal\/wp-content\/uploads\/2023\/09\/EXTRATO-DE-ADITIVO-DE-CONTRATO-CORREIOS.pdf\">EXTRATO DE ADITIVO DE CONTRATO CORREIOS<\/a><\/td><td class=\"column-3\">PRESTA\u00c7\u00c3O, PELOS CORREIOS, DE SERVI\u00c7OS E VENDA DE PRODUTOS, QUE ATENDAM \u00c0S NECESSIDADES DA CONTRATANTE, MEDIANTE ADES\u00c3O AO TERMO DE CONDI\u00c7\u00d5ES COMERCIAIS E ANEXOS DESTE DOCUMENTO CONTRATUAL.<\/td><td class=\"column-4\">Publicado:28\/09\/2023<\/td><td class=\"column-5\"><\/td>\n<\/tr>\n<tr class=\"row-48\">\n\t<td class=\"column-1\"><br \/>\nPROCESSO N\u00ba 040\/2023<br \/>\n<br \/>\nPREG\u00c3O ELETR\u00d4NICO N\u00ba 026\/2023<br \/>\n<\/td><td class=\"column-2\"><a href=\"http:\/\/www.pratinha.mg.gov.br\/portal\/wp-content\/uploads\/2023\/09\/EDITAL.docx.pdf\">EDITAL.docx<\/a><br \/>\n<br \/>\n<a href=\"http:\/\/www.pratinha.mg.gov.br\/portal\/wp-content\/uploads\/2023\/10\/RESPOSTA-DA-IMPUGNACAO-MULT.pdf\">RESPOSTA DA IMPUGNA\u00c7\u00c3O MULT<\/a><br \/>\n<a href=\"http:\/\/www.pratinha.mg.gov.br\/portal\/wp-content\/uploads\/2023\/11\/JULGAMENTO-DO-RECURSO-E-CONTRARRAZAO.docx.pdf\">JULGAMENTO DO RECURSO E CONTRARRAZ\u00c3O.docx<\/a><\/td><td class=\"column-3\">AQUISI\u00c7\u00c3O DE AQUISI\u00c7\u00c3O DE EQUIPAMENTOSE MATERIAIS DE CONSUMO PARA ATENDIMENTO AO DEPARTAMENTO DE EDUCA\u00c7\u00c3O, RECURSO TERMO ADITIVO N\u00ba  1261002424\/2022, CONTA 23982-8<br \/>\nRESPOSTA A IMPUGNA\u00c7\u00c3O<br \/>\nJULGAMENTO DO RECURSO<\/td><td class=\"column-4\">PUBLICADO: 27\/09\/2023 Certame: Dia 10\/10\/2023 \u00e0s 14:00 (QUATORZE Horas).<br \/>\nPUBLICADO: 05\/10\/2023<br \/>\nPUBLICADO:09\/11\/2023<\/td><td class=\"column-5\"><\/td>\n<\/tr>\n<tr class=\"row-49\">\n\t<td class=\"column-1\">PROCESSO LICITAT\u00d3RIO N\u00ba 039\/2023<br \/>\n<br \/>\nPREGAO ELETR\u00d4NICO N\u00ba 025\/2023<br \/>\n<br \/>\n<br \/>\n<br \/>\n<\/td><td class=\"column-2\"><a href=\"http:\/\/www.pratinha.mg.gov.br\/portal\/wp-content\/uploads\/2023\/09\/EDITAL-PREGAO-ELETRONICO-3.pdf\">EDITAL PREG\u00c3O ELETR\u00d4NICO<\/a><br \/>\n<br \/>\n<a href=\"http:\/\/www.pratinha.mg.gov.br\/portal\/wp-content\/uploads\/2023\/10\/EXTRATO-DE-CONTRATO.doc.pdf\">EXTRATO DE CONTRATO.doc<\/a><\/td><td class=\"column-3\">AQUISI\u00c7\u00c3O DE VEICULO DE PASSEIO 0 KM, CAPACIDADE 05 PESSOAS, PARA ATENDIMENTO AO FUNDO MUNICIPAL DE SA\u00daDE DE PRATINHA\/MG.<br \/>\n<br \/>\nEXTRATO DE CONTRATO<\/td><td class=\"column-4\">PUBLICADO :27\/09\/2023:certame: Dia 10\/10\/2023 \u00e0s 09:00 (nove Horas).<br \/>\nPUBLICADO: 25\/10\/2023<\/td><td class=\"column-5\">CONTRATO N\u00ba71<\/td>\n<\/tr>\n<tr class=\"row-50\">\n\t<td class=\"column-1\"><br \/>\nDISPENSA ELETR\u00d4NICA N\u00ba003\/2023<br \/>\n<br \/>\nPROCESSO N\u00ba 38\/2023<br \/>\n<br \/>\n<br \/>\n<\/td><td class=\"column-2\"><a href=\"http:\/\/www.pratinha.mg.gov.br\/portal\/wp-content\/uploads\/2023\/09\/Dispensa-03.pdf\">Dispensa 03<\/a><br \/>\n<br \/>\n<a href=\"http:\/\/www.pratinha.mg.gov.br\/portal\/wp-content\/uploads\/2023\/09\/SOLICITACAO-DE-SUSPENCAO.pdf\">SOLICITACAO DE SUSPENCAO<\/a><\/td><td class=\"column-3\">CONTRATA\u00c7\u00c3O DE SEVI\u00c7OS DE ASSESSORIA AO DEPARTAMENTO DE EDUCA\u00c7\u00c3O E CULTURA OBJETIVANDO A APLICA\u00c7\u00c3O DA LEI PAULO GUSTAVO.<br \/>\nSUSPENSA A DISPENSA<\/td><td class=\"column-4\">PUBLICADO: 21\/09\/2023<\/td><td class=\"column-5\"><\/td>\n<\/tr>\n<tr class=\"row-51\">\n\t<td class=\"column-1\">PROCESSO N\u00ba034\/2023<br \/>\nPREG\u00c3O PRESENCIAL N\u00ba04\/2023<\/td><td class=\"column-2\"><a href=\"http:\/\/www.pratinha.mg.gov.br\/portal\/wp-content\/uploads\/2023\/09\/EDITAL-PREGAO-PARA-CONTRATACAO-DE-EMPRESA-PARA-CONCURSO.pdf\">EDITAL PREG\u00c3O PARA CONTRATA\u00c7\u00c3O DE EMPRESA PARA CONCURSO<\/a><br \/>\n<a href=\"http:\/\/www.pratinha.mg.gov.br\/portal\/wp-content\/uploads\/2023\/09\/Ata-de-Abertura-da-licitacao-de-no.doc-1.pdf\">Ata de Abertura da licita\u00e7\u00e3o de n\u00ba.doc<\/a><br \/>\n<a href=\"http:\/\/www.pratinha.mg.gov.br\/portal\/wp-content\/uploads\/2023\/09\/DECISAO-DO-RECURSO-1.pdf\">DECISAO DO RECURSO<\/a><br \/>\n<a href=\"http:\/\/www.pratinha.mg.gov.br\/portal\/wp-content\/uploads\/2023\/09\/EXTRATO-1.pdf\">EXTRATO<\/a><\/td><td class=\"column-3\">Contrata\u00e7\u00e3o de empresa especializada para realiza\u00e7\u00e3o de concurso p\u00fablico e prova de t\u00edtulos, envolvendo todo o tr\u00e2mite necess\u00e1rio desde a elabora\u00e7\u00e3o de edital at\u00e9 a divulga\u00e7\u00e3o dos resultados, bem como apoio t\u00e9cnico para forma\u00e7\u00e3o de comiss\u00e3o e respostas aos questionamentos que porventura venham a existir, conforme rela\u00e7\u00e3o de cargos, descri\u00e7\u00e3o, caracter\u00edsticas, prazos e demais obriga\u00e7\u00f5es e informa\u00e7\u00f5es constantes no Termo neste de Refer\u00eancia.<br \/>\nAta da sess\u00e3o publica<br \/>\nDecis\u00e3o do recurso<br \/>\nextrato de contrato<\/td><td class=\"column-4\"> PUBLICADO 10\/08\/2023<br \/>\nPUBLICADO: 04\/9\/2023<br \/>\nPUBLICADO: 24\/08\/2023<br \/>\nPUBLICADO: 20\/09\/2023<\/td><td class=\"column-5\"><\/td>\n<\/tr>\n<tr class=\"row-52\">\n\t<td class=\"column-1\">PROCESSO N\u00ba037\/2023<br \/>\n<br \/>\nPREG\u00c3O ELETR\u00d4NICO N\u00ba 0024\/2023<br \/>\n<\/td><td class=\"column-2\"><a href=\"http:\/\/www.pratinha.mg.gov.br\/portal\/wp-content\/uploads\/2023\/09\/EDITAL-PREGAO-ELETRONICO-2.pdf\">EDITAL PREG\u00c3O ELETR\u00d4NICO<\/a><br \/>\n<a href=\"http:\/\/www.pratinha.mg.gov.br\/portal\/wp-content\/uploads\/2023\/10\/EXTRATO-DE-CONTRATO-1.pdf\">EXTRATO DE CONTRATO<\/a><br \/>\n<br \/>\n<a href=\"http:\/\/www.pratinha.mg.gov.br\/portal\/wp-content\/uploads\/2024\/10\/EXTRATO-DE-ADITIVO-DE-CONTRATO.pdf\">EXTRATO DE ADITIVO DE CONTRATO<\/a><br \/>\n<br \/>\n<a href=\"http:\/\/www.pratinha.mg.gov.br\/portal\/wp-content\/uploads\/2025\/09\/EXTRATO-DE-RESCISAO.pdf\">EXTRATO DE RESCIS\u00c3O<\/a><\/td><td class=\"column-3\">CONTRATA\u00c7\u00c3O DE SERVI\u00c7O ESPECIALIZADO DE ODONTOLOGIA PARA REALIZAR VISITAS DOMICILIARES, URG\u00caNCIA, ATIVIDADES COLETIVAS, LEVANTAMENTO EPIDEMIOL\u00d3GICO NAS ESCOLAS E ASSUMIR A RESPONSABILIDADE DE ASSESSORAR A\u00c7\u00d5ES E ROTINAS DE CONTROLE DE INFEC\u00c7\u00c3O EM ODONTOLOGIA CONFORME RESOLU\u00c7\u00c3O SES\/MG 1559\/2008, EM ATENDIMENTO AS NECESSIDADES DA SERETARIA MUNICIPAL DE SA\u00daDE DE PRATINHA\/MG.<br \/>\n<br \/>\nEXTRATO DE CONTRATO <br \/>\n<br \/>\nEXTRATO DE ADITIVO DE CONTRATO <br \/>\n<br \/>\nEXTRATO DE RESCIS\u00c3O CONTRATUAL<\/td><td class=\"column-4\">PUBLICADO:18\/09\/2023<br \/>\nPUBLICADO:25\/10\/2023<br \/>\nPUBLICADO:09\/10\/2024<br \/>\n<br \/>\nPUBLICADO:02\/09\/2025<\/td><td class=\"column-5\">CONTRATO N\u00ba 69<\/td>\n<\/tr>\n<tr class=\"row-53\">\n\t<td class=\"column-1\">PROCESSO N\u00ba 033\/2023<br \/>\n<br \/>\nPREG\u00c3O ELETR\u00d4NICO N\u00ba 022\/2023<br \/>\n<br \/>\n<\/td><td class=\"column-2\"><a href=\"http:\/\/www.pratinha.mg.gov.br\/portal\/wp-content\/uploads\/2023\/09\/EDITAL-PREGAO-ELETRONICO-SEGURO-AUTOS.pdf\">EDITAL PREG\u00c3O ELETR\u00d4NICO SEGURO AUTOS<\/a><br \/>\n<a href=\"http:\/\/www.pratinha.mg.gov.br\/portal\/wp-content\/uploads\/2023\/10\/EXTRATO-DE-CONTRATO.pdf\">EXTRATO DE CONTRATO<\/a><\/td><td class=\"column-3\">a CONTRATA\u00c7\u00c3O DE PESSOA JUR\u00cdDICA ESPECIALIZADA PARA PRESTA\u00c7\u00c3O DE SERVI\u00c7O DE SEGURO PARA OS VE\u00cdCULOS PERTENCENTES \u00c0 FROTA MUNICIPAL, COM COBERTURA CONTRA DANOS MATERIAIS (DMT), DANOS CORPORAIS (DC), DANOS MORAIS (DM), ACIDENTE PESSOAIS DE PASSAGEIROS (APP) COM DMH, ASSIST\u00caNCIA 24 (VINTE E QUATRO) HORAS, COBERTURA DE VIDROS E COBERTURA 100% DA TABELA FIPE, CONFORME ESPECIFICA\u00c7\u00d5ES DO EDITAL E SEUS ANEXOS.<br \/>\nEXTRATO DE CONTRATO<\/td><td class=\"column-4\">PUBLICADO:18\/09\/2023<br \/>\nPublicado:17\/10\/2023<\/td><td class=\"column-5\">CONTRATO N\u00ba 70<\/td>\n<\/tr>\n<tr class=\"row-54\">\n\t<td class=\"column-1\">ADESAO A ATA DE REGISTRO DE PRE\u00c7O N\u00ba247\/2022<\/td><td class=\"column-2\"><a href=\"http:\/\/www.pratinha.mg.gov.br\/portal\/wp-content\/uploads\/2023\/01\/Termo-de-Ratificacao-2.pdf\">Termo de Ratifica\u00e7\u00e3o<\/a><\/td><td class=\"column-3\">TERMO DE RATIFICA\u00c7\u00c3O<\/td><td class=\"column-4\">Publicado:26\/01\/2023<\/td><td class=\"column-5\"><\/td>\n<\/tr>\n<tr class=\"row-55\">\n\t<td class=\"column-1\">ADES\u00c3O A ATA DE REGISTRO DE PRE\u00c7O PROCESSO N\u00ba 018\/2022, PREG\u00c3O ELETR\u00d4NICO N\u00ba 015\/2022 \u2013 DO CIM- JEQUITINHONHA<\/td><td class=\"column-2\"><a href=\"http:\/\/www.pratinha.mg.gov.br\/portal\/wp-content\/uploads\/2023\/05\/O-MUNICIPIO-PRATINHA.pdf\">O MUNIC\u00cdPIO PRATINHA<\/a><\/td><td class=\"column-3\">INTEN\u00c7\u00c3O DE ADES\u00c3O A ATA DE REGISTRO DE PRE\u00c7OS.<\/td><td class=\"column-4\">PUBLICADO:09\/05\/2023<\/td><td class=\"column-5\"><\/td>\n<\/tr>\n<tr class=\"row-56\">\n\t<td class=\"column-1\">COMPRA DIRETA <\/td><td class=\"column-2\"><a href=\"http:\/\/www.pratinha.mg.gov.br\/portal\/wp-content\/uploads\/2023\/05\/EXTRATO-DE-ADITIVO-DE-CONTRATO.pdf\">EXTRATO DE ADITIVO DE CONTRATO<\/a><\/td><td class=\"column-3\">EXTRATO DE ADITIVO<\/td><td class=\"column-4\">PUBLICADO:04\/05\/2023<\/td><td class=\"column-5\">ADITADO O PRAZO DE VIGENCIA<\/td>\n<\/tr>\n<tr class=\"row-57\">\n\t<td class=\"column-1\">COMPRA DIRETA POR DISPENSA DE LICITA\u00c7\u00c3O POR VALOR ART. 24,II LEI 8666\/93<\/td><td class=\"column-2\"><a href=\"http:\/\/www.pratinha.mg.gov.br\/portal\/wp-content\/uploads\/2023\/02\/Termo-de-Ratificacao.pdf\">Termo de Ratifica\u00e7\u00e3o<\/a><\/td><td class=\"column-3\">TERMO DE RATIFICA\u00c7\u00c3O CONTRATA\u00c7\u00c3O DE CIRURGI\u00c3O DENTISTA<\/td><td class=\"column-4\">Publicado:07\/02\/2023<\/td><td class=\"column-5\"><\/td>\n<\/tr>\n<tr class=\"row-58\">\n\t<td class=\"column-1\">COMPRA DIRETA POR DISPENSA DE LICITA\u00c7\u00c3O POR VALOR<br \/>\nCONTRATO N\u00ba 117\/2022<br \/>\n<br \/>\n<br \/>\n<br \/>\n<br \/>\n<br \/>\n<\/td><td class=\"column-2\"><a href=\"http:\/\/www.pratinha.mg.gov.br\/portal\/wp-content\/uploads\/2023\/07\/EXTRATO-DE-CONTRATO-2.pdf\">EXTRATO DE CONTRATO<\/a><\/td><td class=\"column-3\">EXTRATO DE ADITIVO<\/td><td class=\"column-4\">PUBLICADO:24\/07\/2023<\/td><td class=\"column-5\">ADITADO A VIGENCIA <\/td>\n<\/tr>\n<tr class=\"row-59\">\n\t<td class=\"column-1\">DISPENSA DE LICIATA\u00c7\u00c3O POR VALOR ART.24.II  DA LEI 8.666\/93<\/td><td class=\"column-2\"><a href=\"http:\/\/www.pratinha.mg.gov.br\/portal\/wp-content\/uploads\/2023\/03\/EXTRATO-DE-CONTRATO-2.pdf\">EXTRATO DE CONTRATO<\/a><\/td><td class=\"column-3\">EXTRATO DE ADITIVO<\/td><td class=\"column-4\">PUBLICADO:28\/03\/2023<\/td><td class=\"column-5\">ADITADO A VIGENCIA DO CONTRATO.<\/td>\n<\/tr>\n<tr class=\"row-60\">\n\t<td class=\"column-1\">DISPENSA DE LICITA\u00c7\u00c3O POR DESPENSA DE VALOR<br \/>\nART. 24, INCISO II DA LEI FEDERAL 8.66\/93<\/td><td class=\"column-2\"><a href=\"http:\/\/www.pratinha.mg.gov.br\/portal\/wp-content\/uploads\/2023\/03\/Termo-de-Ratificacao-2.pdf\">Termo de Ratifica\u00e7\u00e3o<\/a><\/td><td class=\"column-3\">TERMO DE RATIFICA\u00c7\u00c3O<\/td><td class=\"column-4\">PUBLICADO: 22\/03\/2023<\/td><td class=\"column-5\"><\/td>\n<\/tr>\n<tr class=\"row-61\">\n\t<td class=\"column-1\"><br \/>\nDISPENSA DE LICITA\u00c7\u00c3O POR VALOR <\/td><td class=\"column-2\"><a href=\"http:\/\/www.pratinha.mg.gov.br\/portal\/wp-content\/uploads\/2023\/08\/Termo-de-Ratificacao-3.pdf\">Termo de Ratifica\u00e7\u00e3o<\/a><br \/>\n<br \/>\n<a href=\"http:\/\/www.pratinha.mg.gov.br\/portal\/wp-content\/uploads\/2023\/08\/EXTRATO-1.pdf\">EXTRATO<\/a><\/td><td class=\"column-3\">CONTRATA\u00c7\u00c3O DE SERVI\u00c7OS M\u00c9DICOS ESPECIALIZADOS, PARA REALIZA\u00c7\u00c3O PARCELADA E CONFORME NECESSIDADE DE PEQUENAS CIRURGIAS AMBULATORIAL<br \/>\n<br \/>\nEXTRATO DE CONTRATO<\/td><td class=\"column-4\">PUBLICADO:11\/08\/2023<br \/>\nPUBLICADO:23\/08\/2023<\/td><td class=\"column-5\">CONTRATO N\u00ba64<\/td>\n<\/tr>\n<tr class=\"row-62\">\n\t<td class=\"column-1\">DISPENSA DE LICITA\u00c7\u00c3O POR VALOR <br \/>\n<br \/>\n<br \/>\n<br \/>\n<\/td><td class=\"column-2\"><a href=\"http:\/\/www.pratinha.mg.gov.br\/portal\/wp-content\/uploads\/2023\/08\/Termo-de-Ratificacao-1.pdf\">Termo <br \/>\nde Ratifica\u00e7\u00e3o<\/a><br \/>\n<br \/>\n<br \/>\n<a href=\"http:\/\/www.pratinha.mg.gov.br\/portal\/wp-content\/uploads\/2023\/08\/EXTRATO-3.pdf\">EXTRATO<\/a><\/td><td class=\"column-3\">CONTRATA\u00c7\u00c3O DE EMPRESA PARA ORGANIZA\u00c7\u00c3O, ESTRUTURA\u00c7\u00c3O ACOMPANHAMENTO DAS ROTINAS FUNCIONAMENTO DO DEPARTAMENTO DE MUNICIPAL DE SA\u00daDE. COM OBJETIVO DE OFERTAR APLICATIVO WEB QUE FA\u00c7A MONITORAMENTO DOS INDICADORES DO PROGRAMA PREVINE BRASIL DO MINIST\u00c9RIO DA SA\u00daDE.<br \/>\n<br \/>\nEXTRATO DE CONTRATO<br \/>\n<br \/>\n<br \/>\n<br \/>\n<br \/>\n<br \/>\n<br \/>\n<br \/>\n<br \/>\n<br \/>\n<\/td><td class=\"column-4\">PUBLICADO:09\/08\/2023<br \/>\nPUBLICADO: 23\/08\/2023<\/td><td class=\"column-5\">CONTRATO N\u00ba 62<\/td>\n<\/tr>\n<tr class=\"row-63\">\n\t<td class=\"column-1\">DISPENSA DE LICITA\u00c7\u00c3O POR VALOR<\/td><td class=\"column-2\"><a href=\"http:\/\/www.pratinha.mg.gov.br\/portal\/wp-content\/uploads\/2023\/02\/EXTRATO-DE-CONTRATO-medical-tecnologia.pdf\">EXTRATO DE CONTRATO medical tecnologia<\/a><\/td><td class=\"column-3\">EXTRATO DE CONTRATO<\/td><td class=\"column-4\">Publicado:02\/02\/2023<\/td><td class=\"column-5\">contrato n\u00ba 005<\/td>\n<\/tr>\n<tr class=\"row-64\">\n\t<td class=\"column-1\">DISPENSA DE LICITA\u00c7\u00c3O POR VALOR<\/td><td class=\"column-2\"><a href=\"http:\/\/www.pratinha.mg.gov.br\/portal\/wp-content\/uploads\/2023\/02\/EXTRATO-DE-CONTRATO-algar-telecon.pdf\">EXTRATO DE CONTRATO algar telecon<\/a><\/td><td class=\"column-3\">EXTRATO DE CONTRATO<\/td><td class=\"column-4\">Publicado: 02\/02\/2023<\/td><td class=\"column-5\">contrato n\u00ba 006<\/td>\n<\/tr>\n<tr class=\"row-65\">\n\t<td class=\"column-1\">DISPENSA DE LICITA\u00c7\u00c3O POR VALOR ART24.II.LEI 8.666\/93<\/td><td class=\"column-2\"><a href=\"http:\/\/www.pratinha.mg.gov.br\/portal\/wp-content\/uploads\/2023\/03\/EXTRATO-5.pdf\">EXTRATO&lt;\/<br \/>\n<br \/>\n<br \/>\n<a href=\"http:\/\/www.pratinha.mg.gov.br\/portal\/wp-content\/uploads\/2024\/07\/EXTRATO-ADITIVO-1.pdf\">EXTRATO ADITIVO 1<\/a><\/td><td class=\"column-3\">EXTRATO DE CONTRATO<br \/>\nEXTRATO DE ADITIVO<\/td><td class=\"column-4\">27\/03\/2023<br \/>\n25\/03\/2024<\/td><td class=\"column-5\">CONTRATO N\u00ba26<\/td>\n<\/tr>\n<tr class=\"row-66\">\n\t<td class=\"column-1\">DISPENSA DE LICITA\u00c7\u00c3O POR VALOR <br \/>\n<br \/>\nArt. 24, inciso II da Lei Federal n.\u00ba 8.666\/93<\/td><td class=\"column-2\"><a href=\"http:\/\/www.pratinha.mg.gov.br\/portal\/wp-content\/uploads\/2023\/05\/EXTRATO.pdf\">EXTRATO<\/a><\/td><td class=\"column-3\">EXTRATO DE CONTRATOS.<\/td><td class=\"column-4\">PUBLICADO:1707\/2023<\/td><td class=\"column-5\">CONTRATOS: N\u00ba 55 E 56<\/td>\n<\/tr>\n<tr class=\"row-67\">\n\t<td class=\"column-1\">DISPENSA DE LICITA\u00c7\u00c3O POR VALOR <br \/>\n<br \/>\nArt. 24, inciso II da Lei Federal n.\u00ba 8.666\/93<br \/>\n<br \/>\n<br \/>\n<br \/>\n<br \/>\n<br \/>\n<\/td><td class=\"column-2\"><a href=\"http:\/\/www.pratinha.mg.gov.br\/portal\/wp-content\/uploads\/2023\/05\/Termo-de-Ratificacao-1.pdf\">Termo de Ratifica\u00e7\u00e3o<\/a><\/td><td class=\"column-3\">: CONTRATA\u00c7\u00c3O DE PROFESSOR DE CAPOEIRA, ATENDENDO AS NECESSIDADES DA DO DEPARTAMENTO DE EDUCA\u00c7\u00c3O E CULTURA DE PRATINHA\/MG<\/td><td class=\"column-4\">PUBLICADO:16\/05\/2023<\/td><td class=\"column-5\">RATIFICA\u00c7\u00c3O<\/td>\n<\/tr>\n<tr class=\"row-68\">\n\t<td class=\"column-1\"><br \/>\n  DISPENSA DE LICITA\u00c7\u00c3O POR VALOR <br \/>\n<br \/>\nArt. 24, inciso II da Lei Federal n.\u00ba 8.666\/93<br \/>\n<\/td><td class=\"column-2\"><a href=\"http:\/\/www.pratinha.mg.gov.br\/portal\/wp-content\/uploads\/2023\/05\/Termo-de-Ratificacao.pdf\">Termo de Ratifica\u00e7\u00e3o<\/a><\/td><td class=\"column-3\">CONTRATA\u00c7\u00c3O DE PROFESSOR DE CAPOEIRA, ATENDENDO AS NECESSIDADES DA DO DEPARTAMENTO DE EDUCA\u00c7\u00c3O E CULTURA DE PRATINHA\/MG.<\/td><td class=\"column-4\">PUBLICADO:16\/05\/2023<\/td><td class=\"column-5\">RATIFICA\u00c7\u00c3O<\/td>\n<\/tr>\n<tr class=\"row-69\">\n\t<td class=\"column-1\">DISPENSA DE LICITA\u00c7\u00c3O POR VALOR ART. 24, INCISO I I LEI 8666\/93<\/td><td class=\"column-2\"><a href=\"http:\/\/www.pratinha.mg.gov.br\/portal\/wp-content\/uploads\/2023\/02\/Termo-de-Ratificacao-1.pdf\">Termo de Ratifica\u00e7\u00e3o<\/a><br \/>\n<a href=\"http:\/\/www.pratinha.mg.gov.br\/portal\/wp-content\/uploads\/2023\/03\/EXTRATO-3.pdf\">EXTRATO<\/a><\/td><td class=\"column-3\">CONTRATA\u00c7\u00c3O DE EMPRESA ESPECIALIZADA EM ENGENHARIA, PARA FECAMENTO EM TELA DE ALAMBRADO DA ACADEMIA DA SAUDE, EM ATENDIMENTO AS NECESSIDADES DO FUNDO MUNICIPAL DE SAUDE D EPRATINHA\/MG.<br \/>\n<br \/>\nEXTRATO DE CONTRATO<\/td><td class=\"column-4\">Publicado:15\/02\/2023<br \/>\nPUBLICADO :02\/03\/2023<\/td><td class=\"column-5\">CONTRATO N: 10<\/td>\n<\/tr>\n<tr class=\"row-70\">\n\t<td class=\"column-1\">DISPENSA DE LICITA\u00c7\u00c3O P\u00d3R VALOR ART. 24, II LEI FEDERAL 8666\/93<\/td><td class=\"column-2\"><a href=\"http:\/\/www.pratinha.mg.gov.br\/portal\/wp-content\/uploads\/2023\/03\/Termo-de-Ratificacao-1.pdf\">Termo de Ratifica\u00e7\u00e3o<\/a><\/td><td class=\"column-3\">CONTRATA\u00c7\u00c3O DE ENGENHEIRO AMBIENTAL, ATENDENDO AS NECESSIDADES DO DEPARTAMENTO DE OBRAS DE PRATINHA\/MG<\/td><td class=\"column-4\">Publicado:08\/03\/2023<\/td><td class=\"column-5\"><\/td>\n<\/tr>\n<tr class=\"row-71\">\n\t<td class=\"column-1\">DISPENSA DE LICITA\u00c7\u00c3O P\u00d3R VALOR ART. 24, INCISO II DA LEI 8666\/93<\/td><td class=\"column-2\"><a href=\"http:\/\/www.pratinha.mg.gov.br\/portal\/wp-content\/uploads\/2023\/02\/EXTRATO.pdf\">EXTRATO<\/a><\/td><td class=\"column-3\">CONTRATA\u00c7\u00c3O DE CIRURGIAO DENTISTA ATENDENDO AS NECESSIDADES DO FUNDO MUNICIPAL DE PRATINHA\/MG<\/td><td class=\"column-4\">Publicado: 15\/02\/2023<\/td><td class=\"column-5\">CONTRATO N\u00ba009\/2023<\/td>\n<\/tr>\n<tr class=\"row-72\">\n\t<td class=\"column-1\">DISPENSA DE LICITA\u00c7\u00c3O POR VALOR CONFORME ART.24, INCISO I DA LEI 8.666\/93<\/td><td class=\"column-2\"><a href=\"http:\/\/www.pratinha.mg.gov.br\/portal\/wp-content\/uploads\/2023\/07\/Termo-de-Ratificacao.pdf\">Termo de Ratifica\u00e7\u00e3o<\/a><br \/>\n<br \/>\n<a href=\"http:\/\/www.pratinha.mg.gov.br\/portal\/wp-content\/uploads\/2023\/08\/EXTRATO.pdf\">EXTRATO<\/a><\/td><td class=\"column-3\">CONTRATA\u00c7\u00c3O DE EMPRESA ESPECIALIZADA EM ENGENHARIA, PARA TERMINO DO VESTIAR\u00cdO E CONSTRU\u00c7\u00c3O DA RAMPA DE ACESSO DAS VANS ESCOLARES, DA ESCOLA CORONEL NECA DE PAULA, ATENDENDO AS NECESSIDADES DO DEPARTAMENTO DE EDUCA\u00c7\u00c3O DE PRATINHA\/MG.<br \/>\nEXTRATO DE CONTRATO<\/td><td class=\"column-4\">PUBLICADO:27\/07\/2023<br \/>\nPUBLICADO:07\/08\/2023<\/td><td class=\"column-5\">CONTRATO N\u00ba:61<\/td>\n<\/tr>\n<tr class=\"row-73\">\n\t<td class=\"column-1\">DISPENSA DE LICITA\u00c7\u00c3O POR VALOR, ART 24 II, LEI 8666\/93<\/td><td class=\"column-2\"><a href=\"http:\/\/www.pratinha.mg.gov.br\/portal\/wp-content\/uploads\/2023\/03\/EXTRATO-4.pdf\">EXTRATO<\/a><\/td><td class=\"column-3\">CONTRATA\u00c7\u00c3O DE ENEGENHEIRO AMBIENTAL, ATENDENDO AS NECESSIDADES DA DO DEPARTAMENTO DE OBRAS DE PRATINHA\/MG.<\/td><td class=\"column-4\">PUBLICADO:13\/03\/2023<\/td><td class=\"column-5\">CONTRATO N\u00ba20<\/td>\n<\/tr>\n<tr class=\"row-74\">\n\t<td class=\"column-1\">DISPENSA DE LICITA\u00c7\u00c3OPOR VALOR<\/td><td class=\"column-2\"><a href=\"http:\/\/www.pratinha.mg.gov.br\/portal\/wp-content\/uploads\/2023\/02\/EXTRATO-DE-CONTRATO-RD-DUARTE.doc.pdf\">EXTRATO DE CONTRATO RD DUARTE.doc<\/a><\/td><td class=\"column-3\">EXTRATO DE CONTRATO<\/td><td class=\"column-4\">Publicado: 02\/02\/2023<\/td><td class=\"column-5\">contrato n\u00ba007<\/td>\n<\/tr>\n<tr class=\"row-75\">\n\t<td class=\"column-1\">DISPENSA ELETR\u00d4NICA 002\/2023, FUNDAMENTADA NO INCISO I, DO ART. 75 DA LEI N\u00ba 14.133\/21<br \/>\n<br \/>\n<br \/>\n<\/td><td class=\"column-2\"><a href=\"http:\/\/www.pratinha.mg.gov.br\/portal\/wp-content\/uploads\/2023\/07\/RATIFICACAO-DISPENSA-ELETRONICA.pdf\">RATIFICA\u00c7\u00c3O DISPENSA ELETRONICA<\/a><\/td><td class=\"column-3\">TERMO DE RATIFICA\u00c7\u00c3O<\/td><td class=\"column-4\">PUBLICADO:28\/07\/2023<\/td><td class=\"column-5\"><\/td>\n<\/tr>\n<tr class=\"row-76\">\n\t<td class=\"column-1\">DISPENSA ELETR\u00d4NICA NO 001\/2023.\tPROCESSO LICITAT\u00d3RIO 027 <br \/>\n<br \/>\n<br \/>\n<\/td><td class=\"column-2\"><a href=\"http:\/\/www.pratinha.mg.gov.br\/portal\/wp-content\/uploads\/2023\/07\/RESUMO-PUBLICACAO-DISPENSA-DE-LICITACAO.pdf\">RESUMO PUBLICACAO DISPENSA DE LICITACAO<\/a><\/td><td class=\"column-3\"> TERMO DE  RATIFICA\u00c7\u00c3O<\/td><td class=\"column-4\">PUBLICADO:11\/07\/2023<\/td><td class=\"column-5\">RATIFICADO.<\/td>\n<\/tr>\n<tr class=\"row-77\">\n\t<td class=\"column-1\">EDITAL DE DISPENSA ELETR\u00d4NICA N\u00ba<br \/>\n001\/2023<br \/>\nPROCESSO N\u00ba027\/2023<br \/>\n<br \/>\n<br \/>\n<br \/>\n<br \/>\n<br \/>\n<br \/>\n<br \/>\n<\/td><td class=\"column-2\"><a href=\"http:\/\/www.pratinha.mg.gov.br\/portal\/wp-content\/uploads\/2023\/06\/EDITAL-DE-DISPENSA-ELETRONICA-Ducato-PUQ-7573.-correto.pdf\">EDITAL DE DISPENSA ELETR\u00d4NICA Ducato PUQ-7573. correto<\/a><\/td><td class=\"column-3\">CONTRATA\u00c7\u00c3O DE SERVI\u00c7OS ESPECIALIZADOS EM M\u00c3O DE OBRA MEC\u00c2NICA E FORNECIMENTO DE PE\u00c7AS PARA MANUTEN\u00c7\u00c3O DO VE\u00cdCULO FIAT DUCATO, UTI M\u00d3VEL, PUQ-7543, ANO\/ MODELO 2014\/2014, CHASSI 93W245H34E2139192, RENAVAM 01275130450<br \/>\n<br \/>\n<br \/>\n<br \/>\n<br \/>\n<br \/>\n<br \/>\n<br \/>\n<br \/>\n<br \/>\n<\/td><td class=\"column-4\">PUBLICADO:27\/06\/2023<br \/>\nIn\u00edcio da sess\u00e3o de disputa de pre\u00e7os: 04\/07\/2023 as 08:00<br \/>\nFim da sess\u00e3o de disputa de pre\u00e7os: 04\/07\/2023 as 15:00<\/td><td class=\"column-5\"><\/td>\n<\/tr>\n<tr class=\"row-78\">\n\t<td class=\"column-1\">INEXIGIBILIDADE N\u00ba003\/2022<\/td><td class=\"column-2\"><a href=\"http:\/\/www.pratinha.mg.gov.br\/portal\/wp-content\/uploads\/2023\/05\/EXTRATO-DE-CONTRATO-WAGNER-ADITIVO.pdf\">EXTRATO DE CONTRATO WAGNER ADITIVO<\/a><\/td><td class=\"column-3\">EXTRATO DE ADITIVO DE CONTRATO\/PRAZO\/VIGENCIA<\/td><td class=\"column-4\">PUBLICADO: 23\/05\/2023<\/td><td class=\"column-5\">ADITADO VIGENCIA DO CONTRATO.<\/td>\n<\/tr>\n<tr class=\"row-79\">\n\t<td class=\"column-1\">ORIGEM: PREG\u00c3O ELETR\u00d4NICO N\u00ba 041\/2022<br \/>\nPROCESSO N\u00ba76\/2022<br \/>\n<br \/>\n<br \/>\n<br \/>\n<br \/>\n<\/td><td class=\"column-2\"><a href=\"http:\/\/www.pratinha.mg.gov.br\/portal\/wp-content\/uploads\/2023\/07\/3o-EXTRATO-DE-ADITIVO.pdf\">3\u00ba EXTRATO DE ADITIVO<\/a><\/td><td class=\"column-3\">EXTRATO DE ADITIVO DE CONTRATO<\/td><td class=\"column-4\">PUBLICADO:03\/06\/2023<\/td><td class=\"column-5\">ADITADO O PRE\u00c7O EM RAZ\u00c3O DE BAIXA NOS PRE\u00c7OS.<\/td>\n<\/tr>\n<tr class=\"row-80\">\n\t<td class=\"column-1\">PREGAO 23<\/td><td class=\"column-2\"><a href=\"http:\/\/www.pratinha.mg.gov.br\/portal\/wp-content\/uploads\/2023\/09\/RESPOSTA-DE-IMPUGNACAO-1.pdf\">RESPOSTA DE IMPUGNA\u00c7\u00c3O<\/a><\/td><td class=\"column-3\">RESPOSTA DE IMPUGNA\u00c7\u00c3O<\/td><td class=\"column-4\">PUBLICADO 12\/09\/2023<\/td><td class=\"column-5\">PREGAO 23<\/td>\n<\/tr>\n<tr class=\"row-81\">\n\t<td class=\"column-1\">PREG\u00c3O ELETR\u00d4NICO \u2013 REGISTRO DE PRE\u00c7OS N. 019\/2023<br \/>\nPROCESSO ADMINISTRATIVO LICITAT\u00d3RIO N. 028\/2023<br \/>\n<br \/>\n<br \/>\n<br \/>\n<br \/>\n<br \/>\n<br \/>\n<\/td><td class=\"column-2\"><a href=\"http:\/\/www.pratinha.mg.gov.br\/portal\/wp-content\/uploads\/2023\/07\/EDITAL-PREGAO-ELETRONICO.pdf\">EDITAL PREGAO <br \/>\nELETRONICO<\/a><br \/>\n<br \/>\n<br \/>\n<a href=\"http:\/\/www.pratinha.mg.gov.br\/portal\/wp-content\/uploads\/2023\/08\/extrato-de-contrato.pdf\">extrato de contrato<\/a><\/td><td class=\"column-3\">REGISTRO DE PRE\u00c7OS PARA AQUISI\u00c7\u00c3O DE PNEUS, L\u00c2MINAS, ARRUELAS, CAPA DE DENTE, DENTE DA CONCHA, PARAFUSO, PINO E PORCA, A SEREM ULTILIZADOS NA MANUTEN\u00c7\u00c3O DA FROTA DO MUNICIPIO DE PRATINHA\/MG<br \/>\nEXTRATO DE ATAS\/CONTRATO<\/td><td class=\"column-4\">PUBLICADO:04\/07\/2023<br \/>\nPUBLICADO:03\/08\/2023<\/td><td class=\"column-5\">ATAS N\u00ba49 A 54<\/td>\n<\/tr>\n<tr class=\"row-82\">\n\t<td class=\"column-1\">PREG\u00c3O ELETRONICO N\u00ba021\/2022<br \/>\nPROCESSO: N\u00ba036\/2022<br \/>\n<br \/>\n<br \/>\n<br \/>\n<br \/>\n<\/td><td class=\"column-2\"><a href=\"http:\/\/www.pratinha.mg.gov.br\/portal\/wp-content\/uploads\/2023\/07\/EXTRATO-DE-ADITIVO-EDITORA-EDILANE.pdf\">EXTRATO DE ADITIVO EDITORA-EDILANE<\/a><\/td><td class=\"column-3\">EXTRATTO DE ADITIVO<\/td><td class=\"column-4\">PUBLICADO:24\/07\/2023<\/td><td class=\"column-5\">ADITATO PRAZO DE VIGENCIA E QUANTIDADE.<\/td>\n<\/tr>\n<tr class=\"row-83\">\n\t<td class=\"column-1\">Preg\u00e3o Eletr\u00f4nico n\u00ba 041\/2022<br \/>\nPROCESSO N\u00ba76\/2022<br \/>\n<br \/>\n<br \/>\n<br \/>\n<\/td><td class=\"column-2\"><a href=\"http:\/\/www.pratinha.mg.gov.br\/portal\/wp-content\/uploads\/2023\/06\/2o-EXTRATO-DE-ADITIVO.pdf\">2\u00ba EXTRATO DE ADITIVO<\/a><\/td><td class=\"column-3\">EXTRATO DE ADITIVO DE CONTRATO<\/td><td class=\"column-4\">PUBLICADO:20\/06\/2023<\/td><td class=\"column-5\">ADITADO O PRE\u00c7O EM RAZ\u00c3O DE BAIXA NOS PRE\u00c7OS.<\/td>\n<\/tr>\n<tr class=\"row-84\">\n\t<td class=\"column-1\">PREG\u00c3O PRESENCIAL N\u00ba1\/2020<br \/>\nPROCESSO: N\u00ba1\/2020<br \/>\n<br \/>\n<br \/>\n<br \/>\n<\/td><td class=\"column-2\"><a href=\"http:\/\/www.pratinha.mg.gov.br\/portal\/wp-content\/uploads\/2023\/08\/EXTRATO-DE-CONTRATO-LETICIA.pdf\">EXTRATO DE CONTRATO LETICIA<\/a><\/td><td class=\"column-3\">EXTRATO DE ADITIVO<\/td><td class=\"column-4\">PUBLICADO:03\/08\/2023<\/td><td class=\"column-5\"><\/td>\n<\/tr>\n<tr class=\"row-85\">\n\t<td class=\"column-1\">PREG\u00c3O PRESENCIAL N\u00ba 001\/2023<br \/>\nPROCESSO LICITAT\u00d3RIO N\u00ba 021\/2023<br \/>\n<br \/>\n<br \/>\n<br \/>\n<br \/>\n<br \/>\n<\/td><td class=\"column-2\"><a href=\"http:\/\/www.pratinha.mg.gov.br\/portal\/wp-content\/uploads\/2023\/07\/EXTRATO-DE-CONTRATO.doc.pdf\">EXTRATO DE CONTRATO.doc<\/a><\/td><td class=\"column-3\">EXTRATO DE CONTRATO<\/td><td class=\"column-4\">PUBLICADO:10\/07\/2023<\/td><td class=\"column-5\">CONTRATO N\u00ba58<\/td>\n<\/tr>\n<tr class=\"row-86\">\n\t<td class=\"column-1\">PREG\u00c3O PRESENCIAL N\u00ba 002\/2023<br \/>\nPROCESSO N\u00ba 026\/2023<br \/>\n<br \/>\n<br \/>\n<br \/>\n<br \/>\n<br \/>\n<br \/>\n<\/td><td class=\"column-2\"><a href=\"http:\/\/www.pratinha.mg.gov.br\/portal\/wp-content\/uploads\/2023\/06\/EDITAL-MAO-DE-OBRA-VEICULOS.pdf\">EDITAL MAO DE OBRA-VEICULOS<\/a><br \/>\n<a href=\"http:\/\/www.pratinha.mg.gov.br\/portal\/wp-content\/uploads\/2023\/08\/EXTRATO-DE-CONTRATO.pdf\">EXTRATO DE CONTRATO<\/a><\/td><td class=\"column-3\">REGISTRO DE PRE\u00c7OS PARA CONTRATA\u00c7\u00c3O DE EMPRESA ESPECIALIZADA EM M\u00c3O DE OBRA PREVENTIVA, CORRETIVA, ELETRICA E ALINHAMENTO EM ATENDIMENTO \u00c0S NECESSIDADES DE REPAROS DOS VEICULOS LEVES E PESADOS PERTENCENTES AOS DIVERSOS DEPARTAMENTOS DA PREFEITURA MUNICIPAL DE PRATINHA\/MG.<br \/>\n<br \/>\nEXTRATO DE ATA\/CONTRATO<br \/>\n<br \/>\n<br \/>\n<br \/>\n<br \/>\n<br \/>\n<\/td><td class=\"column-4\">PUBLICADO:28\/06\/2023<br \/>\nCertame :Dia 11\/07\/23 \u00e0s 09:00 horas.<br \/>\nPUBLICADO:003\/08\/2023<\/td><td class=\"column-5\">ATA N\u00ba:43<\/td>\n<\/tr>\n<tr class=\"row-87\">\n\t<td class=\"column-1\">Preg\u00e3o Presencial N\u00ba 008\/2022<\/td><td class=\"column-2\"><a href=\"http:\/\/www.pratinha.mg.gov.br\/portal\/wp-content\/uploads\/2023\/05\/EXTRATO-DE-CONTRATO-aditivo-1.pdf\">EXTRATO DE CONTRATO aditivo<\/a><\/td><td class=\"column-3\">EXTRATO DE ADITIVO DE CONTRATO\/PRAZO\/VIGENCIA<\/td><td class=\"column-4\">PUBLICADO: 23\/05\/2023<\/td><td class=\"column-5\">ADITADO VIGENCIA DO CONTRATO.<\/td>\n<\/tr>\n<tr class=\"row-88\">\n\t<td class=\"column-1\">PROCASSO N\u00ba022\/2022<br \/>\nPREG\u00c3O ELETRONICO N\u00ba 14\/2022<\/td><td class=\"column-2\"><a href=\"http:\/\/www.pratinha.mg.gov.br\/portal\/wp-content\/uploads\/2023\/01\/EXTRATO-DE-CONTRATO-janaina-camila.pdf\">EXTRATO DE CONTRATO janaina camila<\/a><\/td><td class=\"column-3\">ADITIVO DE PRAZO \/VIGENCIA<\/td><td class=\"column-4\">06\/01\/2023<\/td><td class=\"column-5\">ADITADO PRAZO DE VIGENCIA<\/td>\n<\/tr>\n<tr class=\"row-89\">\n\t<td class=\"column-1\">PROCERSSO N\u00ba022\/2023 PREG\u00c3O ELETRONICO N\u00ba 17\/2023<\/td><td class=\"column-2\"><a href=\"http:\/\/www.pratinha.mg.gov.br\/portal\/wp-content\/uploads\/2023\/06\/Edital-de-Licitacao.pdf\">Edital de Licita\u00e7\u00e3o<\/a><br \/>\n<a href=\"http:\/\/www.pratinha.mg.gov.br\/portal\/wp-content\/uploads\/2023\/08\/EXTRATO-DE-CONTRATO-REFEICOES-araxa.pdf\">EXTRATO DE CONTRATO REFEI\u00c7\u00d5ES arax\u00e1<\/a><\/td><td class=\"column-3\">FORNECIMENTO PARCELADO E CONFORME NECESSIDADE DE REFEI\u00c7OES E LANCHES PARA PACIENTES EM TRATAMENTO  FORA DO DOMICILIO E FUNCIONARIOS DA PREFEITURA MUNICIPAL DE PRATINHA\/MG.<br \/>\nEXTRATO DE CONTRATO<\/td><td class=\"column-4\">PUBLICADO:16\/06\/2023<br \/>\nCERTAME: 04\/07 AS 09:00 H.<br \/>\nPUBLICADO:03\/08\/2023<\/td><td class=\"column-5\">CONTRATO N\u00ba:59<\/td>\n<\/tr>\n<tr class=\"row-90\">\n\t<td class=\"column-1\">PROCESO N\u00ba063\/2022 PREG\u00c3O PRESENCIAL N\u00ba 12\/2022<\/td><td class=\"column-2\"><a href=\"http:\/\/www.pratinha.mg.gov.br\/portal\/wp-content\/uploads\/2023\/05\/EXTRATO-DE-CONTRATO-ADITAMENTO.pdf\">EXTRATO DE CONTRATO ADITAMENTO<\/a><\/td><td class=\"column-3\">EXTRATO DE ADITIVO DE PRAZO\/VIGENCIA<\/td><td class=\"column-4\">PUBLICADO:25\/05\/2023<\/td><td class=\"column-5\">ADITADO A VIGENCIA.<\/td>\n<\/tr>\n<tr class=\"row-91\">\n\t<td class=\"column-1\">PROCESO N\u00ba62\/2022 TOMADA DE PRE\u00c7O N\u00ba008\/2022<\/td><td class=\"column-2\"><a href=\"http:\/\/www.pratinha.mg.gov.br\/portal\/wp-content\/uploads\/2023\/05\/EXTRATO-DE-aditivo.pdf\">EXTRATO DE aditivo<\/a><\/td><td class=\"column-3\">EXTRATO DE ADITIVO<\/td><td class=\"column-4\">PUBLICADO:24\/05\/2023<\/td><td class=\"column-5\">ADITADO PRAZO DE VIGENCIA E VALOR<\/td>\n<\/tr>\n<tr class=\"row-92\">\n\t<td class=\"column-1\">PROCESOSO N\u00ba 20\/2022 TOMADA DE PRE\u00c7O N \u00ba1\/2022<\/td><td class=\"column-2\"><a href=\"http:\/\/www.pratinha.mg.gov.br\/portal\/wp-content\/uploads\/2023\/02\/2o-EXTRATO-DE-ADITIVO-CONTRATO-OBRA.doc.pdf\">2\u00ba EXTRATO DE ADITIVO CONTRATO OBRA.doc<\/a><\/td><td class=\"column-3\">EXTRATO DE ADITIVO DE CONTRATO PRAZO E\/VIGENCIA<\/td><td class=\"column-4\">Publicado: 07\/02\/2023<\/td><td class=\"column-5\">aditado prazo e vigencia<\/td>\n<\/tr>\n<tr class=\"row-93\">\n\t<td class=\"column-1\">PROCESSO <\/td><td class=\"column-2\">ARQUIVO<\/td><td class=\"column-3\">OBJETO<\/td><td class=\"column-4\"><\/td><td class=\"column-5\"><\/td>\n<\/tr>\n<tr class=\"row-94\">\n\t<td class=\"column-1\">PROCESSO : COMPRA DIRETA DISPEN\u00c7A DE LICITA\u00c7\u00c3O POR VALOR, ART. 24, II LEI FEDERAL 8 666\/93<\/td><td class=\"column-2\"><a href=\"http:\/\/www.pratinha.mg.gov.br\/portal\/wp-content\/uploads\/2023\/02\/Termo-de-Ratificacao-2.pdf\">Termo de Ratifica\u00e7\u00e3o<\/a><br \/>\n<br \/>\n<a href=\"http:\/\/www.pratinha.mg.gov.br\/portal\/wp-content\/uploads\/2023\/03\/EXTRATO-2.pdf\">EXTRATO<\/a><\/td><td class=\"column-3\">CONTRATA\u00c7\u00c3O DE EMISSORA DE RADIOFUS\u00c3O DE AMPLA SINTONIA DENTRO DOS LIMITES DE PRATINHA\/MG FM, PARA DIVULGA\u00c7\u00c3O DE ATOS OFICIAIS, INSTITUCIONAIS, CONVOCA\u00c7\u00d5ES E A\u00c7\u00d5ES DA ADMINISTRA\u00c7\u00c3O MUNICIPAL.<br \/>\nEXTRATO DE CONTRATO<\/td><td class=\"column-4\">Publica\u00e7\u00e3o:28\/02\/2023<br \/>\nPUBLICADO: 02\/03\/2023<\/td><td class=\"column-5\">CONTRATO N: 17<\/td>\n<\/tr>\n<tr class=\"row-95\">\n\t<td class=\"column-1\">processo compra direta<\/td><td class=\"column-2\"><a href=\"http:\/\/www.pratinha.mg.gov.br\/portal\/wp-content\/uploads\/2023\/02\/EXTRATO-DE-termo-de-aditivo-minas-mais.pdf\">EXTRATO DE termo de aditivo minas mais<\/a><\/td><td class=\"column-3\">EXTRATO DE TERMO DE ADITIVO PRAZO\/VIGENCIA<\/td><td class=\"column-4\">Publicado:02\/02\/2023<\/td><td class=\"column-5\">Aditado prazo de vigencia.<\/td>\n<\/tr>\n<tr class=\"row-96\">\n\t<td class=\"column-1\">PROCESSO COMPRA DIRETA DISPENSA DE LICITA\u00c7\u00c3O POR VALOR ART.24, II LEI FEDERAL  8 666\/93LICITA\u00c7\u00c3O <\/td><td class=\"column-2\"><a href=\"http:\/\/www.pratinha.mg.gov.br\/portal\/wp-content\/uploads\/2023\/02\/Termo-de-Ratificacao-4.pdf\">Termo de Ratifica\u00e7\u00e3o<\/a><br \/>\n<br \/>\n<a href=\"http:\/\/www.pratinha.mg.gov.br\/portal\/wp-content\/uploads\/2023\/03\/EXTRATO.pdf\">EXTRATO<\/a><\/td><td class=\"column-3\">CONTRATA\u00c7\u00c3O DE PROFISSIONAL ESPECIALIZADO EM MEDICINA VETERIN\u00c1RIA, PARA PRESTAR SERVI\u00c7OS VETERINARIOS, ATENDENDO AS NESCESSIDADES DO DEPARTAMENTO DE AGRICULTURA E AOS PECUARISTAS DO MUNICIPIO DE PRATINHA\/MG.<br \/>\n<br \/>\nEXTRATO DE CONTRATO<\/td><td class=\"column-4\">PUBLICADO:28\/02\/2023<br \/>\nPublicado:02\/03\/2023<\/td><td class=\"column-5\">Contrato n\u00ba019<\/td>\n<\/tr>\n<tr class=\"row-97\">\n\t<td class=\"column-1\">PROCESSO LICITAT\u00d3RIO N.\u00ba 001\/2021<br \/>\nINEXIGIBILIDADE n.\u00ba 001\/2021<br \/>\n<br \/>\n<br \/>\n<br \/>\n<br \/>\n<br \/>\n<br \/>\n<\/td><td class=\"column-2\"><a href=\"http:\/\/www.pratinha.mg.gov.br\/portal\/wp-content\/uploads\/2023\/05\/EXTRATO-DE-CONTRATO-aditivo.pdf\">EXTRATO DE CONTRATO aditivo<\/a><\/td><td class=\"column-3\">EXTRATO DE ADITIVO DE CONTRATO\/PRAZO\/VIGENCIA.<\/td><td class=\"column-4\">PUBLICADO: 23\/05\/2023<\/td><td class=\"column-5\">ADITADO VIGENCIA DO CONTRATO.<\/td>\n<\/tr>\n<tr class=\"row-98\">\n\t<td class=\"column-1\">PROCESSO LICITAT\u00d3RIO N\u00b0 029\/2023<br \/>\nMODALIDADE: PREG\u00c3O PRESENCIAL N\u00ba 003\/2023<br \/>\n<br \/>\n<br \/>\n<br \/>\n<\/td><td class=\"column-2\"><a href=\"http:\/\/www.pratinha.mg.gov.br\/portal\/wp-content\/uploads\/2023\/07\/EDITAL.pdf\">EDITAL<\/a><br \/>\n<br \/>\n<a href=\"http:\/\/www.pratinha.mg.gov.br\/portal\/wp-content\/uploads\/2023\/07\/RETIFICACAO.pdf\">RETIFICA\u00c7\u00c3O<\/a><br \/>\n<br \/>\n<a href=\"http:\/\/www.pratinha.mg.gov.br\/portal\/wp-content\/uploads\/2023\/08\/EXTRATO.doc-1.pdf\">EXTRATO.doc<\/a><\/td><td class=\"column-3\">Registro de Pre\u00e7os para contrata\u00e7\u00e3o de unidade m\u00f3vel de servi\u00e7os profissionais qualificados e habilitados para execu\u00e7\u00e3o de avalia\u00e7\u00e3o cl\u00ednica, procedimento cir\u00fargico veterin\u00e1rio de castra\u00e7\u00e3o de c\u00e3es e gatos, microchipagem com banco de dados, identifica\u00e7\u00e3o externa do animal via QR code, roupa cir\u00fargica p\u00f3s-operat\u00f3ria e medicamentos para a recupera\u00e7\u00e3o p\u00f3s-cir\u00fargica. Programa de conscientiza\u00e7\u00e3o da popula\u00e7\u00e3o via palestras e v\u00eddeos educativos, conforme detalhado no Anexo I \u2013 Termo de Refer\u00eancia parte integrante deste edital.<br \/>\n<br \/>\nRETIFICA\u00c7\u00c3O<br \/>\n<br \/>\nEXTRATO DE ATA DE REGISTRO DE PRE\u00c7O<\/td><td class=\"column-4\">PUBLICADO:12\/07\/2023<br \/>\nPUBLICADO: 18\/07\/2023<br \/>\nPUBLICADO: 23\/08\/2023<\/td><td class=\"column-5\">ATA N\u00ba55<\/td>\n<\/tr>\n<tr class=\"row-99\">\n\t<td class=\"column-1\">PROCESSO LICITAT\u00d3RIO N\u00ba 036\/2023<br \/>\n<br \/>\nPREGAO ELETR\u00d4NICO N\u00ba 023\/2023<br \/>\n<br \/>\n<br \/>\n<br \/>\n<br \/>\n<\/td><td class=\"column-2\"><a href=\"http:\/\/www.pratinha.mg.gov.br\/portal\/wp-content\/uploads\/2023\/08\/EDITAL-PREGAO-ELETRONICO-1.pdf\">EDITAL PREG\u00c3O ELETR\u00d4NICO<\/a><br \/>\n<a href=\"http:\/\/www.pratinha.mg.gov.br\/portal\/wp-content\/uploads\/2023\/09\/EXTRATO-DE-CONTRATO.doc.pdf\">EXTRATO DE CONTRATO.doc<\/a><\/td><td class=\"column-3\">AQUISI\u00c7\u00c3O DE VEICULOS PARA O FUNDO MUNICIPAL DE SA\u00daDE DE PRATINHA\/MG, CONFORME RESOLU\u00c7\u00d5ES ESTADUAIS N\u00ba 8727 DE 05 E MAIO DE 2023 E N\u00ba 8719 DE 02 DE MAIO DE 2023<br \/>\nextrato de contratos<\/td><td class=\"column-4\">PUBLICADO:31\/08\/2023<br \/>\ncertame: Dia 14\/09\/2023 \u00e0s 09:00 (nove Horas).<br \/>\nPublicado:28\/09\/2023<\/td><td class=\"column-5\">contratos:<br \/>\nn\u00ba67\/2023<br \/>\nn\u00ba68\/2023<\/td>\n<\/tr>\n<tr class=\"row-100\">\n\t<td class=\"column-1\">Processo Licitat\u00f3rio n\u00ba 062\/2022.<br \/>\nModalidade Tomada de Pre\u00e7os n\u00ba 008\/2022<br \/>\n<br \/>\n<br \/>\n<br \/>\n<\/td><td class=\"column-2\"><a href=\"http:\/\/www.pratinha.mg.gov.br\/portal\/wp-content\/uploads\/2023\/08\/EXTRATO-DE-aditivo-3.pdf\">EXTRATO DE aditivo 3<\/a><\/td><td class=\"column-3\">EXTRATO DE ADITIV DE CONTRATO<\/td><td class=\"column-4\">PUBLICADO:10\/08\/2023<\/td><td class=\"column-5\"><\/td>\n<\/tr>\n<tr class=\"row-101\">\n\t<td class=\"column-1\">PROCESSO LICITAT\u00d3RIO N\u00ba 062\/2022.<br \/>\n  MODALIDADE TOMADA DE PRE\u00c7OS N\u00ba 008\/2022<br \/>\n  CONTRATO N\u00ba 144\/2022<br \/>\n<br \/>\n<br \/>\n<br \/>\n<br \/>\n<br \/>\n<\/td><td class=\"column-2\"><a href=\"http:\/\/www.pratinha.mg.gov.br\/portal\/wp-content\/uploads\/2023\/07\/EXTRATO-DE-aditivo-2-2.pdf\">EXTRATO DE aditivo 2<\/a><\/td><td class=\"column-3\">EXTRATO DE ADITIVO<\/td><td class=\"column-4\">PUBLICADO:24\/07\/2023<\/td><td class=\"column-5\">ADITADO A VIGENCIA<\/td>\n<\/tr>\n<tr class=\"row-102\">\n\t<td class=\"column-1\">PROCESSO LICITAT\u00d3RIO N\u00ba 046\/2022.<br \/>\n MODALIDADE PREG\u00c3O PRESENCIAL N\u00ba 009\/2022.<br \/>\n<br \/>\n<br \/>\n<br \/>\n<br \/>\n<br \/>\n<br \/>\n<br \/>\n<br \/>\n<br \/>\n<br \/>\n<\/td><td class=\"column-2\"><a href=\"http:\/\/www.pratinha.mg.gov.br\/portal\/wp-content\/uploads\/2023\/06\/EXTRATO-DE-aditivo.pdf\">EXTRATO DE aditivo<\/a><\/td><td class=\"column-3\">EXTRATO DE ADITIVO DE CONTRATO\/PRORROGA\u00c7\u00c3O DA VIGENCIA.<\/td><td class=\"column-4\">PUBLICADO:29\/06\/2023<\/td><td class=\"column-5\">ADITADO A VIGENCIA CONTRATUAL.<\/td>\n<\/tr>\n<tr class=\"row-103\">\n\t<td class=\"column-1\">PROCESSO LICITAT\u00d3RIO N\u00ba. 018\/2022, <br \/>\nMODALIDADE INEXIGIBILIDADE N\u00ba. 001\/2022<br \/>\n<br \/>\n<br \/>\n<br \/>\n<br \/>\n<br \/>\n<br \/>\n<\/td><td class=\"column-2\"><a href=\"http:\/\/www.pratinha.mg.gov.br\/portal\/wp-content\/uploads\/2023\/07\/TERMO-ADITIVO-CONTRATO.doc.pdf\">TERMO ADITIVO CONTRATO.doc<\/a><\/td><td class=\"column-3\">EXTRATO DE ADITIVO DE CONTRATO<\/td><td class=\"column-4\">PUBLICADO:03\/06\/2023<\/td><td class=\"column-5\">REEQUILIBRIO FINANCEIRO<\/td>\n<\/tr>\n<tr class=\"row-104\">\n\t<td class=\"column-1\">PROCESSO N\u00b0 1\/2020<br \/>\nPREG\u00c3O PRESENCIAL N\u00ba1\/2020<\/td><td class=\"column-2\"><a href=\"http:\/\/www.pratinha.mg.gov.br\/portal\/wp-content\/uploads\/2023\/01\/EXTRATO-DE-CONTRATO-LETICIA.pdf\">EXTRATO DE CONTRATO LETICIA<\/a><\/td><td class=\"column-3\">EXTRATO DE ADITIVO DE PRAZO\/VIGENCIA<\/td><td class=\"column-4\">06\/01\/2023<\/td><td class=\"column-5\">ADITADO PRAZO DE VIGENCIA<\/td>\n<\/tr>\n<tr class=\"row-105\">\n\t<td class=\"column-1\"><br \/>\nPROCESSO N\u00ba037\/2023<br \/>\n<br \/>\nPREG\u00c3O ELETR\u00d4NICO N\u00ba 0024\/2023<br \/>\n<\/td><td class=\"column-2\"><a href=\"http:\/\/www.pratinha.mg.gov.br\/portal\/wp-content\/uploads\/2023\/09\/EDITAL-PREGAO-ELETRONICO-1.pdf\">EDITAL PREG\u00c3O ELETR\u00d4NICO<\/a><\/td><td class=\"column-3\">CONTRATA\u00c7\u00c3O DE SERVI\u00c7O ESPECIALIZADO DE ODONTOLOGIA PARA REALIZAR VISITAS DOMICILIARES, URG\u00caNCIA, ATIVIDADES COLETIVAS, LEVANTAMENTO EPIDEMIOL\u00d3GICO NAS ESCOLAS E ASSUMIR A RESPONSABILIDADE DE ASSESSORAR A\u00c7\u00d5ES E ROTINAS DE CONTROLE DE INFEC\u00c7\u00c3O EM ODONTOLOGIA CONFORME RESOLU\u00c7\u00c3O SES\/MG 1559\/2008, EM ATENDIMENTO AS NECESSIDADES DA SERETARIA MUNICIPAL DE SA\u00daDE DE PRATINHA\/MG.<\/td><td class=\"column-4\">PUBLICADO:18\/09\/2023<\/td><td class=\"column-5\"><\/td>\n<\/tr>\n<tr class=\"row-106\">\n\t<td class=\"column-1\">PROCESSO N\u00ba 076\/2022 PREG\u00c3O ELETRONICO N\u00ba041\/2022<\/td><td class=\"column-2\"><a href=\"http:\/\/www.pratinha.mg.gov.br\/portal\/wp-content\/uploads\/2023\/09\/4o-EXTRATO-DE-ADITIVO.doc.pdf\">4\u00ba EXTRATO DE ADITIVO.doc<\/a><\/td><td class=\"column-3\">EXTRATO DE ADITIVO DE CONTRATO<\/td><td class=\"column-4\">PUBLICADO:05\/08\/2023<\/td><td class=\"column-5\">ADITADO VALORES \/GASOLINA \/DIESEL S10\/DIESEL COMUM<\/td>\n<\/tr>\n<tr class=\"row-107\">\n\t<td class=\"column-1\">Processo N\u00ba 035\/2023 <br \/>\nModalidade: INEXIGIBILIDADE POR CHAMADA P\u00daBLICA N\u00ba 003\/2023<br \/>\n<br \/>\n<br \/>\n<br \/>\n<br \/>\n<br \/>\n<br \/>\n<br \/>\n<\/td><td class=\"column-2\"><a href=\"http:\/\/www.pratinha.mg.gov.br\/portal\/wp-content\/uploads\/2023\/08\/Edital-Chamada-Publica-m.-casa-m.vida-pratinha.pdf\">Edital Chamada P\u00fablica m. casa m.vida pratinha<\/a><br \/>\n&lt;a href=&quot;http:\/\/www.pratinha.mg.gov.br\/portal\/wp-content\/uploads\/2023\/09\/<br \/>\n<a href=\"http:\/\/www.pratinha.mg.gov.br\/portal\/wp-content\/uploads\/2023\/10\/ATA-DA-SESSAO-PUBLICA-2.pdf\">ATA DA SESS\u00c3O PUBLICA (2)<\/a><br \/>\n<a href=\"http:\/\/www.pratinha.mg.gov.br\/portal\/wp-content\/uploads\/2023\/10\/Ata-Sessao-Publica-Abertura-Julgamento.doc.pdf\">Ata Sess\u00e3o P\u00fablica Abertura Julgamento.doc<\/a><\/td><td class=\"column-3\">CHAMAMENTO P\u00daBLICO PARA A SELE\u00c7\u00c3O DE EMPRESA DO RAMO DE CONSTRU\u00c7\u00c3O CIVIL APTA A CELEBRAR CONTRATO COM A CAIXA ECON\u00d4MICA FEDERAL - CEF, INTERESSADA NA PRODU\u00c7\u00c3O DE 50 (CINQUENTA) UNIDADES HABITACIONAIS LOTEAMENTO ZACARIAS PEREIRA II, ATRAV\u00c9S DA APRESENTA\u00c7\u00c3O DE PROJETO E CONSTRU\u00c7\u00c3O NO \u00c2MBITO DO PROGRAMA MCMV FAIXA 1 - FAR, COM VISTAS A ATENDER FAM\u00cdLIAS DE BAIXA RENDA DO MUNIC\u00cdPIO DE PRATINHA\/MG<br \/>\nATA DA SESS\u00c3O PUBLICA<br \/>\n2\u00aa ATA <\/td><td class=\"column-4\">PUBLICADO:30\/08\/2023<br \/>\nCertame: \u00e0s 09:00 horas do dia 03\/10\/2023<br \/>\nPUBLICADO:04\/10\/2023<br \/>\nPUBLICADO:05\/10\/2023<\/td><td class=\"column-5\"><\/td>\n<\/tr>\n<tr class=\"row-108\">\n\t<td class=\"column-1\">PROCESSO N\u00ba 034\/2023<br \/>\n PREG\u00c3O PRESENCIAL N\u00ba 04\/2023<br \/>\n<br \/>\n<br \/>\n<br \/>\n<br \/>\n<br \/>\n<br \/>\n<br \/>\n<br \/>\n<\/td><td class=\"column-2\"><a href=\"http:\/\/www.pratinha.mg.gov.br\/portal\/wp-content\/uploads\/2023\/08\/EDITAL-PREGAO-PARA-CONTRATACAO-DE-EMPRESA-PARA-CONCURSO.pdf\">EDITAL PREG\u00c3O PARA CONTRATA\u00c7\u00c3O DE EMPRESA PARA CONCURSO<\/a><br \/>\n<a href=\"http:\/\/www.pratinha.mg.gov.br\/portal\/wp-content\/uploads\/2023\/08\/ATA-DA-SESSAO-PUBLICA.pdf\">ATA DA SESS\u00c3O PUBLICA<\/a><br \/>\n<br \/>\n<a href=\"http:\/\/www.pratinha.mg.gov.br\/portal\/wp-content\/uploads\/2023\/09\/Ata-de-Abertura-da-licitacao-de-no.doc.pdf\">Ata de Abertura da licita\u00e7\u00e3o de n\u00ba.doc<\/a><a href=\"http:\/\/www.pratinha.mg.gov.br\/portal\/wp-content\/uploads\/2023\/09\/DECISAO-DO-RECURSO.pdf\">DECISAO DO RECURSO<\/a><\/td><td class=\"column-3\">Contrata\u00e7\u00e3o de empresa especializada para realiza\u00e7\u00e3o de concurso p\u00fablico e prova de t\u00edtulos, envolvendo todo o tr\u00e2mite necess\u00e1rio desde a elabora\u00e7\u00e3o de edital at\u00e9 a divulga\u00e7\u00e3o dos resultados, bem como apoio t\u00e9cnico para forma\u00e7\u00e3o de comiss\u00e3o e respostas aos questionamentos que porventura venham a existir, conforme rela\u00e7\u00e3o de cargos, descri\u00e7\u00e3o, caracter\u00edsticas, prazos e demais obriga\u00e7\u00f5es e informa\u00e7\u00f5es constantes no Termo neste de Refer\u00eancia.<br \/>\nATA DA SESS\u00c3O PUBLICA<br \/>\nDECISAO DO RECURSO<\/td><td class=\"column-4\">PUBLICADO:10\/08\/2023<br \/>\nPUBLICADO:24\/08\/2023<br \/>\nPUBLICADO:05\/09\/2023<\/td><td class=\"column-5\"><\/td>\n<\/tr>\n<tr class=\"row-109\">\n\t<td class=\"column-1\">PROCESSO N\u00ba 09\/2022<br \/>\nPREG\u00c3O ELETR\u00d4NICO N\u00ba 05\/2022<br \/>\n<br \/>\n<br \/>\n<br \/>\n<br \/>\n<br \/>\n<br \/>\n<br \/>\n<br \/>\n<br \/>\n<br \/>\n<br \/>\n<br \/>\n<\/td><td class=\"column-2\"><a href=\"http:\/\/www.pratinha.mg.gov.br\/portal\/wp-content\/uploads\/2023\/08\/EXTRATO-DE-CONTRATO-2.pdf\">EXTRATO DE CONTRATO<\/a><\/td><td class=\"column-3\">EXTRATO DE ADITIVO<\/td><td class=\"column-4\">PUBLICADO:10\/0\/2023<\/td><td class=\"column-5\"><\/td>\n<\/tr>\n<tr class=\"row-110\">\n\t<td class=\"column-1\">PROCESSO N\u00ba 033\/2023<br \/>\n<br \/>\nPREG\u00c3O ELETR\u00d4NICO N\u00ba 022\/2023<br \/>\n<br \/>\n<br \/>\n<br \/>\n<br \/>\n<\/td><td class=\"column-2\"><a href=\"http:\/\/www.pratinha.mg.gov.br\/portal\/wp-content\/uploads\/2023\/08\/EDITAL-PREGAO-ELETRONICO.pdf\">EDITAL PREG\u00c3O ELETR\u00d4NICO<\/a><br \/>\n<a href=\"http:\/\/www.pratinha.mg.gov.br\/portal\/wp-content\/uploads\/2023\/08\/RESPOSTA-DA-IMPUGNACAO.pdf\">RESPOSTA DA IMPUGNA\u00c7\u00c3O<\/a><br \/>\n<br \/>\n<a href=\"http:\/\/www.pratinha.mg.gov.br\/portal\/wp-content\/uploads\/2023\/08\/RETIFICACAO-PREGAO.pdf\">RETIFICA\u00c7\u00c3O PREG\u00c3O<\/a><\/td><td class=\"column-3\">a CONTRATA\u00c7\u00c3O DE PESSOA JUR\u00cdDICA ESPECIALIZADA PARA PRESTA\u00c7\u00c3O DE SERVI\u00c7O DE SEGURO PARA OS VE\u00cdCULOS PERTENCENTES \u00c0 FROTA MUNICIPAL, COM COBERTURA CONTRA DANOS MATERIAIS (DMT), DANOS CORPORAIS (DC), DANOS MORAIS (DM), ACIDENTE PESSOAIS DE PASSAGEIROS (APP) COM DMH, ASSIST\u00caNCIA 24 (VINTE E QUATRO) HORAS, COBERTURA DE VIDROS E COBERTURA 100% DA TABELA FIPE, CONFORME ESPECIFICA\u00c7\u00d5ES DO EDITAL E SEUS ANEXOS.<br \/>\n<br \/>\n<\/td><td class=\"column-4\">PUBLICADO:04\/08\/2023<br \/>\nPUBLICADO:11\/08\/2023<\/td><td class=\"column-5\"><\/td>\n<\/tr>\n<tr class=\"row-111\">\n\t<td class=\"column-1\">PROCESSO N\u00ba 022\/2022<br \/>\nPREG\u00c3O ELETR\u00d4NICO N\u00ba 014\/2022<br \/>\n<br \/>\n<br \/>\n<br \/>\n<br \/>\n<br \/>\n<br \/>\n<\/td><td class=\"column-2\"><a href=\"http:\/\/www.pratinha.mg.gov.br\/portal\/wp-content\/uploads\/2023\/08\/EXTRATO-DE-CONTRATO-JANAINA-CAMILA.pdf\">EXTRATO DE CONTRATO JANAINA CAMILA<\/a><\/td><td class=\"column-3\">EXTRATO DE ADITIVO<\/td><td class=\"column-4\">PUBLICA\u00c7\u00c3O:03\/08\/2023<\/td><td class=\"column-5\"><\/td>\n<\/tr>\n<tr class=\"row-112\">\n\t<td class=\"column-1\">PROCESSO N\u00ba 032\/2023<br \/>\nPREG\u00c3O ELETR\u00d4NICO N\u00ba 021\/2023<br \/>\n<br \/>\n<br \/>\n<br \/>\n<br \/>\n<\/td><td class=\"column-2\"><a href=\"http:\/\/www.pratinha.mg.gov.br\/portal\/wp-content\/uploads\/2023\/07\/EDITAL-PREGAO-ELETRONICO-1.pdf\">EDITAL PREG\u00c3O ELETR\u00d4NICO<\/a>FARMACEUTICO<\/td><td class=\"column-3\">CONTRATA\u00c7\u00c3O DE SERVI\u00c7O ESPECIALIZADO DE FARMACEUTICO EM ATENDIMENTO AO DEPARTAMENTO DE SA\u00daDE DE PRATINHA\/MG<\/td><td class=\"column-4\">PUBLICADO:26\/07\/2023<\/td><td class=\"column-5\"><\/td>\n<\/tr>\n<tr class=\"row-113\">\n\t<td class=\"column-1\">PROCESSO N\u00ba 031\/2023<br \/>\n<br \/>\nPREG\u00c3O ELETR\u00d4NICO N\u00ba 020\/2023<br \/>\n<br \/>\n<br \/>\n<br \/>\n<br \/>\n<br \/>\n<br \/>\n<br \/>\n<\/td><td class=\"column-2\"><a href=\"http:\/\/www.pratinha.mg.gov.br\/portal\/wp-content\/uploads\/2023\/07\/EDITAL-PREGAO-ELETRONICO-SRP-1-CORRETO-1.pdf\">EDITAL PREGAO ELETRONICO SRP (1) CORRETO<\/a><br \/>\n<br \/>\n<a href=\"http:\/\/www.pratinha.mg.gov.br\/portal\/wp-content\/uploads\/2023\/07\/RETIFICACAO-PREGAO.pdf\">RETIFICA\u00c7\u00c3O PREG\u00c3O<\/a><br \/>\n<br \/>\n<a href=\"http:\/\/www.pratinha.mg.gov.br\/portal\/wp-content\/uploads\/2023\/08\/TERMO-DE-ANULACAO-DE-LICITACAO.pdf\">TERMO DE ANULA\u00c7\u00c3O DE LICITA\u00c7\u00c3O<\/a><\/td><td class=\"column-3\">REGISTRO DE PRE\u00c7OS PARA AQUISI\u00c7\u00c3O DE EEQUPAMENTOS DE INFORMATICA, EM ATENDIMENTO AOS DIVERSOS DEPARTAMENTOS DE PRATNHA\/MG.<br \/>\nTERMO DE ANULA\u00c7\u00c3O DA LICITA\u00c7\u00c3O.<\/td><td class=\"column-4\">PUBLICADO:19\/07\/2023<br \/>\nPUBLICA\u00c7\u00c3O:25\/07\/2023<br \/>\nPUBLICADO:02\/08\/2023<\/td><td class=\"column-5\">ANULADA A LICITA\u00c7\u00c3O.<\/td>\n<\/tr>\n<tr class=\"row-114\">\n\t<td class=\"column-1\"><br \/>\nPROCESSO N\u00ba030\/2023<br \/>\nDISPENSA ELETRONICA N\u00ba002\/2023 <br \/>\n<br \/>\n<br \/>\n<br \/>\n<br \/>\n<br \/>\n<\/td><td class=\"column-2\"><a href=\"http:\/\/www.pratinha.mg.gov.br\/portal\/wp-content\/uploads\/2023\/07\/Edital-De-Dispensa-Eletronica-Pa-Carregadeira.pdf\">Edital De Dispensa Eletronica P\u00e1 Carregadeira<\/a><\/td><td class=\"column-3\">AQUISI\u00c7\u00c3O DE PE\u00c7AS PARA MANUTEN\u00c7\u00c3O MAQUIN\u00c1RIO P\u00c1 CARREGADEIRA<br \/>\nJCB 422ZX, FABRICA\u00c7\u00c3O NACIONAL, MOTOR TURBO 130HP, TRA\u00c7\u00c3O 4X4, CABINE<br \/>\nFECHADA ROPS E FOPS, AR CONDICIONADO, CA\u00c7AMBA DIANTEIRA 1,9M3,<br \/>\n11.750KG, CHASSI:50R422ZOPJ2320460, S\u00c9RIE 2320460,<br \/>\nMOTOR:SE320\/45082H00165122, A DIESEL, ANO FABRICA\u00c7\u00c3O 2018, DOS SERVI\u00c7OS<br \/>\nDE MANUTEN\u00c7\u00c3O DE ESTRADAS VICINAIS DO MUNIC\u00cdPIO DE PRATINHA-MG<\/td><td class=\"column-4\">PUBLICADO:12\/07\/2023<\/td><td class=\"column-5\"><\/td>\n<\/tr>\n<tr class=\"row-115\">\n\t<td class=\"column-1\">PROCESSO N\u00ba 023\/2023<br \/>\nMODALIDADE: INEXIGIBILIDIDADE N\u00ba 001\/2023<br \/>\n<br \/>\n<br \/>\n<br \/>\n<br \/>\n<\/td><td class=\"column-2\"><a href=\"http:\/\/www.pratinha.mg.gov.br\/portal\/wp-content\/uploads\/2023\/07\/EXTRATO-DE-CONTRATO-1.pdf\">EXTRATO DE CONTRATO<\/a><\/td><td class=\"column-3\">EXTRATO DE CONTRATO<\/td><td class=\"column-4\">PUBLICADO:10\/07\/2023<\/td><td class=\"column-5\">CONTRATO N\u00ba57<\/td>\n<\/tr>\n<tr class=\"row-116\">\n\t<td class=\"column-1\">PROCESSO N\u00ba 30\/2021<br \/>\nINEXIGIBILIDADE N\u00ba 1\/2021<br \/>\n<br \/>\n<br \/>\n<br \/>\n<\/td><td class=\"column-2\"><a href=\"http:\/\/www.pratinha.mg.gov.br\/portal\/wp-content\/uploads\/2023\/07\/EXTRATO-DE-ADITIVO-DE-CONTRATO.pdf\">EXTRATO DE ADITIVO DE CONTRATO<\/a><\/td><td class=\"column-3\">EXTRATO DE ADITIVO<\/td><td class=\"column-4\">PUBLICADO:10\/07\/2023<\/td><td class=\"column-5\">ADITADO A VIGENCIA CONTRATUAL<\/td>\n<\/tr>\n<tr class=\"row-117\">\n\t<td class=\"column-1\">PROCESSO N\u00ba 041\/2022<br \/>\nPREG\u00c3O ELETR\u00d4NICO N\u00ba 024\/2022<br \/>\n<br \/>\n<br \/>\n<br \/>\n<br \/>\n<\/td><td class=\"column-2\"><a href=\"http:\/\/www.pratinha.mg.gov.br\/portal\/wp-content\/uploads\/2023\/07\/EXTRATO-DE-ADITIVO-CONTRATO.doc.pdf\">EXTRATO DE ADITIVO CONTRATO.doc<\/a><\/td><td class=\"column-3\">EXTRATO DE ADITIVO<\/td><td class=\"column-4\">PUBLICADO:10\/07\/2023<\/td><td class=\"column-5\">ADITADO VIGENCIA CONTRATUAL<\/td>\n<\/tr>\n<tr class=\"row-118\">\n\t<td class=\"column-1\">PROCESSO N\u00ba025\/2023<br \/>\nTOMADA DE PRE\u00c7O N\u00ba003\/2023<\/td><td class=\"column-2\"><a href=\"http:\/\/www.pratinha.mg.gov.br\/portal\/wp-content\/uploads\/2023\/06\/Edital.doc.pdf\">Edital.doc<\/a><br \/>\n<br \/>\n<a href=\"http:\/\/www.pratinha.mg.gov.br\/portal\/wp-content\/uploads\/2023\/08\/EXTRATO-DE-CONTRATO-1.pdf\">EXTRATO DE CONTRATO<\/a><\/td><td class=\"column-3\">CONTRATA\u00c7\u00c3O DE EMPRESA DE ENGENHARIA ESPECIALIZADA EM CONSTRU\u00c7\u00c3O CIVIL, PARA AMPLIA\u00c7\u00c3O DO ESPA\u00c7O FISICO( ALMOXARIFADO), FARMACIA REDE MINAS, UNIDADE DE  PRATINHA\/MG.<br \/>\nEXTRATO DE CONTRATO<\/td><td class=\"column-4\">PUBLICADO:26\/06\/2023<br \/>\nCERTAME:13\/07\/2023 AS 09:00H<br \/>\nPUBLICADO:03\/08\/2023<\/td><td class=\"column-5\">CONTRATO: N\u00ba60<\/td>\n<\/tr>\n<tr class=\"row-119\">\n\t<td class=\"column-1\">processo n\u00ba023\/2023<br \/>\nINEXIGIBILIDADE 001\/2023<\/td><td class=\"column-2\"><a href=\"http:\/\/www.pratinha.mg.gov.br\/portal\/wp-content\/uploads\/2023\/06\/EXTRATO-DE-PUBLICACAO-DE-RATIFICACAO.pdf\">EXTRATO DE PUBLICA\u00c7\u00c3O DE RATIFICA\u00c7\u00c3O<\/a><\/td><td class=\"column-3\">TERMO DE RATIFICA\u00c7\u00c3O<\/td><td class=\"column-4\">PUBLICADO:26\/062023<br \/>\n<\/td><td class=\"column-5\"><\/td>\n<\/tr>\n<tr class=\"row-120\">\n\t<td class=\"column-1\">Processo n\u00ba 018\/2023<br \/>\nPregao Eletr\u00f4nico n\u00ba 024\/2023<br \/>\n<br \/>\n<br \/>\n<br \/>\n<\/td><td class=\"column-2\"><a href=\"http:\/\/www.pratinha.mg.gov.br\/portal\/wp-content\/uploads\/2023\/07\/EDITAL-PREGAO-ELETRONICO-SRP-1.pdf\">EDITAL PREGAO ELETRONICO SRP (1)<\/a><br \/>\n<a href=\"http:\/\/www.pratinha.mg.gov.br\/portal\/wp-content\/uploads\/2023\/08\/extrato-de-contrato-1.pdf\">extrato de contrato<\/a><\/td><td class=\"column-3\">REGISTRO DE PRE\u00c7OS PARA AQUISI\u00c7\u00c3O DE FORMULAS INFANTIL E DIETA ENTERAL PARA FORNECIMENTO AOS PACIENTES, CONFORME APROVA\u00c7\u00c3O DO CONSELHO MUNICIPAL DE SA\u00daDE DE PRATINHA\/MG.<br \/>\nEXTRATO DE ATAS\/CONTRATO<\/td><td class=\"column-4\">PUBLICADO:21\/06\/2023<br \/>\nCERTAME :06\/07\/2023:As 09:00 H<br \/>\nPUBLICADO:03\/08\/2023<\/td><td class=\"column-5\">ATAS N\u00ba:44 A 48<\/td>\n<\/tr>\n<tr class=\"row-121\">\n\t<td class=\"column-1\">PROCESSO N\u00ba 013\/2023<br \/>\nPREG\u00c3O ELETR\u00d4NICO N\u00ba 015\/2023<br \/>\n<br \/>\n<br \/>\n<br \/>\n<br \/>\n<br \/>\n<br \/>\n<\/td><td class=\"column-2\"><a href=\"http:\/\/www.pratinha.mg.gov.br\/portal\/wp-content\/uploads\/2023\/06\/EXTRATO-DE-ADITIVO.pdf\">EXTRATO DE ADITIVO<\/a><\/td><td class=\"column-3\">EXTRATO DE ADITIVO DE CONTRATO <\/td><td class=\"column-4\">PUBLICADO: 20\/06\/2023<\/td><td class=\"column-5\">ADITADO OS ITENS: 04\/17\/18\/<\/td>\n<\/tr>\n<tr class=\"row-122\">\n\t<td class=\"column-1\">PROCESSO N\u00ba 019\/2023 PREG\u00c3O ELETRONICO N\u00ba016\/2023<\/td><td class=\"column-2\"><a href=\"http:\/\/www.pratinha.mg.gov.br\/portal\/wp-content\/uploads\/2023\/06\/TERMO-DE-FRACASSADA.docx.pdf\">TERMO DE LICITA\u00c7\u00c3O FRACASSADA.docx<\/a><\/td><td class=\"column-3\">TERMO DE LICITA\u00c7\u00c3O FRACASSADA<\/td><td class=\"column-4\">PUBLICADO:16\/06\/2023<\/td><td class=\"column-5\">FRACASSADA<\/td>\n<\/tr>\n<tr class=\"row-123\">\n\t<td class=\"column-1\">PROCESSO N\u00ba021\/2023 PREG\u00c3O PRESENCIAL N\u00ba001\/202023<\/td><td class=\"column-2\"><a href=\"http:\/\/www.pratinha.mg.gov.br\/portal\/wp-content\/uploads\/2023\/06\/EDITAL-PREGAO-PRESENCIAL-FESTA-DO-PEAO.pdf\">EDITAL PREGAO PRESENCIAL FESTA DO PE\u00c3O<\/a><br \/>\n<br \/>\n<a href=\"http:\/\/www.pratinha.mg.gov.br\/portal\/wp-content\/uploads\/2023\/06\/ATA-DA-SESSAO-PUBLICA.pdf\">ATA DA SESS\u00c3O PUBLICA<\/a><\/td><td class=\"column-3\">CONTRATA\u00c7\u00c3O DE EMPRESA ESPECIALIZADA EM ORGANIZA\u00c7\u00c3O DE EVENTOS, PARA PRODU\u00c7\u00c3O, ORGANIZA\u00c7\u00c3O, EXPLORA\u00c7\u00c3O E EXECU\u00c7\u00c3O DE TODOS OS SERVI\u00c7OS ENVOLVIDOS NA \u201c33\u00ba FESTA DO PE\u00c3O BOIADEIRO DE PRATINHA\/MG\u201d, QUE SER\u00c1 REALIZADA DE 03 A 06 DE AGOSTO DE 2023, COMPREENDENDO O FORNECIMENTO DE TODA A ESTRUTURA NECESS\u00c1RIA \u00c0 REALIZA\u00c7\u00c3O DO EVENTO, SERVI\u00c7OS DE M\u00c3O DE OBRA, HOSPEDAGEM, ALUGU\u00c9IS, TAXAS, PROJETOS, DIVULGA\u00c7\u00c3O, APRESENTA\u00c7\u00c3O DE ARTISTAS, RECEP\u00c7\u00c3O\/PORTARIA, RODEIO, PRODU\u00c7\u00c3O, DECORA\u00c7\u00c3O, ENFIM, TODAS DESPESAS DECORRENTES DA REALIZA\u00c7\u00c3O DO EVENTO, CONFORME CONDI\u00c7\u00d5ES, DESCRI\u00c7\u00d5ES E ESPECIFICA\u00c7\u00d5ES CONSTANTES NO TERMO DE REFER\u00caNCIA, ANEXO I. <br \/>\n<br \/>\nATA DA SESS\u00c3O PUBLICA<\/td><td class=\"column-4\">PUBLICADO:06\/06\/2023<br \/>\nCERTAME: Dia 27\/06\/23 \u00e0s 09:00 horas.<br \/>\nPUBLICADO:28\/06\/2023<\/td><td class=\"column-5\"><\/td>\n<\/tr>\n<tr class=\"row-124\">\n\t<td class=\"column-1\">PROCESSO N\u00ba020\/2023 TOMADA DE PRE\u00c7O N\u00ba002\/2023<\/td><td class=\"column-2\"><a href=\"http:\/\/www.pratinha.mg.gov.br\/portal\/wp-content\/uploads\/2023\/06\/Edital.pdf\">Edital<\/a><br \/>\n<br \/>\n<a href=\"http:\/\/www.pratinha.mg.gov.br\/portal\/wp-content\/uploads\/2023\/06\/QUADRA-MODELO-2-revisada-77395m\u00b2.xls\"># QUADRA MODELO 2 revisada - 773,95m\u00b2<\/a><br \/>\n<a href=\"http:\/\/www.pratinha.mg.gov.br\/portal\/wp-content\/uploads\/2023\/06\/RETIFICACAO-TOMADA-DE-PRECOS.pdf\">RETIFICA\u00c7\u00c3O TOMADA DE PRE\u00c7OS<\/a><br \/>\n<br \/>\n<a href=\"http:\/\/www.pratinha.mg.gov.br\/portal\/wp-content\/uploads\/2023\/06\/Ata-Sessao-Publica-Abertura-Julgamento.pdf\">Ata Sess\u00e3o P\u00fablica Abertura Julgamento<\/a><br \/>\n<br \/>\n<a href=\"http:\/\/www.pratinha.mg.gov.br\/portal\/wp-content\/uploads\/2023\/07\/Recurso-Adm-Andreia-Guedes.pdf\">Recurso Adm - Andreia Guedes<\/a><br \/>\n<a href=\"http:\/\/www.pratinha.mg.gov.br\/portal\/wp-content\/uploads\/2023\/07\/Ata-e-Decisao-de-Recurso.pdf\">Ata e Decisao de Recurso<\/a><br \/>\n<a href=\"http:\/\/www.pratinha.mg.gov.br\/portal\/wp-content\/uploads\/2023\/07\/Segunda-Ata-Sessao-Publica-Abertura-Julgamento.pdf\">Segunda Ata Sess\u00e3o P\u00fablica Abertura Julgamento<\/a><br \/>\n<br \/>\n<a href=\"http:\/\/www.pratinha.mg.gov.br\/portal\/wp-content\/uploads\/2023\/08\/EXTRATO.doc.pdf\">EXTRATO.doc<\/a><br \/>\n<br \/>\n<a href=\"http:\/\/www.pratinha.mg.gov.br\/portal\/wp-content\/uploads\/2023\/11\/1-Notificacao.pdf\">1 Notifica\u00e7\u00e3o<\/a><br \/>\n<a href=\"http:\/\/www.pratinha.mg.gov.br\/portal\/wp-content\/uploads\/2024\/09\/1o-TERMO-ADITIVO-.pdf\">1\u00ba TERMO ADITIVO-<\/a><br \/>\n<br \/>\n<a href=\"http:\/\/www.pratinha.mg.gov.br\/portal\/wp-content\/uploads\/2024\/12\/2o-TERMO-ADITIVO-.pdf\">2\u00ba TERMO ADITIVO-<\/a><\/td><td class=\"column-3\">CONTRATA\u00c7\u00c3O DE EMPRESA ESPECIALIZADA EM ENGENHARIA CIVIL PARA CONTRU\u00c7\u00c3O DE QUADRA ESPORTIVA NO CEMEI NEUZA OLIMPIA DOS REIS VIGILATO MACHADO, N\u00ba 111, DO MUNICIPIO DE PRATINHA\/MG, CONFORME CONV\u00caNIO N\u00ba1261000792\/2023\/SEE, CONFORNE ANEXOS PREVISTOS NO EDITAL<br \/>\nRETIFICA\u00c7\u00c3O DO EDITAL <br \/>\n<br \/>\nATA DA SESS\u00c3O PUBLICA<br \/>\n<br \/>\nRECURSO DA ANDREIA GUEDES<br \/>\nAta e Decis\u00e3o de Recurso<br \/>\n<br \/>\nEXTRATO DE CONTRATO<br \/>\n<br \/>\n1\u00ba NOTIFICA\u00c7\u00c3O A EMPRESA READY <br \/>\n<br \/>\nTERMO DE ADITIVO DE PRAZO DE EXECU\u00c7\u00c3O<br \/>\n<br \/>\n2\u00b0 TERMO DE ADITIVO DE PRAZO DE EXECU\u00c7\u00c3O<\/td><td class=\"column-4\">PUBLICADO:05\/06\/2023<br \/>\nCERTAME: Dia 29\/06\/2023: AS 09:00 H<br \/>\nPUBLICADO \/28\/06\/2023<br \/>\nPUBLICADO: 06\/07\/2023<br \/>\nPUBLICADO: 18\/07\/2023.<br \/>\nPUBLICADO:25\/07\/2023<br \/>\nPUBLICADO:23\/08\/2023<br \/>\nPUBLICADO:24\/11\/2023<br \/>\nPUBLICADO:11\/09\/2024<br \/>\nPUBLICADO: 05\/12\/2024<\/td><td class=\"column-5\">CONTRATO N\u00ba 63<\/td>\n<\/tr>\n<tr class=\"row-125\">\n\t<td class=\"column-1\">PROCESSO N\u00ba013\/2023 PREG\u00c3O ELETRONICO N\u00ba 012\/2023<\/td><td class=\"column-2\"><a href=\"http:\/\/www.pratinha.mg.gov.br\/portal\/wp-content\/uploads\/2023\/05\/EXTRATO-DE-CONTRATO-FEST-CLEAN.pdf\">EXTRATO DE CONTRATO FEST CLEAN<\/a><\/td><td class=\"column-3\">EXTRATO DE ADITIVO<\/td><td class=\"column-4\">PUBLICADO :30\/05\/2023<\/td><td class=\"column-5\">ADITADO O ITEM: 1, 40, 64<\/td>\n<\/tr>\n<tr class=\"row-126\">\n\t<td class=\"column-1\">PROCESSO N\u00ba072\/2022 PREGAO PRESENCIAL N\u00ba 018\/2022<\/td><td class=\"column-2\"><a href=\"http:\/\/www.pratinha.mg.gov.br\/portal\/wp-content\/uploads\/2023\/05\/EXTRATO-DE-TERMO-DE-RECISAO.pdf\">EXTRATO DE TERMO DE RECIS\u00c3O<\/a><\/td><td class=\"column-3\">EXTRATO DE CANCELAMENTO DE ATA DE REGISTRO DE PRE\u00c7O<\/td><td class=\"column-4\">PUBLICADO:25\/05\/2023<\/td><td class=\"column-5\">CANCELADA A ATA DE N\u00ba018\/2022 <\/td>\n<\/tr>\n<tr class=\"row-127\">\n\t<td class=\"column-1\">PROCESSO N\u00ba21\/2019 PREG\u00c3O ELETRONICO 19\/2019<\/td><td class=\"column-2\"><a href=\"http:\/\/www.pratinha.mg.gov.br\/portal\/wp-content\/uploads\/2023\/05\/EXTRATO-DE-CONTRATO-MAGNA-SIMOES-2.pdf\">EXTRATO DE CONTRATO MAGNA SIMOES 2<\/a><\/td><td class=\"column-3\">EXTRATO DE ADITIVO<\/td><td class=\"column-4\">PUBLICADO:24\/05\/2023<\/td><td class=\"column-5\">ADITADO A QUILOMETROGEM DA LINHA.<\/td>\n<\/tr>\n<tr class=\"row-128\">\n\t<td class=\"column-1\"><br \/>\n<br \/>\nPROCESSO N\u00ba016\/2023 CHAMADA PUBLICA N\u00ba002\/2023<\/td><td class=\"column-2\"><a href=\"http:\/\/www.pratinha.mg.gov.br\/portal\/wp-content\/uploads\/2023\/05\/EXTRATO-DE-CONTRATO.pdf\">EXTRATO DE CONTRATO<\/a><br \/>\n<a href=\"http:\/\/www.pratinha.mg.gov.br\/portal\/wp-content\/uploads\/2024\/09\/EXTRATO-DE-ADITIVO.pdf\">EXTRATO DE ADITIVO<\/a><\/td><td class=\"column-3\">EXTRATO DE CONTRATO<br \/>\nEXTRATO DE ADITIVO<\/td><td class=\"column-4\">PUBLICADO: 23\/05\/2023<br \/>\n09\/09\/2024<\/td><td class=\"column-5\">CONTRATO N\u00ba54<\/td>\n<\/tr>\n<tr class=\"row-129\">\n\t<td class=\"column-1\">PROCESSO N\u00ba019\/2023 PREG\u00c3O ELETRONICO N\u00ba 019\/2023<\/td><td class=\"column-2\"><a href=\"http:\/\/www.pratinha.mg.gov.br\/portal\/wp-content\/uploads\/2023\/05\/Edital-de-Licitacao.pdf\">Edital de Licita\u00e7\u00e3o<\/a><\/td><td class=\"column-3\">FORNECIMENTO DE REFEI\u00c7\u00d5ES E LANCHES PARA PACIENTES EM TRATAMENTO FORA DE DOMICILIO E FUNCIONARIOS DA PREFEITURA MUNICIPAL DE PRATINHA-MG, NA CIDADE DE ARAXA-MG.<br \/>\n<br \/>\n<\/td><td class=\"column-4\">PUBLICADO:12\/05\/2023<\/td><td class=\"column-5\"><\/td>\n<\/tr>\n<tr class=\"row-130\">\n\t<td class=\"column-1\">PROCESSO N\u00ba 016\/2023 CHAMADA PUBLICA N\u00ba002\/2023<\/td><td class=\"column-2\"><a href=\"http:\/\/www.pratinha.mg.gov.br\/portal\/wp-content\/uploads\/2023\/05\/ATA-DE-SESSAO-PUBLICA.pdf\">ATA DE SESS\u00c3O PUBLICA<\/a><\/td><td class=\"column-3\">ATA DA SESS\u00c3O PUBLICA DE JULGAMENTO \/CREDENCIAMENTO.<\/td><td class=\"column-4\">PUBLICADO:09\/05\/2023<\/td><td class=\"column-5\"><\/td>\n<\/tr>\n<tr class=\"row-131\">\n\t<td class=\"column-1\">PROCESSO N\u00ba 015\/2023<br \/>\nPREGAO ELETR\u00d4NICO N\u00ba 013\/2023<\/td><td class=\"column-2\"><a href=\"http:\/\/www.pratinha.mg.gov.br\/portal\/wp-content\/uploads\/2023\/05\/EXTRATO-DE-CONTRATO.doc.pdf\">EXTRATO DE CONTRATO.doc<\/a><\/td><td class=\"column-3\">EXTRATO DE CONTRATO<\/td><td class=\"column-4\">PUBLICADO:08\/05\/2023<\/td><td class=\"column-5\">CONTRATOS:<br \/>\nN\u00ba35 A N\u00ba52<\/td>\n<\/tr>\n<tr class=\"row-132\">\n\t<td class=\"column-1\">PROCESSO N\u00ba 012\/2023 PREG\u00c3O ELETRONICO N\u00ba011\/2023<\/td><td class=\"column-2\"><a href=\"http:\/\/www.pratinha.mg.gov.br\/portal\/wp-content\/uploads\/2023\/05\/extrato-de-contrato.pdf\">extrato de contrato<\/a><\/td><td class=\"column-3\">EXTRATO DE CONTRATO<\/td><td class=\"column-4\">PUBLICADO:05\/05\/2023<\/td><td class=\"column-5\">ATAS DE N\u00ba20<br \/>\nN\u00ba 21<br \/>\nN\u00ba22<br \/>\nN\u00ba23<br \/>\nN\u00ba24<br \/>\nN\u00ba25<br \/>\nN\u00ba26<br \/>\nN\u00ba27<br \/>\nN\u00ba28<\/td>\n<\/tr>\n<tr class=\"row-133\">\n\t<td class=\"column-1\">PROCESSO N\u00ba 014\/2023 TOMADA DE PRE\u00c7O N\u00ba001\/2023<\/td><td class=\"column-2\"><a href=\"http:\/\/www.pratinha.mg.gov.br\/portal\/wp-content\/uploads\/2023\/05\/EXTRATO-DE-CONTRATO-piso-psf.pdf\">EXTRATO DE CONTRATO piso psf<\/a><\/td><td class=\"column-3\">EXTRATO DE CONTRATO<\/td><td class=\"column-4\">PUBLICADO:04\/05\/2023<\/td><td class=\"column-5\">CONTRATO N\u00ba033\/2023<\/td>\n<\/tr>\n<tr class=\"row-134\">\n\t<td class=\"column-1\">PROCESSO N\u00ba 018\/2023 PREG\u00c3O ELETRONICO N\u00ba015\/2023<\/td><td class=\"column-2\"><a href=\"http:\/\/www.pratinha.mg.gov.br\/portal\/wp-content\/uploads\/2023\/05\/EXTRATO-DE-CONTRATO-CESTA-BASICA.pdf\">EXTRATO DE CONTRATO CESTA BASICA<\/a><\/td><td class=\"column-3\">EXTRATO DE CONTRATO<\/td><td class=\"column-4\">PUBLICADO:04\/05\/2023<\/td><td class=\"column-5\">CONTRATO N\u00ba 034\/2023<\/td>\n<\/tr>\n<tr class=\"row-135\">\n\t<td class=\"column-1\">PROCESSO N\u00ba0027\/2022 PREG\u00c3O    PRESENCIAL N\u00ba006\/2022<\/td><td class=\"column-2\"><a href=\"http:\/\/www.pratinha.mg.gov.br\/portal\/wp-content\/uploads\/2023\/05\/termo-de-rescisao.pdf\">termo de rescisao<\/a><\/td><td class=\"column-3\">TERMO DE RESCIS\u00c3O AMIGAVEL<\/td><td class=\"column-4\">PUBLICADO\/02\/05\/2023<\/td><td class=\"column-5\">RESCINDIDO O CONTRATO.<\/td>\n<\/tr>\n<tr class=\"row-136\">\n\t<td class=\"column-1\">PROCESSO N\u00ba1\/2021 PREG\u00c3O PRESENCIAL N\u00ba 1\/2021<\/td><td class=\"column-2\"><a href=\"http:\/\/www.pratinha.mg.gov.br\/portal\/wp-content\/uploads\/2023\/04\/EXTRATO-DE-ADITIVO-SIM-SAUDE-6o-ALTERACAO-DE-VALOR.pdf\">EXTRATO DE ADITIVO SIM SAUDE 6\u00ba ALTERA\u00c7AO DE VALOR<\/a><\/td><td class=\"column-3\">EXTRATO DE ADITIVO DE CONTRATO<\/td><td class=\"column-4\">PUBLICADO:26\/04\/2023<\/td><td class=\"column-5\">ADITADO O VALOR .<\/td>\n<\/tr>\n<tr class=\"row-137\">\n\t<td class=\"column-1\">PROCESSO N\u00ba046\/2022<\/td><td class=\"column-2\"><a href=\"http:\/\/www.pratinha.mg.gov.br\/portal\/wp-content\/uploads\/2023\/04\/EXTRATO-DE-aditivo-CONTRATO.pdf\">EXTRATO DE aditivo CONTRATO<\/a><\/td><td class=\"column-3\">EXTARTO DE ADITIVO DE QUANTIDADE<\/td><td class=\"column-4\">PUBLICADO:17\/04\/2023<\/td><td class=\"column-5\">ADITADO A QUANTIDADE.<\/td>\n<\/tr>\n<tr class=\"row-138\">\n\t<td class=\"column-1\">PROCESSO N\u00ba013\/2023 PREG\u00c3O ELETRONICO N\u00ba 012\/2023<\/td><td class=\"column-2\"><a href=\"http:\/\/www.pratinha.mg.gov.br\/portal\/wp-content\/uploads\/2023\/04\/EXTRATO-DE-CONTRATO-3.pdf\">EXTRATO DE CONTRATO<\/a><\/td><td class=\"column-3\">EXTRATO DE CONTRATO<\/td><td class=\"column-4\">PUBLICADO:17\/04\/2023<\/td><td class=\"column-5\">ATAS DE N\u00ba 012 \u00c0 019<\/td>\n<\/tr>\n<tr class=\"row-139\">\n\t<td class=\"column-1\">PROCESSO N\u00ba009\/2023 PREG\u00c3O ELETRONICO N\u00ba 008\/2023<\/td><td class=\"column-2\"><a href=\"http:\/\/www.pratinha.mg.gov.br\/portal\/wp-content\/uploads\/2023\/04\/EXTRATO-DE-CONTRATO.pdf\">EXTRATO DE CONTRATO<\/a><br \/>\n<br \/>\n<a href=\"http:\/\/www.pratinha.mg.gov.br\/portal\/wp-content\/uploads\/2024\/12\/EXTRATO-DE-RESCISAO-DE-CONTRATO.pdf\">EXTRATO DE RESCIS\u00c3O DE CONTRATO<\/a><\/td><td class=\"column-3\">EXTRATO DE CONTRATO<br \/>\nEXTRATO DE RESCIS\u00c3O<\/td><td class=\"column-4\">PUBLICADO:11\/04\/2023<br \/>\nPUBLICADO:30\/12\/2024<\/td><td class=\"column-5\">CONTRATO N\u00ba27<br \/>\nN\u00ba28<br \/>\nN\u00ba29<br \/>\nN\u00ba30<br \/>\nN\u00ba31<br \/>\nN\u00ba32<\/td>\n<\/tr>\n<tr class=\"row-140\">\n\t<td class=\"column-1\">PROCESSO N\u00ba 018\/2023 PREG\u00c3O ELETRONICO N\u00ba 015\/2023<\/td><td class=\"column-2\"><a href=\"http:\/\/www.pratinha.mg.gov.br\/portal\/wp-content\/uploads\/2023\/03\/Edital-de-Licitacao-Cestas-Basicas.pdf\">Edital de Licita\u00e7\u00e3o Cestas Basicas<\/a><\/td><td class=\"column-3\">AQUISI\u00c7\u00c3O DE CESTAS B\u00c1SICAS PARA DISTRIBUI\u00c7\u00c3O AOS FUNCION\u00c1RIOS DA PREFEITURA MUNICIPAL DE PRATINHA-MG, NOS TERMOS DA LEI MUNICIPAL N  967\/2017<\/td><td class=\"column-4\">PUBLICADO:28\/03\/2023<\/td><td class=\"column-5\"><\/td>\n<\/tr>\n<tr class=\"row-141\">\n\t<td class=\"column-1\">PROCESSO N\u00ba017\/2023 PREG\u00c3O ELETRONICO N\u00ba014\/2023<\/td><td class=\"column-2\"><a href=\"http:\/\/www.pratinha.mg.gov.br\/portal\/wp-content\/uploads\/2023\/03\/EDITAL-PREGAO-ELETRONICO-MATERIAIS-HOSPITALARES.pdf\">EDITAL PREGAO ELETRONICO MATERIAIS HOSPITALARES<\/a><\/td><td class=\"column-3\">AQUISI\u00c7\u00c3O DE MATERIAIS HOSPITALARES PARA ABASTECIMENTO AS UNIDADES DE SA\u00daDE DO MUNICIPIO DE PRATINHA\/MG EM ATENDIMENTO AO FUNDO MUNICIPAL DE SA\u00daDE.<\/td><td class=\"column-4\">PUBLICADO:28\/03\/2023<\/td><td class=\"column-5\"><\/td>\n<\/tr>\n<tr class=\"row-142\">\n\t<td class=\"column-1\">PROCESSO N\u00ba 16\/2023<br \/>\nCHAMADA PUBLICA N\u00ba2\/2023<\/td><td class=\"column-2\"><a href=\"http:\/\/www.pratinha.mg.gov.br\/portal\/wp-content\/uploads\/2023\/03\/Edital-de-Licitacao-de-no-000016_2023.pdf\">Edital de Licita\u00e7\u00e3o de n\u00ba 000016_2023<\/a><\/td><td class=\"column-3\">CREDENCIAMENTO DE RESTAURANTES SITUADOS NO MUNIC\u00cdPIO DE PRATINHA MG, PARA FORNECER REFEI\u00c7\u00d5ES DO TIPO SELF SERVICE E MARMITEX.<\/td><td class=\"column-4\">PUBLICADO:23\/03\/2023<\/td><td class=\"column-5\"><\/td>\n<\/tr>\n<tr class=\"row-143\">\n\t<td class=\"column-1\">PROCESSO N\u00ba 011\/2023<br \/>\nPREG\u00c3O ELETRONICO N\u00ba 010\/2023<\/td><td class=\"column-2\"><a href=\"http:\/\/www.pratinha.mg.gov.br\/portal\/wp-content\/uploads\/2023\/03\/EXTRATO-DE-CONTRATO-1.pdf\">EXTRATO DE CONTRATO<\/a><\/td><td class=\"column-3\">EXTRATO DE CONTRATO<\/td><td class=\"column-4\">PUBLICADO:22\/03\/2023<\/td><td class=\"column-5\">ATA<br \/>\nN\u00ba 11<\/td>\n<\/tr>\n<tr class=\"row-144\">\n\t<td class=\"column-1\">PROCESSO N\u00ba 008\/2023 PREG\u00c3O ELETRONICO N\u00ba07\/2023<\/td><td class=\"column-2\"><a href=\"http:\/\/www.pratinha.mg.gov.br\/portal\/wp-content\/uploads\/2023\/03\/EXTRATO-DE-CONTRATO-GAS.pdf\">EXTRATO DE CONTRATO GAS<\/a><\/td><td class=\"column-3\">EXTRATO DE CONTRATO<\/td><td class=\"column-4\">PUBLICADO:22\/03\/2023<\/td><td class=\"column-5\">CONTRATO:<br \/>\nN\u00ba21<\/td>\n<\/tr>\n<tr class=\"row-145\">\n\t<td class=\"column-1\">PROCESSO N\u00ba006\/2023 CHAMADA PUBLICA N\u00ba001\/2023 AGRICULTURA FAMILIAR<\/td><td class=\"column-2\"><a href=\"http:\/\/www.pratinha.mg.gov.br\/portal\/wp-content\/uploads\/2023\/03\/EXTRATO-DE-CONTRATO-CHAMADA-PUBLICA-2023.pdf\">EXTRATO DE CONTRATO CHAMADA PUBLICA 2023<\/a><\/td><td class=\"column-3\">EXTRATO DE CONTRATOS<\/td><td class=\"column-4\">PUBLICADO:22\/03\/2023<\/td><td class=\"column-5\">CONTRATOS:<br \/>\nN\u00ba22<br \/>\nN\u00ba23<br \/>\nN\u00ba24<br \/>\nN\u00ba25<\/td>\n<\/tr>\n<tr class=\"row-146\">\n\t<td class=\"column-1\">PROCESSO N\u00ba 01\/0\/2023<br \/>\nPREG\u00c3O ELETRONICO N\u00ba 09\/2023<\/td><td class=\"column-2\"><a href=\"http:\/\/www.pratinha.mg.gov.br\/portal\/wp-content\/uploads\/2023\/03\/EXTRATO-DE-CONTRATO-hortifruti.pdf\">EXTRATO DE CONTRATO hortifruti<\/a><\/td><td class=\"column-3\">EXTRATO DE CONTRATO<\/td><td class=\"column-4\">PUBLICADO:22\/03\/2023<\/td><td class=\"column-5\">ATA N\u00ba10<\/td>\n<\/tr>\n<tr class=\"row-147\">\n\t<td class=\"column-1\">PROCESSO N\u00ba 036\/2022<br \/>\nPREG\u00c3O ELETRONICO N\u00ba 021\/2022<\/td><td class=\"column-2\"><a href=\"http:\/\/www.pratinha.mg.gov.br\/portal\/wp-content\/uploads\/2023\/03\/EXTRATO-DE-ADITIVO.pdf\">EXTRATO DE ADITIVO<\/a><\/td><td class=\"column-3\">EXTRATO DE ADITIVO<\/td><td class=\"column-4\">PUBLICADO:21\/03\/2023<\/td><td class=\"column-5\">ADITADO CONTRATO N\u00ba94\/2022<\/td>\n<\/tr>\n<tr class=\"row-148\">\n\t<td class=\"column-1\">PROCESSO N\u00ba07\/2022 PREG\u00c3O ELETRONICO N\u00ba 0471\/2022<\/td><td class=\"column-2\"><a href=\"http:\/\/www.pratinha.mg.gov.br\/portal\/wp-content\/uploads\/2023\/03\/1o-EXTRATO-DE-ADITIVO-1.pdf\">1\u00ba EXTRATO DE ADITIVO<\/a><\/td><td class=\"column-3\">EXTRATO DE ADITIVO<\/td><td class=\"column-4\">PUBLICADO:21\/03\/2023<\/td><td class=\"column-5\">ADITADO O VALOR DA GASOLINA<\/td>\n<\/tr>\n<tr class=\"row-149\">\n\t<td class=\"column-1\">PROCESSO N\u00ba 015\/2023<br \/>\nPREGAO ELETR\u00d4NICO N\u00ba 013\/2023<br \/>\n<\/td><td class=\"column-2\"><a href=\"http:\/\/www.pratinha.mg.gov.br\/portal\/wp-content\/uploads\/2023\/03\/EDITAL-PREGAO-ELETRONICO-No.pdf\">EDITAL PREG\u00c3O ELETR\u00d4NICO N\u00ba<\/a><\/td><td class=\"column-3\">AQUISI\u00c7\u00c3O DE MEDICAMENTOS PARA ATENDIMENTO AO FUNDO MUNICIPAL DE SA\u00daDE DE PRATINHA\/MG<\/td><td class=\"column-4\">PUBLICADO:22\/03\/2023<\/td><td class=\"column-5\"><\/td>\n<\/tr>\n<tr class=\"row-150\">\n\t<td class=\"column-1\">processo n\u00ba1\/2021 PREG\u00c3O PRESENCIAL N\u00ba 1\/2021<\/td><td class=\"column-2\"><a href=\"http:\/\/www.pratinha.mg.gov.br\/portal\/wp-content\/uploads\/2023\/03\/RESPOSTA-AO-PEDIDO-DE-REEQUILIBRIO.pdf\">RESPOSTA AO PEDIDO DE REEQUILIBRIO<\/a><\/td><td class=\"column-3\">RESPOSTA AO PEDIDO DE REEQUILIBRIO<\/td><td class=\"column-4\">PUBLICADO:09\/03\/2023<\/td><td class=\"column-5\"><\/td>\n<\/tr>\n<tr class=\"row-151\">\n\t<td class=\"column-1\">PROCESSO N\u00ba076\/2022 PREG\u00c3O ELETRONICO N\u00ba041\/2022<\/td><td class=\"column-2\"><a href=\"http:\/\/www.pratinha.mg.gov.br\/portal\/wp-content\/uploads\/2023\/03\/1o-EXTRATO-DE-ADITIVO.pdf\">1\u00ba EXTRATO DE ADITIVO<\/a><\/td><td class=\"column-3\">EXTRATO DE ADITIVO DE CONTRATO<\/td><td class=\"column-4\">PUBLICADO:09\/03\/2023<\/td><td class=\"column-5\">ADITIVO N\u00ba01<\/td>\n<\/tr>\n<tr class=\"row-152\">\n\t<td class=\"column-1\">PROCESSO N\u00ba07\/2023 PREG\u00c3O ELETRONICO N\u00ba 06\/2023<\/td><td class=\"column-2\"><a href=\"http:\/\/www.pratinha.mg.gov.br\/portal\/wp-content\/uploads\/2023\/03\/EXTRATO-DE-CONTRATO.doc.pdf\">EXTRATO DE CONTRATO.doc<\/a><\/td><td class=\"column-3\">EXTRATO DE CONTRATO<\/td><td class=\"column-4\">PUBLICADO:09\/03\/2023<\/td><td class=\"column-5\">ATA N\u00ba09<\/td>\n<\/tr>\n<tr class=\"row-153\">\n\t<td class=\"column-1\">PROCESSO N\u00ba 001\/2023 PREG\u00c3O ELETRONICO 001\/2023<\/td><td class=\"column-2\"><a href=\"http:\/\/www.pratinha.mg.gov.br\/portal\/wp-content\/uploads\/2023\/03\/EXTRATO-DE-CONTRATO.pdf\">EXTRATO DE CONTRATO<\/a><\/td><td class=\"column-3\">EXTRATO DE CONTRATO<\/td><td class=\"column-4\">PUBLICADO : 09\/03\/2023<\/td><td class=\"column-5\">CONTRATO N\u00ba16<\/td>\n<\/tr>\n<tr class=\"row-154\">\n\t<td class=\"column-1\">PROCESSO N\u00ba 014\/2023 TOMADA DE PRE\u00c7O N\u00ba001\/2023<\/td><td class=\"column-2\"><a href=\"http:\/\/www.pratinha.mg.gov.br\/portal\/wp-content\/uploads\/2023\/03\/Edital.tomada-de-preco-no001-2023.pdf\">Edital.tomada de pre\u00e7o n\u00ba001-2023<\/a><\/td><td class=\"column-3\">CONTRATA\u00c7\u00c3O DE EMPRESA ESPECIALIZADA EM CONSTRU\u00c7\u00c3O CIVIL, PARA READEQUA\u00c7\u00c3O DO PISO DO P\u00c1TIO DA ENTRADA PRINCIPAL DO PSF MUNICIPAL DE PRATINHA\/MG.<\/td><td class=\"column-4\">Publicado:08\/03\/2023<\/td><td class=\"column-5\"><\/td>\n<\/tr>\n<tr class=\"row-155\">\n\t<td class=\"column-1\">PROCESSO N\u00ba013\/2023<br \/>\nPREG\u00c3O ELETRONICO N\u00ba 012\/2023<\/td><td class=\"column-2\"><a href=\"http:\/\/www.pratinha.mg.gov.br\/portal\/wp-content\/uploads\/2023\/03\/EDITAL-PREGAO-ELETRONICO-HIGIENE-E-LIMPESA.pdf\">EDITAL PREGAO ELETRONICO HIGIENE E LIMPESA<\/a><br \/>\n<a href=\"http:\/\/www.pratinha.mg.gov.br\/portal\/wp-content\/uploads\/2023\/08\/Notificacao-GOLD.docx.pdf\">Notifica\u00e7\u00e3o GOLD.docx<\/a><br \/>\n<br \/>\n<a href=\"http:\/\/www.pratinha.mg.gov.br\/portal\/wp-content\/uploads\/2023\/11\/Notificacao-WTRAD.pdf\">Notifica\u00e7\u00e3o WTRAD<\/a><\/td><td class=\"column-3\">REGISTRO DE PRE\u00c7OS PARA AQUISI\u00c7\u00c3O PARCELADA E CONFORME NECESSIDADE, DE MATERIAL DE HIGIENE E LIMPEZA PARA OS DEPARTAMENTOS DA PREFEITURA MUNICIPAL DE PRATINHA, CONFORME QUANTIDADE E ESPECIFICA\u00c7\u00d5ES DO ANEXO I.<br \/>\n<br \/>\nNOTIFICA\u00c7\u00c3O POR DESCUMPRIMENTO DE CONTARTO<br \/>\n<br \/>\nNOTIFICA\u00c7\u00c3O POR DESCUMPRIMENTO DE CONTARTO<\/td><td class=\"column-4\">Publicado:07\/03\/2023<br \/>\nPUBLICADO:22\/08\/2023<br \/>\nPUBLICADO:16\/11\/2023<\/td><td class=\"column-5\"><\/td>\n<\/tr>\n<tr class=\"row-156\">\n\t<td class=\"column-1\">PROCESSO N\u00ba 012\/2023 PREG\u00c3O ELETRONICO N\u00ba 011\/2023<\/td><td class=\"column-2\"><a href=\"http:\/\/www.pratinha.mg.gov.br\/portal\/wp-content\/uploads\/2023\/03\/EDITAL-PREGAO-ELETRONICO-MATERIAL-DE-CONSUMO-ODONTOLOGICO.pdf\">EDITAL PREGAO ELETRONICO MATERIAL DE CONSUMO ODONTOLOGICO<\/a><\/td><td class=\"column-3\">REGISTRO DE PRE\u00c7OS PARA AQUISI\u00c7\u00c3O DE MATERIAL DE CONSUMO ODONTOLOGICO, PARA ABASTECIMENTO A UNIDADES DE SA\u00daDE DE PRATINHA\/MG, CONFORME QUANTIDADE E ESPECIFICA\u00c7\u00d5ES DO ANEXO I.<\/td><td class=\"column-4\">PUBLICADO: 03\/03\/2023<\/td><td class=\"column-5\"><\/td>\n<\/tr>\n<tr class=\"row-157\">\n\t<td class=\"column-1\">PROCESSO N\u00ba 011\/2023 PREG\u00c3O ELETRONICO N\u00ba 010\/2023<\/td><td class=\"column-2\"><a href=\"http:\/\/www.pratinha.mg.gov.br\/portal\/wp-content\/uploads\/2023\/02\/EDITAL-PREGAO-ELETRONICO-GENEROS-ALIMENTICIOS.pdf\">EDITAL PREGAO ELETRONICO GENEROS ALIMENTICIOS<\/a><\/td><td class=\"column-3\">REGISTRO DE PRE\u00c7OS PARA AQUISI\u00c7\u00c3O DE GENEROS ALIMENTICIOS, PARA ATENDIMENTO AOS DIVERSOS DEPARTAMENTOS DE PRATINHA\/MG<\/td><td class=\"column-4\">Publicado:28\/02\/2023<\/td><td class=\"column-5\"><\/td>\n<\/tr>\n<tr class=\"row-158\">\n\t<td class=\"column-1\">PROCESSO N\u00ba005\/2023 PREG\u00c3O ELETRONICO N\u00ba 005\/2023<\/td><td class=\"column-2\"><a href=\"http:\/\/www.pratinha.mg.gov.br\/portal\/wp-content\/uploads\/2023\/02\/EXTRATO-DE-CONTRATO.doc.pdf\">EXTRATO DE CONTRATO.doc<\/a><br \/>\n<a href=\"http:\/\/www.pratinha.mg.gov.br\/portal\/wp-content\/uploads\/2023\/02\/EXTRATO-DE-homologacao-e-adjudicacao.doc.pdf\">EXTRATO DE homologa\u00e7ao e adjudica\u00e7\u00e3o.doc<\/a><\/td><td class=\"column-3\">EXTRATO DE CONTRATO \/<br \/>\nEXTRATO DE HOMOLOGA\u00c7\u00c3O<\/td><td class=\"column-4\">Publicado:27\/02\/2023<\/td><td class=\"column-5\">Contrato n\u00ba11<\/td>\n<\/tr>\n<tr class=\"row-159\">\n\t<td class=\"column-1\">PROCESSO N\u00ba 010\/2023 PREG\u00c3O ELETRONICO N\u00ba009\/2023<\/td><td class=\"column-2\"><a href=\"http:\/\/www.pratinha.mg.gov.br\/portal\/wp-content\/uploads\/2023\/02\/EDITAL-PREGAO-ELETRONICO-009-2023-HORTIFRUTI.pdf\">EDITAL PREGAO ELETRONICO 009-2023 HORTIFRUTI<\/a><\/td><td class=\"column-3\">REGISTRO DE PRE\u00c7O PARA AQUISI\u00c7\u00c3O DE HORTIFRUTI PARA ATENDIMENTO DOS DIVERSOS DEPARTAMENTOS DA PREFEITURA MUNICIPAL DE PRATINHA\/MG<\/td><td class=\"column-4\">Publicado:17\/02\/2023<\/td><td class=\"column-5\"><\/td>\n<\/tr>\n<tr class=\"row-160\">\n\t<td class=\"column-1\">PROCESSO N\u00ba009\/2023 PREG\u00c3O ELETRONICO N\u00ba008\/2023<\/td><td class=\"column-2\"><a href=\"http:\/\/www.pratinha.mg.gov.br\/portal\/wp-content\/uploads\/2023\/02\/EDITAL-PREGAO-ELETRONICO-SAUDE.pdf\">EDITAL PREG\u00c3O ELETR\u00d4NICO SAUDE<\/a><br \/>\n<br \/>\n<a href=\"http:\/\/www.pratinha.mg.gov.br\/portal\/wp-content\/uploads\/2023\/03\/RETIFICACAO-PREGAO.pdf\">RETIFICA\u00c7\u00c3O PREG\u00c3O<\/a><br \/>\n<br \/>\n<a href=\"http:\/\/www.pratinha.mg.gov.br\/portal\/wp-content\/uploads\/2025\/11\/EXTRATO-RECISIAO-ISABELA-ROCHA.pdf\">EXTRATO RECISIAO ISABELA ROCHA<\/a><\/td><td class=\"column-3\">CONTRATA\u00c7\u00c3O DE SERVI\u00c7OS DE CIRURGI\u00c3O DENTISTA, T\u00c9CNICO DE RAIO X, ASSISTENTE SOCIAL, NUTRICIONISTA, PSIQUIATRIA E PSICOLOGO PARA ATENDIMENTO AS DEMANDAS DA SECRETARIA DE SA\u00daDE DE PRATINHA\/MG<br \/>\nADENDO DE RETIFICA\u00c7\u00c3O DE EDITAL<br \/>\n<br \/>\nEXTRATO DE RECISAO<\/td><td class=\"column-4\">publiocado:16\/02\/2023<br \/>\nPUBLICADO:02\/03\/2023<br \/>\nPUBLICADO?05\/11\/2025<\/td><td class=\"column-5\"><\/td>\n<\/tr>\n<tr class=\"row-161\">\n\t<td class=\"column-1\">PROCESSO N\u00ba 59\/2021 PREG\u00c3O ELETRONICO N\u00ba 24\/2021<\/td><td class=\"column-2\"><a href=\"http:\/\/www.pratinha.mg.gov.br\/portal\/wp-content\/uploads\/2023\/02\/EXTRATO-DE-CONTRATO-HELCIO-BORGES.pdf\">EXTRATO DE CONTRATO HELCIO BORGES<\/a><\/td><td class=\"column-3\">EXTRATO DE ADITIVO<\/td><td class=\"column-4\">Publicado:15\/02\/2023<\/td><td class=\"column-5\">ADITADO A QUILOMETRAGEM.<\/td>\n<\/tr>\n<tr class=\"row-162\">\n\t<td class=\"column-1\">PROCESSO N\u00ba 6\/2022<br \/>\nPREG\u00c3O ELETRONICO N\u00ba 4\/2022<\/td><td class=\"column-2\"><a href=\"http:\/\/www.pratinha.mg.gov.br\/portal\/wp-content\/uploads\/2023\/01\/EXTRATO-DE-CONTRATO-LILIAN-APARECIDA.pdf\">EXTRATO DE CONTRATO LILIAN APARECIDA<\/a><\/td><td class=\"column-3\">EXTRATO DE ADITIVO DE PRAZO <\/td><td class=\"column-4\">06\/01\/2023<\/td><td class=\"column-5\">ADITADO PRAZO DE VIGENCIA.<\/td>\n<\/tr>\n<tr class=\"row-163\">\n\t<td class=\"column-1\">PROCESSO N\u00ba10\/2019<br \/>\nPREG\u00c3O PRESENCIAL N\u00ba 9\/2019<\/td><td class=\"column-2\"><a href=\"http:\/\/www.pratinha.mg.gov.br\/portal\/wp-content\/uploads\/2023\/01\/EXTRATO-DE-CONTRATO-ALICE-ABADIA.pdf\">EXTRATO DE CONTRATO ALICE ABADIA<\/a><\/td><td class=\"column-3\">EXTRATO DE ADITIVO DE PRAZO\/VIGENCIA<\/td><td class=\"column-4\">06\/01\/2023<\/td><td class=\"column-5\">ADITADO PRAZO DE VIGENCIA<\/td>\n<\/tr>\n<tr class=\"row-164\">\n\t<td class=\"column-1\">PROCESSO N\u00ba39\/2021<br \/>\nPREG\u00c3O PRESENCIAL N\u00ba 21\/2021<\/td><td class=\"column-2\"><a href=\"http:\/\/www.pratinha.mg.gov.br\/portal\/wp-content\/uploads\/2023\/01\/EXTRATO-DE-CONTRATO-GUSTAVO-DE-SENA-CRUZ.pdf\">EXTRATO DE CONTRATO GUSTAVO DE SENA CRUZ<\/a><\/td><td class=\"column-3\">EXTRATO DE ADITIVO DE PRAZO\/VIGENCIA<\/td><td class=\"column-4\">06\/01\/2023<\/td><td class=\"column-5\">ADITADO PRAZO DE VIGENCIA<\/td>\n<\/tr>\n<tr class=\"row-165\">\n\t<td class=\"column-1\">PROCESSO N\u00ba 7\/2022<br \/>\nPREG\u00c3O ELETRONICO N\u00ba 3\/2022<\/td><td class=\"column-2\"><a href=\"http:\/\/www.pratinha.mg.gov.br\/portal\/wp-content\/uploads\/2023\/01\/EXTRATO-DE-CONTRATO-MOURA-SERVICOS.pdf\">EXTRATO DE CONTRATO MOURA SERVI\u00c7OS<\/a><\/td><td class=\"column-3\">EXTRATO DE ADITIVO DE PRAZO\/VIGENCIA<\/td><td class=\"column-4\">06\/01\/2023<\/td><td class=\"column-5\">ADITADO PRAZO DE VIGENCIA<\/td>\n<\/tr>\n<tr class=\"row-166\">\n\t<td class=\"column-1\">PROCESSO N\u00ba11\/2020<br \/>\nPREG\u00c3O \u00b4PRESENCIAL N\u00ba 8\/2020<\/td><td class=\"column-2\"><a href=\"http:\/\/www.pratinha.mg.gov.br\/portal\/wp-content\/uploads\/2023\/01\/EXTRATO-DE-CONTRATO-W-A-CARDOSO-RADIOLOGIA.pdf\">EXTRATO DE CONTRATO W A CARDOSO RADIOLOGIA<\/a><br \/>\n<br \/>\n<a href=\"http:\/\/www.pratinha.mg.gov.br\/portal\/wp-content\/uploads\/2024\/12\/EXTRATO-DE-CONTRATO-RADIOLOGIA.pdf\">EXTRATO DE CONTRATO RADIOLOGIA<\/a><\/td><td class=\"column-3\">EXTRATO DE ADITIVO DE PRAZO\/VIGENCIA<br \/>\nEXTRATO DE ADITIVO<\/td><td class=\"column-4\">06\/01\/2023<br \/>\nPUBLICADO:12\/12\/2024<\/td><td class=\"column-5\">ADITADO PRAZO DE VIGENCIA<\/td>\n<\/tr>\n<tr class=\"row-167\">\n\t<td class=\"column-1\">PROCESSO N\u00ba 2\/2022<br \/>\nPREG\u00c3O PRESENCIAL N\u00ba2\/2022<\/td><td class=\"column-2\"><a href=\"http:\/\/www.pratinha.mg.gov.br\/portal\/wp-content\/uploads\/2023\/01\/EXTRATO-DE-CONTRATO-W-A-CARDOSO-GINECOLOGIA.pdf\">EXTRATO DE CONTRATO W A CARDOSO GINECOLOGIA<\/a><\/td><td class=\"column-3\">EXTRATO DE ADITIVO DE PRAZO\/VIGENCIA<\/td><td class=\"column-4\">06\/01\/2023<\/td><td class=\"column-5\">ADITADO PRAZO DE VIGENCIA<\/td>\n<\/tr>\n<tr class=\"row-168\">\n\t<td class=\"column-1\">PROCESSO N\u00ba14\/2019<br \/>\nPREG\u00c3O PRESENCIAL N\u00ba13\/2019<\/td><td class=\"column-2\"><a href=\"http:\/\/www.pratinha.mg.gov.br\/portal\/wp-content\/uploads\/2023\/01\/EXTRATO-DE-CONTRATO-PIMENTA-OLIVEIRA.pdf\">EXTRATO DE CONTRATO PIMENTA OLIVEIRA<\/a><\/td><td class=\"column-3\">EXTRATO DE ADITIVO DE PRAZO\/VIGENCIA<\/td><td class=\"column-4\">06\/01\/2023<\/td><td class=\"column-5\">ADITADO PRAZO DE VIGENCIA<\/td>\n<\/tr>\n<tr class=\"row-169\">\n\t<td class=\"column-1\">PROCESSO N\u00ba3\/2018<br \/>\nPREG\u00c3O PRESENCIAL N\u00ba 3\/2018<\/td><td class=\"column-2\"><a href=\"http:\/\/www.pratinha.mg.gov.br\/portal\/wp-content\/uploads\/2023\/01\/EXTRATO-DE-CONTRATO-josiane.pdf\">EXTRATO DE CONTRATO josiane<\/a><\/td><td class=\"column-3\">EXTRATO DE ADITIVO DE PRAZO\/VIGENCIA<\/td><td class=\"column-4\">06\/01\/2023<\/td><td class=\"column-5\">ADITADO PRAZO DE VIGENCIA<\/td>\n<\/tr>\n<tr class=\"row-170\">\n\t<td class=\"column-1\">PROCESSO N\u00ba 4\/2022 PREG\u00c3O ELETRONICO N\u00ba 2\/2022<\/td><td class=\"column-2\"><a href=\"http:\/\/www.pratinha.mg.gov.br\/portal\/wp-content\/uploads\/2023\/01\/EXTRATO-DE-CONTRATO-VALERIA-SILVA-FRANCA.pdf\">EXTRATO DE CONTRATO VALERIA SILVA FRAN\u00c7A<\/a><\/td><td class=\"column-3\">EXTRATO DE ADITIVO DE PRAZO\/VIGENCIA<\/td><td class=\"column-4\">06\/01\/2023<\/td><td class=\"column-5\">ADITADO PRAZO DE VIGENCIA<\/td>\n<\/tr>\n<tr class=\"row-171\">\n\t<td class=\"column-1\">PROCESSO N\u00ba 5\/2022<br \/>\nPREG\u00c3O ELETRONICO N\u00ba3\/2022<\/td><td class=\"column-2\"><a href=\"http:\/\/www.pratinha.mg.gov.br\/portal\/wp-content\/uploads\/2023\/01\/EXTRATO-DE-CONTRATO-DAVID-ANTONIO.pdf\">EXTRATO DE CONTRATO DAVID ANTONIO<\/a><\/td><td class=\"column-3\">EXTRATO DE ADITIVO DE PRAZO\/VIGENCIA<\/td><td class=\"column-4\">06\/01\/2023<\/td><td class=\"column-5\">ADITADO PRAZO DE VIGENCIA<\/td>\n<\/tr>\n<tr class=\"row-172\">\n\t<td class=\"column-1\">PROCESSO N\u00ba 3\/2022<br \/>\nPREG\u00c3O ELETRONICO N\u00ba1\/2022<\/td><td class=\"column-2\"><a href=\"http:\/\/www.pratinha.mg.gov.br\/portal\/wp-content\/uploads\/2023\/01\/EXTRATO-DE-CONTRATO-TASSIO-HENRIQUE.pdf\">EXTRATO DE CONTRATO TASSIO HENRIQUE<\/a><\/td><td class=\"column-3\">EXTRATO DE ADITIVOI DE PRAZO\/VIGENCIA<\/td><td class=\"column-4\">06\/01\/2023<\/td><td class=\"column-5\">ADITADO PRAZO DE VIGENCIA<\/td>\n<\/tr>\n<tr class=\"row-173\">\n\t<td class=\"column-1\">PROCESSO N\u00ba1\/2021<br \/>\nPREG\u00c3O PRESENCIAL N\u00ba1\/2021<\/td><td class=\"column-2\"><a href=\"http:\/\/www.pratinha.mg.gov.br\/portal\/wp-content\/uploads\/2023\/01\/EXTRATO-DE-CONTRATO-SIM-SAUDE.pdf\">EXTRATO DE CONTRATO SIM SAUDE<\/a><\/td><td class=\"column-3\">EXTRATO DE ADITIVO DE PRAZO\/VIGENCIA<\/td><td class=\"column-4\">06\/01\/2023<\/td><td class=\"column-5\">ADITADO PRAZO DE VIGENCIA<\/td>\n<\/tr>\n<tr class=\"row-174\">\n\t<td class=\"column-1\">PROCESSO N\u00ba 55\/2022<br \/>\nPREG\u00c3O ELETRONICO N\u00ba031\/2022<\/td><td class=\"column-2\"><a href=\"http:\/\/www.pratinha.mg.gov.br\/portal\/wp-content\/uploads\/2023\/01\/EXTRATO-DE-TERMO-DE-ADITIVO-DE-CONTRATOS.pdf\">EXTRATO DE TERMO DE ADITIVO DE CONTRATOS<\/a><\/td><td class=\"column-3\">EXTRATO DE ADITIVO\/VIGENCIA<\/td><td class=\"column-4\">09\/01\/2023<\/td><td class=\"column-5\">ADITADO PRAZO DE VIGENCIA<\/td>\n<\/tr>\n<tr class=\"row-175\">\n\t<td class=\"column-1\">PROCESSO N\u00ba001\/2023 PREG\u00c3O ELETRONICO N\u00ba 001\/2023<\/td><td class=\"column-2\"><a href=\"http:\/\/www.pratinha.mg.gov.br\/portal\/wp-content\/uploads\/2023\/01\/EDITAL-PREGAO-ELETRONICO.pdf\">EDITAL PREG\u00c3O ELETR\u00d4NICO<\/a><\/td><td class=\"column-3\">Contrata\u00e7\u00e3o de servi\u00e7o especializado na area de assistencia social, para atuar na prote\u00e7\u00e3o socialbasica, no CRAS Francisca Maria de Jesus, Desenvolvendo todos os servi\u00e7os inerentes ao cargo, atendendo as necessidades do Departamento de A\u00e7\u00e3o e Promo\u00e7\u00e3o  Social  de Pratinha\/MG.<\/td><td class=\"column-4\">Publicado:11\/01\/2023:<br \/>\ncertame:24\/01\/2023 as 09:00 horas.<\/td><td class=\"column-5\"><\/td>\n<\/tr>\n<tr class=\"row-176\">\n\t<td class=\"column-1\">PROCESSO N\u00ba 002\/2023 PREG\u00c3O ELETRONICO N\u00ba 002\/2023<\/td><td class=\"column-2\"><a href=\"http:\/\/www.pratinha.mg.gov.br\/portal\/wp-content\/uploads\/2023\/01\/EDITAL-PREGAO-ELETRONICO-1.pdf\">EDITAL PREG\u00c3O ELETR\u00d4NICO<\/a><br \/>\n<br \/>\n<a href=\"http:\/\/www.pratinha.mg.gov.br\/portal\/wp-content\/uploads\/2023\/02\/LICITANET-ATA-DE-REALIZACAO-DO-PREGAO-ELETRONICO.pdf\">LICITANET - ATA DE REALIZA\u00c7\u00c3O DO PREG\u00c3O ELETR\u00d4NICO<\/a><\/td><td class=\"column-3\">Contrata\u00e7\u00e3o de servi\u00e7o especialido de odontologia para realizar visitas domiciliares, urgencia,atividades coletivas, levantamento epidemiologico nas escolas e assumir a responsabilidade de assessorar a\u00e7\u00f5es de rotinas de controle de infec\u00e7\u00e3o em odontologia conforme Resolu\u00e7\u00e3o SE\/MG 1559\/2008<br \/>\nAta de certame deserto por falta de propostas.<\/td><td class=\"column-4\">Publicado: 13\/01\/2023<br \/>\ncertame: 26\/01\/2023 as 09:00 horas.<br \/>\n<br \/>\n<\/td><td class=\"column-5\">DESERTO<\/td>\n<\/tr>\n<tr class=\"row-177\">\n\t<td class=\"column-1\">PROCESSO N\u00ba003\/2023 PREG\u00c3O ELETRONICO N\u00ba003\/2023<\/td><td class=\"column-2\"><a href=\"http:\/\/www.pratinha.mg.gov.br\/portal\/wp-content\/uploads\/2023\/01\/EDITAL-PREGAO-ELETRONICO-No-03-2023-OXIGENIO-MEDICINAL.pdf\">EDITAL PREG\u00c3O ELETR\u00d4NICO N\u00ba 03-2023 - OXIG\u00caNIO MEDICINAL<\/a><\/td><td class=\"column-3\">Aquisi\u00e7\u00e3o parcelada e conforme necessidade de oxig\u00eanio medicinal para atender o departamento municipal de sa\u00fade de Pratinha MG, durante o  ano de 2023 <\/td><td class=\"column-4\">Publicado:18\/01\/2023<br \/>\nCertame 31\/01\/2023 as 09:00 horas.<\/td><td class=\"column-5\"><\/td>\n<\/tr>\n<tr class=\"row-178\">\n\t<td class=\"column-1\">PROCESSO N\u00ba 75\/2022 PREG\u00c3O N\u00ba038\/2022<\/td><td class=\"column-2\"><a href=\"http:\/\/www.pratinha.mg.gov.br\/portal\/wp-content\/uploads\/2023\/01\/EXTRATO-DE-CONTRATO.pdf\">EXTRATO DE CONTRATO<\/a><\/td><td class=\"column-3\">EXTRATO DE CONTRATO<\/td><td class=\"column-4\">Publicado:19\/01\/2023<\/td><td class=\"column-5\">ATA N\u00ba01<\/td>\n<\/tr>\n<tr class=\"row-179\">\n\t<td class=\"column-1\">PROCESSO N\u00ba074\/2022 PREG\u00c3O N\u00ba 040\/2022<\/td><td class=\"column-2\"><a href=\"http:\/\/www.pratinha.mg.gov.br\/portal\/wp-content\/uploads\/2023\/01\/EXTRATO-DE-CONTRATO-2.pdf\">EXTRATO DE CONTRATO<\/a><\/td><td class=\"column-3\">EXTRATO DE CONTRATO<\/td><td class=\"column-4\">Publicado:19\/01\/2023<\/td><td class=\"column-5\">N\u00ba02<br \/>\nN\u00ba03<br \/>\nN\u00ba04<br \/>\nN\u00ba05<\/td>\n<\/tr>\n<tr class=\"row-180\">\n\t<td class=\"column-1\">PROCESSO N\u00ba076\/2022 PREG\u00c3O N\u00ba 041\/2022<\/td><td class=\"column-2\"><a href=\"http:\/\/www.pratinha.mg.gov.br\/portal\/wp-content\/uploads\/2023\/01\/EXTRATO-DE-CONTRATO-COMBUSTIVEIS-2023.pdf\">EXTRATO DE CONTRATO COMBUST\u00cdVEIS 2023<\/a><\/td><td class=\"column-3\">EXTRATO DE CONTRATO<\/td><td class=\"column-4\">Publicado:19\/01\/2023<\/td><td class=\"column-5\">contrato N\u00ba01<\/td>\n<\/tr>\n<tr class=\"row-181\">\n\t<td class=\"column-1\">PROCESSO N\u00ba73\/2022<br \/>\nPREG\u00c3O ELETRONICO N\u00ba 039\/2022<\/td><td class=\"column-2\"><a href=\"http:\/\/www.pratinha.mg.gov.br\/portal\/wp-content\/uploads\/2023\/01\/extrato-de-contrato.pdf\">extrato de contrato<\/a><\/td><td class=\"column-3\">EXTRATO DE CONTRATO <\/td><td class=\"column-4\">Publicado: 19\/01\/2023<\/td><td class=\"column-5\">ata n\u00ba06<br \/>\nn\u00ba07<br \/>\nn\u00ba08<\/td>\n<\/tr>\n<tr class=\"row-182\">\n\t<td class=\"column-1\">PROCESSO N\u00ba005\/2023<br \/>\nPREG\u00c3O ELETRONICO N\u00ba 005\/2023<\/td><td class=\"column-2\"><a href=\"http:\/\/www.pratinha.mg.gov.br\/portal\/wp-content\/uploads\/2023\/01\/EDITAL-PREGAO-ELETRONICO-No-005-23-AQUISICAO-VEICULOS.pdf\">EDITAL PREG\u00c3O ELETR\u00d4NICO N\u00ba 005-23 - AQUISI\u00c7\u00c3O VE\u00cdCULOS<\/a><br \/>\n<br \/>\n<a href=\"http:\/\/www.pratinha.mg.gov.br\/portal\/wp-content\/uploads\/2023\/02\/resposta-a-impugnacao..pdf\">resposta a impugna\u00e7a\u00f5.<\/a><\/td><td class=\"column-3\">Aquisi\u00e7\u00e3o de veiculo de 7 lugares para atendimento ao departamento de administra\u00e7\u00e3o de pratinha\/mg.<br \/>\n<br \/>\nRESPOSTA A IMPUGNA\u00c7\u00c3O DE EDITAL.<\/td><td class=\"column-4\">Publicado:30\/01\/2023<br \/>\nPublicado:09\/02\/203<\/td><td class=\"column-5\">contrato n\u00ba11<\/td>\n<\/tr>\n<tr class=\"row-183\">\n\t<td class=\"column-1\">PROCESSO N\u00ba050\/2022 PREG\u00c3O ELETRONICO N\u00ba 028\/2022<\/td><td class=\"column-2\"><a href=\"http:\/\/www.pratinha.mg.gov.br\/portal\/wp-content\/uploads\/2023\/01\/termo-de-recisao-ass.pdf\">termo de recisao ass<\/a><\/td><td class=\"column-3\">TERMO DE RESCISAO CONTRATUAL.<\/td><td class=\"column-4\">Publicado:30\/01\/2023<\/td><td class=\"column-5\">rescindido o contrato.<\/td>\n<\/tr>\n<tr class=\"row-184\">\n\t<td class=\"column-1\">processo n\u00ba 6\/2023<br \/>\nChamada Publica Agricultura Familiar.<\/td><td class=\"column-2\"><a href=\"http:\/\/www.pratinha.mg.gov.br\/portal\/wp-content\/uploads\/2023\/02\/EDITAL-CHAMADA-PUBLICA.pdf\">EDITAL CHAMADA PUBLICA<\/a><\/td><td class=\"column-3\">Aquisi\u00e7\u00e3o de Generos alimenticios da agricultura  familiar e do empreendedor familiar rura, destinado ao atendimento do programa nacional de alimenta\u00e7ao escolar\/PNAE.<\/td><td class=\"column-4\">Publicado:02\/02\/2023<\/td><td class=\"column-5\"><\/td>\n<\/tr>\n<tr class=\"row-185\">\n\t<td class=\"column-1\">PROCESSO N\u00ba007\/2023 PREG\u00c3O ELETRONICO N\u00ba 006\/2023<\/td><td class=\"column-2\"><a href=\"http:\/\/www.pratinha.mg.gov.br\/portal\/wp-content\/uploads\/2023\/02\/EDITAL-PREGAO-ELETRONICO-PROCESSO-No007-2023-PREGAO-ELETRONICO-No006-2023.pdf\">EDITAL PREGAO ELETRONICO PROCESSO N\u00ba007-2023 PREG\u00c3O ELETRONICO N\u00ba006-2023<\/a><\/td><td class=\"column-3\">REGISTRO DE PRE\u00c7O PARA AQUISI\u00c7\u00c3O PARCELADA E CONFORME NECESSIDADE DE GENEROS DE PANIFICA\u00c7\u00c3O PARA OS DIVERSOS DEPARTAMENTOS DA PREFEITURA MUNICIPAL DE PRATINHA.<\/td><td class=\"column-4\">Publicado:02\/02\/2023<\/td><td class=\"column-5\"><\/td>\n<\/tr>\n<tr class=\"row-186\">\n\t<td class=\"column-1\">PROCESSO N\u00ba 003\/2022 PREG\u00c3O ELETRONICO N\u00ba 001\/2022<\/td><td class=\"column-2\"><a href=\"http:\/\/www.pratinha.mg.gov.br\/portal\/wp-content\/uploads\/2023\/02\/RECISAO-CONTRATUAL.pdf\">RECIS\u00c3O CONTRATUAL<\/a><\/td><td class=\"column-3\">RESCIS\u00c3O CONTRATUAL<\/td><td class=\"column-4\">Publicado: 07\/02\/2023<\/td><td class=\"column-5\">rescindido contrato n\u00ba 027\/2022<\/td>\n<\/tr>\n<tr class=\"row-187\">\n\t<td class=\"column-1\">PROCESSO N\u00ba003\/2023 PREG\u00c3O ELETRONICO N\u00ba003\/2023<\/td><td class=\"column-2\"><a href=\"http:\/\/www.pratinha.mg.gov.br\/portal\/wp-content\/uploads\/2023\/02\/EXTRATO-DE-CONTRATO-OXIGENIO-MEDICINAL.doc.pdf\">EXTRATO DE CONTRATO OXIG\u00caNIO MEDICINAL.doc<\/a><\/td><td class=\"column-3\">EXTRATO DE CONTRATO<\/td><td class=\"column-4\">Publicado:08\/02\/2023<\/td><td class=\"column-5\">contrato n\u00ba008<\/td>\n<\/tr>\n<tr class=\"row-188\">\n\t<td class=\"column-1\">PROCESSO N\u00ba 008\/2023 PREG\u00c3O N\u00ba07\/2023<\/td><td class=\"column-2\"><a href=\"http:\/\/www.pratinha.mg.gov.br\/portal\/wp-content\/uploads\/2023\/02\/EDITAL-PREGAO-ELETRONICO-No-11-2022-GAS-LIQUEFEITO.pdf\">EDITAL PREG\u00c3O ELETR\u00d4NICO N\u00ba 11-2022 - G\u00c1S LIQUEFEITO<\/a><\/td><td class=\"column-3\">AQUISI\u00c7\u00c3O PARCELADA E CONFORME NECESSIDADE DE G\u00c1S   LIQUEFEITO  ( P-13 E P- 45)PARA OS DIVERSOS DEPARTAMENTOS DA PREFEITURA DE PRATINHA-MG.<\/td><td class=\"column-4\">Publicado:09\/02\/2023<\/td><td class=\"column-5\"><\/td>\n<\/tr>\n<tr class=\"row-189\">\n\t<td class=\"column-1\">PROCESSO N\u00ba COMPRA DIRETA NOS TERMOS DO ART.24,I DA LEI 8.666\/93<\/td><td class=\"column-2\"><a href=\"http:\/\/www.pratinha.mg.gov.br\/portal\/wp-content\/uploads\/2023\/01\/Termo-de-Ratificacao-proambiental.pdf\">Termo de Ratifica\u00e7\u00e3o proambiental<\/a><\/td><td class=\"column-3\">Constitui objeto do presente instrumento a presta\u00e7\u00e3o de servi\u00e7os de coleta, transporte e tratamento final de res\u00edduos de lixo hospitalar, com observ\u00e2ncia das normas da FEAM.<\/td><td class=\"column-4\">Publicado:16\/01\/2023<\/td><td class=\"column-5\"><\/td>\n<\/tr>\n<tr class=\"row-190\">\n\t<td class=\"column-1\">PROCESSO N\u00ba DISPENSA DE LICITA\u00c7\u00c3O POR VALOR <\/td><td class=\"column-2\"><a href=\"http:\/\/www.pratinha.mg.gov.br\/portal\/wp-content\/uploads\/2023\/01\/Termo-de-Ratificacao-Manutencao-do-web-site.pdf\">Termo de Ratifica\u00e7\u00e3o Manuten\u00e7\u00e3o do web site<\/a><\/td><td class=\"column-3\">Contrata\u00e7\u00e3o de empresa especializada para concess\u00e3o do direito de uso de sistemas  informativos para area publica, portal da transparencia, desenvolvimento e altera\u00e7\u00e3o de web site quando necessario, e atualiza\u00e7\u00e3o constante no maximo de 48 (quarenta e oito horas) depois de solicitado. cria\u00e7\u00e3o de suporte de e mails, hospedagem e backup diario de informa\u00e7\u00e3o do web site.<\/td><td class=\"column-4\">Publicado: 16\/01\/2023<\/td><td class=\"column-5\"><\/td>\n<\/tr>\n<tr class=\"row-191\">\n\t<td class=\"column-1\">PROCESSO \u00ba004\/2023 PREG\u00c3O ELETRONICO N\u00ba 004\/2023<\/td><td class=\"column-2\"><a href=\"http:\/\/www.pratinha.mg.gov.br\/portal\/wp-content\/uploads\/2023\/01\/EDITAL-PREGAO-ELETRONICO-No-004-2022-materiais-hospitalares-e-alimentacao-enteral-1.pdf\">EDITAL PREG\u00c3O ELETR\u00d4NICO N\u00ba 004-2022 - materiais hospitalares e alimenta\u00e7\u00e3o enteral<\/a><\/td><td class=\"column-3\">Aquisi\u00e7\u00e3o parcelada e conforme necessidade de materiais hospitalares e alimenta\u00e7\u00e3o enteral conforme processo n\u00ba 001249-79.2014, em cumprimento a demanda judicial.<\/td><td class=\"column-4\">Publicado:20\/01\/2023<\/td><td class=\"column-5\"><\/td>\n<\/tr>\n<tr class=\"row-192\">\n\t<td class=\"column-1\">PROCESSO:COMPRA DIRETA DISPENSA DE LICITA\u00c7\u00c3O POR VALOR ART. 24,II LEI FEDERAL 8 666\u00b493<\/td><td class=\"column-2\"><br \/>\n<a href=\"http:\/\/www.pratinha.mg.gov.br\/portal\/wp-content\/uploads\/2023\/03\/Termo-de-Ratificacao.pdf\">Termo de Ratifica\u00e7\u00e3o<\/a><br \/>\n<br \/>\nhref=\"http:\/\/www.pratinha.mg.gov.br\/portal\/wp-content\/uploads\/2023\/03\/EXTRATO-1.pdf\"&gt;EXTRATO<\/a><\/td><td class=\"column-3\">CONTRATA\u00c7\u00c3O DE EMPRESA ESPECIALIZADA PARA PRESTA\u00c7\u00c3O DE ASSESSORIA AO DEPARTAMENTO MUNICIPAL DE EDUCA\u00c7\u00c3O E CULTURA, AO CONSELHO MUNICIPAL DO PATRIM\u00d4NIO CULTURAL E AO FUNDO MUNICIPAL DE CULTURA, OBJETIVANDO A REGULARIZA\u00c7\u00c3O DO MUNIC\u00cdPIO PERANTE O PROGRAMA ICMS CULTURAL; ELABORA\u00c7\u00c3O DE INVENTARIO DO ACERVO CULTURAL; LAUDO T\u00c9CNICO DO BEM TOMBADO.<br \/>\nEXTRATO DE CONTRATO <\/td><td class=\"column-4\">PUBLICADO:28\/02\/2023<br \/>\nPUBLICADO :02\/03\/2023<\/td><td class=\"column-5\">CONTRATO N: 18<\/td>\n<\/tr>\n<tr class=\"row-193\">\n\t<td class=\"column-1\">SD<\/td><td class=\"column-2\"><a href=\"http:\/\/www.pratinha.mg.gov.br\/portal\/wp-content\/uploads\/2023\/01\/EXTRATO-DE-CONTRATO-giovana-silva-guimaraes..pdf\">EXTRATO DE CONTRATO <br \/>\ngiovana silva guimaraes.<\/a><br \/>\n<br \/>\n<a href=\"http:\/\/www.pratinha.mg.gov.br\/portal\/wp-content\/uploads\/2023\/01\/EXTRATO-DE-CONTRATO-giovana-silva-guimaraes..doc.pdf\">EXTRATO DE CONTRATO giovana silva guimaraes..doc<\/a><\/td><td class=\"column-3\">EXTRATO DE ADITIVO DE PRAZO\/VIGENCIA<br \/>\n RETIFICA\u00c7\u00c3O DO EXTRATO<\/td><td class=\"column-4\">06\/01\/2023<br \/>\n12\/01\/2023<\/td><td class=\"column-5\">ADITADO PRAZO DE VIGENCIA<\/td>\n<\/tr>\n<tr class=\"row-194\">\n\t<td class=\"column-1\">SD<\/td><td class=\"column-2\"><a href=\"http:\/\/www.pratinha.mg.gov.br\/portal\/wp-content\/uploads\/2023\/01\/EXTRATO-DE-CONTRATO-ADRIANA-CRISTINA.pdf\">EXTRATO DE CONTRATO ADRIANA CRISTINA<\/a><br \/>\n<a href=\"http:\/\/www.pratinha.mg.gov.br\/portal\/wp-content\/uploads\/2023\/01\/RETIFICACAO-DE-EXTRATO-DE-CONTRATO-ADRIANA-CRISTINA.pdf\">RETIFICA\u00c7\u00c3O DE EXTRATO DE CONTRATO ADRIANA CRISTINA<\/a><\/td><td class=\"column-3\">EXTRATO DE ADITIVO DE  PRAZO\/VIGENCIA<br \/>\nRETIFICA\u00c7\u00c3O DO EXTRATO<\/td><td class=\"column-4\">06\/01\/2023<br \/>\n12\/01\/2023<\/td><td class=\"column-5\">ADITADO PRAZO DE VIGENCIA<\/td>\n<\/tr>\n<tr class=\"row-195\">\n\t<td class=\"column-1\">SD<\/td><td class=\"column-2\"><a href=\"http:\/\/www.pratinha.mg.gov.br\/portal\/wp-content\/uploads\/2023\/01\/EXTRATO-DE-CONTRATO-KAIO-RAFAEL-VALOTTA.pdf\">EXTRATO DE CONTRATO KAIO RAFAEL VALOTTA<\/a><\/td><td class=\"column-3\">EXTRATO DE ADITIVO DE PRAZO\/VIGENCIA<\/td><td class=\"column-4\">06\/01\/2022<\/td><td class=\"column-5\">ADITADO PRAZO DE VIGENCIA<\/td>\n<\/tr>\n<tr class=\"row-196\">\n\t<td class=\"column-1\">SD<\/td><td class=\"column-2\"><a href=\"http:\/\/www.pratinha.mg.gov.br\/portal\/wp-content\/uploads\/2023\/01\/EXTRATO-DE-CONTRATO-DEIVID-FERREIRA.pdf\">EXTRATO DE CONTRATO DEIVID FERREIRA<\/a><\/td><td class=\"column-3\">EXTRATO DE ADITIVO DE PRAZO\/VIGENCIA<\/td><td class=\"column-4\">06\/01\/2022<\/td><td class=\"column-5\">ADITADO PRAQZO DE VIGENCIA<\/td>\n<\/tr>\n<tr class=\"row-197\">\n\t<td class=\"column-1\">SD<\/td><td class=\"column-2\"><a href=\"http:\/\/www.pratinha.mg.gov.br\/portal\/wp-content\/uploads\/2023\/01\/EXTRATO.pdf\">EXTRATO<\/a><\/td><td class=\"column-3\">EXTRATO DE CONTRATO<\/td><td class=\"column-4\">Publicado:19\/01\/2023<\/td><td class=\"column-5\">Contrato n\u00ba003<\/td>\n<\/tr>\n<tr class=\"row-198\">\n\t<td class=\"column-1\">SD<\/td><td class=\"column-2\"><a href=\"http:\/\/www.pratinha.mg.gov.br\/portal\/wp-content\/uploads\/2023\/01\/EXTRATO-.pdf\">EXTRATO<\/a><br \/>\n<br \/>\n<a href=\"http:\/\/www.pratinha.mg.gov.br\/portal\/wp-content\/uploads\/2024\/11\/EXTRATO-.pdf\">EXTRATO<\/a><\/td><td class=\"column-3\">EXTRATO DE CONTRATO<br \/>\nEXTRATO DE ADITIVO <\/td><td class=\"column-4\">Publicado:19\/01\/2023<br \/>\nPUBLICADO:27\/11\/2024<\/td><td class=\"column-5\">contrato n\u00ba02<br \/>\nADITADO A QUANTIDADE EM 25%<\/td>\n<\/tr>\n<tr class=\"row-199\">\n\t<td class=\"column-1\">SD<\/td><td class=\"column-2\"><a href=\"http:\/\/www.pratinha.mg.gov.br\/portal\/wp-content\/uploads\/2023\/01\/Termo-de-Ratificacao.pdf\">Termo de Ratifica\u00e7\u00e3o<\/a><\/td><td class=\"column-3\">TERMO DE RATIFICA\u00c7\u00c3O<\/td><td class=\"column-4\">Publicado:20\/01\/2023<\/td><td class=\"column-5\"><\/td>\n<\/tr>\n<tr class=\"row-200\">\n\t<td class=\"column-1\">SD<\/td><td class=\"column-2\"><a href=\"http:\/\/www.pratinha.mg.gov.br\/portal\/wp-content\/uploads\/2023\/02\/EXTRATO-DE-CONTRATO-assetec.pdf\">EXTRATO DE CONTRATO assetec<\/a><\/td><td class=\"column-3\">EXTRATO DE CONTRATO<\/td><td class=\"column-4\">Publicado: 23\/01\/2023<\/td><td class=\"column-5\">contrato n\u00ba004<\/td>\n<\/tr>\n<tr class=\"row-201\">\n\t<td class=\"column-1\">SD<\/td><td class=\"column-2\"><a href=\"http:\/\/www.pratinha.mg.gov.br\/portal\/wp-content\/uploads\/2023\/01\/Termo-de-Ratificacao-1.pdf\">Termo de Ratifica\u00e7\u00e3o<\/a><\/td><td class=\"column-3\">TERMO DE RATIFICA\u00c7\u00c3O<\/td><td class=\"column-4\">Publicado:24\/01\/2023<\/td><td class=\"column-5\"><\/td>\n<\/tr>\n<tr class=\"row-202\">\n\t<td class=\"column-1\">SD<\/td><td class=\"column-2\"><a href=\"http:\/\/www.pratinha.mg.gov.br\/portal\/wp-content\/uploads\/2023\/01\/Termo-de-Ratificacao-3.pdf\">Termo de Ratifica\u00e7\u00e3o<\/a><\/td><td class=\"column-3\">TERMO DE RATIFICA\u00c7\u00c3O<\/td><td class=\"column-4\">PUBLICADO:27\/01\/2023<\/td><td class=\"column-5\"><\/td>\n<\/tr>\n<tr class=\"row-203\">\n\t<td class=\"column-1\">SD<\/td><td class=\"column-2\"><a href=\"http:\/\/www.pratinha.mg.gov.br\/portal\/wp-content\/uploads\/2023\/01\/Termo-de-Ratificacao-4.pdf\">Termo de Ratifica\u00e7\u00e3o<\/a><\/td><td class=\"column-3\">TERMO DE RATIFICA\u00c7\u00c3O<\/td><td class=\"column-4\">PUBLICADO:27\/01\/2023<\/td><td class=\"column-5\"><\/td>\n<\/tr>\n<\/tbody>\n<\/table>\n<!-- #tablepress-15 from cache -->\n","protected":false},"excerpt":{"rendered":"<p><\/p>","protected":false},"author":1,"featured_media":0,"parent":0,"menu_order":0,"comment_status":"closed","ping_status":"closed","template":"","meta":{"footnotes":""},"class_list":["post-8415","page","type-page","status-publish"],"_links":{"self":[{"href":"http:\/\/www.pratinha.mg.gov.br\/portal\/wp-json\/wp\/v2\/pages\/8415","targetHints":{"allow":["GET"]}}],"collection":[{"href":"http:\/\/www.pratinha.mg.gov.br\/portal\/wp-json\/wp\/v2\/pages"}],"about":[{"href":"http:\/\/www.pratinha.mg.gov.br\/portal\/wp-json\/wp\/v2\/types\/page"}],"author":[{"embeddable":true,"href":"http:\/\/www.pratinha.mg.gov.br\/portal\/wp-json\/wp\/v2\/users\/1"}],"replies":[{"embeddable":true,"href":"http:\/\/www.pratinha.mg.gov.br\/portal\/wp-json\/wp\/v2\/comments?post=8415"}],"version-history":[{"count":1,"href":"http:\/\/www.pratinha.mg.gov.br\/portal\/wp-json\/wp\/v2\/pages\/8415\/revisions"}],"predecessor-version":[{"id":8416,"href":"http:\/\/www.pratinha.mg.gov.br\/portal\/wp-json\/wp\/v2\/pages\/8415\/revisions\/8416"}],"wp:attachment":[{"href":"http:\/\/www.pratinha.mg.gov.br\/portal\/wp-json\/wp\/v2\/media?parent=8415"}],"curies":[{"name":"wp","href":"https:\/\/api.w.org\/{rel}","templated":true}]}}