{"id":7227,"date":"2022-03-24T20:59:36","date_gmt":"2022-03-24T20:59:36","guid":{"rendered":"http:\/\/www.pratinha.mg.gov.br\/portal\/?page_id=7227"},"modified":"2026-03-09T12:43:31","modified_gmt":"2026-03-09T12:43:31","slug":"departamento-pessoal","status":"publish","type":"page","link":"http:\/\/www.pratinha.mg.gov.br\/portal\/departamento-pessoal\/","title":{"rendered":"Departamento Pessoal"},"content":{"rendered":"<p><a href=\"http:\/\/www.pratinha.mg.gov.br\/portal\/wp-content\/uploads\/2026\/03\/DECRETO-No-1529-REVOGA-DECRETO-NOMEACAO-DHIAILA-KELY-1.pdf\">DECRETO N\u00ba 1529 REVOGA DECRETO NOMEA\u00c7\u00c3O DHIAILA KELY<\/a><\/p>\n<p><a href=\"http:\/\/www.pratinha.mg.gov.br\/portal\/wp-content\/uploads\/2026\/02\/DECRETO-No-1519-REVOGA-DECRETO-NOMEACAO-MARDEN.pdf\">DECRETO N\u00ba 1519 REVOGA DECRETO NOMEA\u00c7\u00c3O MARDEN<\/a><\/p>\n<p><a href=\"http:\/\/www.pratinha.mg.gov.br\/portal\/wp-content\/uploads\/2026\/02\/DECRETO-No-1518-REVOGA-DECRETO-NOMEACAO-CELINA-ISAURA.pdf\">DECRETO N\u00ba 1518 REVOGA DECRETO NOMEA\u00c7\u00c3O CELINA ISAURA<\/a><\/p>\n<p><a href=\"http:\/\/www.pratinha.mg.gov.br\/portal\/wp-content\/uploads\/2026\/02\/DECRETO-No-1517-REVOGA-DECRETO-NOMEACAO-JONATAS.pdf\">DECRETO N\u00ba 1517 REVOGA DECRETO NOMEA\u00c7\u00c3O JONATAS<\/a><\/p>\n<p><a href=\"http:\/\/www.pratinha.mg.gov.br\/portal\/wp-content\/uploads\/2026\/02\/DECRETO-No-1515-REVOGA-DECRETO-NOMEACAO-DEBORAH.pdf\">DECRETO N\u00ba 1515 REVOGA DECRETO NOMEA\u00c7\u00c3O DEBORAH<\/a><\/p>\n<p><a href=\"http:\/\/www.pratinha.mg.gov.br\/portal\/wp-content\/uploads\/2026\/02\/EXTRATO-DE-POSSE-SERVIDORES-DE-02-02-2026.pdf\">EXTRATO DE POSSE SERVIDORES DE 02-02-2026<\/a><\/p>\n<p><a href=\"http:\/\/www.pratinha.mg.gov.br\/portal\/wp-content\/uploads\/2026\/02\/DECRETO-No-1413-REVOGA-DECRETO-NOMEACAO-MOTORISTA-MARCIA.pdf\">DECRETO N\u00ba 1413 REVOGA DECRETO NOMEA\u00c7\u00c3O MOTORISTA M\u00c1RCIA<\/a><\/p>\n<p><a href=\"http:\/\/www.pratinha.mg.gov.br\/portal\/wp-content\/uploads\/2025\/11\/EXTRATO-DE-POSSE-SERVIDORAS-03-11-2025.pdf\">EXTRATO DE POSSE SERVIDORAS 03-11-2025<\/a><\/p>\n<p><a href=\"http:\/\/www.pratinha.mg.gov.br\/portal\/wp-content\/uploads\/2025\/09\/EXTRATO-CONCESSAO-ADICIONAL-EDIMAR.pdf\">EXTRATO CONCESS\u00c3O ADICIONAL EDIMAR<\/a><a href=\"http:\/\/www.pratinha.mg.gov.br\/portal\/wp-content\/uploads\/2025\/09\/EXTRATO-CONVENIO-SILVANA.pdf\">EXTRATO CONV\u00caNIO SILVANA<\/a><\/p>\n<p><a href=\"http:\/\/www.pratinha.mg.gov.br\/portal\/wp-content\/uploads\/2025\/09\/EXTRATO-DE-POSSE-SERVIDORA-TACIANE.pdf\">EXTRATO DE POSSE SERVIDORA TACIANE<\/a><\/p>\n<p><a href=\"http:\/\/www.pratinha.mg.gov.br\/portal\/wp-content\/uploads\/2025\/08\/EXTRATO-CONVENIO-SERVIDORA-JOSIANE.pdf\">EXTRATO CONVENIO SERVIDORA JOSIANE<\/a><\/p>\n<p><a href=\"http:\/\/www.pratinha.mg.gov.br\/portal\/wp-content\/uploads\/2025\/07\/DECRETO-No-1328-REVOGA-DECRETO-NOMEACAO-OFICIAL-DE-ADMINISTRACAO-HOLGER.pdf\">DECRETO N\u00ba 1328 REVOGA DECRETO NOMEA\u00c7\u00c3O OFICIAL DE ADMINISTRA\u00c7\u00c3O HOLGER<\/a><a href=\"http:\/\/www.pratinha.mg.gov.br\/portal\/wp-content\/uploads\/2025\/06\/DECRETO-No-1306-REVOGA-DECRETO-NOMEACAO-MOTORISTA-CLARECI-E-NUTRICIONISTA-FABIANA.pdf\">DECRETO N\u00ba 1306 REVOGA DECRETO NOMEA\u00c7\u00c3O MOTORISTA CLARECI E NUTRICIONISTA FABIANA<\/a><\/p>\n<p><a href=\"http:\/\/www.pratinha.mg.gov.br\/portal\/wp-content\/uploads\/2025\/06\/EXTRATO-DE-POSSE-SERVIDORES-VANILDA-CRISTIANO.pdf\">EXTRATO DE POSSE SERVIDORES VANILDA CRISTIANO<\/a><a href=\"http:\/\/www.pratinha.mg.gov.br\/portal\/wp-content\/uploads\/2025\/05\/DECRETO-No-1294-REVOGA-DECRETO-NOMEACAO-MOTORISTA-JANAINA.pdf\">DECRETO N\u00ba 1294 REVOGA DECRETO NOMEA\u00c7\u00c3O MOTORISTA JANA\u00cdNA<\/a><\/p>\n<p><a href=\"http:\/\/www.pratinha.mg.gov.br\/portal\/wp-content\/uploads\/2025\/05\/DECRETO-No-1291-REVOGA-DECRETO-NOMEACAO-NUTRICIONISTA.pdf\">DECRETO N\u00ba 1291 REVOGA DECRETO NOMEA\u00c7\u00c3O NUTRICIONISTA<\/a><\/p>\n<p><a href=\"http:\/\/www.pratinha.mg.gov.br\/portal\/wp-content\/uploads\/2025\/02\/EXTRATO-DE-POSSE-SERVIDORES.pdf\">EXTRATO DE POSSE SERVIDORES<\/a><\/p>\n<p><a href=\"http:\/\/www.pratinha.mg.gov.br\/portal\/wp-content\/uploads\/2024\/09\/Extrato-de-Concessao-de-Adiconal-ANA-CAROLINA-SETEMBRO-2024.pdf\">Extrato de Concess\u00e3o de Adicional ANA CAROLINA SETEMBRO 2024<\/a><\/p>\n<p><a href=\"http:\/\/www.pratinha.mg.gov.br\/portal\/wp-content\/uploads\/2024\/09\/Extrato-de-Concessao-de-Adiconal-ERIHENE-SETEMBRO-2024.pdf\">Extrato de Concess\u00e3o de Adicional ERIHENE SETEMBRO 2024<\/a><\/p>\n<p><a href=\"http:\/\/www.pratinha.mg.gov.br\/portal\/wp-content\/uploads\/2024\/09\/3-EXTRATO-DE-ADITIVO-CONVENIO-SILVANA-2.pdf\">3 EXTRATO DE ADITIVO CONV\u00caNIO SILVANA<\/a><a href=\"http:\/\/www.pratinha.mg.gov.br\/portal\/wp-content\/uploads\/2024\/08\/EXTRATO-DE-POSSE-JESSICA-AP.-.pdf\">EXTRATO DE POSSE JESSICA AP.<\/a><\/p>\n<p><a href=\"http:\/\/www.pratinha.mg.gov.br\/portal\/wp-content\/uploads\/2024\/07\/EXTRATO-DE-POSSE-FERNANDO-EURIPEDES-E-JEFFERSON-SAMUEL-.pdf\">EXTRATO DE POSSE FERNANDO EURIPEDES E JEFFERSON SAMUEL<\/a><\/p>\n<p><a href=\"http:\/\/www.pratinha.mg.gov.br\/portal\/wp-content\/uploads\/2024\/07\/PORTARIA-No-364-AFASTAMENTO-REMUNERADO-ELEICOES.pdf\">PORTARIA N\u00ba 364 AFASTAMENTO REMUNERADO ELEI\u00c7\u00d5ES<\/a><\/p>\n<p><a href=\"http:\/\/www.pratinha.mg.gov.br\/portal\/wp-content\/uploads\/2024\/07\/EXTRATO-RESULTADO-DO-PROCESSO-SELETIVO-03-2024.pdf\">EXTRATO RESULTADO DO PROCESSO SELETIVO 03-2024<\/a><\/p>\n<p><a href=\"http:\/\/www.pratinha.mg.gov.br\/portal\/wp-content\/uploads\/2024\/07\/DECRETO-No-1110-REVOGA-DECRETO-DISTENCIA-CONCURSO-PUBLICO.pdf\">DECRETO N\u00ba 1110 REVOGA DECRETO DISTENCIA CONCURSO PUBLICO<\/a><\/p>\n<p><a href=\"http:\/\/www.pratinha.mg.gov.br\/portal\/wp-content\/uploads\/2024\/06\/EDITAL-PROCESSO-SELETIVO-SAUDE-03-2024.pdf\">EDITAL PROCESSO SELETIVO SAUDE 03-2024<\/a><\/p>\n<p><a href=\"http:\/\/www.pratinha.mg.gov.br\/portal\/wp-content\/uploads\/2024\/06\/AVISO-DE-DECURSO-DE-PRAZO-DO-PROCESSO-SELETIVO-002.pdf.crdownload.pdf\">AVISO DE DECURSO DE PRAZO DO PROCESSO SELETIVO 002.pdf.crdownload<\/a><\/p>\n<p><a href=\"http:\/\/www.pratinha.mg.gov.br\/portal\/wp-content\/uploads\/2024\/06\/DECRETO-No-1106-REVOGA-DECRETO-CANDIDATA-QUE-NAO-COMPARECEU-PARA-POSSE-CONCURSO-PUBLICO.pdf\">DECRETO N\u00ba 1106 REVOGA DECRETO CANDIDATA QUE N\u00c3O COMPARECEU PARA POSSE CONCURSO PUBLICO<\/a><\/p>\n<p><a href=\"http:\/\/www.pratinha.mg.gov.br\/portal\/wp-content\/uploads\/2024\/06\/EDITAL-PROCESSO-SELETIVO-SAUDE-1.pdf\">EDITAL PROCESSO SELETIVO SAUDE<\/a><\/p>\n<p><a href=\"http:\/\/www.pratinha.mg.gov.br\/portal\/wp-content\/uploads\/2024\/06\/DECRETO-N-1102-REVOGA-DECRETO-MUNICIPAL-DE-NOMEACAO-DE-CANDIDATO-ROZENILDO-.pdf\">DECRETO N 1102 -REVOGA DECRETO MUNICIPAL DE NOMEA\u00c7\u00c3O DE CANDIDATO ROZENILDO<\/a><\/p>\n<p><a href=\"http:\/\/www.pratinha.mg.gov.br\/portal\/wp-content\/uploads\/2024\/06\/DECRETO-N-1099-REVOGA-DECRETOS-MUNICIPAIS-DE-NOMEACAO-DE-CANDIDATOS-EM-RAZAO-DE-NAO-COMPARECIMENTO-.pdf\">DECRETO N 1099-REVOGA DECRETOS MUNICIPAIS DE NOMEA\u00c7\u00c3O DE CANDIDATOS EM RAZ\u00c3O DE N\u00c3O COMPARECIMENTO<\/a><\/p>\n<p><a href=\"http:\/\/www.pratinha.mg.gov.br\/portal\/wp-content\/uploads\/2024\/06\/DECRETO-N-1078-REVOGA-DECRETO-MUNICIPAL-DA-NOMEACAO-DE-LAUANE-.pdf\">DECRETO N 1078-REVOGA DECRETO MUNICIPAL DA NOMEA\u00c7\u00c3O DE LAUANE<\/a><\/p>\n<p><a href=\"http:\/\/www.pratinha.mg.gov.br\/portal\/wp-content\/uploads\/2024\/06\/DECRETO-N-1077-REVOGA-DECRETOS-MUNICIPAIS-DE-NOMEACAO-DE-CANDIDATOS-.pdf\">DECRETO N 1077 -REVOGA DECRETOS MUNICIPAIS DE NOMEA\u00c7\u00c3O DE CANDIDATOS<\/a><\/p>\n<p><a href=\"http:\/\/www.pratinha.mg.gov.br\/portal\/wp-content\/uploads\/2024\/06\/EXTRATO-DE-TERMOS-DE-POSSE-APROVADOS-CONCURSO-n\u00b0-01-2023-.pdf\">EXTRATO DE TERMOS DE POSSE APROVADOS CONCURSO n\u00b0 01-2023<\/a><\/p>\n<p><a href=\"http:\/\/www.pratinha.mg.gov.br\/portal\/wp-content\/uploads\/2024\/04\/EXTRATO-RESULTADO-DO-PROCESSO-SELETIVO-01-2024.pdf\">EXTRATO RESULTADO DO PROCESSO SELETIVO 01-2024<\/a><\/p>\n<p><a href=\"http:\/\/www.pratinha.mg.gov.br\/portal\/wp-content\/uploads\/2024\/04\/EDITAL-DE-PROCESSO-SELETIVO-SIMPLIFICADO.pdf\">EDITAL DE PROCESSO SELETIVO SIMPLIFICADO<\/a><\/p>\n<p><a href=\"http:\/\/www.pratinha.mg.gov.br\/portal\/wp-content\/uploads\/2024\/03\/EXTRATO-DE-HOMOLOGACAO-RESULTADO-FINAL-CONCURSO-01-2023.pdf\">EXTRATO DE HOMOLOGA\u00c7\u00c3O RESULTADO FINAL CONCURSO 01-2023<\/a><\/p>\n<p><a href=\"http:\/\/www.pratinha.mg.gov.br\/portal\/wp-content\/uploads\/2024\/03\/Extrato-de-Concessao-de-Adicional-Ana-Patricia-2024.pdf\">Extrato de Concess\u00e3o de Adicional Ana Patricia 2024<\/a><\/p>\n<p><a href=\"http:\/\/www.pratinha.mg.gov.br\/portal\/wp-content\/uploads\/2024\/03\/Extrato-de-Concessao-de-Adicional-Rubia-dos-Santos-2024.pdf\">Extrato de Concess\u00e3o de Adicional Rubia dos Santos 2024<\/a><\/p>\n<p><a href=\"http:\/\/www.pratinha.mg.gov.br\/portal\/wp-content\/uploads\/2024\/02\/RESULTADO-FINAL-1.pdf\">RESULTADO FINAL<\/a><\/p>\n<p><a href=\"http:\/\/www.pratinha.mg.gov.br\/portal\/wp-content\/uploads\/2024\/02\/GABARITO-DEFINITIVO.pdf\">GABARITO DEFINITIVO<\/a><\/p>\n<p><a href=\"http:\/\/www.pratinha.mg.gov.br\/portal\/wp-content\/uploads\/2024\/02\/PARECER-RECURSOS-.pdf\">PARECER -RECURSOS<\/a><\/p>\n<p><a href=\"http:\/\/www.pratinha.mg.gov.br\/portal\/wp-content\/uploads\/2024\/02\/RESULTADO-PRELIMINAR-PROVA-OBJETIVA-DE-MULTIPLA-ESCOLHA.pdf\">RESULTADO PRELIMINAR (PROVA OBJETIVA DE M\u00daLTIPLA ESCOLHA)<\/a><\/p>\n<p><a href=\"http:\/\/www.pratinha.mg.gov.br\/portal\/wp-content\/uploads\/2024\/02\/RESULTADO-PRELIMINAR-PROVA-PRATICA.pdf\">RESULTADO PRELIMINAR PROVA PRATICA<\/a><\/p>\n<p><a href=\"http:\/\/www.pratinha.mg.gov.br\/portal\/wp-content\/uploads\/2024\/02\/Extrato-de-Concessao-de-Adiconal-ANGELICA-2024.pdf\">Extrato de Concess\u00e3o de Adicional ANGELICA 2024<\/a><\/p>\n<p><a href=\"http:\/\/www.pratinha.mg.gov.br\/portal\/wp-content\/uploads\/2024\/02\/Extrato-de-Concessao-de-Adiconal-Elizania-2024.pdf\">Extrato de Concess\u00e3o de Adicional Eliz\u00e2nia 2024<\/a><\/p>\n<p><a href=\"http:\/\/www.pratinha.mg.gov.br\/portal\/wp-content\/uploads\/2024\/02\/Gabarito-provisorio.pdf\">Gabarito provis\u00f3rio<\/a> Concurso<\/p>\n<p><a href=\"http:\/\/www.pratinha.mg.gov.br\/portal\/wp-content\/uploads\/2023\/12\/Extrato-de-Concessao-de-Adiconal-ANA-LUCIMAR-2023.pdf\">Extrato de Concess\u00e3o de Adicional ANA LUCIMAR 2023<\/a><\/p>\n<p><a href=\"http:\/\/www.pratinha.mg.gov.br\/portal\/wp-content\/uploads\/2023\/09\/2-EXTRATO-DE-ADITIVO-CONVENIO-JOELMA-1.pdf\">2\u00b0 EXTRATO DE ADITIVO CONV\u00caNIO JOELMA<\/a><\/p>\n<p><a href=\"http:\/\/www.pratinha.mg.gov.br\/portal\/wp-content\/uploads\/2023\/09\/Extrato-de-Concessao-de-Adiconal-CLAUDIA-EUNICE-SETEMBRO-2023.pdf\">Extrato de Concess\u00e3o de Adicional CLAUDIA EUNICE SETEMBRO 2023<\/a><a href=\"http:\/\/www.pratinha.mg.gov.br\/portal\/wp-content\/uploads\/2023\/09\/2-EXTRATO-DE-ADITIVO-CONVENIO-SILVANA.pdf\">2 EXTRATO DE ADITIVO CONV\u00caNIO SILVANA<\/a><a href=\"http:\/\/www.pratinha.mg.gov.br\/portal\/wp-content\/uploads\/2023\/07\/Extrato-de-Concessao-de-Adiconal-PATRICIA-CRUVINEL-2023.pdf\">Extrato de Concess\u00e3o de Adicional PATRICIA CRUVINEL 2023<\/a><\/p>\n<p><a href=\"http:\/\/www.pratinha.mg.gov.br\/portal\/wp-content\/uploads\/2023\/06\/Extrato-de-Concessao-de-Adiconal-elaine-2023-1.doc\">Extrato de Concess\u00e3o de Adicional elaine 2023<\/a><a href=\"http:\/\/www.pratinha.mg.gov.br\/portal\/wp-content\/uploads\/2023\/03\/Extrato-de-Concessao-de-Adional-MIrian-Marlene.pdf\">Extrato de Concess\u00e3o de Adicional MIrian Marlene<\/a><\/p>\n<p><a href=\"http:\/\/www.pratinha.mg.gov.br\/portal\/wp-content\/uploads\/2023\/01\/Extrato-de-Concessao-de-Adiconal-REGIANE-APARECIDA-DA-SILVA-JANEIRO-2023.doc\">Extrato de Concess\u00e3o de Adicional REGIANE APARECIDA DA SILVA JANEIRO 2023<\/a><\/p>\n<p><a href=\"http:\/\/www.pratinha.mg.gov.br\/portal\/wp-content\/uploads\/2022\/11\/Extrato-de-Concessao-de-Adiconal-RAFAELA-ROCHA-NOVEMBRO-2022.pdf\">Extrato de Concess\u00e3o de Adicional RAFAELA ROCHA NOVEMBRO 2022<\/a><\/p>\n<p><a href=\"http:\/\/www.pratinha.mg.gov.br\/portal\/wp-content\/uploads\/2022\/11\/Extrato-de-Concessao-de-Adiconal-MARIA-I.-EVANGELISTA-NOVEMBRO-2022.pdf\">Extrato de Concess\u00e3o de Adicional MARIA I. EVANGELISTA NOVEMBRO 2022<\/a><\/p>\n<p><a href=\"http:\/\/www.pratinha.mg.gov.br\/portal\/wp-content\/uploads\/2022\/10\/Extrato-de-Concessao-de-Adiconal-LAZARA-LEMOS-2022-1.pdf\">Extrato de Concess\u00e3o de Adicional L\u00c1ZARA LEMOS 2022<\/a><\/p>\n<p><a href=\"http:\/\/www.pratinha.mg.gov.br\/portal\/wp-content\/uploads\/2022\/10\/Extrato-de-Concessao-de-Adiconal-ELIZENA-2022-1.pdf\">Extrato de Concess\u00e3o de Adicional ELIZENA 2022<\/a><a href=\"http:\/\/www.pratinha.mg.gov.br\/portal\/wp-content\/uploads\/2022\/09\/1-EXTRATO-DE-ADITIVO-CONVENIO-SILVANA.pdf\">1 <\/a><\/p>\n<p><a href=\"http:\/\/www.pratinha.mg.gov.br\/portal\/wp-content\/uploads\/2022\/09\/1-EXTRATO-DE-ADITIVO-CONVENIO-SILVANA.pdf\">EXTRATO DE ADITIVO CONV\u00caNIO SILVANA<\/a><\/p>\n<p><a href=\"http:\/\/www.pratinha.mg.gov.br\/portal\/wp-content\/uploads\/2022\/09\/Extrato-de-Concessao-de-Adiconal-ELIZANGELA-ALVES-SETEMBRO-2022.pdf\">Extrato de Concess\u00e3o de Adicional ELIZANGELA ALVES SETEMBRO 2022<\/a><\/p>\n<p><a href=\"http:\/\/www.pratinha.mg.gov.br\/portal\/wp-content\/uploads\/2022\/09\/1-EXTRATO-DE-ADITIVO-CONVENIO-JOELMA.pdf\">1 EXTRATO DE ADITIVO CONV\u00caNIO JOELMA<\/a><\/p>\n<p><a href=\"http:\/\/www.pratinha.mg.gov.br\/portal\/wp-content\/uploads\/2022\/08\/Extrato-de-Concessao-de-Adiconais-VIVIANIA-2022.pdf\">Extrato de Concess\u00e3o de Adicionais VIVIANIA 2022<\/a><\/p>\n<p><a href=\"http:\/\/www.pratinha.mg.gov.br\/portal\/wp-content\/uploads\/2022\/08\/Extrato-de-Concessao-de-Adiconal-VERA-LUCIA-AGOSTO-2022.pdf\">Extrato de Concess\u00e3o de Adicional VERA L\u00daCIA AGOSTO 2022<\/a><\/p>\n<p><a href=\"http:\/\/www.pratinha.mg.gov.br\/portal\/wp-content\/uploads\/2022\/08\/Extrato-de-Concessao-de-Adiconal-NALIGIA-NATALIA-AGOSTO-2022-1.pdf\">Extrato de Concess\u00e3o de Adicional NAL\u00cdGIA NAT\u00c1LIA AGOSTO 2022<\/a><\/p>\n<p><a href=\"http:\/\/www.pratinha.mg.gov.br\/portal\/wp-content\/uploads\/2022\/05\/Extrato-de-Concessao-de-Adiconal-MARIA-AP.-VALERIANO-2022.doc\">Extrato de Concess\u00e3o de Adicional MARIA AP. VALERIANO 2022<\/a><\/p>\n<p><a href=\"http:\/\/www.pratinha.mg.gov.br\/portal\/wp-content\/uploads\/2022\/04\/Extrato-de-Concessao-de-Adiconal-SONIA-SALES-ABRIL-2022.pdf\">Extrato de Concess\u00e3o de Adicional S\u00d4NIA SALES ABRIL 2022<\/a><a href=\"http:\/\/www.pratinha.mg.gov.br\/portal\/wp-content\/uploads\/2022\/04\/Extrato-de-Concessao-de-Adiconal-LAURA-BORGESD-ABRIL-2022.pdf\">Extrato de Concess\u00e3o de Adicional LAURA BORGES ABRIL 2022<\/a><\/p>\n<p><a href=\"http:\/\/www.pratinha.mg.gov.br\/portal\/wp-content\/uploads\/2022\/06\/Extrato-de-Concessao-de-Adicionais-Nelma.pdf\">Extrato de Concess\u00e3o de Adicionais Nelma<\/a><\/p>\n<p>&nbsp;<\/p>\n","protected":false},"excerpt":{"rendered":"<p>DECRETO N\u00ba 1529 REVOGA DECRETO NOMEA\u00c7\u00c3O DHIAILA KELY DECRETO N\u00ba 1519 REVOGA DECRETO NOMEA\u00c7\u00c3O MARDEN DECRETO N\u00ba 1518 REVOGA DECRETO NOMEA\u00c7\u00c3O CELINA ISAURA DECRETO N\u00ba 1517 REVOGA DECRETO NOMEA\u00c7\u00c3O JONATAS DECRETO N\u00ba 1515 REVOGA DECRETO NOMEA\u00c7\u00c3O DEBORAH EXTRATO DE POSSE SERVIDORES DE 02-02-2026 DECRETO N\u00ba 1413 REVOGA DECRETO NOMEA\u00c7\u00c3O MOTORISTA M\u00c1RCIA EXTRATO DE POSSE SERVIDORAS&hellip;<\/p>","protected":false},"author":1,"featured_media":0,"parent":0,"menu_order":0,"comment_status":"closed","ping_status":"closed","template":"","meta":{"footnotes":""},"class_list":["post-7227","page","type-page","status-publish"],"_links":{"self":[{"href":"http:\/\/www.pratinha.mg.gov.br\/portal\/wp-json\/wp\/v2\/pages\/7227","targetHints":{"allow":["GET"]}}],"collection":[{"href":"http:\/\/www.pratinha.mg.gov.br\/portal\/wp-json\/wp\/v2\/pages"}],"about":[{"href":"http:\/\/www.pratinha.mg.gov.br\/portal\/wp-json\/wp\/v2\/types\/page"}],"author":[{"embeddable":true,"href":"http:\/\/www.pratinha.mg.gov.br\/portal\/wp-json\/wp\/v2\/users\/1"}],"replies":[{"embeddable":true,"href":"http:\/\/www.pratinha.mg.gov.br\/portal\/wp-json\/wp\/v2\/comments?post=7227"}],"version-history":[{"count":68,"href":"http:\/\/www.pratinha.mg.gov.br\/portal\/wp-json\/wp\/v2\/pages\/7227\/revisions"}],"predecessor-version":[{"id":15046,"href":"http:\/\/www.pratinha.mg.gov.br\/portal\/wp-json\/wp\/v2\/pages\/7227\/revisions\/15046"}],"wp:attachment":[{"href":"http:\/\/www.pratinha.mg.gov.br\/portal\/wp-json\/wp\/v2\/media?parent=7227"}],"curies":[{"name":"wp","href":"https:\/\/api.w.org\/{rel}","templated":true}]}}