{"id":5906,"date":"2021-06-17T17:14:36","date_gmt":"2021-06-17T17:14:36","guid":{"rendered":"http:\/\/www.pratinha.mg.gov.br\/portal\/?page_id=5906"},"modified":"2026-03-31T12:18:33","modified_gmt":"2026-03-31T12:18:33","slug":"atas-cacs-fundeb","status":"publish","type":"page","link":"http:\/\/www.pratinha.mg.gov.br\/portal\/atas-cacs-fundeb\/","title":{"rendered":"Atas CACS-FUNDEB"},"content":{"rendered":"<ul>\n<li><strong> <span style=\"color: #ff0000\">Atas 2021<\/span><\/strong><\/li>\n<li><span style=\"color: #0000ff\"><a style=\"color: #0000ff\" href=\"http:\/\/www.pratinha.mg.gov.br\/portal\/wp-content\/uploads\/2023\/04\/Ata-01-2021-Fundeb.pdf\">Ata N\u00ba 01\/2021 CACS FUNDEB (12\/03\/21)<\/a><\/span><\/li>\n<li><span style=\"color: #0000ff\"><a style=\"color: #0000ff\" href=\"http:\/\/www.pratinha.mg.gov.br\/portal\/wp-content\/uploads\/2021\/06\/Ata-No-002-CACS-FUNDEB-24-03-21.pdf\">Ata N\u00ba 02\/2021 CACS FUNDEB (24\/03\/21)<\/a><\/span><\/li>\n<li><span style=\"color: #0000ff\"><a style=\"color: #0000ff\" href=\"http:\/\/www.pratinha.mg.gov.br\/portal\/wp-content\/uploads\/2021\/06\/Ata-No-003-CACS-FUNDEB-21-05-21.pdf\">Ata N\u00ba 03\/2021 CACS FUNDEB (21\/05\/21)<\/a><\/span><\/li>\n<li><span style=\"color: #0000ff\"><a style=\"color: #0000ff\" href=\"http:\/\/www.pratinha.mg.gov.br\/portal\/wp-content\/uploads\/2021\/08\/Ata-No-004-Reuniao-CACS-FUNDEB-11-08-21.pdf\" target=\"_blank\" rel=\"noopener\">Ata N\u00ba 04\/2021 CACS FUNDEB (11\/08\/21)<\/a><\/span><\/li>\n<li><span style=\"color: #0000ff\"><a style=\"color: #0000ff\" href=\"http:\/\/www.pratinha.mg.gov.br\/portal\/wp-content\/uploads\/2022\/04\/Ata-05-2021-CACS-FUNDEB.pdf\" target=\"_blank\" rel=\"noopener\">Ata N\u00ba 05\/2021 CACS FUNDEB (10\/12\/21)<\/a><\/span><\/li>\n<li><\/li>\n<li><span style=\"color: #ff0000\"><strong>Atas 2022<\/strong><\/span><\/li>\n<li><span style=\"color: #0000ff\"><a style=\"color: #0000ff\" href=\"http:\/\/www.pratinha.mg.gov.br\/portal\/wp-content\/uploads\/2022\/04\/Ata-No-01-CACS-FUNDEB-11-03-22.pdf\" target=\"_blank\" rel=\"noopener\">Ata N\u00ba 01\/2022 CACS FUNDEB (11\/03\/22)<\/a><\/span><\/li>\n<li><span style=\"color: #0000ff\"><a style=\"color: #0000ff\" href=\"http:\/\/www.pratinha.mg.gov.br\/portal\/wp-content\/uploads\/2022\/07\/Ata-fundeb20220706_12201792.pdf\">Ata N\u00ba 02\/2022 CACS FUNDEB (07\/06\/22)<\/a><\/span><\/li>\n<li><span style=\"color: #0000ff\"><a style=\"color: #0000ff\" href=\"http:\/\/www.pratinha.mg.gov.br\/portal\/wp-content\/uploads\/2023\/02\/Ata-No-03-CACS-FUNDEB-18-10-22.pdf\">Ata N\u00ba 03\/2022 CACS FUNDEB (18\/10\/22)<\/a><\/span><\/li>\n<li><span style=\"color: #0000ff\"><a style=\"color: #0000ff\" href=\"http:\/\/www.pratinha.mg.gov.br\/portal\/wp-content\/uploads\/2022\/12\/Ata-04-2022-Fundeb-02-12-22.pdf\">Ata N\u00ba 04\/2022 CACS FUNDEB (02\/12\/22)<\/a><\/span><\/li>\n<li><span style=\"color: #ff0000\"><strong>Atas de Renova\u00e7\u00e3o do Conselho FUNDEB\u00a0 \u00a0 \u00a0 \u00a0 \u00a0 \u00a0 \u00a0 \u00a0 \u00a0 \u00a0 \u00a0 \u00a0 \u00a0 \u00a0 \u00a0 \u00a0 \u00a0 \u00a0 \u00a0 \u00a0 \u00a0 \u00a0 \u00a0 \u00a0 \u00a0 \u00a0 \u00a0 \u00a0 \u00a0 (Quadri\u00eanio &#8211; Janeiro\/2023 a Dezembro\/2026)<\/strong><\/span><\/li>\n<li><span style=\"color: #008000\"><a style=\"color: #008000\" href=\"http:\/\/www.pratinha.mg.gov.br\/portal\/wp-content\/uploads\/2023\/03\/Ata-05-Diretores-da-Educacao-Basica.pdf\">Ata N\u00ba 05\/2022 Assembleia de Elei\u00e7\u00e3o\/Indica\u00e7\u00e3o de Representantes do segmento: Diretores da Educa\u00e7\u00e3o B\u00e1sica (01\/12\/22)<\/a><\/span><\/li>\n<li><span style=\"color: #008000\"><a style=\"color: #008000\" href=\"http:\/\/www.pratinha.mg.gov.br\/portal\/wp-content\/uploads\/2023\/03\/Ata-06-Assembleia-Conselho-Tutelar.pdf\">Ata N\u00ba 06\/2022 Assembleia de Elei\u00e7\u00e3o\/Indica\u00e7\u00e3o de Representantes do Segmento: Conselho Tutelar (02\/12\/22)<\/a><\/span><\/li>\n<li><span style=\"color: #008000\"><a style=\"color: #008000\" href=\"http:\/\/www.pratinha.mg.gov.br\/portal\/wp-content\/uploads\/2023\/03\/Ata-07-Assembleia-Pais-de-Alunos-1.pdf\">Ata N\u00ba 07\/2022 Assembleia de Elei\u00e7\u00e3o\/Indica\u00e7\u00e3o de Representantes do Segmento: <\/a>\u00a0 \u00a0 <a style=\"color: #008000\" href=\"http:\/\/www.pratinha.mg.gov.br\/portal\/wp-content\/uploads\/2023\/03\/Ata-07-Assembleia-Pais-de-Alunos-1.pdf\">Pais de Alunos da Educa\u00e7\u00e3o B\u00e1sica (06\/12\/22)<\/a><\/span><\/li>\n<li><span style=\"color: #008000\"><a style=\"color: #008000\" href=\"http:\/\/www.pratinha.mg.gov.br\/portal\/wp-content\/uploads\/2023\/03\/Ata-08-Assembleia-Tec-Administrativo-1.pdf\">Ata N\u00ba 08\/2022 Assembleia de Elei\u00e7\u00e3o\/Indica\u00e7\u00e3o de Representantes do Segmento: Servidores T\u00e9cnico Administrativo das Escolas B\u00e1sicas P\u00fablicas (06\/12\/22)<\/a><\/span><\/li>\n<li><span style=\"color: #008000\"><a style=\"color: #008000\" href=\"http:\/\/www.pratinha.mg.gov.br\/portal\/wp-content\/uploads\/2023\/03\/Ata-09-Assembleia-Organizacoes-Sociedade-civil-1.pdf\">Ata N\u00ba 09\/2022 Assembleia de Elei\u00e7\u00e3o\/Indica\u00e7\u00e3o de Representantes do Segmento: Organiza\u00e7\u00f5es Sociedade Civil (08\/12\/22)<\/a><\/span><\/li>\n<li><span style=\"color: #008000\"><a style=\"color: #008000\" href=\"http:\/\/www.pratinha.mg.gov.br\/portal\/wp-content\/uploads\/2023\/03\/Ata-10-Assembleia-Conselho-M-de-Educacao.pdf\">Ata N\u00ba 10\/2022 Assembleia de Elei\u00e7\u00e3o\/Indica\u00e7\u00e3o de Representantes do Segmento:\u00a0 Respectivo Conselho Municipal de Educa\u00e7\u00e3o &#8211; CME &#8211; (08\/12\/22)<\/a><\/span><\/li>\n<li><span style=\"color: #008000\"><a style=\"color: #008000\" href=\"http:\/\/www.pratinha.mg.gov.br\/portal\/wp-content\/uploads\/2023\/03\/Ata-11-Estudantes-da-Educacao-Basica.pdf\">Ata N\u00ba 11\/2022 Assembleia de Elei\u00e7\u00e3o\/Indica\u00e7\u00e3o de Representantes do Segmento: Estudantes da Educa\u00e7\u00e3o B\u00e1sica (09\/12\/22)<\/a><\/span><\/li>\n<li><span style=\"color: #008000\"><a style=\"color: #008000\" href=\"http:\/\/www.pratinha.mg.gov.br\/portal\/wp-content\/uploads\/2023\/03\/Ata-12-Assembleia-Prof-Ed-Basica-1.pdf\">Ata N\u00ba 12\/2022 Assembleia de Elei\u00e7\u00e3o\/Indica\u00e7\u00e3o de Representantes do Segmento: Professores da Educa\u00e7\u00e3o B\u00e1sica (09\/12\/22)<\/a><\/span><\/li>\n<li><\/li>\n<li><span style=\"color: #ff0000\"><strong>Atas 2023<\/strong><\/span><\/li>\n<li><span style=\"color: #0000ff\"><a style=\"color: #0000ff\" href=\"http:\/\/www.pratinha.mg.gov.br\/portal\/wp-content\/uploads\/2023\/03\/Ata-01-2023-Posse-Novo-CACS-FUNDEB-2023-a-2026.pdf\">Ata N\u00ba 01\/2023 Posse do Novo CACS FUNDEB (2023 a 2026) 02\/01\/23<\/a><\/span><\/li>\n<li><span style=\"color: #0000ff\"><a style=\"color: #0000ff\" href=\"http:\/\/www.pratinha.mg.gov.br\/portal\/wp-content\/uploads\/2023\/04\/Ata-02-2023-Reuniao-Ordinaria-16-03-23.pdf\">Ata N\u00ba 02\/2023 Reuni\u00e3o Ordin\u00e1ria CACS FUNDEB 16\/03\/23<\/a><\/span><\/li>\n<li><span style=\"color: #0000ff\"><a style=\"color: #0000ff\" href=\"http:\/\/www.pratinha.mg.gov.br\/portal\/wp-content\/uploads\/2023\/06\/Ata-03-FUNDEB-07-06-23.pdf\">Ata N\u00ba 03\/2023 Reuni\u00e3o Ordin\u00e1ria CACS FUNDEB 07\/06\/23<\/a><\/span><\/li>\n<li><a href=\"http:\/\/www.pratinha.mg.gov.br\/portal\/wp-content\/uploads\/2023\/12\/Ata-04-2023-Reuniao-24-10-23.pdf\"><span style=\"color: #0000ff\">Ata N\u00ba 04\/2023 Reuni\u00e3o Ordin\u00e1ria CACS FUNDEB 24\/10\/2023<\/span><\/a><\/li>\n<li><\/li>\n<li><strong><span style=\"color: #ff0000\">Atas 2024<\/span><\/strong><\/li>\n<li><a href=\"http:\/\/www.pratinha.mg.gov.br\/portal\/wp-content\/uploads\/2024\/11\/Ata-01-2024.pdf\"><span style=\"color: #0000ff\">Ata N\u00ba 01\/2024 Reuni\u00e3o Ordin\u00e1ria CACS FUNDEB (12\/04\/2024)<\/span><\/a><\/li>\n<li><span style=\"color: #ff6600\"><strong>Atas de Substitui\u00e7\u00e3o de Membros Inativos do Conselho FUNDEB\u00a0 \u00a0 \u00a0 \u00a0 \u00a0 \u00a0 \u00a0 \u00a0 \u00a0 \u00a0 \u00a0 \u00a0 \u00a0 \u00a0 \u00a0 \u00a0 \u00a0 \u00a0 \u00a0 (Quadri\u00eanio &#8211; Janeiro\/2023 a Dezembro\/2026)<\/strong><\/span><\/li>\n<li><span style=\"color: #008000\"><a style=\"color: #008000\" href=\"http:\/\/www.pratinha.mg.gov.br\/portal\/wp-content\/uploads\/2024\/05\/Ata-02-Estudantes-Ed-Basica.pdf\">Ata N\u00ba 02\/2024 Assembleia de Elei\u00e7\u00e3o\/Indica\u00e7\u00e3o de Representantes do Segmento:\u00a0 Estudantes da Educa\u00e7\u00e3o B\u00e1sica (15\/04\/24)<\/a><\/span><\/li>\n<li><span style=\"color: #008000\"><a style=\"color: #008000\" href=\"http:\/\/www.pratinha.mg.gov.br\/portal\/wp-content\/uploads\/2024\/04\/Ata-03-24-Diretores.pdf\">Ata N\u00ba 03\/2024 Assembleia de Elei\u00e7\u00e3o\/Indica\u00e7\u00e3o de Representantes do Segmento: Diretores da Educa\u00e7\u00e3o B\u00e1sica (15\/04\/24)<\/a><\/span><\/li>\n<li><span style=\"color: #008000\"><a style=\"color: #008000\" href=\"http:\/\/www.pratinha.mg.gov.br\/portal\/wp-content\/uploads\/2024\/04\/Ata-04-24-Pais-de-Alunos-da-Educacao-Basica.pdf\">Ata N\u00ba 04\/2024 Assembleia de Elei\u00e7\u00e3o\/Indica\u00e7\u00e3o de Representantes do Segmento: \u00a0 \u00a0 Pais de Alunos da Educa\u00e7\u00e3o B\u00e1sica (16\/04\/24)<\/a><\/span><\/li>\n<li><span style=\"color: #008000\"><a style=\"color: #008000\" href=\"http:\/\/www.pratinha.mg.gov.br\/portal\/wp-content\/uploads\/2024\/04\/Ata-05-24-Professores-da-Educacao-Basica.pdf\">Ata N\u00ba 05\/2024 Assembleia de Elei\u00e7\u00e3o\/Indica\u00e7\u00e3o de Representantes do Segmento: Professores da Educa\u00e7\u00e3o B\u00e1sica (16\/04\/24)<\/a><\/span><\/li>\n<li><span style=\"color: #008000\"><a style=\"color: #008000\" href=\"http:\/\/www.pratinha.mg.gov.br\/portal\/wp-content\/uploads\/2024\/05\/Ata-06-Conselho-Mun-de-Educacao.pdf\">Ata N\u00ba 06\/2024 Assembleia de Elei\u00e7\u00e3o\/Indica\u00e7\u00e3o de Representantes do Segmento: Conselho Municipal de Educa\u00e7\u00e3o (18\/04\/24)<\/a><\/span><\/li>\n<li><span style=\"color: #008000\"><a style=\"color: #008000\" href=\"http:\/\/www.pratinha.mg.gov.br\/portal\/wp-content\/uploads\/2024\/04\/Ata-07-24-Servidores-Tecnicos-Administrativos.pdf\">Ata N\u00ba 07\/2024 Assembleia de Elei\u00e7\u00e3o\/Indica\u00e7\u00e3o de Representantes do Segmento: Servidores T\u00e9cnico Administrativo das Escolas B\u00e1sicas P\u00fablicas (17\/04\/24)<\/a><\/span><\/li>\n<li><\/li>\n<li><span style=\"color: #ff0000\"><strong>Atas Reuni\u00f5es do Conselho<\/strong><\/span><\/li>\n<li><span style=\"color: #0000ff\"><a style=\"color: #0000ff\" href=\"http:\/\/www.pratinha.mg.gov.br\/portal\/wp-content\/uploads\/2024\/12\/ATA-02-09-10-FUNDEB.pdf\">ATA N\u00ba 02\/2024 Reuni\u00e3o Ordin\u00e1ria CACS-FUNDEB 09\/10\/2024<\/a><\/span><\/li>\n<li><span style=\"color: #0000ff\"><a style=\"color: #0000ff\" href=\"http:\/\/www.pratinha.mg.gov.br\/portal\/wp-content\/uploads\/2025\/04\/Ata-03-de-06-dez-2024.pdf\">ATA N\u00ba 03\/2024 Reuni\u00e3o Ordin\u00e1ria CACS-FUNDEB 06\/12\/2024<\/a><\/span><\/li>\n<li><span style=\"color: #0000ff\"><a style=\"color: #0000ff\" href=\"http:\/\/www.pratinha.mg.gov.br\/portal\/wp-content\/uploads\/2025\/04\/Ata-04-2024-11-dez-24.pdf\">ATA N\u00ba 04\/2024 Reuni\u00e3o Extraordin\u00e1ria CACS-FUNDEB 11\/12\/2024<\/a> <\/span><\/li>\n<li><\/li>\n<li><strong><span style=\"color: #ff0000\">Atas\u00a0 2025<\/span><\/strong><\/li>\n<li><span style=\"color: #0000ff\"><a style=\"color: #0000ff\" href=\"http:\/\/www.pratinha.mg.gov.br\/portal\/wp-content\/uploads\/2025\/04\/Ata-01-2025-de-08-abril.pdf\">ATA N\u00ba 01\/2025 Reuni\u00e3o Ordin\u00e1ria CACS-FUNDEB 08\/04\/2025<\/a><\/span><\/li>\n<li><span style=\"color: #ff6600\"><strong>Atas de Renova\u00e7\u00e3o\/Substitui\u00e7\u00e3o de Membros do Conselho FUNDEB\u00a0 \u00a0 \u00a0 \u00a0 \u00a0 \u00a0 \u00a0 \u00a0 \u00a0 \u00a0 \u00a0 \u00a0 \u00a0 \u00a0 \u00a0 \u00a0 \u00a0(Quadri\u00eanio \u2013 Janeiro\/2023 a Dezembro\/2026)<\/strong><\/span><\/li>\n<li><span style=\"color: #008000\"><a style=\"color: #008000\" href=\"http:\/\/www.pratinha.mg.gov.br\/portal\/wp-content\/uploads\/2025\/05\/Ata-01-Estudantes-Estado.pdf\">Ata N\u00ba 01 Assembleia de Elei\u00e7\u00e3o\/Indica\u00e7\u00e3o de Representantes do Segmento: Estudantes da Educa\u00e7\u00e3o B\u00e1sica: (Alunos da EE Marlene Martins Reis)<\/a><\/span><\/li>\n<li><span style=\"color: #008000\"> <a style=\"color: #008000\" href=\"http:\/\/www.pratinha.mg.gov.br\/portal\/wp-content\/uploads\/2025\/05\/Ata-02-Estudantes-PBA.pdf\">Ata 02 Assembleia de Elei\u00e7\u00e3o\/Indica\u00e7\u00e3o de Representantes do Segmento: Estudantes da Educa\u00e7\u00e3o B\u00e1sica: (Alunos do Projeto Brasil Alfabetizado)<\/a><\/span><\/li>\n<li><span style=\"color: #008000\"><a style=\"color: #008000\" href=\"http:\/\/www.pratinha.mg.gov.br\/portal\/wp-content\/uploads\/2025\/05\/Ata-03-Conselho-Tutelar.pdf\">Ata 03 Assembleia de Elei\u00e7\u00e3o\/Indica\u00e7\u00e3o de Representante do Segmento: Conselho Tutelar<\/a><\/span><\/li>\n<li><span style=\"color: #008000\"><a style=\"color: #008000\" href=\"http:\/\/www.pratinha.mg.gov.br\/portal\/wp-content\/uploads\/2025\/05\/Ata-04-Diretores-da-Educacao-Basica.pdf\">Ata 04 Assembleia de Elei\u00e7\u00e3o\/Indica\u00e7\u00e3o de Representantes do Segmento: <\/a><a style=\"color: #008000\" href=\"http:\/\/www.pratinha.mg.gov.br\/portal\/wp-content\/uploads\/2025\/05\/Ata-04-Diretores-da-Educacao-Basica.pdf\">Diretores da Educa\u00e7\u00e3o B\u00e1sica<\/a><\/span><\/li>\n<li><span style=\"color: #008000\"><a style=\"color: #008000\" href=\"http:\/\/www.pratinha.mg.gov.br\/portal\/wp-content\/uploads\/2025\/05\/Ata-05-Pais-de-Alunos.pdf\">Ata 05 Assembleia de Elei\u00e7\u00e3o\/Indica\u00e7\u00e3o de Representante do Segmento: Pais de Alunos<\/a><\/span><\/li>\n<li><span style=\"color: #008000\"><a style=\"color: #008000\" href=\"http:\/\/www.pratinha.mg.gov.br\/portal\/wp-content\/uploads\/2025\/05\/Ata-06-CME.pdf\">Ata N\u00ba 06 Assembleia de Elei\u00e7\u00e3o\/Indica\u00e7\u00e3o de Representantes do Segmento: Conselho Municipal de Educa\u00e7\u00e3o<\/a><\/span><\/li>\n<li><span style=\"color: #0000ff\"><a style=\"color: #0000ff\" href=\"http:\/\/www.pratinha.mg.gov.br\/portal\/wp-content\/uploads\/2025\/05\/Ata-No-07-Organizacoes-da-Sociedade-Civil.pdf\"><span style=\"color: #008000\">Ata N\u00ba 07 Assembleia de Elei\u00e7\u00e3o\/Indica\u00e7\u00e3o de Representante do Segmento: Organiza\u00e7\u00f5es da Sociedade Civil<\/span><\/a><\/span><\/li>\n<li><a href=\"http:\/\/www.pratinha.mg.gov.br\/portal\/wp-content\/uploads\/2025\/11\/Ata-2-FUNDEB-20-10-25.pdf\"><span style=\"color: #0000ff\">ATA N\u00ba 02\/2025 Reuni\u00e3o Ordin\u00e1ria do CACS FUNDEB em (22\/10\/2025)<\/span><\/a><\/li>\n<li><span style=\"color: #0000ff\"><a style=\"color: #0000ff\" href=\"http:\/\/www.pratinha.mg.gov.br\/portal\/wp-content\/uploads\/2025\/12\/Ata-FUNDEB-16-12.pdf\">ATA N\u00ba 03\/2025 Reuni\u00e3o Ordin\u00e1ria do CACS FUNDEB em (16\/12\/2025)<\/a><\/span><\/li>\n<li><\/li>\n<li><span style=\"color: #ff0000\"><strong>Atas 2026<\/strong><\/span><\/li>\n<li><span style=\"color: #0000ff\"><a style=\"color: #0000ff\" href=\"http:\/\/www.pratinha.mg.gov.br\/portal\/wp-content\/uploads\/2026\/03\/ATA-1-fundeb-23-03-26.pdf\">ATA N\u00ba 01\/2026 Reuni\u00e3o Ordin\u00e1ria do CACS FUNDEB em (23\/03\/2026)<\/a><\/span><\/li>\n<\/ul>\n","protected":false},"excerpt":{"rendered":"<p>Atas 2021 Ata N\u00ba 01\/2021 CACS FUNDEB (12\/03\/21) Ata N\u00ba 02\/2021 CACS FUNDEB (24\/03\/21) Ata N\u00ba 03\/2021 CACS FUNDEB (21\/05\/21) Ata N\u00ba 04\/2021 CACS FUNDEB (11\/08\/21) Ata N\u00ba 05\/2021 CACS FUNDEB (10\/12\/21) Atas 2022 Ata N\u00ba 01\/2022 CACS FUNDEB (11\/03\/22) Ata N\u00ba 02\/2022 CACS FUNDEB (07\/06\/22) Ata N\u00ba 03\/2022 CACS FUNDEB (18\/10\/22) Ata N\u00ba 04\/2022&hellip;<\/p>","protected":false},"author":1,"featured_media":0,"parent":0,"menu_order":0,"comment_status":"closed","ping_status":"closed","template":"","meta":{"footnotes":""},"class_list":["post-5906","page","type-page","status-publish"],"_links":{"self":[{"href":"http:\/\/www.pratinha.mg.gov.br\/portal\/wp-json\/wp\/v2\/pages\/5906","targetHints":{"allow":["GET"]}}],"collection":[{"href":"http:\/\/www.pratinha.mg.gov.br\/portal\/wp-json\/wp\/v2\/pages"}],"about":[{"href":"http:\/\/www.pratinha.mg.gov.br\/portal\/wp-json\/wp\/v2\/types\/page"}],"author":[{"embeddable":true,"href":"http:\/\/www.pratinha.mg.gov.br\/portal\/wp-json\/wp\/v2\/users\/1"}],"replies":[{"embeddable":true,"href":"http:\/\/www.pratinha.mg.gov.br\/portal\/wp-json\/wp\/v2\/comments?post=5906"}],"version-history":[{"count":67,"href":"http:\/\/www.pratinha.mg.gov.br\/portal\/wp-json\/wp\/v2\/pages\/5906\/revisions"}],"predecessor-version":[{"id":15288,"href":"http:\/\/www.pratinha.mg.gov.br\/portal\/wp-json\/wp\/v2\/pages\/5906\/revisions\/15288"}],"wp:attachment":[{"href":"http:\/\/www.pratinha.mg.gov.br\/portal\/wp-json\/wp\/v2\/media?parent=5906"}],"curies":[{"name":"wp","href":"https:\/\/api.w.org\/{rel}","templated":true}]}}