{"id":5538,"date":"2021-02-01T12:16:43","date_gmt":"2021-02-01T12:16:43","guid":{"rendered":"http:\/\/www.pratinha.mg.gov.br\/portal\/?page_id=5538"},"modified":"2021-02-04T12:28:06","modified_gmt":"2021-02-04T12:28:06","slug":"marco-regulatorio-2021","status":"publish","type":"page","link":"http:\/\/www.pratinha.mg.gov.br\/portal\/marco-regulatorio-2021\/","title":{"rendered":"Marco Regulat\u00f3rio 2021"},"content":{"rendered":"\n<table id=\"tablepress-9\" class=\"tablepress tablepress-id-9\">\n<thead>\n<tr class=\"row-1\">\n\t<th class=\"column-1\">N\u00ba DO PROCESSO<br \/>\n<br \/>\n<br \/>\n<br \/>\n<\/th><th class=\"column-2\">OBJETO<\/th><th class=\"column-3\">ARQUIVO<\/th><th class=\"column-4\">OSC PARCEIRA<\/th><th class=\"column-5\">DATA DA PUBLICA\u00c7\u00c3O<\/th>\n<\/tr>\n<\/thead>\n<tbody class=\"row-striping row-hover\">\n<tr class=\"row-2\">\n\t<td class=\"column-1\">PROCESSO: 01\/2017 - Marco Regulat\u00f3rio - Aditivo<br \/>\n<br \/>\n<\/td><td class=\"column-2\">Fortalecimento na educa\u00e7\u00e3o a crian\u00e7as e jovens com necessidades especiais...<\/td><td class=\"column-3\"><a href=\"http:\/\/www.pratinha.mg.gov.br\/portal\/wp-content\/uploads\/2021\/01\/4-6o-Termo-Aditivo-16-12-2020.pdf\">4 - 6\u00ba Termo Aditivo - 16-12-2020<\/a><\/td><td class=\"column-4\">APAE Pratinha<\/td><td class=\"column-5\">29\/01\/2021<\/td>\n<\/tr>\n<tr class=\"row-3\">\n\t<td class=\"column-1\">PROCESSO: 01\/2017 - Marco Regulat\u00f3rio -  Presta\u00e7\u00e3o de contas 02\/2021<\/td><td class=\"column-2\">Fortalecimento na educa\u00e7\u00e3o a crian\u00e7as e jovens com necessidades especiais...<\/td><td class=\"column-3\"><a href=\"http:\/\/www.pratinha.mg.gov.br\/portal\/wp-content\/uploads\/2021\/03\/12-Prestacao-de-Contas-Fevereiro-2021-3.pdf\">12 - Presta\u00e7\u00e3o de Contas - Fevereiro 2021 3<\/a><\/td><td class=\"column-4\">APAE Pratinha<\/td><td class=\"column-5\">02\/03\/2021<\/td>\n<\/tr>\n<tr class=\"row-4\">\n\t<td class=\"column-1\">PROCESSO: 01\/2017 - Marco Regulat\u00f3rio - 7\u00ba Aditivo<br \/>\n<\/td><td class=\"column-2\">Fortalecimento na educa\u00e7\u00e3o a crian\u00e7as e jovens com necessidades especiais...<\/td><td class=\"column-3\"><a href=\"http:\/\/www.pratinha.mg.gov.br\/portal\/wp-content\/uploads\/2021\/03\/4-7o-Termo-Aditivo.pdf\">4 - 7\u00ba Termo Aditivo<\/a><\/td><td class=\"column-4\">APAE Pratinha<\/td><td class=\"column-5\">01\/04\/2021<\/td>\n<\/tr>\n<tr class=\"row-5\">\n\t<td class=\"column-1\">PROCESSO: 01\/2017 - Marco Regulat\u00f3rio -  Presta\u00e7\u00e3o de contas 03\/2021<\/td><td class=\"column-2\">Fortalecimento na educa\u00e7\u00e3o a crian\u00e7as e jovens com necessidades especiais...<\/td><td class=\"column-3\"><a href=\"http:\/\/www.pratinha.mg.gov.br\/portal\/wp-content\/uploads\/2021\/04\/12-Prestacao-de-Contas-Marco-2021-1.pdf\">12 - Presta\u00e7\u00e3o de Contas - Mar\u00e7o 2021<\/a><\/td><td class=\"column-4\">APAE Pratinha<\/td><td class=\"column-5\">19-04-2021<\/td>\n<\/tr>\n<tr class=\"row-6\">\n\t<td class=\"column-1\">PROCESSO: 01\/2017 - Marco Regulat\u00f3rio -  Presta\u00e7\u00e3o de contas 04\/2021<\/td><td class=\"column-2\">Fortalecimento na educa\u00e7\u00e3o a crian\u00e7as e jovens com necessidades especiais...<\/td><td class=\"column-3\"><a href=\"http:\/\/www.pratinha.mg.gov.br\/portal\/wp-content\/uploads\/2021\/05\/12-Prestacao-de-Contas-Abril-2021.pdf\">12 - Presta\u00e7\u00e3o de Contas - Abril 2021<\/a><\/td><td class=\"column-4\">APAE Pratinha<\/td><td class=\"column-5\">21-05-2021<\/td>\n<\/tr>\n<tr class=\"row-7\">\n\t<td class=\"column-1\">PROCESSO: 01\/2017 - Marco Regulat\u00f3rio -  Presta\u00e7\u00e3o de contas 05\/2021<\/td><td class=\"column-2\">Fortalecimento na educa\u00e7\u00e3o a crian\u00e7as e jovens com necessidades especiais...<\/td><td class=\"column-3\"><a href=\"http:\/\/www.pratinha.mg.gov.br\/portal\/wp-content\/uploads\/2021\/06\/12-Prestacao-de-Contas-Maio-2021.pdf\">12 - Presta\u00e7\u00e3o de Contas - Maio 2021<\/a><\/td><td class=\"column-4\">APAE Pratinha<\/td><td class=\"column-5\">15\/06\/2021<\/td>\n<\/tr>\n<tr class=\"row-8\">\n\t<td class=\"column-1\">PROCESSO: 01\/2017 - Marco Regulat\u00f3rio -  Presta\u00e7\u00e3o de contas 06\/2021<\/td><td class=\"column-2\">Fortalecimento na educa\u00e7\u00e3o a crian\u00e7as e jovens com necessidades especiais...<\/td><td class=\"column-3\"><a href=\"http:\/\/www.pratinha.mg.gov.br\/portal\/wp-content\/uploads\/2021\/07\/12-Prestacao-de-Contas-Junho-2021.pdf\">12 - Presta\u00e7\u00e3o de Contas - Junho 2021<\/a><\/td><td class=\"column-4\">APAE Pratinha<\/td><td class=\"column-5\">12\/07\/2021<\/td>\n<\/tr>\n<tr class=\"row-9\">\n\t<td class=\"column-1\">PROCESSO: 01\/2017 - Marco Regulat\u00f3rio -  Presta\u00e7\u00e3o de contas 07\/2021<\/td><td class=\"column-2\">Fortalecimento na educa\u00e7\u00e3o a crian\u00e7as e jovens com necessidades especiais...<\/td><td class=\"column-3\"><a href=\"http:\/\/www.pratinha.mg.gov.br\/portal\/wp-content\/uploads\/2021\/08\/12-Prestacao-de-Contas-Julho-2021.pdf\">12 - Presta\u00e7\u00e3o de Contas - Julho 2021<\/a><\/td><td class=\"column-4\">APAE Pratinha<\/td><td class=\"column-5\">16\/08\/2021<\/td>\n<\/tr>\n<tr class=\"row-10\">\n\t<td class=\"column-1\">PROCESSO: 01\/2017 - Marco Regulat\u00f3rio -  Presta\u00e7\u00e3o de contas 08\/2021<\/td><td class=\"column-2\">Fortalecimento na educa\u00e7\u00e3o a crian\u00e7as e jovens com necessidades especiais...<\/td><td class=\"column-3\"><a href=\"http:\/\/www.pratinha.mg.gov.br\/portal\/wp-content\/uploads\/2021\/09\/12-Prestacao-de-Contas-Agosto-2021.pdf\">12 - Presta\u00e7\u00e3o de Contas - Agosto 2021<\/a><\/td><td class=\"column-4\">APAE Pratinha<\/td><td class=\"column-5\">10\/09\/2021<\/td>\n<\/tr>\n<tr class=\"row-11\">\n\t<td class=\"column-1\">PROCESSO: 01\/2017 - Marco Regulat\u00f3rio -  Presta\u00e7\u00e3o de contas 09\/2021<\/td><td class=\"column-2\">Fortalecimento na educa\u00e7\u00e3o a crian\u00e7as e jovens com necessidades especiais...<\/td><td class=\"column-3\"><a href=\"http:\/\/www.pratinha.mg.gov.br\/portal\/wp-content\/uploads\/2021\/10\/12-Prestacao-de-Contas-Setembro-2021.pdf\">12 - Presta\u00e7\u00e3o de Contas - Setembro 2021<\/a><\/td><td class=\"column-4\">APAE Pratinha<\/td><td class=\"column-5\">05\/10\/2021<\/td>\n<\/tr>\n<tr class=\"row-12\">\n\t<td class=\"column-1\">PROCESSO: 01\/2017 - Marco Regulat\u00f3rio -  Presta\u00e7\u00e3o de contas 10\/2021<\/td><td class=\"column-2\">Fortalecimento na educa\u00e7\u00e3o a crian\u00e7as e jovens com necessidades especiais...<\/td><td class=\"column-3\"><a href=\"http:\/\/www.pratinha.mg.gov.br\/portal\/wp-content\/uploads\/2021\/11\/12-Prestacao-de-Contas-Outubro-2021.pdf\">12 - Presta\u00e7\u00e3o de Contas - Outubro 2021<\/a><\/td><td class=\"column-4\">APAE Pratinha<\/td><td class=\"column-5\">08\/11\/2021<\/td>\n<\/tr>\n<tr class=\"row-13\">\n\t<td class=\"column-1\">PROCESSO: 01\/2017 - Marco Regulat\u00f3rio -  Presta\u00e7\u00e3o de contas 11\/2021<\/td><td class=\"column-2\">Fortalecimento na educa\u00e7\u00e3o a crian\u00e7as e jovens com necessidades especiais...<\/td><td class=\"column-3\"><a href=\"http:\/\/www.pratinha.mg.gov.br\/portal\/wp-content\/uploads\/2021\/12\/12-Prestacao-de-Contas-Novembro-2021.pdf\">12 - Presta\u00e7\u00e3o de Contas - Novembro 2021<\/a><\/td><td class=\"column-4\">APAE Pratinha<\/td><td class=\"column-5\">07\/12\/2021<\/td>\n<\/tr>\n<tr class=\"row-14\">\n\t<td class=\"column-1\"><\/td><td class=\"column-2\"><\/td><td class=\"column-3\"><\/td><td class=\"column-4\"><\/td><td class=\"column-5\"><\/td>\n<\/tr>\n<tr class=\"row-15\">\n\t<td class=\"column-1\">PROCESSO: 01\/2017 - Marco Regulat\u00f3rio<\/td><td class=\"column-2\">Institui\u00e7\u00e3o Universit\u00e1ria que promova educa\u00e7\u00e3o superior aos estudantes do munic\u00edpio de Pratinha, para possibilitar \u00e0 popula\u00e7\u00e3o acesso, fortalecimento e qualifica\u00e7\u00e3o profissional.<\/td><td class=\"column-3\"><a href=\"http:\/\/www.pratinha.mg.gov.br\/portal\/wp-content\/uploads\/2021\/01\/3-3o-Termo-Aditivo-31-12-2020.pdf\">3- 3\u00ba Termo Aditivo 31-12-2020<\/a><\/td><td class=\"column-4\">UNIARAX\u00c1<\/td><td class=\"column-5\">29\/01\/2021<\/td>\n<\/tr>\n<tr class=\"row-16\">\n\t<td class=\"column-1\">PROCESSO: 01\/2017 - Marco Regulat\u00f3rio<\/td><td class=\"column-2\">Institui\u00e7\u00e3o Universit\u00e1ria que promova educa\u00e7\u00e3o superior aos estudantes do munic\u00edpio de Pratinha, para possibilitar \u00e0 popula\u00e7\u00e3o acesso, fortalecimento e qualifica\u00e7\u00e3o profissional.<\/td><td class=\"column-3\"><a href=\"http:\/\/www.pratinha.mg.gov.br\/portal\/wp-content\/uploads\/2021\/02\/10-Relacao-de-alunos-para-pagamento-Fevereiro-2021.pdf\">10- Rela\u00e7\u00e3o de alunos para pagamento - Fevereiro 2021<\/a><\/td><td class=\"column-4\">UNIARAX\u00c1<\/td><td class=\"column-5\">24\/02\/2021<\/td>\n<\/tr>\n<tr class=\"row-17\">\n\t<td class=\"column-1\">PROCESSO: 01\/2017 - Marco Regulat\u00f3rio<\/td><td class=\"column-2\">Institui\u00e7\u00e3o Universit\u00e1ria que promova educa\u00e7\u00e3o superior aos estudantes do munic\u00edpio de Pratinha, para possibilitar \u00e0 popula\u00e7\u00e3o acesso, fortalecimento e qualifica\u00e7\u00e3o profissional.<\/td><td class=\"column-3\"><a href=\"http:\/\/www.pratinha.mg.gov.br\/portal\/wp-content\/uploads\/2021\/03\/10-Relacao-de-alunos-para-pagamento-Marco-2021.pdf\">10- Rela\u00e7\u00e3o de alunos para pagamento - Mar\u00e7o 2021<\/a><\/td><td class=\"column-4\">UNIARAX\u00c1<\/td><td class=\"column-5\">18\/03\/2021<\/td>\n<\/tr>\n<tr class=\"row-18\">\n\t<td class=\"column-1\">PROCESSO: 01\/2017 - Marco Regulat\u00f3rio<\/td><td class=\"column-2\">Institui\u00e7\u00e3o Universit\u00e1ria que promova educa\u00e7\u00e3o superior aos estudantes do munic\u00edpio de Pratinha, para possibilitar \u00e0 popula\u00e7\u00e3o acesso, fortalecimento e qualifica\u00e7\u00e3o profissional.<\/td><td class=\"column-3\"><a href=\"http:\/\/www.pratinha.mg.gov.br\/portal\/wp-content\/uploads\/2021\/04\/10-Relacao-de-alunos-para-pagamento-Abril-2021.pdf\">10- Rela\u00e7\u00e3o de alunos para pagamento - Abril 2021<\/a><\/td><td class=\"column-4\">UNIARAX\u00c1<\/td><td class=\"column-5\">20\/04\/2021<\/td>\n<\/tr>\n<tr class=\"row-19\">\n\t<td class=\"column-1\">PROCESSO: 01\/2017 - Marco Regulat\u00f3rio<\/td><td class=\"column-2\">Institui\u00e7\u00e3o Universit\u00e1ria que promova educa\u00e7\u00e3o superior aos estudantes do munic\u00edpio de Pratinha, para possibilitar \u00e0 popula\u00e7\u00e3o acesso, fortalecimento e qualifica\u00e7\u00e3o profissional.<\/td><td class=\"column-3\"><a href=\"http:\/\/www.pratinha.mg.gov.br\/portal\/wp-content\/uploads\/2021\/05\/10-Relacao-de-alunos-para-pagamento-Maio-2021.pdf\">10- Rela\u00e7\u00e3o de alunos para pagamento - Maio 2021<\/a><\/td><td class=\"column-4\">UNIARAX\u00c1<\/td><td class=\"column-5\">13\/05\/2021<\/td>\n<\/tr>\n<tr class=\"row-20\">\n\t<td class=\"column-1\">PROCESSO: 01\/2017 - Marco Regulat\u00f3rio - Presta\u00e7\u00e3o de Contas 06\/2021<\/td><td class=\"column-2\">Institui\u00e7\u00e3o Universit\u00e1ria que promova educa\u00e7\u00e3o superior aos estudantes do munic\u00edpio de Pratinha, para possibilitar \u00e0 popula\u00e7\u00e3o acesso, fortalecimento e qualifica\u00e7\u00e3o profissional.<\/td><td class=\"column-3\"><a href=\"http:\/\/www.pratinha.mg.gov.br\/portal\/wp-content\/uploads\/2021\/06\/9-Relacao-de-alunos-para-pagamento-Junho-2021.pdf\">9- Rela\u00e7\u00e3o de alunos para pagamento - Junho 2021<\/a><\/td><td class=\"column-4\">UNIARAX\u00c1<\/td><td class=\"column-5\">21\/06\/2021<\/td>\n<\/tr>\n<tr class=\"row-21\">\n\t<td class=\"column-1\">PROCESSO: 01\/2017 - Marco Regulat\u00f3rio - Presta\u00e7\u00e3o de Contas 07\/2021<\/td><td class=\"column-2\">Institui\u00e7\u00e3o Universit\u00e1ria que promova educa\u00e7\u00e3o superior aos estudantes do munic\u00edpio de Pratinha, para possibilitar \u00e0 popula\u00e7\u00e3o acesso, fortalecimento e qualifica\u00e7\u00e3o profissional.<\/td><td class=\"column-3\"><a href=\"http:\/\/www.pratinha.mg.gov.br\/portal\/wp-content\/uploads\/2021\/07\/10-Relacao-de-alunos-para-pagamento-Julho-2021.pdf\">10- Rela\u00e7\u00e3o de alunos para pagamento - Julho 2021<\/a><\/td><td class=\"column-4\">UNIARAX\u00c1<\/td><td class=\"column-5\">19\/07\/2021<\/td>\n<\/tr>\n<tr class=\"row-22\">\n\t<td class=\"column-1\">PROCESSO: 01\/2017 - Marco Regulat\u00f3rio - Presta\u00e7\u00e3o de Contas 08\/2021<\/td><td class=\"column-2\">Institui\u00e7\u00e3o Universit\u00e1ria que promova educa\u00e7\u00e3o superior aos estudantes do munic\u00edpio de Pratinha, para possibilitar \u00e0 popula\u00e7\u00e3o acesso, fortalecimento e qualifica\u00e7\u00e3o profissional.<\/td><td class=\"column-3\"><a href=\"http:\/\/www.pratinha.mg.gov.br\/portal\/wp-content\/uploads\/2021\/08\/10-Relacao-de-alunos-para-pagamento-Agosto-2021.pdf\">10- Rela\u00e7\u00e3o de alunos para pagamento - Agosto 2021<\/a><\/td><td class=\"column-4\">UNIARAX\u00c1<\/td><td class=\"column-5\">13\/08\/2021<\/td>\n<\/tr>\n<tr class=\"row-23\">\n\t<td class=\"column-1\">PROCESSO: 01\/2017 - Marco Regulat\u00f3rio - Presta\u00e7\u00e3o de Contas 09\/2021<\/td><td class=\"column-2\">Institui\u00e7\u00e3o Universit\u00e1ria que promova educa\u00e7\u00e3o superior aos estudantes do munic\u00edpio de Pratinha, para possibilitar \u00e0 popula\u00e7\u00e3o acesso, fortalecimento e qualifica\u00e7\u00e3o profissional.<\/td><td class=\"column-3\"><a href=\"http:\/\/www.pratinha.mg.gov.br\/portal\/wp-content\/uploads\/2021\/09\/10-Relacao-de-alunos-para-pagamento-Setembro-2021.pdf\">10- Rela\u00e7\u00e3o de alunos para pagamento - Setembro 2021<\/a><\/td><td class=\"column-4\">UNIARAX\u00c1<\/td><td class=\"column-5\">13\/09\/2021<\/td>\n<\/tr>\n<tr class=\"row-24\">\n\t<td class=\"column-1\">PROCESSO: 01\/2017 - Marco Regulat\u00f3rio - Presta\u00e7\u00e3o de Contas 10\/2021<\/td><td class=\"column-2\">Institui\u00e7\u00e3o Universit\u00e1ria que promova educa\u00e7\u00e3o superior aos estudantes do munic\u00edpio de Pratinha, para possibilitar \u00e0 popula\u00e7\u00e3o acesso, fortalecimento e qualifica\u00e7\u00e3o profissional.<\/td><td class=\"column-3\"><a href=\"http:\/\/www.pratinha.mg.gov.br\/portal\/wp-content\/uploads\/2021\/10\/10-Relacao-de-alunos-para-pagamento-Outubro-2021.pdf\">10- Rela\u00e7\u00e3o de alunos para pagamento - Outubro 2021<\/a><\/td><td class=\"column-4\">UNIARAX\u00c1<\/td><td class=\"column-5\">14\/10\/2021<\/td>\n<\/tr>\n<tr class=\"row-25\">\n\t<td class=\"column-1\">PROCESSO: 01\/2017 - Marco Regulat\u00f3rio - Extrato de Aditivo <\/td><td class=\"column-2\">Institui\u00e7\u00e3o Universit\u00e1ria que promova educa\u00e7\u00e3o superior aos estudantes do munic\u00edpio de Pratinha, para possibilitar \u00e0 popula\u00e7\u00e3o acesso, fortalecimento e qualifica\u00e7\u00e3o profissional.<\/td><td class=\"column-3\"><a href=\"http:\/\/www.pratinha.mg.gov.br\/portal\/wp-content\/uploads\/2021\/12\/Extrato-de-4o-Aditivo-Da-Vigencia-Para-publicacao-2021.doc\">Extrato de 4\u00ba Aditivo - Da Vig\u00eancia - Para publica\u00e7\u00e3o 2021<\/a><\/td><td class=\"column-4\">UNIARAX\u00c1<\/td><td class=\"column-5\">08\/12\/2021<\/td>\n<\/tr>\n<tr class=\"row-26\">\n\t<td class=\"column-1\">PROCESSO: 01\/2017 - Marco Regulat\u00f3rio - Presta\u00e7\u00e3o de Contas 11\/2021<\/td><td class=\"column-2\">Institui\u00e7\u00e3o Universit\u00e1ria que promova educa\u00e7\u00e3o superior aos estudantes do munic\u00edpio de Pratinha, para possibilitar \u00e0 popula\u00e7\u00e3o acesso, fortalecimento e qualifica\u00e7\u00e3o profissional.<\/td><td class=\"column-3\"><a href=\"http:\/\/www.pratinha.mg.gov.br\/portal\/wp-content\/uploads\/2021\/12\/10-Relacao-de-alunos-para-pagamento-Novembro-2021.pdf\">10- Rela\u00e7\u00e3o de alunos para pagamento - Novembro 2021<\/a><\/td><td class=\"column-4\">UNIARAX\u00c1<\/td><td class=\"column-5\">16\/12\/2021<\/td>\n<\/tr>\n<tr class=\"row-27\">\n\t<td class=\"column-1\">PROCESSO: 01\/2017 - Marco Regulat\u00f3rio - Presta\u00e7\u00e3o de Contas 12\/2021<\/td><td class=\"column-2\">Institui\u00e7\u00e3o Universit\u00e1ria que promova educa\u00e7\u00e3o superior aos estudantes do munic\u00edpio de Pratinha, para possibilitar \u00e0 popula\u00e7\u00e3o acesso, fortalecimento e qualifica\u00e7\u00e3o profissional.<\/td><td class=\"column-3\"><a href=\"http:\/\/www.pratinha.mg.gov.br\/portal\/wp-content\/uploads\/2021\/12\/10-Relacao-de-alunos-para-pagamento-Dezembro-2021.pdf\">10- Rela\u00e7\u00e3o de alunos para pagamento - Dezembro 2021<\/a><\/td><td class=\"column-4\">UNIARAX\u00c1<\/td><td class=\"column-5\">16\/12\/2021<\/td>\n<\/tr>\n<tr class=\"row-28\">\n\t<td class=\"column-1\"><\/td><td class=\"column-2\"><\/td><td class=\"column-3\"><\/td><td class=\"column-4\"><\/td><td class=\"column-5\"><\/td>\n<\/tr>\n<tr class=\"row-29\">\n\t<td class=\"column-1\">PROCESSO: 01\/2017 - Marco Regulat\u00f3rio<\/td><td class=\"column-2\">Institui\u00e7\u00e3o Universit\u00e1ria que promova educa\u00e7\u00e3o superior \u00e0 dist\u00e2ncia\/presencial aos estudantes do munic\u00edpio de Pratinha, para possibilitar \u00e0 popula\u00e7\u00e3o acesso, fortalecimento e qualifica\u00e7\u00e3o profissional.<\/td><td class=\"column-3\"><a href=\"http:\/\/www.pratinha.mg.gov.br\/portal\/wp-content\/uploads\/2021\/05\/3o-Termo-Aditivo-ao-Termo-de-Fomento-UNIUBE-Da-Vigencia-31-12-21.pdf\">3\u00ba Termo Aditivo ao Termo de Fomento UNIUBE - Da Vig\u00eancia 31-12-21<\/a><\/td><td class=\"column-4\">UNIUBE<\/td><td class=\"column-5\">04\/01\/2021<\/td>\n<\/tr>\n<tr class=\"row-30\">\n\t<td class=\"column-1\">PROCESSO: 01\/2017 - Marco Regulat\u00f3rio<\/td><td class=\"column-2\">Institui\u00e7\u00e3o Universit\u00e1ria que promova educa\u00e7\u00e3o superior \u00e0 dist\u00e2ncia\/presencial aos estudantes do munic\u00edpio de Pratinha, para possibilitar \u00e0 popula\u00e7\u00e3o acesso, fortalecimento e qualifica\u00e7\u00e3o profissional.<\/td><td class=\"column-3\"><a href=\"http:\/\/www.pratinha.mg.gov.br\/portal\/wp-content\/uploads\/2021\/02\/4-Relacao-de-Alunos-Fevereiro-2021.xls\">4 - Rela\u00e7\u00e3o de Alunos Fevereiro 2021<\/a><\/td><td class=\"column-4\">UNIUBE<\/td><td class=\"column-5\">08\/02\/2021<\/td>\n<\/tr>\n<tr class=\"row-31\">\n\t<td class=\"column-1\">PROCESSO: 01\/2017 - Marco Regulat\u00f3rio<\/td><td class=\"column-2\">Institui\u00e7\u00e3o Universit\u00e1ria que promova educa\u00e7\u00e3o superior \u00e0 dist\u00e2ncia\/presencial aos estudantes do munic\u00edpio de Pratinha, para possibilitar \u00e0 popula\u00e7\u00e3o acesso, fortalecimento e qualifica\u00e7\u00e3o profissional.<\/td><td class=\"column-3\"><a href=\"http:\/\/www.pratinha.mg.gov.br\/portal\/wp-content\/uploads\/2021\/03\/4-Relacao-de-Alunos-Fevereiro-a-Marco-2021.xls\">4 - Rela\u00e7\u00e3o de Alunos - Fevereiro a Mar\u00e7o 2021<\/a><\/td><td class=\"column-4\">UNIUBE<\/td><td class=\"column-5\">10\/03\/2021<\/td>\n<\/tr>\n<tr class=\"row-32\">\n\t<td class=\"column-1\">PROCESSO: 01\/2017 - Marco Regulat\u00f3rio<\/td><td class=\"column-2\">Institui\u00e7\u00e3o Universit\u00e1ria que promova educa\u00e7\u00e3o superior \u00e0 dist\u00e2ncia\/presencial aos estudantes do munic\u00edpio de Pratinha, para possibilitar \u00e0 popula\u00e7\u00e3o acesso, fortalecimento e qualifica\u00e7\u00e3o profissional.<\/td><td class=\"column-3\"><a href=\"http:\/\/www.pratinha.mg.gov.br\/portal\/wp-content\/uploads\/2021\/04\/4-Relacao-de-alunos-Fevereiro-a-Abril-2021.xls\">4 - Rela\u00e7\u00e3o de alunos - Fevereiro a Abril 2021<\/a><\/td><td class=\"column-4\">UNIUBE<\/td><td class=\"column-5\">09\/04\/2021<\/td>\n<\/tr>\n<tr class=\"row-33\">\n\t<td class=\"column-1\">PROCESSO: 01\/2017 - Marco Regulat\u00f3rio<\/td><td class=\"column-2\">Institui\u00e7\u00e3o Universit\u00e1ria que promova educa\u00e7\u00e3o superior \u00e0 dist\u00e2ncia\/presencial aos estudantes do munic\u00edpio de Pratinha, para possibilitar \u00e0 popula\u00e7\u00e3o acesso, fortalecimento e qualifica\u00e7\u00e3o profissional.<\/td><td class=\"column-3\"><a href=\"http:\/\/www.pratinha.mg.gov.br\/portal\/wp-content\/uploads\/2021\/05\/4-Relacao-de-Alunos-Maio-2021.xls\">4 - Rela\u00e7\u00e3o de Alunos Maio 2021<\/a><\/td><td class=\"column-4\">UNIUBE<\/td><td class=\"column-5\">13\/05\/2021<\/td>\n<\/tr>\n<tr class=\"row-34\">\n\t<td class=\"column-1\">PROCESSO: 01\/2017 - Marco Regulat\u00f3rio<\/td><td class=\"column-2\">Institui\u00e7\u00e3o Universit\u00e1ria que promova educa\u00e7\u00e3o superior \u00e0 dist\u00e2ncia\/presencial aos estudantes do munic\u00edpio de Pratinha, para possibilitar \u00e0 popula\u00e7\u00e3o acesso, fortalecimento e qualifica\u00e7\u00e3o profissional.<\/td><td class=\"column-3\"><a href=\"http:\/\/www.pratinha.mg.gov.br\/portal\/wp-content\/uploads\/2021\/06\/4-Relacao-de-Alunos-Junho-2021-1.xls\">4 - Rela\u00e7\u00e3o de Alunos Junho 2021<\/a><\/td><td class=\"column-4\">UNIUBE<\/td><td class=\"column-5\">11\/06\/2021<\/td>\n<\/tr>\n<tr class=\"row-35\">\n\t<td class=\"column-1\">PROCESSO: 01\/2017 - Marco Regulat\u00f3rio<\/td><td class=\"column-2\">Institui\u00e7\u00e3o Universit\u00e1ria que promova educa\u00e7\u00e3o superior \u00e0 dist\u00e2ncia\/presencial aos estudantes do munic\u00edpio de Pratinha, para possibilitar \u00e0 popula\u00e7\u00e3o acesso, fortalecimento e qualifica\u00e7\u00e3o profissional.<\/td><td class=\"column-3\"><a href=\"http:\/\/www.pratinha.mg.gov.br\/portal\/wp-content\/uploads\/2021\/07\/4-Relacao-de-Alunos-Julho-2021.xls\">4 - Rela\u00e7\u00e3o de Alunos Julho 2021<\/a><\/td><td class=\"column-4\">UNIUBE<\/td><td class=\"column-5\">09\/06\/2021<\/td>\n<\/tr>\n<tr class=\"row-36\">\n\t<td class=\"column-1\">PROCESSO: 01\/2017 - Marco Regulat\u00f3rio<\/td><td class=\"column-2\">Institui\u00e7\u00e3o Universit\u00e1ria que promova educa\u00e7\u00e3o superior \u00e0 dist\u00e2ncia\/presencial aos estudantes do munic\u00edpio de Pratinha, para possibilitar \u00e0 popula\u00e7\u00e3o acesso, fortalecimento e qualifica\u00e7\u00e3o profissional.<\/td><td class=\"column-3\"><a href=\"http:\/\/www.pratinha.mg.gov.br\/portal\/wp-content\/uploads\/2021\/08\/4-Relacao-de-Alunos-Agosto-2021.xls\">4 - Rela\u00e7\u00e3o de Alunos Agosto-2021<\/a><\/td><td class=\"column-4\">UNIUBE<\/td><td class=\"column-5\">04\/08\/2021<\/td>\n<\/tr>\n<tr class=\"row-37\">\n\t<td class=\"column-1\">PROCESSO: 01\/2017 - Marco Regulat\u00f3rio<\/td><td class=\"column-2\">Institui\u00e7\u00e3o Universit\u00e1ria que promova educa\u00e7\u00e3o superior \u00e0 dist\u00e2ncia\/presencial aos estudantes do munic\u00edpio de Pratinha, para possibilitar \u00e0 popula\u00e7\u00e3o acesso, fortalecimento e qualifica\u00e7\u00e3o profissional.<\/td><td class=\"column-3\"><a href=\"http:\/\/www.pratinha.mg.gov.br\/portal\/wp-content\/uploads\/2021\/09\/Setembro-2021.xlsx\">Setembro 2021<\/a><\/td><td class=\"column-4\">UNIUBE<\/td><td class=\"column-5\">13\/09\/2021<\/td>\n<\/tr>\n<tr class=\"row-38\">\n\t<td class=\"column-1\">PROCESSO: 01\/2017 - Marco Regulat\u00f3rio<\/td><td class=\"column-2\">Institui\u00e7\u00e3o Universit\u00e1ria que promova educa\u00e7\u00e3o superior \u00e0 dist\u00e2ncia\/presencial aos estudantes do munic\u00edpio de Pratinha, para possibilitar \u00e0 popula\u00e7\u00e3o acesso, fortalecimento e qualifica\u00e7\u00e3o profissional.<\/td><td class=\"column-3\"><a href=\"http:\/\/www.pratinha.mg.gov.br\/portal\/wp-content\/uploads\/2021\/10\/Outubro-2021.xlsx\">Outubro 2021<\/a><\/td><td class=\"column-4\">UNIUBE<\/td><td class=\"column-5\">15\/10\/2021<br \/>\n<\/td>\n<\/tr>\n<tr class=\"row-39\">\n\t<td class=\"column-1\">PROCESSO: 01\/2017 - Marco Regulat\u00f3rio<\/td><td class=\"column-2\">Institui\u00e7\u00e3o Universit\u00e1ria que promova educa\u00e7\u00e3o superior \u00e0 dist\u00e2ncia\/presencial aos estudantes do munic\u00edpio de Pratinha, para possibilitar \u00e0 popula\u00e7\u00e3o acesso, fortalecimento e qualifica\u00e7\u00e3o profissional.<\/td><td class=\"column-3\"><a href=\"http:\/\/www.pratinha.mg.gov.br\/portal\/wp-content\/uploads\/2021\/11\/Novembro-2021.xlsx\">Novembro 2021<\/a><\/td><td class=\"column-4\">UNIUBE<\/td><td class=\"column-5\">12\/11\/2021<\/td>\n<\/tr>\n<tr class=\"row-40\">\n\t<td class=\"column-1\">PROCESSO: 01\/2017 - Marco Regulat\u00f3rio - Extrato de Aditivo<\/td><td class=\"column-2\">Institui\u00e7\u00e3o Universit\u00e1ria que promova educa\u00e7\u00e3o superior \u00e0 dist\u00e2ncia\/presencial aos estudantes do munic\u00edpio de Pratinha, para possibilitar \u00e0 acesso, fortalecimento e qualifica\u00e7\u00e3o profissional.popula\u00e7\u00e3o <\/td><td class=\"column-3\"><a href=\"http:\/\/www.pratinha.mg.gov.br\/portal\/wp-content\/uploads\/2021\/12\/Extrato-do-4o-Aditivo-2021-Da-Vigencia-Para-publicacao.doc\">Extrato do 4\u00ba Aditivo 2021 - Da Vig\u00eancia - Para publica\u00e7\u00e3o<\/a><\/td><td class=\"column-4\">UNIUBE<\/td><td class=\"column-5\">08\/12\/2021<\/td>\n<\/tr>\n<tr class=\"row-41\">\n\t<td class=\"column-1\">PROCESSO: 01\/2017 - Marco Regulat\u00f3rio<\/td><td class=\"column-2\">Institui\u00e7\u00e3o Universit\u00e1ria que promova educa\u00e7\u00e3o superior \u00e0 dist\u00e2ncia\/presencial aos estudantes do munic\u00edpio de Pratinha, para possibilitar \u00e0 popula\u00e7\u00e3o acesso, fortalecimento e qualifica\u00e7\u00e3o profissional.<\/td><td class=\"column-3\"><a href=\"http:\/\/www.pratinha.mg.gov.br\/portal\/wp-content\/uploads\/2021\/12\/4-Relacao-de-Alunos-Dezembro-2021.xls\">4 - Rela\u00e7\u00e3o de Alunos Dezembro 2021<\/a><\/td><td class=\"column-4\">UNIUBE<\/td><td class=\"column-5\">10\/12\/2021<\/td>\n<\/tr>\n<tr class=\"row-42\">\n\t<td class=\"column-1\"><\/td><td class=\"column-2\"><\/td><td class=\"column-3\"><\/td><td class=\"column-4\"><\/td><td class=\"column-5\"><\/td>\n<\/tr>\n<tr class=\"row-43\">\n\t<td class=\"column-1\">PROCESSO: 06\/2019 - Marco Regulat\u00f3rio<\/td><td class=\"column-2\">Acolhimento de longa perman\u00eancia, de car\u00e1ter domiciliar coletivo, para abrigo e sustento, proporcionando atendimento integral com servi\u00e7os especializados que visam \u00e0 promo\u00e7\u00e3o e prote\u00e7\u00e3o social, a manuten\u00e7\u00e3o da sa\u00fade f\u00edsica e emocional, cuidados pessoais e o conv\u00edvio s\u00f3cio-familiar \u00e0 pessoa idosa.<\/td><td class=\"column-3\"><a href=\"http:\/\/www.pratinha.mg.gov.br\/portal\/wp-content\/uploads\/2021\/02\/2o-Termo-Aditivo-Da-Vigencia-e-Valor-30-12-20-1.pdf\">2\u00ba Termo Aditivo - Da Vig\u00eancia e Valor - 30-12-20<\/a><\/td><td class=\"column-4\">Vila Vicentina de Campos Altos<\/td><td class=\"column-5\">09\/02\/2021<\/td>\n<\/tr>\n<tr class=\"row-44\">\n\t<td class=\"column-1\">PROCESSO: 06\/2019 - Marco Regulat\u00f3rio<\/td><td class=\"column-2\">Acolhimento de longa perman\u00eancia, de car\u00e1ter domiciliar coletivo, para abrigo e sustento, proporcionando atendimento integral com servi\u00e7os especializados que visam \u00e0 promo\u00e7\u00e3o e prote\u00e7\u00e3o social, a manuten\u00e7\u00e3o da sa\u00fade f\u00edsica e emocional, cuidados pessoais e o conv\u00edvio s\u00f3cio-familiar \u00e0 pessoa idosa.<\/td><td class=\"column-3\"><a href=\"http:\/\/www.pratinha.mg.gov.br\/portal\/wp-content\/uploads\/2021\/04\/Prestacao-de-Contas-2020-1.pdf\">Presta\u00e7\u00e3o de Contas 2020 - 1<\/a><\/td><td class=\"column-4\">Vila Vicentina de Campos Altos<\/td><td class=\"column-5\">05\/04\/2021<\/td>\n<\/tr>\n<tr class=\"row-45\">\n\t<td class=\"column-1\">PROCESSO: 06\/2019 - Marco Regulat\u00f3rio<\/td><td class=\"column-2\">Acolhimento de longa perman\u00eancia, de car\u00e1ter domiciliar coletivo, para abrigo e sustento, proporcionando atendimento integral com servi\u00e7os especializados que visam \u00e0 promo\u00e7\u00e3o e prote\u00e7\u00e3o social, a manuten\u00e7\u00e3o da sa\u00fade f\u00edsica e emocional, cuidados pessoais e o conv\u00edvio s\u00f3cio-familiar \u00e0 pessoa idosa.<\/td><td class=\"column-3\"><a href=\"http:\/\/www.pratinha.mg.gov.br\/portal\/wp-content\/uploads\/2021\/04\/Prestacao-de-Contas-2020-2.pdf\">Presta\u00e7\u00e3o de Contas 2020 - 2<\/a><\/td><td class=\"column-4\">Vila Vicentina de Campos Altos<\/td><td class=\"column-5\">05\/04\/2021<\/td>\n<\/tr>\n<tr class=\"row-46\">\n\t<td class=\"column-1\">PROCESSO: 06\/2019 - Marco Regulat\u00f3rio<\/td><td class=\"column-2\">Acolhimento de longa perman\u00eancia, de car\u00e1ter domiciliar coletivo, para abrigo e sustento, proporcionando atendimento integral com servi\u00e7os especializados que visam \u00e0 promo\u00e7\u00e3o e prote\u00e7\u00e3o social, a manuten\u00e7\u00e3o da sa\u00fade f\u00edsica e emocional, cuidados pessoais e o conv\u00edvio s\u00f3cio-familiar \u00e0 pessoa idosa.<\/td><td class=\"column-3\"><a href=\"http:\/\/www.pratinha.mg.gov.br\/portal\/wp-content\/uploads\/2021\/04\/Prestacao-de-Contas-2020-3.pdf\">Presta\u00e7\u00e3o de Contas 2020 - 3<\/a><\/td><td class=\"column-4\">Vila Vicentina de Campos Altos<\/td><td class=\"column-5\">05\/04\/2021<\/td>\n<\/tr>\n<tr class=\"row-47\">\n\t<td class=\"column-1\">PROCESSO: 06\/2019 - Marco Regulat\u00f3rio - Extrato de Aditivo<\/td><td class=\"column-2\">Acolhimento de longa perman\u00eancia, de car\u00e1ter domiciliar coletivo, para abrigo e sustento, proporcionando atendimento integral com servi\u00e7os especializados que visam \u00e0 promo\u00e7\u00e3o e prote\u00e7\u00e3o social, a manuten\u00e7\u00e3o da sa\u00fade f\u00edsica e emocional, cuidados pessoais e o conv\u00edvio s\u00f3cio-familiar \u00e0 pessoa idosa.<\/td><td class=\"column-3\"><a href=\"http:\/\/www.pratinha.mg.gov.br\/portal\/wp-content\/uploads\/2021\/12\/Extrato-do-3o-Aditivo-Da-Vigencia-e-Valor-Para-Publicacao.doc\">Extrato do 3\u00ba Aditivo - Da Vig\u00eancia e Valor - Para Publica\u00e7\u00e3o<\/a><\/td><td class=\"column-4\">Vila Vicentina de Campos Altos<\/td><td class=\"column-5\">08\/12\/2021<\/td>\n<\/tr>\n<tr class=\"row-48\">\n\t<td class=\"column-1\"><\/td><td class=\"column-2\"><\/td><td class=\"column-3\"><\/td><td class=\"column-4\"><\/td><td class=\"column-5\"><\/td>\n<\/tr>\n<tr class=\"row-49\">\n\t<td class=\"column-1\"><\/td><td class=\"column-2\"><\/td><td class=\"column-3\"><\/td><td class=\"column-4\"><\/td><td class=\"column-5\"><\/td>\n<\/tr>\n<tr class=\"row-50\">\n\t<td class=\"column-1\"><\/td><td class=\"column-2\"><\/td><td class=\"column-3\"><\/td><td class=\"column-4\"><\/td><td class=\"column-5\"><\/td>\n<\/tr>\n<tr class=\"row-51\">\n\t<td class=\"column-1\"><\/td><td class=\"column-2\"><\/td><td class=\"column-3\"><\/td><td class=\"column-4\"><\/td><td class=\"column-5\"><\/td>\n<\/tr>\n<tr class=\"row-52\">\n\t<td class=\"column-1\"><\/td><td class=\"column-2\"><\/td><td class=\"column-3\"><\/td><td class=\"column-4\"><\/td><td class=\"column-5\"><\/td>\n<\/tr>\n<tr class=\"row-53\">\n\t<td class=\"column-1\"><\/td><td class=\"column-2\"><\/td><td class=\"column-3\"><\/td><td class=\"column-4\"><\/td><td class=\"column-5\"><\/td>\n<\/tr>\n<tr class=\"row-54\">\n\t<td class=\"column-1\"><\/td><td class=\"column-2\"><\/td><td class=\"column-3\"><\/td><td class=\"column-4\"><\/td><td class=\"column-5\"><\/td>\n<\/tr>\n<tr class=\"row-55\">\n\t<td class=\"column-1\"><\/td><td class=\"column-2\"><\/td><td class=\"column-3\"><\/td><td class=\"column-4\"><\/td><td class=\"column-5\"><\/td>\n<\/tr>\n<tr class=\"row-56\">\n\t<td class=\"column-1\">PROCESSO: 03\/2020 - Marco Regulat\u00f3rio -Aditivo<\/td><td class=\"column-2\">Transfer\u00eancia de recursos, por emenda parlamentar, sendo incremento tempor\u00e1rio a fim de atender a oferta do servi\u00e7o s\u00f3cio assistencial realizado pela APAE de Pratinha no Centro Dia.<\/td><td class=\"column-3\"><a href=\"http:\/\/www.pratinha.mg.gov.br\/portal\/wp-content\/uploads\/2021\/01\/1o-Termo-Aditivo-17-12-2020.pdf\">1\u00ba Termo Aditivo - 17-12-2020<\/a><\/td><td class=\"column-4\">APAE Pratinha<\/td><td class=\"column-5\">29\/01\/2021<\/td>\n<\/tr>\n<tr class=\"row-57\">\n\t<td class=\"column-1\">PROCESSO: 03\/2020 - Marco Regulat\u00f3rio -Presta\u00e7\u00e3o de Contas Fevereiro 2021<\/td><td class=\"column-2\">Transfer\u00eancia de recursos, por emenda parlamentar, sendo incremento tempor\u00e1rio a fim de atender a oferta do servi\u00e7o s\u00f3cio assistencial realizado pela APAE de Pratinha no Centro Dia.<\/td><td class=\"column-3\"><a href=\"http:\/\/www.pratinha.mg.gov.br\/portal\/wp-content\/uploads\/2021\/03\/Prestacao-de-Contas-Fevereiro-2021-2.pdf\">Presta\u00e7\u00e3o de Contas - Fevereiro-2021 2<\/a><\/td><td class=\"column-4\">APAE Pratinha<\/td><td class=\"column-5\">02\/03\/2021<\/td>\n<\/tr>\n<tr class=\"row-58\">\n\t<td class=\"column-1\">PROCESSO: 03\/2020 - Marco Regulat\u00f3rio -Presta\u00e7\u00e3o de Contas Mar\u00e7o 2021<\/td><td class=\"column-2\">Transfer\u00eancia de recursos, por emenda parlamentar, sendo incremento tempor\u00e1rio a fim de atender a oferta do servi\u00e7o s\u00f3cio assistencial realizado pela APAE de Pratinha no Centro Dia.<\/td><td class=\"column-3\"><a href=\"http:\/\/www.pratinha.mg.gov.br\/portal\/wp-content\/uploads\/2021\/04\/Prestacao-de-Contas-Marco-2021-1.pdf\">Presta\u00e7\u00e3o de Contas - Mar\u00e7o-2021<\/a><\/td><td class=\"column-4\">APAE Pratinha<\/td><td class=\"column-5\">20\/04\/2021<\/td>\n<\/tr>\n<tr class=\"row-59\">\n\t<td class=\"column-1\">PROCESSO: 03\/2020 - Marco Regulat\u00f3rio -Presta\u00e7\u00e3o de Contas Abril 2021<\/td><td class=\"column-2\">Transfer\u00eancia de recursos, por emenda parlamentar, sendo incremento tempor\u00e1rio a fim de atender a oferta do servi\u00e7o s\u00f3cio assistencial realizado pela APAE de Pratinha no Centro Dia.<\/td><td class=\"column-3\"><a href=\"http:\/\/www.pratinha.mg.gov.br\/portal\/wp-content\/uploads\/2021\/05\/Prestacao-de-Contas-Abril-2021.pdf\">Presta\u00e7\u00e3o de Contas - Abril-2021<\/a><\/td><td class=\"column-4\">APAE Pratinha<\/td><td class=\"column-5\">17\/05\/2021<\/td>\n<\/tr>\n<tr class=\"row-60\">\n\t<td class=\"column-1\">PROCESSO: 03\/2020 - Marco Regulat\u00f3rio -Presta\u00e7\u00e3o de Contas Maio 2021<\/td><td class=\"column-2\">Transfer\u00eancia de recursos, por emenda parlamentar, sendo incremento tempor\u00e1rio a fim de atender a oferta do servi\u00e7o s\u00f3cio assistencial realizado pela APAE de Pratinha no Centro Dia.<\/td><td class=\"column-3\"><a href=\"\/\/www.pratinha.mg.gov.br\/portal\/wp-content\/uploads\/2021\/06\/Prestacao-de-Contas-Maio-2021.pdf\">Presta\u00e7\u00e3o de Contas - Maio-2021<\/a><a href=\"http:\/\/www.pratinha.mg.gov.br\/portal\/wp-content\/uploads\/2021\/06\/Prestacao-de-Contas-Maio-2021-1.pdf\">Presta\u00e7\u00e3o de Contas - Maio-2021<\/a><\/td><td class=\"column-4\">APAE Pratinha<\/td><td class=\"column-5\">15\/06\/2021<\/td>\n<\/tr>\n<tr class=\"row-61\">\n\t<td class=\"column-1\">PROCESSO: 03\/2020 - Marco Regulat\u00f3rio -Presta\u00e7\u00e3o de Contas Junho 2021<\/td><td class=\"column-2\">Transfer\u00eancia de recursos, por emenda parlamentar, sendo incremento tempor\u00e1rio a fim de atender a oferta do servi\u00e7o s\u00f3cio assistencial realizado pela APAE de Pratinha no Centro Dia.<\/td><td class=\"column-3\"><a href=\"http:\/\/www.pratinha.mg.gov.br\/portal\/wp-content\/uploads\/2021\/07\/Prestacao-de-Contas-Junho-2021.pdf\">Presta\u00e7\u00e3o de Contas - Junho-2021<\/a><\/td><td class=\"column-4\">APAE Pratinha<\/td><td class=\"column-5\">12\/07\/21<\/td>\n<\/tr>\n<tr class=\"row-62\">\n\t<td class=\"column-1\">PROCESSO: 03\/2020 - Marco Regulat\u00f3rio -Presta\u00e7\u00e3o de Contas Julho 2021<\/td><td class=\"column-2\">Transfer\u00eancia de recursos, por emenda parlamentar, sendo incremento tempor\u00e1rio a fim de atender a oferta do servi\u00e7o s\u00f3cio assistencial realizado pela APAE de Pratinha no Centro Dia.<\/td><td class=\"column-3\"><a href=\"http:\/\/www.pratinha.mg.gov.br\/portal\/wp-content\/uploads\/2021\/08\/Prestacao-de-Contas-Julho-2021.pdf\">Presta\u00e7\u00e3o de Contas - Julho-2021<\/a><\/td><td class=\"column-4\">APAE Pratinha<\/td><td class=\"column-5\">16\/08\/21<\/td>\n<\/tr>\n<tr class=\"row-63\">\n\t<td class=\"column-1\">PROCESSO: 03\/2020 - Marco Regulat\u00f3rio -Presta\u00e7\u00e3o de Contas Final<\/td><td class=\"column-2\">Transfer\u00eancia de recursos, por emenda parlamentar, sendo incremento tempor\u00e1rio a fim de atender a oferta do servi\u00e7o s\u00f3cio assistencial realizado pela APAE de Pratinha no Centro Dia.<\/td><td class=\"column-3\"><a href=\"http:\/\/www.pratinha.mg.gov.br\/portal\/wp-content\/uploads\/2021\/10\/Prestacao-de-Contas-Final.pdf\">Presta\u00e7\u00e3o de Contas Final<\/a><\/td><td class=\"column-4\">APAE Pratinha<\/td><td class=\"column-5\">04\/10\/2021<\/td>\n<\/tr>\n<tr class=\"row-64\">\n\t<td class=\"column-1\"><\/td><td class=\"column-2\"><\/td><td class=\"column-3\"><\/td><td class=\"column-4\"><\/td><td class=\"column-5\"><\/td>\n<\/tr>\n<tr class=\"row-65\">\n\t<td class=\"column-1\"><\/td><td class=\"column-2\"><\/td><td class=\"column-3\"><\/td><td class=\"column-4\"><\/td><td class=\"column-5\"><\/td>\n<\/tr>\n<tr class=\"row-66\">\n\t<td class=\"column-1\"><\/td><td class=\"column-2\"><\/td><td class=\"column-3\"><\/td><td class=\"column-4\"><\/td><td class=\"column-5\"><\/td>\n<\/tr>\n<tr class=\"row-67\">\n\t<td class=\"column-1\">PROCESSO: 06\/2020 - Aditivo 01-2021<\/td><td class=\"column-2\">Articula\u00e7\u00e3o, a integra\u00e7\u00e3o e o interc\u00e2mbio institucional entre os part\u00edcipes, com coopera\u00e7\u00e3o m\u00fatua visando o acolhimento e interna\u00e7\u00e3o de crian\u00e7as e adolescentes menores, em situa\u00e7\u00e3o de risco e\/ou vulnerabilidade, caracterizada por excepcional interesse p\u00fablico, urg\u00eancia, emerg\u00eancia, para fins comuns ou de interesse do respectivo ente estatal, em per\u00edodo necess\u00e1rio para se atingir seus objetivos.<\/td><td class=\"column-3\"><a href=\"http:\/\/www.pratinha.mg.gov.br\/portal\/wp-content\/uploads\/2021\/06\/Extrato-do-1o-Aditivo-Para-Publicacao.doc\">Extrato do 1\u00ba Aditivo - Para Publica\u00e7\u00e3o<\/a><\/td><td class=\"column-4\">Munic\u00edpio de Campos Altos<\/td><td class=\"column-5\">16\/06\/2021<\/td>\n<\/tr>\n<tr class=\"row-68\">\n\t<td class=\"column-1\"><\/td><td class=\"column-2\"><\/td><td class=\"column-3\"><\/td><td class=\"column-4\"><\/td><td class=\"column-5\"><\/td>\n<\/tr>\n<tr class=\"row-69\">\n\t<td class=\"column-1\">PROCESSO: 12\/2020<\/td><td class=\"column-2\">Concess\u00e3o de empr\u00e9stimo sob garantia de consigna\u00e7\u00e3o em folha de pagamento, aos empregados\/servidores da Convenente, benefici\u00e1rios do Cr\u00e9dito.<\/td><td class=\"column-3\"><a href=\"http:\/\/www.pratinha.mg.gov.br\/portal\/wp-content\/uploads\/2021\/01\/Termo-de-Convenio-2021..pdf\">Termo de Conv\u00eanio 2021.<\/a><\/td><td class=\"column-4\">Cooperativa de Cr\u00e9dito de Livre admiss\u00e3o de S\u00e3o Roque de Minas Ltda \u2013 SICOOB Saromcredi<\/td><td class=\"column-5\">29\/01\/2021<\/td>\n<\/tr>\n<tr class=\"row-70\">\n\t<td class=\"column-1\">PROCESSO: 01\/2021<\/td><td class=\"column-2\">Aperfei\u00e7oamento do policiamento ostensivo e da preserva\u00e7\u00e3o da ordem p\u00fablica no Munic\u00edpio de Pratinha, por meio de cess\u00e3o de funcion\u00e1rio \u00e0 PMMG.<\/td><td class=\"column-3\"><a href=\"http:\/\/www.pratinha.mg.gov.br\/portal\/wp-content\/uploads\/2021\/03\/Termo-de-Convenio-no-12-2021-PM-Cessao-de-Funcionario.pdf\">Termo de Conv\u00eanio n\u00ba 12-2021 - PM Cess\u00e3o de Funcion\u00e1rio<\/a><\/td><td class=\"column-4\">Pol\u00edcia Militar - Cess\u00e3o de Funcion\u00e1rio<\/td><td class=\"column-5\">04\/03\/2021<\/td>\n<\/tr>\n<tr class=\"row-71\">\n\t<td class=\"column-1\">PROCESSO: 02\/2021<\/td><td class=\"column-2\">Aperfei\u00e7oamento do policiamento ostensivo e da preserva\u00e7\u00e3o da ordem p\u00fablica no Munic\u00edpio de Pratinha, por meio de apoio material \u00e0 PMMG.<\/td><td class=\"column-3\"><a href=\"http:\/\/www.pratinha.mg.gov.br\/portal\/wp-content\/uploads\/2021\/01\/Convenio-07-2021-1.pdf\">Conv\u00eanio 07-2021<\/a><\/td><td class=\"column-4\">Estado de Minas Gerais \/ PMMG \/ 37\u00ba BPM<\/td><td class=\"column-5\">29\/01\/2021<\/td>\n<\/tr>\n<tr class=\"row-72\">\n\t<td class=\"column-1\"><\/td><td class=\"column-2\"><\/td><td class=\"column-3\"><\/td><td class=\"column-4\"><\/td><td class=\"column-5\"><\/td>\n<\/tr>\n<tr class=\"row-73\">\n\t<td class=\"column-1\">PROCESSO: 03\/2021<\/td><td class=\"column-2\">Validar a participa\u00e7\u00e3o na ASSOCIA\u00c7\u00c3O AMPLA para conjuga\u00e7\u00e3o de esfor\u00e7os, visando ampliar e fortalecer a capacidade administrativa, t\u00e9cnica e financeira do MUNIC\u00cdPIO, atrav\u00e9s de a\u00e7\u00f5es conjuntas na elabora\u00e7\u00e3o e execu\u00e7\u00e3o de planos, programas e projetos relacionados com os setores sociais, econ\u00f4micos, de infraestrutura e institucionais, bem ainda o aperfei\u00e7oamento das a\u00e7\u00f5es governamentais locais e microrregionais.<\/td><td class=\"column-3\"><a href=\"http:\/\/www.pratinha.mg.gov.br\/portal\/wp-content\/uploads\/2021\/02\/Termo-de-Contribuicao-2021-1.pdf\">Termo de Contribui\u00e7\u00e3o 2021<\/a><\/td><td class=\"column-4\">AMPLA - Coopera\u00e7\u00e3o<\/td><td class=\"column-5\">09\/02\/2021<\/td>\n<\/tr>\n<tr class=\"row-74\">\n\t<td class=\"column-1\"><\/td><td class=\"column-2\"><\/td><td class=\"column-3\"><\/td><td class=\"column-4\"><\/td><td class=\"column-5\"><\/td>\n<\/tr>\n<tr class=\"row-75\">\n\t<td class=\"column-1\">PROCESSO: 04\/2021<\/td><td class=\"column-2\">Execu\u00e7\u00e3o de servi\u00e7os de manuten\u00e7\u00e3o corretiva e preventiva do sistema de ilumina\u00e7\u00e3o p\u00fablica dos munic\u00edpios consorciados ao CIMPLA, conforme especifica\u00e7\u00f5es e condi\u00e7\u00f5es descritas nos anexos e ap\u00eandices, incluindo o fornecimento de materiais, equipamentos e m\u00e3o de obra.<\/td><td class=\"column-3\"><a href=\"http:\/\/www.pratinha.mg.gov.br\/portal\/wp-content\/uploads\/2021\/02\/Contrato-de-Programa-2021-1.pdf\">Contrato de Programa 2021<\/a><\/td><td class=\"column-4\">CIMPLA - Ilumina\u00e7\u00e3o<\/td><td class=\"column-5\">09\/02\/2021<\/td>\n<\/tr>\n<tr class=\"row-76\">\n\t<td class=\"column-1\"><\/td><td class=\"column-2\"><\/td><td class=\"column-3\"><\/td><td class=\"column-4\"><\/td><td class=\"column-5\"><\/td>\n<\/tr>\n<tr class=\"row-77\">\n\t<td class=\"column-1\">PROCESSO: 05\/2021 - Contrato de Programa<\/td><td class=\"column-2\">Estabelecer normas de m\u00fatua coopera\u00e7\u00e3o entre as partes convenentes, participando conjuntamente na abertura, melhoria, conserva\u00e7\u00e3o e manuten\u00e7\u00e3o de estradas vicinais e vias urbanas, no \u00e2mbito do Munic\u00edpio, comparecendo a PREFEITURA, com o apoio financeiro, e a AMPLA, com os recursos t\u00e9cnicos e \u201cPatrulha Motomecanizada\u201d e Caminh\u00f5es Basculantes e Pipa, (pr\u00f3prios e\/ou terceiros)<\/td><td class=\"column-3\"><a href=\"http:\/\/www.pratinha.mg.gov.br\/portal\/wp-content\/uploads\/2021\/02\/Contrato-de-Programa-2021-2.pdf\">Contrato de Programa 2021<\/a><\/td><td class=\"column-4\">CIMPLA - M\u00e1quinas<\/td><td class=\"column-5\">09\/02\/2021<\/td>\n<\/tr>\n<tr class=\"row-78\">\n\t<td class=\"column-1\">PROCESSO: 05\/2021 - Aditivo 01-2021<\/td><td class=\"column-2\">Estabelecer normas de m\u00fatua coopera\u00e7\u00e3o entre as partes convenentes, participando conjuntamente na abertura, melhoria, conserva\u00e7\u00e3o e manuten\u00e7\u00e3o de estradas vicinais e vias urbanas, no \u00e2mbito do Munic\u00edpio, comparecendo a PREFEITURA, com o apoio financeiro, e a AMPLA, com os recursos t\u00e9cnicos e \u201cPatrulha Motomecanizada\u201d e Caminh\u00f5es Basculantes e Pipa, (pr\u00f3prios e\/ou terceiros)<\/td><td class=\"column-3\"><a href=\"http:\/\/www.pratinha.mg.gov.br\/portal\/wp-content\/uploads\/2021\/04\/Aditivo-01-2021.pdf\">Aditivo 01-2021<\/a><\/td><td class=\"column-4\">CIMPLA - M\u00e1quinas<\/td><td class=\"column-5\">16\/04\/2021<\/td>\n<\/tr>\n<tr class=\"row-79\">\n\t<td class=\"column-1\">PROCESSO: 05\/2021 - Aditivo 04-2021<\/td><td class=\"column-2\">Estabelecer normas de m\u00fatua coopera\u00e7\u00e3o entre as partes convenentes, participando conjuntamente na abertura, melhoria, conserva\u00e7\u00e3o e manuten\u00e7\u00e3o de estradas vicinais e vias urbanas, no \u00e2mbito do Munic\u00edpio, comparecendo a PREFEITURA, com o apoio financeiro, e a AMPLA, com os recursos t\u00e9cnicos e \u201cPatrulha Motomecanizada\u201d e Caminh\u00f5es Basculantes e Pipa, (pr\u00f3prios e\/ou terceiros)<\/td><td class=\"column-3\"><a href=\"http:\/\/www.pratinha.mg.gov.br\/portal\/wp-content\/uploads\/2021\/09\/Aditivo-04-2021.pdf\">Aditivo 04-2021<\/a><\/td><td class=\"column-4\">CIMPLA - M\u00e1quinas<\/td><td class=\"column-5\">21\/09\/2021<\/td>\n<\/tr>\n<tr class=\"row-80\">\n\t<td class=\"column-1\">PROCESSO: 06\/2021<\/td><td class=\"column-2\">Ratear as despesas com equipes de m\u00e9dicos e enfermeiros objetivando a instala\u00e7\u00e3o e funcionamento de servi\u00e7o de suporte a\u00e9reo avan\u00e7ado de vida - SAAV, no CISTRISUL, entre os consorciados.<\/td><td class=\"column-3\"><a href=\"http:\/\/www.pratinha.mg.gov.br\/portal\/wp-content\/uploads\/2021\/01\/Contrato-de-Rateio-2021.pdf\">Contrato de Rateio 2021<\/a><\/td><td class=\"column-4\">CISTRISUL-Cons\u00f3rcio Intermunicipal de Sa\u00fade da Tri\u00e2ngulo Sul<\/td><td class=\"column-5\">26\/01\/2021<\/td>\n<\/tr>\n<tr class=\"row-81\">\n\t<td class=\"column-1\"><\/td><td class=\"column-2\"><\/td><td class=\"column-3\"><\/td><td class=\"column-4\"><\/td><td class=\"column-5\"><\/td>\n<\/tr>\n<tr class=\"row-82\">\n\t<td class=\"column-1\"><\/td><td class=\"column-2\"><\/td><td class=\"column-3\"><\/td><td class=\"column-4\"><\/td><td class=\"column-5\"><\/td>\n<\/tr>\n<tr class=\"row-83\">\n\t<td class=\"column-1\">PROCESSO: 01\/2021-Marco Regulat\u00f3rio<\/td><td class=\"column-2\">Transfer\u00eancia de recursos financeiros \u00e0  APAE, visando a execu\u00e7\u00e3o de obra para substitui\u00e7\u00e3o do telhado do refeit\u00f3rio e acr\u00e9scimo de platibanda<\/td><td class=\"column-3\"><a href=\"http:\/\/www.pratinha.mg.gov.br\/portal\/wp-content\/uploads\/2021\/03\/Memorial-Descritivo-Planilha-Orcamentaria-e-ART-Exec..pdf\">Memorial Descritivo, Planilha Or\u00e7ament\u00e1ria e ART Exec.<\/a><\/td><td class=\"column-4\">APAE Pratinha<\/td><td class=\"column-5\">12\/03\/2021<\/td>\n<\/tr>\n<tr class=\"row-84\">\n\t<td class=\"column-1\">PROCESSO: 01\/2021-Marco Regulat\u00f3rio<\/td><td class=\"column-2\">Transfer\u00eancia de recursos financeiros \u00e0  APAE, visando a execu\u00e7\u00e3o de obra para substitui\u00e7\u00e3o do telhado do refeit\u00f3rio e acr\u00e9scimo de platibanda<\/td><td class=\"column-3\"><a href=\"http:\/\/www.pratinha.mg.gov.br\/portal\/wp-content\/uploads\/2021\/03\/Memorial-Descritivo-Planilha-Orcamentaria-e-ART-Exec..pdf\">Memorial Descritivo, Plan\u00edlha Or\u00e7ament\u00e1ria e ART Exec.<\/a><br \/>\n<br \/>\n<a href=\"http:\/\/www.pratinha.mg.gov.br\/portal\/wp-content\/uploads\/2021\/03\/Orcamentos-1.pdf\">Or\u00e7amentos - 1<\/a><\/td><td class=\"column-4\">APAE Pratinha<\/td><td class=\"column-5\">12\/03\/2021<\/td>\n<\/tr>\n<tr class=\"row-85\">\n\t<td class=\"column-1\">PROCESSO: 01\/2021-Marco Regulat\u00f3rio<\/td><td class=\"column-2\">Transfer\u00eancia de recursos financeiros \u00e0  APAE, visando a execu\u00e7\u00e3o de obra para substitui\u00e7\u00e3o do telhado do refeit\u00f3rio e acr\u00e9scimo de platibanda<\/td><td class=\"column-3\"><a href=\"http:\/\/www.pratinha.mg.gov.br\/portal\/wp-content\/uploads\/2021\/03\/Orcamentos-2.pdf\">Or\u00e7amentos - 2<\/a><\/td><td class=\"column-4\">APAE Pratinha<\/td><td class=\"column-5\">12\/03\/2021<\/td>\n<\/tr>\n<tr class=\"row-86\">\n\t<td class=\"column-1\">PROCESSO: 01\/2021-Marco Regulat\u00f3rio<\/td><td class=\"column-2\">Transfer\u00eancia de recursos financeiros \u00e0  APAE, visando a execu\u00e7\u00e3o de obra para substitui\u00e7\u00e3o do telhado do refeit\u00f3rio e acr\u00e9scimo de platibanda<\/td><td class=\"column-3\"><a href=\"http:\/\/www.pratinha.mg.gov.br\/portal\/wp-content\/uploads\/2021\/03\/Orcametnos-3.pdf\">Or\u00e7ametnos - 3<\/a><\/td><td class=\"column-4\">APAE Pratinha<\/td><td class=\"column-5\">12\/03\/2021<\/td>\n<\/tr>\n<tr class=\"row-87\">\n\t<td class=\"column-1\">PROCESSO: 01\/2021-Marco Regulat\u00f3rio<\/td><td class=\"column-2\">Transfer\u00eancia de recursos financeiros \u00e0  APAE, visando a execu\u00e7\u00e3o de obra para substitui\u00e7\u00e3o do telhado do refeit\u00f3rio e acr\u00e9scimo de platibanda<\/td><td class=\"column-3\"><a href=\"http:\/\/www.pratinha.mg.gov.br\/portal\/wp-content\/uploads\/2021\/03\/Justificativa-Dispensa.pdf\">Justificativa Dispensa<\/a><\/td><td class=\"column-4\">APAE Pratinha<\/td><td class=\"column-5\">17\/03\/2021<\/td>\n<\/tr>\n<tr class=\"row-88\">\n\t<td class=\"column-1\">PROCESSO: 01\/2021-Marco Regulat\u00f3rio<\/td><td class=\"column-2\">Transfer\u00eancia de recursos financeiros \u00e0  APAE, visando a execu\u00e7\u00e3o de obra para substitui\u00e7\u00e3o do telhado do refeit\u00f3rio e acr\u00e9scimo de platibanda<\/td><td class=\"column-3\"><a href=\"http:\/\/www.pratinha.mg.gov.br\/portal\/wp-content\/uploads\/2021\/03\/Processo-de-dispensa-01-2021-1.pdf\">Processo de dispensa 01-2021<\/a><\/td><td class=\"column-4\">APAE Pratinha<\/td><td class=\"column-5\">17\/03\/2021<\/td>\n<\/tr>\n<tr class=\"row-89\">\n\t<td class=\"column-1\">PROCESSO: 01\/2021-Marco Regulat\u00f3rio<\/td><td class=\"column-2\">Transfer\u00eancia de recursos financeiros \u00e0  APAE, visando a execu\u00e7\u00e3o de obra para substitui\u00e7\u00e3o do telhado do refeit\u00f3rio e acr\u00e9scimo de platibanda<\/td><td class=\"column-3\"><a href=\"http:\/\/www.pratinha.mg.gov.br\/portal\/wp-content\/uploads\/2021\/03\/Ficha-Orcametaria-Ratificacao-e-Portaria-da-Comissao-Engenharia.pdf\">Ficha Or\u00e7ament\u00e1ria, Ratifica\u00e7\u00e3o e Portaria da Comiss\u00e3o Engenharia<\/a><\/td><td class=\"column-4\">APAE Pratinha<\/td><td class=\"column-5\">17\/03\/2021<\/td>\n<\/tr>\n<tr class=\"row-90\">\n\t<td class=\"column-1\">PROCESSO: 01\/2021-Marco Regulat\u00f3rio<\/td><td class=\"column-2\">Transfer\u00eancia de recursos financeiros \u00e0  APAE, visando a execu\u00e7\u00e3o de obra para substitui\u00e7\u00e3o do telhado do refeit\u00f3rio e acr\u00e9scimo de platibanda<\/td><td class=\"column-3\"><a href=\"http:\/\/www.pratinha.mg.gov.br\/portal\/wp-content\/uploads\/2021\/03\/Termo-de-Fomento-com-extrato-e-Parecer..pdf\">Termo de Fomento com extrato e Parecer.<\/a><\/td><td class=\"column-4\">APAE Pratinha<\/td><td class=\"column-5\">01\/04\/2021<\/td>\n<\/tr>\n<tr class=\"row-91\">\n\t<td class=\"column-1\">PROCESSO: 01\/2021-Marco Regulat\u00f3rio - Presta\u00e7\u00e3o de Contas Final<br \/>\n<\/td><td class=\"column-2\">Transfer\u00eancia de recursos financeiros \u00e0  APAE, visando a execu\u00e7\u00e3o de obra para substitui\u00e7\u00e3o do telhado do refeit\u00f3rio e acr\u00e9scimo de platibanda<\/td><td class=\"column-3\"><a href=\"http:\/\/www.pratinha.mg.gov.br\/portal\/wp-content\/uploads\/2021\/12\/Prestacao-de-Contas-Final-1.pdf\">Presta\u00e7\u00e3o de Contas Final 1<\/a><\/td><td class=\"column-4\">APAE Pratinha<\/td><td class=\"column-5\">15\/12\/2021<\/td>\n<\/tr>\n<tr class=\"row-92\">\n\t<td class=\"column-1\">Marco Regulat\u00f3rio - Presta\u00e7\u00e3o de Contas Final - Continua\u00e7\u00e3o<br \/>\n<\/td><td class=\"column-2\">Transfer\u00eancia de recursos financeiros \u00e0  APAE, visando a execu\u00e7\u00e3o de obra para substitui\u00e7\u00e3o do telhado do refeit\u00f3rio e acr\u00e9scimo de platibanda<\/td><td class=\"column-3\"><a href=\"http:\/\/www.pratinha.mg.gov.br\/portal\/wp-content\/uploads\/2021\/12\/Prestacao-de-Contas-Final-2.pdf\">Presta\u00e7\u00e3o de Contas Final 2<\/a><\/td><td class=\"column-4\">APAE Pratinha<\/td><td class=\"column-5\">15\/12\/2021<\/td>\n<\/tr>\n<tr class=\"row-93\">\n\t<td class=\"column-1\">Marco Regulat\u00f3rio - Presta\u00e7\u00e3o de Contas Final - Continua\u00e7\u00e3o<\/td><td class=\"column-2\">Transfer\u00eancia de recursos financeiros \u00e0  APAE, visando a execu\u00e7\u00e3o de obra para substitui\u00e7\u00e3o do telhado do refeit\u00f3rio e acr\u00e9scimo de platibanda<\/td><td class=\"column-3\"><a href=\"http:\/\/www.pratinha.mg.gov.br\/portal\/wp-content\/uploads\/2021\/12\/Prestacao-de-Contas-Final-3.pdf\">Presta\u00e7\u00e3o de Contas Final 3<\/a><\/td><td class=\"column-4\">APAE Pratinha<\/td><td class=\"column-5\">15\/12\/2021<\/td>\n<\/tr>\n<tr class=\"row-94\">\n\t<td class=\"column-1\">Marco Regulat\u00f3rio - Presta\u00e7\u00e3o de Contas Final - Continua\u00e7\u00e3o<\/td><td class=\"column-2\">Transfer\u00eancia de recursos financeiros \u00e0  APAE, visando a execu\u00e7\u00e3o de obra para substitui\u00e7\u00e3o do telhado do refeit\u00f3rio e acr\u00e9scimo de platibanda<\/td><td class=\"column-3\"><a href=\"http:\/\/www.pratinha.mg.gov.br\/portal\/wp-content\/uploads\/2021\/12\/Prestacao-de-Contas-Final-4.pdf\">Presta\u00e7\u00e3o de Contas Final 4<\/a><\/td><td class=\"column-4\">APAE Pratinha<\/td><td class=\"column-5\">15\/12\/2021<\/td>\n<\/tr>\n<tr class=\"row-95\">\n\t<td class=\"column-1\">PROCESSO: 08\/2021-Institui\u00e7\u00f5es<\/td><td class=\"column-2\">Arrecada\u00e7\u00e3o de contribui\u00e7\u00e3o para Custeio de Servi\u00e7os de Ilumina\u00e7\u00e3o P\u00fablica \u2013 CIP.<\/td><td class=\"column-3\"><a href=\"http:\/\/www.pratinha.mg.gov.br\/portal\/wp-content\/uploads\/2021\/04\/Termo-de-Convenio-Assinado.pdf\">Termo de Conv\u00eanio - Assinado<\/a><\/td><td class=\"column-4\">CEMIG<\/td><td class=\"column-5\">16\/04\/2021<\/td>\n<\/tr>\n<tr class=\"row-96\">\n\t<td class=\"column-1\">PROCESSO: 09\/2021-Institui\u00e7\u00f5es<\/td><td class=\"column-2\">Destina\u00e7\u00e3o de res\u00edduos s\u00f3lidos origin\u00e1rios da coleta de lixo , para aterro sanit\u00e1rio de empresa contratada pelo CIMPLA.<\/td><td class=\"column-3\"><a href=\"http:\/\/www.pratinha.mg.gov.br\/portal\/wp-content\/uploads\/2021\/04\/Contrato-de-Programa-2021.pdf\">Contrato de Programa 2021<\/a><\/td><td class=\"column-4\">CIMPLA<\/td><td class=\"column-5\">27\/04\/2021<\/td>\n<\/tr>\n<tr class=\"row-97\">\n\t<td class=\"column-1\">PROCESSO: 08\/2021-Institui\u00e7\u00f5es<\/td><td class=\"column-2\"><a href=\"http:\/\/www.pratinha.mg.gov.br\/portal\/wp-content\/uploads\/2021\/05\/Termo-de-Convenio-Assinado-pelas-2-partes.pdf\">Termo de Conv\u00eanio - Assinado pelas 2 partes<\/a><\/td><td class=\"column-3\"><a href=\"http:\/\/www.pratinha.mg.gov.br\/portal\/wp-content\/uploads\/2021\/05\/Termo-de-Convenio-Assinado-2.pdf\">Termo de Conv\u00eanio - Assinado 2<\/a><\/td><td class=\"column-4\">CEMIG<\/td><td class=\"column-5\">19\/05\/2021<\/td>\n<\/tr>\n<tr class=\"row-98\">\n\t<td class=\"column-1\">PROCESSO: 10\/2021-Institui\u00e7\u00f5es<\/td><td class=\"column-2\">Efetiva\u00e7\u00e3o de parcerias e programas com foco no desenvolvimento. O munic\u00edpio se compromete a implementar a metodologia do Movimento CoopEduca\u00e7\u00e3o que contempla a educa\u00e7\u00e3o cooperativa, empreendedora e financeira para o desenvolvimento de princ\u00edpios de coopera\u00e7\u00e3o e cidadania.<\/td><td class=\"column-3\"><a href=\"http:\/\/www.pratinha.mg.gov.br\/portal\/wp-content\/uploads\/2021\/05\/Termo-de-Cooperacao-SICOOB.pdf\">Termo de Coopera\u00e7\u00e3o - SICOOB<\/a><\/td><td class=\"column-4\">Cooperativa de Cr\u00e9dito de Livre admiss\u00e3o de S\u00e3o Roque de Minas Ltda \u2013 SICOOB Saromcredi<\/td><td class=\"column-5\">28\/05\/2021<\/td>\n<\/tr>\n<tr class=\"row-99\">\n\t<td class=\"column-1\">PROCESSO: 11\/2021-Institui\u00e7\u00f5es<\/td><td class=\"column-2\">Presta\u00e7\u00e3o de servi\u00e7os de esteriliza\u00e7\u00e3o(castra\u00e7\u00e3o) cir\u00fargica  pela t\u00e9cnica de ov\u00e1rio salpingo histerectomia e orquiectomia e distribui\u00e7\u00e3o de cartilhas  informativas para posse respons\u00e1vel.<\/td><td class=\"column-3\"><a href=\"http:\/\/www.pratinha.mg.gov.br\/portal\/wp-content\/uploads\/2021\/07\/Extrato-de-Contrato-2021-CIMPLA-para-publicacao.doc\">Extrato de Contrato 2021 - CIMPLA para publica\u00e7\u00e3o<\/a><\/td><td class=\"column-4\">CIMPLA<\/td><td class=\"column-5\">05\/07\/2021<\/td>\n<\/tr>\n<tr class=\"row-100\">\n\t<td class=\"column-1\">PROCESSO: 12\/2021-Institui\u00e7\u00f5es<\/td><td class=\"column-2\">Conjuga\u00e7\u00e3o de esfor\u00e7os entre os part\u00edcipes, a fim de garantir a execu\u00e7\u00e3o das atribui\u00e7\u00f5es do IMA visando \u00e0 implanta\u00e7\u00e3o de um Posto de Atendimento \u00e0 comunidade no munic\u00edpio de Pratinha, que funcionar\u00e1 de 07:00 \u00e0s 11:00 e de 13:00 \u00e0s 17:00, exceto feriados, em conformidade com o artigo 23 da Lei Estadual n\u00ba 10.594\/1992 e Decreto Federal n\u00ba 5.741\/2006.<\/td><td class=\"column-3\"><a href=\"http:\/\/www.pratinha.mg.gov.br\/portal\/wp-content\/uploads\/2021\/07\/Extrato-de-Contrato-2021-IMA-para-publicacao.doc\">Extrato de Contrato 2021 - IMA para publica\u00e7\u00e3o<\/a><\/td><td class=\"column-4\">IMA<\/td><td class=\"column-5\">05\/07\/2021<\/td>\n<\/tr>\n<tr class=\"row-101\">\n\t<td class=\"column-1\"><\/td><td class=\"column-2\"><\/td><td class=\"column-3\"><\/td><td class=\"column-4\"><\/td><td class=\"column-5\"><\/td>\n<\/tr>\n<tr class=\"row-102\">\n\t<td class=\"column-1\"><\/td><td class=\"column-2\"><\/td><td class=\"column-3\"><\/td><td class=\"column-4\"><\/td><td class=\"column-5\"><\/td>\n<\/tr>\n<tr class=\"row-103\">\n\t<td class=\"column-1\"><\/td><td class=\"column-2\"><\/td><td class=\"column-3\"><\/td><td class=\"column-4\"><\/td><td class=\"column-5\"><\/td>\n<\/tr>\n<tr class=\"row-104\">\n\t<td class=\"column-1\">PROCESSO: 12\/2017 - Institui\u00e7\u00f5es<\/td><td class=\"column-2\">M\u00fatua coopera\u00e7\u00e3o para instala\u00e7\u00e3o e funcionamento do Servi\u00e7o Integrado de Assist\u00eancia Tribut\u00e1ria e Fiscal \u2013 SIAT.<\/td><td class=\"column-3\"><a href=\"http:\/\/www.pratinha.mg.gov.br\/portal\/wp-content\/uploads\/2021\/11\/Termo-de-Adesao-ao-Convenio-SIAT.pdf\">Termo de Ades\u00e3o ao Conv\u00eanio SIAT<\/a><\/td><td class=\"column-4\">Administra\u00e7\u00e3o Fazend\u00e1ria - AF<\/td><td class=\"column-5\">10\/11\/2021<\/td>\n<\/tr>\n<tr class=\"row-105\">\n\t<td class=\"column-1\">PROCESSO: 02\/2021 - Marco Regulat\u00f3rio - Inexigibilidade 01\/2021<\/td><td class=\"column-2\">Transfer\u00eancia de recursos financeiros destinados atrav\u00e9s de Emenda Parlamentar na modalidade Incremento Tempor\u00e1rio, para custeio do servi\u00e7o s\u00f3cio assistencial ofertado pelo Centro Dia da APAE de Pratinha-MG.<\/td><td class=\"column-3\"><a href=\"http:\/\/www.pratinha.mg.gov.br\/portal\/wp-content\/uploads\/2021\/11\/Justificativa-Inexigibilidade-APAE-emenda-100mil.docx\">Justificativa Inexigibilidade APAE - emenda 100mil<\/a><\/td><td class=\"column-4\">APAE <\/td><td class=\"column-5\">22\/11\/2021<\/td>\n<\/tr>\n<tr class=\"row-106\">\n\t<td class=\"column-1\">PROCESSO: 02\/2021 - Marco Regulat\u00f3rio - Inexigibilidade 01\/2021<\/td><td class=\"column-2\">Transfer\u00eancia de recursos financeiros destinados atrav\u00e9s de Emenda Parlamentar na modalidade Incremento Tempor\u00e1rio, para custeio do servi\u00e7o s\u00f3cio assistencial ofertado pelo Centro Dia da APAE de Pratinha-MG.<\/td><td class=\"column-3\"><a href=\"http:\/\/www.pratinha.mg.gov.br\/portal\/wp-content\/uploads\/2021\/12\/Extrato-de-Termo-de-Fomento-Para-Publicacao..doc\">Extrato de Termo de Fomento - Para Publica\u00e7\u00e3o.<\/a><\/td><td class=\"column-4\">APAE<\/td><td class=\"column-5\">01\/12\/2021<\/td>\n<\/tr>\n<tr class=\"row-107\">\n\t<td class=\"column-1\">PROCESSO: 02\/2021 - Marco Regulat\u00f3rio - Inexigibilidade 01\/2021<\/td><td class=\"column-2\">Transfer\u00eancia de recursos financeiros destinados atrav\u00e9s de Emenda Parlamentar na modalidade Incremento Tempor\u00e1rio, para custeio do servi\u00e7o s\u00f3cio assistencial ofertado pelo Centro Dia da APAE de Pratinha-MG.<\/td><td class=\"column-3\"><a href=\"http:\/\/www.pratinha.mg.gov.br\/portal\/wp-content\/uploads\/2021\/12\/Termo-de-Fomento-02-2021-com-Plano-de-Trabalho.pdf\">Termo de Fomento 02-2021 com Plano de Trabalho<\/a><\/td><td class=\"column-4\">APAE<\/td><td class=\"column-5\">16\/12\/2021<\/td>\n<\/tr>\n<tr class=\"row-108\">\n\t<td class=\"column-1\"><\/td><td class=\"column-2\"><\/td><td class=\"column-3\"><\/td><td class=\"column-4\"><\/td><td class=\"column-5\"><\/td>\n<\/tr>\n<\/tbody>\n<\/table>\n<!-- #tablepress-9 from cache -->\n","protected":false},"excerpt":{"rendered":"<p><\/p>","protected":false},"author":1,"featured_media":0,"parent":0,"menu_order":0,"comment_status":"closed","ping_status":"closed","template":"","meta":{"footnotes":""},"class_list":["post-5538","page","type-page","status-publish"],"_links":{"self":[{"href":"http:\/\/www.pratinha.mg.gov.br\/portal\/wp-json\/wp\/v2\/pages\/5538","targetHints":{"allow":["GET"]}}],"collection":[{"href":"http:\/\/www.pratinha.mg.gov.br\/portal\/wp-json\/wp\/v2\/pages"}],"about":[{"href":"http:\/\/www.pratinha.mg.gov.br\/portal\/wp-json\/wp\/v2\/types\/page"}],"author":[{"embeddable":true,"href":"http:\/\/www.pratinha.mg.gov.br\/portal\/wp-json\/wp\/v2\/users\/1"}],"replies":[{"embeddable":true,"href":"http:\/\/www.pratinha.mg.gov.br\/portal\/wp-json\/wp\/v2\/comments?post=5538"}],"version-history":[{"count":3,"href":"http:\/\/www.pratinha.mg.gov.br\/portal\/wp-json\/wp\/v2\/pages\/5538\/revisions"}],"predecessor-version":[{"id":5548,"href":"http:\/\/www.pratinha.mg.gov.br\/portal\/wp-json\/wp\/v2\/pages\/5538\/revisions\/5548"}],"wp:attachment":[{"href":"http:\/\/www.pratinha.mg.gov.br\/portal\/wp-json\/wp\/v2\/media?parent=5538"}],"curies":[{"name":"wp","href":"https:\/\/api.w.org\/{rel}","templated":true}]}}