{"id":4453,"date":"2020-01-03T18:00:00","date_gmt":"2020-01-03T18:00:00","guid":{"rendered":"http:\/\/www.pratinha.mg.gov.br\/portal\/?page_id=4453"},"modified":"2020-01-24T11:47:47","modified_gmt":"2020-01-24T11:47:47","slug":"licitacoes-e-processos-2020","status":"publish","type":"page","link":"http:\/\/www.pratinha.mg.gov.br\/portal\/licitacoes-e-processos-2020\/","title":{"rendered":"Licita\u00e7\u00f5es e Processos 2020"},"content":{"rendered":"<p>&nbsp;<\/p>\n\n<table id=\"tablepress-8\" class=\"tablepress tablepress-id-8\">\n<thead>\n<tr class=\"row-1\">\n\t<th class=\"column-1\">      PROCESSO<\/th><th class=\"column-2\">ARQUIVO<\/th><th class=\"column-3\">      OBJETO<\/th><th class=\"column-4\">   DATA <\/th><th class=\"column-5\">RESULTADO<\/th>\n<\/tr>\n<\/thead>\n<tbody class=\"row-striping row-hover\">\n<tr class=\"row-2\">\n\t<td class=\"column-1\">56\/2020<\/td><td class=\"column-2\"><a href=\"http:\/\/www.pratinha.mg.gov.br\/portal\/wp-content\/uploads\/2020\/12\/EXTRATO-DE-CONTRATO-VEICULOS-EDUCACAO.pdf\">EXTRATO DE CONTRATO VEICULOS EDUCA\u00c7\u00c3O<\/a><br \/>\n<br \/>\n<a href=\"http:\/\/www.pratinha.mg.gov.br\/portal\/wp-content\/uploads\/2020\/12\/RESULTADO-PREGAO-No-32-2020.pdf\">RESULTADO PREG\u00c3O N\u00ba 32-2020<\/a><\/td><td class=\"column-3\">Homologa\u00e7\u00e3o e Adjudica\u00e7\u00e3o \/Extrato de Contrato:<br \/>\nAquisi\u00e7\u00e3o de 02 (dois) ve\u00edculos novos, zero quil\u00f4metro ano 2020 modelo 2021 para o Departamento Municipal de Educa\u00e7\u00e3o<\/td><td class=\"column-4\">21\/12\/2020<\/td><td class=\"column-5\">Preg\u00e3o n\u00b032\/2020<\/td>\n<\/tr>\n<tr class=\"row-3\">\n\t<td class=\"column-1\">55\/2020<\/td><td class=\"column-2\"><a href=\"http:\/\/www.pratinha.mg.gov.br\/portal\/wp-content\/uploads\/2020\/12\/RESULTADO-TOMADA-DE-PRECOS-No-17-2020.pdf\">RESULTADO TOMADA DE PRE\u00c7OS N\u00ba 17-2020<\/a><br \/>\n<a href=\"http:\/\/www.pratinha.mg.gov.br\/portal\/wp-content\/uploads\/2020\/12\/EXTRATO-DE-CONTRATO-N\u00b0-65-OBRA-COBERTURA-QUADRA.pdf\">EXTRATO DE CONTRATO N\u00b0 65 OBRA COBERTURA QUADRA<\/a><\/td><td class=\"column-3\">Homologa\u00e7\u00e3o e Adjudica\u00e7\u00e3o \/Extrato de Contrato<br \/>\n<br \/>\nExecu\u00e7\u00e3o de obra sob o regime de Empreitada Global para cobertura em estrutura met\u00e1lica na quadra Esportiva da Escola Municipal Coronel Neca de Paula, da cidade de Pratinha-MG.<br \/>\n       <br \/>\n<\/td><td class=\"column-4\">21\/12\/2020<\/td><td class=\"column-5\">TP 17\/2020<\/td>\n<\/tr>\n<tr class=\"row-4\">\n\t<td class=\"column-1\">49\/2020<\/td><td class=\"column-2\"><a href=\"http:\/\/www.pratinha.mg.gov.br\/portal\/wp-content\/uploads\/2020\/12\/1o-EXTRATO-ADITIVO-DE-CONTRATO-OBRA-ASFALTO-PARALELA-CAMPO-FLORIDO-TP-16-2020.pdf\">1\u00ba EXTRATO ADITIVO DE CONTRATO OBRA ASFALTO PARALELA CAMPO FLORIDO TP 16-2020<\/a><\/td><td class=\"column-3\">Execu\u00e7\u00e3o de obra sob o regime de Empreitada Global de Pavimenta\u00e7\u00e3o Asf\u00e1ltica na rua paralela a rua Campo florido <\/td><td class=\"column-4\">17\/12\/2020<\/td><td class=\"column-5\">TP 16\/2020<\/td>\n<\/tr>\n<tr class=\"row-5\">\n\t<td class=\"column-1\">54\/2020<\/td><td class=\"column-2\"><a href=\"http:\/\/www.pratinha.mg.gov.br\/portal\/wp-content\/uploads\/2020\/12\/RESULTADO-PREGAO-No-31-2020.pdf\">RESULTADO PREG\u00c3O N\u00ba 31-2020<\/a><\/td><td class=\"column-3\">Aquisi\u00e7\u00e3o de cestas b\u00e1sicas para distribui\u00e7\u00e3o aos funcion\u00e1rios da Prefeitura Municipal de Pratinha-MG<\/td><td class=\"column-4\">14\/12\/2020<\/td><td class=\"column-5\">Preg\u00e3o n\u00ba 31\/2020<\/td>\n<\/tr>\n<tr class=\"row-6\">\n\t<td class=\"column-1\">57\/2020<\/td><td class=\"column-2\"><a href=\"http:\/\/www.pratinha.mg.gov.br\/portal\/wp-content\/uploads\/2020\/12\/EDITAL-PREGAO-N-o33-COMBUSTIVEIS-1.pdf\">EDITAL PREG\u00c3O N \u00ba33- COMBUST\u00cdVEIS<\/a><\/td><td class=\"column-3\">Aquisi\u00e7\u00e3o parcelada e conforme necessidade de combust\u00edveis para ve\u00edculos e m\u00e1quinas da Prefeitura Municipal de Pratinha-MG, para serem entregues parceladamente e conforme necessidade durante o ano de 2021.<\/td><td class=\"column-4\">Data da Publica\u00e7\u00e3o do Aviso:14\/12\/2020 <\/td><td class=\"column-5\">Preg\u00e3o <br \/>\nn\u00ba 33\/2020<\/td>\n<\/tr>\n<tr class=\"row-7\">\n\t<td class=\"column-1\">26\/2020<\/td><td class=\"column-2\"><a href=\"http:\/\/www.pratinha.mg.gov.br\/portal\/wp-content\/uploads\/2020\/12\/2o-EXTRATO-DE-ADITIVO-CONTRATO-GENEROS-ALIMENTICIOS-ISRAEL.pdf\">2\u00ba EXTRATO DE ADITIVO CONTRATO G\u00caNEROS ALIMENT\u00cdCIOS ISRAEL<\/a><\/td><td class=\"column-3\">2\u00ba EXTRATO DE ADITIVO DE CONTRATO:Aquisi\u00e7\u00e3o parcelada e conforme necessidade de G\u00eaneros Aliment\u00edcios e Materiais de Higiene e Limpeza para os Departamentos da Prefeitura Municipal de Pratinha-MG para fornecimento at\u00e9 31\/12\/2020. <\/td><td class=\"column-4\">10\/12\/2020<\/td><td class=\"column-5\">Preg\u00e3o n\u00b0<br \/>\n20\/2020<\/td>\n<\/tr>\n<tr class=\"row-8\">\n\t<td class=\"column-1\">Extrato de Contrato<\/td><td class=\"column-2\"><a href=\"http:\/\/www.pratinha.mg.gov.br\/portal\/wp-content\/uploads\/2020\/12\/Extrato-de-Contrato-04-12-1.pdf\">Extrato de Contrato 04-12<\/a><\/td><td class=\"column-3\">Presta\u00e7\u00e3o, pelos CORREIOS, de servi\u00e7os e venda de produtos, que atendam \u00e0s necessidades da CONTRATANTE, mediante ades\u00e3o ao(s) ao Termo de Condi\u00e7\u00f5es Comerciais e Anexos deste Instrumento contratual.<\/td><td class=\"column-4\">04\/12\/2020<\/td><td class=\"column-5\"><\/td>\n<\/tr>\n<tr class=\"row-9\">\n\t<td class=\"column-1\">56\/2020<\/td><td class=\"column-2\"><a href=\"http:\/\/www.pratinha.mg.gov.br\/portal\/wp-content\/uploads\/2020\/12\/EDITAL-PREGAO-N-o32-VEICULOS-EDUCACAO.pdf\">EDITAL PREG\u00c3O N \u00ba32- VE\u00cdCULOS EDUCA\u00c7\u00c3O<\/a><\/td><td class=\"column-3\">Aquisi\u00e7\u00e3o de 02 ( dois) ve\u00edculos novos, zero quil\u00f4metro ano 2020 modelo 2021, para o Departamento Municipal de Educa\u00e7\u00e3o.<\/td><td class=\"column-4\">04\/12\/2020<\/td><td class=\"column-5\">Preg\u00e3o <br \/>\nPresencial n\u00ba 32\/2020<\/td>\n<\/tr>\n<tr class=\"row-10\">\n\t<td class=\"column-1\">51\/2020<\/td><td class=\"column-2\"><a href=\"http:\/\/www.pratinha.mg.gov.br\/portal\/wp-content\/uploads\/2020\/12\/EXTRATO-DE-CONTRATO-CAMINHAO-MANUPA.pdf\">EXTRATO DE CONTRATO CAMINH\u00c3O MANUPA<\/a><\/td><td class=\"column-3\">Extrato de Contrato<br \/>\nAquisi\u00e7\u00e3o de Caminh\u00e3o 3\/4 novo, conforme Contrato de Repasse n 889627\/2019\/MAPA <\/td><td class=\"column-4\">01\/12\/2020<\/td><td class=\"column-5\">Preg\u00e3o <br \/>\nEletr\u00f4nico <br \/>\nn\u00b005\/2020<\/td>\n<\/tr>\n<tr class=\"row-11\">\n\t<td class=\"column-1\">55\/2020<\/td><td class=\"column-2\"><a href=\"http:\/\/www.pratinha.mg.gov.br\/portal\/wp-content\/uploads\/2020\/12\/EDITAL-TOMADA-DE-PRECOS-N-o-17-2020-COBERTURA-QUADRA-ESCOLA.pdf\">EDITAL TOMADA DE PRE\u00c7OS N \u00ba 17-2020 COBERTURA QUADRA ESCOLA<\/a><\/td><td class=\"column-3\">Execu\u00e7\u00e3o  de obra sob o regime de Empreitada Global  para cobertura em estrutura met\u00e1lica na quadra Esportiva da Escola Municipal Coronel Neca de Paula, da cidade de Pratinha-MG.<\/td><td class=\"column-4\">01\/12\/2020<\/td><td class=\"column-5\">TP n\u00ba 17\/2020<br \/>\nOs anexos II ao VI <br \/>\ndever\u00e3o ser solicitados junto ao Depto. de Obras com o Sr. M\u00e1rcio telefone 34.36371220 ramal 213 ou pelo e mail pmpratinhaobras@terra.com.br<\/td>\n<\/tr>\n<tr class=\"row-12\">\n\t<td class=\"column-1\">52\/2020<\/td><td class=\"column-2\"><a href=\"http:\/\/www.pratinha.mg.gov.br\/portal\/wp-content\/uploads\/2020\/11\/SUSPENSAO-PREGAO-ELETRONIICO-06-20-EM-30-11-2020.pdf\">SUSPENS\u00c3O PREG\u00c3O ELETR\u00d4NIICO 06-20 EM 30-11-2020<\/a><\/td><td class=\"column-3\">SUSPENS\u00c3O DO CERTAME:<br \/>\n<br \/>\nAquisi\u00e7\u00e3o de Aparelho de Raio X, com todos os servi\u00e7os de Instala\u00e7\u00e3o e Treinamento Operacional INCLUSOS.<\/td><td class=\"column-4\">Data da Suspens\u00e3o:30\/11\/2020<\/td><td class=\"column-5\">Preg\u00e3o<br \/>\nEletr\u00f4nico <br \/>\n06\/2020<\/td>\n<\/tr>\n<tr class=\"row-13\">\n\t<td class=\"column-1\">51\/2020<\/td><td class=\"column-2\"><a href=\"http:\/\/www.pratinha.mg.gov.br\/portal\/wp-content\/uploads\/2020\/11\/Adjudicacao-e-Homologacao-do-processo-000051_2020.pdf\">Adjudicacao e Homologacao do processo 000051_2020<\/a><\/td><td class=\"column-3\"> HOMOLOGA\u00c7\u00c3O E ADJUDICA\u00c7\u00c3O:<br \/>\nAquisi\u00e7\u00e3o de Caminh\u00e3o 3\/4 novo, conforme Contrato de Repasse n 889627\/2019\/MAPA<br \/>\n      <\/td><td class=\"column-4\">27\/11\/2020<\/td><td class=\"column-5\">Preg\u00e3o <br \/>\nEletr\u00f4nico <br \/>\nn\u00b005\/2020<\/td>\n<\/tr>\n<tr class=\"row-14\">\n\t<td class=\"column-1\">54\/2020<\/td><td class=\"column-2\"><a href=\"http:\/\/www.pratinha.mg.gov.br\/portal\/wp-content\/uploads\/2020\/11\/EDITAL-PREGAO-N-o31-CESTAS-BASICAS-1.pdf\">EDITAL PREG\u00c3O N \u00ba31- CESTAS B\u00c1SICAS<\/a><\/td><td class=\"column-3\">Aquisi\u00e7\u00e3o de cestas b\u00e1sicas para distribui\u00e7\u00e3o aos funcion\u00e1rios da Prefeitura Municipal de Pratinha-MG, nos termos da Lei Municipal n  967\/2017. <\/td><td class=\"column-4\">26\/11\/2020<\/td><td class=\"column-5\">Preg\u00e3o 31\/2020<\/td>\n<\/tr>\n<tr class=\"row-15\">\n\t<td class=\"column-1\">Extrato de Concess\u00e3o de Adicionais<\/td><td class=\"column-2\"><a href=\"http:\/\/www.pratinha.mg.gov.br\/portal\/wp-content\/uploads\/2020\/11\/Extrato-de-Concessao-de-Adionais-NOVEMBRO.pdf\">Extrato de Concess\u00e3o de Adionais NOVEMBRO<\/a><\/td><td class=\"column-3\">Extrato de Concess\u00e3o de Adicionais, nos termos do Art.44, Inciso II da Lei 833\/2010: Elaine Aparecida Cruvinel Barcelos e Silmara Abadia C\u00e2ndida .<br \/>\n<br \/>\nExtrato de Concess\u00e3o de Adicionais, nos termos do Art.44, Inciso \tI da Lei 833\/2010: Ang\u00e9lica de Jesus Lima Santos.<br \/>\n<br \/>\nExtrato de Concess\u00e3o de Adicionais, nos termos do Art.44, Inciso \tV da Lei 833\/2010:Eliz\u00e2ngela Aparecida Alves Borges <br \/>\n<br \/>\n<br \/>\nExtrato de Concess\u00e3o de Adicionais, nos termos do Art.38, Inciso II da Lei 839\/2010:: Eur\u00edpedes Jos\u00e9 Paulo e Fl\u00e1via Rog\u00e9ria Veloso .<br \/>\n<br \/>\nExtrato de Concess\u00e3o de Adicionais, nos termos do Art.38, Inciso I da Lei 839\/2010:Soraia Cristina Borges Silva, .<br \/>\n<br \/>\n<br \/>\n<br \/>\n<br \/>\n<br \/>\n<\/td><td class=\"column-4\">18\/11\/2020<\/td><td class=\"column-5\"><\/td>\n<\/tr>\n<tr class=\"row-16\">\n\t<td class=\"column-1\">155\/2020<\/td><td class=\"column-2\"><a href=\"http:\/\/www.pratinha.mg.gov.br\/portal\/wp-content\/uploads\/2020\/11\/EXTRATO-DE-ADESAO-PREGAO-155-2020.pdf\">EXTRATO DE ADES\u00c3O PREG\u00c3O 155-2020<\/a><\/td><td class=\"column-3\">Compra Estadual de Medicamentos<\/td><td class=\"column-4\">12\/11\/2020<\/td><td class=\"column-5\">Ades\u00e3o 01\/2020<\/td>\n<\/tr>\n<tr class=\"row-17\">\n\t<td class=\"column-1\">50\/2020<\/td><td class=\"column-2\"><a href=\"http:\/\/www.pratinha.mg.gov.br\/portal\/wp-content\/uploads\/2020\/11\/RESULTADO-PREGAO-No-29-2020.pdf\">RESULTADO PREG\u00c3O N\u00ba 29-2020<\/a><\/td><td class=\"column-3\">Aquisi\u00e7\u00e3o de trilhos ferrovi\u00e1rios para constru\u00e7\u00e3o de mata burros na zona rural do munic\u00edpio de Pratinha-MG<\/td><td class=\"column-4\">09\/11\/2020<\/td><td class=\"column-5\">Preg\u00e3o 29\/2020<\/td>\n<\/tr>\n<tr class=\"row-18\">\n\t<td class=\"column-1\">53\/2020<\/td><td class=\"column-2\"><a href=\"http:\/\/www.pratinha.mg.gov.br\/portal\/wp-content\/uploads\/2020\/11\/EDITAL-PREGAO-N-o30-REGISTRO-PRECO-PECAS.pdf\">EDITAL PREG\u00c3O N \u00ba30- REGISTRO PRE\u00c7O PE\u00c7AS<\/a><\/td><td class=\"column-3\">Aquisi\u00e7\u00e3o de pe\u00e7as e acess\u00f3rios genu\u00ednos ou originais de f\u00e1brica ( novos) a serem utilizados nas m\u00e1quinas e ve\u00edculos automotores que integram a frota do Munic\u00edpio de Pratinha-MG. Licita\u00e7\u00e3o exclusiva para Micro Empresas e Empresas de Pequeno Porte nos  termos da Lei Complementar n  147\/2014.<\/td><td class=\"column-4\">09\/11\/2020<\/td><td class=\"column-5\">Registro de Pre\u00e7os<br \/>\nn\u00b030\/2020<\/td>\n<\/tr>\n<tr class=\"row-19\">\n\t<td class=\"column-1\">52\/2020<\/td><td class=\"column-2\"><a href=\"http:\/\/www.pratinha.mg.gov.br\/portal\/wp-content\/uploads\/2020\/11\/Edital-de-Licitacao-de-no-06_2020.pdf\">Edital de Licita\u00e7\u00e3o de n\u00ba 06_2020<\/a><br \/>\n<br \/>\n<a href=\"http:\/\/www.pratinha.mg.gov.br\/portal\/wp-content\/uploads\/2020\/11\/1\u00b0-ALTERACAO-ADENDO-AO-EDITAL-06-2020-AQUISICAO-DE-APARELHO-DE-RAIO-X.pdf\">1\u00b0 ALTERA\u00c7\u00c3O -ADENDO AO EDITAL 06-2020- AQUISI\u00c7\u00c3O DE APARELHO DE RAIO X<\/a><\/td><td class=\"column-3\">Aquisi\u00e7\u00e3o de Aparelho de Raio X, com todos os servi\u00e7os de Instala\u00e7\u00e3o e Treinamento Operacional INCLUSOS.<br \/>\nAVISO DE ALTERA\u00c7\u00c3O :1\u00b0 ADENDO<\/td><td class=\"column-4\">Data da Publica\u00e7\u00e3o do Edital: 05\/11\/2020<br \/>\nData da  Publica\u00e7\u00e3o do Adendo:13\/11\/2020<br \/>\nData do Certame: 01\/12\/2020<\/td><td class=\"column-5\">Preg\u00e3o<br \/>\nEletr\u00f4nico 06\/2020<\/td>\n<\/tr>\n<tr class=\"row-20\">\n\t<td class=\"column-1\">49\/2020<\/td><td class=\"column-2\"><a href=\"http:\/\/www.pratinha.mg.gov.br\/portal\/wp-content\/uploads\/2020\/11\/EXTRATO-DE-CONTRATO-OBRA-ASFALTO-PARALELA-CAMPO-FLORIDO-TP-16-2020.pdf\">EXTRATO DE CONTRATO OBRA ASFALTO PARALELA CAMPO FLORIDO TP 16-2020<\/a><\/td><td class=\"column-3\">Execu\u00e7\u00e3o de obra sob o regime de Empreitada Global para realiza\u00e7\u00e3o de pavimenta\u00e7\u00e3o tipo CBUQ em via p\u00fablica da cidade de Pratinha-MG, paralela  a rua Campo Florido.<\/td><td class=\"column-4\">05\/11\/2020<\/td><td class=\"column-5\">TP-16\/2020<\/td>\n<\/tr>\n<tr class=\"row-21\">\n\t<td class=\"column-1\">51\/2020<\/td><td class=\"column-2\"><a href=\"http:\/\/www.pratinha.mg.gov.br\/portal\/wp-content\/uploads\/2020\/11\/Edital-de-Licitacao-de-no-05_2020-1.pdf\">Edital de Licita\u00e7\u00e3o de n\u00ba 05_2020<\/a><\/td><td class=\"column-3\">Aquisi\u00e7\u00e3o de Caminh\u00e3o 3\/4 novo , conforme Contrato de Repasse n 889627\/2019\/MAPA<\/td><td class=\"column-4\">04\/11\/2020<\/td><td class=\"column-5\">Preg\u00e3o<br \/>\nEletr\u00f4nico 05\/2020<\/td>\n<\/tr>\n<tr class=\"row-22\">\n\t<td class=\"column-1\">48\/2020<\/td><td class=\"column-2\"><a href=\"http:\/\/www.pratinha.mg.gov.br\/portal\/wp-content\/uploads\/2020\/11\/EXTRATO-DE-CONTRATO-OBRA-ASFALTO-VECOL-DIVERSAS-RUAS-TP-15-2020.pdf\">EXTRATO DE CONTRATO OBRA ASFALTO VECOL DIVERSAS RUAS TP 15-2020<\/a><\/td><td class=\"column-3\">Execu\u00e7\u00e3o de obra sob o regime de empreitada Global de recapeamento e pavimenta\u00e7\u00e3o asf\u00e1ltica tipo CBUQ em vias p\u00fablicas na cidade de Pratinha-MG.<\/td><td class=\"column-4\">03\/11\/2020<\/td><td class=\"column-5\">TP-15-2020<\/td>\n<\/tr>\n<tr class=\"row-23\">\n\t<td class=\"column-1\">35\/2020<\/td><td class=\"column-2\"><a href=\"http:\/\/www.pratinha.mg.gov.br\/portal\/wp-content\/uploads\/2020\/10\/1o-EXTRATO-DE-ADITIVO-CONTRATO-OBRA-RECAPEAMENTO-ROTATORIA-ACESSO-A-MG-827.pdf\">1\u00ba EXTRATO DE ADITIVO CONTRATO OBRA RECAPEAMENTO ROTAT\u00d3RIA ACESSO A MG 827<\/a><\/td><td class=\"column-3\">1\u00b0 EXTRATO DE ADITIVO DE CONTRATO<br \/>\nExecu\u00e7\u00e3o de obra sob o regime de Empreitada Global de pavimenta\u00e7\u00e3o asf\u00e1ltica em CBUQ na rua Ant\u00f4nio de Angelis entre as ruas Carlos Alberto Borges Carneiro e Monte Castelo e recapeamento asf\u00e1ltico em CBUQ na rotat\u00f3ria de acesso \u00e0 MG 827 at\u00e9 a rua Capit\u00e3o Pio.<\/td><td class=\"column-4\">Data da Publica\u00e7\u00e3o do Extrato do Aditivo<\/td><td class=\"column-5\">TP 11\/2020<\/td>\n<\/tr>\n<tr class=\"row-24\">\n\t<td class=\"column-1\">41\/2020<\/td><td class=\"column-2\"><a href=\"http:\/\/www.pratinha.mg.gov.br\/portal\/wp-content\/uploads\/2020\/10\/EXTRATO-DE-DECISAO-DE-RECURSO-REGISTRO-DE-PRECO-25-2020.pdf\">EXTRATO DE DECISAO DE RECURSO REGISTRO DE PRE\u00c7O 25-2020<\/a><\/td><td class=\"column-3\">EXTRATO DE DECIS\u00c3O DE RECURSO Aquisi\u00e7\u00e3o de pe\u00e7as e <br \/>\nacess\u00f3rios genu\u00ednos ou originais de f\u00e1brica ( novos) a serem utilizados nas m\u00e1quinas e <br \/>\nve\u00edculos automotores que integram a frota do Munic\u00edpio de Pratinha-MG. Licita\u00e7\u00e3o exclusiva <br \/>\npara Micro Empresas e Empresas de Pequeno Porte nos termos da Lei Complementar n <br \/>\n147\/2014<\/td><td class=\"column-4\">26\/10\/2020<\/td><td class=\"column-5\">PREG\u00c3O 25\/2020<\/td>\n<\/tr>\n<tr class=\"row-25\">\n\t<td class=\"column-1\">46\/2020<\/td><td class=\"column-2\"><a href=\"http:\/\/www.pratinha.mg.gov.br\/portal\/wp-content\/uploads\/2020\/10\/CANCELAMENTO-PREGAO-27-2020.pdf\">CANCELAMENTO PREG\u00c3O 27-2020<\/a><\/td><td class=\"column-3\">Contrata\u00e7\u00e3o de presta\u00e7\u00e3o de servi\u00e7o m\u00e9dico veterin\u00e1rio de castra\u00e7\u00e3o de c\u00e3es e gatos em Centro Cir\u00fargico M\u00f3vel ( Castra M\u00f3vel), de acordo com necessidade do munic\u00edpio de Pratinha-MG.<\/td><td class=\"column-4\">21\/10\/2020<\/td><td class=\"column-5\">Preg\u00e3o 27<\/td>\n<\/tr>\n<tr class=\"row-26\">\n\t<td class=\"column-1\">50\/2020<\/td><td class=\"column-2\"><a href=\"http:\/\/www.pratinha.mg.gov.br\/portal\/wp-content\/uploads\/2020\/10\/EDITAL-PREGAO-N-o-29-AQUISICAO-DE-TRILHOS.pdf\">EDITAL PREG\u00c3O N \u00ba 29- AQUISI\u00c7\u00c3O DE TRILHOS<\/a><\/td><td class=\"column-3\">Aquisi\u00e7\u00e3o de trilhos ferrovi\u00e1rios para constru\u00e7\u00e3o de mata burros na zona rural do Munic\u00edpio de Pratinha-MG. <\/td><td class=\"column-4\">21\/10\/2020<\/td><td class=\"column-5\">Preg\u00e3o 29\/2020<\/td>\n<\/tr>\n<tr class=\"row-27\">\n\t<td class=\"column-1\">44\/2020<\/td><td class=\"column-2\"><a href=\"http:\/\/www.pratinha.mg.gov.br\/portal\/wp-content\/uploads\/2020\/10\/EXTRATO-DE-CONTRATO-OBRA-TP-13-2020-ALAMBRADO-CAMPO-DE-FUTEBOL-CAMPO-FUTEBOL.pdf\">EXTRATO DE CONTRATO OBRA TP 13-2020 ALAMBRADO CAMPO DE FUTEBOL CAMPO FUTEBOL<\/a><\/td><td class=\"column-3\">Execu\u00e7\u00e3o de obra sob o regime de Empreitada global para troca de alambrado de cercamento do Campo de futebol da cidade de Pratinha-MG.<\/td><td class=\"column-4\">13\/10\/2020<\/td><td class=\"column-5\">TP 13\/2020<\/td>\n<\/tr>\n<tr class=\"row-28\">\n\t<td class=\"column-1\">47\/2020<\/td><td class=\"column-2\"><a href=\"http:\/\/www.pratinha.mg.gov.br\/portal\/wp-content\/uploads\/2020\/10\/RESULTADO-PREGAO-No-28-2020.pdf\">RESULTADO PREG\u00c3O N\u00ba 28-2020<\/a><\/td><td class=\"column-3\">Aquisi\u00e7\u00e3o de materiais para constru\u00e7\u00e3o e manuten\u00e7\u00e3o de pon tes e mata burros  no munic\u00edpio de Pratinha-MG. Licita\u00e7\u00e3o exclusiva para micro empresas e empresas de pequeno porte nos termos da Lei Complementar n\u00ba 147\/2014.<\/td><td class=\"column-4\">13\/10\/2020<\/td><td class=\"column-5\">Preg\u00e3o 28\/2020<\/td>\n<\/tr>\n<tr class=\"row-29\">\n\t<td class=\"column-1\">49\/2020<\/td><td class=\"column-2\"><a href=\"http:\/\/www.pratinha.mg.gov.br\/portal\/wp-content\/uploads\/2020\/10\/EDITAL-TOMADA-DE-PRECOS-N-o-16-2020-ASFALTAMENTO-PARALELA-CAMPO-FLORIDO-.pdf\">EDITAL TOMADA DE PRE\u00c7OS N \u00ba 16-2020 ASFALTAMENTO PARALELA CAMPO FLORIDO<\/a><\/td><td class=\"column-3\">Execu\u00e7\u00e3o de obra sob o regime de Empreitada Global para realiza\u00e7\u00e3o de pavimenta\u00e7\u00e3o tipo CBUQ em via p\u00fablica da cidade de Pratinha-MG, paralela \u00e0 rua Campo florido.<\/td><td class=\"column-4\">13\/10\/2020<\/td><td class=\"column-5\">TP-16-2020<br \/>\nOs anexos II ao VI dever\u00e3o ser solicitados com o Sr. M\u00e1rcio Fran\u00e7a da Silva tel. 34.3637.1220 ramal 213.<\/td>\n<\/tr>\n<tr class=\"row-30\">\n\t<td class=\"column-1\">48\/2020<\/td><td class=\"column-2\"><a href=\"http:\/\/www.pratinha.mg.gov.br\/portal\/wp-content\/uploads\/2020\/10\/EDITAL-TOMADA-DE-PRECO-15.pdf\">EDITAL TOMADA DE PRECO 15<\/a><\/td><td class=\"column-3\">Execu\u00e7\u00e3o de obra sob o regime de Empreitada Global de recapeamento e pavimenta\u00e7\u00e3o tipo CBUQ em vias p\u00fablicas na cidade de Pratinha-MG.<\/td><td class=\"column-4\">09\/10\/2020<\/td><td class=\"column-5\">TP 15\/2020- Os anexos  II ao VI dever\u00e3o ser solicitados com o Sr. M\u00e1rcio Fran\u00e7a da Silva Depto. de Obras tel.34.3637.1220 ramal 213<\/td>\n<\/tr>\n<tr class=\"row-31\">\n\t<td class=\"column-1\">21\/2020<\/td><td class=\"column-2\"><a href=\"http:\/\/www.pratinha.mg.gov.br\/portal\/wp-content\/uploads\/2020\/10\/2o-EXTRATO-DE-ADITIVO-CONTRATO-OBRA-PAVIMENTACAO-SANTA-CRUZ-.pdf\">2\u00ba EXTRATO DE ADITIVO CONTRATO OBRA PAVIMENTA\u00c7\u00c3O SANTA CRUZ<\/a><\/td><td class=\"column-3\">Execu\u00e7\u00e3o de obra sob o regime de Empreitada Global de pavimenta\u00e7\u00e3o asf\u00e1ltica na rua Santa Cruz paralela ao Bairro Henrique Pereira sa\u00edda para a cidade de Medeiros-MG.<\/td><td class=\"column-4\">07\/10\/2020<\/td><td class=\"column-5\">TP 05\/2020<\/td>\n<\/tr>\n<tr class=\"row-32\">\n\t<td class=\"column-1\">45\/2020<\/td><td class=\"column-2\"><a href=\"http:\/\/www.pratinha.mg.gov.br\/portal\/wp-content\/uploads\/2020\/10\/EXTRATO-DE-CONTRATO-OBRA-TP-14-2020-OBRA-VESTIARIO-CAMPO-FUTEBOL.pdf\">EXTRATO DE CONTRATO OBRA TP 14-2020 OBRA VESTI\u00c1RIO CAMPO FUTEBOL<\/a><\/td><td class=\"column-3\">Execu\u00e7\u00e3o de obra sob o regime de Empreitada Global para constru\u00e7\u00e3o de vesti\u00e1rio no Campo de Futebol da cidade de Pratinha-MG.<\/td><td class=\"column-4\">05\/10\/2020<\/td><td class=\"column-5\">TP 14\/2020<\/td>\n<\/tr>\n<tr class=\"row-33\">\n\t<td class=\"column-1\">26\/2020<\/td><td class=\"column-2\"><a href=\"http:\/\/www.pratinha.mg.gov.br\/portal\/wp-content\/uploads\/2020\/10\/1o-EXTRATO-DE-ADITIVO-CONTRATO-GENEROS-ALIMENTICIOS-ISRAEL.pdf\">1\u00ba EXTRATO DE ADITIVO CONTRATO G\u00caNEROS ALIMENT\u00cdCIOS ISRAEL<\/a><\/td><td class=\"column-3\">1\u00ba EXTRATO DE ADITIVO DE CONTRATO:Aquisi\u00e7\u00e3o parcelada e conforme necessidade de G\u00eaneros Aliment\u00edcios e Materiais de Higiene e Limpeza para os Departamentos da Prefeitura Municipal de Pratinha-MG para fornecimento at\u00e9 31\/12\/2020. <\/td><td class=\"column-4\">02\/10\/2020<\/td><td class=\"column-5\">Preg\u00e3o n\u00b0<br \/>\n20\/2020<\/td>\n<\/tr>\n<tr class=\"row-34\">\n\t<td class=\"column-1\">46\/2020<\/td><td class=\"column-2\"><a href=\"http:\/\/www.pratinha.mg.gov.br\/portal\/wp-content\/uploads\/2020\/10\/1\u00b0-ADENDO-EDITAL-PRESTACAO-DE-SER.VETERINARIO-CADASTRACAO-CAES-E-GATOS.-.pdf\">1\u00b0 ADENDO EDITAL PRESTA\u00c7\u00c3O DE SER.VETERINARIO CADASTRA\u00c7\u00c3O C\u00c3ES E GATOS.<\/a><\/td><td class=\"column-3\"> 1\u00ba ADENDO AO EDITAL DE PROCESSO LICITAT\u00d3RIO N.\u00b0 46\/2020<br \/>\n PREG\u00c3O PRESENCIAL N\u00ba27\/2020<br \/>\nContrata\u00e7\u00e3o de presta\u00e7\u00e3o de servi\u00e7os m\u00e9dico veterin\u00e1rio de castra\u00e7\u00e3o de c\u00e3es e gatos em Centro Cir\u00fargico M\u00f3vel(Castra M\u00f3vel),de acordo com a necessidade do Munic\u00edpio de Pratinha<br \/>\n<\/td><td class=\"column-4\">Data da Publica\u00e7\u00e3o do Adendo :01\/10\/2020<br \/>\nData do Certame:15\/10\/2020<\/td><td class=\"column-5\">Preg\u00e3o <br \/>\nn\u00b027\/2020<\/td>\n<\/tr>\n<tr class=\"row-35\">\n\t<td class=\"column-1\">42\/2020<\/td><td class=\"column-2\"><a href=\"http:\/\/www.pratinha.mg.gov.br\/portal\/wp-content\/uploads\/2020\/09\/EXTRATO-DE-CONTRATO-CAMINHAO-DEVA.pdf\">EXTRATO DE CONTRATO CAMINH\u00c3O DEVA<\/a><\/td><td class=\"column-3\">EXTRATO DE CONTRATO<br \/>\nAquisi\u00e7\u00e3o de Caminh\u00e3o Toco novo,conforme Contrato de Repasse n 886211\/2019\/MAPA.   <\/td><td class=\"column-4\"> DATA DA PUBLICA\u00c7\u00c3O:29\/09\/2020<\/td><td class=\"column-5\">Preg\u00e3o<br \/>\nEletr\u00f4nico<br \/>\nn\u00b004\/2020<\/td>\n<\/tr>\n<tr class=\"row-36\">\n\t<td class=\"column-1\">43\/2020<\/td><td class=\"column-2\"><a href=\"http:\/\/www.pratinha.mg.gov.br\/portal\/wp-content\/uploads\/2020\/09\/RESULTADO-PREGAO-No-26-2020.pdf\">RESULTADO PREG\u00c3O N\u00ba 26-2020<\/a><\/td><td class=\"column-3\">Aquisi\u00e7\u00e3o parcelada e conforme necessidade de materiais hospitalares para o Departamento Municipal de Sa\u00fade. Licita\u00e7\u00e3o exclusiva para Micro Empresas e Empresas de Pequeno Porte nos termos da Lei Complementar n\u00ba 147\/2014.<\/td><td class=\"column-4\">29\/09\/2020<\/td><td class=\"column-5\">Preg\u00e3o 26\/2020<\/td>\n<\/tr>\n<tr class=\"row-37\">\n\t<td class=\"column-1\">42\/2020<\/td><td class=\"column-2\"><a href=\"http:\/\/www.pratinha.mg.gov.br\/portal\/wp-content\/uploads\/2020\/09\/RESULTADO-PREGAO-ELETRONICO-No-04-2020.pdf\">RESULTADO PREG\u00c3O ELETR\u00d4NICO N\u00ba 04-2020<\/a><\/td><td class=\"column-3\">Homologa\u00e7\u00e3o <br \/>\nAquisi\u00e7\u00e3o de Caminh\u00e3o Toco novo , conforme Contrato de Repasse n 886211\/2019\/MAPA.   <\/td><td class=\"column-4\">Data da Publica\u00e7\u00e3o do Aviso de Homologa\u00e7\u00e3o:<br \/>\n<\/td><td class=\"column-5\">Preg\u00e3o <br \/>\nEletr\u00f4nico <br \/>\nn\u00b004\/2020<\/td>\n<\/tr>\n<tr class=\"row-38\">\n\t<td class=\"column-1\">47\/2020<\/td><td class=\"column-2\"><a href=\"http:\/\/www.pratinha.mg.gov.br\/portal\/wp-content\/uploads\/2020\/09\/EDITAL-PREGAO-N-o-28-MATERIAIS-DE-CONSTRUCAO.pdf\">EDITAL PREG\u00c3O N \u00ba 28- MATERIAIS DE CONSTRU\u00c7\u00c3O<\/a><\/td><td class=\"column-3\">Aquisi\u00e7\u00e3o de materiais para constru\u00e7\u00e3o e manuten\u00e7\u00e3o de pontes e mata burros no munic\u00edpio de Pratinha-MG.Licita\u00e7\u00e3o exclusiva para Micro Empresas e Empresas de Pequeno Porte nos termos da Lei Complementar n  147\/2014. <\/td><td class=\"column-4\">Data da Publica\u00e7\u00e3o do<br \/>\nEdital:18\/09\/2020<br \/>\nData do Certame:02\/10\/2020<\/td><td class=\"column-5\">Preg\u00e3o <br \/>\nPresencial n\u00b028\/2020<\/td>\n<\/tr>\n<tr class=\"row-39\">\n\t<td class=\"column-1\">46\/2020<\/td><td class=\"column-2\"><a href=\"http:\/\/www.pratinha.mg.gov.br\/portal\/wp-content\/uploads\/2020\/09\/EDITAL-PREGAO-N-o-27-CASTRACAO-CAES-E-GATOS.pdf\">EDITAL PREG\u00c3O N \u00ba 27- CASTRA\u00c7\u00c3O C\u00c3ES E GATOS<\/a><\/td><td class=\"column-3\">Contrata\u00e7\u00e3o de presta\u00e7\u00e3o de servi\u00e7os m\u00e9dico veterin\u00e1rio de castra\u00e7\u00e3o de c\u00e3es e gatos em Centro Cir\u00fargico M\u00f3vel(Castra M\u00f3vel),de acordo com a necessidade do Munic\u00edpio de Pratinha, conforme Especifica\u00e7\u00f5es e Descri\u00e7\u00f5es do Anexo II deste Edital.<\/td><td class=\"column-4\">Data da Publica\u00e7\u00e3o do Edital:17\/09\/2020<br \/>\nData da Licita\u00e7\u00e3o :01\/10\/2020<\/td><td class=\"column-5\">Preg\u00e3o <br \/>\nPresencial<br \/>\nn\u00b027\/2020<\/td>\n<\/tr>\n<tr class=\"row-40\">\n\t<td class=\"column-1\">34\/2020<\/td><td class=\"column-2\"><a href=\"http:\/\/www.pratinha.mg.gov.br\/portal\/wp-content\/uploads\/2020\/09\/EXTRATO-DE-CONTRATO-IMPLEMENTOS-BH-MAQUINAS-.pdf\">EXTRATO DE CONTRATO IMPLEMENTOS BH M\u00c1QUINAS<\/a><br \/>\n<br \/>\n<a href=\"http:\/\/www.pratinha.mg.gov.br\/portal\/wp-content\/uploads\/2020\/09\/EXTRATO-DE-CONTRATO-IMPLEMENTOS-AGRIMAQ.pdf\">EXTRATO DE CONTRATO IMPLEMENTOS AGRIMAQ<\/a><br \/>\n<br \/>\n<a href=\"http:\/\/www.pratinha.mg.gov.br\/portal\/wp-content\/uploads\/2020\/09\/EXTRATO-DE-CONTRATO-IMPLEMENTOS-AGROVETERINARIA-RM.pdf\">EXTRATO DE CONTRATO IMPLEMENTOS AGROVETERINARIA RM<\/a><\/td><td class=\"column-3\">Extrato de Contrato <br \/>\n Objeto:Aquisi\u00e7\u00e3o de Implementos Agr\u00edcolas novos , conforme Contrato de Repasse n 889635\/2019\/MAPA.<br \/>\n <br \/>\n<\/td><td class=\"column-4\">Data da  Publica\u00e7\u00e3o <br \/>\n do Extrato de Contrato:<br \/>\n14\/09\/2020<\/td><td class=\"column-5\">Preg\u00e3o <br \/>\nEletr\u00f4nico<br \/>\n01\/2020<\/td>\n<\/tr>\n<tr class=\"row-41\">\n\t<td class=\"column-1\">39\/2020<\/td><td class=\"column-2\"><a href=\"http:\/\/www.pratinha.mg.gov.br\/portal\/wp-content\/uploads\/2020\/09\/EXTRATO-DE-CONTRATO-RETROESCAVADEIRA-TRIAMA.pdf\">EXTRATO DE CONTRATO RETROESCAVADEIRA TRIAMA<\/a><\/td><td class=\"column-3\">Extrato de Contrato<br \/>\nAquisi\u00e7\u00e3o de Retroescavadeira nova,  conforme Conv\u00eanio n 1231000072\/2020 SEAPA.   <\/td><td class=\"column-4\">Data da Publica\u00e7\u00e3o Extrato<br \/>\n14\/09\/2020<\/td><td class=\"column-5\">Preg\u00e3o <br \/>\nEletr\u00f4nico 03\/2020<\/td>\n<\/tr>\n<tr class=\"row-42\">\n\t<td class=\"column-1\">39\/2020<\/td><td class=\"column-2\"><a href=\"http:\/\/www.pratinha.mg.gov.br\/portal\/wp-content\/uploads\/2020\/09\/RESULTADO-PREGAO-ELETRONICO-No-03-2020.pdf\">RESULTADO PREG\u00c3O ELETR\u00d4NICO N\u00ba 03-2020<\/a><\/td><td class=\"column-3\">HOMOLOGA\u00c7\u00c3O<br \/>\nAquisi\u00e7\u00e3o de Retroescavadeira nova,  conforme Conv\u00eanio n 1231000072\/2020 SEAPA.   <\/td><td class=\"column-4\">10\/09\/2020<\/td><td class=\"column-5\">Preg\u00e3o Eletr\u00f4nico 03\/2020<\/td>\n<\/tr>\n<tr class=\"row-43\">\n\t<td class=\"column-1\">40\/2020<\/td><td class=\"column-2\"><a href=\"http:\/\/www.pratinha.mg.gov.br\/portal\/wp-content\/uploads\/2020\/09\/RESULTADO-PREGAO-No-24-2020.pdf\">RESULTADO PREG\u00c3O N\u00ba 24-2020<\/a><\/td><td class=\"column-3\">Aquisi\u00e7\u00e3o de ve\u00edculos novos zero quil\u00f4metro para o Departamento Municipal de Sa\u00fade.<\/td><td class=\"column-4\">10\/09\/2020<\/td><td class=\"column-5\">Preg\u00e3o 24\/2020<\/td>\n<\/tr>\n<tr class=\"row-44\">\n\t<td class=\"column-1\">45\/2020<\/td><td class=\"column-2\"><a href=\"http:\/\/www.pratinha.mg.gov.br\/portal\/wp-content\/uploads\/2020\/09\/EDITAL-TOMADA-DE-PRECOS-N-o-14-2020-VESTIARIO-CAMPO-DE-FUTEBOL-.pdf\">EDITAL TOMADA DE PRE\u00c7OS N \u00ba 14-2020 VESTI\u00c1RIO CAMPO DE FUTEBOL<\/a><\/td><td class=\"column-3\">Execu\u00e7\u00e3o de obra sob o regime de Empreitada Global para constru\u00e7\u00e3o de vesti\u00e1rio no Campo de Futebol da cidade de Pratinha-MG.<\/td><td class=\"column-4\">Data da Publica\u00e7\u00e3o do Edital 10\/09\/2020<br \/>\n<br \/>\nData do Certame:29\/09\/2020<\/td><td class=\"column-5\">TP 14\/2020<br \/>\nOs anexos II ao VI <br \/>\ndever\u00e3o ser solicitados junto ao Depto. de Obras com o Sr. M\u00e1rcio telefone 34.36371220 ramal 213 ou pelo e mail pmpratinhaobras@terra.com.br<\/td>\n<\/tr>\n<tr class=\"row-45\">\n\t<td class=\"column-1\">37\/2020<\/td><td class=\"column-2\"><a href=\"http:\/\/www.pratinha.mg.gov.br\/portal\/wp-content\/uploads\/2020\/09\/EXTRATO-DE-CONTRATO-MEDICAMENTOS-BIOGRAM.pdf\">EXTRATO DE CONTRATO MEDICAMENTOS BIOGRAM<\/a><\/td><td class=\"column-3\">EXTRATO DE CONTRATO\u00b4<br \/>\n<br \/>\n Aquisi\u00e7\u00e3o de medicamentos para o Departamento Municipal de Sa\u00fade. Licita\u00e7\u00e3o exclusiva para Micro Empresas e Empresas de Pequeno Porte nos termos da Lei Complementar n  147\/2014.   <\/td><td class=\"column-4\">08\/09\/2020<\/td><td class=\"column-5\">PREG\u00c3O<br \/>\n ELETR\u00d4NICO<br \/>\n02\/2020<\/td>\n<\/tr>\n<tr class=\"row-46\">\n\t<td class=\"column-1\">36\/2020<\/td><td class=\"column-2\"><a href=\"http:\/\/www.pratinha.mg.gov.br\/portal\/wp-content\/uploads\/2020\/09\/EXTRATO-DE-CONTRATO-OBRA-TP-12-2020-ASFALTO-VECOL.pdf\">EXTRATO DE CONTRATO OBRA TP 12-2020 ASFALTO VECOL<\/a><\/td><td class=\"column-3\">EXTRATO DE CONTRATO<br \/>\nExecu\u00e7\u00e3o de obra sob o regime de Empreitada Global de recomposi\u00e7\u00e3o asf\u00e1ltica, confec\u00e7\u00e3o e instala\u00e7\u00e3o de meio fios, em diversas vias urbanas da cidade de Pratinha-MG<\/td><td class=\"column-4\">08\/09\/2020<\/td><td class=\"column-5\">Tomada de Pre\u00e7os 12\/2020<\/td>\n<\/tr>\n<tr class=\"row-47\">\n\t<td class=\"column-1\">44\/2020<\/td><td class=\"column-2\"><a href=\"http:\/\/www.pratinha.mg.gov.br\/portal\/wp-content\/uploads\/2020\/09\/EDITAL-TOMADA-DE-PRECOS-N-o-13-2020-ALAMBRADO-CAMPO-DE-FUTEBOL-.pdf\">EDITAL TOMADA DE PRE\u00c7OS N \u00ba 13-2020 ALAMBRADO CAMPO DE FUTEBOL<\/a><a href=\"http:\/\/www.pratinha.mg.gov.br\/portal\/wp-content\/uploads\/2020\/09\/1\u00b0ADENDO-EDITAL-EXECUCAO-DE-OBRA-DE-TROCA-DE-ALAMBRADO.pdf\">1\u00b0ADENDO EDITAL EXECU\u00c7\u00c3O DE OBRA DE TROCA DE ALAMBRADO<\/a><\/td><td class=\"column-3\"> Execu\u00e7\u00e3o de obra sob o regime de empreitada global para troca de alambrado de cercamento do Campo de Futebol da cidade de Pratinha-MG.<\/td><td class=\"column-4\">Data da Publica\u00e7\u00e3o do edital 08\/09\/2020<br \/>\nData da Publica\u00e7\u00e3o do 1\u00b0 Adendo:16\/09\/2020<\/td><td class=\"column-5\">TP 13\/2020<br \/>\nOs anexos II ao VI <br \/>\ndever\u00e3o ser solicitados junto ao Depto. de Obras com o Sr. M\u00e1rcio telefone 34.36371220 ramal 213 ou pelo e mail pmpratinhaobras@terra.com.br<\/td>\n<\/tr>\n<tr class=\"row-48\">\n\t<td class=\"column-1\">36\/2020<\/td><td class=\"column-2\"><a href=\"http:\/\/www.pratinha.mg.gov.br\/portal\/wp-content\/uploads\/2020\/09\/RESULTADO-TOMADA-DE-PRECOS-No-12-2020.pdf\">RESULTADO TOMADA DE PRE\u00c7OS N\u00ba 12-2020<\/a><\/td><td class=\"column-3\">HOMOLOGA\u00c7\u00c3O<br \/>\nExecu\u00e7\u00e3o de obra sob o regime de Empreitada Global de recomposi\u00e7\u00e3o asf\u00e1ltica, confec\u00e7\u00e3o e instala\u00e7\u00e3o de meio fios, em diversas vias urbanas da cidade de Pratinha-MG.<\/td><td class=\"column-4\">04\/09\/2020<\/td><td class=\"column-5\">TP<br \/>\n12\/2020<\/td>\n<\/tr>\n<tr class=\"row-49\">\n\t<td class=\"column-1\">43\/2020<\/td><td class=\"column-2\"><a href=\"http:\/\/www.pratinha.mg.gov.br\/portal\/wp-content\/uploads\/2020\/09\/EDITAL-PREGAO-N-o-26-MATERIAIS-HOSPITALARES.pdf\">EDITAL PREG\u00c3O N \u00ba 26- MATERIAIS HOSPITALARES<\/a><\/td><td class=\"column-3\">Aquisi\u00e7\u00e3o parcelada e conforme necessidade de materiais hospitalares para o Departamento Municipal de Sa\u00fade. Licita\u00e7\u00e3o exclusiva para Micro Empresas e Empresas de Pequeno Porte nos termos da Lei Complementar n  147\/2014.<\/td><td class=\"column-4\">04\/09\/2020<\/td><td class=\"column-5\">Preg\u00e3o Presencial <br \/>\nn\u00ba 26\/2020<br \/>\n<\/td>\n<\/tr>\n<tr class=\"row-50\">\n\t<td class=\"column-1\">34\/2020<\/td><td class=\"column-2\"><a href=\"http:\/\/www.pratinha.mg.gov.br\/portal\/wp-content\/uploads\/2020\/09\/Homologacao-do-processo-000034_2020.pdf\">Homologacao do processo 000034_2020<\/a><\/td><td class=\"column-3\">Homologa\u00e7\u00e3o <br \/>\nAquisi\u00e7\u00e3o de Implementos Agr\u00edcolas novos , conforme Contrato de Repasse n 889635\/2019\/MAPA.Licita\u00e7\u00e3o exclusiva para Micro Empresas e Empresas de Pequeno Porte nos termos da Lei Com plementar n  147\/2014.   <\/td><td class=\"column-4\">02\/09\/2020<\/td><td class=\"column-5\">Preg\u00e3o <br \/>\nEletr\u00f4nico<br \/>\n01\/2020<\/td>\n<\/tr>\n<tr class=\"row-51\">\n\t<td class=\"column-1\">33\/2020<\/td><td class=\"column-2\"><a href=\"http:\/\/www.pratinha.mg.gov.br\/portal\/wp-content\/uploads\/2020\/09\/EXTRATO-DE-CONTRATO-N\u00b0-49-OBRA-CONSTRUCAO-QUADRA-.pdf\">EXTRATO DE CONTRATO N\u00b0 49 OBRA CONSTRU\u00c7\u00c3O QUADRA<\/a><\/td><td class=\"column-3\">Execu\u00e7\u00e3o de obra sob o regime de Empreitada Global para constru\u00e7\u00e3o de Quadra Esportiva na Escola Municipal coronel Neca de Paula, localizada \u00e0 Pra\u00e7a da Matriz n\u00ba 210, centro na cidade de Pratinha-MG.<\/td><td class=\"column-4\">01\/09\/2020<\/td><td class=\"column-5\">TP 10\/2020<\/td>\n<\/tr>\n<tr class=\"row-52\">\n\t<td class=\"column-1\">Conv\u00eanio 02\/2017<\/td><td class=\"column-2\"><a href=\"http:\/\/www.pratinha.mg.gov.br\/portal\/wp-content\/uploads\/2020\/09\/Extrato-de-Aditivo-2020-Cessao-SILVANA-.pdf\">Extrato de Aditivo 2020 Cess\u00e3o SILVANA<\/a><\/td><td class=\"column-3\">3\u00b0 EXTRATO DE ADITIVO AO CONV\u00caNIO 02\/2017(Conv\u00eanio de Coopera\u00e7\u00e3o  m\u00fatua  que ente si celebram o Munic\u00edpio de Pratinha-MG  e o Munic\u00edpio de Arax\u00e1-MG para cess\u00e3o de servidora)<br \/>\n<\/td><td class=\"column-4\">01\/09\/2020<\/td><td class=\"column-5\"><\/td>\n<\/tr>\n<tr class=\"row-53\">\n\t<td class=\"column-1\">33\/2019<\/td><td class=\"column-2\"><a href=\"http:\/\/www.pratinha.mg.gov.br\/portal\/wp-content\/uploads\/2020\/09\/1o-EXTRATO-DE-ADITIVO-CONTRATO-OBRA-CONSTRUCAO-SARJETAS-2019-.pdf\">1\u00ba EXTRATO DE ADITIVO CONTRATO OBRA CONSTRU\u00c7\u00c3O SARJETAS 2019<\/a><\/td><td class=\"column-3\">Execu\u00e7\u00e3o de obra sob o regime de Empreitada global de constru\u00e7\u00e3o de sarjetas e reparos em diversas vias urbanas da cidade    de Pratinha-MG.<\/td><td class=\"column-4\">01\/09\/2020<\/td><td class=\"column-5\">TP 02\/2019<\/td>\n<\/tr>\n<tr class=\"row-54\">\n\t<td class=\"column-1\">42\/2020<\/td><td class=\"column-2\"><a href=\"http:\/\/www.pratinha.mg.gov.br\/portal\/wp-content\/uploads\/2020\/08\/Edital-de-Licitacao-de-no-04_2020.pdf\">Edital de Licita\u00e7\u00e3o de n\u00ba 04_2020<\/a><\/td><td class=\"column-3\">Aquisi\u00e7\u00e3o de Caminh\u00e3o Toco novo , conforme Contrato de Repasse n 886211\/2019\/MAPA <\/td><td class=\"column-4\">31\/08\/2020<\/td><td class=\"column-5\">Preg\u00e3o <br \/>\nEletr\u00f4nico<br \/>\n n\u00ba 4\/2020<br \/>\n<\/td>\n<\/tr>\n<tr class=\"row-55\">\n\t<td class=\"column-1\">41\/2020<\/td><td class=\"column-2\"><a href=\"http:\/\/www.pratinha.mg.gov.br\/portal\/wp-content\/uploads\/2020\/08\/EDITAL-PREGAO-N-o-25-REGISTRO-DE-PRECO-PECAS.pdf\">EDITAL PREG\u00c3O N \u00ba 25- REGISTRO DE PRE\u00c7O PE\u00c7AS<\/a><\/td><td class=\"column-3\">Aquisi\u00e7\u00e3o de pe\u00e7as e acess\u00f3rios genu\u00ednos ou originais de f\u00e1brica ( novos) a serem utilizados nas m\u00e1quinas e ve\u00edculos automotores que integram a frota do Munic\u00edpio de Pratinha-MG. Licita\u00e7\u00e3o exclusiva para Micro Empresas e Empresas de Pequeno Porte nos  termos da Lei Complementar n  147\/2014.<\/td><td class=\"column-4\">28\/08\/2020<\/td><td class=\"column-5\">Registro de Pre\u00e7os<br \/>\nn\u00b025\/2020<\/td>\n<\/tr>\n<tr class=\"row-56\">\n\t<td class=\"column-1\">38\/2020<\/td><td class=\"column-2\"><a href=\"http:\/\/www.pratinha.mg.gov.br\/portal\/wp-content\/uploads\/2020\/08\/CANCELAMENTO-PREGAO-23-20.pdf\">CANCELAMENTO PREG\u00c3O 23-20<\/a><\/td><td class=\"column-3\">Aquisi\u00e7\u00e3o de materiais para manuten\u00e7\u00e3o de pontes e mata burros no munic\u00edpio de Pratinha-MG. Licita\u00e7\u00e3o exclusiva para Micro Empresas e Empresas de Pequeno Porte nos termos da Lei Complementar n\u00ba 147\/2014.<\/td><td class=\"column-4\">28\/08\/2020<\/td><td class=\"column-5\">Preg\u00e3o 23<\/td>\n<\/tr>\n<tr class=\"row-57\">\n\t<td class=\"column-1\">35\/2020<\/td><td class=\"column-2\"><a href=\"http:\/\/www.pratinha.mg.gov.br\/portal\/wp-content\/uploads\/2020\/08\/EXTRATO-DE-CONTRATO-OBRA-ASFALTO-ROTATORIA-VECOL.pdf\">EXTRATO DE CONTRATO OBRA ASFALTO ROTAT\u00d3RIA VECOL<\/a><\/td><td class=\"column-3\">Execu\u00e7\u00e3o de obra sob o regime de Empreitada global de pavimenta\u00e7\u00e3o asf\u00e1ltica em CBUQ na rua  Ant\u00f4nio de Angelis entre as ruas Carlos Alberto Borges Carneiro e Monte Castelo e recapeamento asf\u00e1ltico em CBUQ na rotat\u00f3ria de acesso \u00e0 MG 827 at\u00e9 a rua Capit\u00e3o Pio.<\/td><td class=\"column-4\">24\/08\/2020<\/td><td class=\"column-5\">Tomada de Pre\u00e7os n\u00ba 11\/2020<\/td>\n<\/tr>\n<tr class=\"row-58\">\n\t<td class=\"column-1\">39\/2020<\/td><td class=\"column-2\"><a href=\"http:\/\/www.pratinha.mg.gov.br\/portal\/wp-content\/uploads\/2020\/08\/Edital-de-Licitacao-de-no-03-2020.pdf\">Edital de Licita\u00e7\u00e3o de n\u00ba 03-2020<\/a><\/td><td class=\"column-3\">Aquisi\u00e7\u00e3o de Retroescavadeira nova,  conforme Conv\u00eanio n 1231000072\/2020 SEAPA.<\/td><td class=\"column-4\">21\/08\/2020<\/td><td class=\"column-5\">Preg\u00e3o Eletr\u00f4nico<br \/>\n n\u00ba 3\/2020<br \/>\n<\/td>\n<\/tr>\n<tr class=\"row-59\">\n\t<td class=\"column-1\">40\/2020<\/td><td class=\"column-2\"><a href=\"http:\/\/www.pratinha.mg.gov.br\/portal\/wp-content\/uploads\/2020\/08\/EDITAL-PREGAO-N-o-24-VEICULOS-SAUDE.pdf\">EDITAL PREG\u00c3O N \u00ba 24- VE\u00cdCULOS SA\u00daDE<\/a><\/td><td class=\"column-3\">Aquisi\u00e7\u00e3o de ve\u00edculos novos, zero quil\u00f4metro, para o Departamento Municipal de Sa\u00fade.<\/td><td class=\"column-4\">20\/08\/2020<\/td><td class=\"column-5\">Preg\u00e3o Presencial n\u00ba 24\/2020<br \/>\n<\/td>\n<\/tr>\n<tr class=\"row-60\">\n\t<td class=\"column-1\">Extrato<\/td><td class=\"column-2\"><a href=\"http:\/\/www.pratinha.mg.gov.br\/portal\/wp-content\/uploads\/2020\/08\/Extrato-de-Concess\u00e3o-de-Adional-Gustavo-Diego.pdf\">Extrato de Concess\u00e3o de Adional Gustavo Diego<\/a><\/td><td class=\"column-3\">Extrato de Concess\u00e3o de Adicional, nos termos do Art.38, Inciso II da Lei 839\/2010.<br \/>\nGustavo Diego Martins<\/td><td class=\"column-4\">11\/08\/2020<\/td><td class=\"column-5\"><\/td>\n<\/tr>\n<tr class=\"row-61\">\n\t<td class=\"column-1\">38\/2020<\/td><td class=\"column-2\"><a href=\"http:\/\/www.pratinha.mg.gov.br\/portal\/wp-content\/uploads\/2020\/08\/EDITAL-PREG\u00c3O-N-\u00ba-23-MATERIAIS-CONSTRU\u00c7\u00c3O-1.pdf\">EDITAL PREG\u00c3O N \u00ba 23- MATERIAIS CONSTRU\u00c7\u00c3O<\/a><\/td><td class=\"column-3\">Aquisi\u00e7\u00e3o de materiais para manuten\u00e7\u00e3o de pontes e mata burros no munic\u00edpio de Pratinha-MG. Licita\u00e7\u00e3o exclusiva para Micro Empresas e Empresas de Pequeno Porte nos termos da Lei Complementar n  147\/2014.<\/td><td class=\"column-4\">04\/08\/2020<\/td><td class=\"column-5\">Preg\u00e3o Presencial n\u00ba 23\/2020<\/td>\n<\/tr>\n<tr class=\"row-62\">\n\t<td class=\"column-1\">37\/2020<\/td><td class=\"column-2\"><a href=\"http:\/\/www.pratinha.mg.gov.br\/portal\/wp-content\/uploads\/2020\/08\/Edital-de-Licita\u00e7\u00e3o-de-n\u00ba-02-2020.pdf\">Edital de Licita\u00e7\u00e3o de n\u00ba 02-2020<\/a><\/td><td class=\"column-3\">Aquisi\u00e7\u00e3o de medicamentos para o Departamento Municipal de Sa\u00fade. Licita\u00e7\u00e3o exclusiva para Micro Empresas e Empresas de Pequeno Porte nos termos da Lei Complementar n  147\/2014.<\/td><td class=\"column-4\">04\/08\/2020<\/td><td class=\"column-5\">Preg\u00e3o Eletr\u00f4nico 02\/2020<\/td>\n<\/tr>\n<tr class=\"row-63\">\n\t<td class=\"column-1\">13\/2020<\/td><td class=\"column-2\"><a href=\"http:\/\/www.pratinha.mg.gov.br\/portal\/wp-content\/uploads\/2020\/07\/1\u00ba-EXTRATO-DE-ADITIVO-CONTRATO-OBRA-COBERTURA-ANTIGA-CRECHE-.pdf\">1\u00ba EXTRATO DE ADITIVO CONTRATO OBRA COBERTURA ANTIGA CRECHE<\/a><\/td><td class=\"column-3\">Execu\u00e7\u00e3o de obra sob o regime de Empreitada global para constru\u00e7\u00e3o de cobertura met\u00e1lica e reforma no pr\u00e9dio localizado \u00e0 Av. Francisco Machado Borges n\u00ba 209 Bairro Zacarias Pereira na cidade de Pratinha-MG.<\/td><td class=\"column-4\">29\/07\/2020<\/td><td class=\"column-5\">TP 04\/2020<\/td>\n<\/tr>\n<tr class=\"row-64\">\n\t<td class=\"column-1\">36\/2020<\/td><td class=\"column-2\"><a href=\"http:\/\/www.pratinha.mg.gov.br\/portal\/wp-content\/uploads\/2020\/07\/EDITAL-TOMADA-DE-PRE\u00c7OS-N-\u00ba-12-2020-RECOMPOSI\u00c7\u00c3O-ASF\u00c1LTICA-E-MEIO-FIOS-.pdf\">EDITAL TOMADA DE PRE\u00c7OS N \u00ba 12-2020 RECOMPOSI\u00c7\u00c3O ASF\u00c1LTICA E MEIO FIOS<\/a><\/td><td class=\"column-3\">Execu\u00e7\u00e3o de obra sob o regime de Empreitada Global de recomposi\u00e7\u00e3o asf\u00e1ltica, confec\u00e7\u00e3o e instala\u00e7\u00e3o de meio fios, em diversas vias urbanas da cidade de Pratinha-MG .<\/td><td class=\"column-4\">29\/07\/2020<\/td><td class=\"column-5\">TP 12\/2020<br \/>\nOs anexos II ao VI <br \/>\ndever\u00e3o ser solicitados junto ao Depto. de Obras com o Sr. M\u00e1rcio telefone 34.36371220 ramal 213 ou pelo e mail pmpratinhaobras@terra.com.br<\/td>\n<\/tr>\n<tr class=\"row-65\">\n\t<td class=\"column-1\">28\/2020<\/td><td class=\"column-2\"><a href=\"http:\/\/www.pratinha.mg.gov.br\/portal\/wp-content\/uploads\/2020\/07\/EXTRATO-DE-CONTRATO-OBRA-REFORMA-PSF.pdf\">EXTRATO DE CONTRATO OBRA REFORMA PSF<\/a><\/td><td class=\"column-3\"> EXTRATO DE CONTRATO<br \/>\nExecu\u00e7\u00e3o de obra sob o regime de Empreitada Global de reforma do pr\u00e9dio do PSF da cidade de Pratinha-MG<\/td><td class=\"column-4\">28\/07\/2020<\/td><td class=\"column-5\">TP 06\/2020<\/td>\n<\/tr>\n<tr class=\"row-66\">\n\t<td class=\"column-1\">35\/2020<\/td><td class=\"column-2\"><a href=\"http:\/\/www.pratinha.mg.gov.br\/portal\/wp-content\/uploads\/2020\/07\/EDITAL-TOMADA-DE-PRE\u00c7OS-N-\u00ba-11-2020-ASFALTO-ROTAT\u00d3RIA-.pdf\">EDITAL TOMADA DE PRE\u00c7OS N \u00ba 11-2020 ASFALTO ROTAT\u00d3RIA<\/a><\/td><td class=\"column-3\">Execu\u00e7\u00e3o de obra sob o regime de Empreitada <br \/>\nGlobal de pavimenta\u00e7\u00e3o asf\u00e1ltica em CBUQ na rua Ant\u00f4nio de Angelis entre as ruas <br \/>\nCarlos Alberto Borges Carneiro e Monte Castelo e recapeamento asf\u00e1ltico em CBUQ na <br \/>\nrotat\u00f3ria de acesso \u00e0 MG 827 at\u00e9 a rua Cap it\u00e3o Pio.<br \/>\n<\/td><td class=\"column-4\">28\/07\/2020<\/td><td class=\"column-5\">TP 11\/2020<br \/>\nOs anexos II ao VI <br \/>\ndever\u00e3o ser solicitados junto ao Depto. de Obras com o Sr. M\u00e1rcio telefone 34.36371220 ramal 213 ou pelo e mail pmpratinhaobras@terra.com.br<\/td>\n<\/tr>\n<tr class=\"row-67\">\n\t<td class=\"column-1\">33\/2020<\/td><td class=\"column-2\"><a href=\"http:\/\/www.pratinha.mg.gov.br\/portal\/wp-content\/uploads\/2020\/07\/EDITAL-TOMADA-DE-PRE\u00c7OS-N-\u00ba-10-2020-CONSTRU\u00c7\u00c3O-DE-QUADRA-.pdf\">EDITAL TOMADA DE PRE\u00c7OS N \u00ba 10-2020 CONSTRU\u00c7\u00c3O DE QUADRA<\/a><\/td><td class=\"column-3\">Execu\u00e7\u00e3o  de obra sob o regime de Empreitada Global  para constru\u00e7\u00e3o de Quadra Esportiva na Escola Municipal coronel Neca de Paula, licalizada \u00e0 Pra\u00e7a da Matriz n\u00ba 210, Centro na cidade de Pratinha-MG.<\/td><td class=\"column-4\">27\/07\/2020<\/td><td class=\"column-5\">TP 10\/2020<br \/>\nOs anexos II ao VI <br \/>\ndever\u00e3o ser solicitados junto ao Depto. de Obras com o Sr. M\u00e1rcio telefone 34.36371220 ramal 213 ou pelo e mail pmpratinhaobras@terra.com.br<\/td>\n<\/tr>\n<tr class=\"row-68\">\n\t<td class=\"column-1\">34\/2020<\/td><td class=\"column-2\"><a href=\"http:\/\/www.pratinha.mg.gov.br\/portal\/wp-content\/uploads\/2020\/07\/Edital-de-Licita\u00e7\u00e3o-de-n\u00ba-01_2020.pdf\">Edital de Licita\u00e7\u00e3o de n\u00ba 01_2020<\/a><\/td><td class=\"column-3\">Aquisi\u00e7\u00e3o de Implementos Agr\u00edcolas novos , conforme Contrato de Repasse n 889635\/2019\/MAPA.Licita\u00e7\u00e3o exclusiva para Micro Empresas e Empresas de Pequeno Porte nos termos da Lei Com plementar n  147\/2014.<\/td><td class=\"column-4\">27\/07\/2020<\/td><td class=\"column-5\">Preg\u00e3o Eletr\u00f4nico 01\/2020<\/td>\n<\/tr>\n<tr class=\"row-69\">\n\t<td class=\"column-1\">Decreto n\u00b0429\/2020<\/td><td class=\"column-2\"><a href=\"http:\/\/www.pratinha.mg.gov.br\/portal\/wp-content\/uploads\/2020\/07\/DECRETO-N\u00ba429-Preg\u00e3o-Eletr\u00f4nico.pdf\">DECRETO N\u00ba429 Preg\u00e3o Eletr\u00f4nico<\/a><\/td><td class=\"column-3\">Regulamenta a licita\u00e7\u00e3o, na modalidade preg\u00e3o, na forma eletr\u00f4nica, para a aquisi\u00e7\u00e3o de bens e a contrata\u00e7\u00e3o de servi\u00e7os comuns, inclu\u00eddos os servi\u00e7os comuns de engenharia, no \u00e2mbito do Munic\u00edpio de Pratinha\/MG. <\/td><td class=\"column-4\">20\/07\/2020<\/td><td class=\"column-5\"><\/td>\n<\/tr>\n<tr class=\"row-70\">\n\t<td class=\"column-1\">32\/2020<\/td><td class=\"column-2\"><a href=\"http:\/\/www.pratinha.mg.gov.br\/portal\/wp-content\/uploads\/2020\/07\/EXTRATO-DE-CONTRATO-N\u00b045-OBRA-ASFALTO-VECOL-.pdf\">EXTRATO DE CONTRATO N\u00b045 OBRA ASFALTO VECOL<\/a><\/td><td class=\"column-3\">EXTRATO DE CONTRATO<br \/>\nExecu\u00e7\u00e3o de obra sob o regime de Empreitada Global para constru\u00e7\u00e3o de pavimento em CBUQ \u00a8Tipo Recapeamento Asf\u00e1ltico\u00a8em vias urbanas da cidade de Pratinha-MG nos termos do contrato de repasse n  897088\/2019, firmado com o Minist\u00e9rio do Desenvolviment o Regional\/ Caixa Econ\u00f4mica Federal.<br \/>\n       <br \/>\n<\/td><td class=\"column-4\">15\/07\/2020<\/td><td class=\"column-5\">TP 09\/2020<\/td>\n<\/tr>\n<tr class=\"row-71\">\n\t<td class=\"column-1\">32\/2020<\/td><td class=\"column-2\"><a href=\"http:\/\/www.pratinha.mg.gov.br\/portal\/wp-content\/uploads\/2020\/07\/RESULTADO-TOMADA-DE-PRE\u00c7OS-N\u00ba-09-2020.pdf\">RESULTADO TOMADA DE PRE\u00c7OS N\u00ba 09-2020<\/a><\/td><td class=\"column-3\">HOMOLOGA\u00c7\u00c3O E ADJUDICA\u00c7\u00c3O<br \/>\nExecu\u00e7\u00e3o de obra sob o regime de Empreitada Global para constru\u00e7\u00e3o de pavimento em CBUQ \u00a8Tipo Recapeamento Asf\u00e1ltico\u00a8em vias urbanas da cidade de Pratinha-MG nos termos do contrato de repasse n  897088\/2019, firmado com o Minist\u00e9rio do Desenvolviment o Regional\/ Caixa Econ\u00f4mica Federal.<br \/>\n       <br \/>\n<\/td><td class=\"column-4\">15\/07\/2020<\/td><td class=\"column-5\">TP 09\/2020<\/td>\n<\/tr>\n<tr class=\"row-72\">\n\t<td class=\"column-1\">21\/2020<\/td><td class=\"column-2\"><a href=\"http:\/\/www.pratinha.mg.gov.br\/portal\/wp-content\/uploads\/2020\/07\/1\u00ba-EXTRATO-DE-ADITIVO-CONTRATO-OBRA-PAVIMENTA\u00c7\u00c3O-SANTA-CRUZ-.pdf\">1\u00ba EXTRATO DE ADITIVO CONTRATO OBRA PAVIMENTA\u00c7\u00c3O SANTA CRUZ<\/a><\/td><td class=\"column-3\">Extrato Aditivo de Contrato<br \/>\nExecu\u00e7\u00e3o de obra sob o regime de Empreitada Global  de  pavimenta\u00e7\u00e3o asf\u00e1ltica na Rua Santa Cruz paralela ao Bairro Henrique Pereira sa\u00edda para a cidade de Medeiros-MG.<\/td><td class=\"column-4\">09\/07\/2020<\/td><td class=\"column-5\">TP 05\/2020<\/td>\n<\/tr>\n<tr class=\"row-73\">\n\t<td class=\"column-1\">30\/2020<\/td><td class=\"column-2\"><a href=\"http:\/\/www.pratinha.mg.gov.br\/portal\/wp-content\/uploads\/2020\/07\/EXTRATO-DE-CONTRATO-N\u00b042-OBRA-ASFALTO-VECOL-.pdf\">EXTRATO DE CONTRATO N\u00b042 OBRA ASFALTO VECOL<\/a><\/td><td class=\"column-3\">Execu\u00e7\u00e3o de obra sob o regime de Empreitada Global para constru\u00e7\u00e3o de pavimento em CBUQ \u00a8Tipo Recapeamento Asf\u00e1ltico em vias urbanas da cidade de Pratinha-MG nos termos do Contrato de Repasse n  889157\/2019, firmado com o Minist\u00e9rio do Desenvolvimento Regional\/Caixa Econ\u00f4mica Federal.<\/td><td class=\"column-4\">01\/07\/2020<\/td><td class=\"column-5\">TP 08\/2020<\/td>\n<\/tr>\n<tr class=\"row-74\">\n\t<td class=\"column-1\">29\/2020<\/td><td class=\"column-2\"><a href=\"http:\/\/www.pratinha.mg.gov.br\/portal\/wp-content\/uploads\/2020\/07\/EXTRATO-DE-CONTRATO-N\u00b041-OBRA-ASFALTO-VECOL-.pdf\">EXTRATO DE CONTRATO N\u00b041 OBRA ASFALTO VECOL<\/a><\/td><td class=\"column-3\">Execu\u00e7\u00e3o de obra sob o regime de Empreitada Global para constru\u00e7\u00e3o de pavimento em CBUQ \u00a8Tipo Recapeamento Asf\u00e1ltico\u00a8em vias urbanas da cidade de Pratinha-MG nos termos do Contrato de Repasse n  889157\/2019, firmado com o Minist\u00e9rio do Desenvolvimento Regional\/Caixa Econ\u00f4mica Federal.<br \/>\n   <\/td><td class=\"column-4\">01\/07\/2020<\/td><td class=\"column-5\">TP 07\/2020<\/td>\n<\/tr>\n<tr class=\"row-75\">\n\t<td class=\"column-1\">30\/2020<\/td><td class=\"column-2\"><a href=\"http:\/\/www.pratinha.mg.gov.br\/portal\/wp-content\/uploads\/2020\/07\/RESULTADO-TOMADA-DE-PRE\u00c7OS-N\u00ba-08-2020.pdf\">RESULTADO TOMADA DE PRE\u00c7OS N\u00ba 08-2020<\/a><\/td><td class=\"column-3\">Homologa\u00e7\u00e3o e Adjudica\u00e7\u00e3o<br \/>\nExecu\u00e7\u00e3o de obra sob o regime de Empreitada Global para constru\u00e7\u00e3o de pavimento em CBUQ \u00a8Tipo Recapeamento Asf\u00e1ltico\u00a8em vias urbanas da cidade de Pratinha-MG nos termos do Contrato de Repasse n  889157\/2019, firmado com o Minist\u00e9rio do Desenvolvimento Regional\/Caixa Econ\u00f4mica Federal.<br \/>\n   <\/td><td class=\"column-4\">01\/07\/2020<\/td><td class=\"column-5\">TP 08\/2020<\/td>\n<\/tr>\n<tr class=\"row-76\">\n\t<td class=\"column-1\">29\/2020<\/td><td class=\"column-2\"><a href=\"http:\/\/www.pratinha.mg.gov.br\/portal\/wp-content\/uploads\/2020\/07\/RESULTADO-TOMADA-DE-PRE\u00c7OS-N\u00ba-07-2020.pdf\">RESULTADO TOMADA DE PRE\u00c7OS N\u00ba 07-2020<\/a><\/td><td class=\"column-3\">Homologa\u00e7\u00e3o e Adjudica\u00e7\u00e3o<br \/>\nExecu\u00e7\u00e3o de obra sob o regime de Empreitada Global para constru\u00e7\u00e3o de pavimento em CBUQ, \u00a8Tipo Recapeamento Asf\u00e1ltico\u00a8 em vias urbanas da cidade de Pratinha-MG, nos termos  do Contrato de Repasse n  885552\/2019 firmado com o Minist\u00e9rio do Desenvolvimento Regional\/Caixa Economica Federal.<\/td><td class=\"column-4\">01\/07\/2020<\/td><td class=\"column-5\">TP 07\/2020<\/td>\n<\/tr>\n<tr class=\"row-77\">\n\t<td class=\"column-1\">31\/2020<\/td><td class=\"column-2\"><a href=\"http:\/\/www.pratinha.mg.gov.br\/portal\/wp-content\/uploads\/2020\/06\/RESULTADO-PREG\u00c3O-N\u00ba-22-2020.pdf\">RESULTADO PREG\u00c3O N\u00ba 22-2020<\/a><\/td><td class=\"column-3\">Aquisi\u00e7\u00e3o de ve\u00edculos novos ( zero quil\u00f4metro) para os Departamentos de Transportes e de Sa\u00fade da Prefeitura  Municipal de Pratinha-MG.<\/td><td class=\"column-4\">29\/06\/2020<\/td><td class=\"column-5\">Preg\u00e3o 22\/2020<\/td>\n<\/tr>\n<tr class=\"row-78\">\n\t<td class=\"column-1\">32\/2020<\/td><td class=\"column-2\"><a href=\"http:\/\/www.pratinha.mg.gov.br\/portal\/wp-content\/uploads\/2020\/06\/EDITAL-TOMADA-DE-PRE\u00c7OS-N-\u00ba-09-2020-ASFALTO-VIGILATO-MACHADO-.pdf\">EDITAL TOMADA DE PRE\u00c7OS N \u00ba 09-2020 ASFALTO VIGILATO MACHADO<\/a><\/td><td class=\"column-3\">Execu\u00e7\u00e3o de obra sob o regime de Empreitada Global para constru\u00e7\u00e3o de pavimento em CBUQ \u00a8Tipo Recapeamento Asf\u00e1ltico\u00a8em vias urbanas da cidade de Pratinha-MG nos termos do contrato de repasse n  897088\/2019, firmado com o Minist\u00e9rio do Desenvolviment o Regional\/ Caixa Econ\u00f4mica Federal.<\/td><td class=\"column-4\">18\/06\/2020<\/td><td class=\"column-5\">TP 09\/2020<\/td>\n<\/tr>\n<tr class=\"row-79\">\n\t<td class=\"column-1\">28\/2020<\/td><td class=\"column-2\"><a href=\"http:\/\/www.pratinha.mg.gov.br\/portal\/wp-content\/uploads\/2020\/06\/1\u00b0ADENDO-EDITAL-EXECU\u00c7\u00c3O-DE-OBRA-DE-REFORMA-DO-PR\u00c9DIO-PSF-.pdf\">1\u00b0ADENDO EDITAL EXECU\u00c7\u00c3O DE OBRA DE REFORMA DO PR\u00c9DIO PSF<\/a><\/td><td class=\"column-3\">Execu\u00e7\u00e3o de Obra sob o regime de Empreitada Global  de reforma do pr\u00e9dio do PSF da cidade de Pratinha-MG. Licita\u00e7\u00e3o exclusiva para Micro Empresas e Empresas de Pequeno Porte nos termos da Lei Complementar n\u00ba 147\/2014.<\/td><td class=\"column-4\">17\/06\/2020<\/td><td class=\"column-5\">TP 06\/2020<br \/>\nOs anexos II ao VI dever\u00e3o ser solicitados junto ao Depto. de Obras com o Sr. M\u00e1rcio telefone 34.36371220 ramal 213 ou pelo e mail pmpratinhaobras@terra.com.br<\/td>\n<\/tr>\n<tr class=\"row-80\">\n\t<td class=\"column-1\">27\/2020<\/td><td class=\"column-2\"><a href=\"http:\/\/www.pratinha.mg.gov.br\/portal\/wp-content\/uploads\/2020\/06\/EXTRATO-DE-ATAS-DE-REGISTRO-DE-PRE\u00c7O-21-2020.pdf\">EXTRATO DE ATAS DE REGISTRO DE PRE\u00c7O 21-2020<\/a><\/td><td class=\"column-3\">Contrata\u00e7\u00e3o para futura e eventual presta\u00e7\u00e3o de servi\u00e7os mec\u00e2nicos preventivos e corretivos, el\u00e9tricos, eletr\u00f4nicos e servi\u00e7os de funilaria e pintura em ve\u00edculos e m\u00e1quinas da Prefeitura Municipal de Pratinha-MG.<\/td><td class=\"column-4\">10\/06\/2020<\/td><td class=\"column-5\">Registro de Pre\u00e7o 21\/2020<\/td>\n<\/tr>\n<tr class=\"row-81\">\n\t<td class=\"column-1\">31\/2020<\/td><td class=\"column-2\"><a href=\"http:\/\/www.pratinha.mg.gov.br\/portal\/wp-content\/uploads\/2020\/06\/EDITAL-PREG\u00c3O-N-\u00ba-22-VE\u00cdCULOS-SA\u00daDE-E-TRANSPORTE.pdf\">EDITAL PREG\u00c3O N \u00ba 22- VE\u00cdCULOS SA\u00daDE E TRANSPORTE<\/a><\/td><td class=\"column-3\">Aquisi\u00e7\u00e3o de ve\u00edculos novos ( zero <br \/>\nquil\u00f4metro) para os Departamentos de Transportes e de Sa\u00fade da Prefeitura Municipal de <br \/>\nPratinha-MG.<\/td><td class=\"column-4\">09\/06\/2020<\/td><td class=\"column-5\">Preg\u00e3o 22\/2020<\/td>\n<\/tr>\n<tr class=\"row-82\">\n\t<td class=\"column-1\"> 30\/2020        <\/td><td class=\"column-2\"><a href=\"http:\/\/www.pratinha.mg.gov.br\/portal\/wp-content\/uploads\/2020\/06\/EDITAL-TOMADA-DE-PRE\u00c7OS-N-\u00ba-08-2020-ASFALTO-SETE-DE-SETEMBRO-.pdf\">EDITAL TOMADA DE PRE\u00c7OS N \u00ba 08-2020 ASFALTO SETE DE SETEMBRO<\/a><\/td><td class=\"column-3\">Execu\u00e7\u00e3o de obra sob o regime de Empreitada Global para constru\u00e7\u00e3o de pavimento em CBUQ \u00a8Tipo Recapeamento Asf\u00e1ltico\u00a8em vias urbanas da cidade de Pratinha-MG nos termos do Contrato de Repasse n  889157\/2019, firmado com o Minist\u00e9rio do Desenvolvimento Regional\/Caixa Econ\u00f4mica Federal.<br \/>\n<br \/>\n<\/td><td class=\"column-4\">08\/06\/2020<\/td><td class=\"column-5\">TP 08\/2020<br \/>\nOs anexos II ao VI <br \/>\ndever\u00e3o ser solicitados junto ao Depto. de Obras com o Sr. M\u00e1rcio telefone 34.36371220 ramal 213 ou pelo e mail pmpratinhaobras@terra.com.br<\/td>\n<\/tr>\n<tr class=\"row-83\">\n\t<td class=\"column-1\">26\/2020<\/td><td class=\"column-2\"><a href=\"http:\/\/www.pratinha.mg.gov.br\/portal\/wp-content\/uploads\/2020\/06\/EXTRATO-DE-CONTRATO-GENEROS-ALIMENTCIOS-E-MATERIAL-DE-LIMPEZA-ISRAEL.pdf\">EXTRATO DE CONTRATO GENEROS ALIMENTCIOS E MATERIAL DE LIMPEZA ISRAEL<\/a><br \/>\n<br \/>\n<a href=\"http:\/\/www.pratinha.mg.gov.br\/portal\/wp-content\/uploads\/2020\/06\/EXTRATO-DE-CONTRATO-GENEROS-ALIMENTCIOS-E-MATERIAL-DE-LIMPEZA-LM.pdf\">EXTRATO DE CONTRATO GENEROS ALIMENTCIOS E MATERIAL DE LIMPEZA LM<\/a><\/td><td class=\"column-3\">Extrato de Contrato<br \/>\nOBJETO: Aquisi\u00e7\u00e3o parcelada e conforme necessidade de G\u00eaneros Aliment\u00edcios e Materiais de Higiene e Limpeza para os Departamentos da Prefeitura Municipal de Pratinha-MG para fornecimento at\u00e9 31\/12\/2020. <br \/>\n<\/td><td class=\"column-4\">05\/06\/2020<\/td><td class=\"column-5\">PREG\u00c3O N\u00b0 20\/2020<\/td>\n<\/tr>\n<tr class=\"row-84\">\n\t<td class=\"column-1\">29\/2020<\/td><td class=\"column-2\"><a href=\"http:\/\/www.pratinha.mg.gov.br\/portal\/wp-content\/uploads\/2020\/06\/EDITAL-TOMADA-DE-PRE\u00c7OS-N-\u00ba-07-2020-ASFALTO-CAPIT\u00c3O-PIO-.pdf\">EDITAL TOMADA DE PRE\u00c7OS N \u00ba 07-2020 ASFALTO CAPIT\u00c3O PIO<\/a><\/td><td class=\"column-3\">Execu\u00e7\u00e3o de obra sob o regime de Empreitada Global para constru\u00e7\u00e3o de pavimento em CBUQ, \u00a8Tipo Recapeamento Asf\u00e1ltico\u00a8 em vias urbanas da cidade de Pratinha-MG, nos termos  do Contrato de Repasse n  885552\/2019 firmado com o Minist\u00e9rio do Desenvolvim ento Regional\/Caixa Economica Federal.<\/td><td class=\"column-4\">Data da Publica\u00e7\u00e3o do Edital :05\/06\/2020<br \/>\n<\/td><td class=\"column-5\">TP 07\/2020<br \/>\nOs anexos II ao VI <br \/>\ndever\u00e3o ser solicitados junto ao Depto. de Obras com o Sr. M\u00e1rcio telefone 34.36371220 ramal 213 ou pelo e mail pmpratinhaobras@terra.com.br<\/td>\n<\/tr>\n<tr class=\"row-85\">\n\t<td class=\"column-1\">28\/2020<\/td><td class=\"column-2\"><a href=\"http:\/\/www.pratinha.mg.gov.br\/portal\/wp-content\/uploads\/2020\/05\/EDITAL-TOMADA-DE-PRE\u00c7OS-N-\u00ba-06-2020-REFORMA-PSF-.pdf\">EDITAL TOMADA DE PRE\u00c7OS N \u00ba 06-2020 REFORMA PSF<\/a><\/td><td class=\"column-3\">Execu\u00e7\u00e3o de Obra sob o regime de Empreitada Global  de reforma do pr\u00e9dio do PSF da cidade de Pratinha-MG. Licita\u00e7\u00e3o exclusiva para Micro Empresas e Empresas de Pequeno Porte nos termos da Lei Complementar n\u00ba 147\/2014.<\/td><td class=\"column-4\">29\/05\/2020<\/td><td class=\"column-5\">TP 06\/2020<br \/>\nOs anexos II ao VI dever\u00e3o ser solicitados junto ao Depto. de Obras com o Sr. M\u00e1rcio telefone 34.36371220 ramal 213 ou pelo e mail pmpratinhaobras@terra.com.br<\/td>\n<\/tr>\n<tr class=\"row-86\">\n\t<td class=\"column-1\">22\/2020<\/td><td class=\"column-2\"><a href=\"http:\/\/www.pratinha.mg.gov.br\/portal\/wp-content\/uploads\/2020\/05\/RESULTADO-PREG\u00c3O-N\u00ba-16-2020.pdf\">RESULTADO PREG\u00c3O N\u00ba 16-2020<\/a><\/td><td class=\"column-3\">Aquisi\u00e7\u00e3o de medicamentos para o Departamento Municipal de Sa\u00fade. Licita\u00e7\u00e3o exclusiva para Micro Empresas e Empresas de Pequeno Porte nos termos da Lei Complementar n\u00ba 147\/2014.<\/td><td class=\"column-4\">26\/05\/2020<\/td><td class=\"column-5\">Preg\u00e3o 16\/2020<\/td>\n<\/tr>\n<tr class=\"row-87\">\n\t<td class=\"column-1\">25\/2020<\/td><td class=\"column-2\"><a href=\"http:\/\/www.pratinha.mg.gov.br\/portal\/wp-content\/uploads\/2020\/05\/RESULTADO-PREG\u00c3O-N\u00ba-19-2020.pdf\">RESULTADO PREG\u00c3O N\u00ba 19-2020<\/a><\/td><td class=\"column-3\">Aquisi\u00e7\u00e3o de materiais e trilhos para constru\u00e7\u00e3o de mata burros e pontes em diversas regi\u00f5es da zona rural do Munic\u00edpio de Pratinha-MG.<\/td><td class=\"column-4\">22\/05\/2020<\/td><td class=\"column-5\">Preg\u00e3o 19\/2020<\/td>\n<\/tr>\n<tr class=\"row-88\">\n\t<td class=\"column-1\">24\/2020<\/td><td class=\"column-2\"><a href=\"http:\/\/www.pratinha.mg.gov.br\/portal\/wp-content\/uploads\/2020\/05\/RESULTADO-PREG\u00c3O-N\u00ba-18-2020.pdf\">RESULTADO PREG\u00c3O N\u00ba 18-2020<\/a><\/td><td class=\"column-3\">Aquisi\u00e7\u00e3o de cestas b\u00e1sicas para distribui\u00e7\u00e3o aos funcion\u00e1rios da Prefeitura Municipal de Pratinha-MG<\/td><td class=\"column-4\">21\/05\/2020<\/td><td class=\"column-5\">Preg\u00e3o 18\/2020<\/td>\n<\/tr>\n<tr class=\"row-89\">\n\t<td class=\"column-1\">20\/2020<\/td><td class=\"column-2\"><a href=\"http:\/\/www.pratinha.mg.gov.br\/portal\/wp-content\/uploads\/2020\/05\/EXTRATO-DE-CONTRATO-AGRICULTURA-FAMILIAR-WALTER-SILV\u00c9RIO.pdf\">EXTRATO DE CONTRATO AGRICULTURA FAMILIAR WALTER SILV\u00c9RIO<\/a><\/td><td class=\"column-3\">Extrato de Contrato<br \/>\nAquisi\u00e7\u00e3o de g\u00eaneros aliment\u00edcios daAgricultura Familiar e do Empreendedor Familiar Rural, destinado ao atendimento do Pragrama Nacional de Alimenta\u00e7\u00e3o Escolar\/PNAE.<\/td><td class=\"column-4\">21\/05\/2020<\/td><td class=\"column-5\">Chamada P\u00fablica n\u00b0 01\/2020<\/td>\n<\/tr>\n<tr class=\"row-90\">\n\t<td class=\"column-1\">20\/2020<\/td><td class=\"column-2\"><a href=\"http:\/\/www.pratinha.mg.gov.br\/portal\/wp-content\/uploads\/2020\/05\/EXTRATO-DE-CONTRATO-AGRICULTURA-FAMILIAR-MARIA-JOSE.pdf\">EXTRATO DE CONTRATO AGRICULTURA FAMILIAR MARIA JOSE<\/a><\/td><td class=\"column-3\">Extrato de Contrato<br \/>\nAquisi\u00e7\u00e3o de g\u00eaneros aliment\u00edcios daAgricultura Familiar e do Empreendedor Familiar Rural, destinado ao atendimento do Pragrama Nacional de Alimenta\u00e7\u00e3o Escolar\/PNAE.<\/td><td class=\"column-4\">21\/05\/2020<\/td><td class=\"column-5\">Chamada P\u00fablica n\u00b0 01\/2020<\/td>\n<\/tr>\n<tr class=\"row-91\">\n\t<td class=\"column-1\">20\/2020<\/td><td class=\"column-2\"><a href=\"http:\/\/www.pratinha.mg.gov.br\/portal\/wp-content\/uploads\/2020\/05\/EXTRATO-DE-CONTRATO-AGRICULTURA-FAMILIAR-LEOPOLDINO-NUNES.pdf\">EXTRATO DE CONTRATO AGRICULTURA FAMILIAR LEOPOLDINO NUNES<\/a><\/td><td class=\"column-3\">Extrato  de Contrato <br \/>\nAquisi\u00e7\u00e3o de g\u00eaneros aliment\u00edcios da Agricultura Familiar e do Empreendedor Familiar Rural, destinado ao atendimento do Pragrama Nacional de Alimenta\u00e7\u00e3o Escolar\/PNAE.<\/td><td class=\"column-4\">21\/05\/2020<\/td><td class=\"column-5\">Chamada P\u00fablica n\u00b0 01\/2020<\/td>\n<\/tr>\n<tr class=\"row-92\">\n\t<td class=\"column-1\">23\/2020<\/td><td class=\"column-2\"><a href=\"http:\/\/www.pratinha.mg.gov.br\/portal\/wp-content\/uploads\/2020\/05\/RESULTADO-PREG\u00c3O-N\u00ba-17-2020.pdf\">RESULTADO PREG\u00c3O N\u00ba 17-2020<\/a><\/td><td class=\"column-3\">Aquisi\u00e7\u00e3o de m\u00f3veis, eletro dom\u00e9sticos e Equipamentos para o Departamento Municipal de Sa\u00fade.<\/td><td class=\"column-4\">20\/05\/2020<\/td><td class=\"column-5\">Preg\u00e3o 17\/2020<\/td>\n<\/tr>\n<tr class=\"row-93\">\n\t<td class=\"column-1\">41\/2019<\/td><td class=\"column-2\"><a href=\"http:\/\/www.pratinha.mg.gov.br\/portal\/wp-content\/uploads\/2020\/05\/1\u00ba-EXTRATO-DE-ADITIVO-CONTRATO-OBRA-REFORMA-COMPLEMENTAR-CLUBE-.pdf\">1\u00ba EXTRATO DE ADITIVO CONTRATO OBRA REFORMA COMPLEMENTAR CLUBE<\/a><\/td><td class=\"column-3\">Execu\u00e7\u00e3o de obra sob o regime de Empreitada Global de reforma do Clube Social  J\u00e9sus Gon\u00e7alves da cidade de Pratinha, em complemento aos \u00edtens que n\u00e3o foram contemplados atrav\u00e9s do Contrato de Repasse n\u00ba 843951\/2017.<\/td><td class=\"column-4\">20\/05\/2020<\/td><td class=\"column-5\">TP 05\/2020<\/td>\n<\/tr>\n<tr class=\"row-94\">\n\t<td class=\"column-1\">27\/2020<\/td><td class=\"column-2\"><a href=\"http:\/\/www.pratinha.mg.gov.br\/portal\/wp-content\/uploads\/2020\/05\/EDITAL-21-REGISTRO-M\u00c3O-OBRA-VE\u00cdCULOS.pdf\">EDITAL 21 - REGISTRO M\u00c3O OBRA VE\u00cdCULOS<\/a><\/td><td class=\"column-3\">Contrata\u00e7\u00e3o para futura e eventual presta\u00e7\u00e3o de servi\u00e7os mec\u00e2nicos preventivos e corretivos, el\u00e9tricos, eletr\u00f4nicos e servi\u00e7os de funilaria e pintura em ve\u00edculos e m\u00e1quinas da Prefeitura Muncipal de Pratinha-MG.<\/td><td class=\"column-4\">19\/05\/2020<\/td><td class=\"column-5\">REGISTRO DE PRE\u00c7OS 21\/2020<\/td>\n<\/tr>\n<tr class=\"row-95\">\n\t<td class=\"column-1\">21\/2020<\/td><td class=\"column-2\"><a href=\"http:\/\/www.pratinha.mg.gov.br\/portal\/wp-content\/uploads\/2020\/05\/EXTRATO-DE-CONTRATO-OBRA-ASFALTO-SANTA-CRUZ.pdf\">EXTRATO DE CONTRATO OBRA ASFALTO SANTA CRUZ<\/a><\/td><td class=\"column-3\">Execu\u00e7\u00e3o de obra sob o regime de Empreitada global de pavimenta\u00e7\u00e3o asf\u00e1ltica na Rua Santa Cruz paralela ao Bairro Henrique Pereira sa\u00edda para medeiros -MG.<\/td><td class=\"column-4\">11\/05\/2020<\/td><td class=\"column-5\">TP05\/2020<\/td>\n<\/tr>\n<tr class=\"row-96\">\n\t<td class=\"column-1\">26\/2020<\/td><td class=\"column-2\"><a href=\"http:\/\/www.pratinha.mg.gov.br\/portal\/wp-content\/uploads\/2020\/05\/EDITAL-20-GENEROS-ALIMENT\u00cdCIOS-MAT.-LIMPEZA.pdf\">EDITAL 20 - GENEROS ALIMENT\u00cdCIOS MAT. LIMPEZA<\/a><\/td><td class=\"column-3\">Aquisi\u00e7\u00e3o parcelada e conforme necessidade de G\u00eaneros Aliment\u00edcios e Materiais de Higiene e Limpeza para os Departamentos da Prefeitura Municipal de Pratinha-MG para fornecimento at\u00e9 31\/12\/2020. Licita\u00e7\u00e3o exclusiva para Micro Empresas e Empresas de P equeno Porte nos termos da Lei Complementar n  147\/2014.<br \/>\n<br \/>\n<\/td><td class=\"column-4\">08\/05\/2020<\/td><td class=\"column-5\">PREG\u00c3O 20\/2020<\/td>\n<\/tr>\n<tr class=\"row-97\">\n\t<td class=\"column-1\">22\/2020<\/td><td class=\"column-2\"><a href=\"http:\/\/www.pratinha.mg.gov.br\/portal\/wp-content\/uploads\/2020\/05\/ADENDO-EDITAL-MEDICAMENTOS-1.pdf\">ADENDO EDITAL MEDICAMENTOS<\/a><\/td><td class=\"column-3\"> 1\u00b0 Adendo Edital Aquisi\u00e7\u00e3o de medicamentos para o <br \/>\nDepartamento Municipal de Sa\u00fade. Licita\u00e7\u00e3o exclusiva para Micro Empresas e Empresas de <br \/>\nPequeno Porte nos termos da Lei Complementar n 147\/2014.<br \/>\n<\/td><td class=\"column-4\">07\/05\/2020<\/td><td class=\"column-5\">PREG\u00c3O 16\/2020<\/td>\n<\/tr>\n<tr class=\"row-98\">\n\t<td class=\"column-1\">25\/2020<\/td><td class=\"column-2\"><a href=\"http:\/\/www.pratinha.mg.gov.br\/portal\/wp-content\/uploads\/2020\/05\/EDITAL-PREG\u00c3O-N-\u00ba-19-MATERIAIS-E-TRILHOS.pdf\">EDITAL PREG\u00c3O N \u00ba 19- MATERIAIS E TRILHOS<\/a><\/td><td class=\"column-3\">Aquisi\u00e7\u00e3o de materiais e trilhos para  constru\u00e7\u00e3o de mata burros e pontes em diversas regi\u00f5es da zona rural do Munic\u00edpio de Pratinha-MG. Licita\u00e7\u00e3o exclusiva para Micro Empresas e Empresas de Pequeno Porte nos termos da Lei Complementar n147\/2014.<\/td><td class=\"column-4\">06\/05\/2020<\/td><td class=\"column-5\">PREG\u00c3O N\u00b019\/2020<\/td>\n<\/tr>\n<tr class=\"row-99\">\n\t<td class=\"column-1\">24\/2020<\/td><td class=\"column-2\"><a href=\"http:\/\/www.pratinha.mg.gov.br\/portal\/wp-content\/uploads\/2020\/05\/EDITAL-PREG\u00c3O-N-\u00ba-18-CESTAS-B\u00c1SICAS.pdf\">EDITAL PREG\u00c3O N \u00ba 18- CESTAS B\u00c1SICAS<\/a><\/td><td class=\"column-3\">Aquisi\u00e7\u00e3o de cestas b\u00e1sicas para distribui\u00e7\u00e3o <br \/>\naos funcion\u00e1rios da Prefeitura Municipal de Pratinha-MG. Licita\u00e7\u00e3o exclusiva para Micro <br \/>\nEmpresas e Empresas de Pequeno Porte nos termos da Lei Complementar n 147\/2014.<br \/>\n<\/td><td class=\"column-4\">05\/05\/2020<\/td><td class=\"column-5\">PREG\u00c3O N\u00b018\/2020<\/td>\n<\/tr>\n<tr class=\"row-100\">\n\t<td class=\"column-1\">21\/2020<\/td><td class=\"column-2\"><a href=\"http:\/\/www.pratinha.mg.gov.br\/portal\/wp-content\/uploads\/2020\/05\/RESULTADO-TOMADA-DE-PRE\u00c7OS-N\u00ba-05-2020.pdf\">RESULTADO TOMADA DE PRE\u00c7OS N\u00ba 05-2020<\/a><\/td><td class=\"column-3\">HOMOLOGA\u00c7\u00c3O: Execu\u00e7\u00e3o de obra sob o regime de Empreitada Global  de pavimenta\u00e7\u00e3o asf\u00e1ltica na Rua Santa Cruz paralela ao Bairro Henrique Pereira sa\u00edda para a cidade de Medeiros-MG.<\/td><td class=\"column-4\">04\/05\/2020<\/td><td class=\"column-5\">TP 05\/2020<\/td>\n<\/tr>\n<tr class=\"row-101\">\n\t<td class=\"column-1\">23\/2020<\/td><td class=\"column-2\"><a href=\"http:\/\/www.pratinha.mg.gov.br\/portal\/wp-content\/uploads\/2020\/04\/EDITAL-PREG\u00c3O-N-\u00ba-17-AQUISI\u00c7\u00c3O-DE-M\u00d3VEIS-E-EQUIPAMENTOS-SA\u00daDE.pdf\">EDITAL PREG\u00c3O N \u00ba 17- AQUISI\u00c7\u00c3O DE M\u00d3VEIS E EQUIPAMENTOS SA\u00daDE<\/a><\/td><td class=\"column-3\">Aquisi\u00e7\u00e3o de M\u00f3veis, Eletro Dom\u00e9sticos e <br \/>\nEquipamentos para o Departamento Municipal de Sa\u00fade de Pratinha-MG. Licita\u00e7\u00e3o exclusiva <br \/>\npara Micro Empresas e Empresas de Pequeno Porte nos termos da Lei Complementar n <br \/>\n147\/2014.<\/td><td class=\"column-4\">29\/04\/2020<\/td><td class=\"column-5\">PREG\u00c3O 17\/2020<\/td>\n<\/tr>\n<tr class=\"row-102\">\n\t<td class=\"column-1\">22\/2020<\/td><td class=\"column-2\"><a href=\"http:\/\/www.pratinha.mg.gov.br\/portal\/wp-content\/uploads\/2020\/04\/EDITAL-PREG\u00c3O-N-\u00ba-16-AQUISI\u00c7\u00c3O-DE-MEDICAMENTOS.pdf\">EDITAL PREG\u00c3O N \u00ba 16- AQUISI\u00c7\u00c3O DE MEDICAMENTOS<\/a><\/td><td class=\"column-3\">Aquisi\u00e7\u00e3o de medicamentos para o <br \/>\nDepartamento Municipal de Sa\u00fade. Licita\u00e7\u00e3o exclusiva para Micro Empresas e Empresas de <br \/>\nPequeno Porte nos termos da Lei Complementar n 147\/2014.<br \/>\n<\/td><td class=\"column-4\">28\/04\/2020<\/td><td class=\"column-5\">PREG\u00c3O 16\/2020<\/td>\n<\/tr>\n<tr class=\"row-103\">\n\t<td class=\"column-1\">18\/2020<\/td><td class=\"column-2\"><a href=\"http:\/\/www.pratinha.mg.gov.br\/portal\/wp-content\/uploads\/2020\/04\/CANCELAMENTO-PREG\u00c3O-14-2020.pdf\">CANCELAMENTO PREG\u00c3O 14-2020<\/a><\/td><td class=\"column-3\"> ANULA\u00c7\u00c3O: Aquisi\u00e7\u00e3o parcelada e conforme necessidade de Leite Pasteurizado para atender o Departamento de Educa\u00e7\u00e3o de Pratinha, durante o ano de 2020. Licita\u00e7\u00e3o exclusiva para Micro Empresas e Empresas de Pequeno Porte nos termos da Lei Complementar n  147\/201 4.<\/td><td class=\"column-4\">23\/04\/2020<\/td><td class=\"column-5\">PREG\u00c3O N\u00b014\/2020<\/td>\n<\/tr>\n<tr class=\"row-104\">\n\t<td class=\"column-1\">20\/2020<\/td><td class=\"column-2\"><a href=\"http:\/\/www.pratinha.mg.gov.br\/portal\/wp-content\/uploads\/2020\/04\/1\u00b0-ADENDO-EDITAL-AQUISI\u00c7\u00c3O-DE-G\u00caNEROS-ALIMENT\u00cdCIOS-AGRICULTURA-FAMILIAR.-.pdf\">1\u00b0 ADENDO EDITAL AQUISI\u00c7\u00c3O DE G\u00caNEROS ALIMENT\u00cdCIOS AGRICULTURA FAMILIAR.<\/a><\/td><td class=\"column-3\">ADENDO AO EDITAL :<br \/>\nAquisi\u00e7\u00e3o de g\u00eaneros aliment\u00edcios da Agricultura Familiar e do Empreendedor Familiar Rural, destinado ao atendimento do Pragrama Nacional de Alimenta\u00e7\u00e3o Escolar\/PNAE.<\/td><td class=\"column-4\">06\/04\/2020<\/td><td class=\"column-5\">CHAMADA PUBLICA 01\/2020<\/td>\n<\/tr>\n<tr class=\"row-105\">\n\t<td class=\"column-1\">21\/2020<\/td><td class=\"column-2\"><a href=\"http:\/\/www.pratinha.mg.gov.br\/portal\/wp-content\/uploads\/2020\/04\/EDITAL-TOMADA-DE-PRE\u00c7OS-N-\u00ba-05-2020-.pdf\">EDITAL TOMADA DE PRE\u00c7OS N \u00ba 05-2020<\/a><br \/>\n<br \/>\n<a href=\"http:\/\/www.pratinha.mg.gov.br\/portal\/wp-content\/uploads\/2020\/04\/BDI.pdf\">BDI<\/a><br \/>\n<br \/>\n<a href=\"http:\/\/www.pratinha.mg.gov.br\/portal\/wp-content\/uploads\/2020\/04\/CRONOGRAMA-FISICO-FINANCEIRO.pdf\">CRONOGRAMA FISICO FINANCEIRO<\/a><br \/>\n<br \/>\n<a href=\"http:\/\/www.pratinha.mg.gov.br\/portal\/wp-content\/uploads\/2020\/04\/Planilha-Or\u00e7amentaria.pdf\">Planilha Or\u00e7amentaria<\/a><\/td><td class=\"column-3\"> Execu\u00e7\u00e3o de obra sob o regime de Empreitada Global  de pavimenta\u00e7\u00e3o asf\u00e1ltica na Rua Santa Cruz paralela ao Bairro Henrique Pereira sa\u00edda para a cidade de Medeiros-MG.<\/td><td class=\"column-4\">06\/04\/2020<\/td><td class=\"column-5\">TP 05\/2020<\/td>\n<\/tr>\n<tr class=\"row-106\">\n\t<td class=\"column-1\">46\/2019<\/td><td class=\"column-2\"><a href=\"http:\/\/www.pratinha.mg.gov.br\/portal\/wp-content\/uploads\/2020\/04\/1\u00ba-EXTRATO-DE-ADITIVO-CONTRATO-OBRA-REFORMA-POL.-VALO-VELHO-.pdf\">1\u00ba EXTRATO DE ADITIVO CONTRATO OBRA REFORMA POL. VALO VELHO<\/a><\/td><td class=\"column-3\">Execu\u00e7\u00e3o de obra sob o regime de Empreitada global para realiza\u00e7\u00e3o da reforma do Poliesportivo Municipal Cassiano Jos\u00e9 Carneiro, localizado na regi\u00e3o rural Valo Velho.<\/td><td class=\"column-4\">03\/04\/2020<\/td><td class=\"column-5\">TP 07\/2019<\/td>\n<\/tr>\n<tr class=\"row-107\">\n\t<td class=\"column-1\">13\/2020<\/td><td class=\"column-2\"><a href=\"http:\/\/www.pratinha.mg.gov.br\/portal\/wp-content\/uploads\/2020\/04\/EXTRATO-DE-CONTRATO-OBRA-CONSTRU\u00c7\u00c3O-COBERTURA-METALICA-E-REFORMA.pdf\">EXTRATO DE CONTRATO OBRA CONSTRU\u00c7\u00c3O COBERTURA METALICA E REFORMA<\/a><\/td><td class=\"column-3\">EXTRATO DE CONTRATO<br \/>\nExecu\u00e7\u00e3o de obra sob o regime de Empreitada Global para constru\u00e7\u00e3o de cobertura met\u00e1lica e reforma no pr\u00e9dio localizado \u00e0 Av. Francisco Machado Borges n  209 Bairro Zacarias Pereira na cidade de Pratinha-MG<\/td><td class=\"column-4\">03\/04\/2020<\/td><td class=\"column-5\">TP 04\/2020<\/td>\n<\/tr>\n<tr class=\"row-108\">\n\t<td class=\"column-1\">18\/2020<\/td><td class=\"column-2\"><a href=\"http:\/\/www.pratinha.mg.gov.br\/portal\/wp-content\/uploads\/2020\/04\/2\u00b0-ADENDO-EDITAL-AQUISI\u00c7\u00c3O-DE-LEITE-PASTEURIZADO.-.pdf\">2\u00b0 ADENDO EDITAL AQUISI\u00c7\u00c3O DE LEITE PASTEURIZADO.<\/a><\/td><td class=\"column-3\">a  Aquisi\u00e7\u00e3o parcelada e conforme necessidade de Leite Pasteurizado para atender o Departamento de Educa\u00e7\u00e3o de Pratinha, durante o ano de 2020. Licita\u00e7\u00e3o exclusiva para Micro Empresas e Empresas de Pequeno Porte nos termos da Lei Complementar n  147\/2014<\/td><td class=\"column-4\">03\/04\/2020<\/td><td class=\"column-5\">Preg\u00e3o 14\/2020<\/td>\n<\/tr>\n<tr class=\"row-109\">\n\t<td class=\"column-1\">EXTRATO DE CONTRATO<\/td><td class=\"column-2\"><\/td><td class=\"column-3\">O Munic\u00edpio de Pratinha torna p\u00fablica a assinatura do Contrato BF n\u00ba 284.912\/20 com o Banco de Desenvolvimento de Minas Gerais S.A. em 02 de mar\u00e7o de 2020, no valor de R$ 500.000,00 (quinhentos mil reais) com recursos do PROGRAMA BDMG MAQ 2019<\/td><td class=\"column-4\">31\/03\/2020<\/td><td class=\"column-5\"><\/td>\n<\/tr>\n<tr class=\"row-110\">\n\t<td class=\"column-1\">19\/2020<\/td><td class=\"column-2\"><a href=\"http:\/\/www.pratinha.mg.gov.br\/portal\/wp-content\/uploads\/2020\/03\/RESULTADO-PREG\u00c3O-N\u00ba-15-2020.pdf\">RESULTADO PREG\u00c3O N\u00ba 15-2020<\/a><\/td><td class=\"column-3\">Aquisi\u00e7\u00e3o de pneus novos para os ve\u00edculos e m\u00e1quinas da Prefeitura Municipal de <br \/>\nPratinha-MG. Licita\u00e7\u00e3o exclusiva para Micro Empresas e Empresas de Pequeno Porte nos <br \/>\ntermos da Lei Complementar n 147\/2014.<br \/>\n<\/td><td class=\"column-4\">27\/03\/2020<\/td><td class=\"column-5\">Preg\u00e3o 15\/2020<\/td>\n<\/tr>\n<tr class=\"row-111\">\n\t<td class=\"column-1\">17\/2020<\/td><td class=\"column-2\"><a href=\"http:\/\/www.pratinha.mg.gov.br\/portal\/wp-content\/uploads\/2020\/03\/RESULTADO-PREG\u00c3O-N\u00ba-13-2020.pdf\">RESULTADO PREG\u00c3O N\u00ba 13-2020<\/a><\/td><td class=\"column-3\">Aquisi\u00e7\u00e3o de material de consumo odontol\u00f3gico para o Departamento Municipal de Sa\u00fade.<\/td><td class=\"column-4\">19\/03\/2020<\/td><td class=\"column-5\">Preg\u00e3o 13\/2020<\/td>\n<\/tr>\n<tr class=\"row-112\">\n\t<td class=\"column-1\">16\/2020<\/td><td class=\"column-2\"><a href=\"http:\/\/www.pratinha.mg.gov.br\/portal\/wp-content\/uploads\/2020\/03\/RESULTADO-PREG\u00c3O-N\u00ba-12-2020.pdf\">RESULTADO PREG\u00c3O N\u00ba 12-2020<\/a><\/td><td class=\"column-3\">Aquisi\u00e7\u00e3o parcelada e conforme necessidade de Alimenta\u00e7\u00e3o Enteral e Materiais Hospitalares em cumprimento ao deferimento de antecipa\u00e7\u00e3o de tutela processo judicial.<\/td><td class=\"column-4\">19\/03\/2020<\/td><td class=\"column-5\">Preg\u00e3o 12\/2020<\/td>\n<\/tr>\n<tr class=\"row-113\">\n\t<td class=\"column-1\">19\/2020<\/td><td class=\"column-2\"><a href=\"http:\/\/www.pratinha.mg.gov.br\/portal\/wp-content\/uploads\/2020\/03\/EXTRATO-DE-DECISAO-DE-IMPUN\u00c7\u00c3O-DO-EDITAL-15-2020.pdf\">EXTRATO DE DECISAO DE IMPUN\u00c7\u00c3O DO EDITAL 15-2020<\/a><\/td><td class=\"column-3\">EXTRATO DE DECIS\u00c3O DE IMPUGNA\u00c7\u00c3O AO EDITAL DO PREG\u00c3O PRESENCIAL N\u00b0 15\/2020<\/td><td class=\"column-4\">18\/03\/2020<\/td><td class=\"column-5\">Preg\u00e7ao 15\/2020<\/td>\n<\/tr>\n<tr class=\"row-114\">\n\t<td class=\"column-1\">18\/2020<\/td><td class=\"column-2\"><a href=\"http:\/\/www.pratinha.mg.gov.br\/portal\/wp-content\/uploads\/2020\/03\/1\u00b0-ADENDO-EDITAL-AQUISI\u00c7\u00c3O-DE-LEITE-PASTEURIZADO.-.pdf\">1\u00b0 ADENDO EDITAL AQUISI\u00c7\u00c3O DE LEITE PASTEURIZADO.<\/a><\/td><td class=\"column-3\">1\u00b0 Adendo<br \/>\n  Aquisi\u00e7\u00e3o parcelada e conforme necessidade de Leite Pasteurizado para atender o Departamento de Educa\u00e7\u00e3o de Pratinha, durante o ano de 2020. Licita\u00e7\u00e3o exclusiva para Micro Empresas e Empresas de Pequeno Porte nos termos da Lei Complementar n  147\/2014<\/td><td class=\"column-4\">18\/03\/2020<\/td><td class=\"column-5\">Preg\u00e3o 14\/2020<\/td>\n<\/tr>\n<tr class=\"row-115\">\n\t<td class=\"column-1\">15\/2020<\/td><td class=\"column-2\"><a href=\"http:\/\/www.pratinha.mg.gov.br\/portal\/wp-content\/uploads\/2020\/03\/EXTRATO-DE-CONTRATO-CARROCERIA.pdf\">EXTRATO DE CONTRATO CARROCERIA<\/a><\/td><td class=\"column-3\">Aquisi\u00e7\u00e3o de ve\u00edculo novo tipo \u00f4nibus( carroceria) destinado ao transporte de estudantes universit\u00e1rios.<\/td><td class=\"column-4\">16\/03\/2020<\/td><td class=\"column-5\">Preg\u00e3o 11\/2020<\/td>\n<\/tr>\n<tr class=\"row-116\">\n\t<td class=\"column-1\">15\/2020<\/td><td class=\"column-2\"><a href=\"http:\/\/www.pratinha.mg.gov.br\/portal\/wp-content\/uploads\/2020\/03\/EXTRATO-DE-CONTRATO-CHASSIS.pdf\">EXTRATO DE CONTRATO CHASSIS<\/a><\/td><td class=\"column-3\">Aquisi\u00e7\u00e3o de ve\u00edculo novo tipo \u00f4nibus ( chassis) destinado ao transporte de estudantes universit\u00e1rios<\/td><td class=\"column-4\">16\/03\/2020<\/td><td class=\"column-5\">Preg\u00e3o 11\/2020<\/td>\n<\/tr>\n<tr class=\"row-117\">\n\t<td class=\"column-1\">09\/2020<\/td><td class=\"column-2\"><a href=\"http:\/\/www.pratinha.mg.gov.br\/portal\/wp-content\/uploads\/2020\/03\/RESULTADO-TOMADA-DE-PRE\u00c7OS-N\u00ba-03-2020.pdf\">RESULTADO TOMADA DE PRE\u00c7OS N\u00ba 03-2020<\/a><\/td><td class=\"column-3\">Execu\u00e7\u00e3o de obra sob o regime de Empreitada Global de revitaliza\u00e7\u00e3o do canteiro central da Avenida Ant\u00f4nio Machado Borges conforme conv\u00eanio n\u00ba 1491000435\/2019<\/td><td class=\"column-4\">13\/03\/2020<\/td><td class=\"column-5\">TP 03\/2020<\/td>\n<\/tr>\n<tr class=\"row-118\">\n\t<td class=\"column-1\">06\/2020<\/td><td class=\"column-2\"><a href=\"http:\/\/www.pratinha.mg.gov.br\/portal\/wp-content\/uploads\/2020\/03\/RESULTADO-TOMADA-DE-PRE\u00c7OS-N\u00ba-02-2020.pdf\">RESULTADO TOMADA DE PRE\u00c7OS N\u00ba 02-2020<\/a><\/td><td class=\"column-3\">Execu\u00e7\u00e3o de obra sob o regime de Empreitada Global de pavimenta\u00e7\u00e3o asf\u00e1ltica de vias urbanas na cidade de Pratinha-MG, conforme conv\u00eanio n\u00ba 1491000173\/2019-SEGOV-MG.<\/td><td class=\"column-4\">13\/03\/2020<\/td><td class=\"column-5\">TP 02\/2020<\/td>\n<\/tr>\n<tr class=\"row-119\">\n\t<td class=\"column-1\">15\/2020<\/td><td class=\"column-2\"><a href=\"http:\/\/www.pratinha.mg.gov.br\/portal\/wp-content\/uploads\/2020\/03\/RESULTADO-PREG\u00c3O-N\u00ba-11-2020.pdf\">RESULTADO PREG\u00c3O N\u00ba 11-2020<\/a><\/td><td class=\"column-3\">Aquisi\u00e7\u00e3o de ve\u00edculo novo tipo \u00f4nibus ( chasis e carroceria) destinado ao transporte de estudantes universit\u00e1rios.<\/td><td class=\"column-4\">13\/03\/2020<\/td><td class=\"column-5\">Preg\u00e3o 11\/2020<\/td>\n<\/tr>\n<tr class=\"row-120\">\n\t<td class=\"column-1\">21\/2019<\/td><td class=\"column-2\"><a href=\"http:\/\/www.pratinha.mg.gov.br\/portal\/wp-content\/uploads\/2020\/03\/3-\u00baEXTRATO-DE-ADITIVO-CONTRATO-TRANSP.-ESCOLAR-MAGNA.pdf\">3 \u00baEXTRATO DE ADITIVO CONTRATO TRANSP. ESCOLAR MAGNA<\/a><\/td><td class=\"column-3\">Presta\u00e7\u00e3o de servi\u00e7o de Transporte Escolar.<\/td><td class=\"column-4\">11\/03\/2020<\/td><td class=\"column-5\">Preg\u00e3o 19<\/td>\n<\/tr>\n<tr class=\"row-121\">\n\t<td class=\"column-1\">20\/2020<\/td><td class=\"column-2\"><a href=\"http:\/\/www.pratinha.mg.gov.br\/portal\/wp-content\/uploads\/2020\/03\/EDITAL-CHAMADA-P\u00daBLICA-N\u00ba-01-2020.pdf\">EDITAL CHAMADA P\u00daBLICA N\u00ba 01-2020<\/a><\/td><td class=\"column-3\">Aquisi\u00e7\u00e3o de g\u00eaneros aliment\u00edcios da Agricultura Familiar e do Empreendedor Familiar Rural, destinado ao atendimento do Pragrama Nacional de Alimenta\u00e7\u00e3o Escolar\/PNAE.<\/td><td class=\"column-4\">09\/03\/2020<\/td><td class=\"column-5\">Chamada P\u00fablica 01\/2020<\/td>\n<\/tr>\n<tr class=\"row-122\">\n\t<td class=\"column-1\">09\/2020<\/td><td class=\"column-2\"><a href=\"http:\/\/www.pratinha.mg.gov.br\/portal\/wp-content\/uploads\/2020\/03\/EXTRATO-DE-CONTRATO-OBRA-REVITALIZA\u00c7\u00c3O-AVENIDA.pdf\">EXTRATO DE CONTRATO OBRA REVITALIZA\u00c7\u00c3O AVENIDA<\/a><\/td><td class=\"column-3\">Execu\u00e7\u00e3o de obra sob o regime de Empreitada Global de Revitaliza\u00e7\u00e3o do Canteiro Central da Avenida Ant\u00f4nio Machado Borges conforme conv\u00eanio n\u00ba 1491000435\/2019-SEGOV\/MG.<\/td><td class=\"column-4\">06\/03\/2020<\/td><td class=\"column-5\">TP 03\/2020<\/td>\n<\/tr>\n<tr class=\"row-123\">\n\t<td class=\"column-1\">14\/2020<\/td><td class=\"column-2\"><a href=\"http:\/\/www.pratinha.mg.gov.br\/portal\/wp-content\/uploads\/2020\/03\/EXTRATO-DE-CONTRATO-FRUTAS-E-VERDURAS-.pdf\">EXTRATO DE CONTRATO FRUTAS E VERDURAS<\/a><\/td><td class=\"column-3\">Aquisi\u00e7\u00e3o parcelada e conforme necessidade de Frutas e Verduras para os Departamentos de Educa\u00e7\u00e3o e Assist\u00eancia Social durante o ano de 2020.<\/td><td class=\"column-4\">06\/03\/2020<\/td><td class=\"column-5\">Preg\u00e3o 10\/2020<\/td>\n<\/tr>\n<tr class=\"row-124\">\n\t<td class=\"column-1\">12\/2020<\/td><td class=\"column-2\"><a href=\"http:\/\/www.pratinha.mg.gov.br\/portal\/wp-content\/uploads\/2020\/03\/EXTRATO-DE-CONTRATO-P\u00c3ES-.pdf\">EXTRATO DE CONTRATO P\u00c3ES<\/a><\/td><td class=\"column-3\">Aquisi\u00e7\u00e3o de p\u00e3es para os Departamentos da Prefeitura Municipal de Pratinha-MG, para serem entregues parceladamente e conforme necessidade durante o ano de 2020.<\/td><td class=\"column-4\">05\/03\/2020<\/td><td class=\"column-5\">Preg\u00e3o 09\/2020<\/td>\n<\/tr>\n<tr class=\"row-125\">\n\t<td class=\"column-1\">19\/2020<\/td><td class=\"column-2\"><a href=\"http:\/\/www.pratinha.mg.gov.br\/portal\/wp-content\/uploads\/2020\/03\/EDITAL-PREG\u00c3O-N-\u00ba-15-AQUISI\u00c7\u00c3O-DE-PNEUS.pdf\">EDITAL PREG\u00c3O N \u00ba 15- AQUISI\u00c7\u00c3O DE PNEUS<\/a><\/td><td class=\"column-3\">Aquisi\u00e7\u00e3o de pneus novos para os ve\u00edculos e m\u00e1quinas da Prefeitura Municipal de Pratinha-MG. Licita\u00e7\u00e3o exclusiva para Micro Empresas e Empresas de Pequeno Porte nos termos da Lei Complementar n  147\/2014.<\/td><td class=\"column-4\">05\/03\/2020<\/td><td class=\"column-5\">15\/2020<\/td>\n<\/tr>\n<tr class=\"row-126\">\n\t<td class=\"column-1\">EXTRATO<\/td><td class=\"column-2\"><a href=\"http:\/\/www.pratinha.mg.gov.br\/portal\/wp-content\/uploads\/2020\/03\/Extrato-de-Concess\u00e3o-de-Adionais-Elizania-e-Tarciana.pdf\">Extrato de Concess\u00e3o de Adionais Elizania e Tarciana<\/a><\/td><td class=\"column-3\">Extrato de Concess\u00e3o de Adicionais, nos termos do Art.44, Inciso II da Lei 833\/2010.<br \/>\n<\/td><td class=\"column-4\">04\/03\/2020<\/td><td class=\"column-5\"><\/td>\n<\/tr>\n<tr class=\"row-127\">\n\t<td class=\"column-1\">06\/2020<\/td><td class=\"column-2\"><a href=\"http:\/\/www.pratinha.mg.gov.br\/portal\/wp-content\/uploads\/2020\/03\/EXTRATO-DE-CONTRATO-OBRA-ASFALTO-VECOL.pdf\">EXTRATO DE CONTRATO OBRA ASFALTO VECOL<\/a><\/td><td class=\"column-3\">Execu\u00e7\u00e3o de obra sob o regime de Empreitada Global de pavimenta\u00e7\u00e3o asf\u00e1ltica de vias urbanas na cidade de Pratinha-MG, conforme conv\u00eanio n\u00ba 1491000173\/2019-SEGOV-MG.<\/td><td class=\"column-4\">04\/03\/2020<\/td><td class=\"column-5\">TP 02\/2020<\/td>\n<\/tr>\n<tr class=\"row-128\">\n\t<td class=\"column-1\">18\/2020<\/td><td class=\"column-2\"><a href=\"http:\/\/www.pratinha.mg.gov.br\/portal\/wp-content\/uploads\/2020\/03\/EDITAL-PREG\u00c3O-N-\u00ba-14-LEITE-PASTEURIZADO-.pdf\">EDITAL PREG\u00c3O N \u00ba 14- LEITE PASTEURIZADO<\/a><\/td><td class=\"column-3\">a Aquisi\u00e7\u00e3o parcelada e conforme <br \/>\nnecessidade de Leite Pasteurizado para atender o Departamento de Educa\u00e7\u00e3o de <br \/>\nPratinha, durante o ano de 2020. Licita\u00e7\u00e3o exclusiva para Micro Empresas e Empresas <br \/>\nde Pequeno Porte nos termos da Lei Complementar n 147\/201 4.<\/td><td class=\"column-4\">04\/03\/2020<\/td><td class=\"column-5\">Preg\u00e3o 14\/2020<\/td>\n<\/tr>\n<tr class=\"row-129\">\n\t<td class=\"column-1\">04\/2020<\/td><td class=\"column-2\"><a href=\"http:\/\/www.pratinha.mg.gov.br\/portal\/wp-content\/uploads\/2020\/03\/EXTRATO-DE-CONTRATO-OBRA-CONSTRU\u00c7\u00c3O-MURO.pdf\">EXTRATO DE CONTRATO OBRA CONSTRU\u00c7\u00c3O MURO<\/a><\/td><td class=\"column-3\">EXTRATO DE CONTRATO<br \/>\n Execu\u00e7\u00e3o de obra sob o regime de Empreitada Global  para constru\u00e7\u00e3o de muro entorno da Pra\u00e7a de Esportes J\u00e9sus Gon\u00e7alves na cidade de Pratinha-MG.<\/td><td class=\"column-4\">02\/03\/2020<\/td><td class=\"column-5\">TP 01\/2020<\/td>\n<\/tr>\n<tr class=\"row-130\">\n\t<td class=\"column-1\">17\/2017<\/td><td class=\"column-2\"><a href=\"http:\/\/www.pratinha.mg.gov.br\/portal\/wp-content\/uploads\/2020\/03\/4-\u00ba-EXTRATO-DE-ADITIVO-CONTRATO-JANA\u00cdNA-CAMILA-2020.pdf\">4 \u00ba EXTRATO DE ADITIVO CONTRATO JANA\u00cdNA CAMILA 2020<\/a><\/td><td class=\"column-3\">Presta\u00e7\u00e3o de servi\u00e7os na \u00e1rea de Fisioterapia.<\/td><td class=\"column-4\">02\/03\/2020<\/td><td class=\"column-5\">Preg\u00e3o 17\/2017<\/td>\n<\/tr>\n<tr class=\"row-131\">\n\t<td class=\"column-1\">11\/2020<\/td><td class=\"column-2\"><a href=\"http:\/\/www.pratinha.mg.gov.br\/portal\/wp-content\/uploads\/2020\/03\/EXTRATO-DE-CONTRATO-MEDICO-RADIOLOGISTA-MG.pdf\">EXTRATO DE CONTRATO MEDICO RADIOLOGISTA-MG<\/a><\/td><td class=\"column-3\">Contrata\u00e7\u00e3o de presta\u00e7\u00e3o de servi\u00e7o m\u00e9dico especializado em Radiologia para atendimento na Unidade B\u00e1sica de Sa\u00fade de Pratinha-MG.<\/td><td class=\"column-4\">02\/03\/2020<\/td><td class=\"column-5\">Preg\u00e3o 08\/2020<\/td>\n<\/tr>\n<tr class=\"row-132\">\n\t<td class=\"column-1\">17\/2020<\/td><td class=\"column-2\"><a href=\"http:\/\/www.pratinha.mg.gov.br\/portal\/wp-content\/uploads\/2020\/03\/EDITAL-PREG\u00c3O-N-\u00ba-13-MATERIAL-ODONTOL\u00d3GICO-.pdf\">EDITAL PREG\u00c3O N \u00ba 13- MATERIAL ODONTOL\u00d3GICO<\/a><\/td><td class=\"column-3\">Aquisi\u00e7\u00e3o de material de consumo odontol\u00f3gico para o Departamento Municipal de Sa\u00fade. Licita\u00e7\u00e3o exclusiva para Micro Empresas e Empresas de Pequeno Porte nos termos da Lei n  147\/2014. <\/td><td class=\"column-4\">02\/03\/2020<\/td><td class=\"column-5\">Preg\u00e3o  13\/2020<\/td>\n<\/tr>\n<tr class=\"row-133\">\n\t<td class=\"column-1\">16\/2020<\/td><td class=\"column-2\"><a href=\"http:\/\/www.pratinha.mg.gov.br\/portal\/wp-content\/uploads\/2020\/02\/EDITAL-PREG\u00c3O-N-\u00ba-12-ALIMENTA\u00c7\u00c3O-ENTERAL-.pdf\">EDITAL PREG\u00c3O N \u00ba 12- ALIMENTA\u00c7\u00c3O ENTERAL<\/a><\/td><td class=\"column-3\">Aquisi\u00e7\u00e3o parcelada e conforme necessidade de Alimenta\u00e7\u00e3o Enteral e Materiais Hospitalares em cumprimento ao deferimento de antecipa\u00e7\u00e3o de tutela de Processo Judicial. Licita\u00e7\u00e3o exclusiva para Micro Empresas e Empresas de Pequeno Porte nos termos da    Lei n  147\/2014.<\/td><td class=\"column-4\">28\/02\/2020<\/td><td class=\"column-5\">Preg\u00e3o 12\/2020<br \/>\n<\/td>\n<\/tr>\n<tr class=\"row-134\">\n\t<td class=\"column-1\">13\/2017<\/td><td class=\"column-2\"><a href=\"http:\/\/www.pratinha.mg.gov.br\/portal\/wp-content\/uploads\/2020\/02\/5\u00ba-EXTRATO-DE-ADITIVO-CONTRATO-TRANSP.-ESCOLAR-LUIZ-ANTONIO-2020.pdf\">5\u00ba EXTRATO DE ADITIVO CONTRATO TRANSP. ESCOLAR LUIZ ANTONIO 2020<\/a><\/td><td class=\"column-3\">Presta\u00e7\u00e3o de servi\u00e7os de transporte escolar<\/td><td class=\"column-4\">21\/02\/2020<\/td><td class=\"column-5\">preg\u00e3o 13\/2017<\/td>\n<\/tr>\n<tr class=\"row-135\">\n\t<td class=\"column-1\">10\/2020<\/td><td class=\"column-2\"><a href=\"http:\/\/www.pratinha.mg.gov.br\/portal\/wp-content\/uploads\/2020\/02\/EXTRATO-DE-CONTRATO-SHEILLA-CARNAVAL.pdf\">EXTRATO DE CONTRATO SHEILLA CARNAVAL<\/a><\/td><td class=\"column-3\">Contrata\u00e7\u00e3o de presta\u00e7\u00e3o de servi\u00e7os para realiza\u00e7\u00e3o do carnaval 2020 na cidade de Pratinha-MG nos dias 22 a 25 de fevereiro de 2020.<\/td><td class=\"column-4\">20\/02\/2020<\/td><td class=\"column-5\">Preg\u00e3o 07\/2020<\/td>\n<\/tr>\n<tr class=\"row-136\">\n\t<td class=\"column-1\">10\/2020<\/td><td class=\"column-2\"><a href=\"http:\/\/www.pratinha.mg.gov.br\/portal\/wp-content\/uploads\/2020\/02\/EXTRATO-DE-CONTRATO-ISLEY-CARNAVAL.pdf\">EXTRATO DE CONTRATO ISLEY CARNAVAL<\/a><br \/>\n<br \/>\n<a href=\"http:\/\/www.pratinha.mg.gov.br\/portal\/wp-content\/uploads\/2020\/02\/EXTRATO-DE-CONTRATO-CARLOS-AUGUSTOCARNAVAL.pdf\">EXTRATO DE CONTRATO CARLOS AUGUSTOCARNAVAL<\/a><br \/>\n<br \/>\n<a href=\"http:\/\/www.pratinha.mg.gov.br\/portal\/wp-content\/uploads\/2020\/02\/EXTRATO-DE-CONTRATO-JOSE-CARLOS-CARNAVAL.pdf\">EXTRATO DE CONTRATO JOSE CARLOS CARNAVAL<\/a><br \/>\n<br \/>\n<a href=\"http:\/\/www.pratinha.mg.gov.br\/portal\/wp-content\/uploads\/2020\/02\/EXTRATO-DE-CONTRATO-MAGABOR-CARNAVAL.pdf\">EXTRATO DE CONTRATO MAGABOR CARNAVAL<\/a><\/td><td class=\"column-3\">Contrata\u00e7\u00e3o de presta\u00e7\u00e3o de servi\u00e7os para realiza\u00e7\u00e3o do carnaval 2020 na cidade de Pratinha-MG nos dias 22 a 25 de Fevereiro de 2020.<\/td><td class=\"column-4\">20\/02\/2020<\/td><td class=\"column-5\">Preg\u00e3o 07\/2020<\/td>\n<\/tr>\n<tr class=\"row-137\">\n\t<td class=\"column-1\">15\/2020<\/td><td class=\"column-2\"><a href=\"http:\/\/www.pratinha.mg.gov.br\/portal\/wp-content\/uploads\/2020\/02\/EDITAL-PREG\u00c3O-N-\u00ba-11-2020-ONIBUS-1-2.pdf\">EDITAL PREG\u00c3O N \u00ba 11-2020 ONIBUS<\/a><\/td><td class=\"column-3\">Aquisi\u00e7\u00e3o de ve\u00edculo novo tipo \u00f4nibus ( <br \/>\nchassis e carroceria) destinado ao transporte de estudantes universit\u00e1rios.<\/td><td class=\"column-4\">20\/02\/2020<\/td><td class=\"column-5\">PREG\u00c3O 11\/2020<\/td>\n<\/tr>\n<tr class=\"row-138\">\n\t<td class=\"column-1\">05\/2020<br \/>\n<\/td><td class=\"column-2\"><a href=\"http:\/\/www.pratinha.mg.gov.br\/portal\/wp-content\/uploads\/2020\/02\/CANCELAMENTO-.pdf\">CANCELAMENTO<\/a><\/td><td class=\"column-3\">CANCELAMENTO<br \/>\n<br \/>\nAquisi\u00e7\u00e3o de ve\u00edculo novo tipo \u00f4nibus ( <br \/>\nchassis e carroceria) destinado ao transporte de estudantes universit\u00e1rios.<\/td><td class=\"column-4\">17\/02\/2020<\/td><td class=\"column-5\">PREG\u00c3O 04\/2020<\/td>\n<\/tr>\n<tr class=\"row-139\">\n\t<td class=\"column-1\">14\/2020<\/td><td class=\"column-2\"><a href=\"http:\/\/www.pratinha.mg.gov.br\/portal\/wp-content\/uploads\/2020\/02\/EDITAL-PREG\u00c3O-N-\u00ba-10-FRUTAS-E-VERDURAS-.pdf\">EDITAL PREG\u00c3O N \u00ba 10- FRUTAS E VERDURAS<\/a><\/td><td class=\"column-3\">Aquisi\u00e7\u00e3o parcelada e conforme necessidade de Frutas e Verduras para os Departamento de Educa\u00e7\u00e3o e Assist\u00eancia Social durante o ano de 2020. Licita\u00e7\u00e3o exclusiva para Micro Empresas e Empresas de Pequeno Porte nos termos da Lei Complementar n  147\/201 4. <\/td><td class=\"column-4\">17\/02\/2020<\/td><td class=\"column-5\">Preg\u00e3o 10\/2020<\/td>\n<\/tr>\n<tr class=\"row-140\">\n\t<td class=\"column-1\">08\/2020<\/td><td class=\"column-2\"><a href=\"http:\/\/www.pratinha.mg.gov.br\/portal\/wp-content\/uploads\/2020\/02\/EXTRATO-DE-CONTRATO-COMBUST\u00cdVEIS.pdf\">EXTRATO DE CONTRATO COMBUST\u00cdVEIS<\/a><\/td><td class=\"column-3\">Aquisi\u00e7\u00e3o de combust\u00edveis para ve\u00edculos e m\u00e1quinas da Prefeitura Municipal de Pratinha-MG, para serem entregues no per\u00edmetro urbano da cidade de Pratinha-MG, parceladamente e conforme necessidade durante o ano de 2020.<\/td><td class=\"column-4\">17\/02\/2020<\/td><td class=\"column-5\">Preg\u00e3o 06\/2020<\/td>\n<\/tr>\n<tr class=\"row-141\">\n\t<td class=\"column-1\">07\/2020<\/td><td class=\"column-2\"><a href=\"http:\/\/www.pratinha.mg.gov.br\/portal\/wp-content\/uploads\/2020\/02\/EXTRATO-DE-CONTRATO-G\u00c1S-MG.pdf\">EXTRATO DE CONTRATO G\u00c1S-MG<\/a><\/td><td class=\"column-3\">Aquisi\u00e7\u00e3o parcelada e conforme necessidade de g\u00e1s liquefeito P-13 e P-45 para os diversos departamentos da Prefeitura Municipal de Pratinha-MG, para fornecimento at\u00e9 31\/12\/2020.<\/td><td class=\"column-4\">14\/02\/2020<\/td><td class=\"column-5\">Preg\u00e3o 05\/2020<\/td>\n<\/tr>\n<tr class=\"row-142\">\n\t<td class=\"column-1\">13\/2017<\/td><td class=\"column-2\"><a href=\"http:\/\/www.pratinha.mg.gov.br\/portal\/wp-content\/uploads\/2020\/02\/4-\u00ba-EXTRATO-DE-ADITIVO-CONTRATO-TRANSP.-ESCOLAR-JO\u00c3O-B.-RODRIGUES-2020.pdf\">4 \u00ba EXTRATO DE ADITIVO CONTRATO TRANSP. ESCOLAR JO\u00c3O B. RODRIGUES 2020<\/a><\/td><td class=\"column-3\">Presta\u00e7\u00e3o de servi\u00e7o de transporte escolar.<\/td><td class=\"column-4\">12\/02\/2020<\/td><td class=\"column-5\">Preg\u00e3o 13\/2017<\/td>\n<\/tr>\n<tr class=\"row-143\">\n\t<td class=\"column-1\">13\/2020<\/td><td class=\"column-2\"><a href=\"http:\/\/www.pratinha.mg.gov.br\/portal\/wp-content\/uploads\/2020\/02\/EDITAL-TOMADA-DE-PRE\u00c7OS-N-\u00ba-04-2020-.pdf\">EDITAL TOMADA DE PRE\u00c7OS N \u00ba 04-2020<\/a><\/td><td class=\"column-3\">Execu\u00e7\u00e3o de obra sob o regime de Empreitada <br \/>\nGlobal para constru\u00e7\u00e3o de cobertura met\u00e1lica e reforma no pr\u00e9dio localizado \u00e0 Av. <br \/>\nFrancisco Machado Borges n 209 Bairro Zacarias Pereira na cidade de Pratinha-MG.<\/td><td class=\"column-4\">11\/02\/2020<\/td><td class=\"column-5\">TP 04\/2020<br \/>\nOs anexos II ao VI dever\u00e3o ser solicitados junto ao Depto. de Obras com o Sr. M\u00e1rcio telefone 34.36371220 ramal 213 ou pelo e mail pmpratinhaobras@terra.com.br<\/td>\n<\/tr>\n<tr class=\"row-144\">\n\t<td class=\"column-1\">12\/2020<\/td><td class=\"column-2\"><a href=\"http:\/\/www.pratinha.mg.gov.br\/portal\/wp-content\/uploads\/2020\/02\/EDITAL-PREG\u00c3O-N-\u00ba-09-2020-P\u00c3ES-.pdf\">EDITAL PREG\u00c3O N \u00ba 09-2020 P\u00c3ES<\/a><\/td><td class=\"column-3\">Aquisi\u00e7\u00e3o de p\u00e3es para os departamentos da Prefeitura Municipal de Pratinha-MG, para serem entregues parceladamente e conforme necessidade durante o ano de 2020.Licita\u00e7\u00e3o exclusiva para Micro Empresas e Empresas de Pequeno Porte nos termos da Lei Com plementar n  147\/2014.<\/td><td class=\"column-4\">10\/02\/2020<\/td><td class=\"column-5\">Preg\u00e3o 09\/2020<\/td>\n<\/tr>\n<tr class=\"row-145\">\n\t<td class=\"column-1\">03\/2020<\/td><td class=\"column-2\"><a href=\"http:\/\/www.pratinha.mg.gov.br\/portal\/wp-content\/uploads\/2020\/02\/EXTRATO-DE-CONTRATO-REFEI\u00c7\u00d5ES-ARAX\u00c1-MG.pdf\">EXTRATO DE CONTRATO REFEI\u00c7\u00d5ES ARAX\u00c1-MG<\/a><\/td><td class=\"column-3\">Fornecimento parcelado e conforme necessidade de refei\u00e7\u00f5es e lanches para funcion\u00e1rios da Prefeitura Municipal de Pratinha-MG durante o ano de 2020 na cidade de Arax\u00e1-MG<\/td><td class=\"column-4\">07\/02\/2020<\/td><td class=\"column-5\">Preg\u00e3o 03\/2020<\/td>\n<\/tr>\n<tr class=\"row-146\">\n\t<td class=\"column-1\">02\/2020<\/td><td class=\"column-2\"><a href=\"http:\/\/www.pratinha.mg.gov.br\/portal\/wp-content\/uploads\/2020\/02\/EXTRATO-DE-CONTRATO-OXIG\u00caNIO-WHITE-MARTINS.pdf\">EXTRATO DE CONTRATO OXIG\u00caNIO WHITE MARTINS<\/a><\/td><td class=\"column-3\">EXTRATO DE CONTRATO<br \/>\nAquisi\u00e7\u00e3o parcelada e conforme necessidade de Oxig\u00eanio Medicinal para fornecimento durante o ano de 2020.<\/td><td class=\"column-4\">07\/02\/2020<\/td><td class=\"column-5\">Preg\u00e3o 02\/2020<\/td>\n<\/tr>\n<tr class=\"row-147\">\n\t<td class=\"column-1\">11\/2020<\/td><td class=\"column-2\"><a href=\"http:\/\/www.pratinha.mg.gov.br\/portal\/wp-content\/uploads\/2020\/02\/EDITAL-N-\u00ba-11-2020-RADIOLOGISTA-.pdf\">EDITAL N \u00ba 11-2020 RADIOLOGISTA<\/a><\/td><td class=\"column-3\">Contrata\u00e7\u00e3o de presta\u00e7\u00e3o de servi\u00e7o m\u00e9dico especializado em Radiologia para atendimento na Unidade B\u00e1sica de Sa\u00fade de Pratinha-MG.<\/td><td class=\"column-4\">07\/02\/2020<\/td><td class=\"column-5\">PREG\u00c3O 08\/2020<\/td>\n<\/tr>\n<tr class=\"row-148\">\n\t<td class=\"column-1\">10\/2020<br \/>\n<\/td><td class=\"column-2\"><a href=\"http:\/\/www.pratinha.mg.gov.br\/portal\/wp-content\/uploads\/2020\/02\/EDITAL-PREG\u00c3O-N-\u00ba-07-2020-CARNAVAL-.pdf\">EDITAL PREG\u00c3O N \u00ba 07-2020 CARNAVAL<\/a><\/td><td class=\"column-3\">Contrata\u00e7\u00e3o de presta\u00e7\u00e3o de servi\u00e7os para <br \/>\nrealiza\u00e7\u00e3o do carnaval 2020 na cidade de Pratinha nos dias 22 a 25 de Fevereiro de 2020. <br \/>\nLicita\u00e7\u00e3o exclusiva para Micro Empresas e Empresas de Pequeno Porte nos termos da Lei <br \/>\nComplementar n 147\/2014.<\/td><td class=\"column-4\">05\/02\/2020<\/td><td class=\"column-5\">PREG\u00c3O 07\/2020 <\/td>\n<\/tr>\n<tr class=\"row-149\">\n\t<td class=\"column-1\">Preg\u00e3o 01\/2020<\/td><td class=\"column-2\"><a href=\"http:\/\/www.pratinha.mg.gov.br\/portal\/wp-content\/uploads\/2020\/02\/EXTRATO-DE-CONTRATO-PSIC\u00d3LOGA-LET\u00cdCIA.pdf\">EXTRATO DE CONTRATO PSIC\u00d3LOGA LET\u00cdCIA<\/a><\/td><td class=\"column-3\">Extrato de Contrato<br \/>\nContrata\u00e7\u00e3o de servi\u00e7o na \u00e1rea de Psicologia, para atuar no Centro de Refer\u00eancia <br \/>\nem Assist\u00eancia Social durante o ano de 2020.<br \/>\n<\/td><td class=\"column-4\">04\/02\/2020<\/td><td class=\"column-5\"><\/td>\n<\/tr>\n<tr class=\"row-150\">\n\t<td class=\"column-1\">09\/2020<\/td><td class=\"column-2\"><a href=\"http:\/\/www.pratinha.mg.gov.br\/portal\/wp-content\/uploads\/2020\/02\/EDITAL-TOMADA-DE-PRE\u00c7OS-N-\u00ba-03-2020-1-1.pdf\">EDITAL TOMADA DE PRE\u00c7OS N \u00ba 03-2020<\/a><br \/>\n<br \/>\n<a href=\"http:\/\/www.pratinha.mg.gov.br\/portal\/wp-content\/uploads\/2020\/02\/PLANILHA-OR\u00c7AMENTARIA.pdf\">PLANILHA OR\u00c7AMENTARIA<\/a><br \/>\n<br \/>\n<a href=\"http:\/\/www.pratinha.mg.gov.br\/portal\/wp-content\/uploads\/2020\/02\/Memorial_Descritivo.pdf\">Memorial_Descritivo<\/a><br \/>\n<br \/>\n<a href=\"http:\/\/www.pratinha.mg.gov.br\/portal\/wp-content\/uploads\/2020\/02\/MEMORIA-DE-CALCULO.pdf\">MEMORIA DE CALCULO<\/a><br \/>\n<br \/>\n<a href=\"http:\/\/www.pratinha.mg.gov.br\/portal\/wp-content\/uploads\/2020\/02\/cronograma_fisico.pdf\">cronograma_fisico<\/a><\/td><td class=\"column-3\">Execu\u00e7\u00e3o de obra sob o regime de empreitada <br \/>\nglobal de revitaliza\u00e7\u00e3o do canteiro central da Avenida Ant\u00f4nio Machado Borges <br \/>\nconforme conv\u00eanio n 1491000435\/2019- SEGOV\/MG.<br \/>\n<\/td><td class=\"column-4\">04\/02\/2020<\/td><td class=\"column-5\">TP 03\/2020<\/td>\n<\/tr>\n<tr class=\"row-151\">\n\t<td class=\"column-1\">8\/2020<br \/>\n<\/td><td class=\"column-2\"><a href=\"http:\/\/www.pratinha.mg.gov.br\/portal\/wp-content\/uploads\/2020\/02\/EDITAL-PREG\u00c3O-N-\u00ba-08-2020-COMBUST\u00cdVEIS-.pdf\">EDITAL PREG\u00c3O N \u00ba 08-2020 COMBUST\u00cdVEIS<\/a><\/td><td class=\"column-3\">Aquisi\u00e7\u00e3o de combust\u00edveis para ve\u00edculos e <br \/>\nm\u00e1quinas da Prefeitura Municipal de Pratinha-MG, para serem entregues no per\u00edmetro urbano <br \/>\nda cidade de Pratinha-MG, parceladamente e conforme necessidade durante o ano de 2020.<br \/>\n<\/td><td class=\"column-4\">03\/02\/2020<\/td><td class=\"column-5\">06\/2020<\/td>\n<\/tr>\n<tr class=\"row-152\">\n\t<td class=\"column-1\">49\/2019<\/td><td class=\"column-2\"><a href=\"http:\/\/www.pratinha.mg.gov.br\/portal\/wp-content\/uploads\/2020\/01\/EXTRATO-DE-RESCIS\u00c3O-CONTRATO-COMBUST\u00cdVEIS.pdf\">EXTRATO DE RESCIS\u00c3O CONTRATO COMBUST\u00cdVEIS<\/a><\/td><td class=\"column-3\">Fornecimento de combust\u00edveis para ve\u00edculos e M\u00e1quinas da Prefeitura Municipal de Pratinha-MG<\/td><td class=\"column-4\">30\/01\/2020<\/td><td class=\"column-5\">Preg\u00e3o 41\/2019<\/td>\n<\/tr>\n<tr class=\"row-153\">\n\t<td class=\"column-1\">07\/2020<\/td><td class=\"column-2\"><a href=\"http:\/\/www.pratinha.mg.gov.br\/portal\/wp-content\/uploads\/2020\/01\/EDITAL-PREG\u00c3O-05-2020-G\u00c1S-1-2.pdf\">EDITAL PREG\u00c3O 05-2020 G\u00c1S<\/a><\/td><td class=\"column-3\">Aquisi\u00e7\u00e3o parcelada e conforme <br \/>\nnecessidade de g\u00e1s liquefeito (P-13 e P-45) para os diversos departamentos da Prefeitura <br \/>\nMunicipal de Pratinha-MG, para fornecimento at\u00e9 31\/12\/2020. Licita\u00e7\u00e3o exclusiva para <br \/>\nMicroempresas e Empresas de Pequeno Porte nos termos da lei complementar 147\/2014.<br \/>\n<\/td><td class=\"column-4\">30\/01\/2020<\/td><td class=\"column-5\">PREG\u00c3O 05\/2020<\/td>\n<\/tr>\n<tr class=\"row-154\">\n\t<td class=\"column-1\">06\/2020<\/td><td class=\"column-2\"><a href=\"http:\/\/www.pratinha.mg.gov.br\/portal\/wp-content\/uploads\/2020\/01\/EDITAL-TOMADA-DE-PRE\u00c7OS-N-\u00ba-02-2020-.pdf\">EDITAL TOMADA DE PRE\u00c7OS N \u00ba 02-2020<\/a><br \/>\n<br \/>\n<a href=\"http:\/\/www.pratinha.mg.gov.br\/portal\/wp-content\/uploads\/2020\/01\/Projeto-Quinze-Novembro-e-outras-Model.pdf\">Projeto Quinze Novembro e outras-Model<\/a><br \/>\n<br \/>\n<a href=\"http:\/\/www.pratinha.mg.gov.br\/portal\/wp-content\/uploads\/2020\/01\/Planilha-Or\u00e7\u00e1mentaria-.pdf\">Planilha Or\u00e7\u00e1mentaria<\/a><br \/>\n<br \/>\n<a href=\"http:\/\/www.pratinha.mg.gov.br\/portal\/wp-content\/uploads\/2020\/01\/MEM\u00d3RIAL_DE_C\u00c1LCULO-.pdf\">MEM\u00d3RIAL_DE_C\u00c1LCULO<\/a><br \/>\n<br \/>\n<a href=\"http:\/\/www.pratinha.mg.gov.br\/portal\/wp-content\/uploads\/2020\/01\/MEMORIAL-DESCRITIVO-.pdf\">MEMORIAL DESCRITIVO<\/a><br \/>\n<br \/>\n<a href=\"http:\/\/www.pratinha.mg.gov.br\/portal\/wp-content\/uploads\/2020\/01\/CRONOGRAMA-FISICO-FINANCEIRO.pdf\">CRONOGRAMA FISICO FINANCEIRO<\/a><\/td><td class=\"column-3\">Execu\u00e7\u00e3o de obra sob o regime de Empreitada Global de pavimenta\u00e7\u00e3o asf\u00e1ltica de vias urbanas na cidade de Pratinha-MG, conforme conv\u00eanio n  1491000173\/2019- SEGOV\/MG.<\/td><td class=\"column-4\">30\/01\/2020<\/td><td class=\"column-5\">TP 02\/2020<\/td>\n<\/tr>\n<tr class=\"row-155\">\n\t<td class=\"column-1\">05\/2020<\/td><td class=\"column-2\"><a href=\"http:\/\/www.pratinha.mg.gov.br\/portal\/wp-content\/uploads\/2020\/01\/EDITAL-PREG\u00c3O-N-\u00ba-04-2020-ONIBUS-.pdf\">EDITAL PREG\u00c3O N \u00ba 04-2020 ONIBUS<\/a><\/td><td class=\"column-3\">Aquisi\u00e7\u00e3o de ve\u00edculo novo tipo \u00f4nibus ( <br \/>\nchassis e carroceria) destinado ao transporte de estudantes universit\u00e1rios.<br \/>\n<\/td><td class=\"column-4\">28\/01\/2020<\/td><td class=\"column-5\">PREG\u00c3O 04\/2020<\/td>\n<\/tr>\n<tr class=\"row-156\">\n\t<td class=\"column-1\">04\/2020<br \/>\n<\/td><td class=\"column-2\"><a href=\"http:\/\/www.pratinha.mg.gov.br\/portal\/wp-content\/uploads\/2020\/01\/EDITAL-TOMADA-DE-PRE\u00c7OS-N-\u00ba-01-2020-.pdf\">EDITAL TOMADA DE PRE\u00c7OS N \u00ba 01-2020<\/a><\/td><td class=\"column-3\">Execu\u00e7\u00e3o de obra sob o regime de Empreitada <br \/>\nGlobal para constru\u00e7\u00e3o de muro entorno da Pra\u00e7a de Esportes J\u00e9sus Gon\u00e7alves na <br \/>\ncidade de Pratinha-MG.<br \/>\n<\/td><td class=\"column-4\">27\/01\/2020<\/td><td class=\"column-5\">TP 01\/2020<br \/>\nOs anexos II ao VI dever\u00e3o ser solicitados junto ao Depto. de Obras com o Sr. M\u00e1rcio telefone 34.36371220 ramal 213 ou pelo e mail pmpratinhaobras@terra.com.br<\/td>\n<\/tr>\n<tr class=\"row-157\">\n\t<td class=\"column-1\">49\/2019<\/td><td class=\"column-2\"><a href=\"http:\/\/www.pratinha.mg.gov.br\/portal\/wp-content\/uploads\/2020\/01\/EXTRATO-DE-CONTRATO-COMBUST\u00cdVEIS.pdf\">EXTRATO DE CONTRATO COMBUST\u00cdVEIS<\/a><\/td><td class=\"column-3\">Aquisi\u00e7\u00e3o de combust\u00edveis para ve\u00edculos e m\u00e1quinas  da Prefeitura Municipal de Pratinha para o per\u00edodo de janeiro a Mar\u00e7o de 2020.<\/td><td class=\"column-4\">23\/01\/2020<\/td><td class=\"column-5\">Preg\u00e3o 41\/2019<\/td>\n<\/tr>\n<tr class=\"row-158\">\n\t<td class=\"column-1\">03\/2020<\/td><td class=\"column-2\"><a href=\"http:\/\/www.pratinha.mg.gov.br\/portal\/wp-content\/uploads\/2020\/01\/EDITAL-PREG\u00c3O-03-20-.pdf\">EDITAL PREG\u00c3O 03-20<\/a><\/td><td class=\"column-3\">Fornecimento parcelado e conforme necessidade de Refei\u00e7\u00f5es e Lanches para funcion\u00e1rios da Prefeitura Municipal de Pratinha durante o ano de 2020 na cidade de Arax\u00e1-MG. Licita\u00e7\u00e3o exclusiva para Micro Empresas e Empresas de Pequeno Porte nos termos da <br \/>\nLei Complementar n  147\/2014.<\/td><td class=\"column-4\">23\/01\/2020<\/td><td class=\"column-5\">PREG\u00c3O 03\/2020<\/td>\n<\/tr>\n<tr class=\"row-159\">\n\t<td class=\"column-1\">2\/2020<br \/>\n<\/td><td class=\"column-2\"><a href=\"http:\/\/www.pratinha.mg.gov.br\/portal\/wp-content\/uploads\/2020\/01\/EDITAL-PREG\u00c3O-02-20-.pdf\">EDITAL PREG\u00c3O 02-20<\/a><\/td><td class=\"column-3\">Aquisi\u00e7\u00e3o parcelada e conforme necessidade de <br \/>\nOxig\u00eanio Medicinal para fornecimento durante o ano de 2020.<br \/>\n<\/td><td class=\"column-4\">23\/01\/2020<\/td><td class=\"column-5\">PREG\u00c3O 02\/2020<\/td>\n<\/tr>\n<tr class=\"row-160\">\n\t<td class=\"column-1\">Preg\u00e3o Presencial 13\/2017<\/td><td class=\"column-2\"><a href=\"http:\/\/www.pratinha.mg.gov.br\/portal\/wp-content\/uploads\/2020\/01\/EXTRATO-DE-ADITIVO-CONTRATO-TRANSP.-ESCOLAR-2020.pdf\">EXTRATO DE ADITIVO CONTRATO TRANSP. ESCOLAR 2020<\/a><\/td><td class=\"column-3\">EXTRATO DE ADITIVO DE CONTRATOS<br \/>\nPresta\u00e7\u00e3o de servi\u00e7os de Transporte Escolar at\u00e9 31\/12\/2020.<br \/>\n<\/td><td class=\"column-4\">14\/01\/2020<\/td><td class=\"column-5\"><\/td>\n<\/tr>\n<tr class=\"row-161\">\n\t<td class=\"column-1\">Preg\u00e3o Presencial 19\/2019<\/td><td class=\"column-2\"><a href=\"http:\/\/www.pratinha.mg.gov.br\/portal\/wp-content\/uploads\/2020\/01\/EXTRATO-DE-ADITIVO-CONTRATO-TRANSP.-ESCOLAR-MAGNA-SIM\u00d5ES-2020.pdf\">EXTRATO DE ADITIVO CONTRATO TRANSP. ESCOLAR MAGNA SIM\u00d5ES 2020<\/a><\/td><td class=\"column-3\">EXTRATO DE ADITIVO DE CONTRATO<br \/>\nPresta\u00e7\u00e3o de servi\u00e7os de Transporte Escolar at\u00e9 31\/12\/2020.<br \/>\n<\/td><td class=\"column-4\">14\/01\/2020<\/td><td class=\"column-5\"><\/td>\n<\/tr>\n<tr class=\"row-162\">\n\t<td class=\"column-1\">Contrato de Ades\u00e3o ao Di\u00e1rio Oficial dos Munic\u00edpios Mineiros <br \/>\n<\/td><td class=\"column-2\"><a href=\"http:\/\/www.pratinha.mg.gov.br\/portal\/wp-content\/uploads\/2020\/01\/EXTRATO-DE-ADITIVO-CONTRATO-AMM.pdf\">EXTRATO DE ADITIVO CONTRATO AMM<\/a><\/td><td class=\"column-3\">EXTRATO DE ADITIVO DE CONTRATO<br \/>\nPublica\u00e7\u00e3o de Atos administrativos e legisla\u00e7\u00e3o Municipal.<br \/>\n<\/td><td class=\"column-4\">14\/01\/2020<\/td><td class=\"column-5\"><\/td>\n<\/tr>\n<tr class=\"row-163\">\n\t<td class=\"column-1\">Preg\u00e3o Presencial 15\/2017<br \/>\n<\/td><td class=\"column-2\"><a href=\"http:\/\/www.pratinha.mg.gov.br\/portal\/wp-content\/uploads\/2020\/01\/6\u00b0-EXTRATO-DE-ADITIVO-CONTRATO-ASSESSOR-MARCOS.pdf\">6\u00b0 EXTRATO DE ADITIVO CONTRATO ASSESSOR MARCOS<\/a><\/td><td class=\"column-3\">6\u00ba EXTRATO DE ADITIVO DE CONTRATO<br \/>\nPreg\u00e3o Presencial 15\/2017<br \/>\n<\/td><td class=\"column-4\">14\/01\/2020<\/td><td class=\"column-5\"><\/td>\n<\/tr>\n<tr class=\"row-164\">\n\t<td class=\"column-1\">Preg\u00e3o Presencial 25\/2017<\/td><td class=\"column-2\"><a href=\"http:\/\/www.pratinha.mg.gov.br\/portal\/wp-content\/uploads\/2020\/01\/4\u00ba-EXTRATO-DE-ADITIVO-CONTRATO-WAGNER-DUARTE-2020-.pdf\">4\u00ba EXTRATO DE ADITIVO CONTRATO WAGNER DUARTE 2020<\/a><\/td><td class=\"column-3\">4\u00ba EXTRATO DE ADITIVO DE CONTRATO<br \/>\nPresta\u00e7\u00e3o de servi\u00e7os na \u00e1rea de Engenharia Civil.<\/td><td class=\"column-4\">14\/01\/2020<\/td><td class=\"column-5\"><\/td>\n<\/tr>\n<tr class=\"row-165\">\n\t<td class=\"column-1\">Preg\u00e3o Presencial 07\/2017<br \/>\n<\/td><td class=\"column-2\"><a href=\"http:\/\/www.pratinha.mg.gov.br\/portal\/wp-content\/uploads\/2020\/01\/4\u00b0-EXTRATO-DE-ADITIVO-CONTRATO-JADER-FARMAC\u00caUTICO.pdf\">4\u00b0 EXTRATO DE ADITIVO CONTRATO JADER FARMAC\u00caUTICO<\/a><\/td><td class=\"column-3\">4\u00ba EXTRATO DE ADITIVO DE CONTRATO<br \/>\nPresta\u00e7\u00e3o de servi\u00e7os farmac\u00eauticos .<br \/>\n<\/td><td class=\"column-4\">14\/01\/2020<\/td><td class=\"column-5\"><\/td>\n<\/tr>\n<tr class=\"row-166\">\n\t<td class=\"column-1\">Preg\u00e3o Presencial 17\/2017<br \/>\n<\/td><td class=\"column-2\"><a href=\"http:\/\/www.pratinha.mg.gov.br\/portal\/wp-content\/uploads\/2020\/01\/4\u00b0-EXTRATO-DE-ADITIVO-CONTRATO-DAVID-EDUCADOR.pdf\">4\u00b0 EXTRATO DE ADITIVO CONTRATO DAVID EDUCADOR<\/a><\/td><td class=\"column-3\">4\u00ba EXTRATO DE ADITIVO DE CONTRATO<br \/>\nPresta\u00e7\u00e3o de servi\u00e7os De Educador F\u00edsico<\/td><td class=\"column-4\">14\/01\/2020<\/td><td class=\"column-5\"><\/td>\n<\/tr>\n<tr class=\"row-167\">\n\t<td class=\"column-1\">Preg\u00e3o Presencial 55\/2017<br \/>\n<\/td><td class=\"column-2\"><a href=\"http:\/\/www.pratinha.mg.gov.br\/portal\/wp-content\/uploads\/2020\/01\/4-\u00ba-EXTRATO-DE-ADITIVO-CONTRATO-CLICK-TECNOLOGIA.pdf\">4 \u00ba EXTRATO DE ADITIVO CONTRATO CLICK TECNOLOGIA<\/a><\/td><td class=\"column-3\">4\u00ba EXTRATO DE ADITIVO DE CONTRATO<br \/>\nPresta\u00e7\u00e3o de servi\u00e7os de Internet at\u00e9 31\/12\/2020.<\/td><td class=\"column-4\">14\/01\/2020<\/td><td class=\"column-5\"><\/td>\n<\/tr>\n<tr class=\"row-168\">\n\t<td class=\"column-1\">Preg\u00e3o Presencial 14\/2017<br \/>\n<\/td><td class=\"column-2\"><a href=\"http:\/\/www.pratinha.mg.gov.br\/portal\/wp-content\/uploads\/2020\/01\/3\u00ba-EXTRATO-DE-ADITIVO-CONTRATO-WAGNER-QUINTINO-2020-.pdf\">3\u00ba EXTRATO DE ADITIVO CONTRATO WAGNER QUINTINO 2020<\/a><\/td><td class=\"column-3\">1\u00ba EXTRATO DE ADITIVO DE CONTRATO<br \/>\nPresta\u00e7\u00e3o de servi\u00e7os de Assessoria Jur\u00eddica.<br \/>\n<\/td><td class=\"column-4\">14\/01\/2020<\/td><td class=\"column-5\"><\/td>\n<\/tr>\n<tr class=\"row-169\">\n\t<td class=\"column-1\">Preg\u00e3o Presencial 19\/2017<br \/>\n<\/td><td class=\"column-2\"><a href=\"http:\/\/www.pratinha.mg.gov.br\/portal\/wp-content\/uploads\/2020\/01\/3\u00ba-EXTRATO-DE-ADITIVO-CONTRATO-SOMA-AMBIENTAL.pdf\">3\u00ba EXTRATO DE ADITIVO CONTRATO SOMA AMBIENTAL<\/a><\/td><td class=\"column-3\">3\u00ba EXTRATO DE ADITIVO DE CONTRATO<br \/>\nPresta\u00e7\u00e3o servi\u00e7os de disposi\u00e7\u00e3o final de res\u00edduos s\u00f3lidos classe II ( n\u00e3o perigosos), de acordo com <br \/>\na classifica\u00e7\u00e3o e crit\u00e9rios preconizados pela Associa\u00e7\u00e3o Brasileira de Normas T\u00e9cnicas- ABNT, na sua norma <br \/>\n10.004.<br \/>\n<\/td><td class=\"column-4\">14\/01\/2020<\/td><td class=\"column-5\"><\/td>\n<\/tr>\n<tr class=\"row-170\">\n\t<td class=\"column-1\">Preg\u00e3o Presencial 12\/2017<br \/>\n<\/td><td class=\"column-2\"><a href=\"http:\/\/www.pratinha.mg.gov.br\/portal\/wp-content\/uploads\/2020\/01\/3\u00ba-EXTRATO-DE-ADITIVO-CONTRATO-MUNICCI-M\u00c9DICOS-.pdf\">3\u00ba EXTRATO DE ADITIVO CONTRATO MUNICCI M\u00c9DICOS<\/a><\/td><td class=\"column-3\">3\u00ba EXTRATO DE ADITIVO DE CONTRATO<br \/>\nPresta\u00e7\u00e3o de servi\u00e7os m\u00e9dicos para realiza\u00e7\u00e3o de plant\u00f5es presenciais.<\/td><td class=\"column-4\">14\/01\/2020<\/td><td class=\"column-5\"><\/td>\n<\/tr>\n<tr class=\"row-171\">\n\t<td class=\"column-1\">Preg\u00e3o Presencial 10\/2017<br \/>\n<\/td><td class=\"column-2\"><a href=\"http:\/\/www.pratinha.mg.gov.br\/portal\/wp-content\/uploads\/2020\/01\/3\u00ba-EXTRATO-DE-ADITIVO-CONTRATO-FISIOTERAPIA-LILIAN.pdf\">3\u00ba EXTRATO DE ADITIVO CONTRATO FISIOTERAPIA LILIAN<\/a><\/td><td class=\"column-3\">3\u00ba EXTRATO DE ADITIVO DE CONTRATO<br \/>\nPresta\u00e7\u00e3o de servi\u00e7os na \u00e1rea de fisioterapia at\u00e9 31\/12\/2020.<\/td><td class=\"column-4\">14\/01\/2020<\/td><td class=\"column-5\"><\/td>\n<\/tr>\n<tr class=\"row-172\">\n\t<td class=\"column-1\">Preg\u00e3o Presencial 17\/2017<br \/>\n<\/td><td class=\"column-2\"><a href=\"http:\/\/www.pratinha.mg.gov.br\/portal\/wp-content\/uploads\/2020\/01\/3\u00ba-EXTRATO-DE-ADITIVO-CONTRATO-FISIOTERAPIA-CAMILA.pdf\">3\u00ba EXTRATO DE ADITIVO CONTRATO FISIOTERAPIA CAMILA<\/a><\/td><td class=\"column-3\">3\u00ba EXTRATO DE ADITIVO DE CONTRATO<br \/>\nPresta\u00e7\u00e3o de servi\u00e7os na \u00e1rea de fisioterapia at\u00e9 31\/12\/2020.<br \/>\n<\/td><td class=\"column-4\">14\/01\/2020<\/td><td class=\"column-5\"><\/td>\n<\/tr>\n<tr class=\"row-173\">\n\t<td class=\"column-1\">Preg\u00e3o Presencial 02\/2017<br \/>\n<\/td><td class=\"column-2\"><a href=\"http:\/\/www.pratinha.mg.gov.br\/portal\/wp-content\/uploads\/2020\/01\/3\u00b0-EXTRATO-DE-ADITIVO-CONTRATO-M\u00c9DICO-WELITON.pdf\">3\u00b0 EXTRATO DE ADITIVO CONTRATO M\u00c9DICO WELITON<\/a><\/td><td class=\"column-3\">3\u00ba EXTRATO DE ADITIVO DE CONTRATO<br \/>\nPresta\u00e7\u00e3o de servi\u00e7os m\u00e9dicos na \u00e1rea de ginecologia .<\/td><td class=\"column-4\">14\/01\/2020<\/td><td class=\"column-5\"><\/td>\n<\/tr>\n<tr class=\"row-174\">\n\t<td class=\"column-1\">Preg\u00e3o Presencial 18\/2017<\/td><td class=\"column-2\"><a href=\"http:\/\/www.pratinha.mg.gov.br\/portal\/wp-content\/uploads\/2020\/01\/3\u00b0-EXTRATO-DE-ADITIVO-CONTRATO-ASSESSOR-GIULIANO.pdf\">3\u00b0 EXTRATO DE ADITIVO CONTRATO ASSESSOR GIULIANO<\/a><\/td><td class=\"column-3\">3\u00ba EXTRATO DE ADITIVO DE CONTRATO<br \/>\nPresta\u00e7\u00e3o de servi\u00e7os de assessoria e consultoria cont\u00e1bil.<br \/>\n<\/td><td class=\"column-4\">14\/01\/2020<\/td><td class=\"column-5\"><\/td>\n<\/tr>\n<tr class=\"row-175\">\n\t<td class=\"column-1\">Preg\u00e3o Presencial 36\/2018<br \/>\n<\/td><td class=\"column-2\"><a href=\"http:\/\/www.pratinha.mg.gov.br\/portal\/wp-content\/uploads\/2020\/01\/2\u00ba-EXTRATO-DE-ADITIVO-CONTRATO-THIAGO-AUGUSTO-.pdf\">2\u00ba EXTRATO DE ADITIVO CONTRATO THIAGO AUGUSTO<\/a><\/td><td class=\"column-3\">2\u00ba EXTRATO DE ADITIVO DE CONTRATO<br \/>\nPresta\u00e7\u00e3o de servi\u00e7os de manuten\u00e7\u00e3o preventiva dos equipamentos de inform\u00e1tica, <br \/>\nservidores, servi\u00e7os de instala\u00e7\u00e3o e configura\u00e7\u00e3o de software.<br \/>\n<\/td><td class=\"column-4\">14\/01\/2020<\/td><td class=\"column-5\"><\/td>\n<\/tr>\n<tr class=\"row-176\">\n\t<td class=\"column-1\">Preg\u00e3o Presencial 3\/2018<br \/>\n<\/td><td class=\"column-2\"><a href=\"http:\/\/www.pratinha.mg.gov.br\/portal\/wp-content\/uploads\/2020\/01\/2\u00ba-EXTRATO-DE-ADITIVO-CONTRATO-SERVI\u00c7O-SOCIAL-JOSIANE.pdf\">2\u00ba EXTRATO DE ADITIVO CONTRATO SERVI\u00c7O SOCIAL JOSIANE<\/a><\/td><td class=\"column-3\">2\u00ba EXTRATO DE ADITIVO DE CONTRATO<br \/>\nPresta\u00e7\u00e3o de servi\u00e7os na \u00e1rea de servi\u00e7o social at\u00e9 31\/12\/2020.<br \/>\n<\/td><td class=\"column-4\">14\/01\/2020<\/td><td class=\"column-5\"><\/td>\n<\/tr>\n<tr class=\"row-177\">\n\t<td class=\"column-1\">Preg\u00e3o Presencial 41\/2018<br \/>\n<\/td><td class=\"column-2\"><a href=\"http:\/\/www.pratinha.mg.gov.br\/portal\/wp-content\/uploads\/2020\/01\/2\u00ba-EXTRATO-DE-ADITIVO-CONTRATO-MOURA-PEDIATRIA-.pdf\">2\u00ba EXTRATO DE ADITIVO CONTRATO MOURA PEDIATRIA<\/a><\/td><td class=\"column-3\">2\u00ba EXTRATO DE ADITIVO DE CONTRATO<br \/>\nPresta\u00e7\u00e3o de servi\u00e7os m\u00e9dicos especializados em Pediatria.<br \/>\n<\/td><td class=\"column-4\">14\/01\/2020<\/td><td class=\"column-5\"><\/td>\n<\/tr>\n<tr class=\"row-178\">\n\t<td class=\"column-1\">Preg\u00e3o Presencial 28\/2019<br \/>\n<\/td><td class=\"column-2\"><a href=\"http:\/\/www.pratinha.mg.gov.br\/portal\/wp-content\/uploads\/2020\/01\/1\u00ba-EXTRATO-DE-ADITIVO-CONTRATO-SABRINA-DENTISTA-.pdf\">1\u00ba EXTRATO DE ADITIVO CONTRATO SABRINA DENTISTA<\/a><\/td><td class=\"column-3\">1\u00ba EXTRATO DE ADITIVO DE CONTRATO<br \/>\nPresta\u00e7\u00e3o de servi\u00e7os de Odontologia .<\/td><td class=\"column-4\">14\/01\/2020<\/td><td class=\"column-5\"><\/td>\n<\/tr>\n<tr class=\"row-179\">\n\t<td class=\"column-1\">Preg\u00e3o Presencial 14\/2019<br \/>\n<\/td><td class=\"column-2\"><a href=\"http:\/\/www.pratinha.mg.gov.br\/portal\/wp-content\/uploads\/2020\/01\/1\u00ba-EXTRATO-DE-ADITIVO-CONTRATO-RESSOLAGEM-MARCOS-.pdf\">1\u00ba EXTRATO DE ADITIVO CONTRATO RESSOLAGEM MARCOS<\/a><\/td><td class=\"column-3\">1\u00ba EXTRATO DE ADITIVO DE CONTRATO<br \/>\nPresta\u00e7\u00e3o de servi\u00e7os de ressolagem de pneus.<br \/>\n<\/td><td class=\"column-4\">14\/01\/2020<\/td><td class=\"column-5\"><\/td>\n<\/tr>\n<tr class=\"row-180\">\n\t<td class=\"column-1\">Preg\u00e3o Presencial 14\/2019<\/td><td class=\"column-2\"><a href=\"http:\/\/www.pratinha.mg.gov.br\/portal\/wp-content\/uploads\/2020\/01\/1\u00ba-EXTRATO-DE-ADITIVO-CONTRATO-RESSOLAGEM-FELIPE-.pdf\">1\u00ba EXTRATO DE ADITIVO CONTRATO RESSOLAGEM FELIPE<\/a><\/td><td class=\"column-3\">1\u00ba EXTRATO DE ADITIVO DE CONTRATO<br \/>\nPresta\u00e7\u00e3o de servi\u00e7os de ressolagem de pneus.<br \/>\n<\/td><td class=\"column-4\">14\/01\/2020<\/td><td class=\"column-5\"><\/td>\n<\/tr>\n<tr class=\"row-181\">\n\t<td class=\"column-1\">Preg\u00e3o Presencial 02\/2019<br \/>\n<\/td><td class=\"column-2\"><a href=\"http:\/\/www.pratinha.mg.gov.br\/portal\/wp-content\/uploads\/2020\/01\/1\u00ba-EXTRATO-DE-ADITIVO-CONTRATO-PSICOLOGA-SUELLEN-.pdf\">1\u00ba EXTRATO DE ADITIVO CONTRATO PSICOLOGA SUELLEN<\/a><\/td><td class=\"column-3\">1\u00ba EXTRATO DE ADITIVO DE CONTRATO<br \/>\nPresta\u00e7\u00e3o de servi\u00e7os de Psicologia<\/td><td class=\"column-4\">14\/01\/2020<\/td><td class=\"column-5\"><\/td>\n<\/tr>\n<tr class=\"row-182\">\n\t<td class=\"column-1\">Preg\u00e3o Presencial 14\/2019<br \/>\n<\/td><td class=\"column-2\"><a href=\"http:\/\/www.pratinha.mg.gov.br\/portal\/wp-content\/uploads\/2020\/01\/1\u00ba-EXTRATO-DE-ADITIVO-CONTRATO-ORTOPEDIA-PIMENTA-E-OLIVEIRA-.pdf\">1\u00ba EXTRATO DE ADITIVO CONTRATO ORTOPEDIA PIMENTA E OLIVEIRA<\/a><\/td><td class=\"column-3\">1\u00ba EXTRATO DE ADITIVO DE CONTRATO<br \/>\nPresta\u00e7\u00e3o de servi\u00e7os m\u00e9dicos especializados em Ortopedia.<\/td><td class=\"column-4\">14\/01\/2020<\/td><td class=\"column-5\"><\/td>\n<\/tr>\n<tr class=\"row-183\">\n\t<td class=\"column-1\">Preg\u00e3o Presencial 27\/2019<br \/>\n<\/td><td class=\"column-2\"><a href=\"http:\/\/www.pratinha.mg.gov.br\/portal\/wp-content\/uploads\/2020\/01\/1\u00ba-EXTRATO-DE-ADITIVO-CONTRATO-MANINHOS-2020-.pdf\">1\u00ba EXTRATO DE ADITIVO CONTRATO MANINHOS 2020<\/a><\/td><td class=\"column-3\">1\u00ba EXTRATO DE ADITIVO DE CONTRATO<br \/>\nPresta\u00e7\u00e3o de servi\u00e7os mec\u00e2nicos corretivos em ve\u00edculos leves e pesados.<br \/>\n<\/td><td class=\"column-4\">14\/01\/2020<\/td><td class=\"column-5\"><\/td>\n<\/tr>\n<tr class=\"row-184\">\n\t<td class=\"column-1\">Preg\u00e3o Presencial 15\/2019<br \/>\n<\/td><td class=\"column-2\"><a href=\"http:\/\/www.pratinha.mg.gov.br\/portal\/wp-content\/uploads\/2020\/01\/1\u00ba-EXTRATO-DE-ADITIVO-CONTRATO-LEANDRA-.pdf\">1\u00ba EXTRATO DE ADITIVO CONTRATO LEANDRA<\/a><\/td><td class=\"column-3\">1\u00ba EXTRATO DE ADITIVO DE CONTRATO<br \/>\nPresta\u00e7\u00e3o de servi\u00e7os de Odontologia<\/td><td class=\"column-4\">14\/01\/2020<\/td><td class=\"column-5\"><\/td>\n<\/tr>\n<tr class=\"row-185\">\n\t<td class=\"column-1\">Preg\u00e3o Presencial 27\/2019<br \/>\n<\/td><td class=\"column-2\"><a href=\"http:\/\/www.pratinha.mg.gov.br\/portal\/wp-content\/uploads\/2020\/01\/1\u00ba-EXTRATO-DE-ADITIVO-CONTRATO-J\u00c9SSICA-.pdf\">1\u00ba EXTRATO DE ADITIVO CONTRATO J\u00c9SSICA<\/a><\/td><td class=\"column-3\">1\u00ba EXTRATO DE ADITIVO DE CONTRATO<br \/>\nPresta\u00e7\u00e3o de servi\u00e7os mec\u00e2nicos preventivos, servi\u00e7os eletr\u00f4nicos e el\u00e9tricos em ve\u00edculos da linha leve e pesada.<\/td><td class=\"column-4\">14\/01\/2020<\/td><td class=\"column-5\"><\/td>\n<\/tr>\n<tr class=\"row-186\">\n\t<td class=\"column-1\">Preg\u00e3o Presencial 27\/2019<br \/>\n<\/td><td class=\"column-2\"><a href=\"http:\/\/www.pratinha.mg.gov.br\/portal\/wp-content\/uploads\/2020\/01\/1\u00ba-EXTRATO-DE-ADITIVO-CONTRATO-CENTERCAT-1-1.pdf\">1\u00ba EXTRATO DE ADITIVO CONTRATO CENTERCAT<\/a><\/td><td class=\"column-3\">1\u00ba EXTRATO DE ADITIVO DE CONTRATO<br \/>\nPresta\u00e7\u00e3o de servi\u00e7os de m\u00e3o de obra mec\u00e2nica em m\u00e1quinas pesadas.<br \/>\n<\/td><td class=\"column-4\">14\/01\/2020<\/td><td class=\"column-5\"><\/td>\n<\/tr>\n<tr class=\"row-187\">\n\t<td class=\"column-1\">Preg\u00e3o Presencial 09\/2019<br \/>\n<\/td><td class=\"column-2\"><a href=\"http:\/\/www.pratinha.mg.gov.br\/portal\/wp-content\/uploads\/2020\/01\/1\u00ba-EXTRATO-DE-ADITIVO-CONTRATO-ALICE-1-1.pdf\">1\u00ba EXTRATO DE ADITIVO CONTRATO ALICE<\/a><\/td><td class=\"column-3\">1\u00ba EXTRATO DE ADITIVO DE CONTRATO<br \/>\nPresta\u00e7\u00e3o de servi\u00e7os de T\u00e9cnico em Raio X.<br \/>\n<\/td><td class=\"column-4\">14\/01\/2020<\/td><td class=\"column-5\"><\/td>\n<\/tr>\n<tr class=\"row-188\">\n\t<td class=\"column-1\">Preg\u00e3o Presencial 27\/2019<br \/>\n<\/td><td class=\"column-2\"><a href=\"http:\/\/www.pratinha.mg.gov.br\/portal\/wp-content\/uploads\/2020\/01\/1\u00ba-EXTRATO-DE-ADITIVO-CONTRATO-ALEX-OTONI-1-1.pdf\">1\u00ba EXTRATO DE ADITIVO CONTRATO ALEX OTONI<\/a><\/td><td class=\"column-3\">1\u00ba EXTRATO DE ADITIVO DE CONTRATO<br \/>\nPresta\u00e7\u00e3o de servi\u00e7os de Funilaria e Pintura .<br \/>\n<\/td><td class=\"column-4\">14\/01\/2020<\/td><td class=\"column-5\"><\/td>\n<\/tr>\n<tr class=\"row-189\">\n\t<td class=\"column-1\">Preg\u00e3o Presencial 05\/2019<br \/>\n<\/td><td class=\"column-2\"><a href=\"http:\/\/www.pratinha.mg.gov.br\/portal\/wp-content\/uploads\/2020\/01\/1\u00ba-EXTRATO-DE-ADITIVO-CONTRATO-5-IRM\u00c3OS-SISTEMAS-1-1.pdf\">1\u00ba EXTRATO DE ADITIVO CONTRATO 5 IRM\u00c3OS SISTEMAS<\/a><\/td><td class=\"column-3\">Preg\u00e3o Presencial 05\/2019<br \/>\nPresta\u00e7\u00e3o de servi\u00e7os t\u00e9cnicos de loca\u00e7\u00e3o, implanta\u00e7\u00e3o e manuten\u00e7\u00e3o de <br \/>\nsoftwares.<\/td><td class=\"column-4\">14\/01\/2020<\/td><td class=\"column-5\"><\/td>\n<\/tr>\n<tr class=\"row-190\">\n\t<td class=\"column-1\">01\/2020<\/td><td class=\"column-2\"><a href=\"http:\/\/www.pratinha.mg.gov.br\/portal\/wp-content\/uploads\/2020\/01\/EDITAL-PREG\u00c3O-01-20-.pdf\">EDITAL PREG\u00c3O 01-20<\/a><\/td><td class=\"column-3\">Contrata\u00e7\u00e3o de presta\u00e7\u00e3o de servi\u00e7o na \u00e1rea de Psicologia, para atuar no Centro de Refer\u00eancia de Assist\u00eancia Social.<\/td><td class=\"column-4\">14\/01\/2020<\/td><td class=\"column-5\">PREG\u00c3O 01\/2020<\/td>\n<\/tr>\n<tr class=\"row-191\">\n\t<td class=\"column-1\">46\/2019<\/td><td class=\"column-2\"><a href=\"http:\/\/www.pratinha.mg.gov.br\/portal\/wp-content\/uploads\/2020\/01\/EXTRATO-DE-CONTRATO-OBRA-REFORMA-POLIESPORTIVO-VALO-VELHO.pdf\">EXTRATO DE CONTRATO OBRA REFORMA POLIESPORTIVO VALO VELHO<\/a><\/td><td class=\"column-3\">Execu\u00e7\u00e3o de obra sob o regime de Empreitada Global de Reforma do Poliesportivo Municipal, localizado na regi\u00e3o rural Valo Velho.<\/td><td class=\"column-4\">07\/01\/2020<\/td><td class=\"column-5\">TP 07\/2020<\/td>\n<\/tr>\n<tr class=\"row-192\">\n\t<td class=\"column-1\">49\/2019<\/td><td class=\"column-2\"><a href=\"http:\/\/www.pratinha.mg.gov.br\/portal\/wp-content\/uploads\/2020\/01\/1\u00b0-ADENDO-EDITAL-AQUISI\u00c7\u00c3O-DE-COMBUSTIVEIS.-.pdf\">1\u00b0 ADENDO EDITAL AQUISI\u00c7\u00c3O DE COMBUSTIVEIS.<\/a><\/td><td class=\"column-3\">LICITAT\u00d3RIO N.\u00b0 49\/2019 <br \/>\nAquisi\u00e7\u00e3o de combust\u00edveis para ve\u00edculos e m\u00e1quinas da Prefeitura Municipal de Pratinha-MG, para serem entregues parceladamente e conforme necessidade no per\u00edmetro urbano do Munic\u00edpio no per\u00edodo   de Janeiro a Mar\u00e7o de 2020.<br \/>\n<br \/>\n<\/td><td class=\"column-4\">07\/01\/2019<\/td><td class=\"column-5\">PREG\u00c3O N\u00ba 41\/2019<\/td>\n<\/tr>\n<tr class=\"row-193\">\n\t<td class=\"column-1\">45\/2019<\/td><td class=\"column-2\"><a href=\"http:\/\/www.pratinha.mg.gov.br\/portal\/wp-content\/uploads\/2020\/01\/EXTRATO-DE-CONTRATO-OBRA-REFORMA-POSTO-SA\u00daDE-VELO-VELHO.pdf\">EXTRATO DE CONTRATO OBRA REFORMA POSTO SA\u00daDE VELO VELHO<\/a><\/td><td class=\"column-3\">Execu\u00e7\u00e3o de obra sob o regime de Empreitada Global de reforma do Posto de Sa\u00fade Municipal, localizado na regi\u00e3o rural Valo Velho.<\/td><td class=\"column-4\">06\/01\/2020<\/td><td class=\"column-5\">TP 06\/2019<\/td>\n<\/tr>\n<tr class=\"row-194\">\n\t<td class=\"column-1\"><\/td><td class=\"column-2\"><\/td><td class=\"column-3\">.<br \/>\n<br \/>\n<\/td><td class=\"column-4\"><\/td><td class=\"column-5\"><\/td>\n<\/tr>\n<tr class=\"row-195\">\n\t<td class=\"column-1\"><\/td><td class=\"column-2\"><\/td><td class=\"column-3\"><\/td><td class=\"column-4\"><\/td><td class=\"column-5\"><\/td>\n<\/tr>\n<tr class=\"row-196\">\n\t<td class=\"column-1\"><\/td><td class=\"column-2\"><\/td><td class=\"column-3\"><\/td><td class=\"column-4\"><\/td><td class=\"column-5\"><\/td>\n<\/tr>\n<tr class=\"row-197\">\n\t<td class=\"column-1\"><\/td><td class=\"column-2\"><\/td><td class=\"column-3\"><\/td><td class=\"column-4\"><\/td><td class=\"column-5\"><\/td>\n<\/tr>\n<\/tbody>\n<\/table>\n<!-- #tablepress-8 from cache -->\n","protected":false},"excerpt":{"rendered":"<p>&nbsp;<\/p>","protected":false},"author":1,"featured_media":0,"parent":0,"menu_order":0,"comment_status":"closed","ping_status":"closed","template":"","meta":{"footnotes":""},"class_list":["post-4453","page","type-page","status-publish"],"_links":{"self":[{"href":"http:\/\/www.pratinha.mg.gov.br\/portal\/wp-json\/wp\/v2\/pages\/4453","targetHints":{"allow":["GET"]}}],"collection":[{"href":"http:\/\/www.pratinha.mg.gov.br\/portal\/wp-json\/wp\/v2\/pages"}],"about":[{"href":"http:\/\/www.pratinha.mg.gov.br\/portal\/wp-json\/wp\/v2\/types\/page"}],"author":[{"embeddable":true,"href":"http:\/\/www.pratinha.mg.gov.br\/portal\/wp-json\/wp\/v2\/users\/1"}],"replies":[{"embeddable":true,"href":"http:\/\/www.pratinha.mg.gov.br\/portal\/wp-json\/wp\/v2\/comments?post=4453"}],"version-history":[{"count":2,"href":"http:\/\/www.pratinha.mg.gov.br\/portal\/wp-json\/wp\/v2\/pages\/4453\/revisions"}],"predecessor-version":[{"id":4456,"href":"http:\/\/www.pratinha.mg.gov.br\/portal\/wp-json\/wp\/v2\/pages\/4453\/revisions\/4456"}],"wp:attachment":[{"href":"http:\/\/www.pratinha.mg.gov.br\/portal\/wp-json\/wp\/v2\/media?parent=4453"}],"curies":[{"name":"wp","href":"https:\/\/api.w.org\/{rel}","templated":true}]}}