{"id":3902,"date":"2019-04-11T14:53:02","date_gmt":"2019-04-11T14:53:02","guid":{"rendered":"http:\/\/www.pratinha.mg.gov.br\/portal\/?page_id=3902"},"modified":"2021-02-01T12:15:23","modified_gmt":"2021-02-01T12:15:23","slug":"marco-regulatorio","status":"publish","type":"page","link":"http:\/\/www.pratinha.mg.gov.br\/portal\/marco-regulatorio\/","title":{"rendered":"Marco Regulat\u00f3rio 2017 &#8211; 2020"},"content":{"rendered":"<p><a href=\"http:\/\/www.pratinha.mg.gov.br\/portal\/wp-content\/uploads\/2019\/04\/1\u00aa-Termo-Aditivo.pdf\"><strong>1\u00aa Termo Aditivo<\/strong><\/a><\/p>\n\n<table id=\"tablepress-5\" class=\"tablepress tablepress-id-5\">\n<thead>\n<tr class=\"row-1\">\n\t<th class=\"column-1\">PROCESSO<\/th><th class=\"column-2\">ARQUIVO<\/th><th class=\"column-3\">OBJETO<\/th><th class=\"column-4\">DATA <\/th><th class=\"column-5\">RESULTADO<\/th>\n<\/tr>\n<\/thead>\n<tbody class=\"row-striping row-hover\">\n<tr class=\"row-2\">\n\t<td class=\"column-1\">S\/N - Parceria APAE<\/td><td class=\"column-2\"><a href=\"http:\/\/www.pratinha.mg.gov.br\/portal\/wp-content\/uploads\/2019\/04\/1-Termo-de-Fomento-n\u00ba-01-2017.pdf\">1 - Termo de Fomento n\u00ba 01-2017<\/a><\/td><td class=\"column-3\">Transfer\u00eancia de recursos financeiros \u00e0 ASSOCIA\u00c7\u00c3O DE PAIS E AMIGOS DOS EXCEPCIONAIS - APAE, visando o atendimento individual, material espec\u00edfico, aulas din\u00e2micas, qualidade e apoio respeitando os limites da pessoa com defici\u00eancia intelectual m\u00faltipla. INCLUS\u00c3O SOCIAL: oportunizar a pessoa com defici\u00eancia a participar de eventos, de integra\u00e7\u00e3o com outras crian\u00e7as, bem como promove a inclus\u00e3o familiar. Incluindo execu\u00e7\u00e3o em rela\u00e7\u00e3o aos recursos que s\u00e3o repassados \u00e0 Proponente, advindas dos recursos do SUS e SUAS efetuados pela Uni\u00e3o.<\/td><td class=\"column-4\">02\/10\/2017<\/td><td class=\"column-5\"><\/td>\n<\/tr>\n<tr class=\"row-3\">\n\t<td class=\"column-1\">S\/N - Parceria APAE<\/td><td class=\"column-2\"><a href=\"http:\/\/www.pratinha.mg.gov.br\/portal\/wp-content\/uploads\/2019\/04\/2-Plano-de-Trabalho-Inicial.pdf\">2 - Plano de Trabalho - Inicial<\/a><\/td><td class=\"column-3\">Transfer\u00eancia de recursos financeiros \u00e0 ASSOCIA\u00c7\u00c3O DE PAIS E AMIGOS DOS EXCEPCIONAIS - APAE, visando o atendimento individual, material espec\u00edfico, aulas din\u00e2micas, qualidade e apoio respeitando os limites da pessoa com defici\u00eancia intelectual m\u00faltipla. INCLUS\u00c3O SOCIAL: oportunizar a pessoa com defici\u00eancia a participar de eventos, de integra\u00e7\u00e3o com outras crian\u00e7as, bem como promove a inclus\u00e3o familiar. Incluindo execu\u00e7\u00e3o em rela\u00e7\u00e3o aos recursos que s\u00e3o repassados \u00e0 Proponente, advindas dos recursos do SUS e SUAS efetuados pela Uni\u00e3o.<\/td><td class=\"column-4\">02\/10\/2017<\/td><td class=\"column-5\"><\/td>\n<\/tr>\n<tr class=\"row-4\">\n\t<td class=\"column-1\">S\/N - Parceria APAE<\/td><td class=\"column-2\"><a href=\"http:\/\/www.pratinha.mg.gov.br\/portal\/wp-content\/uploads\/2019\/04\/3-Presta\u00e7\u00e3o-de-Contas-Final-Per\u00edodo-10-2017-a-09-2018.pdf\">3 - Presta\u00e7\u00e3o de Contas Final - Per\u00edodo 10-2017 a 09-2018<\/a><br \/>\n<br \/>\n<\/td><td class=\"column-3\">Transfer\u00eancia de recursos financeiros \u00e0 APAE, visando o atendimento individual, material... <\/td><td class=\"column-4\">29\/10\/2017<\/td><td class=\"column-5\"><\/td>\n<\/tr>\n<tr class=\"row-5\">\n\t<td class=\"column-1\">S\/N - Parceria APAE<\/td><td class=\"column-2\"><a href=\"http:\/\/www.pratinha.mg.gov.br\/portal\/wp-content\/uploads\/2019\/04\/4-1\u00aa-Termo-Aditivo-02-10-2018.pdf\">4 - 1\u00aa Termo Aditivo - 02-10-2018<\/a><\/td><td class=\"column-3\">Transfer\u00eancia de recursos financeiros \u00e0 APAE, visando o atendimento individual, material... <\/td><td class=\"column-4\">02\/10\/2018<\/td><td class=\"column-5\"><\/td>\n<\/tr>\n<tr class=\"row-6\">\n\t<td class=\"column-1\">S\/N - Parceria APAE<\/td><td class=\"column-2\"><a href=\"http:\/\/www.pratinha.mg.gov.br\/portal\/wp-content\/uploads\/2019\/04\/4a-Extrato-do-1\u00ba-Termo-Aditivo-2018.pdf\">4a- Extrato do 1\u00ba Termo Aditivo 2018<\/a><\/td><td class=\"column-3\">Transfer\u00eancia de recursos financeiros \u00e0 APAE, visando o atendimento individual, material... <\/td><td class=\"column-4\">02\/10\/2018<\/td><td class=\"column-5\"><\/td>\n<\/tr>\n<tr class=\"row-7\">\n\t<td class=\"column-1\">S\/N - Parceria APAE<\/td><td class=\"column-2\"><a href=\"http:\/\/www.pratinha.mg.gov.br\/portal\/wp-content\/uploads\/2019\/04\/5-Presta\u00e7\u00e3o-de-Contas-Outubro-2018-10-10-2018.pdf\">5 - Presta\u00e7\u00e3o de Contas - Outubro-2018 - 10-10-2018<\/a><\/td><td class=\"column-3\">Transfer\u00eancia de recursos financeiros \u00e0 APAE, visando o atendimento individual, material... <\/td><td class=\"column-4\">10\/10\/2018<\/td><td class=\"column-5\"><\/td>\n<\/tr>\n<tr class=\"row-8\">\n\t<td class=\"column-1\">S\/N - Parceria APAE<\/td><td class=\"column-2\"><a href=\"http:\/\/www.pratinha.mg.gov.br\/portal\/wp-content\/uploads\/2019\/04\/6-Presta\u00e7\u00e3o-de-Contas-Novembro-2018-13-11-2018.pdf\">6 - Presta\u00e7\u00e3o de Contas - Novembro-2018 - 13-11-2018<\/a><\/td><td class=\"column-3\">Transfer\u00eancia de recursos financeiros \u00e0 APAE, visando o atendimento individual, material... <\/td><td class=\"column-4\">13\/11\/2018<\/td><td class=\"column-5\"><\/td>\n<\/tr>\n<tr class=\"row-9\">\n\t<td class=\"column-1\">S\/N - Parceria APAE<\/td><td class=\"column-2\"><a href=\"http:\/\/www.pratinha.mg.gov.br\/portal\/wp-content\/uploads\/2019\/04\/7-Presta\u00e7\u00e3o-de-Contas-Dezembro-2018-17-12-2018.pdf\">7 - Presta\u00e7\u00e3o de Contas - Dezembro-2018 - 17-12-2018<\/a><\/td><td class=\"column-3\">Transfer\u00eancia de recursos financeiros \u00e0 APAE, visando o atendimento individual, material... <\/td><td class=\"column-4\">17\/12\/2018<\/td><td class=\"column-5\"><\/td>\n<\/tr>\n<tr class=\"row-10\">\n\t<td class=\"column-1\">S\/N - Parceria APAE<\/td><td class=\"column-2\"><a href=\"http:\/\/www.pratinha.mg.gov.br\/portal\/wp-content\/uploads\/2019\/04\/7-Presta\u00e7\u00e3o-de-Contas-Dezembro-2018-17-12-2018-1.pdf\">7 - Presta\u00e7\u00e3o de Contas - Dezembro-2018 - 17-12-2018<\/a><\/td><td class=\"column-3\">Transfer\u00eancia de recursos financeiros \u00e0 APAE, visando o atendimento individual, material... <\/td><td class=\"column-4\">17\/12\/2018<\/td><td class=\"column-5\"><\/td>\n<\/tr>\n<tr class=\"row-11\">\n\t<td class=\"column-1\">S\/N - Parceria APAE<\/td><td class=\"column-2\"><a href=\"http:\/\/www.pratinha.mg.gov.br\/portal\/wp-content\/uploads\/2019\/04\/8-Presta\u00e7\u00e3o-de-Contas-Janeiro-2019-14-02-2019.pdf\">8 - Presta\u00e7\u00e3o de Contas - Janeiro-2019 -14-02-2019<\/a><\/td><td class=\"column-3\">Transfer\u00eancia de recursos financeiros \u00e0 APAE, visando o atendimento individual, material... <\/td><td class=\"column-4\">14\/02\/2019<\/td><td class=\"column-5\"><\/td>\n<\/tr>\n<tr class=\"row-12\">\n\t<td class=\"column-1\">S\/N - Parceria APAE<\/td><td class=\"column-2\"><a href=\"http:\/\/www.pratinha.mg.gov.br\/portal\/wp-content\/uploads\/2019\/04\/9-2\u00ba-Termo-Aditivo-01-03-2019.pdf\">9 - 2\u00ba Termo Aditivo 01-03-2019<\/a><\/td><td class=\"column-3\">Transfer\u00eancia de recursos financeiros \u00e0 APAE, visando o atendimento individual, material... <\/td><td class=\"column-4\">01\/03\/2019<\/td><td class=\"column-5\"><\/td>\n<\/tr>\n<tr class=\"row-13\">\n\t<td class=\"column-1\">S\/N - Parceria APAE<\/td><td class=\"column-2\"><a href=\"http:\/\/www.pratinha.mg.gov.br\/portal\/wp-content\/uploads\/2019\/04\/10-Extrato-do-2-Termo-Aditivo-2019-Do-valor.pdf\">10 - Extrato do 2 Termo Aditivo 2019 - Do valor<\/a><\/td><td class=\"column-3\">Transfer\u00eancia de recursos financeiros \u00e0 APAE, visando o atendimento individual, material... <\/td><td class=\"column-4\">01\/03\/2019<\/td><td class=\"column-5\"><\/td>\n<\/tr>\n<tr class=\"row-14\">\n\t<td class=\"column-1\">S\/N - Parceria APAE - Presta\u00e7\u00e3o de Contas -  Fevereiro 2019<\/td><td class=\"column-2\"><a href=\"http:\/\/www.pratinha.mg.gov.br\/portal\/wp-content\/uploads\/2019\/04\/11-Presta\u00e7\u00e3o-de-Contas-Fevereiro-2019-14-03-2019-1.pdf\">11 - Presta\u00e7\u00e3o de Contas - Fevereiro-2019 - 14-03-2019<\/a><\/td><td class=\"column-3\">Transfer\u00eancia de recursos financeiros \u00e0 APAE, visando o atendimento individual, material... <\/td><td class=\"column-4\">14\/03\/2019<\/td><td class=\"column-5\"><\/td>\n<\/tr>\n<tr class=\"row-15\">\n\t<td class=\"column-1\">S\/N - Parceria APAE - Presta\u00e7\u00e3o de Contas -  Mar\u00e7o 2019<\/td><td class=\"column-2\"><a href=\"http:\/\/www.pratinha.mg.gov.br\/portal\/wp-content\/uploads\/2019\/04\/12-Presta\u00e7\u00e3o-de-Contas-Mar\u00e7o-2019_compressed.pdf\">12 - Presta\u00e7\u00e3o de Contas - Mar\u00e7o 2019_compressed<\/a><\/td><td class=\"column-3\">Transfer\u00eancia de recursos financeiros \u00e0 APAE, visando o atendimento individual, material... <\/td><td class=\"column-4\">14\/03\/2019<\/td><td class=\"column-5\"><\/td>\n<\/tr>\n<tr class=\"row-16\">\n\t<td class=\"column-1\">S\/N - Parceria APAE - Presta\u00e7\u00e3o de Contas -  Abril 2019<\/td><td class=\"column-2\"><a href=\"http:\/\/www.pratinha.mg.gov.br\/portal\/wp-content\/uploads\/2019\/09\/12-Presta\u00e7\u00e3o-de-Contas-Abril-2019.pdf\">12 - Presta\u00e7\u00e3o de Contas - Abril 2019<\/a><\/td><td class=\"column-3\">Transfer\u00eancia de recursos financeiros \u00e0 APAE, visando o atendimento individual, material... <\/td><td class=\"column-4\">24\/04\/2019<\/td><td class=\"column-5\"><\/td>\n<\/tr>\n<tr class=\"row-17\">\n\t<td class=\"column-1\">S\/N - Parceria APAE - Presta\u00e7\u00e3o de Contas -  Maio 2019<\/td><td class=\"column-2\"><a href=\"http:\/\/www.pratinha.mg.gov.br\/portal\/wp-content\/uploads\/2019\/09\/12-Presta\u00e7\u00e3o-de-Contas-Maio-2019.pdf\">12 - Presta\u00e7\u00e3o de Contas - Maio 2019<\/a><\/td><td class=\"column-3\">Transfer\u00eancia de recursos financeiros \u00e0 APAE, visando o atendimento individual, material... <\/td><td class=\"column-4\">28\/05\/2019<\/td><td class=\"column-5\"><\/td>\n<\/tr>\n<tr class=\"row-18\">\n\t<td class=\"column-1\">S\/N - Parceria APAE - Presta\u00e7\u00e3o de Contas -  Junho 2019<\/td><td class=\"column-2\"><a href=\"http:\/\/www.pratinha.mg.gov.br\/portal\/wp-content\/uploads\/2019\/09\/12-Presta\u00e7\u00e3o-de-Contas-Junho-2019.pdf\">12 - Presta\u00e7\u00e3o de Contas - Junho 2019<\/a><\/td><td class=\"column-3\">Transfer\u00eancia de recursos financeiros \u00e0 APAE, visando o atendimento individual, material... <\/td><td class=\"column-4\">19\/06\/2019<\/td><td class=\"column-5\"><\/td>\n<\/tr>\n<tr class=\"row-19\">\n\t<td class=\"column-1\">S\/N - Parceria APAE - Presta\u00e7\u00e3o de Contas -  Julho 2019<\/td><td class=\"column-2\"><a href=\"http:\/\/www.pratinha.mg.gov.br\/portal\/wp-content\/uploads\/2019\/09\/12-Presta\u00e7\u00e3o-de-Contas-Julho-2019.pdf\">12 - Presta\u00e7\u00e3o de Contas - Julho 2019<\/a><\/td><td class=\"column-3\">Transfer\u00eancia de recursos financeiros \u00e0 APAE, visando o atendimento individual, material... <\/td><td class=\"column-4\">16\/07\/2019<\/td><td class=\"column-5\"><\/td>\n<\/tr>\n<tr class=\"row-20\">\n\t<td class=\"column-1\">S\/N - Parceria APAE - Presta\u00e7\u00e3o de Contas  -  Agosto<br \/>\n 2019<\/td><td class=\"column-2\"><a href=\"http:\/\/www.pratinha.mg.gov.br\/portal\/wp-content\/uploads\/2019\/09\/12-Presta\u00e7\u00e3o-de-Contas-Agosto-2019.pdf\">12 - Presta\u00e7\u00e3o de Contas - Agosto 2019<\/a><\/td><td class=\"column-3\">Transfer\u00eancia de recursos financeiros \u00e0 APAE, visando o atendimento individual, material... <\/td><td class=\"column-4\">14\/08\/19<\/td><td class=\"column-5\"><\/td>\n<\/tr>\n<tr class=\"row-21\">\n\t<td class=\"column-1\">S\/N - Parceria APAE - Presta\u00e7\u00e3o de Contas  -  Setembro<br \/>\n 2019<\/td><td class=\"column-2\"><a href=\"http:\/\/www.pratinha.mg.gov.br\/portal\/wp-content\/uploads\/2019\/09\/12-Presta\u00e7\u00e3o-de-Contas-Setembro-2019.pdf\">12 - Presta\u00e7\u00e3o de Contas - Setembro 2019<\/a><\/td><td class=\"column-3\">Transfer\u00eancia de recursos financeiros \u00e0 APAE, visando o atendimento individual, material... <\/td><td class=\"column-4\">18\/09\/19<\/td><td class=\"column-5\"><\/td>\n<\/tr>\n<tr class=\"row-22\">\n\t<td class=\"column-1\">S\/N - Parceria APAE - Presta\u00e7\u00e3o de Contas  -  Outubro<br \/>\n 2019<\/td><td class=\"column-2\"><a href=\"http:\/\/www.pratinha.mg.gov.br\/portal\/wp-content\/uploads\/2019\/10\/12-Presta\u00e7\u00e3o-de-Contas-Outubro-2019.pdf\">12 - Presta\u00e7\u00e3o de Contas - Outubro 2019<\/a><\/td><td class=\"column-3\">Transfer\u00eancia de recursos financeiros \u00e0 APAE, visando o atendimento individual, material... <\/td><td class=\"column-4\">21\/10\/2019<\/td><td class=\"column-5\"><\/td>\n<\/tr>\n<tr class=\"row-23\">\n\t<td class=\"column-1\">S\/N - Parceria APAE - Presta\u00e7\u00e3o de Contas  -  Novembro<br \/>\n 2019<\/td><td class=\"column-2\"><a href=\"http:\/\/www.pratinha.mg.gov.br\/portal\/wp-content\/uploads\/2019\/11\/12-Presta\u00e7\u00e3o-de-Contas-Novembro-2019.pdf\">12 - Presta\u00e7\u00e3o de Contas - Novembro 2019<\/a><\/td><td class=\"column-3\">Transfer\u00eancia de recursos financeiros \u00e0 APAE, visando o atendimento individual, material... <\/td><td class=\"column-4\">22\/11\/2019<\/td><td class=\"column-5\"><\/td>\n<\/tr>\n<tr class=\"row-24\">\n\t<td class=\"column-1\">S\/N - Parceria APAE - 3\u00ba Termo Aditivo  -  Do Valor<\/td><td class=\"column-2\"><a href=\"http:\/\/www.pratinha.mg.gov.br\/portal\/wp-content\/uploads\/2019\/12\/9-3\u00ba-Termo-Aditivo-02-12-2019.pdf\">9 - 3\u00ba Termo Aditivo 02-12-2019<\/a><\/td><td class=\"column-3\">Transfer\u00eancia de recursos financeiros \u00e0 APAE, visando o atendimento individual, material... <\/td><td class=\"column-4\">02\/12\/2019<\/td><td class=\"column-5\"><\/td>\n<\/tr>\n<tr class=\"row-25\">\n\t<td class=\"column-1\">S\/N - Parceria APAE - Presta\u00e7\u00e3o de Contas  -  Dezembro<br \/>\n 2019<\/td><td class=\"column-2\"><a href=\"http:\/\/www.pratinha.mg.gov.br\/portal\/wp-content\/uploads\/2019\/12\/12-Presta\u00e7\u00e3o-de-Contas-Dezembro-2019.pdf\">12 - Presta\u00e7\u00e3o de Contas - Dezembro 2019<\/a><\/td><td class=\"column-3\">Transfer\u00eancia de recursos financeiros \u00e0 APAE, visando o atendimento individual, material... <\/td><td class=\"column-4\">20\/12\/2019<\/td><td class=\"column-5\"><\/td>\n<\/tr>\n<tr class=\"row-26\">\n\t<td class=\"column-1\">S\/N - Parceria APAE - 4\u00ba Termo Aditivo <\/td><td class=\"column-2\"><a href=\"http:\/\/www.pratinha.mg.gov.br\/portal\/wp-content\/uploads\/2020\/01\/4-4\u00aa-Termo-Aditivo-31-12-2019.pdf\">4 - 4\u00aa Termo Aditivo - 31-12-2019<\/a><\/td><td class=\"column-3\">Transfer\u00eancia de recursos financeiros \u00e0 APAE, visando o atendimento individual, material... <\/td><td class=\"column-4\">02\/01\/2020<\/td><td class=\"column-5\"><\/td>\n<\/tr>\n<tr class=\"row-27\">\n\t<td class=\"column-1\">S\/N - Parceria APAE - Presta\u00e7\u00e3o de Contas  -  Janeiro 2020<\/td><td class=\"column-2\"><a href=\"http:\/\/www.pratinha.mg.gov.br\/portal\/wp-content\/uploads\/2020\/01\/12-Presta\u00e7\u00e3o-de-Contas-Janeiro-2020-28-01-20.pdf\">12 - Presta\u00e7\u00e3o de Contas - Janeiro-2020 - 28-01-20<\/a><\/td><td class=\"column-3\">Transfer\u00eancia de recursos financeiros \u00e0 APAE, visando o atendimento individual, material... <\/td><td class=\"column-4\">28\/01\/2020<\/td><td class=\"column-5\"><\/td>\n<\/tr>\n<tr class=\"row-28\">\n\t<td class=\"column-1\">S\/N - Parceria APAE - 5\u00ba Termo Aditivo - Na \u00edntegra <\/td><td class=\"column-2\"><a href=\"http:\/\/www.pratinha.mg.gov.br\/portal\/wp-content\/uploads\/2020\/02\/4-5\u00aa-Termo-Aditivo-03-02-2020.pdf\">4 - 5\u00aa Termo Aditivo - 03-02-2020<\/a><\/td><td class=\"column-3\">Transfer\u00eancia de recursos financeiros \u00e0 APAE, visando o atendimento individual, material... <\/td><td class=\"column-4\">06\/02\/2020<\/td><td class=\"column-5\"><\/td>\n<\/tr>\n<tr class=\"row-29\">\n\t<td class=\"column-1\">S\/N - Parceria APAE - Presta\u00e7\u00e3o de Contas  -  Janeiro 2020<\/td><td class=\"column-2\"><a href=\"http:\/\/www.pratinha.mg.gov.br\/portal\/wp-content\/uploads\/2020\/02\/12-Presta\u00e7\u00e3o-de-Contas-Janeiro-2020-20-02-20-1.pdf\">12 - Presta\u00e7\u00e3o de Contas - Janeiro-2020 - 20-02-20<\/a><\/td><td class=\"column-3\">Transfer\u00eancia de recursos financeiros \u00e0 APAE, visando o atendimento individual, material... <\/td><td class=\"column-4\">20\/02\/2020<\/td><td class=\"column-5\"><\/td>\n<\/tr>\n<tr class=\"row-30\">\n\t<td class=\"column-1\">S\/N - Parceria APAE - Presta\u00e7\u00e3o de Contas Final  -  Outubro\/2018 a Dezembro\/2019.<\/td><td class=\"column-2\"><a href=\"http:\/\/www.pratinha.mg.gov.br\/portal\/wp-content\/uploads\/2020\/03\/3-Presta\u00e7\u00e3o-de-Contas-Final-Per\u00edodo-10-2018-a-12-2019.pdf\">3 - Presta\u00e7\u00e3o de Contas Final - Per\u00edodo 10-2018 a 12-2019<\/a><\/td><td class=\"column-3\">Transfer\u00eancia de recursos financeiros \u00e0 APAE, visando o atendimento individual, material... <\/td><td class=\"column-4\">02\/03\/2020<\/td><td class=\"column-5\"><\/td>\n<\/tr>\n<tr class=\"row-31\">\n\t<td class=\"column-1\">S\/N - Parceria APAE - Presta\u00e7\u00e3o de Contas  -  Fevereiro 2020<\/td><td class=\"column-2\"><a href=\"http:\/\/www.pratinha.mg.gov.br\/portal\/wp-content\/uploads\/2020\/03\/12-Presta\u00e7\u00e3o-de-Contas-Fevereiro-2020.pdf\">12 - Presta\u00e7\u00e3o de Contas - Fevereiro 2020<\/a><\/td><td class=\"column-3\">Transfer\u00eancia de recursos financeiros \u00e0 APAE, visando o atendimento individual, material... <\/td><td class=\"column-4\">16\/03\/2020<\/td><td class=\"column-5\"><\/td>\n<\/tr>\n<tr class=\"row-32\">\n\t<td class=\"column-1\">S\/N - Parceria APAE - Presta\u00e7\u00e3o de Contas  -  Mar\u00e7o 2020<\/td><td class=\"column-2\"><a href=\"http:\/\/www.pratinha.mg.gov.br\/portal\/wp-content\/uploads\/2020\/04\/12-Presta\u00e7\u00e3o-de-Contas-Mar\u00e7o-2020.pdf\">12 - Presta\u00e7\u00e3o de Contas - Mar\u00e7o 2020<\/a><\/td><td class=\"column-3\">Transfer\u00eancia de recursos financeiros \u00e0 APAE, visando o atendimento individual, material... <\/td><td class=\"column-4\">14\/04\/2020<\/td><td class=\"column-5\"><\/td>\n<\/tr>\n<tr class=\"row-33\">\n\t<td class=\"column-1\">S\/N - Parceria APAE - Presta\u00e7\u00e3o de Contas  -  Maio 2020<\/td><td class=\"column-2\"><a href=\"http:\/\/www.pratinha.mg.gov.br\/portal\/wp-content\/uploads\/2020\/06\/12-Presta\u00e7\u00e3o-de-Contas-Maio-2020.pdf\">12 - Presta\u00e7\u00e3o de Contas - Maio 2020<\/a><\/td><td class=\"column-3\">Transfer\u00eancia de recursos financeiros \u00e0 APAE, visando o atendimento individual, material... <\/td><td class=\"column-4\">17\/06\/2020<\/td><td class=\"column-5\"><\/td>\n<\/tr>\n<tr class=\"row-34\">\n\t<td class=\"column-1\">S\/N - Parceria APAE - Presta\u00e7\u00e3o de Contas  -  Junho 2020<\/td><td class=\"column-2\"><a href=\"http:\/\/www.pratinha.mg.gov.br\/portal\/wp-content\/uploads\/2020\/07\/12-Presta\u00e7\u00e3o-de-Contas-Junho-2020.pdf\">12 - Presta\u00e7\u00e3o de Contas - Junho 2020<\/a><\/td><td class=\"column-3\">Transfer\u00eancia de recursos financeiros \u00e0 APAE, visando o atendimento individual, material... <\/td><td class=\"column-4\">09\/07\/2020<\/td><td class=\"column-5\"><\/td>\n<\/tr>\n<tr class=\"row-35\">\n\t<td class=\"column-1\">S\/N - Parceria APAE - Presta\u00e7\u00e3o de Contas  -  Julho 2020<\/td><td class=\"column-2\"><a href=\"http:\/\/www.pratinha.mg.gov.br\/portal\/wp-content\/uploads\/2020\/08\/12-Prestacao-de-Contas-Julho-2020.pdf\">12 - Presta\u00e7\u00e3o de Contas - Julho 2020<\/a><\/td><td class=\"column-3\">Transfer\u00eancia de recursos financeiros \u00e0 APAE, visando o atendimento individual, material... <\/td><td class=\"column-4\">27\/08\/2020<\/td><td class=\"column-5\"><\/td>\n<\/tr>\n<tr class=\"row-36\">\n\t<td class=\"column-1\">S\/N - Parceria APAE - Presta\u00e7\u00e3o de Contas  -  Agosto 2020<\/td><td class=\"column-2\"><a href=\"http:\/\/www.pratinha.mg.gov.br\/portal\/wp-content\/uploads\/2020\/09\/12-Prestacao-de-Contas-Agosto-2020.pdf\">12 - Presta\u00e7\u00e3o de Contas - Agosto 2020<\/a><\/td><td class=\"column-3\">Transfer\u00eancia de recursos financeiros \u00e0 APAE, visando o atendimento individual, material... <\/td><td class=\"column-4\">16\/09\/2020<\/td><td class=\"column-5\"><\/td>\n<\/tr>\n<tr class=\"row-37\">\n\t<td class=\"column-1\">S\/N - Parceria APAE - Presta\u00e7\u00e3o de Contas  -  Setembro<br \/>\n 2020<\/td><td class=\"column-2\"><a href=\"http:\/\/www.pratinha.mg.gov.br\/portal\/wp-content\/uploads\/2020\/10\/12-Prestacao-de-Contas-Setembro-2020.pdf\">12 - Presta\u00e7\u00e3o de Contas - Setembro 2020<\/a><\/td><td class=\"column-3\">Transfer\u00eancia de recursos financeiros \u00e0 APAE, visando o atendimento individual, material...<\/td><td class=\"column-4\">22\/10\/20<br \/>\n<\/td><td class=\"column-5\"><\/td>\n<\/tr>\n<tr class=\"row-38\">\n\t<td class=\"column-1\">S\/N - Parceria APAE - Presta\u00e7\u00e3o de Contas  -  Outubro<br \/>\n 2020<\/td><td class=\"column-2\"><a href=\"http:\/\/www.pratinha.mg.gov.br\/portal\/wp-content\/uploads\/2020\/11\/12-Prestacao-de-Contas-Outubro-2020.pdf\">12 - Presta\u00e7\u00e3o de Contas - Outubro 2020<\/a><\/td><td class=\"column-3\">Transfer\u00eancia de recursos financeiros \u00e0 APAE, visando o atendimento individual, material...<\/td><td class=\"column-4\">24\/11\/20<\/td><td class=\"column-5\"><\/td>\n<\/tr>\n<tr class=\"row-39\">\n\t<td class=\"column-1\"><\/td><td class=\"column-2\"><\/td><td class=\"column-3\"><\/td><td class=\"column-4\"><\/td><td class=\"column-5\"><\/td>\n<\/tr>\n<tr class=\"row-40\">\n\t<td class=\"column-1\"><\/td><td class=\"column-2\"><\/td><td class=\"column-3\"><\/td><td class=\"column-4\"><\/td><td class=\"column-5\"><\/td>\n<\/tr>\n<tr class=\"row-41\">\n\t<td class=\"column-1\"><\/td><td class=\"column-2\"><\/td><td class=\"column-3\"><\/td><td class=\"column-4\"><\/td><td class=\"column-5\"><\/td>\n<\/tr>\n<tr class=\"row-42\">\n\t<td class=\"column-1\"><\/td><td class=\"column-2\"><\/td><td class=\"column-3\"><\/td><td class=\"column-4\"><\/td><td class=\"column-5\"><\/td>\n<\/tr>\n<tr class=\"row-43\">\n\t<td class=\"column-1\"><\/td><td class=\"column-2\"><\/td><td class=\"column-3\"><\/td><td class=\"column-4\"><\/td><td class=\"column-5\"><\/td>\n<\/tr>\n<tr class=\"row-44\">\n\t<td class=\"column-1\"><\/td><td class=\"column-2\"><\/td><td class=\"column-3\"><\/td><td class=\"column-4\"><\/td><td class=\"column-5\"><\/td>\n<\/tr>\n<tr class=\"row-45\">\n\t<td class=\"column-1\"><\/td><td class=\"column-2\"><\/td><td class=\"column-3\"><\/td><td class=\"column-4\"><\/td><td class=\"column-5\"><\/td>\n<\/tr>\n<tr class=\"row-46\">\n\t<td class=\"column-1\">S\/N - Parceria UNIUBE<\/td><td class=\"column-2\"><a href=\"http:\/\/www.pratinha.mg.gov.br\/portal\/wp-content\/uploads\/2019\/04\/1-Termo-de-Fomento-01-2018-20-12-2018-Plano-de-Trabalho-anexo.pdf\">1 - Termo de Fomento 01-2018 - 20-12-2018 - Plano de Trabalho anexo<\/a><\/td><td class=\"column-3\">Repasse de valores mensais \u2013 Bolsa de Estudo, a ser realizado pela ora denominada CONCEDENTE, visando pagamento anual de R$ 5.000,00 (cinco mil reais) a serem divididos a alunos indicados por ela, matriculados nos Cursos de Gradua\u00e7\u00e3o, na entidade de ensino ora denominada PROPONENTE, no Polo de Apoio Presencial de Arax\u00e1, como forma de desconto no valor das mensalidades.<\/td><td class=\"column-4\">25\/04\/2019<\/td><td class=\"column-5\"><\/td>\n<\/tr>\n<tr class=\"row-47\">\n\t<td class=\"column-1\">S\/N - Parceria UNIUBE<\/td><td class=\"column-2\"><a href=\"http:\/\/www.pratinha.mg.gov.br\/portal\/wp-content\/uploads\/2019\/04\/2-Primeiro-Termo-Aditivo-20-12-2018-Plano-de-Trabalho-Anexo.pdf\">2 - Primeiro Termo Aditivo - 20-12-2018 - Plano de Trabalho Anexo<\/a><\/td><td class=\"column-3\">Repasse de valores mensais \u2013 Bolsa de Estudo, a ser realizado pela ora denominada CONCEDENTE, visando pagamento anual de R$ 5.000,00 (cinco mil reais) a serem divididos a alunos indicados por ela, matriculados nos Cursos de Gradua\u00e7\u00e3o, na entidade de ensino ora denominada PROPONENTE, no Polo de Apoio Presencial de Arax\u00e1, como forma de desconto no valor das mensalidades.<\/td><td class=\"column-4\">25\/04\/2019<\/td><td class=\"column-5\"><\/td>\n<\/tr>\n<tr class=\"row-48\">\n\t<td class=\"column-1\">S\/N - Parceria UNIUBE<\/td><td class=\"column-2\"><a href=\"http:\/\/www.pratinha.mg.gov.br\/portal\/wp-content\/uploads\/2019\/04\/3-Extrato-de-Aditivo-2018.pdf\">3 - Extrato de Aditivo 2018<\/a><\/td><td class=\"column-3\">Repasse de valores mensais \u2013 Bolsa de Estudo, a ser realizado pela ora denominada CONCEDENTE, visando pagamento anual de R$ 5.000,00 (cinco mil reais) a serem divididos a alunos indicados por ela, matriculados nos Cursos de Gradua\u00e7\u00e3o, na entidade de ensino ora denominada PROPONENTE, no Polo de Apoio Presencial de Arax\u00e1, como forma de desconto no valor das mensalidades.<\/td><td class=\"column-4\">25\/04\/2019<\/td><td class=\"column-5\"><\/td>\n<\/tr>\n<tr class=\"row-49\">\n\t<td class=\"column-1\">S\/N - Parceria UNIUBE<\/td><td class=\"column-2\"><a href=\"http:\/\/www.pratinha.mg.gov.br\/portal\/wp-content\/uploads\/2019\/04\/4-Rela\u00e7\u00e3o-de-Alunos-dezembro-2018.xls\">4 - Rela\u00e7\u00e3o de Alunos dezembro-2018<\/a><\/td><td class=\"column-3\">Repasse de valores mensais \u2013 Bolsa de Estudo, a ser realizado pela ora denominada CONCEDENTE, visando pagamento anual de R$ 5.000,00 (cinco mil reais) a serem divididos a alunos indicados por ela, matriculados nos Cursos de Gradua\u00e7\u00e3o, na entidade de ensino ora denominada PROPONENTE, no Polo de Apoio Presencial de Arax\u00e1, como forma de desconto no valor das mensalidades.<\/td><td class=\"column-4\">25\/04\/2019<\/td><td class=\"column-5\"><\/td>\n<\/tr>\n<tr class=\"row-50\">\n\t<td class=\"column-1\">S\/N - Parceria UNIUBE - Presta\u00e7\u00e3o de Contas - Fevereiro 2019<\/td><td class=\"column-2\"><a href=\"http:\/\/www.pratinha.mg.gov.br\/portal\/wp-content\/uploads\/2019\/04\/5-Rela\u00e7\u00e3o-de-Alunos-Fevereiro-2019.pdf\">5 - Rela\u00e7\u00e3o de Alunos - Fevereiro-2019<\/a><\/td><td class=\"column-3\">Repasse de valores mensais \u2013 Bolsa de Estudo, a ser realizado pela ora denominada CONCEDENTE, visando pagamento anual de R$ 5.000,00 (cinco mil reais) a serem divididos a alunos indicados por ela, matriculados nos Cursos de Gradua\u00e7\u00e3o, na entidade de ensino ora denominada PROPONENTE, no Polo de Apoio Presencial de Arax\u00e1, como forma de desconto no valor das mensalidades.<\/td><td class=\"column-4\">25\/04\/2019<\/td><td class=\"column-5\"><\/td>\n<\/tr>\n<tr class=\"row-51\">\n\t<td class=\"column-1\">S\/N - Parceria UNIUBE - Presta\u00e7\u00e3o de Contas - Fevereiro a Junho2019<\/td><td class=\"column-2\"><a href=\"http:\/\/www.pratinha.mg.gov.br\/portal\/wp-content\/uploads\/2019\/09\/4-Rela\u00e7\u00e3o-de-Alunos-Fevereiro-a-Junho-2019.xls\">4 - Rela\u00e7\u00e3o de Alunos Fevereiro a Junho-2019<\/a><\/td><td class=\"column-3\">Repasse de valores mensais \u2013 Bolsa de Estudo, a ser realizado pela ora denominada CONCEDENTE, visando pagamento anual de R$ 5.000,00 (cinco mil reais) a serem divididos a alunos indicados por ela, matriculados nos Cursos de Gradua\u00e7\u00e3o, na entidade de ensino ora denominada PROPONENTE, no Polo de Apoio Presencial de Arax\u00e1, como forma de desconto no valor das mensalidades.<\/td><td class=\"column-4\">28\/05\/2019<\/td><td class=\"column-5\"><\/td>\n<\/tr>\n<tr class=\"row-52\">\n\t<td class=\"column-1\">S\/N - Parceria UNIUBE  - Presta\u00e7\u00e3o de Contas - Fevereiro a Julho 2019<\/td><td class=\"column-2\"><a href=\"http:\/\/www.pratinha.mg.gov.br\/portal\/wp-content\/uploads\/2019\/09\/4-Rela\u00e7\u00e3o-de-Alunos-Fevereiro-a-Julho-2019.xls\">4 - Rela\u00e7\u00e3o de Alunos Fevereiro a Julho-2019<\/a><\/td><td class=\"column-3\">Repasse de valores mensais \u2013 Bolsa de Estudo, a ser realizado pela ora denominada CONCEDENTE, visando pagamento anual de R$ 5.000,00 (cinco mil reais) a serem divididos a alunos indicados por ela, matriculados nos Cursos de Gradua\u00e7\u00e3o, na entidade de ensino ora denominada PROPONENTE, no Polo de Apoio Presencial de Arax\u00e1, como forma de desconto no valor das mensalidades.<\/td><td class=\"column-4\">03\/07\/2019<\/td><td class=\"column-5\"><\/td>\n<\/tr>\n<tr class=\"row-53\">\n\t<td class=\"column-1\">S\/N - Parceria UNIUBE - Presta\u00e7\u00e3o de Contas - Fevereiro a Agosto 2019<\/td><td class=\"column-2\"><a href=\"http:\/\/www.pratinha.mg.gov.br\/portal\/wp-content\/uploads\/2019\/09\/4-Rela\u00e7\u00e3o-de-Alunos-Fevereiro-a-Agosto-2019.xls\">4 - Rela\u00e7\u00e3o de Alunos Fevereiro a Agosto-2019<\/a><\/td><td class=\"column-3\">Repasse de valores mensais \u2013 Bolsa de Estudo, a ser realizado pela ora denominada CONCEDENTE, visando pagamento anual de R$ 5.000,00 (cinco mil reais) a serem divididos a alunos indicados por ela, matriculados nos Cursos de Gradua\u00e7\u00e3o, na entidade de ensino ora denominada PROPONENTE, no Polo de Apoio Presencial de Arax\u00e1, como forma de desconto no valor das mensalidades.<\/td><td class=\"column-4\">05\/08\/2019<\/td><td class=\"column-5\"><\/td>\n<\/tr>\n<tr class=\"row-54\">\n\t<td class=\"column-1\">S\/N - Parceria UNIUBE - Presta\u00e7\u00e3o de Contas - Fevereiro a Setembro<br \/>\n 2019<\/td><td class=\"column-2\"><a href=\"http:\/\/www.pratinha.mg.gov.br\/portal\/wp-content\/uploads\/2019\/09\/4-Rela\u00e7\u00e3o-de-Alunos-Fevereiro-a-Setembro-2019.xls\">4 - Rela\u00e7\u00e3o de Alunos Fevereiro a Setembro-2019<\/a><\/td><td class=\"column-3\">Repasse de valores mensais \u2013 Bolsa de Estudo, a ser realizado pela ora denominada CONCEDENTE, visando pagamento anual de R$ 5.000,00 (cinco mil reais) a serem divididos a alunos indicados por ela, matriculados nos Cursos de Gradua\u00e7\u00e3o, na entidade de ensino ora denominada PROPONENTE, no Polo de Apoio Presencial de Arax\u00e1, como forma de desconto no valor das mensalidades.<\/td><td class=\"column-4\">04\/09\/2019<\/td><td class=\"column-5\"><\/td>\n<\/tr>\n<tr class=\"row-55\">\n\t<td class=\"column-1\">S\/N - Parceria UNIUBE - Presta\u00e7\u00e3o de Contas - Fevereiro a Outubro<br \/>\n 2019<\/td><td class=\"column-2\"><a href=\"http:\/\/www.pratinha.mg.gov.br\/portal\/wp-content\/uploads\/2019\/10\/4-Rela\u00e7\u00e3o-de-Alunos-Fevereiro-a-Outubro-2019.xls\">4 - Rela\u00e7\u00e3o de Alunos Fevereiro a Outubro-2019<\/a><\/td><td class=\"column-3\">Repasse de valores mensais \u2013 Bolsa de Estudo, a ser realizado pela ora denominada CONCEDENTE, visando pagamento anual de R$ 5.000,00 (cinco mil reais) a serem divididos a alunos indicados por ela, matriculados nos Cursos de Gradua\u00e7\u00e3o, na entidade de ensino ora denominada PROPONENTE, no Polo de Apoio Presencial de Arax\u00e1, como forma de desconto no valor das mensalidades.<\/td><td class=\"column-4\">01\/10\/2019<\/td><td class=\"column-5\"><\/td>\n<\/tr>\n<tr class=\"row-56\">\n\t<td class=\"column-1\">S\/N - Parceria UNIUBE - Presta\u00e7\u00e3o de Contas - Fevereiro a Novembro<br \/>\n 2019<\/td><td class=\"column-2\"><a href=\"http:\/\/www.pratinha.mg.gov.br\/portal\/wp-content\/uploads\/2019\/10\/4-Rela\u00e7\u00e3o-de-Alunos-Fevereiro-a-Novembro-2019.xls\">4 - Rela\u00e7\u00e3o de Alunos Fevereiro a Novembro-2019<\/a><\/td><td class=\"column-3\">Repasse de valores mensais \u2013 Bolsa de Estudo, a ser realizado pela ora denominada CONCEDENTE, visando pagamento anual de R$ 5.000,00 (cinco mil reais) a serem divididos a alunos indicados por ela, matriculados nos Cursos de Gradua\u00e7\u00e3o, na entidade de ensino ora denominada PROPONENTE, no Polo de Apoio Presencial de Arax\u00e1, como forma de desconto no valor das mensalidades.<\/td><td class=\"column-4\">25\/10\/2019<\/td><td class=\"column-5\"><\/td>\n<\/tr>\n<tr class=\"row-57\">\n\t<td class=\"column-1\">S\/N - Parceria UNIUBE - Presta\u00e7\u00e3o de Contas - Fevereiro a Novembro<br \/>\n 2019<\/td><td class=\"column-2\"><a href=\"http:\/\/www.pratinha.mg.gov.br\/portal\/wp-content\/uploads\/2019\/11\/4-Rela\u00e7\u00e3o-de-Alunos-Fevereiro-a-Dezembro-2019.xls\">4 - Rela\u00e7\u00e3o de Alunos Fevereiro a Dezembro-2019<\/a><\/td><td class=\"column-3\">Repasse de valores mensais \u2013 Bolsa de Estudo, a ser realizado pela ora denominada CONCEDENTE, visando pagamento anual de R$ 5.000,00 (cinco mil reais) a serem divididos a alunos indicados por ela, matriculados nos Cursos de Gradua\u00e7\u00e3o, na entidade de ensino ora denominada PROPONENTE, no Polo de Apoio Presencial de Arax\u00e1, como forma de desconto no valor das mensalidades.<\/td><td class=\"column-4\">29\/11\/2019<\/td><td class=\"column-5\"><\/td>\n<\/tr>\n<tr class=\"row-58\">\n\t<td class=\"column-1\">S\/N - Parceria UNIUBE - 2\u00ba Termo Aditivo<\/td><td class=\"column-2\"><a href=\"http:\/\/www.pratinha.mg.gov.br\/portal\/wp-content\/uploads\/2020\/01\/2-2\u00ba-Termo-Aditivo-23-12-2019-Plano-de-Trabalho-Anexo.pdf\">2 - 2\u00ba Termo Aditivo - 23-12-2019 - Plano de Trabalho Anexo<\/a><\/td><td class=\"column-3\">Repasse de valores mensais \u2013 Bolsa de Estudo, a ser realizado pela ora denominada CONCEDENTE, visando pagamento anual de R$ 5.000,00 (cinco mil reais) a serem divididos a alunos indicados por ela, matriculados nos Cursos de Gradua\u00e7\u00e3o, na entidade de ensino ora denominada PROPONENTE, no Polo de Apoio Presencial de Arax\u00e1, como forma de desconto no valor das mensalidades.<\/td><td class=\"column-4\">02\/01\/2020<\/td><td class=\"column-5\"><\/td>\n<\/tr>\n<tr class=\"row-59\">\n\t<td class=\"column-1\">S\/N - Parceria UNIUBE - Presta\u00e7\u00e3o de Contas - Fevereiro 2020<\/td><td class=\"column-2\"><a href=\"http:\/\/www.pratinha.mg.gov.br\/portal\/wp-content\/uploads\/2020\/02\/4-Rela\u00e7\u00e3o-de-Alunos-Fevereiro-a-Mar\u00e7o-2020.xls\">4 - Rela\u00e7\u00e3o de Alunos Fevereiro a Mar\u00e7o-2020<\/a><\/td><td class=\"column-3\">Repasse de valores mensais \u2013 Bolsa de Estudo, a ser realizado pela ora denominada CONCEDENTE, visando pagamento anual de R$ 5.000,00 (cinco mil reais) a serem divididos a alunos indicados por ela, matriculados nos Cursos de Gradua\u00e7\u00e3o, na entidade de ensino ora denominada PROPONENTE, no Polo de Apoio Presencial de Arax\u00e1, como forma de desconto no valor das mensalidades.<\/td><td class=\"column-4\">28\/02\/2020<\/td><td class=\"column-5\"><\/td>\n<\/tr>\n<tr class=\"row-60\">\n\t<td class=\"column-1\">S\/N - Parceria UNIUBE - Presta\u00e7\u00e3o de Contas - Fevereiro a Mar\u00e7o<br \/>\n 2020<\/td><td class=\"column-2\"><a href=\"http:\/\/www.pratinha.mg.gov.br\/portal\/wp-content\/uploads\/2020\/03\/5-Rela\u00e7\u00e3o-de-Alunos-Fevereiro-a-Mar\u00e7o-2020.pdf\">5 - Rela\u00e7\u00e3o de Alunos - Fevereiro a Mar\u00e7o-2020<\/a><\/td><td class=\"column-3\">Repasse de valores mensais \u2013 Bolsa de Estudo, a ser realizado pela ora denominada CONCEDENTE, visando pagamento anual de R$ 5.000,00 (cinco mil reais) a serem divididos a alunos indicados por ela, matriculados nos Cursos de Gradua\u00e7\u00e3o, na entidade de ensino ora denominada PROPONENTE, no Polo de Apoio Presencial de Arax\u00e1, como forma de desconto no valor das mensalidades.<\/td><td class=\"column-4\">23\/03\/2020<\/td><td class=\"column-5\"><\/td>\n<\/tr>\n<tr class=\"row-61\">\n\t<td class=\"column-1\">S\/N - Parceria UNIUBE - Presta\u00e7\u00e3o de Contas - Fevereiro a Abril<br \/>\n 2020<\/td><td class=\"column-2\"><a href=\"http:\/\/www.pratinha.mg.gov.br\/portal\/wp-content\/uploads\/2020\/04\/4-Rela\u00e7\u00e3o-de-Alunos-Fevereiro-a-Abril-2020.xls\">4 - Rela\u00e7\u00e3o de Alunos Fevereiro a Abril-2020<\/a><\/td><td class=\"column-3\">Repasse de valores mensais \u2013 Bolsa de Estudo, a ser realizado pela ora denominada CONCEDENTE, visando pagamento anual de R$ 5.000,00 (cinco mil reais) a serem divididos a alunos indicados por ela, matriculados nos Cursos de Gradua\u00e7\u00e3o, na entidade de ensino ora denominada PROPONENTE, no Polo de Apoio Presencial de Arax\u00e1, como forma de desconto no valor das mensalidades.<\/td><td class=\"column-4\">08\/04\/2020<\/td><td class=\"column-5\"><\/td>\n<\/tr>\n<tr class=\"row-62\">\n\t<td class=\"column-1\">S\/N - Parceria UNIUBE - Presta\u00e7\u00e3o de Contas - Fevereiro a Maio<br \/>\n 2020<\/td><td class=\"column-2\"><a href=\"http:\/\/www.pratinha.mg.gov.br\/portal\/wp-content\/uploads\/2020\/05\/4-Rela\u00e7\u00e3o-de-Alunos-Fevereiro-a-Maio-2020.xls\">4 - Rela\u00e7\u00e3o de Alunos Fevereiro a Maio-2020<\/a><\/td><td class=\"column-3\">Repasse de valores mensais \u2013 Bolsa de Estudo, a ser realizado pela ora denominada CONCEDENTE, visando pagamento anual de R$ 5.000,00 (cinco mil reais) a serem divididos a alunos indicados por ela, matriculados nos Cursos de Gradua\u00e7\u00e3o, na entidade de ensino ora denominada PROPONENTE, no Polo de Apoio Presencial de Arax\u00e1, como forma de desconto no valor das mensalidades.<\/td><td class=\"column-4\">07\/05\/2020<\/td><td class=\"column-5\"><\/td>\n<\/tr>\n<tr class=\"row-63\">\n\t<td class=\"column-1\">S\/N - Parceria UNIUBE - Presta\u00e7\u00e3o de Contas - Fevereiro a Junho<br \/>\n 2020<\/td><td class=\"column-2\"><a href=\"http:\/\/www.pratinha.mg.gov.br\/portal\/wp-content\/uploads\/2020\/06\/4-Rela\u00e7\u00e3o-de-Alunos-Fevereiro-a-Junho-2020.xls\">4 - Rela\u00e7\u00e3o de Alunos Fevereiro a Junho-2020<\/a><\/td><td class=\"column-3\">Repasse de valores mensais \u2013 Bolsa de Estudo, a ser realizado pela ora denominada CONCEDENTE, visando pagamento anual de R$ 5.000,00 (cinco mil reais) a serem divididos a alunos indicados por ela, matriculados nos Cursos de Gradua\u00e7\u00e3o, na entidade de ensino ora denominada PROPONENTE, no Polo de Apoio Presencial de Arax\u00e1, como forma de desconto no valor das mensalidades.<\/td><td class=\"column-4\">05\/06\/2020<\/td><td class=\"column-5\"><\/td>\n<\/tr>\n<tr class=\"row-64\">\n\t<td class=\"column-1\">S\/N - Parceria UNIUBE - Presta\u00e7\u00e3o de Contas - Fevereiro a Julho<br \/>\n 2020<\/td><td class=\"column-2\"><a href=\"http:\/\/www.pratinha.mg.gov.br\/portal\/wp-content\/uploads\/2020\/07\/4-Rela\u00e7\u00e3o-de-Alunos-Fevereiro-a-Julho-2020.xls\">4 - Rela\u00e7\u00e3o de Alunos Fevereiro a Julho-2020<\/a><\/td><td class=\"column-3\">Repasse de valores mensais \u2013 Bolsa de Estudo, a ser realizado pela ora denominada CONCEDENTE, visando pagamento anual de R$ 5.000,00 (cinco mil reais) a serem divididos a alunos indicados por ela, matriculados nos Cursos de Gradua\u00e7\u00e3o, na entidade de ensino ora denominada PROPONENTE, no Polo de Apoio Presencial de Arax\u00e1, como forma de desconto no valor das mensalidades.<\/td><td class=\"column-4\">23\/07\/2020<\/td><td class=\"column-5\"><\/td>\n<\/tr>\n<tr class=\"row-65\">\n\t<td class=\"column-1\">S\/N - Parceria UNIUBE - Presta\u00e7\u00e3o de Contas - Fevereiro a Agosto<br \/>\n 2020<\/td><td class=\"column-2\"><a href=\"http:\/\/www.pratinha.mg.gov.br\/portal\/wp-content\/uploads\/2020\/08\/4-Rela\u00e7\u00e3o-de-Alunos-Fevereiro-a-Agosto-2020.xls\">4 - Rela\u00e7\u00e3o de Alunos Fevereiro a Agosto-2020<\/a><\/td><td class=\"column-3\">Repasse de valores mensais \u2013 Bolsa de Estudo, a ser realizado pela ora denominada CONCEDENTE, visando pagamento anual de R$ 5.000,00 (cinco mil reais) a serem divididos a alunos indicados por ela, matriculados nos Cursos de Gradua\u00e7\u00e3o, na entidade de ensino ora denominada PROPONENTE, no Polo de Apoio Presencial de Arax\u00e1, como forma de desconto no valor das mensalidades.<\/td><td class=\"column-4\">11\/08\/2020<\/td><td class=\"column-5\"><\/td>\n<\/tr>\n<tr class=\"row-66\">\n\t<td class=\"column-1\">S\/N - Parceria UNIUBE - Presta\u00e7\u00e3o de Contas - Fevereiro a Setembro<br \/>\n 2020<\/td><td class=\"column-2\"><a href=\"http:\/\/www.pratinha.mg.gov.br\/portal\/wp-content\/uploads\/2020\/09\/4-Relacao-de-Alunos-Fevereiro-a-Setembro-2020.xls\">4 - Rela\u00e7\u00e3o de Alunos Fevereiro a Setembro-2020<\/a><\/td><td class=\"column-3\">Repasse de valores mensais \u2013 Bolsa de Estudo, a ser realizado pela ora denominada CONCEDENTE, visando pagamento anual de R$ 5.000,00 (cinco mil reais) a serem divididos a alunos indicados por ela, matriculados nos Cursos de Gradua\u00e7\u00e3o, na entidade de ensino ora denominada PROPONENTE, no Polo de Apoio Presencial de Arax\u00e1, como forma de desconto no valor das mensalidades.<\/td><td class=\"column-4\">09\/09\/2020<\/td><td class=\"column-5\"><\/td>\n<\/tr>\n<tr class=\"row-67\">\n\t<td class=\"column-1\">S\/N - Parceria UNIUBE - Presta\u00e7\u00e3o de Contas - Fevereiro a Outubro<br \/>\n 2020<\/td><td class=\"column-2\"><a href=\"http:\/\/www.pratinha.mg.gov.br\/portal\/wp-content\/uploads\/2020\/10\/4-Relacao-de-Alunos-Fevereiro-a-Outubro-2020.xls\">4 - Rela\u00e7\u00e3o de Alunos Fevereiro a Outubro-2020<\/a><\/td><td class=\"column-3\">Repasse de valores mensais \u2013 Bolsa de Estudo, a ser realizado pela ora denominada CONCEDENTE, visando pagamento anual de R$ 5.000,00 (cinco mil reais) a serem divididos a alunos indicados por ela, matriculados nos Cursos de Gradua\u00e7\u00e3o, na entidade de ensino ora denominada PROPONENTE, no Polo de Apoio Presencial de Arax\u00e1, como forma de desconto no valor das mensalidades.<\/td><td class=\"column-4\">14\/10\/2020<\/td><td class=\"column-5\"><\/td>\n<\/tr>\n<tr class=\"row-68\">\n\t<td class=\"column-1\">S\/N - Parceria UNIUBE - Presta\u00e7\u00e3o de Contas - Fevereiro a Novembro<br \/>\n 2020<\/td><td class=\"column-2\"><a href=\"http:\/\/www.pratinha.mg.gov.br\/portal\/wp-content\/uploads\/2020\/11\/4-Novembro-2020.xls\">4 - Novembro-2020<\/a><\/td><td class=\"column-3\">Repasse de valores mensais \u2013 Bolsa de Estudo, a ser realizado pela ora denominada CONCEDENTE, visando pagamento anual de R$ 5.000,00 (cinco mil reais) a serem divididos a alunos indicados por ela, matriculados nos Cursos de Gradua\u00e7\u00e3o, na entidade de ensino ora denominada PROPONENTE, no Polo de Apoio Presencial de Arax\u00e1, como forma de desconto no valor das mensalidades.<\/td><td class=\"column-4\">05\/11\/2020<\/td><td class=\"column-5\"><\/td>\n<\/tr>\n<tr class=\"row-69\">\n\t<td class=\"column-1\">S\/N - Parceria UNIUBE - Presta\u00e7\u00e3o de Contas - Fevereiro a Dezembro<\/td><td class=\"column-2\"><a href=\"http:\/\/www.pratinha.mg.gov.br\/portal\/wp-content\/uploads\/2020\/12\/4-Relacao-de-Alunos-Fevereiro-a-Dezembro-2020.xls\">4 - Rela\u00e7\u00e3o de Alunos Fevereiro a Dezembro-2020<\/a><\/td><td class=\"column-3\">Repasse de valores mensais \u2013 Bolsa de Estudo, a ser realizado pela ora denominada CONCEDENTE, visando pagamento anual de R$ 5.000,00 (cinco mil reais) a serem divididos a alunos indicados por ela, matriculados nos Cursos de Gradua\u00e7\u00e3o, na entidade de ensino ora denominada PROPONENTE, no Polo de Apoio Presencial de Arax\u00e1, como forma de desconto no valor das mensalidades.<\/td><td class=\"column-4\">11\/12\/2020<\/td><td class=\"column-5\"><\/td>\n<\/tr>\n<tr class=\"row-70\">\n\t<td class=\"column-1\"><\/td><td class=\"column-2\"><\/td><td class=\"column-3\"><\/td><td class=\"column-4\"><\/td><td class=\"column-5\"><\/td>\n<\/tr>\n<tr class=\"row-71\">\n\t<td class=\"column-1\"><\/td><td class=\"column-2\"><\/td><td class=\"column-3\"><\/td><td class=\"column-4\"><\/td><td class=\"column-5\"><\/td>\n<\/tr>\n<tr class=\"row-72\">\n\t<td class=\"column-1\"><\/td><td class=\"column-2\"><\/td><td class=\"column-3\"><\/td><td class=\"column-4\"><\/td><td class=\"column-5\"><\/td>\n<\/tr>\n<tr class=\"row-73\">\n\t<td class=\"column-1\">S\/N - Parceria UNIARAX\u00c1<\/td><td class=\"column-2\"><a href=\"http:\/\/www.pratinha.mg.gov.br\/portal\/wp-content\/uploads\/2019\/04\/1-Termo-de-Fomento-02-2017-e-Pano-de-Trabalho.pdf\">1- Termo de Fomento 02-2017 e Pano de Trabalho<\/a><\/td><td class=\"column-3\">Articula\u00e7\u00e3o interinstitucional e respectivas compet\u00eancias entre as partes, visando tamb\u00e9m \u00e0 concess\u00e3o de desconto aos alunos dos Cursos de Gradua\u00e7\u00e3o e P\u00f3s-Gradua\u00e7\u00e3o do UNIARAXA, oriundos do munic\u00edpio de PRATINHA, devidamente encaminhados pelo Prefeito, com vistas ao acesso e perman\u00eancia dos mesmos no Ensino Superior.<\/td><td class=\"column-4\">26\/04\/2019<\/td><td class=\"column-5\"><\/td>\n<\/tr>\n<tr class=\"row-74\">\n\t<td class=\"column-1\">S\/N - Parceria UNIARAX\u00c1<\/td><td class=\"column-2\"><a href=\"http:\/\/www.pratinha.mg.gov.br\/portal\/wp-content\/uploads\/2019\/04\/2-Plano-de-Trabalho-Per\u00edodo-02-10-18-a-31-12-18.pdf\">2- Plano de Trabalho - Per\u00edodo 02-10-18 a 31-12-18<\/a><\/td><td class=\"column-3\">Articula\u00e7\u00e3o interinstitucional e respectivas compet\u00eancias entre as partes, visando tamb\u00e9m \u00e0 concess\u00e3o de desconto aos alunos dos Cursos de Gradua\u00e7\u00e3o e P\u00f3s-Gradua\u00e7\u00e3o do UNIARAXA, oriundos do munic\u00edpio de PRATINHA, devidamente encaminhados pelo Prefeito, com vistas ao acesso e perman\u00eancia dos mesmos no Ensino Superior.<\/td><td class=\"column-4\">26\/04\/2019<\/td><td class=\"column-5\"><\/td>\n<\/tr>\n<tr class=\"row-75\">\n\t<td class=\"column-1\">S\/N - Parceria UNIARAX\u00c1<\/td><td class=\"column-2\"><a href=\"http:\/\/www.pratinha.mg.gov.br\/portal\/wp-content\/uploads\/2019\/04\/3-1\u00ba-Termo-Aditivo-02-10-2018.pdf\">3- 1\u00ba Termo Aditivo 02-10-2018<\/a><\/td><td class=\"column-3\">Articula\u00e7\u00e3o interinstitucional e respectivas compet\u00eancias entre as partes, visando tamb\u00e9m \u00e0 concess\u00e3o de desconto aos alunos dos Cursos de Gradua\u00e7\u00e3o e P\u00f3s-Gradua\u00e7\u00e3o do UNIARAXA, oriundos do munic\u00edpio de PRATINHA, devidamente encaminhados pelo Prefeito, com vistas ao acesso e perman\u00eancia dos mesmos no Ensino Superior.<\/td><td class=\"column-4\">26\/04\/2019<\/td><td class=\"column-5\"><\/td>\n<\/tr>\n<tr class=\"row-76\">\n\t<td class=\"column-1\">S\/N - Parceria UNIARAX\u00c1<\/td><td class=\"column-2\"><a href=\"http:\/\/www.pratinha.mg.gov.br\/portal\/wp-content\/uploads\/2019\/04\/4-Extrato-do-1\u00ba-Aditivo-03-10-2018.pdf\">4- Extrato do 1\u00ba Aditivo - 03-10-2018<\/a><\/td><td class=\"column-3\">Articula\u00e7\u00e3o interinstitucional e respectivas compet\u00eancias entre as partes, visando tamb\u00e9m \u00e0 concess\u00e3o de desconto aos alunos dos Cursos de Gradua\u00e7\u00e3o e P\u00f3s-Gradua\u00e7\u00e3o do UNIARAXA, oriundos do munic\u00edpio de PRATINHA, devidamente encaminhados pelo Prefeito, com vistas ao acesso e perman\u00eancia dos mesmos no Ensino Superior.<\/td><td class=\"column-4\">26\/04\/2019<\/td><td class=\"column-5\"><\/td>\n<\/tr>\n<tr class=\"row-77\">\n\t<td class=\"column-1\">S\/N - Parceria UNIARAX\u00c1<\/td><td class=\"column-2\"><a href=\"http:\/\/www.pratinha.mg.gov.br\/portal\/wp-content\/uploads\/2019\/04\/5-Plano-de-Trabalho-Per\u00edodo-01-01-19-a-31-12-19.pdf\">5- Plano de Trabalho - Per\u00edodo 01-01-19 a 31-12-19<\/a><\/td><td class=\"column-3\">Articula\u00e7\u00e3o interinstitucional e respectivas compet\u00eancias entre as partes, visando tamb\u00e9m \u00e0 concess\u00e3o de desconto aos alunos dos Cursos de Gradua\u00e7\u00e3o e P\u00f3s-Gradua\u00e7\u00e3o do UNIARAXA, oriundos do munic\u00edpio de PRATINHA, devidamente encaminhados pelo Prefeito, com vistas ao acesso e perman\u00eancia dos mesmos no Ensino Superior.<\/td><td class=\"column-4\">26\/04\/2019<\/td><td class=\"column-5\"><\/td>\n<\/tr>\n<tr class=\"row-78\">\n\t<td class=\"column-1\">S\/N - Parceria UNIARAX\u00c1 - Presta\u00e7\u00e3o de Contas - Fevereiro a Mar\u00e7o 2019<\/td><td class=\"column-2\"><a href=\"http:\/\/www.pratinha.mg.gov.br\/portal\/wp-content\/uploads\/2019\/04\/6-Rela\u00e7\u00e3o-de-alunos-UNIARAXA-Mar\u00e7o-2019.pdf\">6- Rela\u00e7\u00e3o de alunos UNIARAX\u00c1 - Mar\u00e7o 2019<\/a><\/td><td class=\"column-3\">Articula\u00e7\u00e3o interinstitucional e respectivas compet\u00eancias entre as partes, visando tamb\u00e9m \u00e0 concess\u00e3o de desconto aos alunos dos Cursos de Gradua\u00e7\u00e3o e P\u00f3s-Gradua\u00e7\u00e3o do UNIARAXA, oriundos do munic\u00edpio de PRATINHA, devidamente encaminhados pelo Prefeito, com vistas ao acesso e perman\u00eancia dos mesmos no Ensino Superior.<\/td><td class=\"column-4\">26\/04\/2019<\/td><td class=\"column-5\"><\/td>\n<\/tr>\n<tr class=\"row-79\">\n\t<td class=\"column-1\">S\/N - Parceria UNIARAX\u00c1 - Presta\u00e7\u00e3o de Contas - Abril 2019<\/td><td class=\"column-2\"><a href=\"http:\/\/www.pratinha.mg.gov.br\/portal\/wp-content\/uploads\/2019\/04\/7-Rela\u00e7\u00e3o-de-alunos-UNIARAXA-Abril-2019.pdf\">7- Rela\u00e7\u00e3o de alunos UNIARAX\u00c1 - Abril 2019<\/a><\/td><td class=\"column-3\">Articula\u00e7\u00e3o interinstitucional e respectivas compet\u00eancias entre as partes, visando tamb\u00e9m \u00e0 concess\u00e3o de desconto aos alunos dos Cursos de Gradua\u00e7\u00e3o e P\u00f3s-Gradua\u00e7\u00e3o do UNIARAXA, oriundos do munic\u00edpio de PRATINHA, devidamente encaminhados pelo Prefeito, com vistas ao acesso e perman\u00eancia dos mesmos no Ensino Superior.<\/td><td class=\"column-4\">26\/04\/2019<\/td><td class=\"column-5\"><\/td>\n<\/tr>\n<tr class=\"row-80\">\n\t<td class=\"column-1\">S\/N - Parceria UNIARAX\u00c1 - Presta\u00e7\u00e3o de Contas - Maio 2019<\/td><td class=\"column-2\"><a href=\"http:\/\/www.pratinha.mg.gov.br\/portal\/wp-content\/uploads\/2019\/09\/8-Rela\u00e7\u00e3o-de-alunos-para-pagamento-Maio-2019.pdf\">8- Rela\u00e7\u00e3o de alunos para pagamento - Maio 2019<\/a><\/td><td class=\"column-3\">desconto aos alunos dos Cursos de Gradua\u00e7\u00e3o e P\u00f3s-Gradua\u00e7\u00e3o do UNIARAXA, oriundos do munic\u00edpio de PRATINHA, devidamente encaminhados pelo Prefeito, com vistas ao acesso e perman\u00eancia dos mesmos no Ensino Superior.<\/td><td class=\"column-4\">20\/05\/2019<\/td><td class=\"column-5\"><\/td>\n<\/tr>\n<tr class=\"row-81\">\n\t<td class=\"column-1\">S\/N - Parceria UNIARAX\u00c1 - Presta\u00e7\u00e3o de Contas - Junho 2019<\/td><td class=\"column-2\"><a href=\"http:\/\/www.pratinha.mg.gov.br\/portal\/wp-content\/uploads\/2019\/09\/9-Rela\u00e7\u00e3o-de-alunos-para-pagamento-Junho-2019.pdf\">9- Rela\u00e7\u00e3o de alunos para pagamento - Junho 2019<\/a><\/td><td class=\"column-3\">desconto aos alunos dos Cursos de Gradua\u00e7\u00e3o e P\u00f3s-Gradua\u00e7\u00e3o do UNIARAXA, oriundos do munic\u00edpio de PRATINHA, devidamente encaminhados pelo Prefeito, com vistas ao acesso e perman\u00eancia dos mesmos no Ensino Superior.<\/td><td class=\"column-4\">19\/06\/2019<\/td><td class=\"column-5\"><\/td>\n<\/tr>\n<tr class=\"row-82\">\n\t<td class=\"column-1\">S\/N - Parceria UNIARAX\u00c1 - Presta\u00e7\u00e3o de Contas - Julho 2019<\/td><td class=\"column-2\"><a href=\"http:\/\/www.pratinha.mg.gov.br\/portal\/wp-content\/uploads\/2019\/09\/10-Rela\u00e7\u00e3o-de-alunos-para-pagamento-Julho-2019-1.pdf\">10- Rela\u00e7\u00e3o de alunos para pagamento - Julho 2019<\/a><\/td><td class=\"column-3\">desconto aos alunos dos Cursos de Gradua\u00e7\u00e3o e P\u00f3s-Gradua\u00e7\u00e3o do UNIARAXA, oriundos do munic\u00edpio de PRATINHA, devidamente encaminhados pelo Prefeito, com vistas ao acesso e perman\u00eancia dos mesmos no Ensino Superior.<\/td><td class=\"column-4\">17\/07\/2019<\/td><td class=\"column-5\"><\/td>\n<\/tr>\n<tr class=\"row-83\">\n\t<td class=\"column-1\">S\/N - Parceria UNIARAX\u00c1 - Presta\u00e7\u00e3o de Contas - Agosto <br \/>\n2019<\/td><td class=\"column-2\"><a href=\"http:\/\/www.pratinha.mg.gov.br\/portal\/wp-content\/uploads\/2019\/09\/10-Rela\u00e7\u00e3o-de-alunos-para-pagamento-Agosto-2019.pdf\">10- Rela\u00e7\u00e3o de alunos para pagamento - Agosto 2019<\/a><\/td><td class=\"column-3\">desconto aos alunos dos Cursos de Gradua\u00e7\u00e3o e P\u00f3s-Gradua\u00e7\u00e3o do UNIARAXA, oriundos do munic\u00edpio de PRATINHA, devidamente encaminhados pelo Prefeito, com vistas ao acesso e perman\u00eancia dos mesmos no Ensino Superior.<\/td><td class=\"column-4\">20\/08\/2019<\/td><td class=\"column-5\"><\/td>\n<\/tr>\n<tr class=\"row-84\">\n\t<td class=\"column-1\">S\/N - Parceria UNIARAX\u00c1 - Presta\u00e7\u00e3o de Contas - Setembro <br \/>\n2019<\/td><td class=\"column-2\"><a href=\"http:\/\/www.pratinha.mg.gov.br\/portal\/wp-content\/uploads\/2019\/09\/10-Rela\u00e7\u00e3o-de-alunos-para-pagamento-Setembro-2019.pdf\">10- Rela\u00e7\u00e3o de alunos para pagamento - Setembro 2019<\/a><\/td><td class=\"column-3\">Desconto aos alunos dos Cursos de Gradua\u00e7\u00e3o e P\u00f3s-Gradua\u00e7\u00e3o do UNIARAXA, oriundos do munic\u00edpio de PRATINHA, devidamente encaminhados pelo Prefeito, com vistas ao acesso e perman\u00eancia dos mesmos no Ensino Superior.<\/td><td class=\"column-4\">23\/09\/2019<\/td><td class=\"column-5\"><\/td>\n<\/tr>\n<tr class=\"row-85\">\n\t<td class=\"column-1\">S\/N - Parceria UNIARAX\u00c1 - Presta\u00e7\u00e3o de Contas - Outubro <br \/>\n2019<\/td><td class=\"column-2\"><a href=\"http:\/\/www.pratinha.mg.gov.br\/portal\/wp-content\/uploads\/2019\/10\/10-Rela\u00e7\u00e3o-de-alunos-para-pagamento-Outubro-2019.pdf\">10- Rela\u00e7\u00e3o de alunos para pagamento - Outubro 2019<\/a><\/td><td class=\"column-3\">Desconto aos alunos dos Cursos de Gradua\u00e7\u00e3o e P\u00f3s-Gradua\u00e7\u00e3o do UNIARAXA, oriundos do munic\u00edpio de PRATINHA, devidamente encaminhados pelo Prefeito, com vistas ao acesso e perman\u00eancia dos mesmos no Ensino Superior.<\/td><td class=\"column-4\">15\/10\/2019<\/td><td class=\"column-5\"><\/td>\n<\/tr>\n<tr class=\"row-86\">\n\t<td class=\"column-1\">S\/N - Parceria UNIARAX\u00c1 - Presta\u00e7\u00e3o de Contas - Novembro <br \/>\n2019<\/td><td class=\"column-2\"><a href=\"http:\/\/www.pratinha.mg.gov.br\/portal\/wp-content\/uploads\/2019\/11\/10-Rela\u00e7\u00e3o-de-alunos-para-pagamento-Novembro-2019.pdf\">10- Rela\u00e7\u00e3o de alunos para pagamento - Novembro 2019<\/a><\/td><td class=\"column-3\">Desconto aos alunos dos Cursos de Gradua\u00e7\u00e3o e P\u00f3s-Gradua\u00e7\u00e3o do UNIARAXA, oriundos do munic\u00edpio de PRATINHA, devidamente encaminhados pelo Prefeito, com vistas ao acesso e perman\u00eancia dos mesmos no Ensino Superior.<\/td><td class=\"column-4\">05\/11\/2019<\/td><td class=\"column-5\"><\/td>\n<\/tr>\n<tr class=\"row-87\">\n\t<td class=\"column-1\">S\/N - Parceria UNIARAX\u00c1 - Presta\u00e7\u00e3o de Contas - Dezembro <br \/>\n2019<\/td><td class=\"column-2\"><a href=\"http:\/\/www.pratinha.mg.gov.br\/portal\/wp-content\/uploads\/2019\/12\/10-Rela\u00e7\u00e3o-de-alunos-para-pagamento-Dezembro-2019.pdf\">10- Rela\u00e7\u00e3o de alunos para pagamento - Dezembro 2019<\/a><\/td><td class=\"column-3\">Desconto aos alunos dos Cursos de Gradua\u00e7\u00e3o e P\u00f3s-Gradua\u00e7\u00e3o do UNIARAXA, oriundos do munic\u00edpio de PRATINHA, devidamente encaminhados pelo Prefeito, com vistas ao acesso e perman\u00eancia dos mesmos no Ensino Superior.<\/td><td class=\"column-4\">17\/12\/2019<\/td><td class=\"column-5\"><\/td>\n<\/tr>\n<tr class=\"row-88\">\n\t<td class=\"column-1\">S\/N - Parceria UNIARAX\u00c1 - 2\u00ba Termo Aditivo<\/td><td class=\"column-2\"><a href=\"http:\/\/www.pratinha.mg.gov.br\/portal\/wp-content\/uploads\/2020\/01\/3-2\u00ba-Termo-Aditivo-20-12-2019.pdf\">3- 2\u00ba Termo Aditivo 20-12-2019<\/a><\/td><td class=\"column-3\">Desconto aos alunos dos Cursos de Gradua\u00e7\u00e3o e P\u00f3s-Gradua\u00e7\u00e3o do UNIARAXA, oriundos do munic\u00edpio de PRATINHA, devidamente encaminhados pelo Prefeito, com vistas ao acesso e perman\u00eancia dos mesmos no Ensino Superior.<\/td><td class=\"column-4\">02\/01\/2020<\/td><td class=\"column-5\"><\/td>\n<\/tr>\n<tr class=\"row-89\">\n\t<td class=\"column-1\">S\/N - Parceria UNIARAX\u00c1 - Presta\u00e7\u00e3o de Contas - Fevereiro\/2020 <\/td><td class=\"column-2\"><a href=\"http:\/\/www.pratinha.mg.gov.br\/portal\/wp-content\/uploads\/2020\/03\/10-Rela\u00e7\u00e3o-de-alunos-para-pagamento-Fevereiro-2020.pdf\">10- Rela\u00e7\u00e3o de alunos para pagamento - Fevereiro 2020<\/a><\/td><td class=\"column-3\">Desconto aos alunos dos Cursos de Gradua\u00e7\u00e3o e P\u00f3s-Gradua\u00e7\u00e3o do UNIARAXA, oriundos do munic\u00edpio de PRATINHA, devidamente encaminhados pelo Prefeito, com vistas ao acesso e perman\u00eancia dos mesmos no Ensino Superior.<\/td><td class=\"column-4\">02\/03\/2020<\/td><td class=\"column-5\"><\/td>\n<\/tr>\n<tr class=\"row-90\">\n\t<td class=\"column-1\">S\/N - Parceria UNIARAX\u00c1 - Presta\u00e7\u00e3o de Contas - Mar\u00e7o\/2020 <\/td><td class=\"column-2\"><a href=\"http:\/\/www.pratinha.mg.gov.br\/portal\/wp-content\/uploads\/2020\/04\/10-Rela\u00e7\u00e3o-de-alunos-para-pagamento-Mar\u00e7o-2020.pdf\">10- Rela\u00e7\u00e3o de alunos para pagamento - Mar\u00e7o 2020<\/a><\/td><td class=\"column-3\">Desconto aos alunos dos Cursos de Gradua\u00e7\u00e3o e P\u00f3s-Gradua\u00e7\u00e3o do UNIARAXA, oriundos do munic\u00edpio de PRATINHA, devidamente encaminhados pelo Prefeito, com vistas ao acesso e perman\u00eancia dos mesmos no Ensino Superior.<\/td><td class=\"column-4\">22\/04\/2020<\/td><td class=\"column-5\"><\/td>\n<\/tr>\n<tr class=\"row-91\">\n\t<td class=\"column-1\">S\/N - Parceria UNIARAX\u00c1 - Presta\u00e7\u00e3o de Contas - Abril\/2020 <\/td><td class=\"column-2\"><a href=\"http:\/\/www.pratinha.mg.gov.br\/portal\/wp-content\/uploads\/2020\/04\/10-Rela\u00e7\u00e3o-de-alunos-para-pagamento-Abril-2020-2.pdf\">10- Rela\u00e7\u00e3o de alunos para pagamento - Abril 2020<\/a><\/td><td class=\"column-3\">Desconto aos alunos dos Cursos de Gradua\u00e7\u00e3o e P\u00f3s-Gradua\u00e7\u00e3o do UNIARAXA, oriundos do munic\u00edpio de PRATINHA, devidamente encaminhados pelo Prefeito, com vistas ao acesso e perman\u00eancia dos mesmos no Ensino Superior.<\/td><td class=\"column-4\">22\/04\/2020<\/td><td class=\"column-5\"><\/td>\n<\/tr>\n<tr class=\"row-92\">\n\t<td class=\"column-1\">S\/N - Parceria UNIARAX\u00c1 - Presta\u00e7\u00e3o de Contas - Maio\/2020 <\/td><td class=\"column-2\"><a href=\"http:\/\/www.pratinha.mg.gov.br\/portal\/wp-content\/uploads\/2020\/05\/10-Rela\u00e7\u00e3o-de-alunos-para-pagamento-Maio-2020.pdf\">10- Rela\u00e7\u00e3o de alunos para pagamento - Maio 2020<\/a><\/td><td class=\"column-3\">Desconto aos alunos dos Cursos de Gradua\u00e7\u00e3o e P\u00f3s-Gradua\u00e7\u00e3o do UNIARAXA, oriundos do munic\u00edpio de PRATINHA, devidamente encaminhados pelo Prefeito, com vistas ao acesso e perman\u00eancia dos mesmos no Ensino Superior.<\/td><td class=\"column-4\">15\/05\/2020<\/td><td class=\"column-5\"><\/td>\n<\/tr>\n<tr class=\"row-93\">\n\t<td class=\"column-1\">S\/N - Parceria UNIARAX\u00c1 - Presta\u00e7\u00e3o de Contas - Junho\/2020 <\/td><td class=\"column-2\"><a href=\"http:\/\/www.pratinha.mg.gov.br\/portal\/wp-content\/uploads\/2020\/07\/10-Rela\u00e7\u00e3o-de-alunos-para-pagamento-Junho-2020.pdf\">10- Rela\u00e7\u00e3o de alunos para pagamento - Junho 2020<\/a><\/td><td class=\"column-3\">Desconto aos alunos dos Cursos de Gradua\u00e7\u00e3o e P\u00f3s-Gradua\u00e7\u00e3o do UNIARAXA, oriundos do munic\u00edpio de PRATINHA, devidamente encaminhados pelo Prefeito, com vistas ao acesso e perman\u00eancia dos mesmos no Ensino Superior.<\/td><td class=\"column-4\">22\/07\/2020<\/td><td class=\"column-5\"><\/td>\n<\/tr>\n<tr class=\"row-94\">\n\t<td class=\"column-1\">S\/N - Parceria UNIARAX\u00c1 - Presta\u00e7\u00e3o de Contas - Julho\/2020 <\/td><td class=\"column-2\"><a href=\"http:\/\/www.pratinha.mg.gov.br\/portal\/wp-content\/uploads\/2020\/07\/10-Rela\u00e7\u00e3o-de-alunos-para-pagamento-Julho-2020.pdf\">10- Rela\u00e7\u00e3o de alunos para pagamento - Julho 2020<\/a><\/td><td class=\"column-3\">Desconto aos alunos dos Cursos de Gradua\u00e7\u00e3o e P\u00f3s-Gradua\u00e7\u00e3o do UNIARAXA, oriundos do munic\u00edpio de PRATINHA, devidamente encaminhados pelo Prefeito, com vistas ao acesso e perman\u00eancia dos mesmos no Ensino Superior.<\/td><td class=\"column-4\">24\/07\/2020<\/td><td class=\"column-5\"><\/td>\n<\/tr>\n<tr class=\"row-95\">\n\t<td class=\"column-1\">S\/N - Parceria UNIARAX\u00c1 - Presta\u00e7\u00e3o de Contas - agosto\/2020 <\/td><td class=\"column-2\"><a href=\"http:\/\/www.pratinha.mg.gov.br\/portal\/wp-content\/uploads\/2020\/08\/10-Rela\u00e7\u00e3o-de-alunos-para-pagamento-Agosto-2020.pdf\">10- Rela\u00e7\u00e3o de alunos para pagamento - Agosto 2020<\/a><\/td><td class=\"column-3\">Desconto aos alunos dos Cursos de Gradua\u00e7\u00e3o e P\u00f3s-Gradua\u00e7\u00e3o do UNIARAXA, oriundos do munic\u00edpio de PRATINHA, devidamente encaminhados pelo Prefeito, com vistas ao acesso e perman\u00eancia dos mesmos no Ensino Superior.<\/td><td class=\"column-4\">18\/08\/2020<\/td><td class=\"column-5\"><\/td>\n<\/tr>\n<tr class=\"row-96\">\n\t<td class=\"column-1\">S\/N - Parceria UNIARAX\u00c1 - Presta\u00e7\u00e3o de Contas - Setembro\/2020 <\/td><td class=\"column-2\"><a href=\"http:\/\/www.pratinha.mg.gov.br\/portal\/wp-content\/uploads\/2020\/09\/10-Relacao-de-alunos-para-pagamento-Setembro-2020.pdf\">10- Rela\u00e7\u00e3o de alunos para pagamento - Setembro 2020<\/a><\/td><td class=\"column-3\">Desconto aos alunos dos Cursos de Gradua\u00e7\u00e3o e P\u00f3s-Gradua\u00e7\u00e3o do UNIARAXA, oriundos do munic\u00edpio de PRATINHA, devidamente encaminhados pelo Prefeito, com vistas ao acesso e perman\u00eancia dos mesmos no Ensino Superior.<\/td><td class=\"column-4\">16\/09\/2020<\/td><td class=\"column-5\"><\/td>\n<\/tr>\n<tr class=\"row-97\">\n\t<td class=\"column-1\">S\/N - Parceria UNIARAX\u00c1 - Presta\u00e7\u00e3o de Contas - Outubro\/2020 <\/td><td class=\"column-2\"><a href=\"http:\/\/www.pratinha.mg.gov.br\/portal\/wp-content\/uploads\/2020\/10\/10-Relacao-de-alunos-para-pagamento-Outubro-2020.pdf\">10- Rela\u00e7\u00e3o de alunos para pagamento - Outubro 2020<\/a><\/td><td class=\"column-3\">Desconto aos alunos dos Cursos de Gradua\u00e7\u00e3o e P\u00f3s-Gradua\u00e7\u00e3o do UNIARAXA, oriundos do munic\u00edpio de PRATINHA, devidamente encaminhados pelo Prefeito, com vistas ao acesso e perman\u00eancia dos mesmos no Ensino Superior.<\/td><td class=\"column-4\">06\/10\/2020<\/td><td class=\"column-5\"><\/td>\n<\/tr>\n<tr class=\"row-98\">\n\t<td class=\"column-1\">S\/N - Parceria UNIARAX\u00c1 - Presta\u00e7\u00e3o de Contas - Novembro\/2020 <\/td><td class=\"column-2\"><a href=\"http:\/\/www.pratinha.mg.gov.br\/portal\/wp-content\/uploads\/2020\/11\/10-Relacao-de-alunos-para-pagamento-Novembro-2020.pdf\">10- Rela\u00e7\u00e3o de alunos para pagamento - Novembro 2020<\/a><\/td><td class=\"column-3\">Desconto aos alunos dos Cursos de Gradua\u00e7\u00e3o e P\u00f3s-Gradua\u00e7\u00e3o do UNIARAXA, oriundos do munic\u00edpio de PRATINHA, devidamente encaminhados pelo Prefeito, com vistas ao acesso e perman\u00eancia dos mesmos no Ensino Superior.<\/td><td class=\"column-4\">03\/11\/2020<\/td><td class=\"column-5\"><\/td>\n<\/tr>\n<tr class=\"row-99\">\n\t<td class=\"column-1\">S\/N - Parceria UNIARAX\u00c1 - Presta\u00e7\u00e3o de Contas - Dezembro\/2020 <\/td><td class=\"column-2\"><a href=\"http:\/\/www.pratinha.mg.gov.br\/portal\/wp-content\/uploads\/2020\/12\/10-Relacao-de-alunos-para-pagamento-Dezembro-2020.pdf\">10- Rela\u00e7\u00e3o de alunos para pagamento - Dezembro 2020<\/a><\/td><td class=\"column-3\">Desconto aos alunos dos Cursos de Gradua\u00e7\u00e3o e P\u00f3s-Gradua\u00e7\u00e3o do UNIARAXA, oriundos do munic\u00edpio de PRATINHA, devidamente encaminhados pelo Prefeito, com vistas ao acesso e perman\u00eancia dos mesmos no Ensino Superior.<\/td><td class=\"column-4\">15\/12\/2020<\/td><td class=\"column-5\"><\/td>\n<\/tr>\n<tr class=\"row-100\">\n\t<td class=\"column-1\"><\/td><td class=\"column-2\"><\/td><td class=\"column-3\"><\/td><td class=\"column-4\"><\/td><td class=\"column-5\"><\/td>\n<\/tr>\n<tr class=\"row-101\">\n\t<td class=\"column-1\"><\/td><td class=\"column-2\"><\/td><td class=\"column-3\"><\/td><td class=\"column-4\"><\/td><td class=\"column-5\"><\/td>\n<\/tr>\n<tr class=\"row-102\">\n\t<td class=\"column-1\"><\/td><td class=\"column-2\"><\/td><td class=\"column-3\"><\/td><td class=\"column-4\"><\/td><td class=\"column-5\"><\/td>\n<\/tr>\n<tr class=\"row-103\">\n\t<td class=\"column-1\">06\/2019 - Parceria Vila Vicentina de Campos Altos<\/td><td class=\"column-2\"><a href=\"http:\/\/www.pratinha.mg.gov.br\/portal\/wp-content\/uploads\/2019\/04\/1-Edital-de-Credenciamento.-1.pdf\">1 - Edital de Credenciamento.<\/a><\/td><td class=\"column-3\">Transfer\u00eancia de recursos financeiros \u00e0 VILA VICENTINA DE CAMPOS ALTOS, visando o acolhimento de longa perman\u00eancia, de car\u00e1ter domiciliar coletivo, para abrigo e sustento, proporcionando atendimento integral com servi\u00e7os especializados que visam \u00e0 promo\u00e7\u00e3o e prote\u00e7\u00e3o social, a manuten\u00e7\u00e3o da sa\u00fade f\u00edsica e emocional, cuidados pessoais e o conv\u00edvio s\u00f3cio-familiar \u00e0 pessoa idosa.<\/td><td class=\"column-4\">26\/04\/2019<\/td><td class=\"column-5\"><\/td>\n<\/tr>\n<tr class=\"row-104\">\n\t<td class=\"column-1\">06\/2019 - Parceria Vila Vicentina de Campos Altos<\/td><td class=\"column-2\"><a href=\"http:\/\/www.pratinha.mg.gov.br\/portal\/wp-content\/uploads\/2019\/04\/2-Plano-de-Trabalho-Original.pdf\">2 - Plano de Trabalho - Original<\/a><\/td><td class=\"column-3\">Transfer\u00eancia de recursos financeiros \u00e0 VILA VICENTINA DE CAMPOS ALTOS, visando o acolhimento de longa perman\u00eancia, de car\u00e1ter domiciliar coletivo, para abrigo e sustento, proporcionando atendimento integral com servi\u00e7os especializados que visam \u00e0 promo\u00e7\u00e3o e prote\u00e7\u00e3o social, a manuten\u00e7\u00e3o da sa\u00fade f\u00edsica e emocional, cuidados pessoais e o conv\u00edvio s\u00f3cio-familiar \u00e0 pessoa idosa.<\/td><td class=\"column-4\">26\/04\/2019<\/td><td class=\"column-5\"><\/td>\n<\/tr>\n<tr class=\"row-105\">\n\t<td class=\"column-1\">06\/2019 - Parceria Vila Vicentina de Campos Altos<\/td><td class=\"column-2\"><a href=\"http:\/\/www.pratinha.mg.gov.br\/portal\/wp-content\/uploads\/2019\/04\/3-Justificativa.pdf\">3 - Justificativa<\/a><\/td><td class=\"column-3\">Transfer\u00eancia de recursos financeiros \u00e0 VILA VICENTINA DE CAMPOS ALTOS, visando o acolhimento de longa perman\u00eancia, de car\u00e1ter domiciliar coletivo, para abrigo e sustento, proporcionando atendimento integral com servi\u00e7os especializados que visam \u00e0 promo\u00e7\u00e3o e prote\u00e7\u00e3o social, a manuten\u00e7\u00e3o da sa\u00fade f\u00edsica e emocional, cuidados pessoais e o conv\u00edvio s\u00f3cio-familiar \u00e0 pessoa idosa.<\/td><td class=\"column-4\">26\/04\/2019<\/td><td class=\"column-5\"><\/td>\n<\/tr>\n<tr class=\"row-106\">\n\t<td class=\"column-1\">06\/2019 - Parceria Vila Vicentina de Campos Altos<\/td><td class=\"column-2\"><a href=\"http:\/\/www.pratinha.mg.gov.br\/portal\/wp-content\/uploads\/2019\/04\/4-Ratifica\u00e7\u00e3o.pdf\">4 - Ratifica\u00e7\u00e3o<\/a><\/td><td class=\"column-3\">Transfer\u00eancia de recursos financeiros \u00e0 VILA VICENTINA DE CAMPOS ALTOS, visando o acolhimento de longa perman\u00eancia, de car\u00e1ter domiciliar coletivo, para abrigo e sustento, proporcionando atendimento integral com servi\u00e7os especializados que visam \u00e0 promo\u00e7\u00e3o e prote\u00e7\u00e3o social, a manuten\u00e7\u00e3o da sa\u00fade f\u00edsica e emocional, cuidados pessoais e o conv\u00edvio s\u00f3cio-familiar \u00e0 pessoa idosa.<\/td><td class=\"column-4\">26\/04\/2019<\/td><td class=\"column-5\"><\/td>\n<\/tr>\n<tr class=\"row-107\">\n\t<td class=\"column-1\">06\/2019 - Parceria Vila Vicentina de Campos Altos<\/td><td class=\"column-2\"><a href=\"http:\/\/www.pratinha.mg.gov.br\/portal\/wp-content\/uploads\/2019\/04\/5-Termo-de-Colabora\u00e7\u00e3o-n\u00ba-01-2019..pdf\">5 - Termo de Colabora\u00e7\u00e3o n\u00ba 01-2019.<\/a><\/td><td class=\"column-3\">Transfer\u00eancia de recursos financeiros \u00e0 VILA VICENTINA DE CAMPOS ALTOS, visando o acolhimento de longa perman\u00eancia, de car\u00e1ter domiciliar coletivo, para abrigo e sustento, proporcionando atendimento integral com servi\u00e7os especializados que visam \u00e0 promo\u00e7\u00e3o e prote\u00e7\u00e3o social, a manuten\u00e7\u00e3o da sa\u00fade f\u00edsica e emocional, cuidados pessoais e o conv\u00edvio s\u00f3cio-familiar \u00e0 pessoa idosa.<\/td><td class=\"column-4\">26\/04\/2019<\/td><td class=\"column-5\"><\/td>\n<\/tr>\n<tr class=\"row-108\">\n\t<td class=\"column-1\">06\/2019 - Parceria Vila Vicentina de Campos Altos<\/td><td class=\"column-2\"><a href=\"http:\/\/www.pratinha.mg.gov.br\/portal\/wp-content\/uploads\/2019\/04\/6-Extrato-do-Termo-de-Colabora\u00e7\u00e3o.pdf\">6 - Extrato do Termo de Colabora\u00e7\u00e3o<\/a><\/td><td class=\"column-3\">Transfer\u00eancia de recursos financeiros \u00e0 VILA VICENTINA DE CAMPOS ALTOS, visando o acolhimento de longa perman\u00eancia, de car\u00e1ter domiciliar coletivo, para abrigo e sustento, proporcionando atendimento integral com servi\u00e7os especializados que visam \u00e0 promo\u00e7\u00e3o e prote\u00e7\u00e3o social, a manuten\u00e7\u00e3o da sa\u00fade f\u00edsica e emocional, cuidados pessoais e o conv\u00edvio s\u00f3cio-familiar \u00e0 pessoa idosa.<\/td><td class=\"column-4\">26\/04\/2019<\/td><td class=\"column-5\"><\/td>\n<\/tr>\n<tr class=\"row-109\">\n\t<td class=\"column-1\">06\/2019 - Parceria Vila Vicentina de Campos Altos - 1\u00ba Termo Aditivo<\/td><td class=\"column-2\"><a href=\"http:\/\/www.pratinha.mg.gov.br\/portal\/wp-content\/uploads\/2020\/01\/5-1\u00ba-Termo-Aditivo-Para-2020.pdf\">5 - 1\u00ba Termo Aditivo - Para 2020<\/a><\/td><td class=\"column-3\">Transfer\u00eancia de recursos financeiros \u00e0 VILA VICENTINA DE CAMPOS ALTOS, visando o acolhimento de longa perman\u00eancia, de car\u00e1ter domiciliar coletivo, para abrigo e sustento, proporcionando atendimento integral com servi\u00e7os especializados que visam \u00e0 promo\u00e7\u00e3o e prote\u00e7\u00e3o social, a manuten\u00e7\u00e3o da sa\u00fade f\u00edsica e emocional, cuidados pessoais e o conv\u00edvio s\u00f3cio-familiar \u00e0 pessoa idosa.<\/td><td class=\"column-4\">02\/01\/2020<\/td><td class=\"column-5\"><\/td>\n<\/tr>\n<tr class=\"row-110\">\n\t<td class=\"column-1\"><\/td><td class=\"column-2\"><\/td><td class=\"column-3\"><\/td><td class=\"column-4\"><\/td><td class=\"column-5\"><\/td>\n<\/tr>\n<tr class=\"row-111\">\n\t<td class=\"column-1\"><\/td><td class=\"column-2\"><\/td><td class=\"column-3\"><\/td><td class=\"column-4\"><\/td><td class=\"column-5\"><\/td>\n<\/tr>\n<tr class=\"row-112\">\n\t<td class=\"column-1\"><\/td><td class=\"column-2\"><\/td><td class=\"column-3\"><\/td><td class=\"column-4\"><\/td><td class=\"column-5\"><\/td>\n<\/tr>\n<tr class=\"row-113\">\n\t<td class=\"column-1\"><\/td><td class=\"column-2\"><\/td><td class=\"column-3\"><\/td><td class=\"column-4\"><\/td><td class=\"column-5\"><\/td>\n<\/tr>\n<tr class=\"row-114\">\n\t<td class=\"column-1\"><\/td><td class=\"column-2\"><\/td><td class=\"column-3\"><\/td><td class=\"column-4\"><\/td><td class=\"column-5\"><\/td>\n<\/tr>\n<tr class=\"row-115\">\n\t<td class=\"column-1\"><\/td><td class=\"column-2\"><\/td><td class=\"column-3\"><\/td><td class=\"column-4\"><\/td><td class=\"column-5\"><\/td>\n<\/tr>\n<tr class=\"row-116\">\n\t<td class=\"column-1\"><\/td><td class=\"column-2\"><\/td><td class=\"column-3\"><\/td><td class=\"column-4\"><\/td><td class=\"column-5\"><\/td>\n<\/tr>\n<tr class=\"row-117\">\n\t<td class=\"column-1\"><\/td><td class=\"column-2\"><\/td><td class=\"column-3\"><\/td><td class=\"column-4\"><\/td><td class=\"column-5\"><\/td>\n<\/tr>\n<tr class=\"row-118\">\n\t<td class=\"column-1\"><\/td><td class=\"column-2\"><\/td><td class=\"column-3\"><\/td><td class=\"column-4\"><\/td><td class=\"column-5\"><\/td>\n<\/tr>\n<tr class=\"row-119\">\n\t<td class=\"column-1\"><\/td><td class=\"column-2\"><\/td><td class=\"column-3\"><\/td><td class=\"column-4\"><\/td><td class=\"column-5\"><\/td>\n<\/tr>\n<tr class=\"row-120\">\n\t<td class=\"column-1\"><\/td><td class=\"column-2\"><\/td><td class=\"column-3\"><\/td><td class=\"column-4\"><\/td><td class=\"column-5\"><\/td>\n<\/tr>\n<tr class=\"row-121\">\n\t<td class=\"column-1\"><\/td><td class=\"column-2\"><\/td><td class=\"column-3\"><\/td><td class=\"column-4\"><\/td><td class=\"column-5\"><\/td>\n<\/tr>\n<tr class=\"row-122\">\n\t<td class=\"column-1\"><\/td><td class=\"column-2\"><\/td><td class=\"column-3\"><\/td><td class=\"column-4\"><\/td><td class=\"column-5\"><\/td>\n<\/tr>\n<tr class=\"row-123\">\n\t<td class=\"column-1\"><\/td><td class=\"column-2\"><\/td><td class=\"column-3\"><\/td><td class=\"column-4\"><\/td><td class=\"column-5\"><\/td>\n<\/tr>\n<tr class=\"row-124\">\n\t<td class=\"column-1\">14\/2019 - Conv\u00eanio Sindicato Rural de Pratinha<\/td><td class=\"column-2\"><a href=\"http:\/\/www.pratinha.mg.gov.br\/portal\/wp-content\/uploads\/2019\/08\/Termo-de-Conv\u00eanio-Festa-do-Pe\u00e3o-2019-2.pdf\">Termo de Conv\u00eanio Festa do Pe\u00e3o 2019<\/a><\/td><td class=\"column-3\">M\u00fatua coopera\u00e7\u00e3o entre o MUNIC\u00cdPIO e o Sindicato Rural, com a finalidade de contribui\u00e7\u00e3o financeira e entidade para auxiliar no custeio da XXXI\u00aa Festa do Pe\u00e3o de Boiadeiro de Pratinha, evento anual, conforme Projeto B\u00e1sico integrante da Lei autorizada.<\/td><td class=\"column-4\">07\/08\/19<\/td><td class=\"column-5\"><\/td>\n<\/tr>\n<tr class=\"row-125\">\n\t<td class=\"column-1\"><\/td><td class=\"column-2\"><\/td><td class=\"column-3\"><\/td><td class=\"column-4\"><\/td><td class=\"column-5\"><\/td>\n<\/tr>\n<tr class=\"row-126\">\n\t<td class=\"column-1\"><\/td><td class=\"column-2\"><\/td><td class=\"column-3\"><\/td><td class=\"column-4\"><\/td><td class=\"column-5\"><\/td>\n<\/tr>\n<tr class=\"row-127\">\n\t<td class=\"column-1\">S\/N - EXTRATO DE 1\u00ba TERMO ADITIVO DE CONTRATO DE PROGRAMA - CIMPLA\/M\u00c1QUINAS<br \/>\n<\/td><td class=\"column-2\"><a href=\"http:\/\/www.pratinha.mg.gov.br\/portal\/wp-content\/uploads\/2020\/01\/Extrato-de-Aditivo-de-Contrato-de-Programa-CIMPLA-2020-M\u00e1quinas-Para-Publica\u00e7\u00e3o.doc\">Extrato de Aditivo de Contrato de Programa CIMPLA 2020 - M\u00e1quinas - Para Publica\u00e7\u00e3o<\/a><\/td><td class=\"column-3\">Prorroga\u00e7\u00e3o at\u00e9 31\/12\/2020 da Vig\u00eancia do Contrato de Programa firmado para estabelecer normas de m\u00fatua coopera\u00e7\u00e3o entre as partes convenentes, participando conjuntamente na abertura, melhoria, conserva\u00e7\u00e3o e manuten\u00e7\u00e3o de estradas vicinais e vias urbanas, no \u00e2mbito do Munic\u00edpio, comparecendo a PREFEITURA, com o apoio financeiro, e a AMPLA, com os recursos t\u00e9cnicos e \u201cPatrulha Motomecanizada\u201d e Caminh\u00f5es Basculantes e Pipa, (pr\u00f3prios e\/ou terceiros).<\/td><td class=\"column-4\">08\/01\/2020<\/td><td class=\"column-5\"><\/td>\n<\/tr>\n<tr class=\"row-128\">\n\t<td class=\"column-1\">S\/N - 2\u00ba TERMO ADITIVO DE CONTRATO DE PROGRAMA - CIMPLA\/M\u00c1QUINAS<br \/>\n<br \/>\n<\/td><td class=\"column-2\"><a href=\"http:\/\/www.pratinha.mg.gov.br\/portal\/wp-content\/uploads\/2020\/04\/Termo-Aditivo-2\u00ba-para-2020.pdf\">Termo Aditivo - 2\u00ba para 2020<\/a><\/td><td class=\"column-3\">Estabelecer normas de m\u00fatua coopera\u00e7\u00e3o entre as partes convenentes, participando conjuntamente na abertura, melhoria, conserva\u00e7\u00e3o e manuten\u00e7\u00e3o de estradas vicinais e vias urbanas, no \u00e2mbito do Munic\u00edpio, comparecendo a PREFEITURA, com o apoio financeiro, e a AMPLA, com os recursos t\u00e9cnicos e \u201cPatrulha Motomecanizada\u201d e Caminh\u00f5es Basculantes e Pipa, (pr\u00f3prios e\/ou terceiros).<\/td><td class=\"column-4\">16\/04\/2020<\/td><td class=\"column-5\"><\/td>\n<\/tr>\n<tr class=\"row-129\">\n\t<td class=\"column-1\"><\/td><td class=\"column-2\"><\/td><td class=\"column-3\"><\/td><td class=\"column-4\"><\/td><td class=\"column-5\"><\/td>\n<\/tr>\n<tr class=\"row-130\">\n\t<td class=\"column-1\">S\/N - 3\u00ba TERMO DE ADITAMENTO AO CONTRATO DE PROGRAMA FIRMADO COM O CIMPLA\/Ilumina\u00e7\u00e3o P\u00fablica<br \/>\n<\/td><td class=\"column-2\"><a href=\"http:\/\/www.pratinha.mg.gov.br\/portal\/wp-content\/uploads\/2020\/01\/Extrato-de-Aditivo-2019-CIMPLA-para-publica\u00e7\u00e3o.doc\">Extrato de Aditivo 2019 - CIMPLA para publica\u00e7\u00e3o<\/a><\/td><td class=\"column-3\">Prorroga\u00e7\u00e3o at\u00e9 31\/12\/2020 da Vig\u00eancia do Contrato de Programa firmado com o CIMPLA \u2013 Cons\u00f3rcio Intermunicipal Multifinalit\u00e1rio do Planalto de Arax\u00e1  que tem por objeto a execu\u00e7\u00e3o de servi\u00e7os de manuten\u00e7\u00e3o corretiva e preventiva do sistema de ilumina\u00e7\u00e3o p\u00fablica dos munic\u00edpios consorciados, conforme especifica\u00e7\u00f5es e condi\u00e7\u00f5es descritas nos anexos e ap\u00eandices, incluindo o fornecimento de materiais, equipamentos e m\u00e3o de obra.<\/td><td class=\"column-4\">08\/01\/2020<\/td><td class=\"column-5\"><\/td>\n<\/tr>\n<tr class=\"row-131\">\n\t<td class=\"column-1\"><\/td><td class=\"column-2\"><\/td><td class=\"column-3\"><\/td><td class=\"column-4\"><\/td><td class=\"column-5\"><\/td>\n<\/tr>\n<tr class=\"row-132\">\n\t<td class=\"column-1\">S\/N - CONV\u00caNIO<br \/>\n N\u00ba 06\/2020 - AMPLA<\/td><td class=\"column-2\"><a href=\"http:\/\/www.pratinha.mg.gov.br\/portal\/wp-content\/uploads\/2020\/01\/Extrato-de-Conv\u00eanio-AMPLA-2020-Para-Publica\u00e7\u00e3o-3.doc\">Extrato de Conv\u00eanio AMPLA 2020 - Para Publica\u00e7\u00e3o<\/a><\/td><td class=\"column-3\">Validar a participa\u00e7\u00e3o na ASSOCIA\u00c7\u00c3O AMPLA para conjuga\u00e7\u00e3o de esfor\u00e7os, visando ampliar e fortalecer a capacidade administrativa, t\u00e9cnica e financeira do MUNIC\u00cdPIO, atrav\u00e9s de a\u00e7\u00f5es conjuntas na elabora\u00e7\u00e3o e execu\u00e7\u00e3o de planos, programas e projetos relacionados com os setores sociais, econ\u00f4micos, de infraestrutura e institucionais, bem ainda o aperfei\u00e7oamento das a\u00e7\u00f5es governamentais locais e microrregionais. <\/td><td class=\"column-4\">08\/01\/2020<\/td><td class=\"column-5\"><\/td>\n<\/tr>\n<tr class=\"row-133\">\n\t<td class=\"column-1\">S\/N - 2\u00ba TERMO ADITIVO AO CONV\u00caNIO 06\/2020 AMPLA\/M\u00c1QUINAS<\/td><td class=\"column-2\"><a href=\"http:\/\/www.pratinha.mg.gov.br\/portal\/wp-content\/uploads\/2020\/04\/Termo-Aditivo-1\u00ba-2020.pdf\">Termo Aditivo - 1\u00ba 2020<\/a><\/td><td class=\"column-3\">Validar a participa\u00e7\u00e3o na ASSOCIA\u00c7\u00c3O AMPLA para conjuga\u00e7\u00e3o de esfor\u00e7os, visando ampliar e fortalecer a capacidade administrativa, t\u00e9cnica e financeira do MUNIC\u00cdPIO, atrav\u00e9s de a\u00e7\u00f5es conjuntas na elabora\u00e7\u00e3o e execu\u00e7\u00e3o de planos, programas e projetos relacionados com os setores sociais, econ\u00f4micos, de infraestrutura e institucionais, bem ainda o aperfei\u00e7oamento das a\u00e7\u00f5es governamentais locais e microrregionais. <\/td><td class=\"column-4\">16\/04\/2020<\/td><td class=\"column-5\"><\/td>\n<\/tr>\n<tr class=\"row-134\">\n\t<td class=\"column-1\"><\/td><td class=\"column-2\"><\/td><td class=\"column-3\"><\/td><td class=\"column-4\"><\/td><td class=\"column-5\"><\/td>\n<\/tr>\n<tr class=\"row-135\">\n\t<td class=\"column-1\">S\/N - TERMO DE CONV\u00caNIO N\u00ba 06\/2020 - AMPLA - M\u00e1quinas<br \/>\n<\/td><td class=\"column-2\"><a href=\"http:\/\/www.pratinha.mg.gov.br\/portal\/wp-content\/uploads\/2020\/01\/Extrato-de-Conv\u00eanio-AMPLA-2020-M\u00e1quinas-Para-Publica\u00e7\u00e3o.doc\">Extrato de Conv\u00eanio AMPLA 2020 - M\u00e1quinas - Para Publica\u00e7\u00e3o<\/a><\/td><td class=\"column-3\">Estabelecer normas de m\u00fatua coopera\u00e7\u00e3o entre as partes convenentes, participando conjuntamente na abertura, melhoria, conserva\u00e7\u00e3o e manuten\u00e7\u00e3o de estradas vicinais e vias urbanas, no \u00e2mbito do Munic\u00edpio, comparecendo a PREFEITURA, com o apoio financeiro, e a AMPLA, com os recursos t\u00e9cnicos e \u201cPatrulha Motomecanizada\u201d e Caminh\u00f5es Basculantes e Pipa, (pr\u00f3prios e\/ou terceiros)<\/td><td class=\"column-4\">09\/01\/2020<\/td><td class=\"column-5\"><\/td>\n<\/tr>\n<tr class=\"row-136\">\n\t<td class=\"column-1\"><\/td><td class=\"column-2\"><\/td><td class=\"column-3\"><\/td><td class=\"column-4\"><\/td><td class=\"column-5\"><\/td>\n<\/tr>\n<tr class=\"row-137\">\n\t<td class=\"column-1\">04\/2020 - TERMO DE CONV\u00caNIO N\u00ba 04\/2020 - SICOOB Saromcredi<br \/>\n<\/td><td class=\"column-2\"><a href=\"http:\/\/www.pratinha.mg.gov.br\/portal\/wp-content\/uploads\/2020\/02\/Conv\u00eanio-n\u00ba-04-2020.pdf\">Conv\u00eanio n\u00ba 04-2020<\/a><\/td><td class=\"column-3\">Concess\u00e3o de empr\u00e9stimo sob garantia de consigna\u00e7\u00e3o em folha de pagamento, aos empregados\/servidores da Convenente, benefici\u00e1rios do Cr\u00e9dito.<\/td><td class=\"column-4\">19\/02\/2020<\/td><td class=\"column-5\"><\/td>\n<\/tr>\n<tr class=\"row-138\">\n\t<td class=\"column-1\"><\/td><td class=\"column-2\"><\/td><td class=\"column-3\"><\/td><td class=\"column-4\"><\/td><td class=\"column-5\"><\/td>\n<\/tr>\n<tr class=\"row-139\">\n\t<td class=\"column-1\">03\/2020 - Inexigibilidade 01\/2020 - Termo de Fomento 01\/2020-APAE<\/td><td class=\"column-2\"><a href=\"http:\/\/www.pratinha.mg.gov.br\/portal\/wp-content\/uploads\/2020\/01\/5-1\u00ba-Termo-Aditivo-Para-2020.pdf\">5 - 1\u00ba Termo Aditivo - Para 2020<\/a><\/td><td class=\"column-3\">Transfer\u00eancia de recursos financeiros destinado \u00e0 Associa\u00e7\u00e3o de Pais e Amigos dos Excepcionais, localizada no munic\u00edpio de Pratinha-MG, por emenda parlamentar sendo incremento tempor\u00e1rio a fim de atender a oferta do servi\u00e7o s\u00f3cio assistencial para manuten\u00e7\u00e3o do servi\u00e7o realizado pela APAE no Centro Dia.<\/td><td class=\"column-4\">04\/02\/2020<\/td><td class=\"column-5\"><\/td>\n<\/tr>\n<tr class=\"row-140\">\n\t<td class=\"column-1\">03\/2020 - JUSTIFICATIVA DA INEXIGIBILIDADE N\u00ba 01\/2020 \u2013 CHAMAMENTO P\u00daBLICO<\/td><td class=\"column-2\"><a href=\"http:\/\/www.pratinha.mg.gov.br\/portal\/wp-content\/uploads\/2020\/01\/Justificativa-Inexigibilidade-APAE-2020.docx\">Justificativa Inexigibilidade APAE - 2020<\/a><\/td><td class=\"column-3\">Transfer\u00eancia de recursos financeiros destinado \u00e0 Associa\u00e7\u00e3o de Pais e Amigos dos Excepcionais, por emenda parlamentar, sendo incremento tempor\u00e1rio a fim de atender a oferta do servi\u00e7o socioassistencial para manuten\u00e7\u00e3o do servi\u00e7o realizado pela APAE no Centro Dia.<\/td><td class=\"column-4\">24\/01\/2020<\/td><td class=\"column-5\"><\/td>\n<\/tr>\n<tr class=\"row-141\">\n\t<td class=\"column-1\">03\/2020 - INEXIGIBILIDADE N\u00ba 03\/2020 \u2013 Termo de Fomento 01\/2020 - APAE<br \/>\n<\/td><td class=\"column-2\"><a href=\"http:\/\/www.pratinha.mg.gov.br\/portal\/wp-content\/uploads\/2020\/11\/Prestacao-de-Contas-Marco-2020.pdf\">Presta\u00e7\u00e3o de Contas - Mar\u00e7o-2020<\/a><br \/>\n<br \/>\n<a href=\"http:\/\/www.pratinha.mg.gov.br\/portal\/wp-content\/uploads\/2020\/11\/Termo-de-Fomento-01-2020.pdf\">Termo de Fomento - 01-2020<\/a><\/td><td class=\"column-3\">Transfer\u00eancia de recursos financeiros destinado \u00e0 Associa\u00e7\u00e3o de Pais e Amigos dos Excepcionais, por emenda parlamentar, sendo incremento tempor\u00e1rio a fim de atender a oferta do servi\u00e7o socioassistencial para manuten\u00e7\u00e3o do servi\u00e7o realizado pela APAE no Centro Dia.<\/td><td class=\"column-4\">06\/02\/2020<\/td><td class=\"column-5\"><\/td>\n<\/tr>\n<tr class=\"row-142\">\n\t<td class=\"column-1\">03\/2020 - Presta\u00e7\u00e3o de Contas fevereiro\/2020 - Inexigib. APAE<br \/>\n<\/td><td class=\"column-2\"><a href=\"http:\/\/www.pratinha.mg.gov.br\/portal\/wp-content\/uploads\/2020\/11\/Prestacao-de-Contas-Fevereiro-2020.pdf\">Presta\u00e7\u00e3o de Contas - Fevereiro-2020<\/a><\/td><td class=\"column-3\">Transfer\u00eancia de recursos financeiros destinado \u00e0 Associa\u00e7\u00e3o de Pais e Amigos dos Excepcionais, por emenda parlamentar, sendo incremento tempor\u00e1rio a fim de atender a oferta do servi\u00e7o socioassistencial para manuten\u00e7\u00e3o do servi\u00e7o realizado pela APAE no Centro Dia.<\/td><td class=\"column-4\">18\/03\/2020<\/td><td class=\"column-5\"><\/td>\n<\/tr>\n<tr class=\"row-143\">\n\t<td class=\"column-1\">03\/2020 - Presta\u00e7\u00e3o de Contas mar\u00e7o\/2020 - Inexigib. APAE<br \/>\n<\/td><td class=\"column-2\"><a href=\"http:\/\/www.pratinha.mg.gov.br\/portal\/wp-content\/uploads\/2020\/11\/Prestacao-de-Contas-Marco-2020.pdf\">Presta\u00e7\u00e3o de Contas - Mar\u00e7o-2020<\/a><\/td><td class=\"column-3\">Transfer\u00eancia de recursos financeiros destinado \u00e0 Associa\u00e7\u00e3o de Pais e Amigos dos Excepcionais, por emenda parlamentar, sendo incremento tempor\u00e1rio a fim de atender a oferta do servi\u00e7o socioassistencial para manuten\u00e7\u00e3o do servi\u00e7o realizado pela APAE no Centro Dia.<\/td><td class=\"column-4\">28\/04\/2020<\/td><td class=\"column-5\"><\/td>\n<\/tr>\n<tr class=\"row-144\">\n\t<td class=\"column-1\">03\/2020 - Presta\u00e7\u00e3o de Contas abril\/2020 - Inexigib. APAE<\/td><td class=\"column-2\"><a href=\"http:\/\/www.pratinha.mg.gov.br\/portal\/wp-content\/uploads\/2020\/11\/Prestacao-de-Contas-Abril-2020.pdf\">Presta\u00e7\u00e3o de Contas - Abril-2020<\/a><\/td><td class=\"column-3\">Transfer\u00eancia de recursos financeiros destinado \u00e0 Associa\u00e7\u00e3o de Pais e Amigos dos Excepcionais, por emenda parlamentar, sendo incremento tempor\u00e1rio a fim de atender a oferta do servi\u00e7o socioassistencial para manuten\u00e7\u00e3o do servi\u00e7o realizado pela APAE no Centro Dia.<\/td><td class=\"column-4\">18\/05\/2020<\/td><td class=\"column-5\"><\/td>\n<\/tr>\n<tr class=\"row-145\">\n\t<td class=\"column-1\">03\/2020 - Presta\u00e7\u00e3o de Contas maio\/2020 - Inexigib. APAE<\/td><td class=\"column-2\"><a href=\"http:\/\/www.pratinha.mg.gov.br\/portal\/wp-content\/uploads\/2020\/11\/Prestacao-de-Contas-Maio-2020.pdf\">Presta\u00e7\u00e3o de Contas - Maio-2020<\/a><\/td><td class=\"column-3\">Transfer\u00eancia de recursos financeiros destinado \u00e0 Associa\u00e7\u00e3o de Pais e Amigos dos Excepcionais, por emenda parlamentar, sendo incremento tempor\u00e1rio a fim de atender a oferta do servi\u00e7o socioassistencial para manuten\u00e7\u00e3o do servi\u00e7o realizado pela APAE no Centro Dia.<\/td><td class=\"column-4\">17\/06\/2020<\/td><td class=\"column-5\"><\/td>\n<\/tr>\n<tr class=\"row-146\">\n\t<td class=\"column-1\">03\/2020 - Presta\u00e7\u00e3o de Contas junho\/2020 - Inexigib. APAE<\/td><td class=\"column-2\"><a href=\"http:\/\/www.pratinha.mg.gov.br\/portal\/wp-content\/uploads\/2020\/11\/Prestacao-de-Contas-Junho-2020.pdf\">Presta\u00e7\u00e3o de Contas - Junho-2020<\/a><\/td><td class=\"column-3\">Transfer\u00eancia de recursos financeiros destinado \u00e0 Associa\u00e7\u00e3o de Pais e Amigos dos Excepcionais, por emenda parlamentar, sendo incremento tempor\u00e1rio a fim de atender a oferta do servi\u00e7o socioassistencial para manuten\u00e7\u00e3o do servi\u00e7o realizado pela APAE no Centro Dia.<\/td><td class=\"column-4\">21\/07\/2020<\/td><td class=\"column-5\"><\/td>\n<\/tr>\n<tr class=\"row-147\">\n\t<td class=\"column-1\">03\/2020 - Presta\u00e7\u00e3o de Contas julho\/2020 - Inexigib. APAE<\/td><td class=\"column-2\"><a href=\"http:\/\/www.pratinha.mg.gov.br\/portal\/wp-content\/uploads\/2020\/11\/Prestacao-de-Contas-Julho-2020.pdf\">Presta\u00e7\u00e3o de Contas - Julho-2020<\/a><\/td><td class=\"column-3\">Transfer\u00eancia de recursos financeiros destinado \u00e0 Associa\u00e7\u00e3o de Pais e Amigos dos Excepcionais, por emenda parlamentar, sendo incremento tempor\u00e1rio a fim de atender a oferta do servi\u00e7o socioassistencial para manuten\u00e7\u00e3o do servi\u00e7o realizado pela APAE no Centro Dia.<\/td><td class=\"column-4\">21\/09\/2020<\/td><td class=\"column-5\"><\/td>\n<\/tr>\n<tr class=\"row-148\">\n\t<td class=\"column-1\">03\/2020 - Presta\u00e7\u00e3o de Contas Agosto\/2020 - Inexigib. APAE<\/td><td class=\"column-2\"><a href=\"http:\/\/www.pratinha.mg.gov.br\/portal\/wp-content\/uploads\/2020\/11\/Prestacao-de-Contas-Agosto-2020.pdf\">Presta\u00e7\u00e3o de Contas - Agosto-2020<\/a><\/td><td class=\"column-3\">Transfer\u00eancia de recursos financeiros destinado \u00e0 Associa\u00e7\u00e3o de Pais e Amigos dos Excepcionais, por emenda parlamentar, sendo incremento tempor\u00e1rio a fim de atender a oferta do servi\u00e7o socioassistencial para manuten\u00e7\u00e3o do servi\u00e7o realizado pela APAE no Centro Dia.<\/td><td class=\"column-4\">21\/09\/2020<\/td><td class=\"column-5\"><\/td>\n<\/tr>\n<tr class=\"row-149\">\n\t<td class=\"column-1\">03\/2020 - Presta\u00e7\u00e3o de Contas Setembro\/2020 - Inexigib. APAE<\/td><td class=\"column-2\"><a href=\"http:\/\/www.pratinha.mg.gov.br\/portal\/wp-content\/uploads\/2020\/11\/Prestacao-de-Contas-Setembro-2020.pdf\">Presta\u00e7\u00e3o de Contas - Setembro-2020<\/a><\/td><td class=\"column-3\">Transfer\u00eancia de recursos financeiros destinado \u00e0 Associa\u00e7\u00e3o de Pais e Amigos dos Excepcionais, por emenda parlamentar, sendo incremento tempor\u00e1rio a fim de atender a oferta do servi\u00e7o socioassistencial para manuten\u00e7\u00e3o do servi\u00e7o realizado pela APAE no Centro Dia.<\/td><td class=\"column-4\">22\/10\/2020<\/td><td class=\"column-5\"><\/td>\n<\/tr>\n<tr class=\"row-150\">\n\t<td class=\"column-1\">03\/2020 - Presta\u00e7\u00e3o de Contas Outubro\/2020 - Inexigib. APAE<\/td><td class=\"column-2\"><a href=\"http:\/\/www.pratinha.mg.gov.br\/portal\/wp-content\/uploads\/2020\/11\/Prestacao-de-Contas-Outubro-2020-1.pdf\">Presta\u00e7\u00e3o de Contas - Outubro-2020<\/a><\/td><td class=\"column-3\">Transfer\u00eancia de recursos financeiros destinado \u00e0 Associa\u00e7\u00e3o de Pais e Amigos dos Excepcionais, por emenda parlamentar, sendo incremento tempor\u00e1rio a fim de atender a oferta do servi\u00e7o socioassistencial para manuten\u00e7\u00e3o do servi\u00e7o realizado pela APAE no Centro Dia.<\/td><td class=\"column-4\">23\/11\/2020<\/td><td class=\"column-5\"><\/td>\n<\/tr>\n<tr class=\"row-151\">\n\t<td class=\"column-1\">03\/2020 - Presta\u00e7\u00e3o de Contas Novembro\/2020 - Inexigib. APAE<\/td><td class=\"column-2\"><a href=\"http:\/\/www.pratinha.mg.gov.br\/portal\/wp-content\/uploads\/2020\/12\/Prestacao-de-Contas-Novembro-2020-8_122.pdf\">Presta\u00e7\u00e3o de Contas - Novembro-2020-8_122<\/a><\/td><td class=\"column-3\">Transfer\u00eancia de recursos financeiros destinado \u00e0 Associa\u00e7\u00e3o de Pais e Amigos dos Excepcionais, por emenda parlamentar, sendo incremento tempor\u00e1rio a fim de atender a oferta do servi\u00e7o socioassistencial para manuten\u00e7\u00e3o do servi\u00e7o realizado pela APAE no Centro Dia.<\/td><td class=\"column-4\">18\/12\/2020<\/td><td class=\"column-5\"><\/td>\n<\/tr>\n<tr class=\"row-152\">\n\t<td class=\"column-1\"><\/td><td class=\"column-2\"><\/td><td class=\"column-3\"><\/td><td class=\"column-4\"><\/td><td class=\"column-5\"><\/td>\n<\/tr>\n<tr class=\"row-153\">\n\t<td class=\"column-1\"><\/td><td class=\"column-2\"><\/td><td class=\"column-3\"><\/td><td class=\"column-4\"><\/td><td class=\"column-5\"><\/td>\n<\/tr>\n<tr class=\"row-154\">\n\t<td class=\"column-1\"><\/td><td class=\"column-2\"><\/td><td class=\"column-3\"><\/td><td class=\"column-4\"><\/td><td class=\"column-5\"><\/td>\n<\/tr>\n<tr class=\"row-155\">\n\t<td class=\"column-1\">S\/N - Recebimento de recursos do Estado conforme RESOLU\u00c7\u00c3O SEGOV N\u00ba 753\/2020<\/td><td class=\"column-2\"><a href=\"http:\/\/www.pratinha.mg.gov.br\/portal\/wp-content\/uploads\/2020\/06\/Notifica\u00e7\u00e3o-de-Recebimento-de-Recurso-Para-Publica\u00e7\u00e3o.docx\">Notifica\u00e7\u00e3o de Recebimento de Recurso - Para Publica\u00e7\u00e3o<\/a><\/td><td class=\"column-3\">Recebimento de recursos do Estado de Minas Gerais conforme RESOLU\u00c7\u00c3O SEGOV N\u00ba 753, de 05 DE MAIO DE 2020 referentes a emendas parlamentares individuais de execu\u00e7\u00e3o obrigat\u00f3ria na modalidade de transfer\u00eancia especial.<\/td><td class=\"column-4\">23\/06\/2020<\/td><td class=\"column-5\"><\/td>\n<\/tr>\n<tr class=\"row-156\">\n\t<td class=\"column-1\"><\/td><td class=\"column-2\"><\/td><td class=\"column-3\"><\/td><td class=\"column-4\"><\/td><td class=\"column-5\"><\/td>\n<\/tr>\n<tr class=\"row-157\">\n\t<td class=\"column-1\">06\/2020 - Conv\u00eanio S\/N 2020 - Munic\u00edpio de Campos Altos - Acolhimento e Interna\u00e7\u00e3o de Menor<\/td><td class=\"column-2\"><a href=\"http:\/\/www.pratinha.mg.gov.br\/portal\/wp-content\/uploads\/2020\/07\/Conv\u00eanio..pdf\">Conv\u00eanio.<\/a><\/td><td class=\"column-3\">Articula\u00e7\u00e3o, a integra\u00e7\u00e3o e o interc\u00e2mbio institucional entre os part\u00edcipes, com coopera\u00e7\u00e3o m\u00fatua visando o acolhimento e interna\u00e7\u00e3o de crian\u00e7as e adolescentes menores, em situa\u00e7\u00e3o de risco e\/ou vulnerabilidade, caracterizada por excepcional interesse p\u00fablico, urg\u00eancia, emerg\u00eancia, para fins comuns ou de interesse do respectivo ente estatal, em per\u00edodo necess\u00e1rio para se atingir seus objetivos.<\/td><td class=\"column-4\">28\/07\/2020<\/td><td class=\"column-5\"><\/td>\n<\/tr>\n<tr class=\"row-158\">\n\t<td class=\"column-1\"><\/td><td class=\"column-2\"><\/td><td class=\"column-3\"><\/td><td class=\"column-4\"><\/td><td class=\"column-5\"><\/td>\n<\/tr>\n<tr class=\"row-159\">\n\t<td class=\"column-1\">07\/2020 - CAIXA - Recebimento da Arrecada\u00e7\u00e3o.<\/td><td class=\"column-2\"><a href=\"http:\/\/www.pratinha.mg.gov.br\/portal\/wp-content\/uploads\/2020\/07\/Contrato-de-arrecada\u00e7\u00e3o-de-contas.pdf\">Contrato de arrecada\u00e7\u00e3o de contas<\/a><\/td><td class=\"column-3\">Presta\u00e7\u00e3o de servi\u00e7o destinada ao recebimento e tratamento de documentos de arrecada\u00e7\u00e3o do munic\u00edpio de Pratinha-MG.<\/td><td class=\"column-4\">30\/07\/2020<\/td><td class=\"column-5\"><\/td>\n<\/tr>\n<tr class=\"row-160\">\n\t<td class=\"column-1\"><\/td><td class=\"column-2\"><\/td><td class=\"column-3\"><\/td><td class=\"column-4\"><\/td><td class=\"column-5\"><\/td>\n<\/tr>\n<tr class=\"row-161\">\n\t<td class=\"column-1\">08\/2020 - Conv\u00eanio S\/N 2020 - Munic\u00edpio de Ibi\u00e1 - <\/td><td class=\"column-2\"><a href=\"http:\/\/www.pratinha.mg.gov.br\/portal\/wp-content\/uploads\/2020\/08\/Termo-de-Conv\u00eanio.pdf\">Termo de Conv\u00eanio<\/a><\/td><td class=\"column-3\">Execu\u00e7\u00e3o de servi\u00e7os p\u00fablicos nas \u00e1reas lim\u00edtrofes, pelos Munic\u00edpios Convenentes, com transfer\u00eancia de encargos e servi\u00e7os entre si, atrav\u00e9s da utiliza\u00e7\u00e3o de ve\u00edculos, m\u00e1quinas, equipamentos e pessoal em programas de trabalho realizados em territ\u00f3rio lindeiro.<\/td><td class=\"column-4\">04\/08\/2020<\/td><td class=\"column-5\"><\/td>\n<\/tr>\n<tr class=\"row-162\">\n\t<td class=\"column-1\">08\/2020 - 1\u00ba Termo Aditivo ao Conv\u00eanio S\/N 2020 - Munic\u00edpio de Ibi\u00e1 - <\/td><td class=\"column-2\"><a href=\"http:\/\/www.pratinha.mg.gov.br\/portal\/wp-content\/uploads\/2020\/12\/1o-Termo-Aditivo-Prorroga-Vigencia-por-45-meses.pdf\">1\u00ba Termo Aditivo - Prorroga Vig\u00eancia por 45 meses<\/a><\/td><td class=\"column-3\">Execu\u00e7\u00e3o de servi\u00e7os p\u00fablicos nas \u00e1reas lim\u00edtrofes, pelos Munic\u00edpios Convenentes, com transfer\u00eancia de encargos e servi\u00e7os entre si, atrav\u00e9s da utiliza\u00e7\u00e3o de ve\u00edculos, m\u00e1quinas, equipamentos e pessoal em programas de trabalho realizados em territ\u00f3rio lindeiro.<\/td><td class=\"column-4\">22\/12\/2020<\/td><td class=\"column-5\"><\/td>\n<\/tr>\n<tr class=\"row-163\">\n\t<td class=\"column-1\">09\/2020 - Conv\u00eanio n\u00ba 61\/2020 - Universidade Federal de Vi\u00e7osa <\/td><td class=\"column-2\"><a href=\"http:\/\/www.pratinha.mg.gov.br\/portal\/wp-content\/uploads\/2020\/08\/Convenio-e-Plano-de-Trabalho.pdf\">Conv\u00eanio e Plano de Trabalho<\/a><\/td><td class=\"column-3\">Coopera\u00e7\u00e3o m\u00fatua das partes para realiza\u00e7\u00e3o dos testes de detec\u00e7\u00e3o do novo coronav\u00edrus pela metodologia RT-PCR, realiza\u00e7\u00e3o de estudos e diagn\u00f3sticos de cont\u00e1gio, permitindo obter informa\u00e7\u00f5es para o enfrentamento, implementa\u00e7\u00e3o de pol\u00edticas p\u00fablicas e tratamento epidemiol\u00f3gico da pandemia.<\/td><td class=\"column-4\">26\/08\/2020<\/td><td class=\"column-5\"><\/td>\n<\/tr>\n<tr class=\"row-164\">\n\t<td class=\"column-1\"><\/td><td class=\"column-2\"><\/td><td class=\"column-3\"><\/td><td class=\"column-4\"><\/td><td class=\"column-5\"><\/td>\n<\/tr>\n<tr class=\"row-165\">\n\t<td class=\"column-1\">10\/2020 - Conv\u00eanio S\/N - Banco do Brasil S\/A<\/td><td class=\"column-2\"><a href=\"http:\/\/www.pratinha.mg.gov.br\/portal\/wp-content\/uploads\/2020\/09\/Convenio-Assinado.pdf\">Conv\u00eanio - Assinado<\/a><\/td><td class=\"column-3\">Concess\u00e3o de empr\u00e9stimos e\/ou financiamentos com pagamento mediante consigna\u00e7\u00e3o em folha de pagamento, aos SERVIDORES, aposentados e\/ou pensionistas tomadores de empr\u00e9stimos e\/ou financiamentos vinculados ao CONVENENTE, que tenham contrato de trabalho\/v\u00ednculo estatut\u00e1rio formalizado e vigente com o convenente.<\/td><td class=\"column-4\">22\/09\/2020<\/td><td class=\"column-5\"><\/td>\n<\/tr>\n<tr class=\"row-166\">\n\t<td class=\"column-1\"><\/td><td class=\"column-2\"><\/td><td class=\"column-3\"><\/td><td class=\"column-4\"><\/td><td class=\"column-5\"><\/td>\n<\/tr>\n<tr class=\"row-167\">\n\t<td class=\"column-1\">12\/2020 - Conv\u00eanio S\/N - SICOOB Saromcredi <\/td><td class=\"column-2\"><a href=\"http:\/\/www.pratinha.mg.gov.br\/portal\/wp-content\/uploads\/2020\/12\/Extrato-de-Termo-de-Convenio-Para-Publicacao.doc\">Extrato de Termo de Conv\u00eanio - Para Publica\u00e7\u00e3o<\/a><\/td><td class=\"column-3\">Concess\u00e3o de empr\u00e9stimo sob garantia de consigna\u00e7\u00e3o em folha de pagamento, aos empregados\/servidores da Convenente, benefici\u00e1rios do Cr\u00e9dito.<\/td><td class=\"column-4\">21\/12\/2020<\/td><td class=\"column-5\"><\/td>\n<\/tr>\n<tr class=\"row-168\">\n\t<td class=\"column-1\">S\/N - Conv\u00eanio S\/N - UNIARAX\u00c1 - Est\u00e1gio <\/td><td class=\"column-2\"><a href=\"http:\/\/www.pratinha.mg.gov.br\/portal\/wp-content\/uploads\/2020\/12\/Termo-Aditivo-Vigencia-ate-02-07-2023.pdf\">Termo Aditivo - Vig\u00eancia at\u00e9 02-07-2023<\/a><\/td><td class=\"column-3\">Formalizar condi\u00e7\u00f5es b\u00e1sicas para a realiza\u00e7\u00e3o de est\u00e1gios de alunos do UNIARAX\u00c1 junto ao Munic\u00edpio de Pratinha, de interesse curricular, obrigat\u00f3rio ou n\u00e3o, com vistas \u00e0 complementa\u00e7\u00e3o do processo ensino-aprendizagem.<\/td><td class=\"column-4\">14\/12\/2020<\/td><td class=\"column-5\"><\/td>\n<\/tr>\n<\/tbody>\n<tfoot>\n<tr class=\"row-169\">\n\t<th class=\"column-1\">11\/2020 - Castra M\u00f3vel<\/th><th class=\"column-2\"><a href=\"http:\/\/www.pratinha.mg.gov.br\/portal\/wp-content\/uploads\/2020\/11\/1-Edital-Chamamento-Publico.doc\">1- Edital Chamamento Publico<\/a><\/th><th class=\"column-3\">Chamamento p\u00fablico de OSC - ORGANIZA\u00c7\u00c3O DA SOCIEDADE CIVIL, para em parceria com a administra\u00e7\u00e3o p\u00fablica, em regime de m\u00fatua coopera\u00e7\u00e3o, executar castra\u00e7\u00e3o de c\u00e3es e gatos, f\u00eameas e machos, na sede do Munic\u00edpio parceiro, em castra m\u00f3vel(Unidade M\u00f3vel Veterin\u00e1ria\/Centro Cir\u00fargico M\u00f3vel).<\/th><th class=\"column-4\">19\/09\/2020<\/th><td class=\"column-5\"><\/td>\n<\/tr>\n<\/tfoot>\n<\/table>\n<!-- #tablepress-5 from cache -->\n","protected":false},"excerpt":{"rendered":"<p>1\u00aa Termo Aditivo<\/p>","protected":false},"author":1,"featured_media":0,"parent":0,"menu_order":0,"comment_status":"closed","ping_status":"closed","template":"","meta":{"footnotes":""},"class_list":["post-3902","page","type-page","status-publish"],"_links":{"self":[{"href":"http:\/\/www.pratinha.mg.gov.br\/portal\/wp-json\/wp\/v2\/pages\/3902","targetHints":{"allow":["GET"]}}],"collection":[{"href":"http:\/\/www.pratinha.mg.gov.br\/portal\/wp-json\/wp\/v2\/pages"}],"about":[{"href":"http:\/\/www.pratinha.mg.gov.br\/portal\/wp-json\/wp\/v2\/types\/page"}],"author":[{"embeddable":true,"href":"http:\/\/www.pratinha.mg.gov.br\/portal\/wp-json\/wp\/v2\/users\/1"}],"replies":[{"embeddable":true,"href":"http:\/\/www.pratinha.mg.gov.br\/portal\/wp-json\/wp\/v2\/comments?post=3902"}],"version-history":[{"count":5,"href":"http:\/\/www.pratinha.mg.gov.br\/portal\/wp-json\/wp\/v2\/pages\/3902\/revisions"}],"predecessor-version":[{"id":5537,"href":"http:\/\/www.pratinha.mg.gov.br\/portal\/wp-json\/wp\/v2\/pages\/3902\/revisions\/5537"}],"wp:attachment":[{"href":"http:\/\/www.pratinha.mg.gov.br\/portal\/wp-json\/wp\/v2\/media?parent=3902"}],"curies":[{"name":"wp","href":"https:\/\/api.w.org\/{rel}","templated":true}]}}